{"id":191727,"date":"2024-12-20T14:53:32","date_gmt":"2024-12-20T17:53:32","guid":{"rendered":"https:\/\/sme.goiania.go.gov.br\/conexaoescola\/?post_type=eaja&#038;p=191727"},"modified":"2024-12-20T15:00:00","modified_gmt":"2024-12-20T18:00:00","slug":"lingua-portuguesa-locucoes-adverbiais","status":"publish","type":"eaja","link":"https:\/\/sme.goiania.go.gov.br\/conexaoescola\/eaja\/lingua-portuguesa-locucoes-adverbiais\/","title":{"rendered":"L\u00edngua Portuguesa &#8211; Locu\u00e7\u00f5es adverbiais"},"content":{"rendered":"\n<p class=\"has-text-align-center has-black-color has-pale-cyan-blue-background-color has-text-color has-background has-link-color has-medium-font-size wp-elements-b95853001e7bb1a5adfe9837248c13f8\">Esta proposta de atividade de&nbsp;<strong>L\u00edngua Portuguesa<\/strong>&nbsp;\u00e9 destinada aos estudantes do <strong>4\u00ba Per\u00edodo<\/strong>&nbsp;da Educa\u00e7\u00e3o de Jovens e Adultos \u2013 EJA.<\/p>\n\n\n\n<div class=\"wp-block-buttons is-content-justification-center is-layout-flex wp-container-core-buttons-is-layout-16018d1d wp-block-buttons-is-layout-flex\">\n<div class=\"wp-block-button has-custom-font-size has-medium-font-size\"><a class=\"wp-block-button__link has-white-color has-black-background-color has-text-color has-background has-link-color wp-element-button\" href=\"https:\/\/drive.google.com\/uc?export=download&amp;id=1fYa6uwNixg9DbUhXHc0fD3DiTg28Ih2-\">BAIXE A ATIVIDADE<\/a><\/div>\n\n\n\n<div class=\"wp-block-button has-custom-font-size has-medium-font-size\"><a class=\"wp-block-button__link has-white-color has-black-background-color has-text-color has-background has-link-color wp-element-button\" href=\"https:\/\/drive.google.com\/uc?export=download&amp;id=1A0PH4xnCn6d0KZxTPeW4ot5wobeZTr_7\">BAIXE OS SLIDES<\/a><\/div>\n\n\n\n<div class=\"wp-block-button has-custom-font-size has-medium-font-size\"><a class=\"wp-block-button__link has-white-color has-black-background-color has-text-color has-background has-link-color wp-element-button\" href=\"https:\/\/drive.google.com\/uc?export=download&amp;id=1dbgfVOK4mdEy31ksVObJ_2_3mUhvYBT7\">BAIXE O TEXTO<\/a><\/div>\n<\/div>\n\n\n\n<hr class=\"wp-block-separator has-alpha-channel-opacity\"\/>\n\n\n\n<figure class=\"wp-block-image size-full\"><img fetchpriority=\"high\" decoding=\"async\" width=\"1006\" height=\"1006\" src=\"https:\/\/sme.goiania.go.gov.br\/conexaoescola\/wp-content\/uploads\/2024\/12\/Imagem1-2.png\" alt=\"\" class=\"wp-image-191728\" srcset=\"https:\/\/sme.goiania.go.gov.br\/conexaoescola\/wp-content\/uploads\/2024\/12\/Imagem1-2.png 1006w, https:\/\/sme.goiania.go.gov.br\/conexaoescola\/wp-content\/uploads\/2024\/12\/Imagem1-2-300x300.png 300w, https:\/\/sme.goiania.go.gov.br\/conexaoescola\/wp-content\/uploads\/2024\/12\/Imagem1-2-150x150.png 150w, https:\/\/sme.goiania.go.gov.br\/conexaoescola\/wp-content\/uploads\/2024\/12\/Imagem1-2-768x768.png 768w\" sizes=\"(max-width: 1006px) 100vw, 1006px\" \/><figcaption class=\"wp-element-caption\">FONTE: Chatgpt.com Dispon\u00edvel em: &lt;<a href=\"https:\/\/chatgpt.com\/g\/g-pmuQfob8d-image-generator\/c\/67574a26-5dec-8001-8c49-5ca83ec376ad\">https:\/\/chatgpt.com\/g\/g-pmuQfob8d-image-generator\/c\/67574a26-5dec-8001-8c49-5ca83ec376ad <\/a>&gt; Acesso em 10\/12\/2024.<\/figcaption><\/figure>\n\n\n\n<p class=\"has-text-align-center has-black-color has-text-color has-background has-link-color has-medium-font-size wp-elements-3a662440417d3162c3409453b25b65a1\" style=\"background-color:#ff6a0069\"><strong>LOCU\u00c7\u00d5ES ADVERBIAIS<\/strong><\/p>\n\n\n\n<p class=\"has-black-color has-text-color has-link-color has-medium-font-size wp-elements-e19e4bf21c0d6db0c1d6e207eee74975\">Locu\u00e7\u00f5es adverbiais s\u00e3o <strong>grupos de duas ou mais palavras que, juntas, exercem a fun\u00e7\u00e3o de um adv\u00e9rbio<\/strong>. Enquanto um adv\u00e9rbio tradicional (como \u201crapidamente\u201d ou \u201contem\u201d) \u00e9 uma palavra \u00fanica que modifica verbos, adjetivos ou outros adv\u00e9rbios, as locu\u00e7\u00f5es adverbiais fazem isso por meio de uma combina\u00e7\u00e3o de palavras. Normalmente, essas locu\u00e7\u00f5es incluem uma <strong>preposi\u00e7\u00e3o<\/strong> seguida de um substantivo ou um adjetivo.<\/p>\n\n\n\n<p class=\"has-black-color has-text-color has-link-color has-medium-font-size wp-elements-76da5b0b86daebfdb5fba84c99433885\">Para reconhecer uma locu\u00e7\u00e3o adverbial \u00e9 importante perceber que o conjunto de palavras responde a uma pergunta t\u00edpica dos adv\u00e9rbios: <em>quando? como? onde? por qu\u00ea? com que intensidade?<\/em> Por exemplo:<\/p>\n\n\n\n<ul class=\"wp-block-list\">\n<li class=\"has-medium-font-size\"><strong>Tempo:<\/strong> \u201cA reuni\u00e3o foi adiada <strong>de \u00faltima hora<\/strong>.\u201d (<em>Quando foi adiada?<\/em>)<\/li>\n\n\n\n<li class=\"has-medium-font-size\"><strong>Modo:<\/strong> \u201cEle agiu <strong>de forma inesperada<\/strong>.\u201d (<em>Como ele agiu?<\/em>)<\/li>\n\n\n\n<li class=\"has-medium-font-size\"><strong>Lugar:<\/strong> \u201cEles se encontraram <strong>\u00e0 beira do lago<\/strong>.\u201d (<em>Onde se encontraram?<\/em>)<\/li>\n\n\n\n<li class=\"has-medium-font-size\"><strong>Causa:<\/strong> \u201cTudo foi cancelado <strong>por causa da chuva<\/strong>.\u201d (<em>Por qu\u00ea?<\/em>)<\/li>\n\n\n\n<li class=\"has-medium-font-size\"><strong>Intensidade:<\/strong> \u201cEla trabalhou <strong>com muita dedica\u00e7\u00e3o<\/strong>.\u201d (<em>Com que intensidade?<\/em>)<\/li>\n<\/ul>\n\n\n\n<p class=\"has-medium-font-size\">Al\u00e9m de serem \u00fateis para enriquecer a linguagem, locu\u00e7\u00f5es adverbiais permitem que o falante ou escritor se expresse de maneira mais detalhada e precisa. Pense na diferen\u00e7a entre dizer \u201cEla falou baixinho\u201d e \u201cEla falou <strong>em um tom quase impercept\u00edvel<\/strong>\u201d. Ambas as op\u00e7\u00f5es transmitem a ideia de voz baixa, mas a segunda oferece mais imagina\u00e7\u00e3o e emo\u00e7\u00e3o \u00e0 cena.<\/p>\n\n\n\n<p class=\"has-medium-font-size\"><\/p>\n\n\n\n<figure class=\"wp-block-image size-full\"><img decoding=\"async\" width=\"904\" height=\"546\" src=\"https:\/\/sme.goiania.go.gov.br\/conexaoescola\/wp-content\/uploads\/2024\/12\/Imagem2-2.png\" alt=\"\" class=\"wp-image-191729\" srcset=\"https:\/\/sme.goiania.go.gov.br\/conexaoescola\/wp-content\/uploads\/2024\/12\/Imagem2-2.png 904w, https:\/\/sme.goiania.go.gov.br\/conexaoescola\/wp-content\/uploads\/2024\/12\/Imagem2-2-300x181.png 300w, https:\/\/sme.goiania.go.gov.br\/conexaoescola\/wp-content\/uploads\/2024\/12\/Imagem2-2-768x464.png 768w\" sizes=\"(max-width: 904px) 100vw, 904px\" \/><figcaption class=\"wp-element-caption\">FONTE: Pixabay.com Dispon\u00edvel em: &lt;<a href=\"https:\/\/pixabay.com\/pt\/illustrations\/encontro-para-conhecer-conversa-8125233\/\">https:\/\/pixabay.com\/pt\/illustrations\/encontro-para-conhecer-conversa-8125233\/ <\/a>&gt; Acesso em 10\/12\/2024.<\/figcaption><\/figure>\n\n\n\n<p class=\"has-black-color has-text-color has-link-color has-medium-font-size wp-elements-6152a6b151e0815cd0347a7cc049ec59\">As locu\u00e7\u00f5es adverbiais s\u00e3o &nbsp;um convite \u00e0 criatividade, pois tornam o discurso mais rico, detalhado e expressivo. Afinal elas permitem transmitir significados contextuais de maneira harm\u00f4nica. Experimente us\u00e1-las para dar vida \u00e0 sua comunica\u00e7\u00e3o!<\/p>\n\n\n\n<p class=\"has-text-align-center has-black-color has-text-color has-background has-link-color has-medium-font-size wp-elements-feaf5e794c56681d6788fded0222483a\" style=\"background-color:#ff6a0063\"><strong>RESPONDA AS QUEST\u00d5ES<\/strong><\/p>\n\n\n\n<p class=\"has-black-color has-pale-cyan-blue-background-color has-text-color has-background has-link-color has-medium-font-size wp-elements-13fd5979b54226f98e5200bd6bb960ad\"><strong>QUEST\u00c3O 1<\/strong><\/p>\n\n\n\n<p class=\"has-black-color has-text-color has-link-color has-medium-font-size wp-elements-b4fc21d87f80c1c4205f139e8b00625d\">Explique o que s\u00e3o locu\u00e7\u00f5es adverbiais e descreva sua principal fun\u00e7\u00e3o na constru\u00e7\u00e3o de frases. Em sua resposta, inclua exemplos pr\u00f3prios que ilustrem diferentes tipos de locu\u00e7\u00f5es adverbiais<\/p>\n\n\n\n<p class=\"has-black-color has-pale-cyan-blue-background-color has-text-color has-background has-link-color has-medium-font-size wp-elements-1a5ed0f1b99c38e79d23d427b3f9befa\"><strong>QUEST\u00c3O 2<\/strong><\/p>\n\n\n\n<p class=\"has-black-color has-text-color has-link-color has-medium-font-size wp-elements-e4907faa789b1afc2353aea99f602053\">Reescreva as frases abaixo substituindo os adv\u00e9rbios destacados por locu\u00e7\u00f5es adverbiais equivalentes. Explique como essa substitui\u00e7\u00e3o altera o estilo e o tom do texto:<br>a) Ela respondeu <strong><em>educadamente<\/em>.<\/strong><br>b) O filme foi lan\u00e7ado <strong><em>recentemente<\/em>.<br><\/strong>c) O acidente ocorreu <strong><em>pr\u00f3ximo<\/em>.<\/strong><\/p>\n\n\n\n<p class=\"has-black-color has-pale-cyan-blue-background-color has-text-color has-background has-link-color has-medium-font-size wp-elements-54b13dc6b733b852200216821fb27508\"><strong>QUEST\u00c3O 3<\/strong><\/p>\n\n\n\n<p class=\"has-black-color has-text-color has-link-color has-medium-font-size wp-elements-8cbee9486674582aa8920b5726191395\">Em sua opini\u00e3o, o uso de locu\u00e7\u00f5es adverbiais na comunica\u00e7\u00e3o oral e escrita tem aumentado ou diminu\u00eddo com o tempo? Compare o uso em situa\u00e7\u00f5es formais e informais, apresentando exemplos que sustentem sua argumenta\u00e7\u00e3o.<\/p>\n\n\n\n<p class=\"has-pale-cyan-blue-background-color has-background has-medium-font-size\"><strong>QUEST\u00c3O 4<\/strong><\/p>\n\n\n\n<p class=\"has-medium-font-size\">A frase que utiliza corretamente uma locu\u00e7\u00e3o adverbial \u00e9<\/p>\n\n\n\n<p class=\"has-medium-font-size\">(A) \u201cela falou com educa\u00e7\u00e3o.\u201d<\/p>\n\n\n\n<p class=\"has-medium-font-size\">(B) \u201cele corre rapidamente.\u201d<br>(C) \u201cn\u00f3s sa\u00edmos cedo.\u201d<br>(D) \u201cestudamos bastante.\u201d<\/p>\n\n\n\n<p class=\"has-black-color has-pale-cyan-blue-background-color has-text-color has-background has-link-color has-medium-font-size wp-elements-4c0090e851b57767e05f8c9f42f586ef\"><strong>QUEST\u00c3O 5<\/strong><\/p>\n\n\n\n<p class=\"has-medium-font-size\">A fun\u00e7\u00e3o da locu\u00e7\u00e3o adverbial na frase: &#8220;Ele resolveu o problema de maneira r\u00e1pida&#8221; \u00e9<br>(A) complementar a a\u00e7\u00e3o verbal.<br>(B) modificar o substantivo.<br>(C) indicar a dura\u00e7\u00e3o da a\u00e7\u00e3o<br>(D) indicar intensidade da a\u00e7\u00e3o.<\/p>\n\n\n\n<hr class=\"wp-block-separator has-alpha-channel-opacity\"\/>\n\n\n\n<figure class=\"wp-block-table is-style-stripes\"><table class=\"has-fixed-layout\"><tbody><tr><td><strong>Autoria:<\/strong><strong><\/strong><\/td><td>Regina C\u00e1cia<\/td><\/tr><tr><td><strong>Forma\u00e7\u00e3o:<\/strong><strong><\/strong><\/td><td>Letras \u2013 L\u00edngua Portuguesa<\/td><\/tr><tr><td><strong>Componente Curricular:<\/strong><\/td><td>L\u00edngua Portuguesa<\/td><\/tr><tr><td><strong>Objetivos de Aprendizagem e Desenvolvimento:<\/strong><\/td><td>(EJALP0427) Identificar a fun\u00e7\u00e3o dos aspectos lingu\u00edsticos (verbos e adv\u00e9rbio\/locu\u00e7\u00f5es adverbiais, conjun\u00e7\u00f5es e locu\u00e7\u00f5es conjuntivas) em funcionamento nos textos<\/td><\/tr><tr><td><strong>Refer\u00eancias:<\/strong><strong><\/strong><\/td><td>KOCH, Ingedore Grunfeld Villa\u00e7a. ELIAS, Vanda Maria. Ler e compreender os sentidos do texto. S\u00e3o Paulo, Contexto: 2012. <br><br>MARCUSCHI, Luis Antonio. Fen\u00f4menos da Linguagem, reflex\u00f5es sem\u00e2nticas e Discursivas. Rio de Janeiro: Lucerna, 2007. <br><br>TRAVAGLIA, Luis Carlos. Gram\u00e1tica e intera\u00e7\u00e3o: uma proposta para o ensino de gram\u00e1tica. 11 ed. S\u00e3o Paulo: Cortez, 2006.<\/td><\/tr><\/tbody><\/table><\/figure>\n","protected":false},"author":54,"featured_media":191728,"template":"","meta":{"_acf_changed":false,"ocean_post_layout":"","ocean_both_sidebars_style":"","ocean_both_sidebars_content_width":0,"ocean_both_sidebars_sidebars_width":0,"ocean_sidebar":"","ocean_second_sidebar":"","ocean_disable_margins":"enable","ocean_add_body_class":"","ocean_shortcode_before_top_bar":"","ocean_shortcode_after_top_bar":"","ocean_shortcode_before_header":"","ocean_shortcode_after_header":"","ocean_has_shortcode":"","ocean_shortcode_after_title":"","ocean_shortcode_before_footer_widgets":"","ocean_shortcode_after_footer_widgets":"","ocean_shortcode_before_footer_bottom":"","ocean_shortcode_after_footer_bottom":"","ocean_display_top_bar":"default","ocean_display_header":"default","ocean_header_style":"","ocean_center_header_left_menu":"","ocean_custom_header_template":"","ocean_custom_logo":0,"ocean_custom_retina_logo":0,"ocean_custom_logo_max_width":0,"ocean_custom_logo_tablet_max_width":0,"ocean_custom_logo_mobile_max_width":0,"ocean_custom_logo_max_height":0,"ocean_custom_logo_tablet_max_height":0,"ocean_custom_logo_mobile_max_height":0,"ocean_header_custom_menu":"","ocean_menu_typo_font_family":"","ocean_menu_typo_font_subset":"","ocean_menu_typo_font_size":0,"ocean_menu_typo_font_size_tablet":0,"ocean_menu_typo_font_size_mobile":0,"ocean_menu_typo_font_size_unit":"px","ocean_menu_typo_font_weight":"","ocean_menu_typo_font_weight_tablet":"","ocean_menu_typo_font_weight_mobile":"","ocean_menu_typo_transform":"","ocean_menu_typo_transform_tablet":"","ocean_menu_typo_transform_mobile":"","ocean_menu_typo_line_height":0,"ocean_menu_typo_line_height_tablet":0,"ocean_menu_typo_line_height_mobile":0,"ocean_menu_typo_line_height_unit":"","ocean_menu_typo_spacing":0,"ocean_menu_typo_spacing_tablet":0,"ocean_menu_typo_spacing_mobile":0,"ocean_menu_typo_spacing_unit":"","ocean_menu_link_color":"","ocean_menu_link_color_hover":"","ocean_menu_link_color_active":"","ocean_menu_link_background":"","ocean_menu_link_hover_background":"","ocean_menu_link_active_background":"","ocean_menu_social_links_bg":"","ocean_menu_social_hover_links_bg":"","ocean_menu_social_links_color":"","ocean_menu_social_hover_links_color":"","ocean_disable_title":"default","ocean_disable_heading":"default","ocean_post_title":"","ocean_post_subheading":"","ocean_post_title_style":"","ocean_post_title_background_color":"","ocean_post_title_background":0,"ocean_post_title_bg_image_position":"","ocean_post_title_bg_image_attachment":"","ocean_post_title_bg_image_repeat":"","ocean_post_title_bg_image_size":"","ocean_post_title_height":0,"ocean_post_title_bg_overlay":0.5,"ocean_post_title_bg_overlay_color":"","ocean_disable_breadcrumbs":"default","ocean_breadcrumbs_color":"","ocean_breadcrumbs_separator_color":"","ocean_breadcrumbs_links_color":"","ocean_breadcrumbs_links_hover_color":"","ocean_display_footer_widgets":"default","ocean_display_footer_bottom":"default","ocean_custom_footer_template":""},"eaja_categoria":[104],"serie":[74],"eaja_componente":[77],"class_list":["post-191727","eaja","type-eaja","status-publish","has-post-thumbnail","hentry","eaja_categoria-2o-segmento-5a-e-6a-serie","serie-5a-serie","eaja_componente-lingua-portuguesa","entry","has-media"],"acf":[],"_links":{"self":[{"href":"https:\/\/sme.goiania.go.gov.br\/conexaoescola\/wp-json\/wp\/v2\/eaja\/191727","targetHints":{"allow":["GET"]}}],"collection":[{"href":"https:\/\/sme.goiania.go.gov.br\/conexaoescola\/wp-json\/wp\/v2\/eaja"}],"about":[{"href":"https:\/\/sme.goiania.go.gov.br\/conexaoescola\/wp-json\/wp\/v2\/types\/eaja"}],"author":[{"embeddable":true,"href":"https:\/\/sme.goiania.go.gov.br\/conexaoescola\/wp-json\/wp\/v2\/users\/54"}],"wp:featuredmedia":[{"embeddable":true,"href":"https:\/\/sme.goiania.go.gov.br\/conexaoescola\/wp-json\/wp\/v2\/media\/191728"}],"wp:attachment":[{"href":"https:\/\/sme.goiania.go.gov.br\/conexaoescola\/wp-json\/wp\/v2\/media?parent=191727"}],"wp:term":[{"taxonomy":"eaja_categoria","embeddable":true,"href":"https:\/\/sme.goiania.go.gov.br\/conexaoescola\/wp-json\/wp\/v2\/eaja_categoria?post=191727"},{"taxonomy":"serie","embeddable":true,"href":"https:\/\/sme.goiania.go.gov.br\/conexaoescola\/wp-json\/wp\/v2\/serie?post=191727"},{"taxonomy":"eaja_componente","embeddable":true,"href":"https:\/\/sme.goiania.go.gov.br\/conexaoescola\/wp-json\/wp\/v2\/eaja_componente?post=191727"}],"curies":[{"name":"wp","href":"https:\/\/api.w.org\/{rel}","templated":true}]}}