{"id":190543,"date":"2024-11-19T13:24:53","date_gmt":"2024-11-19T16:24:53","guid":{"rendered":"https:\/\/sme.goiania.go.gov.br\/conexaoescola\/?post_type=eaja&#038;p=190543"},"modified":"2024-11-21T20:10:37","modified_gmt":"2024-11-21T23:10:37","slug":"educacao-fisica-relacao-das-lutas-com-a-politica","status":"publish","type":"eaja","link":"https:\/\/sme.goiania.go.gov.br\/conexaoescola\/eaja\/educacao-fisica-relacao-das-lutas-com-a-politica\/","title":{"rendered":"EDUCA\u00c7\u00c3O F\u00cdSICA &#8211; RELA\u00c7\u00c3O DAS LUTAS COM A POL\u00cdTICA"},"content":{"rendered":"\n<p class=\"has-text-align-center has-pale-cyan-blue-background-color has-background has-medium-font-size\"><strong>ESTA PROPOSTA DE EDUCA\u00c7\u00c3O F\u00cdSICA INTEGRADA COM L\u00cdNGUA PORTUGUESA &nbsp;\u00c9 DESTINADA AOS ESTUDANTES DO PRIMEIRO PER\u00cdODO DA EDUCA\u00c7\u00c3O DE JOVENS E ADULTOS \u2013 EJA.<\/strong><\/p>\n\n\n\n<div class=\"wp-block-buttons is-content-justification-center is-layout-flex wp-container-core-buttons-is-layout-16018d1d wp-block-buttons-is-layout-flex\">\n<div class=\"wp-block-button\"><a class=\"wp-block-button__link wp-element-button\" href=\"https:\/\/drive.google.com\/uc?export=douwnload&amp;id=1pH7MM8NsmnqDeySaRuBGZp7Ig3-Muit9\">BAIXE A ATIVIDADE<\/a><\/div>\n\n\n\n<div class=\"wp-block-button\"><a class=\"wp-block-button__link wp-element-button\" href=\"https:\/\/drive.google.com\/uc?export=douwnload&amp;id=1uYm3x-z-DRHlYgUGucbbRhvY2-wMeZ8k\">BAIXE OS SLIDES<\/a><\/div>\n\n\n\n<div class=\"wp-block-button\"><a class=\"wp-block-button__link wp-element-button\" href=\"https:\/\/drive.google.com\/uc?export=douwnload&amp;id=1Ha3U-Hzr4NvXHh3YXKwxaHMAco_mSRna\">BAIXE O TEXTO<\/a><\/div>\n<\/div>\n\n\n\n<p><\/p>\n\n\n<div class=\"wp-block-image\">\n<figure class=\"aligncenter size-large is-resized\"><img fetchpriority=\"high\" decoding=\"async\" width=\"1024\" height=\"683\" src=\"https:\/\/sme.goiania.go.gov.br\/conexaoescola\/wp-content\/uploads\/2024\/11\/44958976061_3c02cd0d5e_o-1-1024x683.jpg\" alt=\"\" class=\"wp-image-190545\" style=\"width:459px;height:auto\" srcset=\"https:\/\/sme.goiania.go.gov.br\/conexaoescola\/wp-content\/uploads\/2024\/11\/44958976061_3c02cd0d5e_o-1-1024x683.jpg 1024w, https:\/\/sme.goiania.go.gov.br\/conexaoescola\/wp-content\/uploads\/2024\/11\/44958976061_3c02cd0d5e_o-1-300x200.jpg 300w, https:\/\/sme.goiania.go.gov.br\/conexaoescola\/wp-content\/uploads\/2024\/11\/44958976061_3c02cd0d5e_o-1-768x512.jpg 768w, https:\/\/sme.goiania.go.gov.br\/conexaoescola\/wp-content\/uploads\/2024\/11\/44958976061_3c02cd0d5e_o-1-1536x1024.jpg 1536w, https:\/\/sme.goiania.go.gov.br\/conexaoescola\/wp-content\/uploads\/2024\/11\/44958976061_3c02cd0d5e_o-1-2048x1365.jpg 2048w\" sizes=\"(max-width: 1024px) 100vw, 1024px\" \/><figcaption class=\"wp-element-caption\">A judoca brasileira Rafaela Silva (de branco) na disputa de equipes mistas no Mundial de Jud\u00f4 de Baku. Data: 27.09.2018. Local: Baku, no Azerbaij\u00e3o. Foto: Rodolfo Vilela\/rededoesporte.gov.br<\/figcaption><\/figure><\/div>\n\n\n<figure class=\"wp-block-audio\"><audio controls src=\"https:\/\/sme.goiania.go.gov.br\/conexaoescola\/wp-content\/uploads\/2024\/11\/WhatsApp-Ptt-2024-11-19-at-17.58.35.ogg\"><\/audio><\/figure>\n\n\n\n<p class=\"has-text-align-center has-medium-font-size\"><strong>RELA\u00c7\u00c3O DAS LUTAS COM A POL\u00cdTICA<\/strong><\/p>\n\n\n\n<p class=\"has-medium-font-size\">AS LUTAS, ENQUANTO PR\u00c1TICAS CORPORAIS, POSSUEM UMA FORTE LIGA\u00c7\u00c3O COM A POL\u00cdTICA, FUNCIONANDO COMO FERRAMENTAS PARA FORTALECER IDENTIDADES NACIONAIS, PROMOVER DIPLOMACIA, PROJETAR CULTURAS NO CEN\u00c1RIO GLOBAL E IMPLEMENTAR POL\u00cdTICAS DE INCLUS\u00c3O SOCIAL. CADA MODALIDADE CARREGA TRADI\u00c7\u00d5ES E VALORES QUE ENRIQUECEM ESSAS RELA\u00c7\u00d5ES E DESTACAM SUA IMPORT\u00c2NCIA.<\/p>\n\n\n\n<p class=\"has-medium-font-size\">ESSA CONEX\u00c3O SE TORNA AINDA MAIS EVIDENTE QUANDO ATLETAS DE DESTAQUE UTILIZAM SUA VISIBILIDADE PARA DESAFIAR ESTRUTURAS DE OPRESS\u00c3O, TRANSFORMANDO O ESPORTE EM UM ESPA\u00c7O DE RESIST\u00caNCIA E LUTA POR DIREITOS CIVIS.<\/p>\n\n\n\n<p class=\"has-medium-font-size\">DESSA FORMA, AS LUTAS  TRANSCENDEM AS COMPETI\u00c7\u00d5ES, CONFIGURANDO-SE COMO PODEROSOS INSTRUMENTOS POL\u00cdTICOS, CAPAZES DE MOLDAR IDENTIDADES, INFLUENCIAR NA\u00c7\u00d5ES E PROMOVER MUDAN\u00c7AS SIGNIFICATIVAS NAS RELA\u00c7\u00d5ES SOCIAIS.<\/p>\n\n\n\n<p class=\"has-pale-cyan-blue-background-color has-background has-medium-font-size\"><strong>QUEST\u00c3O 1<\/strong><\/p>\n\n\n\n<p class=\"has-medium-font-size\">AS LUTAS CORPORAIS PODEM SER CONSIDERADAS FERRAMENTAS POL\u00cdTICAS PORQUE<\/p>\n\n\n\n<p class=\"has-medium-font-size\">(A) S\u00c3O PRATICADAS EXCLUSIVAMENTE PARA FINS DE COMPETI\u00c7\u00d5ES.<\/p>\n\n\n\n<p class=\"has-medium-font-size\">(B) S\u00c3O PR\u00c1TICAS CORPORAIS EXTREMAMENTE VIOLENTAS E AGRESSIVAS.<\/p>\n\n\n\n<p class=\"has-medium-font-size\">(C) REFOR\u00c7AM IDENTIDADES NACIONAIS E PROMOVEM INCLUS\u00c3O SOCIAL.<\/p>\n\n\n\n<p class=\"has-medium-font-size\">(D) PROMOVEM A SEGREGA\u00c7\u00c3O, RACISMO, INTOLER\u00c2NCIA E EXCLUS\u00c3O SOCIAL.<\/p>\n\n\n\n<p class=\"has-pale-cyan-blue-background-color has-background has-medium-font-size\"><strong>QUEST\u00c3O 2<\/strong><\/p>\n\n\n\n<div class=\"wp-block-columns is-layout-flex wp-container-core-columns-is-layout-9d6595d7 wp-block-columns-is-layout-flex\">\n<div class=\"wp-block-column is-layout-flow wp-block-column-is-layout-flow\">\n<p class=\"has-medium-font-size\">UM EXEMPLO HIST\u00d3RICO DE ATLETA DE LUTA QUE USOU SUA FAMA NO ESPORTE COMO FORMA DE RESIST\u00caNCIA POL\u00cdTICA E RACIAL FOI O<\/p>\n\n\n\n<p class=\"has-medium-font-size\">(A) BOXEADOR MUHAMMAD ALI.<\/p>\n\n\n\n<p class=\"has-medium-font-size\">(B) NADADOR MICHAEL PHELPS.<\/p>\n\n\n\n<p class=\"has-medium-font-size\">(C) CORREDOR USAIN BOLT.<\/p>\n\n\n\n<p class=\"has-medium-font-size\">(D) JOGADOR DE FUTEBOL PEL\u00c9.<\/p>\n<\/div>\n\n\n\n<div class=\"wp-block-column is-layout-flow wp-block-column-is-layout-flow\">\n<figure class=\"wp-block-image size-large\"><img decoding=\"async\" width=\"1024\" height=\"768\" src=\"https:\/\/sme.goiania.go.gov.br\/conexaoescola\/wp-content\/uploads\/2024\/11\/27172391360_b336f3f678_o-1-1024x768.jpg\" alt=\"\" class=\"wp-image-190579\" srcset=\"https:\/\/sme.goiania.go.gov.br\/conexaoescola\/wp-content\/uploads\/2024\/11\/27172391360_b336f3f678_o-1-1024x768.jpg 1024w, https:\/\/sme.goiania.go.gov.br\/conexaoescola\/wp-content\/uploads\/2024\/11\/27172391360_b336f3f678_o-1-300x225.jpg 300w, https:\/\/sme.goiania.go.gov.br\/conexaoescola\/wp-content\/uploads\/2024\/11\/27172391360_b336f3f678_o-1-768x576.jpg 768w, https:\/\/sme.goiania.go.gov.br\/conexaoescola\/wp-content\/uploads\/2024\/11\/27172391360_b336f3f678_o-1-1536x1152.jpg 1536w, https:\/\/sme.goiania.go.gov.br\/conexaoescola\/wp-content\/uploads\/2024\/11\/27172391360_b336f3f678_o-1.jpg 2048w\" sizes=\"(max-width: 1024px) 100vw, 1024px\" \/><figcaption class=\"wp-element-caption\">Fonte: Muhammad Ali. H. Michael Karshis. Dispon\u00edvel em: <a href=\"https:\/\/www.flickr.com\/photos\/hmk\/27172391360\">RIP Muhammad Ali. I think I remember his awesomely funny i\u2026 | Flickr<\/a>.<\/figcaption><\/figure>\n<\/div>\n<\/div>\n\n\n\n<p class=\"has-pale-cyan-blue-background-color has-background has-medium-font-size\"><strong>QUEST\u00c3O 3<\/strong><\/p>\n\n\n\n<p class=\"has-medium-font-size\">O QUE VOC\u00ca PENSA SOBRE OS ATLETAS UTILIZAREM A VISIBILIDADE PROPORCIONADA PELAS LUTAS E OUTROS ESPORTES PARA SE MANIFESTAREM POLITICAMENTE?<\/p>\n\n\n\n<p class=\"has-pale-cyan-blue-background-color has-background has-medium-font-size\"><strong>QUEST\u00c3O 4<\/strong><\/p>\n\n\n\n<p class=\"has-medium-font-size\">OBSERVE O MAPA MENTAL:<\/p>\n\n\n<div class=\"wp-block-image\">\n<figure class=\"aligncenter size-full\"><img decoding=\"async\" width=\"790\" height=\"445\" src=\"https:\/\/sme.goiania.go.gov.br\/conexaoescola\/wp-content\/uploads\/2024\/11\/image-50.png\" alt=\"\" class=\"wp-image-190600\" srcset=\"https:\/\/sme.goiania.go.gov.br\/conexaoescola\/wp-content\/uploads\/2024\/11\/image-50.png 790w, https:\/\/sme.goiania.go.gov.br\/conexaoescola\/wp-content\/uploads\/2024\/11\/image-50-300x169.png 300w, https:\/\/sme.goiania.go.gov.br\/conexaoescola\/wp-content\/uploads\/2024\/11\/image-50-768x433.png 768w\" sizes=\"(max-width: 790px) 100vw, 790px\" \/><\/figure><\/div>\n\n\n<p class=\"has-medium-font-size\">AGORA, COM AS INFORMA\u00c7\u00d5ES CONTIDAS NO MAPA MENTAL, ELABORE FRASES QUE EXPLIQUEM COMO AS LUTAS EST\u00c3O CONECTADAS COM ASPECTOS POL\u00cdTICOS.<\/p>\n\n\n\n<hr class=\"wp-block-separator has-alpha-channel-opacity\"\/>\n\n\n\n<figure class=\"wp-block-table alignwide is-style-stripes\"><table class=\"has-fixed-layout\"><tbody><tr><td>Autor<\/td><td>Jordana Ferreira<\/td><\/tr><tr><td>Forma\u00e7\u00e3o<\/td><td>Educa\u00e7\u00e3o F\u00edsica<\/td><\/tr><tr><td>Componentes Curriculares<\/td><td>Educa\u00e7\u00e3o F\u00edsica e  L\u00edngua Portuguesa<\/td><\/tr><tr><td>Objetivos de Aprendizagem e Desenvolvimento<\/td><td>(EJAEF0128) Refletir sobre as rela\u00e7\u00f5es sociais, pol\u00edticas e econ\u00f4micas a partir da luta.<br>(EJALP0128) Ler coletivamente g\u00eaneros textuais do campo do estudo e pesquisa.<\/td><\/tr><tr><td>Refer\u00eancias<\/td><td>MARIANTE NETO, Fl\u00e1vio Py et al. Muhammad Ali, um outsider na sociedade americana?. <strong>Revista Brasileira de Ci\u00eancias do Esporte<\/strong>, v. 32, p. 105-122, 2010.<\/td><\/tr><\/tbody><\/table><\/figure>\n","protected":false},"author":17,"featured_media":190545,"template":"","meta":{"_acf_changed":false,"ocean_post_layout":"","ocean_both_sidebars_style":"","ocean_both_sidebars_content_width":0,"ocean_both_sidebars_sidebars_width":0,"ocean_sidebar":"","ocean_second_sidebar":"","ocean_disable_margins":"enable","ocean_add_body_class":"","ocean_shortcode_before_top_bar":"","ocean_shortcode_after_top_bar":"","ocean_shortcode_before_header":"","ocean_shortcode_after_header":"","ocean_has_shortcode":"","ocean_shortcode_after_title":"","ocean_shortcode_before_footer_widgets":"","ocean_shortcode_after_footer_widgets":"","ocean_shortcode_before_footer_bottom":"","ocean_shortcode_after_footer_bottom":"","ocean_display_top_bar":"default","ocean_display_header":"default","ocean_header_style":"","ocean_center_header_left_menu":"","ocean_custom_header_template":"","ocean_custom_logo":0,"ocean_custom_retina_logo":0,"ocean_custom_logo_max_width":0,"ocean_custom_logo_tablet_max_width":0,"ocean_custom_logo_mobile_max_width":0,"ocean_custom_logo_max_height":0,"ocean_custom_logo_tablet_max_height":0,"ocean_custom_logo_mobile_max_height":0,"ocean_header_custom_menu":"","ocean_menu_typo_font_family":"","ocean_menu_typo_font_subset":"","ocean_menu_typo_font_size":0,"ocean_menu_typo_font_size_tablet":0,"ocean_menu_typo_font_size_mobile":0,"ocean_menu_typo_font_size_unit":"px","ocean_menu_typo_font_weight":"","ocean_menu_typo_font_weight_tablet":"","ocean_menu_typo_font_weight_mobile":"","ocean_menu_typo_transform":"","ocean_menu_typo_transform_tablet":"","ocean_menu_typo_transform_mobile":"","ocean_menu_typo_line_height":0,"ocean_menu_typo_line_height_tablet":0,"ocean_menu_typo_line_height_mobile":0,"ocean_menu_typo_line_height_unit":"","ocean_menu_typo_spacing":0,"ocean_menu_typo_spacing_tablet":0,"ocean_menu_typo_spacing_mobile":0,"ocean_menu_typo_spacing_unit":"","ocean_menu_link_color":"","ocean_menu_link_color_hover":"","ocean_menu_link_color_active":"","ocean_menu_link_background":"","ocean_menu_link_hover_background":"","ocean_menu_link_active_background":"","ocean_menu_social_links_bg":"","ocean_menu_social_hover_links_bg":"","ocean_menu_social_links_color":"","ocean_menu_social_hover_links_color":"","ocean_disable_title":"default","ocean_disable_heading":"default","ocean_post_title":"","ocean_post_subheading":"","ocean_post_title_style":"","ocean_post_title_background_color":"","ocean_post_title_background":0,"ocean_post_title_bg_image_position":"","ocean_post_title_bg_image_attachment":"","ocean_post_title_bg_image_repeat":"","ocean_post_title_bg_image_size":"","ocean_post_title_height":0,"ocean_post_title_bg_overlay":0.5,"ocean_post_title_bg_overlay_color":"","ocean_disable_breadcrumbs":"default","ocean_breadcrumbs_color":"","ocean_breadcrumbs_separator_color":"","ocean_breadcrumbs_links_color":"","ocean_breadcrumbs_links_hover_color":"","ocean_display_footer_widgets":"default","ocean_display_footer_bottom":"default","ocean_custom_footer_template":""},"eaja_categoria":[4],"serie":[70,71],"eaja_componente":[81],"class_list":["post-190543","eaja","type-eaja","status-publish","has-post-thumbnail","hentry","eaja_categoria-1o-segmento-1a-a-4a-serie","serie-1a-serie","serie-2a-serie","eaja_componente-educacao-fisica","entry","has-media"],"acf":[],"_links":{"self":[{"href":"https:\/\/sme.goiania.go.gov.br\/conexaoescola\/wp-json\/wp\/v2\/eaja\/190543","targetHints":{"allow":["GET"]}}],"collection":[{"href":"https:\/\/sme.goiania.go.gov.br\/conexaoescola\/wp-json\/wp\/v2\/eaja"}],"about":[{"href":"https:\/\/sme.goiania.go.gov.br\/conexaoescola\/wp-json\/wp\/v2\/types\/eaja"}],"author":[{"embeddable":true,"href":"https:\/\/sme.goiania.go.gov.br\/conexaoescola\/wp-json\/wp\/v2\/users\/17"}],"wp:featuredmedia":[{"embeddable":true,"href":"https:\/\/sme.goiania.go.gov.br\/conexaoescola\/wp-json\/wp\/v2\/media\/190545"}],"wp:attachment":[{"href":"https:\/\/sme.goiania.go.gov.br\/conexaoescola\/wp-json\/wp\/v2\/media?parent=190543"}],"wp:term":[{"taxonomy":"eaja_categoria","embeddable":true,"href":"https:\/\/sme.goiania.go.gov.br\/conexaoescola\/wp-json\/wp\/v2\/eaja_categoria?post=190543"},{"taxonomy":"serie","embeddable":true,"href":"https:\/\/sme.goiania.go.gov.br\/conexaoescola\/wp-json\/wp\/v2\/serie?post=190543"},{"taxonomy":"eaja_componente","embeddable":true,"href":"https:\/\/sme.goiania.go.gov.br\/conexaoescola\/wp-json\/wp\/v2\/eaja_componente?post=190543"}],"curies":[{"name":"wp","href":"https:\/\/api.w.org\/{rel}","templated":true}]}}