{"id":190412,"date":"2024-11-14T14:41:07","date_gmt":"2024-11-14T17:41:07","guid":{"rendered":"https:\/\/sme.goiania.go.gov.br\/conexaoescola\/?post_type=eaja&#038;p=190412"},"modified":"2024-11-14T21:10:09","modified_gmt":"2024-11-15T00:10:09","slug":"lingua-portuguesa-aliteracao-e-paronomasia","status":"publish","type":"eaja","link":"https:\/\/sme.goiania.go.gov.br\/conexaoescola\/eaja\/lingua-portuguesa-aliteracao-e-paronomasia\/","title":{"rendered":"L\u00edngua Portuguesa &#8211; Alitera\u00e7\u00e3o e paronom\u00e1sia"},"content":{"rendered":"\n<p class=\"has-text-align-center has-black-color has-pale-cyan-blue-background-color has-text-color has-background has-link-color has-medium-font-size wp-elements-c822495f15ee1f782623066b682773a0\">Esta proposta de atividade de&nbsp;<strong>L\u00edngua Portuguesa<\/strong>&nbsp;\u00e9 destinada aos estudantes do<strong>6\u00ba Per\u00edodo<\/strong>&nbsp;da Educa\u00e7\u00e3o de Jovens e Adultos \u2013 EJA.<\/p>\n\n\n\n<div class=\"wp-block-buttons is-content-justification-center is-layout-flex wp-container-core-buttons-is-layout-16018d1d wp-block-buttons-is-layout-flex\">\n<div class=\"wp-block-button has-custom-font-size has-medium-font-size\"><a class=\"wp-block-button__link has-white-color has-black-background-color has-text-color has-background has-link-color wp-element-button\" href=\"https:\/\/drive.google.com\/uc?export=download&amp;id=1NYfZK10RhjAriSUnTml66IBFsFCcqPsT\">BAIXE A ATIVIDADE<\/a><\/div>\n\n\n\n<div class=\"wp-block-button has-custom-font-size has-medium-font-size\"><a class=\"wp-block-button__link has-white-color has-black-background-color has-text-color has-background has-link-color wp-element-button\" href=\"https:\/\/drive.google.com\/uc?export=download&amp;id=1S36kQ9YaxAytuLrPYOrZ9iA0yOtPaIKc\">BAIXE A ATIVIDADE<\/a><\/div>\n\n\n\n<div class=\"wp-block-button has-custom-font-size has-medium-font-size\"><a class=\"wp-block-button__link has-white-color has-black-background-color has-text-color has-background has-link-color wp-element-button\">BAIXE O TEXTO<\/a><\/div>\n<\/div>\n\n\n\n<hr class=\"wp-block-separator has-alpha-channel-opacity\"\/>\n\n\n<div class=\"wp-block-image is-style-rounded\">\n<figure class=\"aligncenter size-full\"><img fetchpriority=\"high\" decoding=\"async\" width=\"612\" height=\"696\" src=\"https:\/\/sme.goiania.go.gov.br\/conexaoescola\/wp-content\/uploads\/2024\/11\/Imagem1.jpg\" alt=\"\" class=\"wp-image-190416\" srcset=\"https:\/\/sme.goiania.go.gov.br\/conexaoescola\/wp-content\/uploads\/2024\/11\/Imagem1.jpg 612w, https:\/\/sme.goiania.go.gov.br\/conexaoescola\/wp-content\/uploads\/2024\/11\/Imagem1-264x300.jpg 264w\" sizes=\"(max-width: 612px) 100vw, 612px\" \/><figcaption class=\"wp-element-caption\">FONTE: Pixabay.com Dispon\u00edvel em: &lt;<a href=\"https:\/\/pixabay.com\/pt\/illustrations\/aquarela-lendo-%C3%B3culos-9176512\/\">https:\/\/pixabay.com\/pt\/illustrations\/aquarela-lendo-%C3%B3culos-9176512\/<\/a>&gt; Acesso em 12\/11\/2024.<\/figcaption><\/figure><\/div>\n\n\n<p class=\"has-text-align-center has-black-color has-text-color has-background has-link-color has-medium-font-size wp-elements-75b37ba7045f13d20e5747721656647d\" style=\"background-color:#cf2d2de0\"><strong>ALITERA\u00c7\u00c3O E PARONOM\u00c1SIA<\/strong><\/p>\n\n\n\n<p class=\"has-black-color has-text-color has-link-color has-medium-font-size wp-elements-332f2a1f20fca1c1101ffcc4a11f1a53\">As figuras de linguagem s\u00e3o ferramentas estil\u00edsticas que enriquecem a comunica\u00e7\u00e3o, tornando-a mais expressiva e envolvente. Dentre elas, destacam-se as figuras de som que desempenham um papel essencial tanto em poemas quanto em m\u00fasicas. Essas figuras criam efeitos sonoros que intensificam o ritmo, a melodia e as emo\u00e7\u00f5es, tornando as obras mais envolventes e memor\u00e1veis. Conhe\u00e7a de forma detalhada o conceito de alitera\u00e7\u00e3o e paronom\u00e1sia.<\/p>\n\n\n\n<p class=\"has-black-color has-text-color has-link-color has-medium-font-size wp-elements-0468a228a5c7e9f857e25ba9be04039f\"><strong>Alitera\u00e7\u00e3o<\/strong><\/p>\n\n\n\n<p class=\"has-black-color has-text-color has-link-color has-medium-font-size wp-elements-b22c8066ac20fd2dd3daa8470a4c5519\">&nbsp;A alitera\u00e7\u00e3o consiste na repeti\u00e7\u00e3o de sons consonantais no in\u00edcio ou no interior das palavras de um texto ou frase. Essa repeti\u00e7\u00e3o cria um efeito sonoro que pode destacar certas ideias, provocar sensa\u00e7\u00f5es e intensificar o ritmo do discurso. <\/p>\n\n\n\n<p class=\"has-black-color has-text-color has-link-color has-medium-font-size wp-elements-7250b15919e82810dbfdcd200623c04d\">Por exemplo, na can\u00e7\u00e3o de Tim Maia \u201cVale o que vier, vale o que quiser\u201d, a repeti\u00e7\u00e3o do som da consoante &#8220;v&#8221; cria uma cad\u00eancia r\u00edtmica e sonora que destaca a a\u00e7\u00e3o. <\/p>\n\n\n\n<p class=\"has-black-color has-text-color has-link-color has-medium-font-size wp-elements-8ad73b9bcc23e65f7a34121095ebd2c8\"><strong>Paronom\u00e1sia<\/strong><\/p>\n\n\n\n<p class=\"has-black-color has-text-color has-link-color has-medium-font-size wp-elements-dec721d52bf6ad7e97e5150f3a659966\">A paronom\u00e1sia, por sua vez, \u00e9 o uso de palavras que t\u00eam sons semelhantes, mas significados diferentes. Essa figura de linguagem \u00e9 utilizada para criar trocadilhos, ambiguidade ou jogos de palavras, explorando as semelhan\u00e7as fon\u00e9ticas entre termos. <\/p>\n\n\n\n<p class=\"has-black-color has-text-color has-link-color has-medium-font-size wp-elements-33e54a202f957ff702639d84c0b8e4fe\">Um exemplo cl\u00e1ssico seria a can\u00e7\u00e3o de Fagner e Renato Teixeira: &#8220;Conhecer as manhas e as manh\u00e3s, o sabor das massas e das ma\u00e7\u00e3s&#8221; Nesse caso, a similaridade sonora entre &#8220;manhas&#8221; e &#8220;manh\u00e3s&#8221;, &#8220;massas&#8221; e &#8220;ma\u00e7\u00e3s&#8221; cria um jogo de palavras que enfatiza as diferen\u00e7as de sentido.<\/p>\n\n\n<div class=\"wp-block-image is-style-default\">\n<figure class=\"aligncenter size-full is-resized\"><img decoding=\"async\" width=\"634\" height=\"583\" src=\"https:\/\/sme.goiania.go.gov.br\/conexaoescola\/wp-content\/uploads\/2024\/11\/Imagem2-1.png\" alt=\"\" class=\"wp-image-190418\" style=\"width:506px;height:auto\" srcset=\"https:\/\/sme.goiania.go.gov.br\/conexaoescola\/wp-content\/uploads\/2024\/11\/Imagem2-1.png 634w, https:\/\/sme.goiania.go.gov.br\/conexaoescola\/wp-content\/uploads\/2024\/11\/Imagem2-1-300x276.png 300w\" sizes=\"(max-width: 634px) 100vw, 634px\" \/><figcaption class=\"wp-element-caption\">FONTE: Pixabay.com Dispon\u00edvel em: &lt;<a href=\"https:\/\/pixabay.com\/pt\/photos\/partitura-na-sombra-flauta-piano-5117328\/\">https:\/\/pixabay.com\/pt\/photos\/partitura-na-sombra-flauta-piano-5117328\/ <\/a>&gt; Acesso em 12\/11\/2024.<\/figcaption><\/figure><\/div>\n\n\n<p class=\"has-black-color has-text-color has-link-color has-medium-font-size wp-elements-2b5b67d28af43a90986fd00f5abe8cbb\">Tanto a alitera\u00e7\u00e3o quanto a paronom\u00e1sia s\u00e3o recursos que enriquecem a linguagem, proporcionando musicalidade, ritmo e possibilidades interpretativas. Seja na poesia ou na can\u00e7\u00e3o, o uso de sons repetidos, harmonias sonoras e jogos fon\u00e9ticos potencializa a experi\u00eancia do leitor ou ouvinte, transformando a arte em algo que \u00e9 n\u00e3o s\u00f3 compreendido, mas tamb\u00e9m sentido.<\/p>\n\n\n\n<p class=\"has-text-align-center has-black-color has-pale-cyan-blue-background-color has-text-color has-background has-link-color has-medium-font-size wp-elements-88f006892d5397acd6a9a4d3f4736033\"><strong>RESPONDA AS QUEST\u00d5ES<\/strong><\/p>\n\n\n\n<p class=\"has-black-color has-text-color has-background has-link-color has-medium-font-size wp-elements-d99cc90b772e57e2e778bbf74aa5fd03\" style=\"background-color:#cf2d2de3\"><strong>QUEST\u00c3O 1<\/strong><\/p>\n\n\n\n<p class=\"has-black-color has-text-color has-link-color has-medium-font-size wp-elements-52bfe4aba451c439c78e78b1229d9e7d\">Em que medida a paronom\u00e1sia pode ser considerada uma figura de linguagem estrat\u00e9gica na publicidade? Cite um exemplo de um slogan publicit\u00e1rio que utiliza essa figura e explique o efeito causado.<\/p>\n\n\n\n<p class=\"has-black-color has-text-color has-background has-link-color has-medium-font-size wp-elements-438705d6452141795901bf4f8e1917e7\" style=\"background-color:#cf2d2de3\"><strong>QUEST\u00c3O 2<\/strong><\/p>\n\n\n\n<p class=\"has-black-color has-text-color has-link-color has-medium-font-size wp-elements-bda3b4e9681ffee444097adca8e22d4e\">Defina alitera\u00e7\u00e3o e explique seu papel na cria\u00e7\u00e3o de ritmo e musicalidade em poemas. Use como exemplo um verso de um poema de sua escolha que contenha essa figura de linguagem.<\/p>\n\n\n\n<p class=\"has-black-color has-text-color has-background has-link-color has-medium-font-size wp-elements-7ea82bb96cb72d6af40585010d8acca3\" style=\"background-color:#cf2d2dde\"><strong>QUEST\u00c3O 3<\/strong><\/p>\n\n\n\n<p class=\"has-black-color has-text-color has-link-color has-medium-font-size wp-elements-2144641ecc0e8c338d7a9a07b92db78d\">A alitera\u00e7\u00e3o \u00e9 muito utilizada em m\u00fasicas, especialmente no rap e no hip-hop. Analise a fun\u00e7\u00e3o dessa figura de linguagem na constru\u00e7\u00e3o de ritmo e impacto nas letras de m\u00fasicas, citando um exemplo de m\u00fasica que voc\u00ea aprecia.<\/p>\n\n\n\n<p class=\"has-black-color has-text-color has-background has-link-color has-medium-font-size wp-elements-15d3e257e30e54d48374d81c4c8d73f3\" style=\"background-color:#cf2d2de0\"><strong>QUEST\u00c3O 4<\/strong><\/p>\n\n\n\n<p class=\"has-black-color has-text-color has-link-color has-medium-font-size wp-elements-bdcd03b86bb5aa2fc45c5eb9502b20f6\">A paronom\u00e1sia \u00e9 uma figura de linguagem que consiste na<\/p>\n\n\n\n<p class=\"has-black-color has-text-color has-link-color has-medium-font-size wp-elements-8da03a22afbca3bee4ca27fead5dc6da\">(A) repeti\u00e7\u00e3o de vogais para criar aspectos de musicalidade e ritmo.<br>(B) repeti\u00e7\u00e3o cadenciada de uma mesma palavra ao longo da frase.<br>(C) uso de palavras com sons parecidos, mas conceitos diferentes.<br>(D) repeti\u00e7\u00e3o de conjun\u00e7\u00f5es em uma frase longa para dar \u00eanfase.<\/p>\n\n\n\n<p class=\"has-black-color has-text-color has-background has-link-color has-medium-font-size wp-elements-e6ac54f4fd3f07e58e39c4f93eefaa38\" style=\"background-color:#cf2d2de3\"><strong>QUEST\u00c3O 5<\/strong><\/p>\n\n\n\n<p class=\"has-black-color has-text-color has-link-color has-medium-font-size wp-elements-363f144446bec7e2ffeeec1432d7ce87\">A alitera\u00e7\u00e3o \u00e9 uma figura de linguagem caracterizada por<\/p>\n\n\n\n<p class=\"has-black-color has-text-color has-link-color has-medium-font-size wp-elements-3d023932355740baf3c7bd073ca0e685\">(A) repetir palavras com significados semelhantes.<\/p>\n\n\n\n<p class=\"has-black-color has-text-color has-link-color has-medium-font-size wp-elements-a40999de696d1ff49e478b08c64c6674\">(B) repetir sons consonantais em palavras pr\u00f3ximas.<\/p>\n\n\n\n<p class=\"has-black-color has-text-color has-link-color has-medium-font-size wp-elements-0a29cae59da4c454e24de5ffc69e1962\">(C) usar palavras semelhantes ao longo da frase.<\/p>\n\n\n\n<p class=\"has-black-color has-text-color has-link-color has-medium-font-size wp-elements-844c1bab5909b6eb6ce531519b8016a8\">(D) repetir vogais em diferentes partes da frase.<\/p>\n\n\n\n<hr class=\"wp-block-separator has-alpha-channel-opacity\"\/>\n\n\n\n<figure class=\"wp-block-table is-style-stripes\"><table class=\"has-fixed-layout\"><tbody><tr><td><strong>Autoria:<\/strong><\/td><td>Regina C\u00e1cia<\/td><\/tr><tr><td><strong>Forma\u00e7\u00e3o:<\/strong><\/td><td>Letras &#8211; L\u00edngua Portuguesa<\/td><\/tr><tr><td><strong>Componente Curricular:<\/strong><\/td><td>L\u00edngua Portuguesa<\/td><\/tr><tr><td><strong>Objetivos de Aprendizagem e Desenvolvimento:<\/strong><\/td><td>(EJALP0627) Analisar os efeitos de sentido decorrentes do uso das figuras de linguagem<\/td><\/tr><tr><td><strong>Refer\u00eancias:<\/strong><\/td><td>PRETI, D. (2008) Nas \u201centrelinhas\u201d da gram\u00e1tica. In: Palma, D., Hackerott, M. S., Bastos, N. B., Faccina, R. L. S. (orgs) Homenagem: Evanildo Bechara. Rio de Janeiro: Nova Fronteira. &nbsp; <br><br>RIBEIRO, Jo\u00e3o. (1933) Grammatica Portugueza. 22\u00aa Ed. Rio de Janeiro: Francisco Alves. &nbsp; <br><br>RIBEIRO, J\u00falio (1919) Grammatica Portugueza. 13\u00aa Ed. Rio de Janeiro: Francisco Alves. &nbsp; <br><br>ROCHA LIMA, C. H. (1976) Gram\u00e1tica Normativa da L\u00edngua Portuguesa. Rio de Janeiro: Jos\u00e9 Olympio.<\/td><\/tr><\/tbody><\/table><\/figure>\n","protected":false},"author":54,"featured_media":190416,"template":"","meta":{"_acf_changed":false,"ocean_post_layout":"","ocean_both_sidebars_style":"","ocean_both_sidebars_content_width":0,"ocean_both_sidebars_sidebars_width":0,"ocean_sidebar":"","ocean_second_sidebar":"","ocean_disable_margins":"enable","ocean_add_body_class":"","ocean_shortcode_before_top_bar":"","ocean_shortcode_after_top_bar":"","ocean_shortcode_before_header":"","ocean_shortcode_after_header":"","ocean_has_shortcode":"","ocean_shortcode_after_title":"","ocean_shortcode_before_footer_widgets":"","ocean_shortcode_after_footer_widgets":"","ocean_shortcode_before_footer_bottom":"","ocean_shortcode_after_footer_bottom":"","ocean_display_top_bar":"default","ocean_display_header":"default","ocean_header_style":"","ocean_center_header_left_menu":"","ocean_custom_header_template":"","ocean_custom_logo":0,"ocean_custom_retina_logo":0,"ocean_custom_logo_max_width":0,"ocean_custom_logo_tablet_max_width":0,"ocean_custom_logo_mobile_max_width":0,"ocean_custom_logo_max_height":0,"ocean_custom_logo_tablet_max_height":0,"ocean_custom_logo_mobile_max_height":0,"ocean_header_custom_menu":"","ocean_menu_typo_font_family":"","ocean_menu_typo_font_subset":"","ocean_menu_typo_font_size":0,"ocean_menu_typo_font_size_tablet":0,"ocean_menu_typo_font_size_mobile":0,"ocean_menu_typo_font_size_unit":"px","ocean_menu_typo_font_weight":"","ocean_menu_typo_font_weight_tablet":"","ocean_menu_typo_font_weight_mobile":"","ocean_menu_typo_transform":"","ocean_menu_typo_transform_tablet":"","ocean_menu_typo_transform_mobile":"","ocean_menu_typo_line_height":0,"ocean_menu_typo_line_height_tablet":0,"ocean_menu_typo_line_height_mobile":0,"ocean_menu_typo_line_height_unit":"","ocean_menu_typo_spacing":0,"ocean_menu_typo_spacing_tablet":0,"ocean_menu_typo_spacing_mobile":0,"ocean_menu_typo_spacing_unit":"","ocean_menu_link_color":"","ocean_menu_link_color_hover":"","ocean_menu_link_color_active":"","ocean_menu_link_background":"","ocean_menu_link_hover_background":"","ocean_menu_link_active_background":"","ocean_menu_social_links_bg":"","ocean_menu_social_hover_links_bg":"","ocean_menu_social_links_color":"","ocean_menu_social_hover_links_color":"","ocean_disable_title":"default","ocean_disable_heading":"default","ocean_post_title":"","ocean_post_subheading":"","ocean_post_title_style":"","ocean_post_title_background_color":"","ocean_post_title_background":0,"ocean_post_title_bg_image_position":"","ocean_post_title_bg_image_attachment":"","ocean_post_title_bg_image_repeat":"","ocean_post_title_bg_image_size":"","ocean_post_title_height":0,"ocean_post_title_bg_overlay":0.5,"ocean_post_title_bg_overlay_color":"","ocean_disable_breadcrumbs":"default","ocean_breadcrumbs_color":"","ocean_breadcrumbs_separator_color":"","ocean_breadcrumbs_links_color":"","ocean_breadcrumbs_links_hover_color":"","ocean_display_footer_widgets":"default","ocean_display_footer_bottom":"default","ocean_custom_footer_template":""},"eaja_categoria":[69],"serie":[100],"eaja_componente":[77],"class_list":["post-190412","eaja","type-eaja","status-publish","has-post-thumbnail","hentry","eaja_categoria-2o-segmento-7a-e-8a-serie","serie-8a-serie","eaja_componente-lingua-portuguesa","entry","has-media"],"acf":[],"_links":{"self":[{"href":"https:\/\/sme.goiania.go.gov.br\/conexaoescola\/wp-json\/wp\/v2\/eaja\/190412","targetHints":{"allow":["GET"]}}],"collection":[{"href":"https:\/\/sme.goiania.go.gov.br\/conexaoescola\/wp-json\/wp\/v2\/eaja"}],"about":[{"href":"https:\/\/sme.goiania.go.gov.br\/conexaoescola\/wp-json\/wp\/v2\/types\/eaja"}],"author":[{"embeddable":true,"href":"https:\/\/sme.goiania.go.gov.br\/conexaoescola\/wp-json\/wp\/v2\/users\/54"}],"wp:featuredmedia":[{"embeddable":true,"href":"https:\/\/sme.goiania.go.gov.br\/conexaoescola\/wp-json\/wp\/v2\/media\/190416"}],"wp:attachment":[{"href":"https:\/\/sme.goiania.go.gov.br\/conexaoescola\/wp-json\/wp\/v2\/media?parent=190412"}],"wp:term":[{"taxonomy":"eaja_categoria","embeddable":true,"href":"https:\/\/sme.goiania.go.gov.br\/conexaoescola\/wp-json\/wp\/v2\/eaja_categoria?post=190412"},{"taxonomy":"serie","embeddable":true,"href":"https:\/\/sme.goiania.go.gov.br\/conexaoescola\/wp-json\/wp\/v2\/serie?post=190412"},{"taxonomy":"eaja_componente","embeddable":true,"href":"https:\/\/sme.goiania.go.gov.br\/conexaoescola\/wp-json\/wp\/v2\/eaja_componente?post=190412"}],"curies":[{"name":"wp","href":"https:\/\/api.w.org\/{rel}","templated":true}]}}