{"id":190374,"date":"2024-11-14T11:16:16","date_gmt":"2024-11-14T14:16:16","guid":{"rendered":"https:\/\/sme.goiania.go.gov.br\/conexaoescola\/?post_type=eaja&#038;p=190374"},"modified":"2024-11-14T11:19:52","modified_gmt":"2024-11-14T14:19:52","slug":"geustrializac","status":"publish","type":"eaja","link":"https:\/\/sme.goiania.go.gov.br\/conexaoescola\/eaja\/geustrializac\/","title":{"rendered":"Geografia &#8211; Industrializa\u00e7\u00e3o brasileira"},"content":{"rendered":"\n<p class=\"has-black-color has-text-color has-background has-medium-font-size\" style=\"background:linear-gradient(135deg,rgb(202,248,128) 0%,rgb(0,111,15) 100%)\">Esta proposta de atividade de&nbsp;<strong>GEOGRAFIA<\/strong>&nbsp;\u00e9 destinada aos estudantes do&nbsp;<strong>5\u00ba  per\u00edodo<\/strong>&nbsp;da Educa\u00e7\u00e3o de Jovens e Adultos \u2013 EJA.<\/p>\n\n\n\n<div class=\"wp-block-buttons is-content-justification-center is-layout-flex wp-container-core-buttons-is-layout-16018d1d wp-block-buttons-is-layout-flex\">\n<div class=\"wp-block-button has-custom-font-size has-medium-font-size\"><a class=\"wp-block-button__link has-white-color has-black-background-color has-text-color has-background wp-element-button\" href=\"https:\/\/drive.google.com\/uc?export=download&amp;id=1OCXwR_PoSpPaWaQ5DAGymxijgYrhO2LI\" target=\"_blank\" rel=\"noreferrer noopener\"><strong>BAIXE A ATIVIDADE<\/strong><\/a><\/div>\n\n\n\n<div class=\"wp-block-button has-custom-font-size has-medium-font-size\"><a class=\"wp-block-button__link has-white-color has-black-background-color has-text-color has-background wp-element-button\" href=\"https:\/\/drive.google.com\/uc?export=download&amp;id=1M9D5PVnPmwrZPh71fBwrmHP-8Zge3Zcp\" target=\"_blank\" rel=\"noreferrer noopener\"><strong>BAIXE OS SLIDES<\/strong><\/a><\/div>\n\n\n\n<div class=\"wp-block-button has-custom-font-size has-medium-font-size\"><a class=\"wp-block-button__link has-white-color has-black-background-color has-text-color has-background wp-element-button\" href=\"https:\/\/drive.google.com\/uc?export=download&amp;id=1s3owD7IhODCTbSrEzx43VuSsuJk93G4W\"><strong>BAIXE O TEXTO<\/strong><\/a><\/div>\n<\/div>\n\n\n\n<p><\/p>\n\n\n<div class=\"wp-block-image is-style-rounded\">\n<figure class=\"aligncenter size-large is-resized\"><img fetchpriority=\"high\" decoding=\"async\" width=\"1024\" height=\"682\" src=\"https:\/\/sme.goiania.go.gov.br\/conexaoescola\/wp-content\/uploads\/2024\/11\/worker-5736096_1280-1024x682.jpg\" alt=\"\" class=\"wp-image-190381\" style=\"width:859px;height:auto\" srcset=\"https:\/\/sme.goiania.go.gov.br\/conexaoescola\/wp-content\/uploads\/2024\/11\/worker-5736096_1280-1024x682.jpg 1024w, https:\/\/sme.goiania.go.gov.br\/conexaoescola\/wp-content\/uploads\/2024\/11\/worker-5736096_1280-300x200.jpg 300w, https:\/\/sme.goiania.go.gov.br\/conexaoescola\/wp-content\/uploads\/2024\/11\/worker-5736096_1280-768x512.jpg 768w, https:\/\/sme.goiania.go.gov.br\/conexaoescola\/wp-content\/uploads\/2024\/11\/worker-5736096_1280.jpg 1280w\" sizes=\"(max-width: 1024px) 100vw, 1024px\" \/><figcaption class=\"wp-element-caption\">F\u00e1brica. Dispon\u00edvel em:&lt;<a href=\"https:\/\/pixabay.com\/pt\/photos\/trabalhador-moedor-f%C3%A1brica-5736096\/\">https:\/\/pixabay.com\/pt\/photos\/trabalhador-moedor-f%C3%A1brica-5736096\/<\/a>>. Acesso em: 14, nov. 2024.<\/figcaption><\/figure><\/div>\n\n\n<p><\/p>\n\n\n\n<p class=\"has-text-align-center has-white-color has-black-background-color has-text-color has-background has-link-color has-medium-font-size wp-elements-e1280703258f4f92b2446dd7a03deea8\"><strong>Industrializa\u00e7\u00e3o brasileira<\/strong><\/p>\n\n\n\n<p class=\"has-black-color has-text-color has-link-color has-medium-font-size wp-elements-d8493628268d4c2763bb1827dca59831\">O Brasil \u00e9 um pa\u00eds de industrializa\u00e7\u00e3o tardia, considerando que seu processo de industrializa\u00e7\u00e3o teve in\u00edcio ap\u00f3s os pa\u00edses de industrializa\u00e7\u00e3o cl\u00e1ssica. A Revolu\u00e7\u00e3o Industrial, no s\u00e9culo XVIII, marca o in\u00edcio da maquinofatura e expans\u00e3o das ind\u00fastrias nas pot\u00eancias da \u00e9poca.&nbsp;&nbsp;<\/p>\n\n\n\n<p class=\"has-black-color has-text-color has-link-color has-medium-font-size wp-elements-b098a435d24d44e7ca6651a55462599c\">No Brasil a industrializa\u00e7\u00e3o ocorreu apenas em meados do s\u00e9culo XX, ainda que o pa\u00eds j\u00e1 contasse com pequenas f\u00e1bricas no s\u00e9culo XIX. Esse processo, no entanto, se intensificou ap\u00f3s a Primeira Guerra Mundial, quando o Brasil viu uma oportunidade de reduzir a depend\u00eancia de produtos industrializados estrangeiros, devido \u00e0s dificuldades de importa\u00e7\u00e3o impostas pelo conflito.<\/p>\n\n\n\n<p class=\"has-black-color has-text-color has-link-color has-medium-font-size wp-elements-26f0c7fd37adc54df01ffe7056e82393\">A industrializa\u00e7\u00e3o brasileira tem in\u00edcio no governo de Get\u00falio Vargas (1930-1945). Vargas implantou pol\u00edticas de est\u00edmulo \u00e0 ind\u00fastria, criou estatais importantes com objetivo de fomentar o desenvolvimento industrial brasileiro. As ind\u00fastrias de base s\u00e3o fundamentais para o desenvolvimento das ind\u00fastrias de bens de consumo.<\/p>\n\n\n\n<p class=\"has-black-color has-text-color has-link-color has-medium-font-size wp-elements-e5f1301a3b747ec29259ee59d91dcd60\">Em decorr\u00eancia dos investimentos do governo e devido \u00e0 contribui\u00e7\u00e3o da estrutura dos produtores de caf\u00e9 com capital, mercado consumidor, m\u00e3o de obra, e infraestrutura a industrializa\u00e7\u00e3o brasileira ficou concentrada na regi\u00e3o sudeste.&nbsp;<\/p>\n\n\n\n<p class=\"has-black-color has-text-color has-link-color has-medium-font-size wp-elements-13cfb3aa6b2379183eed27de74b14567\">No governo de Vargas, surgem as ind\u00fastrias de base estatais como: 1941 \u2013 (CSN) Companhia Sider\u00fargica Nacional, 1942 \u2013 Vale do Rio Doce, 1942 \u2013 (FNM) F\u00e1brica Nacional de Motores e 1953 \u2013 Petrobras.<\/p>\n\n\n\n<p class=\"has-black-color has-text-color has-link-color has-medium-font-size wp-elements-e120e9ed208b4beb6e85c22069da4ade\">Com o governo de Juscelino Kubitschek (1956 &#8211; 1961), conhecido como JK, o processo de industrializa\u00e7\u00e3o avan\u00e7ou. JK impulsionou o desenvolvimento da infraestrutura com o Plano de Metas. Esse plano visava fomentar o crescimento em v\u00e1rias \u00e1reas, incluindo transporte, energia e ind\u00fastria. A constru\u00e7\u00e3o de Bras\u00edlia, a nova capital do Brasil, simbolizou essa fase de moderniza\u00e7\u00e3o e o desejo de integrar as diferentes regi\u00f5es do pa\u00eds. A ind\u00fastria automobil\u00edstica, com a instala\u00e7\u00e3o de montadoras estrangeiras, como a Volkswagen e a Ford, tamb\u00e9m come\u00e7ou a ganhar relev\u00e2ncia no Brasil durante esse per\u00edodo.<\/p>\n\n\n\n<p class=\"has-black-color has-text-color has-link-color has-medium-font-size wp-elements-229ce5ef70a251ea0718e14c24799f69\">O Governo Juscelino Kubitschek implantou o que ficou conhecido como trip\u00e9 econ\u00f4mico do JK, onde o estado era respons\u00e1vel pelas ind\u00fastrias de base, o capital privado nacional pelos bens de consumo n\u00e3o dur\u00e1veis e o capital privado internacional pelos bens de consumo dur\u00e1veis e bens de produ\u00e7\u00e3o.<\/p>\n\n\n\n<p class=\"has-black-color has-text-color has-link-color has-medium-font-size wp-elements-8f982e2669dd180bd19aca884a4f5e8c\">Durante as d\u00e9cadas de 1960 e 1970, o regime militar (1964-1985) continuou investindo em industrializa\u00e7\u00e3o. Esse per\u00edodo, conhecido como &#8220;Milagre Econ\u00f4mico&#8221;, foi marcado por altos \u00edndices de crescimento econ\u00f4mico e por grandes obras de infraestrutura, como as hidrel\u00e9tricas de Itaipu e Tucuru\u00ed e a cria\u00e7\u00e3o da Zona Franca de Manaus. No entanto, o r\u00e1pido crescimento econ\u00f4mico foi acompanhado de endividamento externo e de uma pol\u00edtica de concentra\u00e7\u00e3o de renda, o que gerou desigualdades sociais e regionais significativas.<\/p>\n\n\n\n<p class=\"has-black-color has-text-color has-link-color has-medium-font-size wp-elements-391e55f98d165dcc546d001ae1e79f4f\">A pol\u00edtica neoliberal dos anos 90 proporcionou abertura economia brasileira, o pa\u00eds passou a enfrentar a concorr\u00eancia de produtos estrangeiros, levando \u00e0 moderniza\u00e7\u00e3o e \u00e0 reestrutura\u00e7\u00e3o de v\u00e1rias ind\u00fastrias. Esse per\u00edodo, liderado pelo governo de Fernando Collor, marcou uma nova fase da industrializa\u00e7\u00e3o brasileira, principalmente pela desestatiza\u00e7\u00e3o da economia e a privatiza\u00e7\u00e3o das ind\u00fastrias estatais.<\/p>\n\n\n\n<p class=\"has-white-color has-black-background-color has-text-color has-background has-link-color has-medium-font-size wp-elements-2ead34ca6f4cd8ca3d86c97c6b9a524a\"><strong>QUEST\u00c3O 01<\/strong> <\/p>\n\n\n\n<p class=\"has-black-color has-text-color has-link-color has-medium-font-size wp-elements-59d8e0ac1d983c94082aac45d5ad07e5\">O governo de Juscelino Kubitschek (1956-1961) marcou uma nova etapa na industrializa\u00e7\u00e3o brasileira com o Plano de Metas, cujo lema era &#8220;50 anos em 5&#8221;. Durante esse per\u00edodo foi desenvolvido intensamente as \u00e1reas&nbsp;<\/p>\n\n\n\n<p class=\"has-black-color has-text-color has-link-color has-medium-font-size wp-elements-d8345bcd9a3e4b66accce77e10ea3363\">(A) ligadas ao agroneg\u00f3cio.<\/p>\n\n\n\n<p class=\"has-black-color has-text-color has-link-color has-medium-font-size wp-elements-943732d3ca10500067e007b982786a0d\">(B) voltados ao Com\u00e9rcio Exterior.<\/p>\n\n\n\n<p class=\"has-black-color has-text-color has-link-color has-medium-font-size wp-elements-d67d6f08170d2fc09d3025374a0b3ded\">(C) da Ind\u00fastria de Base e Infraestrutura.<\/p>\n\n\n\n<p class=\"has-black-color has-text-color has-link-color has-medium-font-size wp-elements-fdd5db6cb75c60d6af90122d9dd61885\">(D) das Tecnologias da Informa\u00e7\u00e3o.<\/p>\n\n\n\n<p class=\"has-white-color has-black-background-color has-text-color has-background has-link-color has-medium-font-size wp-elements-38003591b5a10bc274cdac1cd5397c26\"><strong>QUEST\u00c3O 2<\/strong><\/p>\n\n\n\n<p class=\"has-black-color has-text-color has-link-color has-medium-font-size wp-elements-9f8904613410e2af82052ec2ce5279a9\">A cafeicultura foi durante muitos anos uma das principais atividades econ\u00f4micas do Brasil. Sendo assim, descreva quais foram a contribui\u00e7\u00e3o da cafeicultura para industrializa\u00e7\u00e3o brasileira.\u00a0<\/p>\n\n\n\n<p class=\"has-white-color has-black-background-color has-text-color has-background has-link-color has-medium-font-size wp-elements-5dc41f2276e30221fb3fe3584b538d09\"><strong>QUEST\u00c3O 3<\/strong><\/p>\n\n\n\n<p class=\"has-black-color has-text-color has-link-color has-medium-font-size wp-elements-970dcd9182b10adcc5edecd4328a7e93\">A primeira fase da industrializa\u00e7\u00e3o brasileira ocorreu durante o governo de Get\u00falio Vargas (1930-1945). Esse per\u00edodo \u00e9 caracterizado pela cria\u00e7\u00e3o de empresas estatais em setores estrat\u00e9gicos. Para impulsionar o desenvolvimento do setor sider\u00fargico no Brasil, Vargas cria a\u00a0<\/p>\n\n\n\n<p class=\"has-black-color has-text-color has-link-color has-medium-font-size wp-elements-ac80f047a7ec1bd4e4cb1245ab228732\">(A) Companhia Vale do Rio Doce.<\/p>\n\n\n\n<p class=\"has-black-color has-text-color has-link-color has-medium-font-size wp-elements-f0d7344e78c3ef693c00e685891c5e3b\">(B) Companhia Sider\u00fargica Nacional (CSN).<\/p>\n\n\n\n<p class=\"has-black-color has-text-color has-link-color has-medium-font-size wp-elements-937f962cfa62d38bd2bd945c45d8d4cc\">(C) Petrobras.<\/p>\n\n\n\n<p class=\"has-black-color has-text-color has-link-color has-medium-font-size wp-elements-63b0208017f9910f454abb76d5eba2f8\">(D) Banco do Brasil.<\/p>\n\n\n\n<p class=\"has-white-color has-black-background-color has-text-color has-background has-link-color has-medium-font-size wp-elements-50fb07fc32f1cc3909b600c422400d84\"><strong>QUEST\u00c3O 4<\/strong><\/p>\n\n\n\n<p class=\"has-black-color has-text-color has-link-color has-medium-font-size wp-elements-04ce7641fbd0ee4e25bef52f584c13d7\">Ao longo dos anos 90, o Brasil vive uma nova fase do seu processo de industrializa\u00e7\u00e3o. Descreva quais foram as caracter\u00edsticas desse per\u00edodo das ind\u00fastrias brasileiras.\u00a0<\/p>\n\n\n\n<hr class=\"wp-block-separator has-alpha-channel-opacity\"\/>\n\n\n\n<figure class=\"wp-block-table is-style-stripes has-small-font-size\"><table class=\"has-black-color has-text-color has-link-color\"><tbody><tr><td><strong>Autoria <\/strong><\/td><td>Ailton Silva<\/td><\/tr><tr><td><strong>Forma\u00e7\u00e3o<\/strong><\/td><td>Geografia <\/td><\/tr><tr><td><strong>Componente Curricular<\/strong><\/td><td>Geografia<\/td><\/tr><tr><td><strong>Objetivos de aprendizagem e desenvolvimento<\/strong><\/td><td>(EJAGE0520) Compreender as diferentes formas de industrializa\u00e7\u00e3o e a economia do Brasil no contexto global.<\/td><\/tr><tr><td><strong>Refer\u00eancias<\/strong><\/td><td>BONELLI, R. Industrializa\u00e7\u00e3o e desenvolvimento. Dispon\u00edvel em:&lt;<a href=\"https:\/\/www.ecostrat.net\/files\/IND_E_DESEN.pdf\">https:\/\/www.ecostrat.net\/files\/IND_E_DESEN.pdf<\/a>>. Acesso em: 11, jun. 2024.<br>FIESP (Federa\u00e7\u00e3o das ind\u00fastrias do estado de S\u00e3o Paulo).Panoramada ind\u00fastria de transforma\u00e7\u00e3o brasileira. 7\u00aa Edi\u00e7\u00e3o, 2015. Dispon\u00edvel em: &lt;<a href=\"http:\/\/www.fiesp.com.br\/arquivo-download\/?id=200839\">www.fiesp.com.br\/arquivo-download\/?id=200839<\/a>>. Acesso em: 11, jun. 2024.<\/td><\/tr><\/tbody><\/table><\/figure>\n\n\n\n<p><\/p>\n","protected":false},"author":52,"featured_media":190381,"template":"","meta":{"_acf_changed":false,"ocean_post_layout":"","ocean_both_sidebars_style":"","ocean_both_sidebars_content_width":0,"ocean_both_sidebars_sidebars_width":0,"ocean_sidebar":"","ocean_second_sidebar":"","ocean_disable_margins":"enable","ocean_add_body_class":"","ocean_shortcode_before_top_bar":"","ocean_shortcode_after_top_bar":"","ocean_shortcode_before_header":"","ocean_shortcode_after_header":"","ocean_has_shortcode":"","ocean_shortcode_after_title":"","ocean_shortcode_before_footer_widgets":"","ocean_shortcode_after_footer_widgets":"","ocean_shortcode_before_footer_bottom":"","ocean_shortcode_after_footer_bottom":"","ocean_display_top_bar":"default","ocean_display_header":"default","ocean_header_style":"","ocean_center_header_left_menu":"","ocean_custom_header_template":"","ocean_custom_logo":0,"ocean_custom_retina_logo":0,"ocean_custom_logo_max_width":0,"ocean_custom_logo_tablet_max_width":0,"ocean_custom_logo_mobile_max_width":0,"ocean_custom_logo_max_height":0,"ocean_custom_logo_tablet_max_height":0,"ocean_custom_logo_mobile_max_height":0,"ocean_header_custom_menu":"","ocean_menu_typo_font_family":"","ocean_menu_typo_font_subset":"","ocean_menu_typo_font_size":0,"ocean_menu_typo_font_size_tablet":0,"ocean_menu_typo_font_size_mobile":0,"ocean_menu_typo_font_size_unit":"px","ocean_menu_typo_font_weight":"","ocean_menu_typo_font_weight_tablet":"","ocean_menu_typo_font_weight_mobile":"","ocean_menu_typo_transform":"","ocean_menu_typo_transform_tablet":"","ocean_menu_typo_transform_mobile":"","ocean_menu_typo_line_height":0,"ocean_menu_typo_line_height_tablet":0,"ocean_menu_typo_line_height_mobile":0,"ocean_menu_typo_line_height_unit":"","ocean_menu_typo_spacing":0,"ocean_menu_typo_spacing_tablet":0,"ocean_menu_typo_spacing_mobile":0,"ocean_menu_typo_spacing_unit":"","ocean_menu_link_color":"","ocean_menu_link_color_hover":"","ocean_menu_link_color_active":"","ocean_menu_link_background":"","ocean_menu_link_hover_background":"","ocean_menu_link_active_background":"","ocean_menu_social_links_bg":"","ocean_menu_social_hover_links_bg":"","ocean_menu_social_links_color":"","ocean_menu_social_hover_links_color":"","ocean_disable_title":"default","ocean_disable_heading":"default","ocean_post_title":"","ocean_post_subheading":"","ocean_post_title_style":"","ocean_post_title_background_color":"","ocean_post_title_background":0,"ocean_post_title_bg_image_position":"","ocean_post_title_bg_image_attachment":"","ocean_post_title_bg_image_repeat":"","ocean_post_title_bg_image_size":"","ocean_post_title_height":0,"ocean_post_title_bg_overlay":0.5,"ocean_post_title_bg_overlay_color":"","ocean_disable_breadcrumbs":"default","ocean_breadcrumbs_color":"","ocean_breadcrumbs_separator_color":"","ocean_breadcrumbs_links_color":"","ocean_breadcrumbs_links_hover_color":"","ocean_display_footer_widgets":"default","ocean_display_footer_bottom":"default","ocean_custom_footer_template":""},"eaja_categoria":[104],"serie":[75,76],"eaja_componente":[80],"class_list":["post-190374","eaja","type-eaja","status-publish","has-post-thumbnail","hentry","eaja_categoria-2o-segmento-5a-e-6a-serie","serie-6a-serie","serie-7a-serie","eaja_componente-geografia","entry","has-media"],"acf":[],"_links":{"self":[{"href":"https:\/\/sme.goiania.go.gov.br\/conexaoescola\/wp-json\/wp\/v2\/eaja\/190374","targetHints":{"allow":["GET"]}}],"collection":[{"href":"https:\/\/sme.goiania.go.gov.br\/conexaoescola\/wp-json\/wp\/v2\/eaja"}],"about":[{"href":"https:\/\/sme.goiania.go.gov.br\/conexaoescola\/wp-json\/wp\/v2\/types\/eaja"}],"author":[{"embeddable":true,"href":"https:\/\/sme.goiania.go.gov.br\/conexaoescola\/wp-json\/wp\/v2\/users\/52"}],"wp:featuredmedia":[{"embeddable":true,"href":"https:\/\/sme.goiania.go.gov.br\/conexaoescola\/wp-json\/wp\/v2\/media\/190381"}],"wp:attachment":[{"href":"https:\/\/sme.goiania.go.gov.br\/conexaoescola\/wp-json\/wp\/v2\/media?parent=190374"}],"wp:term":[{"taxonomy":"eaja_categoria","embeddable":true,"href":"https:\/\/sme.goiania.go.gov.br\/conexaoescola\/wp-json\/wp\/v2\/eaja_categoria?post=190374"},{"taxonomy":"serie","embeddable":true,"href":"https:\/\/sme.goiania.go.gov.br\/conexaoescola\/wp-json\/wp\/v2\/serie?post=190374"},{"taxonomy":"eaja_componente","embeddable":true,"href":"https:\/\/sme.goiania.go.gov.br\/conexaoescola\/wp-json\/wp\/v2\/eaja_componente?post=190374"}],"curies":[{"name":"wp","href":"https:\/\/api.w.org\/{rel}","templated":true}]}}