{"id":186723,"date":"2024-08-30T14:33:30","date_gmt":"2024-08-30T17:33:30","guid":{"rendered":"https:\/\/sme.goiania.go.gov.br\/conexaoescola\/?post_type=eaja&#038;p=186723"},"modified":"2024-12-10T13:45:50","modified_gmt":"2024-12-10T16:45:50","slug":"matematica-a-existencia-de-um-triangulo-e-a-soma-dos-seus-angulos-internos","status":"publish","type":"eaja","link":"https:\/\/sme.goiania.go.gov.br\/conexaoescola\/eaja\/matematica-a-existencia-de-um-triangulo-e-a-soma-dos-seus-angulos-internos\/","title":{"rendered":"Matem\u00e1tica &#8211; A Exist\u00eancia de um Tri\u00e2ngulo e a Soma dos seus \u00c2ngulos Internos"},"content":{"rendered":"\n<p class=\"has-text-align-center has-medium-font-size\"><strong>Esta proposta de atividade de Matem\u00e1tica \u00e9 destinada aos estudantes do 5\u00ba Per\u00edodo&nbsp;da Educa\u00e7\u00e3o de Jovens e Adultos \u2013 EJA.<\/strong><\/p>\n\n\n\n<div class=\"wp-block-buttons is-content-justification-center is-layout-flex wp-container-core-buttons-is-layout-16018d1d wp-block-buttons-is-layout-flex\">\n<div class=\"wp-block-button\"><a class=\"wp-block-button__link wp-element-button\" href=\"https:\/\/drive.google.com\/uc?export=douwnload&amp;id=1eLVo1LFTMcpa2_0IZNfdlx1q2FtwOmj_\">BAIXE A ATIVIDADE<\/a><\/div>\n\n\n\n<div class=\"wp-block-button\"><a class=\"wp-block-button__link wp-element-button\" href=\"https:\/\/drive.google.com\/uc?export=douwnload&amp;id=1cnu32XUio2y9ynR7tQiKtE4WoF7bIP1S\">BAIXE OS SLIDES<\/a><\/div>\n\n\n\n<div class=\"wp-block-button\"><a class=\"wp-block-button__link wp-element-button\" href=\"https:\/\/drive.google.com\/uc?export=douwnload&amp;id=1N8OdtFzR9KfPQZlAhUYzHALWnoOBjjDD\">BAIXE O TEXTO<\/a><\/div>\n<\/div>\n\n\n\n<div class=\"wp-block-media-text is-stacked-on-mobile\" style=\"grid-template-columns:30% auto\"><figure class=\"wp-block-media-text__media\"><img fetchpriority=\"high\" decoding=\"async\" width=\"1024\" height=\"576\" src=\"https:\/\/sme.goiania.go.gov.br\/conexaoescola\/wp-content\/uploads\/2024\/08\/tri-1024x576.png\" alt=\"\" class=\"wp-image-186724 size-full\" srcset=\"https:\/\/sme.goiania.go.gov.br\/conexaoescola\/wp-content\/uploads\/2024\/08\/tri-1024x576.png 1024w, https:\/\/sme.goiania.go.gov.br\/conexaoescola\/wp-content\/uploads\/2024\/08\/tri-300x169.png 300w, https:\/\/sme.goiania.go.gov.br\/conexaoescola\/wp-content\/uploads\/2024\/08\/tri-768x432.png 768w, https:\/\/sme.goiania.go.gov.br\/conexaoescola\/wp-content\/uploads\/2024\/08\/tri-1536x864.png 1536w, https:\/\/sme.goiania.go.gov.br\/conexaoescola\/wp-content\/uploads\/2024\/08\/tri.png 1920w\" sizes=\"(max-width: 1024px) 100vw, 1024px\" \/><\/figure><div class=\"wp-block-media-text__content\">\n<p class=\"has-text-color has-link-color has-medium-font-size wp-elements-87aec4c8e0a15a9f0cde1301e969f31d\" style=\"color:#0c07e3\"><strong>Introdu\u00e7\u00e3o<\/strong><\/p>\n\n\n\n<p class=\"has-medium-font-size\">J\u00e1 parou para pensar em como os tri\u00e2ngulos est\u00e3o presentes em tudo \u00e0 nossa volta? Nas casas, nas pontes, nos telhados. Eles s\u00e3o figuras geom\u00e9tricas muito importantes e possuem propriedades bem interessantes. Hoje, vamos falar sobre duas delas: a condi\u00e7\u00e3o para que um tri\u00e2ngulo exista e a soma dos \u00e2ngulos internos de um tri\u00e2ngulo.<\/p>\n\n\n\n<p class=\"has-small-font-size\">Imagem do canva.com\/tri\u00e2ngulo<\/p>\n<\/div><\/div>\n\n\n\n<h2 class=\"wp-block-heading\"><strong>A Condi\u00e7\u00e3o de Exist\u00eancia de um Tri\u00e2ngulo<\/strong><\/h2>\n\n\n\n<p class=\"has-medium-font-size\">Imagine que voc\u00ea tem tr\u00eas palitos de tamanhos diferentes. Ser\u00e1 que voc\u00ea consegue juntar esses palitos e formar um tri\u00e2ngulo? Nem sempre isso \u00e9 poss\u00edvel! Para que um tri\u00e2ngulo exista, os palitos (ou os lados do tri\u00e2ngulo) precisam ter um tamanho especial.<\/p>\n\n\n\n<p class=\"has-medium-font-size\"><strong>A Condi\u00e7\u00e3o (Regra)<\/strong><\/p>\n\n\n\n<p class=\"has-medium-font-size\"><strong>Para formar um tri\u00e2ngulo, a medida de qualquer lado deve ser menor que a soma das medidas dos outros dois lados<\/strong><\/p>\n\n\n\n<p class=\"has-medium-font-size\"><strong>Exemplo 1<\/strong><\/p>\n\n\n\n<p class=\"has-medium-font-size\">Imagine que voc\u00ea possui tr\u00eas palitos com comprimentos diferentes: um palito mede 3 cm, o segundo mede 5 cm, e o terceiro mede 9 cm. Agora, a pergunta que surge \u00e9: ser\u00e1 que \u00e9 poss\u00edvel organizar esses tr\u00eas palitos de forma a construir um tri\u00e2ngulo?<\/p>\n\n\n\n<p class=\"has-medium-font-size\"><strong>A resposta \u00e9 n\u00e3o!<\/strong><\/p>\n\n\n\n<p class=\"has-medium-font-size\"><strong>Justificativa:<\/strong>&nbsp;<\/p>\n\n\n\n<ul class=\"wp-block-list\">\n<li class=\"has-medium-font-size\">O palito de medida 9cm n\u00e3o \u00e9 menor do que a soma das medidas dos outros dois palitos, 3 cm e 5 cm.<\/li>\n<\/ul>\n\n\n<div class=\"wp-block-image\">\n<figure class=\"aligncenter is-resized\"><img decoding=\"async\" src=\"https:\/\/lh7-rt.googleusercontent.com\/docsz\/AD_4nXemJ6taFsubyZ0kfvdPi8c6oVM3qAwQSTUM7IAppTTQGi6m16PeEvrX2E74inRLAsayDk8nPaflIINt5weDxRFObyp7JVGVhhoKcB3AnMA95aOLJozJOmyaj6zoJg-dR0AjFUJ_X1Yg1BY1-2tLyt4uib-gc_IJ0jliE8vv2w?key=uvAbtXVrel8KoFHGu_Zj-Q\" alt=\"\" style=\"width:408px;height:auto\"\/><\/figure><\/div>\n\n\n<p class=\"has-text-align-center has-small-font-size\">Imagem do Autor produzida no Geogebra<\/p>\n\n\n\n<p class=\"has-medium-font-size\"><strong>Exemplo 2<\/strong><\/p>\n\n\n\n<p class=\"has-medium-font-size\">A mesma quest\u00e3o para palitos com 3 cm, 5 cm e 7 cm?<\/p>\n\n\n\n<p class=\"has-medium-font-size\"><strong>A resposta \u00e9 sim!<\/strong><\/p>\n\n\n\n<p class=\"has-medium-font-size\"><strong>Justificativa:<\/strong>&nbsp;<\/p>\n\n\n\n<ul class=\"wp-block-list\">\n<li class=\"has-medium-font-size\">O palito de medida 3 cm \u00e9 menor do que a soma das medidas dos outros dois palitos, 5 cm e 7 cm.<\/li>\n\n\n\n<li class=\"has-medium-font-size\">O palito de medida 5cm \u00e9 menor do que a soma das medidas dos outros dois palitos, 3 cm e 7 cm.<\/li>\n\n\n\n<li class=\"has-medium-font-size\">O palito de medida 7 cm \u00e9 menor do que a soma das medidas dos outros dois palitos, 3 cm e 5 cm.<\/li>\n<\/ul>\n\n\n<div class=\"wp-block-image\">\n<figure class=\"aligncenter is-resized\"><img decoding=\"async\" src=\"https:\/\/lh7-rt.googleusercontent.com\/docsz\/AD_4nXcJZYDM-g9BduBAdxYAR-lfTNwP0ylzJ3_U4HXff2Yk3ikYI2utwNNZ_xGPVEcd5WDy33GrAP8JiMNs1rKWZabqKeqfmxEajOo1s7O29qUKmQ8P4EzJjD8AcY2Y_3EZQsXaDcqNgPYpaq0WosnPqcyfyyUwR7GIV7O48KLXFQ?key=uvAbtXVrel8KoFHGu_Zj-Q\" alt=\"\" style=\"width:259px;height:auto\"\/><\/figure><\/div>\n\n\n<p class=\"has-text-align-center\">Imagem do Autor produzida no Geogebra<\/p>\n\n\n\n<h2 class=\"wp-block-heading\"><strong>A Soma dos \u00c2ngulos Internos de um Tri\u00e2ngulo<\/strong><\/h2>\n\n\n\n<p class=\"has-medium-font-size\">Outro fato interessante sobre os tri\u00e2ngulos \u00e9 que a soma dos \u00e2ngulos internos de qualquer tri\u00e2ngulo sempre d\u00e1 o mesmo resultado.<\/p>\n\n\n\n<p class=\"has-medium-font-size\"><strong>A Propriedade (Regra)<\/strong>&nbsp;<\/p>\n\n\n\n<p class=\"has-medium-font-size\"><strong>A soma das medidas dos \u00e2ngulos internos de qualquer tri\u00e2ngulo \u00e9 sempre igual a 180 graus.<\/strong><\/p>\n\n\n<div class=\"wp-block-image\">\n<figure class=\"aligncenter is-resized\"><img decoding=\"async\" src=\"https:\/\/lh7-rt.googleusercontent.com\/docsz\/AD_4nXfXhDHMRWV7DQhgmcIIyEGOZIXrPi8hmaFOeIOo87trnWPzS9xSY3L7Cn2ufUdaNyLU3aFXKGnSpBHjm6zLMxqNC1c83vjmkVbXLX5iEimgU9dSUveL3uZ95TPsbHGQJ_S5cqm9Mt9mC754htONQkrhlvMJEGkoI6etcNWa?key=uvAbtXVrel8KoFHGu_Zj-Q\" alt=\"\" style=\"width:300px;height:auto\"\/><\/figure><\/div>\n\n\n<p class=\"has-text-align-center has-small-font-size\">Imagem do Autor produzida no Geogebra<\/p>\n\n\n\n<p class=\"has-medium-font-size\"><strong>Exemplo<\/strong><\/p>\n\n\n\n<p class=\"has-medium-font-size\">Em um tri\u00e2ngulo, a soma dos \u00e2ngulos internos \u00e9 sempre 180\u00ba. Suponha que temos um tri\u00e2ngulo, no qual dois dos seus \u00e2ngulos internos j\u00e1 s\u00e3o conhecidos: o primeiro \u00e2ngulo mede 48\u00ba e o segundo mede 79\u00ba. Sabendo disso, queremos descobrir qual \u00e9 a medida do terceiro \u00e2ngulo interno desse tri\u00e2ngulo<\/p>\n\n\n\n<p class=\"has-medium-font-size\"><strong>Resolu\u00e7\u00e3o:<\/strong><\/p>\n\n\n\n<p class=\"has-medium-font-size\">Para resolver o problema, vamos utilizar a propriedade fundamental dos tri\u00e2ngulos, que diz que a soma dos \u00e2ngulos internos de um tri\u00e2ngulo \u00e9 sempre igual a 180\u00ba.<\/p>\n\n\n\n<p class=\"has-medium-font-size\">Temos dois \u00e2ngulos conhecidos:<\/p>\n\n\n\n<ul class=\"wp-block-list\">\n<li class=\"has-medium-font-size\">O primeiro \u00e2ngulo mede 48\u00ba.<\/li>\n\n\n\n<li class=\"has-medium-font-size\">O segundo \u00e2ngulo mede 79\u00ba.<\/li>\n<\/ul>\n\n\n\n<p class=\"has-medium-font-size\">Vamos somar esses dois \u00e2ngulos: 48\u00ba+79\u00ba=127\u00ba<\/p>\n\n\n\n<p class=\"has-medium-font-size\">Agora, para encontrar a medida do terceiro \u00e2ngulo, vamos subtrair essa soma de 180 graus: 180\u00ba\u2212127\u00ba=53\u00ba<\/p>\n\n\n\n<p class=\"has-medium-font-size\">Portanto, a medida do terceiro \u00e2ngulo interno desse tri\u00e2ngulo \u00e9 <strong>53\u00ba<\/strong>.<\/p>\n\n\n\n<h2 class=\"wp-block-heading\"><strong>Por que isso \u00e9 importante?<\/strong><\/h2>\n\n\n\n<p class=\"has-medium-font-size\">Saber sobre a condi\u00e7\u00e3o de exist\u00eancia de um tri\u00e2ngulo e sobre a soma dos seus \u00e2ngulos internos \u00e9 importante por v\u00e1rios motivos:<\/p>\n\n\n\n<ul class=\"wp-block-list\">\n<li class=\"has-medium-font-size\">Na hora de construir uma casa, uma ponte ou qualquer outra estrutura, \u00e9 fundamental saber quais medidas os lados de um tri\u00e2ngulo podem ter para garantir que a constru\u00e7\u00e3o seja est\u00e1vel.<\/li>\n\n\n\n<li class=\"has-medium-font-size\">Muitas vezes, em problemas de matem\u00e1tica, precisamos encontrar medidas de \u00e2ngulos ou de lados de tri\u00e2ngulos.<\/li>\n\n\n\n<li class=\"has-medium-font-size\">A geometria est\u00e1 presente em tudo ao nosso redor. Ao entender as propriedades dos tri\u00e2ngulos, voc\u00ea estar\u00e1 dando um passo importante para compreender melhor o mundo \u00e0 sua volta.<\/li>\n<\/ul>\n\n\n\n<p class=\"has-medium-font-size\"><strong>Em resumo<\/strong><\/p>\n\n\n\n<ul class=\"wp-block-list\">\n<li class=\"has-medium-font-size\">Para que um tri\u00e2ngulo exista: Cada lado precisa ser menor que a soma dos outros dois lados.<\/li>\n\n\n\n<li class=\"has-medium-font-size\">A soma dos \u00e2ngulos internos de um tri\u00e2ngulo: Sempre d\u00e1 180 graus.<\/li>\n<\/ul>\n\n\n\n<p><strong>Ficamos por aqui, at\u00e9 o pr\u00f3ximo.<\/strong><\/p>\n\n\n\n<hr class=\"wp-block-separator has-alpha-channel-opacity\"\/>\n\n\n\n<p class=\"has-text-color has-link-color has-medium-font-size wp-elements-cc2479aebcb541ac018721e6d67d34d8\" style=\"color:#0c07e3\"><strong>Atividade<\/strong><\/p>\n\n\n\n<p class=\"has-pale-cyan-blue-background-color has-background has-medium-font-size\"><strong>QUEST\u00c3O 01<\/strong><\/p>\n\n\n\n<p class=\"has-medium-font-size\">Para que um tri\u00e2ngulo exista, \u00e9 necess\u00e1rio que<\/p>\n\n\n\n<p class=\"has-medium-font-size\">(A) a medida de cada lado seja igual \u00e0 soma das medidas dos outros dois lados.<\/p>\n\n\n\n<p class=\"has-medium-font-size\">(B) a medida de cada lado seja menor que a soma das medidas dos outros dois lados.<\/p>\n\n\n\n<p class=\"has-medium-font-size\">(C) a soma das medidas de dois lados seja sempre menor que a medida do terceiro lado.<\/p>\n\n\n\n<p class=\"has-medium-font-size\">(D) a soma das medidas dos tr\u00eas lados seja igual a 180 graus.<\/p>\n\n\n\n<p class=\"has-pale-cyan-blue-background-color has-background has-medium-font-size\"><strong>QUEST\u00c3O 02<\/strong><\/p>\n\n\n\n<p class=\"has-medium-font-size\">A soma das medidas dos \u00e2ngulos internos de um tri\u00e2ngulo qualquer \u00e9 sempre igual a<\/p>\n\n\n\n<p class=\"has-medium-font-size\">(A) 90\u00b0&nbsp;.<\/p>\n\n\n\n<p class=\"has-medium-font-size\">(B) 180\u00b0.&nbsp;<\/p>\n\n\n\n<p>(C) 270\u00b0&nbsp;.<\/p>\n\n\n\n<p class=\"has-medium-font-size\">(D) 360\u00b0.<\/p>\n\n\n\n<p class=\"has-pale-cyan-blue-background-color has-background has-medium-font-size\"><strong>QUEST\u00c3O 03<\/strong><\/p>\n\n\n\n<p class=\"has-medium-font-size\">Ana e Carlos est\u00e3o desenhando um tri\u00e2ngulo e decidiram nomear os v\u00e9rtices como A, B e C, formando o tri\u00e2ngulo ABC. Ana mediu o \u00e2ngulo no v\u00e9rtice A e descobriu que ele \u00e9 de 50 graus. Carlos, usando um transferidor, mediu o \u00e2ngulo no v\u00e9rtice B e encontrou 70 graus. Agora, eles querem saber qual \u00e9 a medida do \u00e2ngulo no v\u00e9rtice C para completar o tri\u00e2ngulo ABC, sabendo que a soma dos \u00e2ngulos internos de um tri\u00e2ngulo \u00e9 sempre 180 graus. Qual \u00e9 a medida do \u00e2ngulo C?<br><\/p>\n\n\n\n<p class=\"has-pale-cyan-blue-background-color has-background has-medium-font-size\"><strong>QUEST\u00c3O 04<\/strong><\/p>\n\n\n\n<p class=\"has-medium-font-size\">Imagine que voc\u00ea tem tr\u00eas peda\u00e7os de barbante com 5cm, 7cm e 12cm de comprimento e deseja formar um tri\u00e2ngulo com eles. Para verificar se \u00e9 poss\u00edvel construir um tri\u00e2ngulo, \u00e9 importante lembrar do princ\u00edpio b\u00e1sico da desigualdade triangular, que diz que a soma das medidas de dois lados de um tri\u00e2ngulo deve ser sempre maior que a medida do terceiro lado. Com isso em mente, ser\u00e1 que esses tr\u00eas segmentos, de 5 cm, 7 cm e 12 cm, podem formar um tri\u00e2ngulo?<\/p>\n\n\n\n<p class=\"has-white-color has-vivid-cyan-blue-background-color has-text-color has-background has-link-color has-medium-font-size wp-elements-d853bf25a9f02e7c007dfb46f9294b96\"><strong>SAIBA MAIS<\/strong><\/p>\n\n\n\n<p class=\"has-medium-font-size\">Aprenda um pouco mais sobre este assunto nos v\u00eddeos do canal do Prof. H\u00e9lio<\/p>\n\n\n\n<figure class=\"wp-block-embed is-type-video is-provider-youtube wp-block-embed-youtube wp-embed-aspect-16-9 wp-has-aspect-ratio\"><div class=\"wp-block-embed__wrapper\">\n<p class=\"responsive-video-wrap clr\"><iframe title=\"#2 Tri\u00e2ngulo _ Condi\u00e7\u00e3o de exist\u00eancia de um tri\u00e2ngulo\" width=\"1200\" height=\"675\" src=\"https:\/\/www.youtube.com\/embed\/bz3BSxNJK_Y?feature=oembed\" frameborder=\"0\" allow=\"accelerometer; autoplay; clipboard-write; encrypted-media; gyroscope; picture-in-picture; web-share\" referrerpolicy=\"strict-origin-when-cross-origin\" allowfullscreen><\/iframe><\/p>\n<\/div><\/figure>\n\n\n\n<figure class=\"wp-block-embed is-type-video is-provider-youtube wp-block-embed-youtube wp-embed-aspect-16-9 wp-has-aspect-ratio\"><div class=\"wp-block-embed__wrapper\">\n<p class=\"responsive-video-wrap clr\"><iframe title=\"#1 Tri\u00e2ngulos _ Soma dos \u00e2ngulos internos\" width=\"1200\" height=\"675\" src=\"https:\/\/www.youtube.com\/embed\/4gq5KpBrgSk?feature=oembed\" frameborder=\"0\" allow=\"accelerometer; autoplay; clipboard-write; encrypted-media; gyroscope; picture-in-picture; web-share\" referrerpolicy=\"strict-origin-when-cross-origin\" allowfullscreen><\/iframe><\/p>\n<\/div><\/figure>\n\n\n\n<hr class=\"wp-block-separator has-alpha-channel-opacity\"\/>\n\n\n\n<figure class=\"wp-block-table is-style-stripes\"><table><tbody><tr><td>Autoria<\/td><td>Professor H\u00e9lio Roberto da Rocha, Mestre em matem\u00e1tica<\/td><\/tr><tr><td>Componente curricular<\/td><td>Matem\u00e1tica<\/td><\/tr><tr><td>Objetivos de aprendizagem e desenvolvimento<\/td><td>(EJAMA0519) Reconhecer a condi\u00e7\u00e3o de exist\u00eancia do tri\u00e2ngulo quanto \u00e0 medida dos lados (desigualdade triangular) e verificar que a soma das medidas dos \u00e2ngulos internos de um tri\u00e2ngulo \u00e9 180\u00b0.<\/td><\/tr><tr><td>Refer\u00eancias<\/td><td>SOUZA, Joamir Roberto de: Matem\u00e1tica realidade &amp; tecnologia: 6\u00ba ao 9\u00ba ano: ensino fundamental: anos finais \/Joamir Roberto de Souza. \u2013 1. ed. \u2013 S\u00e3o Paulo: FTD, 2018.<br>GIOVANNI J\u00daNIOR, Jos\u00e9 Ruy &#8211; A conquista da matem\u00e1tica: 6\u00b0 ao 9\u00ba ano: ensino fundamental: anos finais \/ Jos\u00e9 Ruy Giovanni J\u00fanior, Benedicto Castrucci. \u2014 4. ed. \u2014 S\u00e3o Paulo: FTD, 2018.<br>GOI\u00c2NIA. Secretaria Municipal de Educa\u00e7\u00e3o. Aprender Sempre. 6\u00ba ao 9\u00ba ano &#8211; Ensino Fundamental; Matem\u00e1tica; Goi\u00e2nia, 2024.<\/td><\/tr><\/tbody><\/table><\/figure>\n","protected":false},"author":47,"featured_media":186724,"template":"","meta":{"_acf_changed":false,"ocean_post_layout":"","ocean_both_sidebars_style":"","ocean_both_sidebars_content_width":0,"ocean_both_sidebars_sidebars_width":0,"ocean_sidebar":"","ocean_second_sidebar":"","ocean_disable_margins":"enable","ocean_add_body_class":"","ocean_shortcode_before_top_bar":"","ocean_shortcode_after_top_bar":"","ocean_shortcode_before_header":"","ocean_shortcode_after_header":"","ocean_has_shortcode":"","ocean_shortcode_after_title":"","ocean_shortcode_before_footer_widgets":"","ocean_shortcode_after_footer_widgets":"","ocean_shortcode_before_footer_bottom":"","ocean_shortcode_after_footer_bottom":"","ocean_display_top_bar":"default","ocean_display_header":"default","ocean_header_style":"","ocean_center_header_left_menu":"","ocean_custom_header_template":"","ocean_custom_logo":0,"ocean_custom_retina_logo":0,"ocean_custom_logo_max_width":0,"ocean_custom_logo_tablet_max_width":0,"ocean_custom_logo_mobile_max_width":0,"ocean_custom_logo_max_height":0,"ocean_custom_logo_tablet_max_height":0,"ocean_custom_logo_mobile_max_height":0,"ocean_header_custom_menu":"","ocean_menu_typo_font_family":"","ocean_menu_typo_font_subset":"","ocean_menu_typo_font_size":0,"ocean_menu_typo_font_size_tablet":0,"ocean_menu_typo_font_size_mobile":0,"ocean_menu_typo_font_size_unit":"px","ocean_menu_typo_font_weight":"","ocean_menu_typo_font_weight_tablet":"","ocean_menu_typo_font_weight_mobile":"","ocean_menu_typo_transform":"","ocean_menu_typo_transform_tablet":"","ocean_menu_typo_transform_mobile":"","ocean_menu_typo_line_height":0,"ocean_menu_typo_line_height_tablet":0,"ocean_menu_typo_line_height_mobile":0,"ocean_menu_typo_line_height_unit":"","ocean_menu_typo_spacing":0,"ocean_menu_typo_spacing_tablet":0,"ocean_menu_typo_spacing_mobile":0,"ocean_menu_typo_spacing_unit":"","ocean_menu_link_color":"","ocean_menu_link_color_hover":"","ocean_menu_link_color_active":"","ocean_menu_link_background":"","ocean_menu_link_hover_background":"","ocean_menu_link_active_background":"","ocean_menu_social_links_bg":"","ocean_menu_social_hover_links_bg":"","ocean_menu_social_links_color":"","ocean_menu_social_hover_links_color":"","ocean_disable_title":"default","ocean_disable_heading":"default","ocean_post_title":"","ocean_post_subheading":"","ocean_post_title_style":"","ocean_post_title_background_color":"","ocean_post_title_background":0,"ocean_post_title_bg_image_position":"","ocean_post_title_bg_image_attachment":"","ocean_post_title_bg_image_repeat":"","ocean_post_title_bg_image_size":"","ocean_post_title_height":0,"ocean_post_title_bg_overlay":0.5,"ocean_post_title_bg_overlay_color":"","ocean_disable_breadcrumbs":"default","ocean_breadcrumbs_color":"","ocean_breadcrumbs_separator_color":"","ocean_breadcrumbs_links_color":"","ocean_breadcrumbs_links_hover_color":"","ocean_display_footer_widgets":"default","ocean_display_footer_bottom":"default","ocean_custom_footer_template":""},"eaja_categoria":[104],"serie":[75],"eaja_componente":[78],"class_list":["post-186723","eaja","type-eaja","status-publish","has-post-thumbnail","hentry","eaja_categoria-2o-segmento-5a-e-6a-serie","serie-6a-serie","eaja_componente-matematica","entry","has-media"],"acf":[],"_links":{"self":[{"href":"https:\/\/sme.goiania.go.gov.br\/conexaoescola\/wp-json\/wp\/v2\/eaja\/186723","targetHints":{"allow":["GET"]}}],"collection":[{"href":"https:\/\/sme.goiania.go.gov.br\/conexaoescola\/wp-json\/wp\/v2\/eaja"}],"about":[{"href":"https:\/\/sme.goiania.go.gov.br\/conexaoescola\/wp-json\/wp\/v2\/types\/eaja"}],"author":[{"embeddable":true,"href":"https:\/\/sme.goiania.go.gov.br\/conexaoescola\/wp-json\/wp\/v2\/users\/47"}],"wp:featuredmedia":[{"embeddable":true,"href":"https:\/\/sme.goiania.go.gov.br\/conexaoescola\/wp-json\/wp\/v2\/media\/186724"}],"wp:attachment":[{"href":"https:\/\/sme.goiania.go.gov.br\/conexaoescola\/wp-json\/wp\/v2\/media?parent=186723"}],"wp:term":[{"taxonomy":"eaja_categoria","embeddable":true,"href":"https:\/\/sme.goiania.go.gov.br\/conexaoescola\/wp-json\/wp\/v2\/eaja_categoria?post=186723"},{"taxonomy":"serie","embeddable":true,"href":"https:\/\/sme.goiania.go.gov.br\/conexaoescola\/wp-json\/wp\/v2\/serie?post=186723"},{"taxonomy":"eaja_componente","embeddable":true,"href":"https:\/\/sme.goiania.go.gov.br\/conexaoescola\/wp-json\/wp\/v2\/eaja_componente?post=186723"}],"curies":[{"name":"wp","href":"https:\/\/api.w.org\/{rel}","templated":true}]}}