{"id":185252,"date":"2024-08-02T14:38:02","date_gmt":"2024-08-02T17:38:02","guid":{"rendered":"https:\/\/sme.goiania.go.gov.br\/conexaoescola\/?post_type=eaja&#038;p=185252"},"modified":"2024-09-02T13:37:34","modified_gmt":"2024-09-02T16:37:34","slug":"lingua-portuguesa-elipse-e-perifrase","status":"publish","type":"eaja","link":"https:\/\/sme.goiania.go.gov.br\/conexaoescola\/eaja\/lingua-portuguesa-elipse-e-perifrase\/","title":{"rendered":"L\u00edngua Portuguesa &#8211;\u00a0Elipse e per\u00edfrase"},"content":{"rendered":"\n<p class=\"has-text-align-center has-black-color has-text-color has-background has-link-color has-medium-font-size wp-elements-1100e313774fd91132b8ff58dff6371a\" style=\"background-color:#f78da84f\">Esta proposta de atividade de&nbsp;<strong>L\u00edngua Portuguesa<\/strong>&nbsp;\u00e9 destinada aos estudantes do <strong>5\u00ba Per\u00edodo<\/strong>&nbsp;da Educa\u00e7\u00e3o de Jovens e Adultos \u2013 EJA.<\/p>\n\n\n\n<div class=\"wp-block-buttons is-content-justification-center is-layout-flex wp-container-core-buttons-is-layout-16018d1d wp-block-buttons-is-layout-flex\">\n<div class=\"wp-block-button has-custom-font-size has-medium-font-size\"><a class=\"wp-block-button__link has-white-color has-black-background-color has-text-color has-background has-link-color wp-element-button\" href=\"https:\/\/drive.google.com\/uc?export=download&amp;id=1zZHTmgMfkBIJSp3NIwjnS1MedDL2pVW3\" target=\"_blank\" rel=\"noreferrer noopener\">BAIXE A ATIVIDADE<\/a><\/div>\n\n\n\n<div class=\"wp-block-button has-custom-font-size has-medium-font-size\"><a class=\"wp-block-button__link has-white-color has-black-background-color has-text-color has-background has-link-color wp-element-button\" href=\"https:\/\/drive.google.com\/uc?export=download&amp;id=1eZSWfrYB7N6fPht_13zB0BErXH5o_1aa\" target=\"_blank\" rel=\"noreferrer noopener\">BAIXE OS SLIDES<\/a><\/div>\n\n\n\n<div class=\"wp-block-button has-custom-font-size has-medium-font-size\"><a class=\"wp-block-button__link has-white-color has-black-background-color has-text-color has-background has-link-color wp-element-button\" href=\"https:\/\/drive.google.com\/uc?export=download&amp;id=1uaA_y5vhLVroY040ssOLMJUsqfbkzGKk\" target=\"_blank\" rel=\"noreferrer noopener\">BAIXE O TEXTO<\/a><\/div>\n<\/div>\n\n\n\n<hr class=\"wp-block-separator has-alpha-channel-opacity\"\/>\n\n\n<div class=\"wp-block-image is-style-rounded\">\n<figure class=\"aligncenter size-full\"><img fetchpriority=\"high\" decoding=\"async\" width=\"586\" height=\"586\" src=\"https:\/\/sme.goiania.go.gov.br\/conexaoescola\/wp-content\/uploads\/2024\/08\/Imagem1.png\" alt=\"\" class=\"wp-image-185255\" srcset=\"https:\/\/sme.goiania.go.gov.br\/conexaoescola\/wp-content\/uploads\/2024\/08\/Imagem1.png 586w, https:\/\/sme.goiania.go.gov.br\/conexaoescola\/wp-content\/uploads\/2024\/08\/Imagem1-300x300.png 300w, https:\/\/sme.goiania.go.gov.br\/conexaoescola\/wp-content\/uploads\/2024\/08\/Imagem1-150x150.png 150w\" sizes=\"(max-width: 586px) 100vw, 586px\" \/><figcaption class=\"wp-element-caption\">FONTE: Pixabay.com Dispon\u00edvel em: <a href=\"https:\/\/pixabay.com\/pt\/illustrations\/ai-gerado-mulher-b%C3%ADblia-estude-8635151\/\">https:\/\/pixabay.com\/pt\/illustrations\/ai-gerado-mulher-b%C3%ADblia-estude-8635151\/<\/a>Acesso em 31\/07\/2024.<\/figcaption><\/figure><\/div>\n\n\n<p class=\"has-text-align-center has-black-color has-text-color has-background has-link-color has-medium-font-size wp-elements-2bb972e1530ef21495f9fbed413c9ff1\" style=\"background-color:#8dd2fc5c\"><strong>ELIPSE E PER\u00cdFRASE<\/strong><\/p>\n\n\n\n<p class=\"has-black-color has-text-color has-link-color has-medium-font-size wp-elements-75eccd6373756f352b5a0e3d79cb0961\">Os fen\u00f4menos sem\u00e2nticos s\u00e3o aqueles que se referem a processos ou eventos relacionados ao significado das palavras, frases e textos. Eles envolvem como as palavras se conectam a conceitos e como essas conex\u00f5es podem mudar ou se manifestar em diferentes contextos. Conhe\u00e7a agora dois exemplos de fen\u00f4menos sem\u00e2nticos:<\/p>\n\n\n\n<p class=\"has-black-color has-text-color has-link-color has-medium-font-size wp-elements-6d3ffb5f8ab33476d5da17ff60462254\"><strong><u>A elipse<\/u><\/strong><\/p>\n\n\n\n<p class=\"has-black-color has-text-color has-link-color has-medium-font-size wp-elements-b53fe4f01920be92557c4e42fdaf8e46\">&nbsp;A elipse \u00e9 uma figura de linguagem ou um fen\u00f4meno sint\u00e1tico que envolve a omiss\u00e3o de uma ou mais palavras em uma frase, sem que isso prejudique a compreens\u00e3o da mensagem. Essas palavras s\u00e3o normalmente subentendidas pelo contexto em que a frase \u00e9 dita ou escrita.<\/p>\n\n\n\n<p class=\"has-black-color has-text-color has-link-color has-medium-font-size wp-elements-017f2d1db3862222f67913c3b489c2de\">Exemplo de elipse:<\/p>\n\n\n\n<p class=\"has-black-color has-text-color has-link-color has-medium-font-size wp-elements-c958e8f1d72f3cafbc946ef8c8dafc57\">\u2022Frase completa: &#8220;Eu fui ao mercado e ele foi ao mercado tamb\u00e9m.&#8221;<\/p>\n\n\n\n<p class=\"has-black-color has-text-color has-link-color has-medium-font-size wp-elements-97fd0262a1573662f1bd2b23f29557f2\">\u2022Com elipse: &#8220;Eu fui ao mercado e ele, tamb\u00e9m.&#8221;<\/p>\n\n\n\n<p class=\"has-black-color has-text-color has-link-color has-medium-font-size wp-elements-9068b3c0391f4ea2ff76a20db3375944\">&nbsp; Na frase com elipse, a express\u00e3o &#8220;foi ao mercado&#8221; \u00e9 omitida na segunda ora\u00e7\u00e3o, mas o significado ainda \u00e9 claro, porque o contexto permite entender que &#8220;ele&#8221; tamb\u00e9m foi ao mercado.<\/p>\n\n\n\n<p class=\"has-black-color has-text-color has-link-color has-medium-font-size wp-elements-298c8eb71307e44d14b371865e2c48ff\">&nbsp;&nbsp;A elipse \u00e9 comum em di\u00e1logos e textos onde se deseja evitar a repeti\u00e7\u00e3o desnecess\u00e1ria de palavras, tornando a comunica\u00e7\u00e3o mais concisa. \u00c9 importante salientar que em alguns casos, a elipse pode criar ambiguidade ou m\u00faltiplas interpreta\u00e7\u00f5es, especialmente quando o contexto n\u00e3o \u00e9 suficientemente claro.<\/p>\n\n\n\n<p class=\"has-black-color has-text-color has-link-color has-medium-font-size wp-elements-bf4dd2cacac292b4a793cb9192919728\"><strong><u>A per\u00edfrase<\/u><\/strong><\/p>\n\n\n\n<p class=\"has-black-color has-text-color has-link-color has-medium-font-size wp-elements-3eb46876bd313ab715babff297ecce32\">&nbsp; A per\u00edfrase \u00e9 uma figura de linguagem que consiste em utilizar uma express\u00e3o mais longa ou elaborada para se referir a algo ou algu\u00e9m de forma indireta, ao inv\u00e9s de usar um termo simples e direto. \u00c9 como uma esp\u00e9cie de &#8220;rota\u00e7\u00e3o verbal&#8221; que evita a repeti\u00e7\u00e3o de palavras ou que destaca certas qualidades de algo ou algu\u00e9m.<\/p>\n\n\n\n<p class=\"has-black-color has-text-color has-link-color has-medium-font-size wp-elements-d5f276dfcfcadf6969646d64e306463f\">Exemplos de per\u00edfrase:<\/p>\n\n\n\n<p class=\"has-black-color has-text-color has-link-color has-medium-font-size wp-elements-c1dcabb1f3795626b9d1548e12daf682\">&#8220;O Rei do Rock&#8221; em vez de &#8220;Elvis Presley&#8221;.<\/p>\n\n\n\n<p class=\"has-black-color has-text-color has-link-color has-medium-font-size wp-elements-f591bfeb3bbc701ee90d69fe94b35ce5\">&#8220;A Cidade Maravilhosa&#8221; em vez de &#8220;Rio de Janeiro&#8221;.<\/p>\n\n\n\n<p class=\"has-black-color has-text-color has-link-color has-medium-font-size wp-elements-0539ed663a274f19555681c916e9fd4f\">&#8220;O autor de &#8216;Dom Casmurro'&#8221; em vez de &#8220;Machado de Assis&#8221;.<\/p>\n\n\n\n<p class=\"has-black-color has-text-color has-link-color has-medium-font-size wp-elements-881feefc57d17122ba241c806e5e7450\">A per\u00edfrase \u00e9 utilizada para enriquecer o discurso, adicionar variedade ou enfatizar certas caracter\u00edsticas associadas ao sujeito ou objeto mencionado. \u00c9 comum em textos liter\u00e1rios, jornal\u00edsticos e em discursos ret\u00f3ricos. <\/p>\n\n\n<div class=\"wp-block-image\">\n<figure class=\"aligncenter size-full is-resized\"><img decoding=\"async\" width=\"540\" height=\"540\" src=\"https:\/\/sme.goiania.go.gov.br\/conexaoescola\/wp-content\/uploads\/2024\/08\/Imagem1-1.png\" alt=\"\" class=\"wp-image-185329\" style=\"aspect-ratio:1.3333333333333333;object-fit:contain;width:639px;height:auto\" srcset=\"https:\/\/sme.goiania.go.gov.br\/conexaoescola\/wp-content\/uploads\/2024\/08\/Imagem1-1.png 540w, https:\/\/sme.goiania.go.gov.br\/conexaoescola\/wp-content\/uploads\/2024\/08\/Imagem1-1-300x300.png 300w, https:\/\/sme.goiania.go.gov.br\/conexaoescola\/wp-content\/uploads\/2024\/08\/Imagem1-1-150x150.png 150w\" sizes=\"(max-width: 540px) 100vw, 540px\" \/><figcaption class=\"wp-element-caption\">FONTE: Pixabay.com Dispon\u00edvel em: <a href=\"https:\/\/pixabay.com\/pt\/illustrations\/post-it-nota-escrever-5033079\/\">https:\/\/pixabay.com\/pt\/illustrations\/post-it-nota-escrever-5033079\/<\/a> Acesso em 31\/07\/202<\/figcaption><\/figure><\/div>\n\n\n<p class=\"has-black-color has-text-color has-link-color has-medium-font-size wp-elements-a3c12e93d15638c4c0c3ba74a4660f64\">Essas figuras de linguagem, embora diferentes, s\u00e3o ferramentas poderosas na comunica\u00e7\u00e3o e express\u00e3o, permitindo que autores, poetas e oradores manipulem a linguagem de maneira criativa e subjetiva.<\/p>\n\n\n\n<p class=\"has-text-align-center has-black-color has-text-color has-background has-link-color has-medium-font-size wp-elements-df8545d8ae3ca332f618034b076ae1fe\" style=\"background-color:#f78da84f\"><strong>RESPONDA AS QUEST\u00d5ES<\/strong><\/p>\n\n\n\n<p class=\"has-black-color has-text-color has-background has-link-color has-medium-font-size wp-elements-f6f2d01fbb4013980b29fca032d473f6\" style=\"background-color:#8dd2fc4d\"><strong>QUEST\u00c3O 1<\/strong><\/p>\n\n\n\n<p class=\"has-black-color has-text-color has-link-color has-medium-font-size wp-elements-c6ac3b0a4d24eb0fa407f0e202329403\">Leia as frases abaixo e identifique onde ocorre a elipse. Reescreva a frase completando as palavras ou express\u00f5es que foram omitidas.<\/p>\n\n\n\n<p class=\"has-black-color has-text-color has-link-color has-medium-font-size wp-elements-cfe5a91c8fa82acfb3176b07aab04767\">&nbsp;a) &#8220;Eu gosto de m\u00fasica cl\u00e1ssica; ela, de rock.&#8221;<\/p>\n\n\n\n<p class=\"has-black-color has-text-color has-link-color has-medium-font-size wp-elements-261204f2dc83cd489078f37967d4306c\">&nbsp;b) &#8220;Fui ao mercado comprar frutas; ele, verduras.&#8221;<\/p>\n\n\n\n<p class=\"has-black-color has-text-color has-link-color has-medium-font-size wp-elements-0328899defe2427ff24b8c6b9c53b52a\">&nbsp;c) &#8220;Ela estuda de manh\u00e3, e ele, \u00e0 noite.&#8221;<\/p>\n\n\n\n<p class=\"has-black-color has-text-color has-link-color has-medium-font-size wp-elements-53eff8f349836e6e95f8032c3cb4c3f3\">&nbsp;d) &#8220;Pedro joga futebol, Maria, v\u00f4lei.&#8221;<\/p>\n\n\n\n<p class=\"has-black-color has-text-color has-link-color has-medium-font-size wp-elements-f70751c9958c5c6c097316870d8cfd46\">&nbsp;e) &#8220;Ontem choveu bastante, e hoje, sol forte.&#8221;<\/p>\n\n\n\n<p class=\"has-black-color has-text-color has-link-color has-medium-font-size wp-elements-9f920d40091bbb29c5e1a18894b93b83\">&nbsp;f) &#8220;Pediu um prato requintado; ela uma comida simples.&#8221;<\/p>\n\n\n\n<p class=\"has-black-color has-text-color has-background has-link-color has-medium-font-size wp-elements-39b9743e29070e74ebb83ff9392ea09f\" style=\"background-color:#8dd2fc52\"><strong>QUEST\u00c3O 2<\/strong><\/p>\n\n\n\n<p class=\"has-black-color has-text-color has-link-color has-medium-font-size wp-elements-6461753466adf7eb8f85811ad259e7fe\">Identifique as per\u00edfrases nas frases a seguir e substitua-as pela palavra ou express\u00e3o direta correspondente.<\/p>\n\n\n\n<p class=\"has-black-color has-text-color has-link-color has-medium-font-size wp-elements-d79a55f34a9645c4b5896fb1dfc22242\">a) &#8220;O Rei do Futebol foi homenageado no evento.&#8221;<\/p>\n\n\n\n<p class=\"has-black-color has-text-color has-link-color has-medium-font-size wp-elements-deb7d869ccdcba4f800851fece9ded0b\">b) &#8220;A Cidade Luz atrai milh\u00f5es de turistas todos os anos.&#8221;<\/p>\n\n\n\n<p class=\"has-black-color has-text-color has-link-color has-medium-font-size wp-elements-7ddd31666b5e79045d464c66102764f3\">c) &#8220;O Pr\u00edncipe dos Poetas deixou uma vasta obra.&#8221;<\/p>\n\n\n\n<p class=\"has-black-color has-text-color has-link-color has-medium-font-size wp-elements-d73209d45302121a6073e2f62ad76b38\">d) &#8220;A Cidade Maravilhosa \u00e9 um destino tur\u00edstico popular.&#8221;<\/p>\n\n\n\n<p class=\"has-black-color has-text-color has-link-color has-medium-font-size wp-elements-230b9a5fc139f26eecab572f7d57e7d3\">e) &#8220;O autor de &#8216;Dom Quixote&#8217; \u00e9 reconhecido mundialmente.&#8221;<\/p>\n\n\n\n<p class=\"has-black-color has-text-color has-link-color has-medium-font-size wp-elements-735c4ab728750e581046897a9454096a\">f) &#8220;O Pr\u00edncipe de Gales teve gesto grandioso.&#8221;<\/p>\n\n\n\n<p class=\"has-black-color has-text-color has-background has-link-color has-medium-font-size wp-elements-79c9012b7815b7e41fe16b12861dec25\" style=\"background-color:#8dd2fc57\"><strong>QUEST\u00c3O 3<\/strong><\/p>\n\n\n\n<p class=\"has-black-color has-text-color has-link-color has-medium-font-size wp-elements-3f7bf515d9e463703173c31039a65b1a\">Complete as frases a seguir utilizando a elipse de forma adequada.<\/p>\n\n\n\n<p class=\"has-black-color has-text-color has-link-color has-medium-font-size wp-elements-c14f3900f6a28c0e2ff6062666f5f2ca\">a) Jo\u00e3o gosta de chocolate; Ana, __________.<\/p>\n\n\n\n<p class=\"has-black-color has-text-color has-link-color has-medium-font-size wp-elements-341417ff2f2dd2122d07f9c2172bf46a\">b) Fomos ao cinema ver um filme; eles, __________.<\/p>\n\n\n\n<p class=\"has-black-color has-text-color has-link-color has-medium-font-size wp-elements-18297f203d583cca7b2656b2d4a43020\">c) Eu prefiro caf\u00e9; ela, __________.<\/p>\n\n\n\n<p class=\"has-black-color has-text-color has-link-color has-medium-font-size wp-elements-0501f14c9d4e0ae706856f3ef1424c1a\">d) Ele trabalha de manh\u00e3, e ela, __________.<\/p>\n\n\n\n<p class=\"has-black-color has-text-color has-link-color has-medium-font-size wp-elements-299092240f4f41482eaff6b042003b45\">e) Visitamos o museu ontem; hoje, __________.<\/p>\n\n\n\n<p class=\"has-black-color has-text-color has-link-color has-medium-font-size wp-elements-31fde7d47e0b15db385356ffd8a248bb\">f) Compramos um carro; e eles, __________.<\/p>\n\n\n\n<p class=\"has-black-color has-text-color has-background has-link-color has-medium-font-size wp-elements-e127329c6acb99b187e3995ff2daf8f0\" style=\"background-color:#8dd2fc66\"><strong>QUEST\u00c3O 4<\/strong><\/p>\n\n\n\n<p class=\"has-black-color has-text-color has-link-color has-medium-font-size wp-elements-783ed1e7d34fa510ff325f300c2c98f8\">A elipse presente na linguagem \u00e9<\/p>\n\n\n\n<p class=\"has-black-color has-text-color has-link-color has-medium-font-size wp-elements-584b3d764a9bcaf9641ef036519aa413\">(A) a repeti\u00e7\u00e3o de palavras no in\u00edcio de frases sucessivas para criar \u00eanfase.<\/p>\n\n\n\n<p class=\"has-black-color has-text-color has-link-color has-medium-font-size wp-elements-1346aee464109113934489469e889e4b\">(B) a substitui\u00e7\u00e3o de uma palavra por outra com significado semelhante.<\/p>\n\n\n\n<p class=\"has-black-color has-text-color has-link-color has-medium-font-size wp-elements-c62b2d6ebd0d88e5a88cbd06c73a8d2d\">(C) a omiss\u00e3o de uma ou mais palavras em uma frase, que est\u00e3o subentendidas.<\/p>\n\n\n\n<p class=\"has-black-color has-text-color has-link-color has-medium-font-size wp-elements-633da7470e0e1468db823ad45da95a26\">(D) o uso de uma palavra em um sentido diferente do seu significado literal.<\/p>\n\n\n\n<p class=\"has-black-color has-text-color has-background has-link-color has-medium-font-size wp-elements-5081f823d11cda8a73834e2f7d4220c2\" style=\"background-color:#8dd2fc57\"><strong>QUEST\u00c3O 5<\/strong><\/p>\n\n\n\n<p class=\"has-black-color has-text-color has-link-color has-medium-font-size wp-elements-ead5a9b058f9bc67e70a56897c92d5cd\">A per\u00edfrase em sua defini\u00e7\u00e3o \u00e9<\/p>\n\n\n\n<p class=\"has-black-color has-text-color has-link-color has-medium-font-size wp-elements-584b3d764a9bcaf9641ef036519aa413\">(A) a repeti\u00e7\u00e3o de palavras no in\u00edcio de frases sucessivas para criar \u00eanfase.<\/p>\n\n\n\n<p class=\"has-black-color has-text-color has-link-color has-medium-font-size wp-elements-59b24f4b26170eed58b1ff1257418966\">(B) a substitui\u00e7\u00e3o de uma palavra por outra com significado contr\u00e1rio.<\/p>\n\n\n\n<p class=\"has-black-color has-text-color has-link-color has-medium-font-size wp-elements-5975c084076907140098ed3d4be5869c\">(C) o uso de uma express\u00e3o mais elaborada para referir-se a algo ou algu\u00e9m.<\/p>\n\n\n\n<p class=\"has-black-color has-text-color has-link-color has-medium-font-size wp-elements-cfe7b599ed6762e50424f94f33a6f09a\">(D) a omiss\u00e3o de uma ou mais palavras em uma frase, que est\u00e3o subentendidas.<\/p>\n\n\n\n<hr class=\"wp-block-separator has-alpha-channel-opacity\"\/>\n\n\n\n<figure class=\"wp-block-table is-style-stripes\"><table><tbody><tr><td><strong>Autoria:<\/strong><strong><\/strong><\/td><td>Regina C\u00e1cia<\/td><\/tr><tr><td><strong>Forma\u00e7\u00e3o:<\/strong><strong><\/strong><\/td><td>Letras \u2013 L\u00edngua Portuguesa<\/td><\/tr><tr><td><strong>Componente Curricular:<\/strong><\/td><td>L\u00edngua Portuguesa<\/td><\/tr><tr><td><strong>Objetivos de Aprendizagem e Desenvolvimento:<\/strong><\/td><td>(EJALP0525) Compreender e analisar os efeitos de sentido nos textos decorrentes de fen\u00f4menos l\u00e9xico-sem\u00e2nticos, como as figuras de linguagem<\/td><\/tr><tr><td><strong>Refer\u00eancias:<\/strong><strong><\/strong><\/td><td>&nbsp;BECHARA, Evanildo. Moderna Gram\u00e1tica Portuguesa. S\u00e3o Paulo, SP: Companhia Editora Nacional, 1985. 2 ed. &nbsp; CUNHA, Celso. CINTRA, Lindley. Nova gram\u00e1tica do Portugu\u00eas Contempor\u00e2neo. Rio de Janeiro: Nova Fronteira, 1985. 2ed. &nbsp; LIMA, Rocha. Gram\u00e1tica Normativa da L\u00edngua Portuguesa. Rio de Janeiro: Jos\u00e9 Olympio Editora, 1986. &nbsp;<\/td><\/tr><\/tbody><\/table><\/figure>\n","protected":false},"author":54,"featured_media":185255,"template":"","meta":{"_acf_changed":false,"ocean_post_layout":"","ocean_both_sidebars_style":"","ocean_both_sidebars_content_width":0,"ocean_both_sidebars_sidebars_width":0,"ocean_sidebar":"","ocean_second_sidebar":"","ocean_disable_margins":"enable","ocean_add_body_class":"","ocean_shortcode_before_top_bar":"","ocean_shortcode_after_top_bar":"","ocean_shortcode_before_header":"","ocean_shortcode_after_header":"","ocean_has_shortcode":"","ocean_shortcode_after_title":"","ocean_shortcode_before_footer_widgets":"","ocean_shortcode_after_footer_widgets":"","ocean_shortcode_before_footer_bottom":"","ocean_shortcode_after_footer_bottom":"","ocean_display_top_bar":"default","ocean_display_header":"default","ocean_header_style":"","ocean_center_header_left_menu":"","ocean_custom_header_template":"","ocean_custom_logo":0,"ocean_custom_retina_logo":0,"ocean_custom_logo_max_width":0,"ocean_custom_logo_tablet_max_width":0,"ocean_custom_logo_mobile_max_width":0,"ocean_custom_logo_max_height":0,"ocean_custom_logo_tablet_max_height":0,"ocean_custom_logo_mobile_max_height":0,"ocean_header_custom_menu":"","ocean_menu_typo_font_family":"","ocean_menu_typo_font_subset":"","ocean_menu_typo_font_size":0,"ocean_menu_typo_font_size_tablet":0,"ocean_menu_typo_font_size_mobile":0,"ocean_menu_typo_font_size_unit":"px","ocean_menu_typo_font_weight":"","ocean_menu_typo_font_weight_tablet":"","ocean_menu_typo_font_weight_mobile":"","ocean_menu_typo_transform":"","ocean_menu_typo_transform_tablet":"","ocean_menu_typo_transform_mobile":"","ocean_menu_typo_line_height":0,"ocean_menu_typo_line_height_tablet":0,"ocean_menu_typo_line_height_mobile":0,"ocean_menu_typo_line_height_unit":"","ocean_menu_typo_spacing":0,"ocean_menu_typo_spacing_tablet":0,"ocean_menu_typo_spacing_mobile":0,"ocean_menu_typo_spacing_unit":"","ocean_menu_link_color":"","ocean_menu_link_color_hover":"","ocean_menu_link_color_active":"","ocean_menu_link_background":"","ocean_menu_link_hover_background":"","ocean_menu_link_active_background":"","ocean_menu_social_links_bg":"","ocean_menu_social_hover_links_bg":"","ocean_menu_social_links_color":"","ocean_menu_social_hover_links_color":"","ocean_disable_title":"default","ocean_disable_heading":"default","ocean_post_title":"","ocean_post_subheading":"","ocean_post_title_style":"","ocean_post_title_background_color":"","ocean_post_title_background":0,"ocean_post_title_bg_image_position":"","ocean_post_title_bg_image_attachment":"","ocean_post_title_bg_image_repeat":"","ocean_post_title_bg_image_size":"","ocean_post_title_height":0,"ocean_post_title_bg_overlay":0.5,"ocean_post_title_bg_overlay_color":"","ocean_disable_breadcrumbs":"default","ocean_breadcrumbs_color":"","ocean_breadcrumbs_separator_color":"","ocean_breadcrumbs_links_color":"","ocean_breadcrumbs_links_hover_color":"","ocean_display_footer_widgets":"default","ocean_display_footer_bottom":"default","ocean_custom_footer_template":""},"eaja_categoria":[104,69],"serie":[75,76],"eaja_componente":[],"class_list":["post-185252","eaja","type-eaja","status-publish","has-post-thumbnail","hentry","eaja_categoria-2o-segmento-5a-e-6a-serie","eaja_categoria-2o-segmento-7a-e-8a-serie","serie-6a-serie","serie-7a-serie","entry","has-media"],"acf":[],"_links":{"self":[{"href":"https:\/\/sme.goiania.go.gov.br\/conexaoescola\/wp-json\/wp\/v2\/eaja\/185252","targetHints":{"allow":["GET"]}}],"collection":[{"href":"https:\/\/sme.goiania.go.gov.br\/conexaoescola\/wp-json\/wp\/v2\/eaja"}],"about":[{"href":"https:\/\/sme.goiania.go.gov.br\/conexaoescola\/wp-json\/wp\/v2\/types\/eaja"}],"author":[{"embeddable":true,"href":"https:\/\/sme.goiania.go.gov.br\/conexaoescola\/wp-json\/wp\/v2\/users\/54"}],"wp:featuredmedia":[{"embeddable":true,"href":"https:\/\/sme.goiania.go.gov.br\/conexaoescola\/wp-json\/wp\/v2\/media\/185255"}],"wp:attachment":[{"href":"https:\/\/sme.goiania.go.gov.br\/conexaoescola\/wp-json\/wp\/v2\/media?parent=185252"}],"wp:term":[{"taxonomy":"eaja_categoria","embeddable":true,"href":"https:\/\/sme.goiania.go.gov.br\/conexaoescola\/wp-json\/wp\/v2\/eaja_categoria?post=185252"},{"taxonomy":"serie","embeddable":true,"href":"https:\/\/sme.goiania.go.gov.br\/conexaoescola\/wp-json\/wp\/v2\/serie?post=185252"},{"taxonomy":"eaja_componente","embeddable":true,"href":"https:\/\/sme.goiania.go.gov.br\/conexaoescola\/wp-json\/wp\/v2\/eaja_componente?post=185252"}],"curies":[{"name":"wp","href":"https:\/\/api.w.org\/{rel}","templated":true}]}}