{"id":184869,"date":"2024-07-08T14:41:28","date_gmt":"2024-07-08T17:41:28","guid":{"rendered":"https:\/\/sme.goiania.go.gov.br\/conexaoescola\/?post_type=eaja&#038;p=184869"},"modified":"2024-07-08T14:41:30","modified_gmt":"2024-07-08T17:41:30","slug":"matematica-multiplicacao-nocao-de-contagem","status":"publish","type":"eaja","link":"https:\/\/sme.goiania.go.gov.br\/conexaoescola\/eaja\/matematica-multiplicacao-nocao-de-contagem\/","title":{"rendered":"MATEM\u00c1TICA &#8211; MULTIPLICA\u00c7\u00c3O: NO\u00c7\u00c3O DE CONTAGEM"},"content":{"rendered":"\n<p class=\"has-text-align-center has-background has-medium-font-size\" style=\"background-color:#ead4dc\"><strong>ESTA PROPOSTA DE ATIVIDADE DE MATEM\u00c1TICA, INTEGRADA COM ARTE, \u00c9 DESTINADA AOS ESTUDADES DO 2\u00ba PER\u00cdODO (3\u00aa S\u00c9RIE) DA EDUCA\u00c7\u00c3O DE JOVENS E ADULTOS \u2013 EJA<\/strong>.<\/p>\n\n\n\n<div class=\"wp-block-buttons is-content-justification-center is-layout-flex wp-container-core-buttons-is-layout-16018d1d wp-block-buttons-is-layout-flex\">\n<div class=\"wp-block-button\"><a class=\"wp-block-button__link wp-element-button\" href=\"https:\/\/drive.google.com\/uc?export=download&amp;id=1kixS349uGRGkyVJIm-Hb4zU5Z4FkHbBm\" target=\"_blank\" rel=\"noreferrer noopener\">BAIXE A ATIVIDADE<\/a><\/div>\n\n\n\n<div class=\"wp-block-button has-custom-width wp-block-button__width-25\"><a class=\"wp-block-button__link wp-element-button\" href=\"https:\/\/drive.google.com\/uc?export=download&amp;id=18zjAhbUO2WXeUknjbipjmx2BeC1dPgAl\" target=\"_blank\" rel=\"noreferrer noopener\">BAIXE OS SLIDES<\/a><\/div>\n\n\n\n<div class=\"wp-block-button has-custom-width wp-block-button__width-25\"><a class=\"wp-block-button__link wp-element-button\" href=\"https:\/\/drive.google.com\/uc?export=download&amp;id=1MJwQBxzFWmjY6Uxh6l8yoBOmNvMOe5s2\" target=\"_blank\" rel=\"noreferrer noopener\">BAIXE O TEXTO<\/a><\/div>\n<\/div>\n\n\n\n<hr class=\"wp-block-separator has-alpha-channel-opacity\"\/>\n\n\n\n<p class=\"has-text-align-center\" style=\"font-size:25px\"><strong>NO\u00c7\u00c3O DE CONTAGEM SIMPLES<\/strong><\/p>\n\n\n\n<p class=\"has-medium-font-size\">NO NOSSO DIA A DIA, FAZEMOS MUITAS ESCOLHAS QUE PODEM SER COMBINADAS DE DIFERENTES MANEIRAS. MAS QUANTAS COMBINA\u00c7\u00d5ES PODEM SER FORMADAS? VAMOS ENTENDER ISSO MELHOR COM ALGUNS EXEMPLOS DO COTIDIANO.<\/p>\n\n\n\n<p class=\"has-medium-font-size\"><strong>QUANTAS REFEI\u00c7\u00d5ES?<\/strong><\/p>\n\n\n\n<p class=\"has-medium-font-size\">NO RESTAURANTE, O CLIENTE PODE MONTAR A SUA REFEI\u00c7\u00c3O ESCOLHENDO&nbsp; UM PRATO PRINCIPAL E UMA SALADA. AS OP\u00c7\u00d5ES S\u00c3O:<\/p>\n\n\n\n<ul class=\"wp-block-list\">\n<li class=\"has-medium-font-size\">3 TIPOS DE PRATO PRINCIPAL (FEIJOADA, FIL\u00c9 COM FRITAS E STROGONOFF).<\/li>\n\n\n\n<li class=\"has-medium-font-size\">2 TIPOS DE SALADA (TROPICAL E REPOLHO).<\/li>\n<\/ul>\n\n\n\n<p class=\"has-medium-font-size\">QUANTAS REFEI\u00c7\u00d5ES PODEM SER FORMADAS COM ESSAS OP\u00c7\u00d5ES?<\/p>\n\n\n\n<p class=\"has-medium-font-size\">NESTE PROBLEMA, PRECISA CONTAR QUANTAS COMBINA\u00c7\u00d5ES DE PRATO PRINCIPAL E SALADA S\u00c3O POSS\u00cdVEIS COM AS QUANTIDADES APRESENTADAS.&nbsp;<\/p>\n\n\n\n<p class=\"has-medium-font-size\">VEJAMOS AS POSSIBILIDADES.<\/p>\n\n\n<div class=\"wp-block-image\">\n<figure class=\"aligncenter size-full is-resized\"><img fetchpriority=\"high\" decoding=\"async\" width=\"533\" height=\"223\" src=\"https:\/\/sme.goiania.go.gov.br\/conexaoescola\/wp-content\/uploads\/2024\/07\/FIGCONTAGEM1.png\" alt=\"\" class=\"wp-image-184870\" style=\"width:707px;height:auto\" srcset=\"https:\/\/sme.goiania.go.gov.br\/conexaoescola\/wp-content\/uploads\/2024\/07\/FIGCONTAGEM1.png 533w, https:\/\/sme.goiania.go.gov.br\/conexaoescola\/wp-content\/uploads\/2024\/07\/FIGCONTAGEM1-300x126.png 300w\" sizes=\"(max-width: 533px) 100vw, 533px\" \/><figcaption class=\"wp-element-caption\">FONTE: COMBINA\u00c7\u00d5ES PARA REFEI\u00c7\u00c3O &#8211; PRODUZIDO NO CANVA.COM.<\/figcaption><\/figure><\/div>\n\n\n<p class=\"has-medium-font-size\">A QUANTIDADE TOTAL DE COMBINA\u00c7\u00d5ES \u00c9 RESULTADO DA MULTIPLICA\u00c7\u00c3O DA QUANTIDADE DE PRATOS PRINCIPAIS PELA QUANTIDADE DE SALADAS:<\/p>\n\n\n\n<p class=\"has-text-align-center has-large-font-size\"><strong>3&nbsp; X&nbsp; 2 = 6&nbsp;<\/strong><\/p>\n\n\n\n<p class=\"has-medium-font-size\">\u00c9 O QUE CHAMAMOS DE RACIOC\u00cdNIO COMBINAT\u00d3RIO CUJA OPERA\u00c7\u00c3O \u00c9 A&nbsp; MULTIPLICA\u00c7\u00c3O.&nbsp;<\/p>\n\n\n\n<p class=\"has-medium-font-size\">BOM ESTUDO.<\/p>\n\n\n\n<p class=\"has-background has-medium-font-size\" style=\"background-color:#d1a1a7\"><strong>QUEST\u00c3O 1<\/strong><\/p>\n\n\n\n<p class=\"has-medium-font-size\">NAT\u00c1LIA FAZ BOLOS POR ENCOMENDA. VEJA AS OP\u00c7\u00d5ES QUE NAT\u00c1LIA OFERECE.<\/p>\n\n\n<div class=\"wp-block-image\">\n<figure class=\"aligncenter size-large is-resized\"><img decoding=\"async\" width=\"1024\" height=\"868\" src=\"https:\/\/sme.goiania.go.gov.br\/conexaoescola\/wp-content\/uploads\/2024\/07\/NAT-BOLOS-1024x868.png\" alt=\"\" class=\"wp-image-184873\" style=\"width:373px;height:auto\" srcset=\"https:\/\/sme.goiania.go.gov.br\/conexaoescola\/wp-content\/uploads\/2024\/07\/NAT-BOLOS-1024x868.png 1024w, https:\/\/sme.goiania.go.gov.br\/conexaoescola\/wp-content\/uploads\/2024\/07\/NAT-BOLOS-300x254.png 300w, https:\/\/sme.goiania.go.gov.br\/conexaoescola\/wp-content\/uploads\/2024\/07\/NAT-BOLOS-768x651.png 768w, https:\/\/sme.goiania.go.gov.br\/conexaoescola\/wp-content\/uploads\/2024\/07\/NAT-BOLOS.png 1080w\" sizes=\"(max-width: 1024px) 100vw, 1024px\" \/><figcaption class=\"wp-element-caption\">FONTE:  ACERVO PESSOAL &#8211; PRODUZIDO NO CANVA.COM.<\/figcaption><\/figure><\/div>\n\n\n<p class=\"has-medium-font-size\">O CLIENTE MONTA O BOLO ESCOLHENDO UM TIPO DE MASSA, UM RECHEIO TRADICIONAL E UM RECHEIO ESPECIAL. O N\u00daMERO DE COMBINA\u00c7\u00d5ES POSS\u00cdVEIS PARA MONTAR O BOLO \u00c9 IGUAL A&nbsp;<\/p>\n\n\n\n<p class=\"has-medium-font-size\">(A) 9.<\/p>\n\n\n\n<p class=\"has-medium-font-size\">(B) 18.&nbsp;<\/p>\n\n\n\n<p class=\"has-medium-font-size\">(C) 23.<\/p>\n\n\n\n<p class=\"has-medium-font-size\">(D) 24.<\/p>\n\n\n\n<p class=\"has-background has-medium-font-size\" style=\"background-color:#d1a1a7\"><strong>QUEST\u00c3O 2<\/strong><\/p>\n\n\n\n<p class=\"has-medium-font-size\">JOS\u00c9 EST\u00c1 PLANEJANDO VISITAR SEUS FAMILIARES EM ORIXIMIN\u00c1, NO ESTADO DO PAR\u00c1. A VIAGEM SER\u00c1 FEITA EM DUAS PARTES:&nbsp;<\/p>\n\n\n\n<ul class=\"wp-block-list\">\n<li class=\"has-medium-font-size\">A PRIMEIRA DE GOI\u00c2NIA A SANTAR\u00c9M, NO PAR\u00c1;<\/li>\n\n\n\n<li class=\"has-medium-font-size\">A SEGUNDA, DE SANTAR\u00c9M A ORIXIMIN\u00c1.&nbsp;<\/li>\n<\/ul>\n\n\n\n<p class=\"has-medium-font-size\">DE GOI\u00c2NIA A SANTAR\u00c9M, JOS\u00c9 TER\u00c1 TR\u00caS OP\u00c7\u00d5ES DE TRANSPORTE: AVI\u00c3O, CARRO OU \u00d4NIBUS. DE SANTAR\u00c9M A ORIXIMIN\u00c1, JOS\u00c9 TER\u00c1 2 OP\u00c7\u00d5ES DE BARCO.<\/p>\n\n\n<div class=\"wp-block-image\">\n<figure class=\"aligncenter size-full\"><img decoding=\"async\" width=\"604\" height=\"163\" src=\"https:\/\/sme.goiania.go.gov.br\/conexaoescola\/wp-content\/uploads\/2024\/07\/PLANODEVOO.png\" alt=\"\" class=\"wp-image-184874\" srcset=\"https:\/\/sme.goiania.go.gov.br\/conexaoescola\/wp-content\/uploads\/2024\/07\/PLANODEVOO.png 604w, https:\/\/sme.goiania.go.gov.br\/conexaoescola\/wp-content\/uploads\/2024\/07\/PLANODEVOO-300x81.png 300w\" sizes=\"(max-width: 604px) 100vw, 604px\" \/><figcaption class=\"wp-element-caption\">FONTE: ACERVO PR\u00d3PRIO &#8211; PRODUZIDO NO CANVA.COM<\/figcaption><\/figure><\/div>\n\n\n<p class=\"has-medium-font-size\">COMBINANDO UMA OP\u00c7\u00c3O DE TRANSPORTE PARA CADA ETAPA, O TOTAL DE OP\u00c7\u00d5ES QUE JOS\u00c9 TEM PARA SAIR DE GOI\u00c2NIA E CHEGAR A ORIXIMIN\u00c1 \u00c9 IGUAL A&nbsp;<\/p>\n\n\n\n<p class=\"has-medium-font-size\">(A) 6.<\/p>\n\n\n\n<p class=\"has-medium-font-size\">(B) 4.&nbsp;<\/p>\n\n\n\n<p class=\"has-medium-font-size\">(C) 3.<\/p>\n\n\n\n<p class=\"has-medium-font-size\">(D) 2.<\/p>\n\n\n\n<p class=\"has-background has-medium-font-size\" style=\"background-color:#d1a1a7\"><strong>QUEST\u00c3O 3<\/strong><\/p>\n\n\n\n<p class=\"has-medium-font-size\">\u00c2NGELA ADOTOU A IDEIA DE TER POUCAS PE\u00c7AS DE ROUPAS QUE POSSAM SER COMBINADAS E ASSIM ELA PODE SE VESTIR DE V\u00c1RIAS FORMAS. \u00c2NGELA COMPROU 5 BLUSAS E 3 CAL\u00c7AS. COMBINANDO UMA BLUSA E UMA CAL\u00c7A, DE QUANTAS FORMAS DIFERENTES \u00c2NGELA PODE SER VESTIR COM ESSAS PE\u00c7AS?<\/p>\n\n\n\n<p class=\"has-background has-medium-font-size\" style=\"background-color:#d1a1a7\"><strong>QUEST\u00c3O 4<\/strong><\/p>\n\n\n\n<p class=\"has-medium-font-size\">OBSERVE ESSA IMAGEM COM ATEN\u00c7\u00c3O.<\/p>\n\n\n<div class=\"wp-block-image\">\n<figure class=\"aligncenter size-large is-resized\"><img loading=\"lazy\" decoding=\"async\" width=\"1024\" height=\"1024\" src=\"https:\/\/sme.goiania.go.gov.br\/conexaoescola\/wp-content\/uploads\/2024\/07\/cafe-1-1-1024x1024.png\" alt=\"\" class=\"wp-image-184876\" style=\"width:370px;height:auto\" srcset=\"https:\/\/sme.goiania.go.gov.br\/conexaoescola\/wp-content\/uploads\/2024\/07\/cafe-1-1-1024x1024.png 1024w, https:\/\/sme.goiania.go.gov.br\/conexaoescola\/wp-content\/uploads\/2024\/07\/cafe-1-1-300x300.png 300w, https:\/\/sme.goiania.go.gov.br\/conexaoescola\/wp-content\/uploads\/2024\/07\/cafe-1-1-150x150.png 150w, https:\/\/sme.goiania.go.gov.br\/conexaoescola\/wp-content\/uploads\/2024\/07\/cafe-1-1-768x768.png 768w, https:\/\/sme.goiania.go.gov.br\/conexaoescola\/wp-content\/uploads\/2024\/07\/cafe-1-1.png 1080w\" sizes=\"(max-width: 1024px) 100vw, 1024px\" \/><figcaption class=\"wp-element-caption\">FONTE: CAF\u00c9 &#8211; PRODUZIDO EM CANVA.COM<\/figcaption><\/figure><\/div>\n\n\n<p class=\"has-medium-font-size\">AS CORES, O TEXTO, A IMAGEM DO CAF\u00c9 QUENTINHO SENDO COLOCADO NA X\u00cdCARA CHAMAM A ATEN\u00c7\u00c3O E PODEM DESPERTAR MEM\u00d3RIAS OU OUTROS SENTIDOS PARA AL\u00c9M DA VIS\u00c3O.&nbsp;<\/p>\n\n\n\n<p class=\"has-medium-font-size\">AGORA RESPONDA:<\/p>\n\n\n\n<p class=\"has-medium-font-size\">A) QUAL \u00c9 A MENSAGEM PRINCIPAL DA IMAGEM?<\/p>\n\n\n\n<p><\/p>\n\n\n\n<p class=\"has-medium-font-size\">B) QUAIS DOS SEUS SENTIDOS ESSA IMAGEM DESPERTA?&nbsp;<\/p>\n\n\n\n<p class=\"has-medium-font-size\">\u00a0<\/p>\n\n\n\n<figure class=\"wp-block-table is-style-stripes\"><table><tbody><tr><td>AUTORIA<\/td><td>CRISTIANE SOARES DE SOUZA, LICENCIATURA EM MATEM\u00c1TICA.<\/td><\/tr><tr><td>COMPONENTES CURRICULARES<\/td><td>MATEM\u00c1TICA E ARTE.<\/td><\/tr><tr><td>OBJETIVOS DE APRENDIZAGEM E DESENVOLVIMENTO<\/td><td>(EJAMA0235) Ler, analisar e interpretar, com media\u00e7\u00e3o do professor, tabelas e gr\u00e1ficos simples.<br>(EJAAV0201) Conhecer e investigar elementos da arte visual que dialogue com outros sentidos al\u00e9m do visual: audi\u00e7\u00e3o, tato, paladar, explorando suas diferentes percep\u00e7\u00f5es e significados.<\/td><\/tr><tr><td>REFER\u00caNCIAS<\/td><td>TEIXEIRA, Paulo Jorge Magalh\u00e3es. Pr\u00e1ticas pedag\u00f3gicas envolvendo o racioc\u00ednio combinat\u00f3rio desde os anos iniciais do ensino fundamental. UFF. URL <a href=\"https:\/\/www1.sinprosp.org.br\/congresso_matematica\/revendo\/dados\/files\/textos\/Sessoes\/PR%C3%81TICAS%20PEDAG%C3%93GICAS%20ENVOLVENDO%20O%20RACIOC%C3%8DNIO%20COMBINAT%C3%93RIO%20DE.pdf\">https:\/\/www1.sinprosp.org.br\/congresso_matematica\/revendo\/dados\/files\/textos\/Sessoes\/PR%C3%81TICAS%20PEDAG%C3%93GICAS%20ENVOLVENDO%20O%20RACIOC%C3%8DNIO%20COMBINAT%C3%93RIO%20DE.pdf<\/a>, consultado em 02\/07\/24.\u00a0<br>Gl\u00f3ria, C. M., Nunes, M. V., &amp; Moraes, G. M. (2021). RACIOC\u00cdNIO COMBINAT\u00d3RIO NOS ANOS INICIAIS DE ESCOLARIZA\u00c7\u00c3O: uma abordagem com materiais did\u00e1ticos alternativos . Ensino Da Matem\u00e1tica Em Debate, 8(2), 92\u2013116. URL https:\/\/doi.org\/10.23925\/2358-4122.2021v8i2p92-116<\/td><\/tr><\/tbody><\/table><\/figure>\n","protected":false},"author":58,"featured_media":184881,"template":"","meta":{"_acf_changed":false,"ocean_post_layout":"","ocean_both_sidebars_style":"","ocean_both_sidebars_content_width":0,"ocean_both_sidebars_sidebars_width":0,"ocean_sidebar":"","ocean_second_sidebar":"","ocean_disable_margins":"enable","ocean_add_body_class":"","ocean_shortcode_before_top_bar":"","ocean_shortcode_after_top_bar":"","ocean_shortcode_before_header":"","ocean_shortcode_after_header":"","ocean_has_shortcode":"","ocean_shortcode_after_title":"","ocean_shortcode_before_footer_widgets":"","ocean_shortcode_after_footer_widgets":"","ocean_shortcode_before_footer_bottom":"","ocean_shortcode_after_footer_bottom":"","ocean_display_top_bar":"default","ocean_display_header":"default","ocean_header_style":"","ocean_center_header_left_menu":"","ocean_custom_header_template":"","ocean_custom_logo":0,"ocean_custom_retina_logo":0,"ocean_custom_logo_max_width":0,"ocean_custom_logo_tablet_max_width":0,"ocean_custom_logo_mobile_max_width":0,"ocean_custom_logo_max_height":0,"ocean_custom_logo_tablet_max_height":0,"ocean_custom_logo_mobile_max_height":0,"ocean_header_custom_menu":"","ocean_menu_typo_font_family":"","ocean_menu_typo_font_subset":"","ocean_menu_typo_font_size":0,"ocean_menu_typo_font_size_tablet":0,"ocean_menu_typo_font_size_mobile":0,"ocean_menu_typo_font_size_unit":"px","ocean_menu_typo_font_weight":"","ocean_menu_typo_font_weight_tablet":"","ocean_menu_typo_font_weight_mobile":"","ocean_menu_typo_transform":"","ocean_menu_typo_transform_tablet":"","ocean_menu_typo_transform_mobile":"","ocean_menu_typo_line_height":0,"ocean_menu_typo_line_height_tablet":0,"ocean_menu_typo_line_height_mobile":0,"ocean_menu_typo_line_height_unit":"","ocean_menu_typo_spacing":0,"ocean_menu_typo_spacing_tablet":0,"ocean_menu_typo_spacing_mobile":0,"ocean_menu_typo_spacing_unit":"","ocean_menu_link_color":"","ocean_menu_link_color_hover":"","ocean_menu_link_color_active":"","ocean_menu_link_background":"","ocean_menu_link_hover_background":"","ocean_menu_link_active_background":"","ocean_menu_social_links_bg":"","ocean_menu_social_hover_links_bg":"","ocean_menu_social_links_color":"","ocean_menu_social_hover_links_color":"","ocean_disable_title":"default","ocean_disable_heading":"default","ocean_post_title":"","ocean_post_subheading":"","ocean_post_title_style":"","ocean_post_title_background_color":"","ocean_post_title_background":0,"ocean_post_title_bg_image_position":"","ocean_post_title_bg_image_attachment":"","ocean_post_title_bg_image_repeat":"","ocean_post_title_bg_image_size":"","ocean_post_title_height":0,"ocean_post_title_bg_overlay":0.5,"ocean_post_title_bg_overlay_color":"","ocean_disable_breadcrumbs":"default","ocean_breadcrumbs_color":"","ocean_breadcrumbs_separator_color":"","ocean_breadcrumbs_links_color":"","ocean_breadcrumbs_links_hover_color":"","ocean_display_footer_widgets":"default","ocean_display_footer_bottom":"default","ocean_custom_footer_template":""},"eaja_categoria":[4],"serie":[72],"eaja_componente":[78],"class_list":["post-184869","eaja","type-eaja","status-publish","has-post-thumbnail","hentry","eaja_categoria-1o-segmento-1a-a-4a-serie","serie-3a-serie","eaja_componente-matematica","entry","has-media"],"acf":[],"_links":{"self":[{"href":"https:\/\/sme.goiania.go.gov.br\/conexaoescola\/wp-json\/wp\/v2\/eaja\/184869","targetHints":{"allow":["GET"]}}],"collection":[{"href":"https:\/\/sme.goiania.go.gov.br\/conexaoescola\/wp-json\/wp\/v2\/eaja"}],"about":[{"href":"https:\/\/sme.goiania.go.gov.br\/conexaoescola\/wp-json\/wp\/v2\/types\/eaja"}],"author":[{"embeddable":true,"href":"https:\/\/sme.goiania.go.gov.br\/conexaoescola\/wp-json\/wp\/v2\/users\/58"}],"wp:featuredmedia":[{"embeddable":true,"href":"https:\/\/sme.goiania.go.gov.br\/conexaoescola\/wp-json\/wp\/v2\/media\/184881"}],"wp:attachment":[{"href":"https:\/\/sme.goiania.go.gov.br\/conexaoescola\/wp-json\/wp\/v2\/media?parent=184869"}],"wp:term":[{"taxonomy":"eaja_categoria","embeddable":true,"href":"https:\/\/sme.goiania.go.gov.br\/conexaoescola\/wp-json\/wp\/v2\/eaja_categoria?post=184869"},{"taxonomy":"serie","embeddable":true,"href":"https:\/\/sme.goiania.go.gov.br\/conexaoescola\/wp-json\/wp\/v2\/serie?post=184869"},{"taxonomy":"eaja_componente","embeddable":true,"href":"https:\/\/sme.goiania.go.gov.br\/conexaoescola\/wp-json\/wp\/v2\/eaja_componente?post=184869"}],"curies":[{"name":"wp","href":"https:\/\/api.w.org\/{rel}","templated":true}]}}