{"id":184709,"date":"2024-06-26T16:52:44","date_gmt":"2024-06-26T19:52:44","guid":{"rendered":"https:\/\/sme.goiania.go.gov.br\/conexaoescola\/?post_type=eaja&#038;p=184709"},"modified":"2024-06-26T16:52:46","modified_gmt":"2024-06-26T19:52:46","slug":"lingua-portuguesa-pronomes-e-sinonimos-como-mecanismo-de-substituicao","status":"publish","type":"eaja","link":"https:\/\/sme.goiania.go.gov.br\/conexaoescola\/eaja\/lingua-portuguesa-pronomes-e-sinonimos-como-mecanismo-de-substituicao\/","title":{"rendered":"L\u00edngua Portuguesa &#8211; Pronomes e sin\u00f4nimos como mecanismo de substitui\u00e7\u00e3o"},"content":{"rendered":"\n<p class=\"has-text-align-center has-black-color has-text-color has-background has-link-color has-medium-font-size wp-elements-3297278b2bf0851903e2d73f08c629eb\" style=\"background-color:#9b51e061\">Esta proposta de atividade de\u00a0<strong>L\u00edngua Portuguesa<\/strong>\u00a0\u00e9 destinada aos estudantes do <strong>4\u00ba Per\u00edodo<\/strong>\u00a0da Educa\u00e7\u00e3o de Jovens e Adultos \u2013 EJA.<\/p>\n\n\n\n<div class=\"wp-block-buttons is-content-justification-center is-layout-flex wp-container-core-buttons-is-layout-16018d1d wp-block-buttons-is-layout-flex\">\n<div class=\"wp-block-button has-custom-font-size has-medium-font-size\"><a class=\"wp-block-button__link has-white-color has-black-background-color has-text-color has-background has-link-color wp-element-button\" href=\"https:\/\/drive.google.com\/uc?export=download&amp;id=1IfM5Jiwuj9Bi1PW3fHzjYKbqAROqq2TE\">BAIXE A ATIVIDADE<\/a><\/div>\n\n\n\n<div class=\"wp-block-button has-custom-font-size has-medium-font-size\"><a class=\"wp-block-button__link has-white-color has-black-background-color has-text-color has-background has-link-color wp-element-button\" href=\"https:\/\/drive.google.com\/uc?export=download&amp;id=19jyLIFxc86VlWF1BsqirLwVih3TgUjce\" target=\"_blank\" rel=\"noreferrer noopener\">BAIXE OS SLIDES<\/a><\/div>\n\n\n\n<div class=\"wp-block-button has-custom-font-size has-medium-font-size\"><a class=\"wp-block-button__link has-white-color has-black-background-color has-text-color has-background has-link-color wp-element-button\" href=\"https:\/\/drive.google.com\/uc?export=download&amp;id=1YKJKAzzypARxpEc0f2P4xj_N9pwn0z2H\" target=\"_blank\" rel=\"noreferrer noopener\">BAIXE O TEXTO<\/a><\/div>\n<\/div>\n\n\n\n<hr class=\"wp-block-separator has-alpha-channel-opacity\"\/>\n\n\n<div class=\"wp-block-image\">\n<figure class=\"aligncenter size-full\"><img fetchpriority=\"high\" decoding=\"async\" width=\"610\" height=\"610\" src=\"https:\/\/sme.goiania.go.gov.br\/conexaoescola\/wp-content\/uploads\/2024\/06\/Imagem1-3.png\" alt=\"\" class=\"wp-image-184711\" srcset=\"https:\/\/sme.goiania.go.gov.br\/conexaoescola\/wp-content\/uploads\/2024\/06\/Imagem1-3.png 610w, https:\/\/sme.goiania.go.gov.br\/conexaoescola\/wp-content\/uploads\/2024\/06\/Imagem1-3-300x300.png 300w, https:\/\/sme.goiania.go.gov.br\/conexaoescola\/wp-content\/uploads\/2024\/06\/Imagem1-3-150x150.png 150w\" sizes=\"(max-width: 610px) 100vw, 610px\" \/><figcaption class=\"wp-element-caption\">FONTE: Pixabay.com Dispon\u00edvel em: <a href=\"https:\/\/pixabay.com\/pt\/illustrations\/ai-gerado-b%C3%ADblia-lendo-ler-estude-8814685\/\">https:\/\/pixabay.com\/pt\/illustrations\/ai-gerado-b%C3%ADblia-lendo-ler-estude-8814685\/<\/a> Acesso em 24\/06\/2024.<\/figcaption><\/figure><\/div>\n\n\n<p class=\"has-text-align-center has-black-color has-text-color has-background has-link-color has-medium-font-size wp-elements-897d07c33eaa6112b2f6f739cca00e93\" style=\"background-color:#8dd2fc57\"><strong>PRONOMES E SIN\u00d4NIMOS COMO MECANISMO DE SUBSTITUI\u00c7\u00c3O<\/strong><\/p>\n\n\n\n<p class=\"has-black-color has-text-color has-link-color has-medium-font-size wp-elements-9c820f428531f2511cf8e720f5c5e586\">Ao escrever algumas a\u00e7\u00f5es s\u00e3o imprescind\u00edveis, dentre elas a adequa\u00e7\u00e3o do vocabul\u00e1rio, o zelo ortogr\u00e1fico e conhecer os recursos de coes\u00e3o textual, dentre eles ressaltamos o uso de pronomes e sin\u00f4nimos que s\u00e3o vistos como mecanismos fundamentais na constru\u00e7\u00e3o de um texto. Vamos explorar como os pronomes e os sin\u00f4nimos funcionam:<\/p>\n\n\n\n<p class=\"has-black-color has-text-color has-link-color has-medium-font-size wp-elements-a42abf5d089481de35d1d7ed5d3de62e\"><strong>Os pronomes<\/strong><\/p>\n\n\n\n<p class=\"has-black-color has-text-color has-link-color has-medium-font-size wp-elements-aa46af933f28332b6c07eaf3acdd7fbf\">Os pronomes s\u00e3o palavras que substituem os substantivos para evitar sua repeti\u00e7\u00e3o cont\u00ednua. Eles evitam a ambiguidade e promovem clareza ao texto. Eles s\u00e3o divididos em v\u00e1rias categorias:<\/p>\n\n\n\n<p class=\"has-black-color has-text-color has-link-color has-medium-font-size wp-elements-29f4d43466baf86165ae73b1e5a3f4ab\">1.Pronomes pessoais<\/p>\n\n\n\n<p class=\"has-black-color has-text-color has-link-color has-medium-font-size wp-elements-58aa96a84d44e5c4f1a2dbb35fd8d4ca\">Em boa parte dos casos apresentam a fun\u00e7\u00e3o de sujeito: eu, tu, ele, n\u00f3s, v\u00f3s, eles. Exemplo: &#8220;Maria foi ao mercado. Ela comprou frutas.&#8221;<\/p>\n\n\n\n<p class=\"has-black-color has-text-color has-link-color has-medium-font-size wp-elements-5b9bbdb8348cc1e3e0ebb095632f8e22\">2.Pronomes possessivos<\/p>\n\n\n\n<p class=\"has-black-color has-text-color has-link-color has-medium-font-size wp-elements-5fdd6aff1ed5bd94fe20d247579165c4\">Reconhecidos por indicar propriedade ou posse: meu, teu, seu, nosso, vosso, seu. Exemplo: &#8220;Este \u00e9 o meu livro. Onde est\u00e1 o seu?&#8221;<\/p>\n\n\n\n<p class=\"has-black-color has-text-color has-link-color has-medium-font-size wp-elements-4276b382d3b437899d636d08ba20bd53\">3.Pronomes demonstrativos<\/p>\n\n\n\n<p class=\"has-black-color has-text-color has-link-color has-medium-font-size wp-elements-90ecfa6fbb68805fdc998caaaf4f17c5\">Considerados como indicativos para apontar algo ou algu\u00e9m: este, esse, aquele, esta, essa, aquela. Exemplo: &#8220;Gostei deste quadro. Aquele tamb\u00e9m \u00e9 bonito.&#8221;<\/p>\n\n\n\n<p class=\"has-black-color has-text-color has-link-color has-medium-font-size wp-elements-795842ec25fc0b40a96ab6a14e418651\">4.Pronomes relativos<\/p>\n\n\n\n<p class=\"has-black-color has-text-color has-link-color has-medium-font-size wp-elements-657677a57edc2d6dac046ae8781a7241\">\u00a0Em grande maioria dos casos estabelecem uma rela\u00e7\u00e3o: que, quem, onde, cujo. Exemplo: &#8220;O livro que voc\u00ea me emprestou \u00e9 \u00f3timo.&#8221;<\/p>\n\n\n\n<p class=\"has-black-color has-text-color has-link-color has-medium-font-size wp-elements-ccf0cdbf23e6ec48e60747fcbf02f309\">5.Pronomes indefinidos<\/p>\n\n\n\n<p class=\"has-black-color has-text-color has-link-color has-medium-font-size wp-elements-eb119e4a6dde43bb95db9edcb054ef2a\">\u00a0Especialmente usados para casos de imprecis\u00e3o: algum, nenhum, todo, muito, pouco, certo, v\u00e1rios, algu\u00e9m, ningu\u00e9m. Exemplo: &#8220;Algu\u00e9m deixou uma mensagem para voc\u00ea.&#8221;<\/p>\n\n\n\n<p class=\"has-black-color has-text-color has-link-color has-medium-font-size wp-elements-dd3dd31e2ff5dd3335370b5fe3281440\">6.Pronomes interrogativos<\/p>\n\n\n\n<p class=\"has-black-color has-text-color has-link-color has-medium-font-size wp-elements-26340e212b5c09a95d6a17d8cc14742f\">Colocados como car\u00e1ter de indaga\u00e7\u00e3o: quem, que, qual, quanto. Exemplo: &#8220;Quem chegou agora?&#8221;<\/p>\n\n\n\n<p class=\"has-black-color has-text-color has-link-color has-medium-font-size wp-elements-912fe521d9d9b392b2a3907c63ef4860\"><strong>Os sin\u00f4nimos<\/strong><strong><\/strong><\/p>\n\n\n\n<p class=\"has-black-color has-text-color has-link-color has-medium-font-size wp-elements-9154c11e13f61cd16f636a1e5a24fd55\">\u00a0Os sin\u00f4nimos s\u00e3o palavras que t\u00eam significados semelhantes e podem substituir outras para evitar repeti\u00e7\u00f5es e enriquecer o texto. O uso de sin\u00f4nimos deve ser cuidadoso, pois nem sempre deve-se levar em conta o contexto frasal.<\/p>\n\n\n\n<p class=\"has-black-color has-text-color has-link-color has-medium-font-size wp-elements-0c3a41867c9854be6964a4c1b3ad774d\">Exemplos de uso de sin\u00f4nimos:<\/p>\n\n\n\n<p class=\"has-black-color has-text-color has-link-color has-medium-font-size wp-elements-8441067aed60a4c2f42de08529d72a71\">Frase original &#8211; &#8220;O aluno estava feliz. O aluno tinha tirado uma nota alta.&#8221;<\/p>\n\n\n\n<p class=\"has-black-color has-text-color has-link-color has-medium-font-size wp-elements-aa6ff6c44db83349353dc5808a14627d\">Frase com sin\u00f4nimo &#8211; &#8220;O aluno estava feliz. O estudante tinha tirado uma nota alta.&#8221;<\/p>\n\n\n\n<p class=\"has-black-color has-text-color has-link-color has-medium-font-size wp-elements-2a2217cf945efb2622119c2c8aad9ced\">Frase original &#8211; &#8220;Ela comprou um carro. O carro \u00e9 novo.&#8221;<\/p>\n\n\n\n<p class=\"has-black-color has-text-color has-link-color has-medium-font-size wp-elements-74b621d3e0af07bc62b34b42e772c53b\">Frase com sin\u00f4nimo &#8211; &#8220;Ela comprou um carro. O ve\u00edculo \u00e9 novo.&#8221;<\/p>\n\n\n\n<p class=\"has-black-color has-text-color has-link-color has-medium-font-size wp-elements-c3976bd9f5a0c97e0731ea24dea216ab\">Frase original \u2013 &#8220;\u00c2ngela precisa de rem\u00e9dio. Na farm\u00e1cia ela descobriu que o rem\u00e9dio estava em falta.&#8221;<\/p>\n\n\n\n<p class=\"has-black-color has-text-color has-link-color has-medium-font-size wp-elements-fd4d6e8c3267b42de36af52af588f23a\">Frase com sin\u00f4nimo \u2013 &#8220;\u00c2ngela precisa de rem\u00e9dio. Na farm\u00e1cia ela descobriu que o medicamento estava em falta.&#8221;<\/p>\n\n\n<div class=\"wp-block-image is-style-rounded\">\n<figure class=\"aligncenter size-full\"><img decoding=\"async\" width=\"712\" height=\"535\" src=\"https:\/\/sme.goiania.go.gov.br\/conexaoescola\/wp-content\/uploads\/2024\/06\/Imagem2-2.png\" alt=\"\" class=\"wp-image-184728\" srcset=\"https:\/\/sme.goiania.go.gov.br\/conexaoescola\/wp-content\/uploads\/2024\/06\/Imagem2-2.png 712w, https:\/\/sme.goiania.go.gov.br\/conexaoescola\/wp-content\/uploads\/2024\/06\/Imagem2-2-300x225.png 300w\" sizes=\"(max-width: 712px) 100vw, 712px\" \/><figcaption class=\"wp-element-caption\">FONTE: Pixabay.com Dispon\u00edvel em:<a href=\"https:\/\/pixabay.com\/pt\/photos\/caderno-notas-caneta-escrita-1840276\/\">https:\/\/pixabay.com\/pt\/photos\/caderno-notas-caneta-escrita-1840276\/<\/a> Acesso em 24\/06\/2024.<\/figcaption><\/figure><\/div>\n\n\n<p class=\"has-black-color has-text-color has-link-color has-medium-font-size wp-elements-f7e36abe53f83a796ac46fa0ae9becc1\">\u00a0A pr\u00e1tica constante ajuda a identificar as melhores substitui\u00e7\u00f5es e a aplicar esses mecanismos de forma natural. \u00c9 importante lembrar que a repeti\u00e7\u00e3o constante de palavras ou frases pode tornar um texto mon\u00f3tono e cansativo, com a utiliza\u00e7\u00e3o correta dos pronomes e dos sin\u00f4nimos, o autor pode variar a linguagem e tornar a leitura mais agrad\u00e1vel.<\/p>\n\n\n\n<p class=\"has-text-align-center has-black-color has-text-color has-background has-link-color has-medium-font-size wp-elements-2247004026142c3bd37772bf25c32a1c\" style=\"background-color:#9b51e073\"><strong>RESPONDA AS QUEST\u00d5ES<\/strong><\/p>\n\n\n\n<p class=\"has-black-color has-text-color has-background has-link-color has-medium-font-size wp-elements-3eb73b61a444836975b756aa065596d3\" style=\"background-color:#8dd2fc5c\"><strong>QUEST\u00c3O 1<\/strong><\/p>\n\n\n\n<p class=\"has-medium-font-size\">Substitua os substantivos sublinhados pelos pronomes apropriados.<\/p>\n\n\n\n<p class=\"has-medium-font-size\">a) Maria foi ao mercado. <strong>Maria<\/strong> comprou frutas frescas.<\/p>\n\n\n\n<p class=\"has-medium-font-size\">b) O carro de Jo\u00e3o est\u00e1 quebrado. <strong>Jo\u00e3o<\/strong> vai lev\u00e1-lo ao mec\u00e2nico.<\/p>\n\n\n\n<p class=\"has-medium-font-size\">c) Os alunos estudaram muito para a prova. Os <strong>alunos <\/strong>esperam obter boas notas.<\/p>\n\n\n\n<p class=\"has-medium-font-size\">d) Pedro e Ana viajaram para a praia. <strong>Pedro<\/strong> e <strong>Ana<\/strong> aproveitaram muito a viagem.<\/p>\n\n\n\n<p class=\"has-medium-font-size\">e) O livro est\u00e1 na mesa. O <strong>livro<\/strong> \u00e9 muito interessante.<\/p>\n\n\n\n<p class=\"has-medium-font-size\">e) A reuni\u00e3o foi pouco produtiva. A <strong>reuni\u00e3o<\/strong> acabou cedo.<\/p>\n\n\n\n<p class=\"has-black-color has-text-color has-background has-link-color has-medium-font-size wp-elements-8a5063f0349160a8ad6af54cfd65459b\" style=\"background-color:#8dd2fc54\"><strong>QUEST\u00c3O 2<\/strong><\/p>\n\n\n\n<p class=\"has-black-color has-text-color has-link-color has-medium-font-size wp-elements-b4a5027ea889422be925239750200771\">Reescreva as frases substituindo as palavras sublinhadas por sin\u00f4nimos.<\/p>\n\n\n\n<p class=\"has-black-color has-text-color has-link-color has-medium-font-size wp-elements-1b8d21d7b4cd039bdf6dcba2fd1bd128\">a) A cidade estava cheia de <strong>turistas.<\/strong><\/p>\n\n\n\n<p class=\"has-black-color has-text-color has-link-color has-medium-font-size wp-elements-cdae4f431230eb07793c924d26035f73\">b) O <strong>trabalho<\/strong> foi muito dif\u00edcil.<\/p>\n\n\n\n<p class=\"has-black-color has-text-color has-link-color has-medium-font-size wp-elements-ad3649844265f225a2a1452d930b75a2\">c) Ela usava um vestido <strong>bonito.<\/strong><\/p>\n\n\n\n<p class=\"has-black-color has-text-color has-link-color has-medium-font-size wp-elements-090651d6627db9171c43d5fda7e21193\">d) O carro novo \u00e9 muito <strong>r\u00e1pido.<\/strong><\/p>\n\n\n\n<p class=\"has-black-color has-text-color has-link-color has-medium-font-size wp-elements-756f0d0b988b6b800994ed1bd9efe058\">e) Ele estava <strong>cansado<\/strong> depois do exerc\u00edcio.<\/p>\n\n\n\n<p class=\"has-black-color has-text-color has-link-color has-medium-font-size wp-elements-114f0ba6688c24558107e0cb4dbedfc4\">f) Estava com <strong>medo<\/strong> das avalia\u00e7\u00f5es.<\/p>\n\n\n\n<p class=\"has-black-color has-text-color has-background has-link-color has-medium-font-size wp-elements-79c9012b7815b7e41fe16b12861dec25\" style=\"background-color:#8dd2fc57\"><strong>QUEST\u00c3O 3<\/strong><\/p>\n\n\n\n<p class=\"has-black-color has-text-color has-link-color has-medium-font-size wp-elements-9d2cd15b9fbeaf25a0433b72a4c56bf0\">Complete as frases usando pronomes relativos (que, quem, cujo, onde).<\/p>\n\n\n\n<p class=\"has-black-color has-text-color has-link-color has-medium-font-size wp-elements-321ea8dd17e0fc64c0316a681aec560d\">a) O livro _____ voc\u00ea me deu \u00e9 muito interessante.<\/p>\n\n\n\n<p class=\"has-black-color has-text-color has-link-color has-medium-font-size wp-elements-e855ddf8fd79b9cfbc93e24d2e0033cd\">b) A casa _____ moro \u00e9 muito antiga.<\/p>\n\n\n\n<p class=\"has-black-color has-text-color has-link-color has-medium-font-size wp-elements-094727d92e16df466fd8d2801c736e34\">c) A pessoa _____ ganharmos a competi\u00e7\u00e3o foi muito simp\u00e1tica.<\/p>\n\n\n\n<p class=\"has-black-color has-text-color has-link-color has-medium-font-size wp-elements-679bcbeaa11ac9f1d8a4838f14de61d7\">d) A cidade _____ nasci \u00e9 muito bonita.<\/p>\n\n\n\n<p class=\"has-black-color has-text-color has-link-color has-medium-font-size wp-elements-ade13c1956a29786289402856700c2bd\">e) O professor _____ nos ensinou matem\u00e1tica era muito paciente.<\/p>\n\n\n\n<p class=\"has-black-color has-text-color has-link-color has-medium-font-size wp-elements-e9d61cb32182b499a2bb17b96249a08a\">f) A estudante ______viajou para An\u00e1polis foi promovida.<\/p>\n\n\n\n<p class=\"has-black-color has-text-color has-background has-link-color has-medium-font-size wp-elements-659e4a48ca4e9b2685bf77d25c913117\" style=\"background-color:#8dd2fc63\"><strong>QUEST\u00c3O 4<\/strong><\/p>\n\n\n\n<p class=\"has-black-color has-text-color has-link-color has-medium-font-size wp-elements-9600e49ba365ad7aa05b0f9d594cc6bd\">Eles evitam a ambiguidade e promovem clareza ao texto, pois os pronomes substituem os<\/p>\n\n\n\n<p class=\"has-black-color has-text-color has-link-color has-medium-font-size wp-elements-d9c804ba5509868512255e937b0ffd08\">(A) artigos.<\/p>\n\n\n\n<p class=\"has-black-color has-text-color has-link-color has-medium-font-size wp-elements-a6a1b3a10a16459ab8b39207a77a81ee\">(B) adv\u00e9rbios.<\/p>\n\n\n\n<p class=\"has-black-color has-text-color has-link-color has-medium-font-size wp-elements-1c432290986631ec380b4c14c0b8e635\">(C) verbos.<\/p>\n\n\n\n<p class=\"has-black-color has-text-color has-link-color has-medium-font-size wp-elements-26e69ddc2d459ed185c4d0952c9e0c35\">(D) substantivos.<\/p>\n\n\n\n<p class=\"has-black-color has-text-color has-background has-link-color has-medium-font-size wp-elements-5081f823d11cda8a73834e2f7d4220c2\" style=\"background-color:#8dd2fc57\"><strong>QUEST\u00c3O 5<\/strong><\/p>\n\n\n\n<p class=\"has-black-color has-text-color has-link-color has-medium-font-size wp-elements-1626b6c2a8da341a91170530055373bb\">O uso de pronomes e sin\u00f4nimos que s\u00e3o vistos como mecanismos fundamentais<\/p>\n\n\n\n<p class=\"has-black-color has-text-color has-link-color has-medium-font-size wp-elements-078a9381526a29aaf7f09e5a9b979b02\">(A) na reescrita de palavras.<\/p>\n\n\n\n<p class=\"has-black-color has-text-color has-link-color has-medium-font-size wp-elements-4f19f1b2bf1f5f76c27aff0aa68e091b\">(B) na elabora\u00e7\u00e3o de textos.<\/p>\n\n\n\n<p class=\"has-black-color has-text-color has-link-color has-medium-font-size wp-elements-9ad63011b99d9b277f4488e8239be133\">(C) na produ\u00e7\u00e3o de poemas.<\/p>\n\n\n\n<p class=\"has-black-color has-text-color has-link-color has-medium-font-size wp-elements-c4e548fea804c022790e493d3cd1604f\">(D) na conjuga\u00e7\u00e3o de verbos.<\/p>\n\n\n\n<hr class=\"wp-block-separator has-alpha-channel-opacity\"\/>\n\n\n\n<figure class=\"wp-block-table is-style-stripes\"><table><tbody><tr><td><strong>Autoria:<\/strong><strong><\/strong><\/td><td>Regina C\u00e1cia<\/td><\/tr><tr><td><strong>Forma\u00e7\u00e3o:<\/strong><strong><\/strong><\/td><td>Letras \u2013 L\u00edngua Portuguesa<\/td><\/tr><tr><td><strong>Componente Curricular:<\/strong><\/td><td>L\u00edngua Portuguesa<\/td><\/tr><tr><td><strong>Objetivos de Aprendizagem e Desenvolvimento:<\/strong><\/td><td>(EJALP0424) Reconhecer as rela\u00e7\u00f5es de sentido estabelecidas pelos conectores l\u00f3gico-sequenciais<\/td><\/tr><tr><td><strong>Refer\u00eancias:<\/strong><strong><\/strong><\/td><td>KOCH, Ingedore Grunfeld Villa\u00e7a. ELIAS, Vanda Maria. Ler e compreender os sentidos do texto. S\u00e3o Paulo, Contexto: 2012.<br><br>MARCUSCHI, Luis Antonio. Fen\u00f4menos da Linguagem, reflex\u00f5es sem\u00e2nticas e Discursivas. Rio de Janeiro: Lucerna, 2007. <br><br>TRAVAGLIA, Luis Carlos. Gram\u00e1tica e intera\u00e7\u00e3o: uma proposta para o ensino de gram\u00e1tica. 11 ed. S\u00e3o Paulo: Cortez, 2006.<\/td><\/tr><\/tbody><\/table><\/figure>\n","protected":false},"author":54,"featured_media":184711,"template":"","meta":{"_acf_changed":false,"ocean_post_layout":"","ocean_both_sidebars_style":"","ocean_both_sidebars_content_width":0,"ocean_both_sidebars_sidebars_width":0,"ocean_sidebar":"","ocean_second_sidebar":"","ocean_disable_margins":"enable","ocean_add_body_class":"","ocean_shortcode_before_top_bar":"","ocean_shortcode_after_top_bar":"","ocean_shortcode_before_header":"","ocean_shortcode_after_header":"","ocean_has_shortcode":"","ocean_shortcode_after_title":"","ocean_shortcode_before_footer_widgets":"","ocean_shortcode_after_footer_widgets":"","ocean_shortcode_before_footer_bottom":"","ocean_shortcode_after_footer_bottom":"","ocean_display_top_bar":"default","ocean_display_header":"default","ocean_header_style":"","ocean_center_header_left_menu":"","ocean_custom_header_template":"","ocean_custom_logo":0,"ocean_custom_retina_logo":0,"ocean_custom_logo_max_width":0,"ocean_custom_logo_tablet_max_width":0,"ocean_custom_logo_mobile_max_width":0,"ocean_custom_logo_max_height":0,"ocean_custom_logo_tablet_max_height":0,"ocean_custom_logo_mobile_max_height":0,"ocean_header_custom_menu":"","ocean_menu_typo_font_family":"","ocean_menu_typo_font_subset":"","ocean_menu_typo_font_size":0,"ocean_menu_typo_font_size_tablet":0,"ocean_menu_typo_font_size_mobile":0,"ocean_menu_typo_font_size_unit":"px","ocean_menu_typo_font_weight":"","ocean_menu_typo_font_weight_tablet":"","ocean_menu_typo_font_weight_mobile":"","ocean_menu_typo_transform":"","ocean_menu_typo_transform_tablet":"","ocean_menu_typo_transform_mobile":"","ocean_menu_typo_line_height":0,"ocean_menu_typo_line_height_tablet":0,"ocean_menu_typo_line_height_mobile":0,"ocean_menu_typo_line_height_unit":"","ocean_menu_typo_spacing":0,"ocean_menu_typo_spacing_tablet":0,"ocean_menu_typo_spacing_mobile":0,"ocean_menu_typo_spacing_unit":"","ocean_menu_link_color":"","ocean_menu_link_color_hover":"","ocean_menu_link_color_active":"","ocean_menu_link_background":"","ocean_menu_link_hover_background":"","ocean_menu_link_active_background":"","ocean_menu_social_links_bg":"","ocean_menu_social_hover_links_bg":"","ocean_menu_social_links_color":"","ocean_menu_social_hover_links_color":"","ocean_disable_title":"default","ocean_disable_heading":"default","ocean_post_title":"","ocean_post_subheading":"","ocean_post_title_style":"","ocean_post_title_background_color":"","ocean_post_title_background":0,"ocean_post_title_bg_image_position":"","ocean_post_title_bg_image_attachment":"","ocean_post_title_bg_image_repeat":"","ocean_post_title_bg_image_size":"","ocean_post_title_height":0,"ocean_post_title_bg_overlay":0.5,"ocean_post_title_bg_overlay_color":"","ocean_disable_breadcrumbs":"default","ocean_breadcrumbs_color":"","ocean_breadcrumbs_separator_color":"","ocean_breadcrumbs_links_color":"","ocean_breadcrumbs_links_hover_color":"","ocean_display_footer_widgets":"default","ocean_display_footer_bottom":"default","ocean_custom_footer_template":""},"eaja_categoria":[104],"serie":[74],"eaja_componente":[77],"class_list":["post-184709","eaja","type-eaja","status-publish","has-post-thumbnail","hentry","eaja_categoria-2o-segmento-5a-e-6a-serie","serie-5a-serie","eaja_componente-lingua-portuguesa","entry","has-media"],"acf":[],"_links":{"self":[{"href":"https:\/\/sme.goiania.go.gov.br\/conexaoescola\/wp-json\/wp\/v2\/eaja\/184709","targetHints":{"allow":["GET"]}}],"collection":[{"href":"https:\/\/sme.goiania.go.gov.br\/conexaoescola\/wp-json\/wp\/v2\/eaja"}],"about":[{"href":"https:\/\/sme.goiania.go.gov.br\/conexaoescola\/wp-json\/wp\/v2\/types\/eaja"}],"author":[{"embeddable":true,"href":"https:\/\/sme.goiania.go.gov.br\/conexaoescola\/wp-json\/wp\/v2\/users\/54"}],"wp:featuredmedia":[{"embeddable":true,"href":"https:\/\/sme.goiania.go.gov.br\/conexaoescola\/wp-json\/wp\/v2\/media\/184711"}],"wp:attachment":[{"href":"https:\/\/sme.goiania.go.gov.br\/conexaoescola\/wp-json\/wp\/v2\/media?parent=184709"}],"wp:term":[{"taxonomy":"eaja_categoria","embeddable":true,"href":"https:\/\/sme.goiania.go.gov.br\/conexaoescola\/wp-json\/wp\/v2\/eaja_categoria?post=184709"},{"taxonomy":"serie","embeddable":true,"href":"https:\/\/sme.goiania.go.gov.br\/conexaoescola\/wp-json\/wp\/v2\/serie?post=184709"},{"taxonomy":"eaja_componente","embeddable":true,"href":"https:\/\/sme.goiania.go.gov.br\/conexaoescola\/wp-json\/wp\/v2\/eaja_componente?post=184709"}],"curies":[{"name":"wp","href":"https:\/\/api.w.org\/{rel}","templated":true}]}}