{"id":184476,"date":"2024-06-24T18:05:20","date_gmt":"2024-06-24T21:05:20","guid":{"rendered":"https:\/\/sme.goiania.go.gov.br\/conexaoescola\/?post_type=eaja&#038;p=184476"},"modified":"2024-06-24T20:38:32","modified_gmt":"2024-06-24T23:38:32","slug":"educacao-fisica-danca-caninha-verde","status":"publish","type":"eaja","link":"https:\/\/sme.goiania.go.gov.br\/conexaoescola\/eaja\/educacao-fisica-danca-caninha-verde\/","title":{"rendered":"EDUCA\u00c7\u00c3O F\u00cdSICA &#8211; DAN\u00c7A CANINHA VERDE"},"content":{"rendered":"\n<p class=\"has-text-align-center has-background has-medium-font-size\" style=\"background-color:#f8cf5f\"><strong>ESTA PROPOSTA DE EDUCA\u00c7\u00c3O F\u00cdSICA INTEGRADA COM ARTE\/DAN\u00c7A&nbsp;\u00c9 DESTINADA AOS ESTUDANTES DO PRIMEIRO PER\u00cdODO DA EDUCA\u00c7\u00c3O DE JOVENS E ADULTOS \u2013 EJA.<\/strong><\/p>\n\n\n\n<div class=\"wp-block-buttons is-content-justification-center is-layout-flex wp-container-core-buttons-is-layout-16018d1d wp-block-buttons-is-layout-flex\">\n<div class=\"wp-block-button\"><a class=\"wp-block-button__link wp-element-button\" href=\"https:\/\/drive.google.com\/uc?export=douwnload&amp;id=1rhWCj6GVSKfk_9qdxLYe-Y0qDxpM3hJ7\">BAIXE A ATIVIDADE<\/a><\/div>\n\n\n\n<div class=\"wp-block-button\"><a class=\"wp-block-button__link wp-element-button\" href=\"https:\/\/drive.google.com\/uc?export=douwnload&amp;id=1O2G6n3td8sRRp0I217mo1gANYls8-hNx\">BAIXE OS SLIDES<\/a><\/div>\n\n\n\n<div class=\"wp-block-button\"><a class=\"wp-block-button__link wp-element-button\" href=\"https:\/\/drive.google.com\/uc?export=douwnload&amp;id=1ICcmq_GtkSAL671CBXSFzOLbZh4eBvjs\">BAIXE O TEXTO<\/a><\/div>\n<\/div>\n\n\n\n<p><\/p>\n\n\n<div class=\"wp-block-image\">\n<figure class=\"aligncenter size-full is-resized\"><img fetchpriority=\"high\" decoding=\"async\" width=\"903\" height=\"570\" src=\"https:\/\/sme.goiania.go.gov.br\/conexaoescola\/wp-content\/uploads\/2024\/06\/danca-caninhaaaaaaaaaaa-e1719270810748.png\" alt=\"\" class=\"wp-image-184496\" style=\"width:458px;height:auto\" srcset=\"https:\/\/sme.goiania.go.gov.br\/conexaoescola\/wp-content\/uploads\/2024\/06\/danca-caninhaaaaaaaaaaa-e1719270810748.png 903w, https:\/\/sme.goiania.go.gov.br\/conexaoescola\/wp-content\/uploads\/2024\/06\/danca-caninhaaaaaaaaaaa-e1719270810748-300x189.png 300w, https:\/\/sme.goiania.go.gov.br\/conexaoescola\/wp-content\/uploads\/2024\/06\/danca-caninhaaaaaaaaaaa-e1719270810748-768x485.png 768w\" sizes=\"(max-width: 903px) 100vw, 903px\" \/><figcaption class=\"wp-element-caption\">Fonte: Caninha verde. Dispon\u00edvel em: <a href=\"https:\/\/cioffbrasil.org\/wp-content\/uploads\/2018\/09\/cana-verde-05.jpg\">cana-verde-05.jpg (1600\u00d7900) (cioffbrasil.org)<\/a>.<\/figcaption><\/figure><\/div>\n\n\n<figure class=\"wp-block-audio\"><audio controls src=\"https:\/\/sme.goiania.go.gov.br\/conexaoescola\/wp-content\/uploads\/2024\/06\/WhatsApp-Ptt-2024-06-24-at-20.08.53.ogg\"><\/audio><\/figure>\n\n\n\n<p class=\"has-text-align-center has-medium-font-size\"><strong>DAN\u00c7A CANINHA VERDE<\/strong><\/p>\n\n\n\n<p class=\"has-medium-font-size\">A CANINHA VERDE, OU CANA VERDE, \u00c9 UMA DAN\u00c7A POPULAR BRASILEIRA. ORIGIN\u00c1RIA DE PORTUGAL, FOI INFLUENCIADA TANTO POR SUAS RA\u00cdZES PORTUGUESAS QUANTO PELO CICLO DA CANA-DE-A\u00c7\u00daCAR NO BRASIL, TRANSFORMANDO-SE EM UMA DAN\u00c7A DIFUNDIDA EM V\u00c1RIAS REGI\u00d5ES DO PA\u00cdS.<\/p>\n\n\n\n<p class=\"has-medium-font-size\">NO SUL E SUDESTE DO BRASIL, GERALMENTE, A CANINHA VERDE \u00c9 UMA DAN\u00c7A QUE COMP\u00d5E O FANDANGO, UM BAILE OU FESTA COM V\u00c1RIAS DAN\u00c7AS. J\u00c1 NO NORDESTE, ESPECIALMENTE NO CEAR\u00c1, A CANINHA VERDE \u00c9 UMA DAN\u00c7A AUT\u00d4NOMA, MAS QUE ABSORVE CARACTER\u00cdSTICAS DE UMA S\u00c9RIE DE OUTRAS DAN\u00c7AS E FESTAS POPULARES LOCAIS, O QUE FAZ COM QUE SEJA \u00daNICA.<\/p>\n\n\n\n<p class=\"has-medium-font-size\">ISSO, EM SUMA, SINTETIZA A CULTURA BRASILEIRA. FESTEJADA PELA DIVERSIDADE, SOMOS UM PA\u00cdS EM QUE AS MANIFESTA\u00c7\u00d5ES TRADICIONAIS N\u00c3O SE ESGOTAM NO TEMPO. PELO CONTR\u00c1RIO, S\u00c3O MANTIDAS VIVAS E ALIMENTADAS PELAS INFLU\u00caNCIAS DO PASSADO E POSSIBILIDADES DO PRESENTE.<\/p>\n\n\n\n<p class=\"has-text-align-left has-background has-medium-font-size\" style=\"background-color:#f8cf5f\"><strong>QUEST\u00c3O 1<\/strong><\/p>\n\n\n\n<p class=\"has-medium-font-size\">A CANINHA VERDE SURGIU EM PORTUGAL E, NO BRASIL, SOFREU INFLU\u00caNCIAS DE UM CICLO AGR\u00cdCOLA. ESSE CICLO REFERE-SE <\/p>\n\n\n\n<div class=\"wp-block-columns is-layout-flex wp-container-core-columns-is-layout-9d6595d7 wp-block-columns-is-layout-flex\">\n<div class=\"wp-block-column is-layout-flow wp-block-column-is-layout-flow\">\n<p class=\"has-medium-font-size\">(A) AO CAF\u00c9.<\/p>\n\n\n\n<p class=\"has-medium-font-size\">(B) \u00c0 BORRACHA.<\/p>\n\n\n\n<p class=\"has-medium-font-size\">(C) \u00c0 CANA-DE-A\u00c7\u00daCAR.<\/p>\n\n\n\n<p class=\"has-medium-font-size\">(D) AO ALGOD\u00c3O.<\/p>\n<\/div>\n\n\n\n<div class=\"wp-block-column is-layout-flow wp-block-column-is-layout-flow\"><div class=\"wp-block-image\">\n<figure class=\"aligncenter size-full is-resized\"><img decoding=\"async\" width=\"288\" height=\"189\" src=\"https:\/\/sme.goiania.go.gov.br\/conexaoescola\/wp-content\/uploads\/2024\/06\/CANA-DE-ACUCAR.png\" alt=\"\" class=\"wp-image-184490\" style=\"width:318px;height:auto\"\/><figcaption class=\"wp-element-caption\">Fonte: Cana de a\u00e7\u00facar. Canva. Dispon\u00edvel em: <a href=\"https:\/\/www.canva.com\/photos\/MAEFndjIJYI\/\">Sugar Cane Plantation &#8211; Fotos do Canva<\/a>.<\/figcaption><\/figure><\/div><\/div>\n<\/div>\n\n\n\n<p class=\"has-text-align-left has-background has-medium-font-size\" style=\"background-color:#f8cf5f\"><strong>QUEST\u00c3O 2<\/strong><\/p>\n\n\n\n<p class=\"has-medium-font-size\">A DAN\u00c7A CANINHA VERDE \u00c9 BASTANTE POPULAR EM DIVERSOS ESTADOS BRASILEIROS, ASSUMINDO FORMAS DISTINTAS EM CADA REGI\u00c3O. ESSA VARIEDADE DEMONSTRA QUE A CULTURA BRASILEIRA<\/p>\n\n\n\n<p class=\"has-medium-font-size\">(A) \u00c9 POBRE, UNIFORME E INALTER\u00c1VEL.<\/p>\n\n\n\n<p class=\"has-medium-font-size\">(B) N\u00c3O SOFREU INFLU\u00caNCIA DE OUTROS POVOS.<\/p>\n\n\n\n<p class=\"has-medium-font-size\">(C) \u00c9 BASTANTE RICA, PLURAL E DIVERSA.<\/p>\n\n\n\n<p class=\"has-medium-font-size\">(D) \u00c9 R\u00cdGIDA E SEM RA\u00cdZES HIST\u00d3RICAS.<\/p>\n\n\n\n<p class=\"has-text-align-left has-background has-medium-font-size\" style=\"background-color:#f8cf5f\"><strong>QUEST\u00c3O 3<\/strong><\/p>\n\n\n\n<p class=\"has-medium-font-size\">IDENTIFIQUE SE AS AFIRMA\u00c7\u00d5ES ABAIXO SOBRE A DAN\u00c7A CANINHA VERDE S\u00c3O VERDADEIRAS (V) OU FALSAS (F):<\/p>\n\n\n\n<p class=\"has-medium-font-size\">(      ) A CANINHA VERDE \u00c9 UMA DAN\u00c7A POPULAR ORIGIN\u00c1RIA DE PORTUGAL.<\/p>\n\n\n\n<p class=\"has-medium-font-size\">(      ) NO BRASIL, A DAN\u00c7A CANINHA VERDE SE MANTEVE IGUAL ERA EM PORTUGAL.<\/p>\n\n\n\n<p class=\"has-medium-font-size\">(      ) EM TODO BRASIL A DAN\u00c7A CANINHA VERDE SE MANIFESTA DE FORMA IGUAL.<\/p>\n\n\n\n<p class=\"has-medium-font-size\">(      ) A DAN\u00c7A CANINHA VERDE \u00c9 UMA DAN\u00c7A COM INFLU\u00caNCIAS AFRO-IND\u00cdGENA.<\/p>\n\n\n\n<p class=\"has-text-align-left has-background has-medium-font-size\" style=\"background-color:#f8cf5f\"><strong>QUEST\u00c3O 4<\/strong><\/p>\n\n\n\n<p class=\"has-medium-font-size\">NA SUA OPINI\u00c3O, \u00c9 IMPORTANTE PRESERVAR DAN\u00c7AS TRADICIONAIS COMO A CANINHA VERDE? JUSTIFIQUE.<\/p>\n\n\n\n<hr class=\"wp-block-separator has-alpha-channel-opacity\"\/>\n\n\n\n<figure class=\"wp-block-table alignfull is-style-stripes\"><table><tbody><tr><td>Autor<\/td><td>Jordana Ferreira<\/td><\/tr><tr><td>Forma\u00e7\u00e3o<\/td><td>Educa\u00e7\u00e3o F\u00edsica<\/td><\/tr><tr><td>Componentes Curriculares<\/td><td>Educa\u00e7\u00e3o F\u00edsica e Arte\/Dan\u00e7a<\/td><\/tr><tr><td>Objetivos de Aprendizagem e Desenvolvimento<\/td><td>(EJAEF0121) Reconhecer e vivenciar diferentes modalidades de dan\u00e7as do contexto regional e nacional.<br>(EJAAD0108) Investigar e compreender aspectos estruturais, din\u00e2micos e expressivos presentes em diferentes dan\u00e7as, explorando diferentes matrizes est\u00e9ticas e culturais, respeitando e partindo da diversidade de corpos e elementos est\u00e9ticos.<\/td><\/tr><tr><td>Refer\u00eancias<\/td><td>BARROSO, Francisco Leonardo Ramos; SOUZA, Circe Macena. Caninha Verde: a mem\u00f3ria de uma brincadeira como pr\u00e1tica de ensino. Anais do 6\u00ba Congresso Cient\u00edfico Nacional de Pesquisadores em Dan\u00e7a \u2013 2\u00aa Edi\u00e7\u00e3o Virtual. Salvador: Associa\u00e7\u00e3o Nacional de Pesquisadores em Dan\u00e7a \u2013 Editora ANDA, 2021. p. 2167 2171.<br>MACENA-FILHA, Maria de Lourdes. A Caninha Verde no Cear\u00e1: um estudo comparativo tendo como refer\u00eancia esta mesma manifesta\u00e7\u00e3o em outros estados. Festival de Dan\u00e7as Folcl\u00f3ricas de Blumenau, 2024. Dispon\u00edvel em <a href=\"https:\/\/www.digitalmundomiraira.com.br\/Patrimonio\/DancasTradicionais\/CanaVerde\/Mucuripe\/ArtigoCanaVerdedoMucuripe.pdf\">&lt;https:\/\/www.digitalmundomiraira.com.br\/Patrimonio\/DancasTradicionais\/CanaVerde\/Mucuripe\/ArtigoCanaVerdedoMucuripe.pdf><\/a>. Acesso em 24\/06\/2024.<\/td><\/tr><\/tbody><\/table><\/figure>\n","protected":false},"author":17,"featured_media":184496,"template":"","meta":{"_acf_changed":false,"ocean_post_layout":"","ocean_both_sidebars_style":"","ocean_both_sidebars_content_width":0,"ocean_both_sidebars_sidebars_width":0,"ocean_sidebar":"","ocean_second_sidebar":"","ocean_disable_margins":"enable","ocean_add_body_class":"","ocean_shortcode_before_top_bar":"","ocean_shortcode_after_top_bar":"","ocean_shortcode_before_header":"","ocean_shortcode_after_header":"","ocean_has_shortcode":"","ocean_shortcode_after_title":"","ocean_shortcode_before_footer_widgets":"","ocean_shortcode_after_footer_widgets":"","ocean_shortcode_before_footer_bottom":"","ocean_shortcode_after_footer_bottom":"","ocean_display_top_bar":"default","ocean_display_header":"default","ocean_header_style":"","ocean_center_header_left_menu":"","ocean_custom_header_template":"","ocean_custom_logo":0,"ocean_custom_retina_logo":0,"ocean_custom_logo_max_width":0,"ocean_custom_logo_tablet_max_width":0,"ocean_custom_logo_mobile_max_width":0,"ocean_custom_logo_max_height":0,"ocean_custom_logo_tablet_max_height":0,"ocean_custom_logo_mobile_max_height":0,"ocean_header_custom_menu":"","ocean_menu_typo_font_family":"","ocean_menu_typo_font_subset":"","ocean_menu_typo_font_size":0,"ocean_menu_typo_font_size_tablet":0,"ocean_menu_typo_font_size_mobile":0,"ocean_menu_typo_font_size_unit":"px","ocean_menu_typo_font_weight":"","ocean_menu_typo_font_weight_tablet":"","ocean_menu_typo_font_weight_mobile":"","ocean_menu_typo_transform":"","ocean_menu_typo_transform_tablet":"","ocean_menu_typo_transform_mobile":"","ocean_menu_typo_line_height":0,"ocean_menu_typo_line_height_tablet":0,"ocean_menu_typo_line_height_mobile":0,"ocean_menu_typo_line_height_unit":"","ocean_menu_typo_spacing":0,"ocean_menu_typo_spacing_tablet":0,"ocean_menu_typo_spacing_mobile":0,"ocean_menu_typo_spacing_unit":"","ocean_menu_link_color":"","ocean_menu_link_color_hover":"","ocean_menu_link_color_active":"","ocean_menu_link_background":"","ocean_menu_link_hover_background":"","ocean_menu_link_active_background":"","ocean_menu_social_links_bg":"","ocean_menu_social_hover_links_bg":"","ocean_menu_social_links_color":"","ocean_menu_social_hover_links_color":"","ocean_disable_title":"default","ocean_disable_heading":"default","ocean_post_title":"","ocean_post_subheading":"","ocean_post_title_style":"","ocean_post_title_background_color":"","ocean_post_title_background":0,"ocean_post_title_bg_image_position":"","ocean_post_title_bg_image_attachment":"","ocean_post_title_bg_image_repeat":"","ocean_post_title_bg_image_size":"","ocean_post_title_height":0,"ocean_post_title_bg_overlay":0.5,"ocean_post_title_bg_overlay_color":"","ocean_disable_breadcrumbs":"default","ocean_breadcrumbs_color":"","ocean_breadcrumbs_separator_color":"","ocean_breadcrumbs_links_color":"","ocean_breadcrumbs_links_hover_color":"","ocean_display_footer_widgets":"default","ocean_display_footer_bottom":"default","ocean_custom_footer_template":""},"eaja_categoria":[4],"serie":[70,71],"eaja_componente":[81],"class_list":["post-184476","eaja","type-eaja","status-publish","has-post-thumbnail","hentry","eaja_categoria-1o-segmento-1a-a-4a-serie","serie-1a-serie","serie-2a-serie","eaja_componente-educacao-fisica","entry","has-media"],"acf":[],"_links":{"self":[{"href":"https:\/\/sme.goiania.go.gov.br\/conexaoescola\/wp-json\/wp\/v2\/eaja\/184476","targetHints":{"allow":["GET"]}}],"collection":[{"href":"https:\/\/sme.goiania.go.gov.br\/conexaoescola\/wp-json\/wp\/v2\/eaja"}],"about":[{"href":"https:\/\/sme.goiania.go.gov.br\/conexaoescola\/wp-json\/wp\/v2\/types\/eaja"}],"author":[{"embeddable":true,"href":"https:\/\/sme.goiania.go.gov.br\/conexaoescola\/wp-json\/wp\/v2\/users\/17"}],"wp:featuredmedia":[{"embeddable":true,"href":"https:\/\/sme.goiania.go.gov.br\/conexaoescola\/wp-json\/wp\/v2\/media\/184496"}],"wp:attachment":[{"href":"https:\/\/sme.goiania.go.gov.br\/conexaoescola\/wp-json\/wp\/v2\/media?parent=184476"}],"wp:term":[{"taxonomy":"eaja_categoria","embeddable":true,"href":"https:\/\/sme.goiania.go.gov.br\/conexaoescola\/wp-json\/wp\/v2\/eaja_categoria?post=184476"},{"taxonomy":"serie","embeddable":true,"href":"https:\/\/sme.goiania.go.gov.br\/conexaoescola\/wp-json\/wp\/v2\/serie?post=184476"},{"taxonomy":"eaja_componente","embeddable":true,"href":"https:\/\/sme.goiania.go.gov.br\/conexaoescola\/wp-json\/wp\/v2\/eaja_componente?post=184476"}],"curies":[{"name":"wp","href":"https:\/\/api.w.org\/{rel}","templated":true}]}}