{"id":184162,"date":"2024-06-18T16:41:54","date_gmt":"2024-06-18T19:41:54","guid":{"rendered":"https:\/\/sme.goiania.go.gov.br\/conexaoescola\/?post_type=eaja&#038;p=184162"},"modified":"2024-07-11T15:19:55","modified_gmt":"2024-07-11T18:19:55","slug":"educacao-fisica-tambor-de-crioula","status":"publish","type":"eaja","link":"https:\/\/sme.goiania.go.gov.br\/conexaoescola\/eaja\/educacao-fisica-tambor-de-crioula\/","title":{"rendered":"EDUCA\u00c7\u00c3O F\u00cdSICA &#8211; TAMBOR DE CRIOULA"},"content":{"rendered":"\n<p class=\"has-text-align-center has-background has-medium-font-size\" style=\"background-color:#f39a9a\"><strong>ESTA PROPOSTA DE EDUCA\u00c7\u00c3O F\u00cdSICA INTEGRADA COM ARTE\/DAN\u00c7A&nbsp;\u00c9 DESTINADA AOS ESTUDANTES DO PRIMEIRO PER\u00cdODO DA EDUCA\u00c7\u00c3O DE JOVENS E ADULTOS \u2013 EJA.<\/strong><\/p>\n\n\n\n<div class=\"wp-block-buttons is-content-justification-center is-layout-flex wp-container-core-buttons-is-layout-16018d1d wp-block-buttons-is-layout-flex\">\n<div class=\"wp-block-button\"><a class=\"wp-block-button__link wp-element-button\" href=\"https:\/\/drive.google.com\/uc?export=douwnload&amp;id=1rE1jgXCqttgdOQHhAER1YK0lfEYLjgJ3\">BAIXE A ATIVIDADE<\/a><\/div>\n\n\n\n<div class=\"wp-block-button\"><a class=\"wp-block-button__link wp-element-button\" href=\"https:\/\/drive.google.com\/uc?export=douwnload&amp;id=1HSX5enu_pFuPOUzI_wpcVPizGYyG1bH8\">BAIXE OS SLIDES<\/a><\/div>\n\n\n\n<div class=\"wp-block-button\"><a class=\"wp-block-button__link wp-element-button\" href=\"https:\/\/drive.google.com\/uc?export=douwnload&amp;id=1d-HmmRjoHUZFa35Aia5BMGdpiFJ3bni3\">BAIXE O TEXTO<\/a><\/div>\n<\/div>\n\n\n\n<p><\/p>\n\n\n<div class=\"wp-block-image\">\n<figure class=\"aligncenter size-full is-resized\"><img fetchpriority=\"high\" decoding=\"async\" width=\"960\" height=\"639\" src=\"https:\/\/sme.goiania.go.gov.br\/conexaoescola\/wp-content\/uploads\/2024\/06\/18473073113_6a9ae705c6_b-e1719271381317.jpg\" alt=\"\" class=\"wp-image-184499\" style=\"width:544px;height:auto\" srcset=\"https:\/\/sme.goiania.go.gov.br\/conexaoescola\/wp-content\/uploads\/2024\/06\/18473073113_6a9ae705c6_b-e1719271381317.jpg 960w, https:\/\/sme.goiania.go.gov.br\/conexaoescola\/wp-content\/uploads\/2024\/06\/18473073113_6a9ae705c6_b-e1719271381317-300x200.jpg 300w, https:\/\/sme.goiania.go.gov.br\/conexaoescola\/wp-content\/uploads\/2024\/06\/18473073113_6a9ae705c6_b-e1719271381317-768x511.jpg 768w\" sizes=\"(max-width: 960px) 100vw, 960px\" \/><figcaption class=\"wp-element-caption\">Fonte: Leo Oliveira. Dispon\u00edvel em:  <a href=\"https:\/\/www.flickr.com\/photos\/leooliveira_filmmaker\/18473073113\">https:\/\/www.flickr.com\/photos\/leooliveira_filmmaker\/18473073113<\/a><\/figcaption><\/figure><\/div>\n\n\n<figure class=\"wp-block-audio\"><audio controls src=\"https:\/\/sme.goiania.go.gov.br\/conexaoescola\/wp-content\/uploads\/2024\/06\/WhatsApp-Ptt-2024-06-18-at-16.30.30.ogg\"><\/audio><\/figure>\n\n\n\n<p class=\"has-text-align-center has-medium-font-size\"><strong>TAMBOR DE CRIOULA<\/strong><\/p>\n\n\n\n<p class=\"has-medium-font-size\">O TAMBOR DE CRIOULA \u00c9 UMA EXPRESS\u00c3O CULTURAL AFRO-BRASILEIRA ORIGIN\u00c1RIA DO MARANH\u00c3O, PROFUNDAMENTE ENRAIZADA NA HIST\u00d3RIA DOS NEGROS ESCRAVIZADOS. REPRESENTA UMA FORMA DE RESIST\u00caNCIA CULTURAL E AFIRMA\u00c7\u00c3O DE IDENTIDADE, SENDO RECONHECIDA COMO PATRIM\u00d4NIO CULTURAL BRASILEIRO.<\/p>\n\n\n\n<p class=\"has-medium-font-size\">INCLUI DAN\u00c7A CIRCULAR, TRADICIONALMENTE EXECUTADA EXCLUSIVAMENTE POR MULHERES, PERCUSS\u00c3O DE TAMBORES E C\u00c2NTICOS, QUE S\u00c3O TRADICIONALMENTE LIDERADOS POR HOMENS.&nbsp;<\/p>\n\n\n\n<p class=\"has-medium-font-size\">A DAN\u00c7A \u00c9 EXECUTADA DE MANEIRA LIVRE E VARIADA, CARACTERIZADA POR PEQUENOS PASSOS E RODOPIOS QUE SEGUEM O RITMO DOS TAMBORES. UM MOVIMENTO CARACTER\u00cdSTICO NO TAMBOR DE CRIOULA \u00c9 A PUNGA, TAMB\u00c9M CONHECIDA COMO UMBIGADA, ONDE AS DAN\u00c7ARINAS TOCAM O VENTRE UMA DA OUTRA, SIMBOLIZANDO UMA SAUDA\u00c7\u00c3O E UM CONVITE PARA DAN\u00c7AR.<\/p>\n\n\n\n<p class=\"has-medium-font-size\">ESTA MANIFESTA\u00c7\u00c3O EST\u00c1 INTIMAMENTE LIGADA A CELEBRA\u00c7\u00d5ES RELIGIOSAS EM HOMENAGEM A S\u00c3O BENEDITO. N\u00c3O POSSUI UMA DATA FIXA PARA OCORRER, MAS ACONTECE PRINCIPALMENTE DURANTE O CARNAVAL E NAS FESTAS JUNINAS REALIZADAS NO MARANH\u00c3O, AL\u00c9M DE ENCERRAR AS FESTIVIDADES DO BUMBA MEU BOI.<\/p>\n\n\n\n<p class=\"has-medium-font-size\">EXISTEM CARACTER\u00cdSTICAS QUE APROXIMAM O TAMBOR DE CRIOULA DO SAMBA E DO JONGO, COMO A COMPLEXIDADE R\u00cdTMICA DOS TAMBORES, ALGUNS MOVIMENTOS COREOGR\u00c1FICOS E A UMBIGADA.<\/p>\n\n\n\n<p class=\"has-background has-medium-font-size\" style=\"background-color:#f39a9a\"><strong>QUEST\u00c3O 1<\/strong><\/p>\n\n\n\n<p class=\"has-medium-font-size\">O TAMBOR DE CRIOULA \u00c9 UMA EXPRESS\u00c3O CULTURAL AFRO-BRASILEIRA. SEUS ELEMENTOS CONSTITUTIVOS S\u00c3O<\/p>\n\n\n\n<p class=\"has-medium-font-size\">(A) DAN\u00c7A, PERCUSS\u00c3O E TEATRO.<\/p>\n\n\n\n<p class=\"has-medium-font-size\">(B) DAN\u00c7A, PERCUSS\u00c3O E CANTO.<\/p>\n\n\n\n<p class=\"has-medium-font-size\">(C) DAN\u00c7A, TEATRO E PINTURA.<\/p>\n\n\n\n<p class=\"has-medium-font-size\">(D) DAN\u00c7A, CANTO E FOTOGRAFIA.<\/p>\n\n\n\n<p class=\"has-background has-medium-font-size\" style=\"background-color:#f39a9a\"><strong>QUEST\u00c3O 2<\/strong><\/p>\n\n\n\n<p class=\"has-medium-font-size\">EXISTEM CARACTER\u00cdSTICAS QUE APROXIMAM O TAMBOR DE CRIOULA DAS DAN\u00c7AS BRASILEIRAS<\/p>\n\n\n\n<p class=\"has-medium-font-size\">(A) FUNK E VALSA.<\/p>\n\n\n\n<p class=\"has-medium-font-size\">(B) FORR\u00d3 E XAXADO.<\/p>\n\n\n\n<p class=\"has-medium-font-size\">(C) SAMBA E JONGO.<\/p>\n\n\n\n<p class=\"has-medium-font-size\">(D) MACULEL\u00ca E AX\u00c9.<\/p>\n\n\n\n<p class=\"has-background has-medium-font-size\" style=\"background-color:#f39a9a\"><strong>QUEST\u00c3O 3<\/strong><\/p>\n\n\n\n<p class=\"has-medium-font-size\">LEIA O T\u00cdTULO DA REPORTAGEM:<\/p>\n\n\n<div class=\"wp-block-image\">\n<figure class=\"aligncenter size-full\"><img decoding=\"async\" width=\"592\" height=\"105\" src=\"https:\/\/sme.goiania.go.gov.br\/conexaoescola\/wp-content\/uploads\/2024\/06\/image-48.png\" alt=\"\" class=\"wp-image-184168\" srcset=\"https:\/\/sme.goiania.go.gov.br\/conexaoescola\/wp-content\/uploads\/2024\/06\/image-48.png 592w, https:\/\/sme.goiania.go.gov.br\/conexaoescola\/wp-content\/uploads\/2024\/06\/image-48-300x53.png 300w\" sizes=\"(max-width: 592px) 100vw, 592px\" \/><figcaption class=\"wp-element-caption\">Fonte: <a href=\"https:\/\/g1.globo.com\/ma\/maranhao\/sao-joao\/2022\/noticia\/2022\/06\/18\/tambor-de-crioula-marcas-da-resistencia-cultural-e-religiosa.ghtml\">Tambor de Crioula: marcas da resist\u00eancia cultural e religiosa | S\u00e3o Jo\u00e3o 2022 no Maranh\u00e3o | G1 (globo.com)<\/a><\/figcaption><\/figure><\/div>\n\n\n<p class=\"has-medium-font-size\">SOBRE O SIGNIFICADO DO TAMBOR DE CRIOULA EM TERMOS DE RESIST\u00caNCIA CULTURAL E RELIGIOSA, MARQUE (V) PARA AS ALTERNATIVAS VERDADEIRAS E (F) PARA AS FALSAS.<\/p>\n\n\n\n<p class=\"has-medium-font-size\">(     ) UMA FORMA DE ENTRETENIMENTO MODERNO SEM RA\u00cdZES HIST\u00d3RICAS.<\/p>\n\n\n\n<p class=\"has-medium-font-size\">(     ) UMA MANIFESTA\u00c7\u00c3O QUE CELEBRA A CULTURA AFRO-BRASILEIRA.<\/p>\n\n\n\n<p class=\"has-medium-font-size\">(     ) UMA EXPRESS\u00c3O CULTURAL QUE SIMBOLIZA HONRA A S\u00c3O BENEDITO.<\/p>\n\n\n\n<p class=\"has-medium-font-size\">(     ) UMA DAN\u00c7A JUNINA SEM IMPORT\u00c2NCIA CULTURAL SIGNIFICATIVA.<\/p>\n\n\n\n<p class=\"has-background has-medium-font-size\" style=\"background-color:#f39a9a\"><strong>QUEST\u00c3O 4<\/strong><\/p>\n\n\n\n<p class=\"has-medium-font-size\">UM MOVIMENTO CARACTER\u00cdSTICO DA DAN\u00c7A TAMBOR DE CRIOULA \u00c9 A PUNGA OU UMBIGADA. RELACIONE ELE COM O SEU SIGNIFICADO:<\/p>\n\n\n<div class=\"wp-block-image\">\n<figure class=\"aligncenter size-full\"><img decoding=\"async\" width=\"410\" height=\"350\" src=\"https:\/\/sme.goiania.go.gov.br\/conexaoescola\/wp-content\/uploads\/2024\/06\/image-49.png\" alt=\"\" class=\"wp-image-184169\" srcset=\"https:\/\/sme.goiania.go.gov.br\/conexaoescola\/wp-content\/uploads\/2024\/06\/image-49.png 410w, https:\/\/sme.goiania.go.gov.br\/conexaoescola\/wp-content\/uploads\/2024\/06\/image-49-300x256.png 300w\" sizes=\"(max-width: 410px) 100vw, 410px\" \/><figcaption class=\"wp-element-caption\">Fonte: canva<\/figcaption><\/figure><\/div>\n\n\n<hr class=\"wp-block-separator has-alpha-channel-opacity\"\/>\n\n\n\n<figure class=\"wp-block-table alignfull is-style-stripes\"><table><tbody><tr><td>Autor<\/td><td>Jordana Ferreira<\/td><\/tr><tr><td>Forma\u00e7\u00e3o<\/td><td>Educa\u00e7\u00e3o F\u00edsica<\/td><\/tr><tr><td>Componentes Curriculares<\/td><td>Educa\u00e7\u00e3o F\u00edsica e Arte\/Dan\u00e7a<\/td><\/tr><tr><td>Objetivos de Aprendizagem e Desenvolvimento<\/td><td>(EJAEF0121) Reconhecer e vivenciar diferentes modalidades de dan\u00e7as do contexto nacional e regional.<br>(EJAAD0108) Investigar e compreender aspectos estruturais, din\u00e2micos e expressivos&nbsp; presentes em diferentes dan\u00e7as, explorando diferentes matrizes est\u00e9ticas e culturais, respeitando e partindo da diversidade de corpos e elementos est\u00e9ticos.<br><\/td><\/tr><tr><td>Refer\u00eancias<\/td><td>BARBOSA, Y\u00eada. Tambor de Crioula do Maranh\u00e3o. Bras\u00edlia, DF: Iphan, 2026.<\/td><\/tr><\/tbody><\/table><\/figure>\n","protected":false},"author":17,"featured_media":184959,"template":"","meta":{"_acf_changed":false,"ocean_post_layout":"","ocean_both_sidebars_style":"","ocean_both_sidebars_content_width":0,"ocean_both_sidebars_sidebars_width":0,"ocean_sidebar":"","ocean_second_sidebar":"","ocean_disable_margins":"enable","ocean_add_body_class":"","ocean_shortcode_before_top_bar":"","ocean_shortcode_after_top_bar":"","ocean_shortcode_before_header":"","ocean_shortcode_after_header":"","ocean_has_shortcode":"","ocean_shortcode_after_title":"","ocean_shortcode_before_footer_widgets":"","ocean_shortcode_after_footer_widgets":"","ocean_shortcode_before_footer_bottom":"","ocean_shortcode_after_footer_bottom":"","ocean_display_top_bar":"default","ocean_display_header":"default","ocean_header_style":"","ocean_center_header_left_menu":"","ocean_custom_header_template":"","ocean_custom_logo":0,"ocean_custom_retina_logo":0,"ocean_custom_logo_max_width":0,"ocean_custom_logo_tablet_max_width":0,"ocean_custom_logo_mobile_max_width":0,"ocean_custom_logo_max_height":0,"ocean_custom_logo_tablet_max_height":0,"ocean_custom_logo_mobile_max_height":0,"ocean_header_custom_menu":"","ocean_menu_typo_font_family":"","ocean_menu_typo_font_subset":"","ocean_menu_typo_font_size":0,"ocean_menu_typo_font_size_tablet":0,"ocean_menu_typo_font_size_mobile":0,"ocean_menu_typo_font_size_unit":"px","ocean_menu_typo_font_weight":"","ocean_menu_typo_font_weight_tablet":"","ocean_menu_typo_font_weight_mobile":"","ocean_menu_typo_transform":"","ocean_menu_typo_transform_tablet":"","ocean_menu_typo_transform_mobile":"","ocean_menu_typo_line_height":0,"ocean_menu_typo_line_height_tablet":0,"ocean_menu_typo_line_height_mobile":0,"ocean_menu_typo_line_height_unit":"","ocean_menu_typo_spacing":0,"ocean_menu_typo_spacing_tablet":0,"ocean_menu_typo_spacing_mobile":0,"ocean_menu_typo_spacing_unit":"","ocean_menu_link_color":"","ocean_menu_link_color_hover":"","ocean_menu_link_color_active":"","ocean_menu_link_background":"","ocean_menu_link_hover_background":"","ocean_menu_link_active_background":"","ocean_menu_social_links_bg":"","ocean_menu_social_hover_links_bg":"","ocean_menu_social_links_color":"","ocean_menu_social_hover_links_color":"","ocean_disable_title":"default","ocean_disable_heading":"default","ocean_post_title":"","ocean_post_subheading":"","ocean_post_title_style":"","ocean_post_title_background_color":"","ocean_post_title_background":0,"ocean_post_title_bg_image_position":"","ocean_post_title_bg_image_attachment":"","ocean_post_title_bg_image_repeat":"","ocean_post_title_bg_image_size":"","ocean_post_title_height":0,"ocean_post_title_bg_overlay":0.5,"ocean_post_title_bg_overlay_color":"","ocean_disable_breadcrumbs":"default","ocean_breadcrumbs_color":"","ocean_breadcrumbs_separator_color":"","ocean_breadcrumbs_links_color":"","ocean_breadcrumbs_links_hover_color":"","ocean_display_footer_widgets":"default","ocean_display_footer_bottom":"default","ocean_custom_footer_template":""},"eaja_categoria":[4],"serie":[70,71],"eaja_componente":[81],"class_list":["post-184162","eaja","type-eaja","status-publish","has-post-thumbnail","hentry","eaja_categoria-1o-segmento-1a-a-4a-serie","serie-1a-serie","serie-2a-serie","eaja_componente-educacao-fisica","entry","has-media"],"acf":[],"_links":{"self":[{"href":"https:\/\/sme.goiania.go.gov.br\/conexaoescola\/wp-json\/wp\/v2\/eaja\/184162","targetHints":{"allow":["GET"]}}],"collection":[{"href":"https:\/\/sme.goiania.go.gov.br\/conexaoescola\/wp-json\/wp\/v2\/eaja"}],"about":[{"href":"https:\/\/sme.goiania.go.gov.br\/conexaoescola\/wp-json\/wp\/v2\/types\/eaja"}],"author":[{"embeddable":true,"href":"https:\/\/sme.goiania.go.gov.br\/conexaoescola\/wp-json\/wp\/v2\/users\/17"}],"wp:featuredmedia":[{"embeddable":true,"href":"https:\/\/sme.goiania.go.gov.br\/conexaoescola\/wp-json\/wp\/v2\/media\/184959"}],"wp:attachment":[{"href":"https:\/\/sme.goiania.go.gov.br\/conexaoescola\/wp-json\/wp\/v2\/media?parent=184162"}],"wp:term":[{"taxonomy":"eaja_categoria","embeddable":true,"href":"https:\/\/sme.goiania.go.gov.br\/conexaoescola\/wp-json\/wp\/v2\/eaja_categoria?post=184162"},{"taxonomy":"serie","embeddable":true,"href":"https:\/\/sme.goiania.go.gov.br\/conexaoescola\/wp-json\/wp\/v2\/serie?post=184162"},{"taxonomy":"eaja_componente","embeddable":true,"href":"https:\/\/sme.goiania.go.gov.br\/conexaoescola\/wp-json\/wp\/v2\/eaja_componente?post=184162"}],"curies":[{"name":"wp","href":"https:\/\/api.w.org\/{rel}","templated":true}]}}