{"id":183998,"date":"2024-06-14T16:47:01","date_gmt":"2024-06-14T19:47:01","guid":{"rendered":"https:\/\/sme.goiania.go.gov.br\/conexaoescola\/?post_type=eaja&#038;p=183998"},"modified":"2024-06-26T16:11:33","modified_gmt":"2024-06-26T19:11:33","slug":"lingua-portuguesa-coesao-e-coerencia","status":"publish","type":"eaja","link":"https:\/\/sme.goiania.go.gov.br\/conexaoescola\/eaja\/lingua-portuguesa-coesao-e-coerencia\/","title":{"rendered":"L\u00edngua Portuguesa &#8211; Coes\u00e3o e coer\u00eancia"},"content":{"rendered":"\n<p class=\"has-text-align-center has-black-color has-text-color has-background has-link-color has-medium-font-size wp-elements-3d705dfd565e81078124915f4d5618b6\" style=\"background-color:#f78da84f\">Esta proposta de atividade de&nbsp;<strong>L\u00edngua Portuguesa<\/strong>&nbsp;\u00e9 destinada aos estudantes do <strong>6\u00ba Per\u00edodo<\/strong>&nbsp;da Educa\u00e7\u00e3o de Jovens e Adultos \u2013 EJA.<\/p>\n\n\n\n<div class=\"wp-block-buttons is-content-justification-center is-layout-flex wp-container-core-buttons-is-layout-16018d1d wp-block-buttons-is-layout-flex\">\n<div class=\"wp-block-button has-custom-font-size has-medium-font-size\"><a class=\"wp-block-button__link has-white-color has-black-background-color has-text-color has-background has-link-color wp-element-button\" href=\"https:\/\/drive.google.com\/uc?export=download&amp;id=1ys6luovGfZWQ1Adg1Y4HHCHbq19lOeKC\" target=\"_blank\" rel=\"noreferrer noopener\">BAIXE A ATIVIDADE<\/a><\/div>\n\n\n\n<div class=\"wp-block-button has-custom-font-size has-medium-font-size\"><a class=\"wp-block-button__link has-white-color has-black-background-color has-text-color has-background has-link-color wp-element-button\" href=\"https:\/\/drive.google.com\/uc?export=download&amp;id=1NcMy_yZmx-GxEn1Yxxi7PT7XIKhkpUJ4\" target=\"_blank\" rel=\"noreferrer noopener\">BAIXE OS SLIDES<\/a><\/div>\n\n\n\n<div class=\"wp-block-button has-custom-font-size has-medium-font-size\"><a class=\"wp-block-button__link has-white-color has-black-background-color has-text-color has-background has-link-color wp-element-button\" href=\"https:\/\/drive.google.com\/uc?export=download&amp;id=1Uoq73QBrwfdDSydHhH0TBuPD0NQgcFxs\" target=\"_blank\" rel=\"noreferrer noopener\">BAIXE O TEXTO<\/a><\/div>\n<\/div>\n\n\n\n<hr class=\"wp-block-separator has-alpha-channel-opacity\"\/>\n\n\n<div class=\"wp-block-image\">\n<figure class=\"aligncenter size-full\"><img fetchpriority=\"high\" decoding=\"async\" width=\"565\" height=\"565\" src=\"https:\/\/sme.goiania.go.gov.br\/conexaoescola\/wp-content\/uploads\/2024\/06\/Imagem1-1.png\" alt=\"\" class=\"wp-image-183999\" srcset=\"https:\/\/sme.goiania.go.gov.br\/conexaoescola\/wp-content\/uploads\/2024\/06\/Imagem1-1.png 565w, https:\/\/sme.goiania.go.gov.br\/conexaoescola\/wp-content\/uploads\/2024\/06\/Imagem1-1-300x300.png 300w, https:\/\/sme.goiania.go.gov.br\/conexaoescola\/wp-content\/uploads\/2024\/06\/Imagem1-1-150x150.png 150w\" sizes=\"(max-width: 565px) 100vw, 565px\" \/><figcaption class=\"wp-element-caption\">FONTE: Pixabay.com Dispon\u00edvel em: <a href=\"https:\/\/pixabay.com\/pt\/illustrations\/ai-gerado-b%C3%ADblia-religi%C3%A3o-8760922\/\">https:\/\/pixabay.com\/pt\/illustrations\/ai-gerado-b%C3%ADblia-religi%C3%A3o-8760922\/<\/a> Acesso em 13\/06\/2024.<\/figcaption><\/figure><\/div>\n\n\n<p class=\"has-text-align-center has-black-color has-text-color has-background has-link-color has-medium-font-size wp-elements-3ae3baa11b81c4533bd8354aa8b209c7\" style=\"background-color:#f78da859\"><strong>COES\u00c3O E COER\u00caNCIA<\/strong><\/p>\n\n\n\n<p class=\"has-black-color has-text-color has-link-color has-medium-font-size wp-elements-cfb2d39e134b30c8835ba67820f55bae\">A coes\u00e3o e a coer\u00eancia s\u00e3o mecanismos lingu\u00edsticos que facilitam a compreens\u00e3o de um texto, oferecendo-lhe clareza e sentido. Embora sejam conceitos distintos, a coes\u00e3o e a coer\u00eancia est\u00e3o intimamente relacionadas. Um texto pode ser coeso, com frases bem conectadas, mas ainda assim ser incoerente se as ideias n\u00e3o fizerem sentido juntas. Conhe\u00e7a agora os conceitos que diferencia a coes\u00e3o de coer\u00eancia.<\/p>\n\n\n\n<p class=\"has-black-color has-text-color has-link-color has-medium-font-size wp-elements-d149eadd8df88ef78cdfa2da218944d7\"><strong>&nbsp;Coes\u00e3o<\/strong><\/p>\n\n\n\n<p class=\"has-black-color has-text-color has-link-color has-medium-font-size wp-elements-512e23bc6bd34e75de824a84c38bc394\">A coes\u00e3o \u00e9 a propriedade textual que se refere \u00e0s conex\u00f5es expl\u00edcitas e formais entre os elementos do texto, assegurando que as frases e par\u00e1grafos estejam bem ligados entre si. Ela \u00e9 alcan\u00e7ada por meio de diversos mecanismos lingu\u00edsticos, como pronomes, conjun\u00e7\u00f5es, sin\u00f4nimos, elipses e outros recursos que evitam repeti\u00e7\u00f5es e criam continuidade. Exemplo:<\/p>\n\n\n\n<p class=\"has-black-color has-text-color has-link-color has-medium-font-size wp-elements-fed70589b260a96f2e9e807910453969\"> \u201cA leitura desempenha um papel fundamental na forma\u00e7\u00e3o dos jovens. <strong>Em primeiro lugar<\/strong>, <strong>ela<\/strong> amplia o vocabul\u00e1rio <strong>e<\/strong> melhora a capacidade de comunica\u00e7\u00e3o. <strong>Al\u00e9m disso<\/strong>, a leitura estimula a criatividade <strong>e <\/strong>a imagina\u00e7\u00e3o.\u201d<\/p>\n\n\n\n<p class=\"has-black-color has-text-color has-link-color has-medium-font-size wp-elements-7531079c27c43862c6eb740dcb084b39\">Observe que os elementos em negritos proporcionam uma liga\u00e7\u00e3o entre as ideias do per\u00edodo, facilitando sua compreens\u00e3o e claro dando-lhe sequ\u00eancia e clareza, mantendo de forma efetiva a coes\u00e3o do texto.<\/p>\n\n\n\n<p class=\"has-black-color has-text-color has-link-color has-medium-font-size wp-elements-84869e953f9b663c4b78d132cd3d1684\"><strong>&nbsp;Coer\u00eancia<\/strong><\/p>\n\n\n\n<p class=\"has-black-color has-text-color has-link-color has-medium-font-size wp-elements-c2ffaaafaa77eb431da98df8b1f40e54\">A coer\u00eancia \u00e9 a propriedade textual que se refere \u00e0 organiza\u00e7\u00e3o l\u00f3gica e \u00e0 consist\u00eancia das ideias apresentadas no texto, garantindo que ele fa\u00e7a sentido como um todo. Coer\u00eancia envolve a estrutura l\u00f3gica e o desenvolvimento adequado dos temas e argumentos, de modo que o leitor consiga compreender e seguir o racioc\u00ednio do autor. Exemplo:<\/p>\n\n\n\n<p class=\"has-black-color has-text-color has-link-color has-medium-font-size wp-elements-1bfd58d6b00a5f6e4dddfd60cd1162ea\">\u201cAdotar uma alimenta\u00e7\u00e3o saud\u00e1vel \u00e9 fundamental para manter uma boa qualidade de vida. <strong>Primeiramente<\/strong>, uma dieta equilibrada fornece os nutrientes essenciais para o funcionamento adequado do corpo. <strong>Por exemplo<\/strong>, vitaminas e minerais s\u00e3o necess\u00e1rios para fortalecer o sistema imunol\u00f3gico e prevenir doen\u00e7as. <strong>Al\u00e9m disso<\/strong>, consumir alimentos ricos em fibras, melhora o sistema digestivo e ajuda a manter o peso. <strong>Outro aspecto importante<\/strong> \u00e9 o impacto da alimenta\u00e7\u00e3o saud\u00e1vel na sa\u00fade mental. <strong>Estudos indicam que<\/strong> uma dieta rica em nutrientes pode melhorar o humor e a fun\u00e7\u00e3o cognitiva. <strong>Portanto<\/strong>, escolher alimentos saud\u00e1veis pode contribuir para um bem-estar mental mais equilibrado.\u201d<\/p>\n\n\n\n<p class=\"has-black-color has-text-color has-link-color has-medium-font-size wp-elements-6140f68c33d5b9744f0f7ef33c8a081c\">Note que os termos em negrito estabelecem uma unidade l\u00f3gica e repleta de significado, aponta um sentido pleno e global que inicia e termina o texto, revelando seu tema sem perder a sequ\u00eancia, essa uni\u00e3o de sentidos que resguarda o tema \u00e9 a coer\u00eancia.<\/p>\n\n\n<div class=\"wp-block-image is-style-rounded\">\n<figure class=\"aligncenter size-full\"><img decoding=\"async\" width=\"683\" height=\"455\" src=\"https:\/\/sme.goiania.go.gov.br\/conexaoescola\/wp-content\/uploads\/2024\/06\/Imagem2-1.png\" alt=\"\" class=\"wp-image-184000\" srcset=\"https:\/\/sme.goiania.go.gov.br\/conexaoescola\/wp-content\/uploads\/2024\/06\/Imagem2-1.png 683w, https:\/\/sme.goiania.go.gov.br\/conexaoescola\/wp-content\/uploads\/2024\/06\/Imagem2-1-300x200.png 300w\" sizes=\"(max-width: 683px) 100vw, 683px\" \/><figcaption class=\"wp-element-caption\">FONTE: Pixabay.com Dispon\u00edvel em: <a href=\"https:\/\/pixabay.com\/pt\/illustrations\/mulher-mo%C3%A7a-jovem-lendo-leitura-7704442\/\">https:\/\/pixabay.com\/pt\/illustrations\/mulher-mo%C3%A7a-jovem-lendo-leitura-7704442\/<\/a> Acesso em 13\/06\/2024.<\/figcaption><\/figure><\/div>\n\n\n<p class=\"has-black-color has-text-color has-link-color has-medium-font-size wp-elements-8cbb854636cbed67819b64470bb8b0fc\">A coes\u00e3o e a coer\u00eancia n\u00e3o s\u00e3o exatamente ferramentas textuais, mas sim propriedades ou caracter\u00edsticas essenciais de um texto bem constru\u00eddo. Elas garantem que um texto seja compreens\u00edvel e que transmita suas ideias de maneira clara e concisa, facilitando a comunica\u00e7\u00e3o efetiva com o leitor.<\/p>\n\n\n\n<p class=\"has-text-align-center has-black-color has-text-color has-background has-link-color has-medium-font-size wp-elements-6cabd5a32df62b974d29439bbf29c73a\" style=\"background-color:#8dd2fc63\"><strong>RESPONDA AS QUEST\u00d5ES<\/strong><\/p>\n\n\n\n<p class=\"has-background has-medium-font-size\" style=\"background-color:#f78da85e\"><strong>QUEST\u00c3O 1<\/strong><\/p>\n\n\n\n<p class=\"has-black-color has-text-color has-link-color has-medium-font-size wp-elements-038693f763fab779f4f6861b676feea2\">Leia o texto abaixo e identifique os conectores (conjun\u00e7\u00f5es e pronomes) que ajudam na coes\u00e3o textual.<\/p>\n\n\n\n<p class=\"has-black-color has-text-color has-link-color has-medium-font-size wp-elements-b4bf19494674b55d7a7dc7caff1da1bb\">&#8220;Maria acordou cedo, pois tinha um compromisso importante. Ela tomou um r\u00e1pido caf\u00e9 da manh\u00e3 e saiu de casa. No caminho, encontrou um velho amigo, com quem conversou por alguns minutos. Depois, continuou sua jornada, mas percebeu que estava atrasada. Por fim, chegou ao local do compromisso exatamente na hora marcada.&#8221;<\/p>\n\n\n\n<p class=\"has-black-color has-text-color has-background has-link-color has-medium-font-size wp-elements-34d16cf51fcb3cbd4914dcfe1f26e263\" style=\"background-color:#f78da85c\"><strong>QUEST\u00c3O 2<\/strong><\/p>\n\n\n\n<p class=\"has-black-color has-text-color has-link-color has-medium-font-size wp-elements-322043aecf3b0e1f24e4739482165ad9\">Identifique a ordem l\u00f3gica das senten\u00e7as para garantir a coer\u00eancia. Em seguida reorganize as frases abaixo para formar um par\u00e1grafo coerente:<\/p>\n\n\n\n<p class=\"has-black-color has-text-color has-link-color has-medium-font-size wp-elements-052dd20bf1654c5fb395271c6a59b94e\">&nbsp;No entanto, esqueceu de levar a chave.&nbsp; Maria foi ao mercado.&nbsp; Ela comprou frutas e verduras. Precisava de ajuda, resolveu ligar para um amigo. Quando voltou para casa, n\u00e3o conseguiu entrar.<\/p>\n\n\n\n<p class=\"has-black-color has-text-color has-background has-link-color has-medium-font-size wp-elements-3e76fafe2358737299565b936299beaf\" style=\"background-color:#f78da85c\"><strong>QUEST\u00c3O 3<\/strong><\/p>\n\n\n\n<p class=\"has-black-color has-text-color has-link-color has-medium-font-size wp-elements-2c547ae1354454639bdfcaf72382e2cc\">A coes\u00e3o textual pode ser claramente definida como<\/p>\n\n\n\n<p class=\"has-black-color has-text-color has-link-color has-medium-font-size wp-elements-06f04255264fdfe931578a5d6c0b4e4c\">(A) a sequ\u00eancia l\u00f3gica de ideias em um texto.<\/p>\n\n\n\n<p class=\"has-black-color has-text-color has-link-color has-medium-font-size wp-elements-7c428226e6a0b868614adf78a0338fa5\">(B) a clareza e precis\u00e3o das ideias apresentadas.<\/p>\n\n\n\n<p class=\"has-black-color has-text-color has-link-color has-medium-font-size wp-elements-06af1fb89a7b81df4ccd1fe5716e0b5f\">(C) a conex\u00e3o formal e lingu\u00edstica entre as partes do texto.<\/p>\n\n\n\n<p class=\"has-black-color has-text-color has-link-color has-medium-font-size wp-elements-4026eb27ac980a5e925e9144baabcd9a\">(D) a relev\u00e2ncia e pertin\u00eancia das informa\u00e7\u00f5es no texto.<\/p>\n\n\n\n<p class=\"has-black-color has-text-color has-background has-link-color has-medium-font-size wp-elements-1c2f5c8bf26b69a25bd0834863ce9908\" style=\"background-color:#f78da854\"><strong>QUEST\u00c3O 4<\/strong><\/p>\n\n\n\n<p class=\"has-black-color has-text-color has-link-color has-medium-font-size wp-elements-6cfd7d0b6fcddd7db08afb077093aa6c\">A coer\u00eancia \u00e9 essencial em um texto, pois ajuda<\/p>\n\n\n\n<p class=\"has-black-color has-text-color has-link-color has-medium-font-size wp-elements-dc4081d6eb2639f4186e1cc0b41b1fe9\">(A) evitar repeti\u00e7\u00e3o de palavras.<\/p>\n\n\n\n<p class=\"has-black-color has-text-color has-link-color has-medium-font-size wp-elements-b16b0daab0c837bf8cdf60c8abacb9f3\">(B) garantir que o texto fa\u00e7a sentido.<\/p>\n\n\n\n<p class=\"has-black-color has-text-color has-link-color has-medium-font-size wp-elements-7a8e79960f5ed0278fe27e6cdfba92dd\">(C) permitir o uso de frases longas.<\/p>\n\n\n\n<p class=\"has-black-color has-text-color has-link-color has-medium-font-size wp-elements-ee7375955ec0185539ade96e6b3c4071\">(D) incluir mais detalhes e descri\u00e7\u00f5es.<\/p>\n\n\n\n<p class=\"has-black-color has-text-color has-background has-link-color has-medium-font-size wp-elements-5d39c97285af4e90246120e6588f3542\" style=\"background-color:#f78da859\"><strong>QUEST\u00c3O 5<\/strong><\/p>\n\n\n\n<p class=\"has-black-color has-text-color has-link-color has-medium-font-size wp-elements-010c116158003cbf637e5f085affae69\">A principal diferen\u00e7a entre coes\u00e3o e coer\u00eancia \u00e9<\/p>\n\n\n\n<p class=\"has-black-color has-text-color has-link-color has-medium-font-size wp-elements-25151bd4aad1bb3c71d3c3dd230a4060\">(A) a coes\u00e3o trata da clareza das ideias, enquanto a coer\u00eancia trata da conex\u00e3o formal entre elas.<\/p>\n\n\n\n<p class=\"has-black-color has-text-color has-link-color has-medium-font-size wp-elements-d7ef0c15da851c0e70bd6bbef360a441\">(B) a coes\u00e3o trata da conex\u00e3o formal, enquanto a coer\u00eancia trata da organiza\u00e7\u00e3o l\u00f3gica  das ideias.<\/p>\n\n\n\n<p class=\"has-black-color has-text-color has-link-color has-medium-font-size wp-elements-ebecf409e5042630526ad6dde904ad06\">(C) a coes\u00e3o trata da repeti\u00e7\u00e3o de palavras, enquanto a coer\u00eancia trata do uso de pronomes.<\/p>\n\n\n\n<p class=\"has-black-color has-text-color has-link-color has-medium-font-size wp-elements-5ebd3323c3a8fa8cd414fbf0775b2935\">(D) a coes\u00e3o trata da unidade de sentidos, enquanto a  coer\u00eancia trata da jun\u00e7\u00e3o das ideias.<\/p>\n\n\n\n<hr class=\"wp-block-separator has-alpha-channel-opacity\"\/>\n\n\n\n<figure class=\"wp-block-table is-style-stripes\"><table><tbody><tr><td><strong>Autoria:<\/strong><\/td><td>Regina C\u00e1cia<\/td><\/tr><tr><td><strong>Forma\u00e7\u00e3o:<\/strong><\/td><td>Letras &#8211; L\u00edngua Portuguesa<\/td><\/tr><tr><td><strong>Componente Curricular:<\/strong><\/td><td>L\u00edngua Portuguesa<\/td><\/tr><tr><td><strong>Objetivos de Aprendizagem e Desenvolvimento:<\/strong><\/td><td>(EJALP0635) Analisar e utilizar recursos lingu\u00edsticos que marquem as rela\u00e7\u00f5es de sentido entre par\u00e1grafos e enunciados do texto e operadores de conex\u00e3o adequados aos tipos de argumento e \u00e0 forma de composi\u00e7\u00e3o de textos argumentativos, de maneira a garantir a coes\u00e3o, a coer\u00eancia e a progress\u00e3o tem\u00e1tica nesses textos<\/td><\/tr><tr><td><strong>Refer\u00eancias:<\/strong><\/td><td>JAKOBSON, R. Lingu\u00edstica e comunica\u00e7\u00e3o. 23.ed. S\u00e3o Paulo: Cultrix, 2008 &nbsp; <br><br>KOCH, Ingedore Villa\u00e7a; ELIAS, Vanda Maria. Ler e escrever: estrat\u00e9gias de produ\u00e7\u00e3o textual. 2. ed. S\u00e3o Paulo: Contexto, 2011. &nbsp; <br><br>MAINGUENEAU, Dominique. An\u00e1lise de textos de comunica\u00e7\u00e3o. 6. ed. ampl. S\u00e3o Paulo: Cortez, 2013. &nbsp; <br><br>MARCUSCHI, Luiz Ant\u00f4nio. Produ\u00e7\u00e3o textual, an\u00e1lise de g\u00eaneros e compreens\u00e3o. S\u00e3o Paulo: Par\u00e1bola, 2008. &nbsp;<\/td><\/tr><\/tbody><\/table><\/figure>\n","protected":false},"author":54,"featured_media":183999,"template":"","meta":{"_acf_changed":false,"ocean_post_layout":"","ocean_both_sidebars_style":"","ocean_both_sidebars_content_width":0,"ocean_both_sidebars_sidebars_width":0,"ocean_sidebar":"","ocean_second_sidebar":"","ocean_disable_margins":"enable","ocean_add_body_class":"","ocean_shortcode_before_top_bar":"","ocean_shortcode_after_top_bar":"","ocean_shortcode_before_header":"","ocean_shortcode_after_header":"","ocean_has_shortcode":"","ocean_shortcode_after_title":"","ocean_shortcode_before_footer_widgets":"","ocean_shortcode_after_footer_widgets":"","ocean_shortcode_before_footer_bottom":"","ocean_shortcode_after_footer_bottom":"","ocean_display_top_bar":"default","ocean_display_header":"default","ocean_header_style":"","ocean_center_header_left_menu":"","ocean_custom_header_template":"","ocean_custom_logo":0,"ocean_custom_retina_logo":0,"ocean_custom_logo_max_width":0,"ocean_custom_logo_tablet_max_width":0,"ocean_custom_logo_mobile_max_width":0,"ocean_custom_logo_max_height":0,"ocean_custom_logo_tablet_max_height":0,"ocean_custom_logo_mobile_max_height":0,"ocean_header_custom_menu":"","ocean_menu_typo_font_family":"","ocean_menu_typo_font_subset":"","ocean_menu_typo_font_size":0,"ocean_menu_typo_font_size_tablet":0,"ocean_menu_typo_font_size_mobile":0,"ocean_menu_typo_font_size_unit":"px","ocean_menu_typo_font_weight":"","ocean_menu_typo_font_weight_tablet":"","ocean_menu_typo_font_weight_mobile":"","ocean_menu_typo_transform":"","ocean_menu_typo_transform_tablet":"","ocean_menu_typo_transform_mobile":"","ocean_menu_typo_line_height":0,"ocean_menu_typo_line_height_tablet":0,"ocean_menu_typo_line_height_mobile":0,"ocean_menu_typo_line_height_unit":"","ocean_menu_typo_spacing":0,"ocean_menu_typo_spacing_tablet":0,"ocean_menu_typo_spacing_mobile":0,"ocean_menu_typo_spacing_unit":"","ocean_menu_link_color":"","ocean_menu_link_color_hover":"","ocean_menu_link_color_active":"","ocean_menu_link_background":"","ocean_menu_link_hover_background":"","ocean_menu_link_active_background":"","ocean_menu_social_links_bg":"","ocean_menu_social_hover_links_bg":"","ocean_menu_social_links_color":"","ocean_menu_social_hover_links_color":"","ocean_disable_title":"default","ocean_disable_heading":"default","ocean_post_title":"","ocean_post_subheading":"","ocean_post_title_style":"","ocean_post_title_background_color":"","ocean_post_title_background":0,"ocean_post_title_bg_image_position":"","ocean_post_title_bg_image_attachment":"","ocean_post_title_bg_image_repeat":"","ocean_post_title_bg_image_size":"","ocean_post_title_height":0,"ocean_post_title_bg_overlay":0.5,"ocean_post_title_bg_overlay_color":"","ocean_disable_breadcrumbs":"default","ocean_breadcrumbs_color":"","ocean_breadcrumbs_separator_color":"","ocean_breadcrumbs_links_color":"","ocean_breadcrumbs_links_hover_color":"","ocean_display_footer_widgets":"default","ocean_display_footer_bottom":"default","ocean_custom_footer_template":""},"eaja_categoria":[69],"serie":[100],"eaja_componente":[77],"class_list":["post-183998","eaja","type-eaja","status-publish","has-post-thumbnail","hentry","eaja_categoria-2o-segmento-7a-e-8a-serie","serie-8a-serie","eaja_componente-lingua-portuguesa","entry","has-media"],"acf":[],"_links":{"self":[{"href":"https:\/\/sme.goiania.go.gov.br\/conexaoescola\/wp-json\/wp\/v2\/eaja\/183998","targetHints":{"allow":["GET"]}}],"collection":[{"href":"https:\/\/sme.goiania.go.gov.br\/conexaoescola\/wp-json\/wp\/v2\/eaja"}],"about":[{"href":"https:\/\/sme.goiania.go.gov.br\/conexaoescola\/wp-json\/wp\/v2\/types\/eaja"}],"author":[{"embeddable":true,"href":"https:\/\/sme.goiania.go.gov.br\/conexaoescola\/wp-json\/wp\/v2\/users\/54"}],"wp:featuredmedia":[{"embeddable":true,"href":"https:\/\/sme.goiania.go.gov.br\/conexaoescola\/wp-json\/wp\/v2\/media\/183999"}],"wp:attachment":[{"href":"https:\/\/sme.goiania.go.gov.br\/conexaoescola\/wp-json\/wp\/v2\/media?parent=183998"}],"wp:term":[{"taxonomy":"eaja_categoria","embeddable":true,"href":"https:\/\/sme.goiania.go.gov.br\/conexaoescola\/wp-json\/wp\/v2\/eaja_categoria?post=183998"},{"taxonomy":"serie","embeddable":true,"href":"https:\/\/sme.goiania.go.gov.br\/conexaoescola\/wp-json\/wp\/v2\/serie?post=183998"},{"taxonomy":"eaja_componente","embeddable":true,"href":"https:\/\/sme.goiania.go.gov.br\/conexaoescola\/wp-json\/wp\/v2\/eaja_componente?post=183998"}],"curies":[{"name":"wp","href":"https:\/\/api.w.org\/{rel}","templated":true}]}}