{"id":183609,"date":"2024-06-07T09:22:23","date_gmt":"2024-06-07T12:22:23","guid":{"rendered":"https:\/\/sme.goiania.go.gov.br\/conexaoescola\/?post_type=eaja&#038;p=183609"},"modified":"2024-08-23T09:17:57","modified_gmt":"2024-08-23T12:17:57","slug":"geog-dist","status":"publish","type":"eaja","link":"https:\/\/sme.goiania.go.gov.br\/conexaoescola\/eaja\/geog-dist\/","title":{"rendered":"Geografia &#8211; Distribui\u00e7\u00e3o da popula\u00e7\u00e3o brasileira"},"content":{"rendered":"\n<p class=\"has-black-color has-text-color has-background has-medium-font-size\" style=\"background:linear-gradient(135deg,rgb(202,248,128) 0%,rgb(0,111,15) 100%)\">Esta proposta de atividade de&nbsp;<strong>GEOGRAFIA<\/strong>&nbsp;\u00e9 destinada aos estudantes do&nbsp;<strong>5\u00ba  per\u00edodo<\/strong>&nbsp;da Educa\u00e7\u00e3o de Jovens e Adultos \u2013 EJA.<\/p>\n\n\n\n<div class=\"wp-block-buttons is-content-justification-center is-layout-flex wp-container-core-buttons-is-layout-16018d1d wp-block-buttons-is-layout-flex\">\n<div class=\"wp-block-button has-custom-font-size has-medium-font-size\"><a class=\"wp-block-button__link has-white-color has-black-background-color has-text-color has-background wp-element-button\" href=\"https:\/\/drive.google.com\/uc?export=download&amp;id=1Ga7lLSW-iaCb3YZ5T2MRIlwfYOooaVY8\" target=\"_blank\" rel=\"noreferrer noopener\">BAIXE A ATIVIDADE<\/a><\/div>\n\n\n\n<div class=\"wp-block-button has-custom-font-size has-medium-font-size\"><a class=\"wp-block-button__link has-white-color has-black-background-color has-text-color has-background wp-element-button\" href=\"https:\/\/drive.google.com\/uc?export=download&amp;id=14soweP0nKaNWneTfAnl5lc-OGfVQXLQc\" target=\"_blank\" rel=\"noreferrer noopener\">BAIXE OS SLIDES<\/a><\/div>\n\n\n\n<div class=\"wp-block-button has-custom-font-size has-medium-font-size\"><a class=\"wp-block-button__link has-white-color has-black-background-color has-text-color has-background wp-element-button\" href=\"https:\/\/drive.google.com\/uc?export=download&amp;id=1f7qoPMXMDWSy3cDhdsmXNLtAPJRYkS-I\" target=\"_blank\" rel=\"noreferrer noopener\">BAIXE O TEXTO<\/a><\/div>\n<\/div>\n\n\n\n<p><\/p>\n\n\n<div class=\"wp-block-image is-style-rounded\">\n<figure class=\"aligncenter size-full is-resized\"><img fetchpriority=\"high\" decoding=\"async\" width=\"1169\" height=\"826\" src=\"https:\/\/sme.goiania.go.gov.br\/conexaoescola\/wp-content\/uploads\/2024\/06\/dfdfd.png\" alt=\"\" class=\"wp-image-183610\" style=\"width:888px;height:auto\" srcset=\"https:\/\/sme.goiania.go.gov.br\/conexaoescola\/wp-content\/uploads\/2024\/06\/dfdfd.png 1169w, https:\/\/sme.goiania.go.gov.br\/conexaoescola\/wp-content\/uploads\/2024\/06\/dfdfd-300x212.png 300w, https:\/\/sme.goiania.go.gov.br\/conexaoescola\/wp-content\/uploads\/2024\/06\/dfdfd-1024x724.png 1024w, https:\/\/sme.goiania.go.gov.br\/conexaoescola\/wp-content\/uploads\/2024\/06\/dfdfd-768x543.png 768w\" sizes=\"(max-width: 1169px) 100vw, 1169px\" \/><figcaption class=\"wp-element-caption\">Densidade demogr\u00e1fica. Dispon\u00edvel em:&lt;https:\/\/brasilemsintese.ibge.gov.br\/territorio\/densidade-demografica.html&gt;. Acesso em: 07, jun. 2024.<\/figcaption><\/figure><\/div>\n\n\n<p class=\"has-text-align-center has-white-color has-black-background-color has-text-color has-background has-link-color has-medium-font-size wp-elements-5dfd1ef7a1ef2e42cf1c8a3b3bf33004\"><strong>Distribui\u00e7\u00e3o da popula\u00e7\u00e3o brasileira<\/strong><\/p>\n\n\n\n<p class=\"has-black-color has-text-color has-link-color has-medium-font-size wp-elements-cf94a42bb6d21fed4189e6261cfeff75\">O Instituto Brasileiro de Geografia e Estat\u00edstica (IBGE) \u00e9 respons\u00e1vel pelo levantamento dos dados estat\u00edsticos da popula\u00e7\u00e3o brasileira. Os dados produzidos pelo IBGE s\u00e3o utilizados em diferentes \u00e1reas do conhecimento e aplicados para auxiliar na proposi\u00e7\u00e3o de pol\u00edticas p\u00fablicas, estrat\u00e9gias de mercado, dentre outros.<\/p>\n\n\n\n<p class=\"has-black-color has-text-color has-link-color has-medium-font-size wp-elements-69c92da8aad462fc3756cad68c2a071f\">Dentre os diversos dados apresentados pelo IBGE, vamos analisar os conceitos demogr\u00e1ficos da popula\u00e7\u00e3o brasileira associados \u00e0 distribui\u00e7\u00e3o do nosso povo pelo territ\u00f3rio, o conceito de popula\u00e7\u00e3o absoluta e popula\u00e7\u00e3o relativa nos permite compreender melhor como nos organizamos pelo espa\u00e7o.&nbsp;<\/p>\n\n\n\n<p class=\"has-black-color has-text-color has-link-color has-medium-font-size wp-elements-fadaffebaa50db864e2d168d1a474b58\">A popula\u00e7\u00e3o absoluta \u00e9 o n\u00famero total de habitantes, \u00e9 a soma de toda a popula\u00e7\u00e3o de um determinado lugar. Quando temos uma popula\u00e7\u00e3o absoluta expressiva, dizemos que esse lugar \u00e9 populoso.&nbsp;<\/p>\n\n\n\n<p class=\"has-black-color has-text-color has-link-color has-medium-font-size wp-elements-d4d2b202bec58b32bd9acc817e0de84f\">J\u00e1 a popula\u00e7\u00e3o relativa ou a densidade demogr\u00e1fica \u00e9 a rela\u00e7\u00e3o entre a popula\u00e7\u00e3o absoluta e o tamanho do territ\u00f3rio, representa o n\u00famero de habitantes por km\u00b2. Para encontrar a popula\u00e7\u00e3o relevante devemos dividir a popula\u00e7\u00e3o absoluta pela \u00e1rea do territ\u00f3rio. Quando a popula\u00e7\u00e3o est\u00e1 bem dividida pelo territ\u00f3rio, geralmente a popula\u00e7\u00e3o relativa vai ser alta e vamos classificar esse lugar como povoado.&nbsp;<\/p>\n\n\n\n<p class=\"has-black-color has-text-color has-link-color has-medium-font-size wp-elements-4993806a149e050fbd2ae2427ac51494\">Segundo o IBGE a popula\u00e7\u00e3o brasileira em 2022 era de 203.080.756 de pessoas, com \u00e1rea total de 8.510.295 km\u00b2 de extens\u00e3o, a densidade demogr\u00e1fica do Brasil \u00e9 de 23,8 habitantes por km\u00b2.&nbsp; Veja:&nbsp;<\/p>\n\n\n\n<p class=\"has-text-align-center has-black-color has-text-color has-link-color has-medium-font-size wp-elements-8d63fb76777a5e55419e9cb57da133f6\"><strong>Popula\u00e7\u00e3o absoluta<\/strong><strong> \u00f7 <\/strong><strong>\u00c1rea total<\/strong><strong>&nbsp; =&nbsp; <\/strong><strong>Densidade demogr\u00e1fica<\/strong><strong>&nbsp;<\/strong><\/p>\n\n\n\n<p class=\"has-text-align-center has-black-color has-text-color has-link-color has-medium-font-size wp-elements-6edc18077dd7a63d9c08863f6ca18d81\"><strong>203.080.756<\/strong><strong> \u00f7 <\/strong><strong>8.510.295<\/strong><strong> = <\/strong><strong>23,8 hab\/km\u00b2<\/strong><\/p>\n\n\n\n<p class=\"has-black-color has-text-color has-link-color has-medium-font-size wp-elements-bff14847b649667365a7d81f819feab5\">O Brasil \u00e9 um pa\u00eds populoso, apresenta a s\u00e9tima maior popula\u00e7\u00e3o do mundo. Por\u00e9m, devido a grande extens\u00e3o territorial, o quinto maior territ\u00f3rio do mundo, a densidade demogr\u00e1fica brasileira \u00e9 baixa o que nos permite compreender que existem \u00e1reas de vazios demogr\u00e1ficos no Brasil.&nbsp;<\/p>\n\n\n\n<p class=\"has-black-color has-text-color has-link-color has-medium-font-size wp-elements-4201afb769dd0403f14ba3a6db9889ca\">Em decorr\u00eancia de diversos fatores, a popula\u00e7\u00e3o brasileira est\u00e1 concentrada nas \u00e1reas litor\u00e2neas e na regi\u00e3o geoecon\u00f4mica do centro- sul,&nbsp; o sert\u00e3o brasileiro apresenta menor densidade demogr\u00e1fica. De acordo com IBGE (2022), o estado do Rio de Janeiro apresenta 367 hab\/km\u00b2, enquanto o estado do Amazonas alcan\u00e7ou 2,53 hab\/km\u00b2.&nbsp;<\/p>\n\n\n\n<p class=\"has-white-color has-black-background-color has-text-color has-background has-link-color has-medium-font-size wp-elements-2ead34ca6f4cd8ca3d86c97c6b9a524a\"><strong>QUEST\u00c3O 01<\/strong> <\/p>\n\n\n\n<figure class=\"wp-block-image\"><img decoding=\"async\" src=\"https:\/\/lh7-us.googleusercontent.com\/docsz\/AD_4nXeasZ3MRbMtJwc-BFfPPMZaNHy3HRP87_6HR3HGh01FnF9QoUQME_YSaFgyTdN7bWLsSKIO_TKPzaRW8a28h-Yyd7Zkz12c8J1I8WOKYpq-HpXjZePH1ffCxlwH-78-LsF33RHsICoiWWz0OBUmrkU3eGBoaJfa1lafHbXH6A?key=PNcGU4O5Vtn0OV2LYMJWiQ\" alt=\"\"\/><figcaption class=\"wp-element-caption\">Densidade demogr\u00e1fica &#8211; <strong>Fonte:<\/strong> https:\/\/brasilemsintese.ibge.gov.br\/territorio\/densidade-demografica.html<\/figcaption><\/figure>\n\n\n\n<p class=\"has-black-color has-text-color has-link-color has-medium-font-size wp-elements-f0c51c0115b2c80fc12178f000d9371e\">O mapa do IBGE representa<\/p>\n\n\n\n<p class=\"has-black-color has-text-color has-link-color has-medium-font-size wp-elements-4a58552ff207f20f46a2e7cbdc338b68\">(A) popula\u00e7\u00e3o absoluta.\u00a0<\/p>\n\n\n\n<p class=\"has-black-color has-text-color has-link-color has-medium-font-size wp-elements-28b7dcafd94b7c9fc83a01ad245d6fe1\">(B) popula\u00e7\u00e3o relativa.<\/p>\n\n\n\n<p class=\"has-black-color has-text-color has-link-color has-medium-font-size wp-elements-079aaa19f5de8806825d0cc255803cf2\">(C) n\u00famero total de habitantes.\u00a0<\/p>\n\n\n\n<p class=\"has-black-color has-text-color has-link-color has-medium-font-size wp-elements-9ea993b5f2f3b5e1e7ed506b24411d5d\">(D) conceito de populoso.<\/p>\n\n\n\n<p class=\"has-white-color has-black-background-color has-text-color has-background has-medium-font-size\"><strong>QUEST\u00c3O 2<\/strong><\/p>\n\n\n\n<p class=\"has-black-color has-text-color has-link-color has-medium-font-size wp-elements-683a482a5c599c6dd5273276e02bf76f\">De acordo com o mapa presente na quest\u00e3o 01, podemos concluir que o Brasil \u00e9 um pa\u00eds bem povoado?<\/p>\n\n\n\n<p class=\"has-white-color has-black-background-color has-text-color has-background has-medium-font-size\"><strong>QUEST\u00c3O 3<\/strong><\/p>\n\n\n\n<p class=\"has-black-color has-text-color has-link-color has-medium-font-size wp-elements-03454e8b9e9e5b67d31c7986f01aa036\">Complete a tabela com a popula\u00e7\u00e3o relativa das unidades da federa\u00e7\u00e3o citadas.&nbsp;<\/p>\n\n\n\n<figure class=\"wp-block-table\"><table><tbody><tr><td><strong>UF<\/strong><\/td><td><strong>Pop. Absoluta&nbsp;<\/strong><\/td><td><strong>\u00c1rea&nbsp;<\/strong><\/td><td><strong>Pop. Relativa&nbsp;<\/strong><\/td><\/tr><tr><td><strong>Goi\u00e1s<\/strong><\/td><td>7.056.495<\/td><td>340.086 km\u00b2<\/td><td><\/td><\/tr><tr><td><strong>S\u00e3o Paulo&nbsp;<\/strong><\/td><td>44.411.238<\/td><td>248.219 km\u00b2<\/td><td><\/td><\/tr><tr><td><strong>Amazonas&nbsp;<\/strong><\/td><td>3.941.613<\/td><td>1.571.000 km\u00b2<\/td><td><\/td><\/tr><\/tbody><\/table><\/figure>\n\n\n\n<p class=\"has-white-color has-black-background-color has-text-color has-background has-medium-font-size\"><strong>QUEST\u00c3O 4<\/strong><\/p>\n\n\n\n<p class=\"has-black-color has-text-color has-link-color has-medium-font-size wp-elements-3ae56447400ba0dd9ebe3336e76c2a03\">O \u00faltimo censo do IBGE, realizado em 2022, apresentou crescimento de 6,5% da popula\u00e7\u00e3o brasileira quando comparado ao Censo de 2010. Atualmente temos a s\u00e9tima maior popula\u00e7\u00e3o do mundo com 203.080.756 de habitantes. Sendo assim podemos concluir que o Brasil<\/p>\n\n\n\n<p class=\"has-black-color has-text-color has-link-color has-medium-font-size wp-elements-851cedcaf14c3a1e9a34ffde5c72ae5a\">(A) \u00e9 populoso devido a expressiva popula\u00e7\u00e3o absoluta.&nbsp;<\/p>\n\n\n\n<p class=\"has-black-color has-text-color has-link-color has-medium-font-size wp-elements-b2115f0e21195bfff283076fe76c21ca\">(B) \u00e9 povoado em decorr\u00eancia do n\u00famero total de habitantes.<\/p>\n\n\n\n<p class=\"has-black-color has-text-color has-link-color has-medium-font-size wp-elements-89f7e985c3a89071f895bffb9ab5b559\">(C) \u00e9 populoso em decorr\u00eancia do n\u00famero de habitantes por km\u00b2.&nbsp;<\/p>\n\n\n\n<p class=\"has-black-color has-text-color has-link-color has-medium-font-size wp-elements-99a327953160886468c29e904efd2e47\">(D) \u00e9 pouco povoado em decorr\u00eancia do baixo quantitativo populacional.<\/p>\n\n\n\n<hr class=\"wp-block-separator has-alpha-channel-opacity\"\/>\n\n\n\n<figure class=\"wp-block-table is-style-stripes\"><table><tbody><tr><td><strong>Componente Curricular<\/strong><\/td><td>Geografia<\/td><\/tr><tr><td><strong>Objetivos de aprendizagem e desenvolvimento<\/strong><\/td><td>(EJAGE0513) Analisar a distribui\u00e7\u00e3o espacial da popula\u00e7\u00e3o brasileira, considerando os indicadores socioecon\u00f4micos e os aspectos \u00e9tnicos-culturais nas regi\u00f5es brasileiras e em Goi\u00e1s.<\/td><\/tr><tr><td><strong>Refer\u00eancias<\/strong><\/td><td>ADAS, M; ADAS, S. Expedi\u00e7\u00f5es Geogr\u00e1ficas: 7\u00b0 ano. 3\u00b0 Edi\u00e7\u00e3o. S\u00e3o Paulo: Moderna, 2018.&nbsp;<br>IBGE. Cidades. Dispon\u00edvel em: &lt;<a href=\"https:\/\/cidades.ibge.gov.br\/brasil\/panorama\">https:\/\/cidades.ibge.gov.br\/brasil\/panorama<\/a>&gt;. Acesso em: 03, jun. 2024.<br>IBGE. Estimativa da popula\u00e7\u00e3o residente no Brasil e unidades da federa\u00e7\u00e3o com data de refer\u00eancia em 1\u00b0 de julho de 2020. Dispon\u00edvel em: &lt;<a href=\"https:\/\/ftp.ibge.gov.br\/Estimativas_de_Populacao\/Estimativas_2020\/estimativa_dou_2020.pdf\">https:\/\/ftp.ibge.gov.br\/Estimativas_de_Populacao\/Estimativas_2020\/estimativa_dou_2020.pdf<\/a>&gt;. Acesso em: 03, jun. 2024.<br>IBGE. Popula\u00e7\u00e3o. Dispon\u00edvel em: &lt;https:\/\/www.ibge.gov.br\/apps\/populacao\/projecao\/&gt;. Acesso em: 03, jun. 2024.<\/td><\/tr><\/tbody><\/table><\/figure>\n\n\n\n<p><\/p>\n","protected":false},"author":52,"featured_media":183610,"template":"","meta":{"_acf_changed":false,"ocean_post_layout":"","ocean_both_sidebars_style":"","ocean_both_sidebars_content_width":0,"ocean_both_sidebars_sidebars_width":0,"ocean_sidebar":"","ocean_second_sidebar":"","ocean_disable_margins":"enable","ocean_add_body_class":"","ocean_shortcode_before_top_bar":"","ocean_shortcode_after_top_bar":"","ocean_shortcode_before_header":"","ocean_shortcode_after_header":"","ocean_has_shortcode":"","ocean_shortcode_after_title":"","ocean_shortcode_before_footer_widgets":"","ocean_shortcode_after_footer_widgets":"","ocean_shortcode_before_footer_bottom":"","ocean_shortcode_after_footer_bottom":"","ocean_display_top_bar":"default","ocean_display_header":"default","ocean_header_style":"","ocean_center_header_left_menu":"","ocean_custom_header_template":"","ocean_custom_logo":0,"ocean_custom_retina_logo":0,"ocean_custom_logo_max_width":0,"ocean_custom_logo_tablet_max_width":0,"ocean_custom_logo_mobile_max_width":0,"ocean_custom_logo_max_height":0,"ocean_custom_logo_tablet_max_height":0,"ocean_custom_logo_mobile_max_height":0,"ocean_header_custom_menu":"","ocean_menu_typo_font_family":"","ocean_menu_typo_font_subset":"","ocean_menu_typo_font_size":0,"ocean_menu_typo_font_size_tablet":0,"ocean_menu_typo_font_size_mobile":0,"ocean_menu_typo_font_size_unit":"px","ocean_menu_typo_font_weight":"","ocean_menu_typo_font_weight_tablet":"","ocean_menu_typo_font_weight_mobile":"","ocean_menu_typo_transform":"","ocean_menu_typo_transform_tablet":"","ocean_menu_typo_transform_mobile":"","ocean_menu_typo_line_height":0,"ocean_menu_typo_line_height_tablet":0,"ocean_menu_typo_line_height_mobile":0,"ocean_menu_typo_line_height_unit":"","ocean_menu_typo_spacing":0,"ocean_menu_typo_spacing_tablet":0,"ocean_menu_typo_spacing_mobile":0,"ocean_menu_typo_spacing_unit":"","ocean_menu_link_color":"","ocean_menu_link_color_hover":"","ocean_menu_link_color_active":"","ocean_menu_link_background":"","ocean_menu_link_hover_background":"","ocean_menu_link_active_background":"","ocean_menu_social_links_bg":"","ocean_menu_social_hover_links_bg":"","ocean_menu_social_links_color":"","ocean_menu_social_hover_links_color":"","ocean_disable_title":"default","ocean_disable_heading":"default","ocean_post_title":"","ocean_post_subheading":"","ocean_post_title_style":"","ocean_post_title_background_color":"","ocean_post_title_background":0,"ocean_post_title_bg_image_position":"","ocean_post_title_bg_image_attachment":"","ocean_post_title_bg_image_repeat":"","ocean_post_title_bg_image_size":"","ocean_post_title_height":0,"ocean_post_title_bg_overlay":0.5,"ocean_post_title_bg_overlay_color":"","ocean_disable_breadcrumbs":"default","ocean_breadcrumbs_color":"","ocean_breadcrumbs_separator_color":"","ocean_breadcrumbs_links_color":"","ocean_breadcrumbs_links_hover_color":"","ocean_display_footer_widgets":"default","ocean_display_footer_bottom":"default","ocean_custom_footer_template":""},"eaja_categoria":[104],"serie":[75,76],"eaja_componente":[80],"class_list":["post-183609","eaja","type-eaja","status-publish","has-post-thumbnail","hentry","eaja_categoria-2o-segmento-5a-e-6a-serie","serie-6a-serie","serie-7a-serie","eaja_componente-geografia","entry","has-media"],"acf":[],"_links":{"self":[{"href":"https:\/\/sme.goiania.go.gov.br\/conexaoescola\/wp-json\/wp\/v2\/eaja\/183609","targetHints":{"allow":["GET"]}}],"collection":[{"href":"https:\/\/sme.goiania.go.gov.br\/conexaoescola\/wp-json\/wp\/v2\/eaja"}],"about":[{"href":"https:\/\/sme.goiania.go.gov.br\/conexaoescola\/wp-json\/wp\/v2\/types\/eaja"}],"author":[{"embeddable":true,"href":"https:\/\/sme.goiania.go.gov.br\/conexaoescola\/wp-json\/wp\/v2\/users\/52"}],"wp:featuredmedia":[{"embeddable":true,"href":"https:\/\/sme.goiania.go.gov.br\/conexaoescola\/wp-json\/wp\/v2\/media\/183610"}],"wp:attachment":[{"href":"https:\/\/sme.goiania.go.gov.br\/conexaoescola\/wp-json\/wp\/v2\/media?parent=183609"}],"wp:term":[{"taxonomy":"eaja_categoria","embeddable":true,"href":"https:\/\/sme.goiania.go.gov.br\/conexaoescola\/wp-json\/wp\/v2\/eaja_categoria?post=183609"},{"taxonomy":"serie","embeddable":true,"href":"https:\/\/sme.goiania.go.gov.br\/conexaoescola\/wp-json\/wp\/v2\/serie?post=183609"},{"taxonomy":"eaja_componente","embeddable":true,"href":"https:\/\/sme.goiania.go.gov.br\/conexaoescola\/wp-json\/wp\/v2\/eaja_componente?post=183609"}],"curies":[{"name":"wp","href":"https:\/\/api.w.org\/{rel}","templated":true}]}}