{"id":183527,"date":"2024-06-05T09:23:27","date_gmt":"2024-06-05T12:23:27","guid":{"rendered":"https:\/\/sme.goiania.go.gov.br\/conexaoescola\/?post_type=eaja&#038;p=183527"},"modified":"2024-06-05T09:23:33","modified_gmt":"2024-06-05T12:23:33","slug":"lingua-portuguesa-linguagem-culta-e-coloquial","status":"publish","type":"eaja","link":"https:\/\/sme.goiania.go.gov.br\/conexaoescola\/eaja\/lingua-portuguesa-linguagem-culta-e-coloquial\/","title":{"rendered":"L\u00edngua Portuguesa &#8211; Linguagem culta e coloquial"},"content":{"rendered":"\n<p class=\"has-text-align-center has-black-color has-text-color has-background has-link-color has-medium-font-size wp-elements-49dfe7995c638178766137dd8f114347\" style=\"background-color:#9b51e042\">Esta proposta de atividade de\u00a0<strong>L\u00edngua Portuguesa<\/strong>\u00a0\u00e9 destinada aos estudantes do <strong>5\u00ba Per\u00edodo<\/strong>\u00a0da Educa\u00e7\u00e3o de Jovens e Adultos \u2013 EJA.<\/p>\n\n\n\n<div class=\"wp-block-buttons is-content-justification-center is-layout-flex wp-container-core-buttons-is-layout-16018d1d wp-block-buttons-is-layout-flex\">\n<div class=\"wp-block-button has-custom-font-size has-medium-font-size\"><a class=\"wp-block-button__link has-white-color has-black-background-color has-text-color has-background has-link-color wp-element-button\" href=\"https:\/\/drive.google.com\/uc?export=download&amp;id=1gpN83Cb6PJc-6YmYxPoPbLNqWjxwdhec\" target=\"_blank\" rel=\"noreferrer noopener\">BAIXE A ATIVIDADE<\/a><\/div>\n\n\n\n<div class=\"wp-block-button has-custom-font-size has-medium-font-size\"><a class=\"wp-block-button__link has-white-color has-black-background-color has-text-color has-background has-link-color wp-element-button\" href=\"https:\/\/drive.google.com\/uc?export=download&amp;id=1BfJC8khaWsM2At46R21DJNWip5l8SVa2\" target=\"_blank\" rel=\"noreferrer noopener\">BAIXE OS SLIDES<\/a><\/div>\n\n\n\n<div class=\"wp-block-button has-custom-font-size has-medium-font-size\"><a class=\"wp-block-button__link has-white-color has-black-background-color has-text-color has-background has-link-color wp-element-button\" href=\"https:\/\/drive.google.com\/uc?export=download&amp;id=1qiLKkywYddkgseEUUh2bwBMDCrT0oFVE\" target=\"_blank\" rel=\"noreferrer noopener\">BAIXE O TEXTO<\/a><\/div>\n<\/div>\n\n\n\n<hr class=\"wp-block-separator has-alpha-channel-opacity\"\/>\n\n\n<div class=\"wp-block-image is-style-rounded\">\n<figure class=\"aligncenter size-full\"><img fetchpriority=\"high\" decoding=\"async\" width=\"650\" height=\"650\" src=\"https:\/\/sme.goiania.go.gov.br\/conexaoescola\/wp-content\/uploads\/2024\/06\/Imagem1.png\" alt=\"\" class=\"wp-image-183528\" srcset=\"https:\/\/sme.goiania.go.gov.br\/conexaoescola\/wp-content\/uploads\/2024\/06\/Imagem1.png 650w, https:\/\/sme.goiania.go.gov.br\/conexaoescola\/wp-content\/uploads\/2024\/06\/Imagem1-300x300.png 300w, https:\/\/sme.goiania.go.gov.br\/conexaoescola\/wp-content\/uploads\/2024\/06\/Imagem1-150x150.png 150w\" sizes=\"(max-width: 650px) 100vw, 650px\" \/><figcaption class=\"wp-element-caption\">FONTE: Pixabay.com Dispon\u00edvel em:<a href=\"https:\/\/pixabay.com\/pt\/illustrations\/ai-gerado-mulher-estudando-b%C3%ADblia-8704491\/\">https:\/\/pixabay.com\/pt\/illustrations\/ai-gerado-mulher-estudando-b%C3%ADblia-8704491\/<\/a> Acesso em 29\/05\/2024.<\/figcaption><\/figure><\/div>\n\n\n<p class=\"has-text-align-center has-black-color has-text-color has-background has-link-color has-medium-font-size wp-elements-6c34cdb560e749b2c2c2f681aa6ca825\" style=\"background-color:#9b51e06e\"><strong>LINGUAGEM CULTA E COLOQUIAL<\/strong><\/p>\n\n\n\n<p class=\"has-black-color has-text-color has-link-color has-medium-font-size wp-elements-0cc141ad45c88c460c2c445107c88ecc\">A linguagem culta e a linguagem coloquial s\u00e3o duas formas distintas de uso da l\u00edngua, cada uma apropriada para diferentes contextos e situa\u00e7\u00f5es comunicativas. Elas est\u00e3o presentes numa conversa informal, em textos acad\u00eamicos, em situa\u00e7\u00f5es de extrema formalidade e claro totalmente ligados em nossa oralidade. Conhe\u00e7a agora as principais caracter\u00edsticas de cada uma:<\/p>\n\n\n\n<p class=\"has-black-color has-text-color has-link-color has-medium-font-size wp-elements-e8e50add60d9c90e6f6ee99a734c6335\"><strong>Linguagem culta<\/strong><\/p>\n\n\n\n<p class=\"has-black-color has-text-color has-link-color has-medium-font-size wp-elements-b8f4f2cf49ebf6ede1fe73b9106d9ae0\">\u00c9 o uso formal da l\u00edngua, caracterizado pela precis\u00e3o e corre\u00e7\u00e3o gramatical. \u00c9 frequentemente utilizada em contextos oficiais, acad\u00eamicos e profissionais. Suas caracter\u00edsticas s\u00e3o vocabul\u00e1rio mais amplo e sofisticado, predom\u00ednio de um discurso estritamente de acordo com as normas gramaticais da l\u00edngua.  Est\u00e1 presente em documentos oficiais, discursos, artigos cient\u00edficos, textos acad\u00eamicos, correspond\u00eancias formais. Veja um exemplo:<\/p>\n\n\n\n<p class=\"has-black-color has-text-color has-link-color has-medium-font-size wp-elements-9c889abafe1fc727aea7c78ffc72325f\">&#8220;Solicitamos a gentileza de encaminhar o relat\u00f3rio at\u00e9 o final do expediente para que possamos proceder com a an\u00e1lise dos dados.&#8221;<\/p>\n\n\n\n<p class=\"has-black-color has-text-color has-link-color has-medium-font-size wp-elements-1b381d097ae8d5811c2b851b41f9e1ea\"><strong>Linguagem Coloquial<\/strong><\/p>\n\n\n\n<p class=\"has-black-color has-text-color has-link-color has-medium-font-size wp-elements-852b9e96d633da3ae418d99c6ae5c1b0\">\u00c9 o uso informal da l\u00edngua, utilizado em conversas cotidianas e em situa\u00e7\u00f5es descontra\u00eddas. \u00c9 mais flex\u00edvel e menos r\u00edgido quanto \u00e0s normas gramaticais. Suas caracter\u00edsticas s\u00e3o um vocabul\u00e1rio mais simples e direto, e pode apresentar desvios gramaticais aceitos na comunica\u00e7\u00e3o oral ou informal.  Est\u00e1 presente em conversas entre amigos, familiares, mensagens de texto e redes sociais. Veja um exemplo:<\/p>\n\n\n\n<p class=\"has-black-color has-text-color has-link-color has-medium-font-size wp-elements-fbbe1928cd2de9177e8be6e82f1f1d78\">&#8220;Pode mandar o relat\u00f3rio pra gente dar uma olhada ainda hoje?&#8221;<\/p>\n\n\n\n<p class=\"has-black-color has-text-color has-link-color has-medium-font-size wp-elements-515a6581560b31fe70303a3f1e9548f6\">A escolha entre linguagem culta e coloquial depende do contexto e do p\u00fablico. Usar a linguagem apropriada para cada situa\u00e7\u00e3o \u00e9 essencial para uma comunica\u00e7\u00e3o eficaz. Compreender a diferen\u00e7a entre essas duas formas de linguagem \u00e9 fundamental para se comunicar de maneira objetiva e adequada em diversas situa\u00e7\u00f5es sociais, acad\u00eamicas e profissionais. <\/p>\n\n\n\n<p class=\"has-black-color has-text-color has-link-color has-medium-font-size wp-elements-5e6cbee911ef648945ee9396b7aaee9d\">Apesar da tamanha distin\u00e7\u00e3o entre a linguagem culta e a linguagem coloquial \u00e9 importante ressaltar que em muitos aspectos a linguagem coloquial devido a diversos fatores sociais, culturais e educacionais pode ocorrer situa\u00e7\u00f5es de preconceito, pois a linguagem culta \u00e9 muitas vezes usada como crit\u00e9rio de avalia\u00e7\u00e3o em contextos acad\u00eamicos e profissionais. <\/p>\n\n\n<div class=\"wp-block-image\">\n<figure class=\"aligncenter size-full\"><img decoding=\"async\" width=\"585\" height=\"584\" src=\"https:\/\/sme.goiania.go.gov.br\/conexaoescola\/wp-content\/uploads\/2024\/06\/Imagem2.png\" alt=\"\" class=\"wp-image-183530\" style=\"aspect-ratio:3\/2;object-fit:cover\" srcset=\"https:\/\/sme.goiania.go.gov.br\/conexaoescola\/wp-content\/uploads\/2024\/06\/Imagem2.png 585w, https:\/\/sme.goiania.go.gov.br\/conexaoescola\/wp-content\/uploads\/2024\/06\/Imagem2-300x300.png 300w, https:\/\/sme.goiania.go.gov.br\/conexaoescola\/wp-content\/uploads\/2024\/06\/Imagem2-150x150.png 150w\" sizes=\"(max-width: 585px) 100vw, 585px\" \/><figcaption class=\"wp-element-caption\">FONTE: Pixabay.com Dispon\u00edvel em:<a href=\"https:\/\/pixabay.com\/pt\/illustrations\/senhoras-mulheres-conversando-7575153\/\">https:\/\/pixabay.com\/pt\/illustrations\/senhoras-mulheres-conversando-7575153\/<\/a> Acesso em 29\/05\/2024.<\/figcaption><\/figure><\/div>\n\n\n<p class=\"has-black-color has-text-color has-link-color has-medium-font-size wp-elements-f0232005238c4f5d73220e57b0cb4cc5\">Em s\u00edntese o prest\u00edgio da l\u00edngua culta \u00e9 um fen\u00f4meno multifacetado, resultado de fatores hist\u00f3ricos, educacionais, sociais e culturais. Embora essa forma de linguagem tenha seu valor e import\u00e2ncia, \u00e9 fundamental reconhecer e valorizar a diversidade lingu\u00edstica e a legitimidade das formas coloquiais, promovendo uma sociedade mais inclusiva e equitativa.<\/p>\n\n\n\n<p class=\"has-text-align-center has-background has-medium-font-size\" style=\"background-color:#f78da84f\"><strong>RESPONDA AS QUEST\u00d5ES<\/strong><\/p>\n\n\n\n<p class=\"has-black-color has-text-color has-background has-link-color has-medium-font-size wp-elements-4ca7d6f67b8a77162fcc0f274cf54032\" style=\"background-color:#9b51e052\"><strong>QUEST\u00c3O 1<\/strong><\/p>\n\n\n\n<p class=\"has-black-color has-text-color has-link-color has-medium-font-size wp-elements-fe91b3437e282434eb82331193ecc071\">Identifique se as frases abaixo s\u00e3o exemplos de linguagem culta ou coloquial.<\/p>\n\n\n\n<p class=\"has-black-color has-text-color has-link-color has-medium-font-size wp-elements-b866df6ba5ec721b83a8c6cc4e47b52f\">a) &#8220;Solicitamos a gentileza de comparecer \u00e0 reuni\u00e3o na pr\u00f3xima segunda-feira.&#8221;<\/p>\n\n\n\n<p class=\"has-black-color has-text-color has-link-color has-medium-font-size wp-elements-74665120535f380d301a1056a3ab68b0\">b) &#8220;Voc\u00ea vai na festa hoje \u00e0 noite?&#8221;<\/p>\n\n\n\n<p class=\"has-black-color has-text-color has-link-color has-medium-font-size wp-elements-31ee4340ef6019acbad0e48738c6e2f2\">c) &#8220;Pe\u00e7o desculpas pelo transtorno e agrade\u00e7o a compreens\u00e3o.&#8221;<\/p>\n\n\n\n<p class=\"has-black-color has-text-color has-link-color has-medium-font-size wp-elements-626bccc0fbf676143e487bb62d85e2b0\">d) &#8220;Cara, t\u00f4 muito cansado hoje!&#8221;<\/p>\n\n\n\n<p class=\"has-black-color has-text-color has-link-color has-medium-font-size wp-elements-f3c6c52fb58fa6b1bd929a237665e494\">e) &#8220;Informamos que o prazo para envio dos documentos foi prorrogado.&#8221;<\/p>\n\n\n\n<p class=\"has-black-color has-text-color has-link-color has-medium-font-size wp-elements-db7f67468a0c43d2e98cb06cfef93f04\">f) &#8220;Manda uma mensagem quando chegar l\u00e1.&#8221;<\/p>\n\n\n\n<p class=\"has-black-color has-text-color has-background has-link-color has-medium-font-size wp-elements-d99e05d209e14a449b57912e59e4f4ba\" style=\"background-color:#9b51e04f\"><strong>QUEST\u00c3O 2<\/strong><\/p>\n\n\n\n<p class=\"has-black-color has-text-color has-link-color has-medium-font-size wp-elements-ca615fde3d3ba304dabf8cd504c0c718\">Transforme as frases da linguagem coloquial para a linguagem culta.<\/p>\n\n\n\n<p class=\"has-black-color has-text-color has-link-color has-medium-font-size wp-elements-48052e52858612436412f6ecbda420bb\">a) &#8220;T\u00f4 te esperando na entrada do cinema.&#8221;<\/p>\n\n\n\n<p class=\"has-black-color has-text-color has-link-color has-medium-font-size wp-elements-c84c590e980b77eef98d7a660a668f69\">b) &#8220;Essa pizza t\u00e1 uma del\u00edcia!&#8221;<\/p>\n\n\n\n<p class=\"has-black-color has-text-color has-link-color has-medium-font-size wp-elements-c4f98824d9c83ba2eba808ad2d45335c\">c) &#8220;A gente se v\u00ea mais tarde, beleza?&#8221;<\/p>\n\n\n\n<p class=\"has-black-color has-text-color has-link-color has-medium-font-size wp-elements-38a8653b9aec4201cc5a91b48be23095\">d) &#8220;Vou resolver umas paradas.&#8221;<\/p>\n\n\n\n<p class=\"has-black-color has-text-color has-link-color has-medium-font-size wp-elements-1086583d7c752cd0a05bbfed22eeb186\">e) &#8220;Amanh\u00e3 a gente vai pro parque.&#8221;<\/p>\n\n\n\n<p class=\"has-black-color has-text-color has-link-color has-medium-font-size wp-elements-029761b8244fc8ee3aadecab4c1c4bbf\">f) &#8220;T\u00e1 certo, mandou bem na palavra.&#8221;<\/p>\n\n\n\n<p class=\"has-black-color has-text-color has-background has-link-color has-medium-font-size wp-elements-d519880d3763387e1e424d466fb13717\" style=\"background-color:#9b51e04d\"><strong>QUEST\u00c3O 3<\/strong><\/p>\n\n\n\n<p class=\"has-black-color has-text-color has-link-color has-medium-font-size wp-elements-346dc7e901ee906a5a0bc69a21e2146f\">A situa\u00e7\u00e3o com o uso apropriado para linguagem coloquial \u00e9<\/p>\n\n\n\n<p class=\"has-black-color has-text-color has-link-color has-medium-font-size wp-elements-85ca5ee31fae1d44bfff32799a2cbd33\">(A) redigindo uma peti\u00e7\u00e3o judicial.<\/p>\n\n\n\n<p class=\"has-black-color has-text-color has-link-color has-medium-font-size wp-elements-1e3788d70d6017a94c24da2546e6b687\">(B) conversando em uma entrevista de emprego.<\/p>\n\n\n\n<p class=\"has-black-color has-text-color has-link-color has-medium-font-size wp-elements-223c1a59363ee7646eac7f30d623e6f3\">(C) participando de uma roda de amigos.<\/p>\n\n\n\n<p class=\"has-black-color has-text-color has-link-color has-medium-font-size wp-elements-e511c3838413bba3310895bb6b091cb7\">(D) fazendo uma apresenta\u00e7\u00e3o em uma confer\u00eancia acad\u00eamica.<\/p>\n\n\n\n<p class=\"has-black-color has-text-color has-background has-link-color has-medium-font-size wp-elements-30a211cfe8bf40488ac4527c42070eff\" style=\"background-color:#9b51e045\"><strong>QUEST\u00c3O 4<\/strong><\/p>\n\n\n\n<p class=\"has-black-color has-text-color has-link-color has-medium-font-size wp-elements-718921474ae57e781d2d0ad8ff41277b\">Trata-se de uma caracter\u00edstica t\u00edpica da linguagem coloquial<\/p>\n\n\n\n<p class=\"has-black-color has-text-color has-link-color has-medium-font-size wp-elements-1d428254b4eae020d5ee3c3a44cf020c\">(A) uso de vocabul\u00e1rio sofisticado.<\/p>\n\n\n\n<p class=\"has-black-color has-text-color has-link-color has-medium-font-size wp-elements-91072b26ab854f4c7b3930ccb08ff4f2\">(B) estruturas gramaticais complexas.<\/p>\n\n\n\n<p class=\"has-black-color has-text-color has-link-color has-medium-font-size wp-elements-bfabcb74c7d38dc2f3a1d985aebc481a\">(C) emprego de g\u00edrias e express\u00f5es informais.<\/p>\n\n\n\n<p class=\"has-black-color has-text-color has-link-color has-medium-font-size wp-elements-f94c6ef1adba9d3b725c83d6fa0a5442\">(D) rigor nas normas gramaticais.<\/p>\n\n\n\n<p class=\"has-black-color has-text-color has-background has-link-color has-medium-font-size wp-elements-48d0fb5ac90396d64e90ca3dda2c0e7d\" style=\"background-color:#9b51e057\"><strong>QUEST\u00c3O 5<\/strong><\/p>\n\n\n\n<p class=\"has-medium-font-size\">A frase mais adequada para uma carta formal \u00e9<\/p>\n\n\n\n<p class=\"has-medium-font-size\">(A) &#8220;preciso da sua resposta o mais r\u00e1pido poss\u00edvel.&#8221;<\/p>\n\n\n\n<p class=\"has-medium-font-size\">(B) &#8220;voc\u00ea pode me dar uma resposta logo?&#8221;<\/p>\n\n\n\n<p class=\"has-medium-font-size\">(C) &#8220;agradeceria se pudesse me responder em breve.&#8221;<\/p>\n\n\n\n<p class=\"has-medium-font-size\">(D) &#8220;me manda a resposta r\u00e1pido, por favor.&#8221;<\/p>\n\n\n\n<hr class=\"wp-block-separator has-alpha-channel-opacity\"\/>\n\n\n\n<figure class=\"wp-block-table is-style-stripes\"><table><tbody><tr><td><strong>Autoria:<\/strong><strong><\/strong><\/td><td>Regina C\u00e1cia<\/td><\/tr><tr><td><strong>Forma\u00e7\u00e3o:<\/strong><strong><\/strong><\/td><td>Letras \u2013 L\u00edngua Portuguesa<\/td><\/tr><tr><td><strong>Componente Curricular:<\/strong><\/td><td>L\u00edngua Portuguesa<\/td><\/tr><tr><td><strong>Objetivos de Aprendizagem e Desenvolvimento:<\/strong><\/td><td>(EJALP0536) Compreender e analisar diferen\u00e7as e semelhan\u00e7as entre fala e escrita, respeitando as esferas discursivas, a situa\u00e7\u00e3o comunicativa, a intencionalidade e os interlocutores em quest\u00e3o &nbsp;<\/td><\/tr><tr><td><strong>Refer\u00eancias:<\/strong><strong><\/strong><\/td><td>BAGNO, M. A l\u00edngua de Eul\u00e1lia: novela sociolingu\u00edstica. S\u00e3o Paulo: Contexto, 2000. \u00a0 <br>CAMACHO, R. G. Conflito entre norma e diversidade dialetal no ensino da l\u00edngua portuguesa. 1984. \u00a0<br><br>COUTINHO, I. L. Gram\u00e1tica hist\u00f3rica. Rio de Janeiro: Acad\u00eamica, 1970. \u00a0 <br><br>CUNHA, C. Gram\u00e1tica do portugu\u00eas contempor\u00e2neo. Belo Horizonte: Bernardo \u00c1lvares, 1971. \u00a0<\/td><\/tr><\/tbody><\/table><\/figure>\n","protected":false},"author":54,"featured_media":183528,"template":"","meta":{"_acf_changed":false,"ocean_post_layout":"","ocean_both_sidebars_style":"","ocean_both_sidebars_content_width":0,"ocean_both_sidebars_sidebars_width":0,"ocean_sidebar":"","ocean_second_sidebar":"","ocean_disable_margins":"enable","ocean_add_body_class":"","ocean_shortcode_before_top_bar":"","ocean_shortcode_after_top_bar":"","ocean_shortcode_before_header":"","ocean_shortcode_after_header":"","ocean_has_shortcode":"","ocean_shortcode_after_title":"","ocean_shortcode_before_footer_widgets":"","ocean_shortcode_after_footer_widgets":"","ocean_shortcode_before_footer_bottom":"","ocean_shortcode_after_footer_bottom":"","ocean_display_top_bar":"default","ocean_display_header":"default","ocean_header_style":"","ocean_center_header_left_menu":"","ocean_custom_header_template":"","ocean_custom_logo":0,"ocean_custom_retina_logo":0,"ocean_custom_logo_max_width":0,"ocean_custom_logo_tablet_max_width":0,"ocean_custom_logo_mobile_max_width":0,"ocean_custom_logo_max_height":0,"ocean_custom_logo_tablet_max_height":0,"ocean_custom_logo_mobile_max_height":0,"ocean_header_custom_menu":"","ocean_menu_typo_font_family":"","ocean_menu_typo_font_subset":"","ocean_menu_typo_font_size":0,"ocean_menu_typo_font_size_tablet":0,"ocean_menu_typo_font_size_mobile":0,"ocean_menu_typo_font_size_unit":"px","ocean_menu_typo_font_weight":"","ocean_menu_typo_font_weight_tablet":"","ocean_menu_typo_font_weight_mobile":"","ocean_menu_typo_transform":"","ocean_menu_typo_transform_tablet":"","ocean_menu_typo_transform_mobile":"","ocean_menu_typo_line_height":0,"ocean_menu_typo_line_height_tablet":0,"ocean_menu_typo_line_height_mobile":0,"ocean_menu_typo_line_height_unit":"","ocean_menu_typo_spacing":0,"ocean_menu_typo_spacing_tablet":0,"ocean_menu_typo_spacing_mobile":0,"ocean_menu_typo_spacing_unit":"","ocean_menu_link_color":"","ocean_menu_link_color_hover":"","ocean_menu_link_color_active":"","ocean_menu_link_background":"","ocean_menu_link_hover_background":"","ocean_menu_link_active_background":"","ocean_menu_social_links_bg":"","ocean_menu_social_hover_links_bg":"","ocean_menu_social_links_color":"","ocean_menu_social_hover_links_color":"","ocean_disable_title":"default","ocean_disable_heading":"default","ocean_post_title":"","ocean_post_subheading":"","ocean_post_title_style":"","ocean_post_title_background_color":"","ocean_post_title_background":0,"ocean_post_title_bg_image_position":"","ocean_post_title_bg_image_attachment":"","ocean_post_title_bg_image_repeat":"","ocean_post_title_bg_image_size":"","ocean_post_title_height":0,"ocean_post_title_bg_overlay":0.5,"ocean_post_title_bg_overlay_color":"","ocean_disable_breadcrumbs":"default","ocean_breadcrumbs_color":"","ocean_breadcrumbs_separator_color":"","ocean_breadcrumbs_links_color":"","ocean_breadcrumbs_links_hover_color":"","ocean_display_footer_widgets":"default","ocean_display_footer_bottom":"default","ocean_custom_footer_template":""},"eaja_categoria":[69],"serie":[75,76],"eaja_componente":[77],"class_list":["post-183527","eaja","type-eaja","status-publish","has-post-thumbnail","hentry","eaja_categoria-2o-segmento-7a-e-8a-serie","serie-6a-serie","serie-7a-serie","eaja_componente-lingua-portuguesa","entry","has-media"],"acf":[],"_links":{"self":[{"href":"https:\/\/sme.goiania.go.gov.br\/conexaoescola\/wp-json\/wp\/v2\/eaja\/183527","targetHints":{"allow":["GET"]}}],"collection":[{"href":"https:\/\/sme.goiania.go.gov.br\/conexaoescola\/wp-json\/wp\/v2\/eaja"}],"about":[{"href":"https:\/\/sme.goiania.go.gov.br\/conexaoescola\/wp-json\/wp\/v2\/types\/eaja"}],"author":[{"embeddable":true,"href":"https:\/\/sme.goiania.go.gov.br\/conexaoescola\/wp-json\/wp\/v2\/users\/54"}],"wp:featuredmedia":[{"embeddable":true,"href":"https:\/\/sme.goiania.go.gov.br\/conexaoescola\/wp-json\/wp\/v2\/media\/183528"}],"wp:attachment":[{"href":"https:\/\/sme.goiania.go.gov.br\/conexaoescola\/wp-json\/wp\/v2\/media?parent=183527"}],"wp:term":[{"taxonomy":"eaja_categoria","embeddable":true,"href":"https:\/\/sme.goiania.go.gov.br\/conexaoescola\/wp-json\/wp\/v2\/eaja_categoria?post=183527"},{"taxonomy":"serie","embeddable":true,"href":"https:\/\/sme.goiania.go.gov.br\/conexaoescola\/wp-json\/wp\/v2\/serie?post=183527"},{"taxonomy":"eaja_componente","embeddable":true,"href":"https:\/\/sme.goiania.go.gov.br\/conexaoescola\/wp-json\/wp\/v2\/eaja_componente?post=183527"}],"curies":[{"name":"wp","href":"https:\/\/api.w.org\/{rel}","templated":true}]}}