{"id":183439,"date":"2024-05-29T19:53:17","date_gmt":"2024-05-29T22:53:17","guid":{"rendered":"https:\/\/sme.goiania.go.gov.br\/conexaoescola\/?post_type=eaja&#038;p=183439"},"modified":"2024-06-25T15:12:43","modified_gmt":"2024-06-25T18:12:43","slug":"educacao-fisica-forro-no-contexto-escolar","status":"publish","type":"eaja","link":"https:\/\/sme.goiania.go.gov.br\/conexaoescola\/eaja\/educacao-fisica-forro-no-contexto-escolar\/","title":{"rendered":"Educa\u00e7\u00e3o F\u00edsica: Forr\u00f3 no Contexto Escolar"},"content":{"rendered":"\n<p class=\"has-text-align-center has-black-color has-light-green-cyan-background-color has-text-color has-background has-medium-font-size\"><strong>Esta proposta de atividade de&nbsp;EDUCA\u00c7\u00c3O F\u00cdSICA&nbsp;\u00e9 destinada aos estudantes do&nbsp;4\u00aa Per\u00edodo da Educa\u00e7\u00e3o de Jovens e Adultos \u2013 EJA.<\/strong><\/p>\n\n\n\n<div class=\"wp-block-buttons has-custom-font-size is-content-justification-center is-layout-flex wp-container-core-buttons-is-layout-16018d1d wp-block-buttons-is-layout-flex\" style=\"font-size:20px\">\n<div class=\"wp-block-button has-custom-font-size\" style=\"font-size:20px\"><a class=\"wp-block-button__link has-white-color has-black-background-color has-text-color has-background wp-element-button\" href=\"https:\/\/drive.google.com\/uc?export=download&amp;id=17axZeWb3ulHZRrgh7rFmUbhrb3lYAjwL\">BAIXE A ATIVIDADE<\/a><\/div>\n\n\n\n<div class=\"wp-block-button has-custom-font-size\" style=\"font-size:20px\"><a class=\"wp-block-button__link has-white-color has-black-background-color has-text-color has-background wp-element-button\" href=\"https:\/\/drive.google.com\/uc?export=download&amp;id=19mp2HMMVUQ4YWYSir9AmURueodhlgtis\">BAIXE OS SLIDES<\/a><\/div>\n\n\n\n<div class=\"wp-block-button has-custom-font-size\" style=\"font-size:20px\"><a class=\"wp-block-button__link has-white-color has-black-background-color has-text-color has-background wp-element-button\" href=\"https:\/\/drive.google.com\/uc?export=download&amp;id=1QUvfhYZUDoXu9eM46k0oAJ3kwu8nWqau\">BAIXE O TEXTO<\/a><\/div>\n<\/div>\n\n\n<div class=\"wp-block-image\">\n<figure class=\"aligncenter size-full\"><img fetchpriority=\"high\" decoding=\"async\" width=\"826\" height=\"826\" src=\"https:\/\/sme.goiania.go.gov.br\/conexaoescola\/wp-content\/uploads\/2024\/05\/Sem-titulo-2.jpg\" alt=\"\" class=\"wp-image-183440\" srcset=\"https:\/\/sme.goiania.go.gov.br\/conexaoescola\/wp-content\/uploads\/2024\/05\/Sem-titulo-2.jpg 826w, https:\/\/sme.goiania.go.gov.br\/conexaoescola\/wp-content\/uploads\/2024\/05\/Sem-titulo-2-300x300.jpg 300w, https:\/\/sme.goiania.go.gov.br\/conexaoescola\/wp-content\/uploads\/2024\/05\/Sem-titulo-2-150x150.jpg 150w, https:\/\/sme.goiania.go.gov.br\/conexaoescola\/wp-content\/uploads\/2024\/05\/Sem-titulo-2-768x768.jpg 768w\" sizes=\"(max-width: 826px) 100vw, 826px\" \/><figcaption class=\"wp-element-caption\">Fonte: Imagem de <a href=\"https:\/\/br.freepik.com\/vetores-gratis\/ilustracao-de-nordestino-desenhada-a-mao_31883348.htm#fromView=search&amp;page=1&amp;position=29&amp;uuid=d357ed74-7eb4-4594-b4a2-e38f43eb54a2\">Freepik<\/a><\/figcaption><\/figure><\/div>\n\n\n<p class=\"has-text-align-center has-x-large-font-size\"><strong>Forr\u00f3 no Contexto Escolar<\/strong><\/p>\n\n\n\n<p class=\"has-drop-cap\" style=\"font-size:20px\">O forr\u00f3 \u00e9 uma dan\u00e7a de sal\u00e3o genuinamente brasileira e muito presente na cultura popular. De origem nordestina, o forr\u00f3 \u00e9 um dos ritmos nacionais que mais se espalhou por todas as regi\u00f5es do pa\u00eds, sendo amplamente conhecido e praticado em todas elas.<\/p>\n\n\n\n<p style=\"font-size:20px\">E por ter se espalhado por todas as regi\u00f5es do Brasil, o forr\u00f3 se tornou tamb\u00e9m uma das dan\u00e7as mais diversificadas do nosso pa\u00eds, e conforme mudamos de uma regi\u00e3o para outra podemos encontrar ritmos mais acelerados como o arrocha e o piseiro, ou ritmos mais moderados como o forr\u00f3 p\u00e9-de-serra.<\/p>\n\n\n\n<p style=\"font-size:20px\">Como dan\u00e7a de sal\u00e3o, o forr\u00f3 \u00e9 tradicionalmente dan\u00e7ado em pares onde o homem \u00e9 chamado de cavalheiro e a mulher \u00e9 chamada de dama, sendo que na dan\u00e7a original os corpos dan\u00e7am juntos.<\/p>\n\n\n\n<p style=\"font-size:20px\">Todavia, nada impede que o forr\u00f3 seja dan\u00e7ado de outras formas, principalmente no contexto escolar, onde podemos ter pares com pessoas do mesmo sexo, formas diferentes de tocar o par, distancias maiores entre os corpos que dan\u00e7am em dupla e at\u00e9 mesmo poder\u00e1 acontecer situa\u00e7\u00f5es onde algum estudante dance sozinho(a).<\/p>\n\n\n\n<p style=\"font-size:20px\">O forr\u00f3 faz parte da cultura popular, ou seja, faz parte da nossa identidade como brasileiros e possui m\u00faltiplos significados. O forr\u00f3 pode ser para muitos uma forma de sedu\u00e7\u00e3o, bem como assumir outros significados bem diferentes, como uma pr\u00e1tica l\u00fadica e de lazer; uma forma de melhorar o condicionamento f\u00edsico; uma atividade anti-estresse ou antidepressiva; pode ser uma possibilidade profissional e at\u00e9 mesmo ter um car\u00e1ter pedag\u00f3gico para que possamos, por exemplo, conhecer mais sobre nossa cultura.<\/p>\n\n\n\n<p style=\"font-size:20px\">Infelizmente, a implanta\u00e7\u00e3o do forr\u00f3 nas aulas de Educa\u00e7\u00e3o F\u00edsica escolar \u00e9 um desafio enorme e muitas vezes injusto com o professor(a). Pois, grande parte das fam\u00edlias, principalmente as mais religiosas, assim como o grupo diretivo e at\u00e9 mesmo autoridades na coordena\u00e7\u00e3o da rede n\u00e3o est\u00e3o esclarecidos a respeito do papel da dan\u00e7a na escola, da sua obrigatoriedade e da necessidade de adaptar as t\u00e9cnicas para atender a necessidades e particularidades de todos os estudantes, como os com necessidades especiais, timidez ou at\u00e9 mesmo restri\u00e7\u00f5es religiosas.<\/p>\n\n\n\n<p class=\"has-background has-medium-font-size\" style=\"background-color:#92e37d\"><strong>Quest\u00e3o 1<\/strong><\/p>\n\n\n\n<p style=\"font-size:20px\">O forr\u00f3 \u00e9 uma dan\u00e7a<\/p>\n\n\n\n<p style=\"font-size:20px\">(A) de sal\u00e3o criada na Europa que chegou ao Brasil com os Portugueses.<\/p>\n\n\n\n<p style=\"font-size:20px\">(B) genuinamente brasileira e praticada somente como forma de sedu\u00e7\u00e3o.<\/p>\n\n\n\n<p style=\"font-size:20px\">(C) criada fora do Brasil, mas que se adaptou bem \u00e0 nossa cultura.<\/p>\n\n\n\n<p style=\"font-size:20px\">(D) de sal\u00e3o genuinamente brasileira e que possui diferentes significados.<\/p>\n\n\n\n<p class=\"has-background has-medium-font-size\" style=\"background-color:#92e37d\"><strong>Quest\u00e3o <\/strong>2<\/p>\n\n\n\n<p style=\"font-size:20px\">O forr\u00f3 no contexto escolar<\/p>\n\n\n\n<p style=\"font-size:20px\">(A) s\u00f3 pode ser praticado da mesma forma que \u00e9 dan\u00e7ado em festas.<\/p>\n\n\n\n<p style=\"font-size:20px\">(B) tem os mesmos significados que a pr\u00e1tica fora da escola.<\/p>\n\n\n\n<p style=\"font-size:20px\">(C) \u00e9 uma pr\u00e1tica desaconselhada e por isso deve ser banida das escolas.<\/p>\n\n\n\n<p style=\"font-size:20px\">(D) possui significados diferentes, assim como formas diferentes de dan\u00e7ar.<\/p>\n\n\n\n<p class=\"has-background has-medium-font-size\" style=\"background-color:#92e37d\"><strong>Quest\u00e3o <\/strong>3<\/p>\n\n\n\n<p style=\"font-size:20px\">As dan\u00e7as, ap\u00f3s a implanta\u00e7\u00e3o da Base Nacional Comum Curricular e do Documento Curricular para Goi\u00e1s, passou a ser uma pr\u00e1tica obrigat\u00f3ria nas escolas. Contudo, assim como as outras pr\u00e1ticas corporais (esportes, pr\u00e1ticas de aventura, lutas, gin\u00e1sticas etc) devem ser adaptadas para atender \u00e0s necessidades dos estudantes. Que adapta\u00e7\u00f5es voc\u00ea julga necess\u00e1rias para a implanta\u00e7\u00e3o do forr\u00f3 nas aulas de Educa\u00e7\u00e3o F\u00edsica no contexto escolar?<\/p>\n\n\n\n<p class=\"has-background has-medium-font-size\" style=\"background-color:#92e37d\"><strong>Quest\u00e3o <\/strong>4<\/p>\n\n\n\n<p style=\"font-size:20px\">Quais significados o forr\u00f3 pode assumir na vida de quem pratica essa dan\u00e7a? Todas as pessoas que dan\u00e7am forr\u00f3 t\u00eam o mesmo objetivo?<\/p>\n\n\n\n<figure class=\"wp-block-table alignwide is-style-stripes\"><table><tbody><tr><td><strong>Autoria<\/strong><\/td><td>Luciano Alves de Oliveira<\/td><\/tr><tr><td><strong>Forma\u00e7\u00e3o<\/strong><\/td><td>Educa\u00e7\u00e3o F\u00edsica<\/td><\/tr><tr><td><strong>Componente curricular<\/strong><\/td><td>Educa\u00e7\u00e3o F\u00edsica<\/td><\/tr><tr><td><strong>Objetivos de Aprendizagem e Desenvolvimento<\/strong><\/td><td>(EJAEF0421) Reconhecer e vivenciar diferentes modalidades de dan\u00e7as em suas express\u00f5es corporais.<br>(EJAEF0425) Refletir sobre as rela\u00e7\u00f5es sociais, pol\u00edticas e econ\u00f4micas a partir da dan\u00e7a.<\/td><\/tr><tr><td><strong>Refer\u00eancias<\/strong><\/td><td>BRASIL. Minist\u00e9rio da Educa\u00e7\u00e3o. Base Nacional Comum Curricular. Bras\u00edlia, 2018.<br>Coletivo de autores. Metodologia do Ensino da Educa\u00e7\u00e3o F\u00edsica. S\u00e3o Paulo: Cortez. 1992<br>Goi\u00e2nia. Documento Curricular Eja &#8211; 2023. Educa\u00e7\u00e3o F\u00edsica. Secretaria Municipal de Educa\u00e7\u00e3o e Esporte. 2023<br>Goi\u00e2nia. Documento Curricular Para a Rede Municipal de Educa\u00e7\u00e3o de Goi\u00e2nia &#8211; EJA. Secretaria Municipal de Educa\u00e7\u00e3o e Esporte. 2023<br>Goi\u00e2nia. Organiza\u00e7\u00e3o Pedag\u00f3gica da EJA &#8211; 2023. Secretaria Municipal de Educa\u00e7\u00e3o e Esporte. 2022<\/td><\/tr><\/tbody><\/table><\/figure>\n","protected":false},"author":48,"featured_media":183440,"template":"","meta":{"_acf_changed":false,"ocean_post_layout":"","ocean_both_sidebars_style":"","ocean_both_sidebars_content_width":0,"ocean_both_sidebars_sidebars_width":0,"ocean_sidebar":"","ocean_second_sidebar":"","ocean_disable_margins":"enable","ocean_add_body_class":"","ocean_shortcode_before_top_bar":"","ocean_shortcode_after_top_bar":"","ocean_shortcode_before_header":"","ocean_shortcode_after_header":"","ocean_has_shortcode":"","ocean_shortcode_after_title":"","ocean_shortcode_before_footer_widgets":"","ocean_shortcode_after_footer_widgets":"","ocean_shortcode_before_footer_bottom":"","ocean_shortcode_after_footer_bottom":"","ocean_display_top_bar":"default","ocean_display_header":"default","ocean_header_style":"","ocean_center_header_left_menu":"","ocean_custom_header_template":"","ocean_custom_logo":0,"ocean_custom_retina_logo":0,"ocean_custom_logo_max_width":0,"ocean_custom_logo_tablet_max_width":0,"ocean_custom_logo_mobile_max_width":0,"ocean_custom_logo_max_height":0,"ocean_custom_logo_tablet_max_height":0,"ocean_custom_logo_mobile_max_height":0,"ocean_header_custom_menu":"","ocean_menu_typo_font_family":"","ocean_menu_typo_font_subset":"","ocean_menu_typo_font_size":0,"ocean_menu_typo_font_size_tablet":0,"ocean_menu_typo_font_size_mobile":0,"ocean_menu_typo_font_size_unit":"px","ocean_menu_typo_font_weight":"","ocean_menu_typo_font_weight_tablet":"","ocean_menu_typo_font_weight_mobile":"","ocean_menu_typo_transform":"","ocean_menu_typo_transform_tablet":"","ocean_menu_typo_transform_mobile":"","ocean_menu_typo_line_height":0,"ocean_menu_typo_line_height_tablet":0,"ocean_menu_typo_line_height_mobile":0,"ocean_menu_typo_line_height_unit":"","ocean_menu_typo_spacing":0,"ocean_menu_typo_spacing_tablet":0,"ocean_menu_typo_spacing_mobile":0,"ocean_menu_typo_spacing_unit":"","ocean_menu_link_color":"","ocean_menu_link_color_hover":"","ocean_menu_link_color_active":"","ocean_menu_link_background":"","ocean_menu_link_hover_background":"","ocean_menu_link_active_background":"","ocean_menu_social_links_bg":"","ocean_menu_social_hover_links_bg":"","ocean_menu_social_links_color":"","ocean_menu_social_hover_links_color":"","ocean_disable_title":"default","ocean_disable_heading":"default","ocean_post_title":"","ocean_post_subheading":"","ocean_post_title_style":"","ocean_post_title_background_color":"","ocean_post_title_background":0,"ocean_post_title_bg_image_position":"","ocean_post_title_bg_image_attachment":"","ocean_post_title_bg_image_repeat":"","ocean_post_title_bg_image_size":"","ocean_post_title_height":0,"ocean_post_title_bg_overlay":0.5,"ocean_post_title_bg_overlay_color":"","ocean_disable_breadcrumbs":"default","ocean_breadcrumbs_color":"","ocean_breadcrumbs_separator_color":"","ocean_breadcrumbs_links_color":"","ocean_breadcrumbs_links_hover_color":"","ocean_display_footer_widgets":"default","ocean_display_footer_bottom":"default","ocean_custom_footer_template":""},"eaja_categoria":[104],"serie":[74],"eaja_componente":[81],"class_list":["post-183439","eaja","type-eaja","status-publish","has-post-thumbnail","hentry","eaja_categoria-2o-segmento-5a-e-6a-serie","serie-5a-serie","eaja_componente-educacao-fisica","entry","has-media"],"acf":[],"_links":{"self":[{"href":"https:\/\/sme.goiania.go.gov.br\/conexaoescola\/wp-json\/wp\/v2\/eaja\/183439","targetHints":{"allow":["GET"]}}],"collection":[{"href":"https:\/\/sme.goiania.go.gov.br\/conexaoescola\/wp-json\/wp\/v2\/eaja"}],"about":[{"href":"https:\/\/sme.goiania.go.gov.br\/conexaoescola\/wp-json\/wp\/v2\/types\/eaja"}],"author":[{"embeddable":true,"href":"https:\/\/sme.goiania.go.gov.br\/conexaoescola\/wp-json\/wp\/v2\/users\/48"}],"wp:featuredmedia":[{"embeddable":true,"href":"https:\/\/sme.goiania.go.gov.br\/conexaoescola\/wp-json\/wp\/v2\/media\/183440"}],"wp:attachment":[{"href":"https:\/\/sme.goiania.go.gov.br\/conexaoescola\/wp-json\/wp\/v2\/media?parent=183439"}],"wp:term":[{"taxonomy":"eaja_categoria","embeddable":true,"href":"https:\/\/sme.goiania.go.gov.br\/conexaoescola\/wp-json\/wp\/v2\/eaja_categoria?post=183439"},{"taxonomy":"serie","embeddable":true,"href":"https:\/\/sme.goiania.go.gov.br\/conexaoescola\/wp-json\/wp\/v2\/serie?post=183439"},{"taxonomy":"eaja_componente","embeddable":true,"href":"https:\/\/sme.goiania.go.gov.br\/conexaoescola\/wp-json\/wp\/v2\/eaja_componente?post=183439"}],"curies":[{"name":"wp","href":"https:\/\/api.w.org\/{rel}","templated":true}]}}