{"id":183316,"date":"2024-05-27T16:36:00","date_gmt":"2024-05-27T19:36:00","guid":{"rendered":"https:\/\/sme.goiania.go.gov.br\/conexaoescola\/?post_type=eaja&#038;p=183316"},"modified":"2024-05-27T17:02:39","modified_gmt":"2024-05-27T20:02:39","slug":"lingua-portuguesa-localizar-informacoes-explicitas-no-texto","status":"publish","type":"eaja","link":"https:\/\/sme.goiania.go.gov.br\/conexaoescola\/eaja\/lingua-portuguesa-localizar-informacoes-explicitas-no-texto\/","title":{"rendered":"L\u00edngua Portuguesa &#8211; Localizar informa\u00e7\u00f5es expl\u00edcitas no texto"},"content":{"rendered":"\n<p class=\"has-text-align-center has-black-color has-text-color has-background has-link-color has-medium-font-size wp-elements-7e3e7923717374483f707ae256aa1b75\" style=\"background-color:#f78da857\">Esta proposta de atividade de\u00a0<strong>L\u00edngua Portuguesa<\/strong>\u00a0\u00e9 destinada aos estudantes do <strong>4\u00ba Per\u00edodo<\/strong>\u00a0da Educa\u00e7\u00e3o de Jovens e Adultos \u2013 EJA.<\/p>\n\n\n\n<div class=\"wp-block-buttons is-content-justification-center is-layout-flex wp-container-core-buttons-is-layout-16018d1d wp-block-buttons-is-layout-flex\">\n<div class=\"wp-block-button has-custom-font-size has-medium-font-size\"><a class=\"wp-block-button__link has-white-color has-black-background-color has-text-color has-background has-link-color wp-element-button\" href=\"https:\/\/drive.google.com\/uc?export=download&amp;id=1Jx3YlDg4eYpF0AArD4Fu1yN-auegrFq8\" target=\"_blank\" rel=\"noreferrer noopener\">BAIXE A ATIVIDADE<\/a><\/div>\n\n\n\n<div class=\"wp-block-button has-custom-font-size has-medium-font-size\"><a class=\"wp-block-button__link has-white-color has-black-background-color has-text-color has-background has-link-color wp-element-button\" href=\"https:\/\/drive.google.com\/uc?export=download&amp;id=1_Hm123u-ERDCCAL_BKkFECOFhpwKaLSe\" target=\"_blank\" rel=\"noreferrer noopener\">BAIXE OS SLIDES<\/a><\/div>\n\n\n\n<div class=\"wp-block-button has-custom-font-size has-medium-font-size\"><a class=\"wp-block-button__link has-white-color has-black-background-color has-text-color has-background has-link-color wp-element-button\" href=\"https:\/\/drive.google.com\/uc?export=download&amp;id=1DQcH5m-vcsuAQ80JSJYb6d8iVU7AxfgV\" target=\"_blank\" rel=\"noreferrer noopener\">BAIXE O TEXTO<\/a><\/div>\n<\/div>\n\n\n\n<hr class=\"wp-block-separator has-alpha-channel-opacity\"\/>\n\n\n<div class=\"wp-block-image\">\n<figure class=\"aligncenter size-full\"><img fetchpriority=\"high\" decoding=\"async\" width=\"611\" height=\"610\" src=\"https:\/\/sme.goiania.go.gov.br\/conexaoescola\/wp-content\/uploads\/2024\/05\/Imagem1-2.png\" alt=\"\" class=\"wp-image-183317\" srcset=\"https:\/\/sme.goiania.go.gov.br\/conexaoescola\/wp-content\/uploads\/2024\/05\/Imagem1-2.png 611w, https:\/\/sme.goiania.go.gov.br\/conexaoescola\/wp-content\/uploads\/2024\/05\/Imagem1-2-300x300.png 300w, https:\/\/sme.goiania.go.gov.br\/conexaoescola\/wp-content\/uploads\/2024\/05\/Imagem1-2-150x150.png 150w\" sizes=\"(max-width: 611px) 100vw, 611px\" \/><figcaption class=\"wp-element-caption\">FONTE: Pixabay.com Dispon\u00edvel em:<a href=\"https:\/\/pixabay.com\/pt\/illustrations\/ai-gerado-b%C3%ADblia-lendo-estude-8760900\/\">https:\/\/pixabay.com\/pt\/illustrations\/ai-gerado-b%C3%ADblia-lendo-estude-8760900\/<\/a> Acesso em 23\/05\/2024.<\/figcaption><\/figure><\/div>\n\n\n<p class=\"has-text-align-center has-black-color has-text-color has-background has-link-color has-medium-font-size wp-elements-2c80979657a369ee2ded3a1ef31b2cfe\" style=\"background-color:#0792e34f\"><strong>LOCALIZAR INFORMA\u00c7\u00d5ES EXPL\u00cdCITAS NO TEXTO<\/strong><\/p>\n\n\n\n<p class=\"has-black-color has-text-color has-link-color has-medium-font-size wp-elements-e2f4ab5330f47591a48e9c2b0431f615\">As informa\u00e7\u00f5es expl\u00edcitas em um texto s\u00e3o aquelas que est\u00e3o claramente expressas e diretamente afirmadas. Elas s\u00e3o f\u00e1ceis de identificar porque n\u00e3o exigem interpreta\u00e7\u00e3o ou leitura nas entrelinhas. Essas informa\u00e7\u00f5es s\u00e3o apresentadas de maneira direta e espec\u00edfica, de forma que o leitor n\u00e3o precise fazer suposi\u00e7\u00f5es ou dedu\u00e7\u00f5es para entend\u00ea-las. <\/p>\n\n\n\n<p class=\"has-black-color has-text-color has-link-color has-medium-font-size wp-elements-5f7ef668bfed3b4d7a58bfb55d38a1df\"><strong>Caracter\u00edsticas das informa\u00e7\u00f5es expl\u00edcitas incluem:<\/strong><\/p>\n\n\n\n<p class=\"has-black-color has-text-color has-link-color has-medium-font-size wp-elements-64376668e98bde0277c1ac702a25dbc0\">Clareza e objetividade, est\u00e3o descritas de forma direta.<\/p>\n\n\n\n<p class=\"has-black-color has-text-color has-link-color has-medium-font-size wp-elements-30475f909a095ffd35fc44056b7d8482\">F\u00e1cil identifica\u00e7\u00e3o, podem ser encontradas rapidamente no texto.<\/p>\n\n\n\n<p class=\"has-black-color has-text-color has-link-color has-medium-font-size wp-elements-4997b4b3e2313559edcc4252a86009a7\">Fatos e detalhes diretos, apresentam fatos, datas e nomes que n\u00e3o deixam margem para d\u00favidas.<\/p>\n\n\n\n<p class=\"has-black-color has-text-color has-link-color has-medium-font-size wp-elements-54e971879f199d4b57b5c71ca90cc090\"><strong>Como localizar informa\u00e7\u00f5es expl\u00edcitas em um texto?<\/strong><\/p>\n\n\n\n<p class=\"has-black-color has-text-color has-link-color has-medium-font-size wp-elements-8d75b20b29a91b8a7cd8824183583dc4\">Para localizar informa\u00e7\u00f5es expl\u00edcitas em um texto, \u00e9 necess\u00e1rio seguir alguns passos importantes:<\/p>\n\n\n\n<p class=\"has-black-color has-text-color has-link-color has-medium-font-size wp-elements-6bdc33445a645a3f91258175337619cf\"><strong>Leitura atenta<\/strong><\/p>\n\n\n\n<p class=\"has-black-color has-text-color has-link-color has-medium-font-size wp-elements-a5cf50fa5a295236e20b05b370baf8ba\">&nbsp;\u00c9 fundamental fazer uma leitura atenta e cuidadosa do texto, buscando identificar as informa\u00e7\u00f5es mais relevantes e os pontos principais do assunto abordado.<\/p>\n\n\n\n<p class=\"has-black-color has-text-color has-link-color has-medium-font-size wp-elements-b379fb825e112feac3cf9a04bd75e179\"><strong>Destacar palavras-chave<\/strong><\/p>\n\n\n\n<p class=\"has-black-color has-text-color has-link-color has-medium-font-size wp-elements-5cacdaf2f3d525eef3199b333e0df94d\">&nbsp;Durante a leitura, \u00e9 importante destacar as palavras-chave que indicam a presen\u00e7a de informa\u00e7\u00f5es expl\u00edcitas no texto. Essas palavras podem ser nomes pr\u00f3prios, datas, lugares, conceitos, entre outros.<\/p>\n\n\n\n<p class=\"has-black-color has-text-color has-link-color has-medium-font-size wp-elements-407d09289aa5b06f7e7e2bd22e04a03e\"><strong>Utilizar marcadores<\/strong>&nbsp;<\/p>\n\n\n\n<p class=\"has-black-color has-text-color has-link-color has-medium-font-size wp-elements-658da80fcc9152dd1aaea9ad941401cf\">&nbsp;O uso de marcadores, como grifos ou anota\u00e7\u00f5es, pode ajudar a identificar as informa\u00e7\u00f5es expl\u00edcitas no texto e tornar a leitura mais eficiente.<\/p>\n\n\n\n<p class=\"has-black-color has-text-color has-link-color has-medium-font-size wp-elements-247aefd098f17ae754ca1e5baf17beb5\"><strong>Revisar o texto<\/strong><\/p>\n\n\n\n<p class=\"has-black-color has-text-color has-link-color has-medium-font-size wp-elements-0c072b0670eafb33fdc0cf352b01b297\">&nbsp;Por fim, \u00e9 importante revisar o texto ap\u00f3s a leitura, buscando identificar se todas as informa\u00e7\u00f5es. relevantes foram identificadas e compreendidas corretamente.<\/p>\n\n\n\n<p class=\"has-black-color has-text-color has-link-color has-medium-font-size wp-elements-5eabb17aea9ad3a64a4e85182ef38a9c\"><strong>Sumariza\u00e7\u00e3o<\/strong><strong><\/strong><\/p>\n\n\n\n<p class=\"has-black-color has-text-color has-link-color has-medium-font-size wp-elements-116998732dfa5438dc20ab7f0f8a0048\">\u00a0Resuma os par\u00e1grafos ou se\u00e7\u00f5es, focando nos pontos principais que s\u00e3o claramente apresentados. A pr\u00e1tica de sumariza\u00e7\u00e3o ajuda a destilar as informa\u00e7\u00f5es expl\u00edcitas do texto.<\/p>\n\n\n\n<p class=\"has-black-color has-text-color has-link-color has-medium-font-size wp-elements-3b833f3ebb4d0db07b7561bb14aa351a\"><strong>Notas e Anota\u00e7\u00f5es<\/strong><strong><\/strong><\/p>\n\n\n\n<p class=\"has-black-color has-text-color has-link-color has-medium-font-size wp-elements-f90132c0ff44123d7171f69b03015859\">&nbsp;Fa\u00e7a anota\u00e7\u00f5es enquanto l\u00ea, registrando os fatos e detalhes que s\u00e3o claramente afirmados no texto. Isso n\u00e3o apenas ajuda na compreens\u00e3o, mas tamb\u00e9m facilita a localiza\u00e7\u00e3o dessas informa\u00e7\u00f5es posteriormente.<\/p>\n\n\n\n<p class=\"has-black-color has-text-color has-link-color has-medium-font-size wp-elements-e6246a5e63568fec3bf414d2d78ed6ce\"><strong>Releitura<\/strong><strong><\/strong><\/p>\n\n\n\n<p class=\"has-black-color has-text-color has-link-color has-medium-font-size wp-elements-f6bac2e465048a58e31428a79015a291\"><strong>&nbsp;<\/strong>Se necess\u00e1rio, releia o texto. \u00c0s vezes, informa\u00e7\u00f5es expl\u00edcitas podem ser mais evidentes em uma segunda leitura, especialmente se o texto for complexo ou denso.<\/p>\n\n\n\n<p class=\"has-black-color has-text-color has-link-color has-medium-font-size wp-elements-f6d3f6df8ae5ea4c995999574a6ef7d2\">\u00a0Encontrar informa\u00e7\u00f5es expl\u00edcitas em um texto \u00e9 uma habilidade essencial para entender e interpretar o conte\u00fado. Reconhecer dados vis\u00edveis em um texto \u00e9 uma a\u00e7\u00e3o que pode demandar um certo tempo, mas \u00e9 com ela que se faz poss\u00edvel captar o tema, responder a perguntas e solucionar problemas. <\/p>\n\n\n<div class=\"wp-block-image is-style-default\">\n<figure class=\"aligncenter size-full is-resized\"><img decoding=\"async\" width=\"548\" height=\"677\" src=\"https:\/\/sme.goiania.go.gov.br\/conexaoescola\/wp-content\/uploads\/2024\/05\/Imagem2-1.png\" alt=\"\" class=\"wp-image-183318\" style=\"aspect-ratio:1.5;object-fit:contain;width:548px;height:auto\" srcset=\"https:\/\/sme.goiania.go.gov.br\/conexaoescola\/wp-content\/uploads\/2024\/05\/Imagem2-1.png 548w, https:\/\/sme.goiania.go.gov.br\/conexaoescola\/wp-content\/uploads\/2024\/05\/Imagem2-1-243x300.png 243w\" sizes=\"(max-width: 548px) 100vw, 548px\" \/><figcaption class=\"wp-element-caption\">FONTE: Pixabay.com Dispon\u00edvel em: <a href=\"https:\/\/pixabay.com\/pt\/vectors\/silhueta-educa%C3%A7%C3%A3o-livro-exame-3135232\/\">https:\/\/pixabay.com\/pt\/vectors\/silhueta-educa%C3%A7%C3%A3o-livro-exame-3135232\/<\/a> Acesso em 23\/05\/2024.<\/figcaption><\/figure><\/div>\n\n\n<p class=\"has-black-color has-text-color has-link-color has-medium-font-size wp-elements-4e621842d9e3e9a6f7c82a674ef5fd56\">\u00a0\u00c9 v\u00e1lido ressaltar que antes de informa\u00e7\u00f5es expl\u00edcitas em um texto \u00e9 necess\u00e1rio levar em conta o objetivo do texto que est\u00e1 sendo lido, avaliar se sua finalidade \u00e9 informar, orientar, educar ou divertir. Ao tomar conhecimento do objetivo do texto fica mais f\u00e1cil compreender suas informa\u00e7\u00f5es expl\u00edcitas, por isso seja prudente leve em conta a origem e a autoria do texto, esses fatores podem evitar interpreta\u00e7\u00f5es equivocadas ou conclus\u00f5es precipitadas.<\/p>\n\n\n\n<p class=\"has-text-align-center has-black-color has-text-color has-background has-link-color has-medium-font-size wp-elements-a2c1ae584e93725a40d26d619669f21c\" style=\"background-color:#0792e34f\"><strong>RESPONDA AS QUEST\u00d5ES<\/strong><\/p>\n\n\n\n<p class=\"has-background has-medium-font-size\" style=\"background-color:#f78da857\"><strong>QUEST\u00c3O 1<\/strong><\/p>\n\n\n\n<p class=\"has-black-color has-text-color has-link-color has-medium-font-size wp-elements-2832c4515a853a452f9a5fff2ecd670d\">Leia o par\u00e1grafo abaixo e identifique tr\u00eas informa\u00e7\u00f5es expl\u00edcitas que ele fornece.<\/p>\n\n\n\n<p class=\"has-black-color has-text-color has-link-color has-medium-font-size wp-elements-d88af02db56c9133bc6ca902e36ad01a\">Par\u00e1grafo:<\/p>\n\n\n\n<p class=\"has-black-color has-text-color has-link-color has-medium-font-size wp-elements-9b116331c977300aff865301ce391c5d\">&#8220;Em 2023, as empresas de carros el\u00e9tricos registraram um aumento de 15% em suas vendas, atingindo um total de 5 milh\u00f5es de unidades vendidas. Este crescimento foi atribu\u00eddo \u00e0 nova linha de produtos lan\u00e7ada em mar\u00e7o, que foi bem recebida pelos consumidores. Al\u00e9m disso, as empresas de carros eletricos expandiram suas opera\u00e7\u00f5es para tr\u00eas novos mercados internacionais, contribuindo para os resultados positivos.&#8221;<\/p>\n\n\n\n<p class=\"has-black-color has-text-color has-link-color has-medium-font-size wp-elements-4bf0746a0857396f063154d7cbc6fe04\">Perguntas:<\/p>\n\n\n\n<p class=\"has-black-color has-text-color has-link-color has-medium-font-size wp-elements-9d928f00a90ce52dfcb2d0d20a31a0dc\">a) Qual foi o aumento percentual nas vendas das empresas de carros eletricos em 2023?<\/p>\n\n\n\n<p class=\"has-black-color has-text-color has-link-color has-medium-font-size wp-elements-ab341c42b877a8d40aee48b88b253300\">b) Quantas unidades a empresa vendeu em 2023?<\/p>\n\n\n\n<p class=\"has-black-color has-text-color has-link-color has-medium-font-size wp-elements-a78ee7adaca409e9bd721e0add8823a9\">c) Quando a nova linha de produtos foi lan\u00e7ada?<\/p>\n\n\n\n<p class=\"has-black-color has-text-color has-background has-link-color has-medium-font-size wp-elements-081457088aa667f1e8a918a2372d0aad\" style=\"background-color:#f78da859\"><strong>QUEST\u00c3O 2<\/strong><\/p>\n\n\n\n<p class=\"has-medium-font-size\">Leia a frase e reescreva-a para que as informa\u00e7\u00f5es se tornem expl\u00edcitas. Para isso amplie a frase respondendo as perguntas abaixo:<\/p>\n\n\n\n<p class=\"has-medium-font-size\">Frase:<\/p>\n\n\n\n<p class=\"has-medium-font-size\">&#8220;Ele chegou cedo ao trabalho para terminar o projeto a tempo.&#8221;<\/p>\n\n\n\n<p class=\"has-medium-font-size\">Perguntas:<\/p>\n\n\n\n<p class=\"has-medium-font-size\">a) Quem \u00e9 &#8220;ele&#8221;?<\/p>\n\n\n\n<p class=\"has-medium-font-size\">b) A que horas ele chegou ao trabalho?<\/p>\n\n\n\n<p class=\"has-medium-font-size\">c) O nome do projeto?<\/p>\n\n\n\n<p class=\"has-black-color has-text-color has-background has-link-color has-medium-font-size wp-elements-f121e1a6338dbd6b058b01e0a070f413\" style=\"background-color:#f78da859\"><strong>QUEST\u00c3O 3<\/strong><\/p>\n\n\n\n<p class=\"has-black-color has-text-color has-link-color has-medium-font-size wp-elements-c65e2f4b0799c4570882b29106ca9ead\">As informa\u00e7\u00f5es expl\u00edcitas s\u00e3o consideradas como<\/p>\n\n\n\n<p class=\"has-black-color has-text-color has-link-color has-medium-font-size wp-elements-9f602bde4b2f6a9b73d6160714adc16a\">(A) informa\u00e7\u00f5es que s\u00e3o subjetivas e abertas a interpreta\u00e7\u00e3o.<\/p>\n\n\n\n<p class=\"has-black-color has-text-color has-link-color has-medium-font-size wp-elements-39229823ba6ae8854bc8521149e6a892\">(B) informa\u00e7\u00f5es que s\u00e3o ocultas e requerem infer\u00eancia para serem compreendidas.<\/p>\n\n\n\n<p class=\"has-black-color has-text-color has-link-color has-medium-font-size wp-elements-a23b63923288b2a981b7f7685de91e1f\">(C) informa\u00e7\u00f5es que s\u00e3o claramente definidas, detalhadas e diretamente expressas.<\/p>\n\n\n\n<p class=\"has-black-color has-text-color has-link-color has-medium-font-size wp-elements-118ab46cabbde5fb701fa59cc2a8af30\">(D) informa\u00e7\u00f5es que s\u00e3o impl\u00edcitas e indiretas.<\/p>\n\n\n\n<p class=\"has-black-color has-text-color has-background has-link-color has-medium-font-size wp-elements-3a1c2cc62349f2718d95ef7f391b5572\" style=\"background-color:#f78da869\"><strong>QUEST\u00c3O 4<\/strong><\/p>\n\n\n\n<p class=\"has-black-color has-text-color has-link-color has-medium-font-size wp-elements-fb19bf1967430140dbf27a42d14e6f91\">As informa\u00e7\u00f5es expl\u00edcitas s\u00e3o importantes na comunica\u00e7\u00e3o interpessoal, pois<\/p>\n\n\n\n<p class=\"has-black-color has-text-color has-link-color has-medium-font-size wp-elements-5b7912398e37cec58ebbebd67e55f153\">(A) elas permitem que as pessoas adivinhem o que o outro est\u00e1 pensando.<\/p>\n\n\n\n<p class=\"has-black-color has-text-color has-link-color has-medium-font-size wp-elements-7b11a66304aab7bb084a26318a3cb704\">(B) elas evitam mal-entendidos ao fornecer clareza e precis\u00e3o.<\/p>\n\n\n\n<p class=\"has-black-color has-text-color has-link-color has-medium-font-size wp-elements-316a76fe1054ddb48700dde8db938415\">(C) elas s\u00e3o sempre subjetivas e baseadas em opini\u00f5es pessoais.<\/p>\n\n\n\n<p class=\"has-black-color has-text-color has-link-color has-medium-font-size wp-elements-3d3cbb35625f6735934fc87f81d74827\">(D) elas s\u00e3o dif\u00edceis de compreender e requerem infer\u00eancia.<\/p>\n\n\n\n<p class=\"has-black-color has-text-color has-background has-link-color has-medium-font-size wp-elements-66b4300073d5b30a92dd05c87e80fe4e\" style=\"background-color:#f78da857\"><strong>QUEST\u00c3O 5<\/strong><\/p>\n\n\n\n<p class=\"has-medium-font-size\">As informa\u00e7\u00f5es expl\u00edcitas beneficiam o processo educacional, pois<\/p>\n\n\n\n<p class=\"has-medium-font-size\">(A) tornam as instru\u00e7\u00f5es mais confusas.<\/p>\n\n\n\n<p class=\"has-medium-font-size\">(B) ajudam os alunos a compreenderem conceitos complexos de forma clara.<\/p>\n\n\n\n<p class=\"has-medium-font-size\">(C) s\u00e3o menos importantes do que as informa\u00e7\u00f5es impl\u00edcitas.<\/p>\n\n\n\n<p class=\"has-medium-font-size\">(D) criam ambiguidades nos materiais de ensino.<\/p>\n\n\n\n<hr class=\"wp-block-separator has-alpha-channel-opacity\"\/>\n\n\n\n<figure class=\"wp-block-table is-style-stripes\"><table><tbody><tr><td><strong>Autoria:<\/strong><strong><\/strong><\/td><td>Regina C\u00e1cia<\/td><\/tr><tr><td><strong>Forma\u00e7\u00e3o:<\/strong><strong><\/strong><\/td><td>Letras \u2013 L\u00edngua Portuguesa<\/td><\/tr><tr><td><strong>Componente Curricular:<\/strong><\/td><td>L\u00edngua Portuguesa<\/td><\/tr><tr><td><strong>Objetivos de Aprendizagem e Desenvolvimento:<\/strong><\/td><td>(EJALP0407) Compreender os procedimentos de localiza\u00e7\u00e3o de informa\u00e7\u00f5es a partir de ind\u00edcios do texto (t\u00edtulos, subt\u00edtulos e outros), antecipa\u00e7\u00e3o de significados\/sentidos nas leituras realizadas e checagem de hip\u00f3teses levantadas durante a leitura de um texto<\/td><\/tr><tr><td><strong>Refer\u00eancias:<\/strong><strong><\/strong><\/td><td>KOCH, Ingedore Grunfeld Villa\u00e7a. ELIAS, Vanda Maria. Ler e compreender os sentidos do texto. S\u00e3o Paulo, Contexto: 2012. <br><br>KOCH, Ingedore Grunfeld Villa\u00e7a; BENTES, Anna Christina.; CAVALCANTE, M\u00f4nica Magalh\u00e3es. Intertextualidade: di\u00e1logos poss\u00edveis. S\u00e3o Paulo, Cortez, 2008. <br><br>KRISTEVA, Julia. Introdu\u00e7\u00e3o \u00e0 seman\u00e1lise. Tradu\u00e7\u00e3o de Lucia Helena Fran\u00e7a Ferraz. Editora Perspectiva, 2005. \u00a0<\/td><\/tr><\/tbody><\/table><\/figure>\n","protected":false},"author":54,"featured_media":183317,"template":"","meta":{"_acf_changed":false,"ocean_post_layout":"","ocean_both_sidebars_style":"","ocean_both_sidebars_content_width":0,"ocean_both_sidebars_sidebars_width":0,"ocean_sidebar":"","ocean_second_sidebar":"","ocean_disable_margins":"enable","ocean_add_body_class":"","ocean_shortcode_before_top_bar":"","ocean_shortcode_after_top_bar":"","ocean_shortcode_before_header":"","ocean_shortcode_after_header":"","ocean_has_shortcode":"","ocean_shortcode_after_title":"","ocean_shortcode_before_footer_widgets":"","ocean_shortcode_after_footer_widgets":"","ocean_shortcode_before_footer_bottom":"","ocean_shortcode_after_footer_bottom":"","ocean_display_top_bar":"default","ocean_display_header":"default","ocean_header_style":"","ocean_center_header_left_menu":"","ocean_custom_header_template":"","ocean_custom_logo":0,"ocean_custom_retina_logo":0,"ocean_custom_logo_max_width":0,"ocean_custom_logo_tablet_max_width":0,"ocean_custom_logo_mobile_max_width":0,"ocean_custom_logo_max_height":0,"ocean_custom_logo_tablet_max_height":0,"ocean_custom_logo_mobile_max_height":0,"ocean_header_custom_menu":"","ocean_menu_typo_font_family":"","ocean_menu_typo_font_subset":"","ocean_menu_typo_font_size":0,"ocean_menu_typo_font_size_tablet":0,"ocean_menu_typo_font_size_mobile":0,"ocean_menu_typo_font_size_unit":"px","ocean_menu_typo_font_weight":"","ocean_menu_typo_font_weight_tablet":"","ocean_menu_typo_font_weight_mobile":"","ocean_menu_typo_transform":"","ocean_menu_typo_transform_tablet":"","ocean_menu_typo_transform_mobile":"","ocean_menu_typo_line_height":0,"ocean_menu_typo_line_height_tablet":0,"ocean_menu_typo_line_height_mobile":0,"ocean_menu_typo_line_height_unit":"","ocean_menu_typo_spacing":0,"ocean_menu_typo_spacing_tablet":0,"ocean_menu_typo_spacing_mobile":0,"ocean_menu_typo_spacing_unit":"","ocean_menu_link_color":"","ocean_menu_link_color_hover":"","ocean_menu_link_color_active":"","ocean_menu_link_background":"","ocean_menu_link_hover_background":"","ocean_menu_link_active_background":"","ocean_menu_social_links_bg":"","ocean_menu_social_hover_links_bg":"","ocean_menu_social_links_color":"","ocean_menu_social_hover_links_color":"","ocean_disable_title":"default","ocean_disable_heading":"default","ocean_post_title":"","ocean_post_subheading":"","ocean_post_title_style":"","ocean_post_title_background_color":"","ocean_post_title_background":0,"ocean_post_title_bg_image_position":"","ocean_post_title_bg_image_attachment":"","ocean_post_title_bg_image_repeat":"","ocean_post_title_bg_image_size":"","ocean_post_title_height":0,"ocean_post_title_bg_overlay":0.5,"ocean_post_title_bg_overlay_color":"","ocean_disable_breadcrumbs":"default","ocean_breadcrumbs_color":"","ocean_breadcrumbs_separator_color":"","ocean_breadcrumbs_links_color":"","ocean_breadcrumbs_links_hover_color":"","ocean_display_footer_widgets":"default","ocean_display_footer_bottom":"default","ocean_custom_footer_template":""},"eaja_categoria":[104],"serie":[74],"eaja_componente":[77],"class_list":["post-183316","eaja","type-eaja","status-publish","has-post-thumbnail","hentry","eaja_categoria-2o-segmento-5a-e-6a-serie","serie-5a-serie","eaja_componente-lingua-portuguesa","entry","has-media"],"acf":[],"_links":{"self":[{"href":"https:\/\/sme.goiania.go.gov.br\/conexaoescola\/wp-json\/wp\/v2\/eaja\/183316","targetHints":{"allow":["GET"]}}],"collection":[{"href":"https:\/\/sme.goiania.go.gov.br\/conexaoescola\/wp-json\/wp\/v2\/eaja"}],"about":[{"href":"https:\/\/sme.goiania.go.gov.br\/conexaoescola\/wp-json\/wp\/v2\/types\/eaja"}],"author":[{"embeddable":true,"href":"https:\/\/sme.goiania.go.gov.br\/conexaoescola\/wp-json\/wp\/v2\/users\/54"}],"wp:featuredmedia":[{"embeddable":true,"href":"https:\/\/sme.goiania.go.gov.br\/conexaoescola\/wp-json\/wp\/v2\/media\/183317"}],"wp:attachment":[{"href":"https:\/\/sme.goiania.go.gov.br\/conexaoescola\/wp-json\/wp\/v2\/media?parent=183316"}],"wp:term":[{"taxonomy":"eaja_categoria","embeddable":true,"href":"https:\/\/sme.goiania.go.gov.br\/conexaoescola\/wp-json\/wp\/v2\/eaja_categoria?post=183316"},{"taxonomy":"serie","embeddable":true,"href":"https:\/\/sme.goiania.go.gov.br\/conexaoescola\/wp-json\/wp\/v2\/serie?post=183316"},{"taxonomy":"eaja_componente","embeddable":true,"href":"https:\/\/sme.goiania.go.gov.br\/conexaoescola\/wp-json\/wp\/v2\/eaja_componente?post=183316"}],"curies":[{"name":"wp","href":"https:\/\/api.w.org\/{rel}","templated":true}]}}