{"id":179725,"date":"2024-03-22T15:00:33","date_gmt":"2024-03-22T18:00:33","guid":{"rendered":"https:\/\/sme.goiania.go.gov.br\/conexaoescola\/?post_type=eaja&#038;p=179725"},"modified":"2024-04-23T14:30:14","modified_gmt":"2024-04-23T17:30:14","slug":"matematica-explorando-a-posicao-dos-numeros-racionais-na-reta-numerica","status":"publish","type":"eaja","link":"https:\/\/sme.goiania.go.gov.br\/conexaoescola\/eaja\/matematica-explorando-a-posicao-dos-numeros-racionais-na-reta-numerica\/","title":{"rendered":"Matem\u00e1tica &#8211; Explorando a Posi\u00e7\u00e3o dos N\u00fameros Racionais na Reta Num\u00e9rica"},"content":{"rendered":"\n<p class=\"has-text-align-center has-medium-font-size\"><strong>Esta proposta de atividade de Matem\u00e1tica \u00e9 destinada aos estudantes do 6\u00ba Per\u00edodo (8\u00aa s\u00e9rie)&nbsp;da Educa\u00e7\u00e3o de Jovens e Adultos \u2013 EJA.<\/strong><\/p>\n\n\n\n<div class=\"wp-block-buttons is-content-justification-center is-layout-flex wp-container-core-buttons-is-layout-16018d1d wp-block-buttons-is-layout-flex\">\n<div class=\"wp-block-button\"><a class=\"wp-block-button__link wp-element-button\" href=\"https:\/\/drive.google.com\/uc?export=douwnload&amp;id=1duZNCiCa6Lxn0Lu5RrkaY1OZqczinx61\" target=\"_blank\" rel=\"noreferrer noopener\">BAIXE A ATIVIDADE<\/a><\/div>\n\n\n\n<div class=\"wp-block-button\"><a class=\"wp-block-button__link wp-element-button\" href=\"https:\/\/drive.google.com\/uc?export=douwnload&amp;id=1G1yxR1JKKxr9nweTcEX3gBPrrOc0xdwA\" target=\"_blank\" rel=\"noreferrer noopener\">BAIXE OS SLIDES<\/a><\/div>\n\n\n\n<div class=\"wp-block-button\"><a class=\"wp-block-button__link wp-element-button\" href=\"https:\/\/drive.google.com\/uc?export=douwnload&amp;id=13qNTDM8gSHX_tNNJX0uvKNx73HvBuS0T\" target=\"_blank\" rel=\"noreferrer noopener\">BAIXE O TEXTO<\/a><\/div>\n<\/div>\n\n\n\n<div class=\"wp-block-media-text is-stacked-on-mobile\" style=\"grid-template-columns:24% auto\"><figure class=\"wp-block-media-text__media\"><img decoding=\"async\" width=\"279\" height=\"176\" src=\"https:\/\/sme.goiania.go.gov.br\/conexaoescola\/wp-content\/uploads\/2024\/03\/reta.png\" alt=\"\" class=\"wp-image-179728 size-full\"\/><\/figure><div class=\"wp-block-media-text__content\">\n<p class=\"has-text-color has-link-color has-medium-font-size wp-elements-4539afe19919efcf29d0e19c6d5805c0\" style=\"color:#2d7d2e\"><strong>Introdu\u00e7\u00e3o<\/strong><\/p>\n\n\n\n<p class=\"has-medium-font-size\">Neste texto, exploraremos a natureza dos n\u00fameros racionais e como eles se localizam ao longo da reta real.<\/p>\n\n\n\n<p class=\"has-small-font-size\">Imagem:canva.com\/r\u00e9gua_<a href=\"https:\/\/l1nk.dev\/khgEj\">https:\/\/l1nk.dev\/khgEj<\/a><\/p>\n<\/div><\/div>\n\n\n\n<p class=\"has-text-color has-link-color has-medium-font-size wp-elements-e43cc9e2a9b075918e4e758b7c621ea8\" style=\"color:#2d7d2e\"><strong>Quem s\u00e3o os n\u00fameros racionais?<\/strong><\/p>\n\n\n\n<p class=\"has-medium-font-size\">Os n\u00fameros racionais s\u00e3o <strong>todos aqueles que podem ser expressos na forma de fra\u00e7\u00e3o<\/strong>, ou seja, na forma <strong>a\/b<\/strong> com <strong>b<\/strong> diferente de zero.<\/p>\n\n\n\n<p class=\"has-text-color has-link-color has-medium-font-size wp-elements-a483afc39e8f8225188fb119c58bb6e2\" style=\"color:#2d7d2e\"><strong>Para ficar mais f\u00e1cil!<\/strong><\/p>\n\n\n\n<p class=\"has-medium-font-size\"><strong>Os n\u00fameros racionais s\u00e3o:<\/strong><\/p>\n\n\n\n<ul class=\"wp-block-list\">\n<li class=\"has-medium-font-size\">Todos os inteiros: -2, -1, 0, 1, 2 e 3.<\/li>\n\n\n\n<li class=\"has-medium-font-size\">Todas as fra\u00e7\u00f5es: 1\/2 , &#8211; 3\/4 , 5\/7 e &#8211; 8\/9.<\/li>\n\n\n\n<li class=\"has-medium-font-size\">Todas as decimais exatas: 2,52 ; -7,98 ; 12,5<\/li>\n\n\n\n<li class=\"has-medium-font-size\">Todas as decimais peri\u00f3dicas: 1,6666\u2026 ; -3,757575\u2026 e 7,55555\u2026.<\/li>\n<\/ul>\n\n\n\n<p class=\"has-text-color has-link-color has-medium-font-size wp-elements-87131dd30195092c51d04d85cfe1849c\" style=\"color:#2d7d2e\"><strong>Um pouco sobre a Reta Num\u00e9rica<\/strong><\/p>\n\n\n\n<p class=\"has-medium-font-size\">A reta num\u00e9rica \u00e9 uma linha reta onde cada ponto corresponde a um n\u00famero real e as dist\u00e2ncias entre esses pontos s\u00e3o iguais. Os n\u00fameros inteiros s\u00e3o representados pelos pontos inteiros na reta, enquanto os n\u00fameros racionais s\u00e3o representados por pontos entre os inteiros.<\/p>\n\n\n\n<p class=\"has-medium-font-size\"><strong>Por exemplo:<\/strong><\/p>\n\n\n\n<p class=\"has-medium-font-size\">Na reta num\u00e9rica abaixo, o ponto A est\u00e1 no centro e os n\u00fameros inteiros est\u00e3o \u00e0 esquerda e \u00e0 direita dele, enquanto os n\u00fameros racionais est\u00e3o representados pelos pontos entre os inteiros.<\/p>\n\n\n<div class=\"wp-block-image\">\n<figure class=\"aligncenter is-resized\"><img fetchpriority=\"high\" decoding=\"async\" width=\"1080\" height=\"61\" src=\"https:\/\/sme.goiania.go.gov.br\/conexaoescola\/wp-content\/uploads\/2024\/03\/image-112.png\" alt=\"\" class=\"wp-image-179729\" style=\"width:884px;height:auto\" srcset=\"https:\/\/sme.goiania.go.gov.br\/conexaoescola\/wp-content\/uploads\/2024\/03\/image-112.png 1080w, https:\/\/sme.goiania.go.gov.br\/conexaoescola\/wp-content\/uploads\/2024\/03\/image-112-300x17.png 300w, https:\/\/sme.goiania.go.gov.br\/conexaoescola\/wp-content\/uploads\/2024\/03\/image-112-1024x58.png 1024w, https:\/\/sme.goiania.go.gov.br\/conexaoescola\/wp-content\/uploads\/2024\/03\/image-112-768x43.png 768w\" sizes=\"(max-width: 1080px) 100vw, 1080px\" \/><\/figure><\/div>\n\n\n<p class=\"has-text-align-center has-small-font-size\">Imagem do autor produzida no Geogebra<\/p>\n\n\n\n<p class=\"has-medium-font-size\">Na reta, destacamos os pontos B, C e E, que correspondem aos n\u00fameros racionais na forma decimal e, o ponto D, que corresponde ao n\u00famero racional na forma de inteiro.<\/p>\n\n\n\n<p class=\"has-text-color has-link-color has-medium-font-size wp-elements-57b3e10c2d77ef7a008707e494dce35d\" style=\"color:#2d7d2e\"><strong>Como localizar os n\u00fameros racionais na reta num\u00e9rica?<\/strong><\/p>\n\n\n\n<p class=\"has-text-color has-link-color has-medium-font-size wp-elements-9221067667f359b21469a034648dc6ac\" style=\"color:#2d7d2e\"><strong>Forma Decimal Exata<\/strong><\/p>\n\n\n\n<p class=\"has-medium-font-size\"><strong>Exemplo: 1,7<\/strong><\/p>\n\n\n\n<p class=\"has-medium-font-size\">Como 1,7 \u00e9 um n\u00famero maior do que 1 e menor do que 2, podemos localiz\u00e1-lo na reta num\u00e9rica da seguinte forma:<\/p>\n\n\n\n<ul class=\"wp-block-list\">\n<li class=\"has-medium-font-size\">Localize os n\u00fameros inteiros 1 e 2 na reta.<\/li>\n\n\n\n<li class=\"has-medium-font-size\">Divida o espa\u00e7o entre eles em 10 partes iguais.<\/li>\n\n\n\n<li class=\"has-medium-font-size\">Conte 7 partes a partir do n\u00famero 1 e marque o ponto correspondente na reta.<\/li>\n<\/ul>\n\n\n<div class=\"wp-block-image\">\n<figure class=\"aligncenter size-full is-resized\"><img decoding=\"async\" width=\"526\" height=\"59\" src=\"https:\/\/sme.goiania.go.gov.br\/conexaoescola\/wp-content\/uploads\/2024\/03\/image-114.png\" alt=\"\" class=\"wp-image-179762\" style=\"width:432px;height:auto\" srcset=\"https:\/\/sme.goiania.go.gov.br\/conexaoescola\/wp-content\/uploads\/2024\/03\/image-114.png 526w, https:\/\/sme.goiania.go.gov.br\/conexaoescola\/wp-content\/uploads\/2024\/03\/image-114-300x34.png 300w\" sizes=\"(max-width: 526px) 100vw, 526px\" \/><\/figure><\/div>\n\n\n<p class=\"has-text-align-center has-small-font-size\">Imagem do autor produzida no Geogebra<\/p>\n\n\n\n<p class=\"has-text-color has-link-color has-medium-font-size wp-elements-20ed3ccde422e76ae7b41edbffcea6fe\" style=\"color:#2d7d2e\"><strong>Observa\u00e7\u00e3o<\/strong><\/p>\n\n\n\n<p class=\"has-medium-font-size\">Para localizar um n\u00famero na forma de decimal peri\u00f3dica, basta fazer a aproxima\u00e7\u00e3o.<\/p>\n\n\n\n<p class=\"has-medium-font-size\"><strong>Por exemplo:<\/strong><\/p>\n\n\n\n<ul class=\"wp-block-list\">\n<li class=\"has-medium-font-size\">1,666&#8230; pode ser aproximado por 1,7.<\/li>\n\n\n\n<li class=\"has-medium-font-size\">0,333&#8230; pode ser aproximado por 0,3.<\/li>\n<\/ul>\n\n\n\n<p class=\"has-text-color has-link-color has-medium-font-size wp-elements-f82928d73f0615b1bf295962868e40c1\" style=\"color:#2d7d2e\"><strong>Forma Fracion\u00e1ria<\/strong><\/p>\n\n\n\n<p class=\"has-medium-font-size\"><strong>Exemplo: &#8211; 4\/5<\/strong><\/p>\n\n\n\n<ul class=\"wp-block-list\">\n<li class=\"has-medium-font-size\">Converta a fra\u00e7\u00e3o para uma forma decimal fazendo a divis\u00e3o entre o numerador e o denominador (No caso o 4:5 = 0,8).<\/li>\n\n\n\n<li class=\"has-medium-font-size\">Siga os passos da forma decimal exata para localizar o n\u00famero na reta.<\/li>\n<\/ul>\n\n\n<div class=\"wp-block-image\">\n<figure class=\"aligncenter size-full is-resized\"><img loading=\"lazy\" decoding=\"async\" width=\"542\" height=\"67\" src=\"https:\/\/sme.goiania.go.gov.br\/conexaoescola\/wp-content\/uploads\/2024\/03\/image-116.png\" alt=\"\" class=\"wp-image-179764\" style=\"width:400px;height:auto\" srcset=\"https:\/\/sme.goiania.go.gov.br\/conexaoescola\/wp-content\/uploads\/2024\/03\/image-116.png 542w, https:\/\/sme.goiania.go.gov.br\/conexaoescola\/wp-content\/uploads\/2024\/03\/image-116-300x37.png 300w\" sizes=\"(max-width: 542px) 100vw, 542px\" \/><\/figure><\/div>\n\n\n<p class=\"has-text-align-center has-small-font-size\">Imagem do autor produzida no Geogebra<\/p>\n\n\n\n<p class=\"has-medium-font-size\">Em resumo, os n\u00fameros racionais incluem, al\u00e9m dos inteiros, as fra\u00e7\u00f5es e as decimais que podem ser encontradas entre os n\u00fameros inteiros na reta num\u00e9rica. \u00c9 importante saber localiz\u00e1-los para entender melhor a matem\u00e1tica b\u00e1sica e resolver problemas simples do dia a dia.<\/p>\n\n\n\n<p class=\"has-light-green-cyan-background-color has-background has-medium-font-size\"><strong>QUEST\u00c3O 01<\/strong><\/p>\n\n\n\n<p class=\"has-medium-font-size\">Ap\u00f3s ler a receita de um delicioso bolo, considere as quest\u00f5es abaixo.<\/p>\n\n\n\n<ul class=\"wp-block-list\">\n<li class=\"has-medium-font-size\">2 x\u00edcaras de farinha de trigo<\/li>\n\n\n\n<li class=\"has-medium-font-size\">1 x\u00edcara de a\u00e7\u00facar<\/li>\n\n\n\n<li class=\"has-medium-font-size\">1\/2 x\u00edcara de \u00f3leo<\/li>\n\n\n\n<li class=\"has-medium-font-size\">3 ovos<\/li>\n\n\n\n<li class=\"has-medium-font-size\">1 colher de sopa de fermento em p\u00f3<\/li>\n\n\n\n<li class=\"has-medium-font-size\">1 pitada de sal<\/li>\n\n\n\n<li class=\"has-medium-font-size\">1\/2 x\u00edcara de leite<\/li>\n\n\n\n<li class=\"has-medium-font-size\">1 colher de ch\u00e1 de ess\u00eancia de baunilha<\/li>\n<\/ul>\n\n\n\n<p class=\"has-medium-font-size\">A) Identifique os ingredientes expressos como n\u00fameros racionais inteiros e fracion\u00e1rios.<\/p>\n\n\n\n<p class=\"has-medium-font-size\">B) Converta os n\u00fameros racionais de fra\u00e7\u00e3o para decimal.<\/p>\n\n\n\n<p class=\"has-light-green-cyan-background-color has-background has-medium-font-size\"><strong>QUEST\u00c3O 0<\/strong>2<\/p>\n\n\n\n<p class=\"has-medium-font-size\">A afirma\u00e7\u00e3o que melhor define os n\u00fameros racionais \u00e9 que<\/p>\n\n\n\n<p class=\"has-medium-font-size\">( A ) s\u00e3o n\u00fameros que n\u00e3o podem ser expressos na forma de fra\u00e7\u00e3o.<\/p>\n\n\n\n<p class=\"has-medium-font-size\">( B ) s\u00e3o n\u00fameros que podem ser expressos apenas na forma decimal, sem casas decimais repetidas.<\/p>\n\n\n\n<p class=\"has-medium-font-size\">( C ) s\u00e3o n\u00fameros que podem ser expressos apenas na forma decimal, com casas decimais infinitas e n\u00e3o repetitivas.<\/p>\n\n\n\n<p class=\"has-medium-font-size\">( D ) s\u00e3o n\u00fameros que podem ser escritos na forma de fra\u00e7\u00e3o, onde tanto o numerador quanto o denominador s\u00e3o n\u00fameros inteiros, com o denominador sendo diferente de zero.\u00a0<\/p>\n\n\n\n<p class=\"has-light-green-cyan-background-color has-background has-medium-font-size\"><strong>QUEST\u00c3O 03<\/strong><\/p>\n\n\n\n<p class=\"has-medium-font-size\">O n\u00famero decimal &#8211; 2,5 est\u00e1 localizado entre os n\u00fameros<\/p>\n\n\n\n<p class=\"has-medium-font-size\">(A)&nbsp; -2 e -3.<\/p>\n\n\n\n<p class=\"has-medium-font-size\">(B) -1 e -2.<\/p>\n\n\n\n<p class=\"has-medium-font-size\">(C) -3 e -4.<\/p>\n\n\n\n<p class=\"has-medium-font-size\">(D)-2 e -1.<\/p>\n\n\n\n<p class=\"has-light-green-cyan-background-color has-background has-medium-font-size\"><strong>QUEST\u00c3O 04<\/strong><\/p>\n\n\n\n<p class=\"has-medium-font-size\">Em um projeto de jardinagem, Paula est\u00e1 planejando o espa\u00e7amento entre diferentes plantas em um canteiro. A planta A est\u00e1 localizada a 2,75 metros da borda esquerda do canteiro, a planta B est\u00e1 a 5\/2 metros da mesma borda, e a planta C est\u00e1 a 11\/4 metros da borda direita do canteiro.<\/p>\n\n\n\n<p class=\"has-medium-font-size\">Desenhe uma reta num\u00e9rica e localize os pontos que representam as dist\u00e2ncias das plantas A, B e C em rela\u00e7\u00e3o \u00e0s bordas do canteiro.<\/p>\n\n\n\n<p class=\"has-black-color has-vivid-green-cyan-background-color has-text-color has-background has-link-color has-medium-font-size wp-elements-c37237873c998ed377b85b5095f79bf6\"><strong>SAIBA MAIS<\/strong><\/p>\n\n\n\n<p class=\"has-medium-font-size\">Quem aprender um pouco mais? Acesse o v\u00eddeo no canal do Prof. H\u00e9lio sobre os N\u00fameros Racionais<\/p>\n\n\n\n<figure class=\"wp-block-embed is-type-video is-provider-youtube wp-block-embed-youtube wp-embed-aspect-16-9 wp-has-aspect-ratio\"><div class=\"wp-block-embed__wrapper\">\n<p class=\"responsive-video-wrap clr\"><iframe title=\"No\u00e7\u00f5es de N\u00fameros Racionais\" width=\"1200\" height=\"675\" src=\"https:\/\/www.youtube.com\/embed\/EnngY-1Egi4?start=133&#038;feature=oembed\" frameborder=\"0\" allow=\"accelerometer; autoplay; clipboard-write; encrypted-media; gyroscope; picture-in-picture; web-share\" referrerpolicy=\"strict-origin-when-cross-origin\" allowfullscreen><\/iframe><\/p>\n<\/div><figcaption class=\"wp-element-caption\">Canal do Prof. H\u00e9lio &lt;YouTube&gt;<\/figcaption><\/figure>\n\n\n\n<figure class=\"wp-block-table is-style-stripes\"><table><tbody><tr><td>Autoria<\/td><td>Professor H\u00e9lio Roberto da Rocha, Mestre em matem\u00e1tica<\/td><\/tr><tr><td>Componente curricular<\/td><td>Matem\u00e1tica<\/td><\/tr><tr><td>Objetivos de aprendizagem e desenvolvimento<\/td><td>(EJAMA0602) Reconhecer um n\u00famero racional como um n\u00famero real, cuja representa\u00e7\u00e3o decimal \u00e9 finita ou decimal infinita e peri\u00f3dica (d\u00edzima peri\u00f3dica) e que pode ser escrita em forma de fra\u00e7\u00e3o irredut\u00edvel, localizando-os na reta num\u00e9rica.<\/td><\/tr><tr><td>Refer\u00eancias<\/td><td>SOUZA, Joamir Roberto de: Matem\u00e1tica realidade &amp; tecnologia: 9\u00ba ano: ensino fundamental: anos finais \/Joamir Roberto de Souza. \u2013 1. ed. \u2013 S\u00e3o Paulo: FTD, 2018.<br>GIOVANNI J\u00daNIOR, Jos\u00e9 Ruy &#8211; A conquista da matem\u00e1tica: 9\u00b0 ano: ensino fundamental: anos finais \/ Jos\u00e9 Ruy Giovanni J\u00fanior, Benedicto Castrucci. \u2014 4. ed. \u2014 S\u00e3o Paulo: FTD, 2018.<br>GOI\u00c2NIA. Secretaria Municipal de Educa\u00e7\u00e3o. Aprender Sempre. 6\u00b0 ao 9\u00b0 ano &#8211; Ensino Fundamental; Matem\u00e1tica; Goi\u00e2nia, 2024.<\/td><\/tr><\/tbody><\/table><\/figure>\n","protected":false},"author":47,"featured_media":179728,"template":"","meta":{"_acf_changed":false,"ocean_post_layout":"","ocean_both_sidebars_style":"","ocean_both_sidebars_content_width":0,"ocean_both_sidebars_sidebars_width":0,"ocean_sidebar":"","ocean_second_sidebar":"","ocean_disable_margins":"enable","ocean_add_body_class":"","ocean_shortcode_before_top_bar":"","ocean_shortcode_after_top_bar":"","ocean_shortcode_before_header":"","ocean_shortcode_after_header":"","ocean_has_shortcode":"","ocean_shortcode_after_title":"","ocean_shortcode_before_footer_widgets":"","ocean_shortcode_after_footer_widgets":"","ocean_shortcode_before_footer_bottom":"","ocean_shortcode_after_footer_bottom":"","ocean_display_top_bar":"default","ocean_display_header":"default","ocean_header_style":"","ocean_center_header_left_menu":"","ocean_custom_header_template":"","ocean_custom_logo":0,"ocean_custom_retina_logo":0,"ocean_custom_logo_max_width":0,"ocean_custom_logo_tablet_max_width":0,"ocean_custom_logo_mobile_max_width":0,"ocean_custom_logo_max_height":0,"ocean_custom_logo_tablet_max_height":0,"ocean_custom_logo_mobile_max_height":0,"ocean_header_custom_menu":"","ocean_menu_typo_font_family":"","ocean_menu_typo_font_subset":"","ocean_menu_typo_font_size":0,"ocean_menu_typo_font_size_tablet":0,"ocean_menu_typo_font_size_mobile":0,"ocean_menu_typo_font_size_unit":"px","ocean_menu_typo_font_weight":"","ocean_menu_typo_font_weight_tablet":"","ocean_menu_typo_font_weight_mobile":"","ocean_menu_typo_transform":"","ocean_menu_typo_transform_tablet":"","ocean_menu_typo_transform_mobile":"","ocean_menu_typo_line_height":0,"ocean_menu_typo_line_height_tablet":0,"ocean_menu_typo_line_height_mobile":0,"ocean_menu_typo_line_height_unit":"","ocean_menu_typo_spacing":0,"ocean_menu_typo_spacing_tablet":0,"ocean_menu_typo_spacing_mobile":0,"ocean_menu_typo_spacing_unit":"","ocean_menu_link_color":"","ocean_menu_link_color_hover":"","ocean_menu_link_color_active":"","ocean_menu_link_background":"","ocean_menu_link_hover_background":"","ocean_menu_link_active_background":"","ocean_menu_social_links_bg":"","ocean_menu_social_hover_links_bg":"","ocean_menu_social_links_color":"","ocean_menu_social_hover_links_color":"","ocean_disable_title":"default","ocean_disable_heading":"default","ocean_post_title":"","ocean_post_subheading":"","ocean_post_title_style":"","ocean_post_title_background_color":"","ocean_post_title_background":0,"ocean_post_title_bg_image_position":"","ocean_post_title_bg_image_attachment":"","ocean_post_title_bg_image_repeat":"","ocean_post_title_bg_image_size":"","ocean_post_title_height":0,"ocean_post_title_bg_overlay":0.5,"ocean_post_title_bg_overlay_color":"","ocean_disable_breadcrumbs":"default","ocean_breadcrumbs_color":"","ocean_breadcrumbs_separator_color":"","ocean_breadcrumbs_links_color":"","ocean_breadcrumbs_links_hover_color":"","ocean_display_footer_widgets":"default","ocean_display_footer_bottom":"default","ocean_custom_footer_template":""},"eaja_categoria":[69],"serie":[100],"eaja_componente":[78],"class_list":["post-179725","eaja","type-eaja","status-publish","has-post-thumbnail","hentry","eaja_categoria-2o-segmento-7a-e-8a-serie","serie-8a-serie","eaja_componente-matematica","entry","has-media"],"acf":[],"_links":{"self":[{"href":"https:\/\/sme.goiania.go.gov.br\/conexaoescola\/wp-json\/wp\/v2\/eaja\/179725","targetHints":{"allow":["GET"]}}],"collection":[{"href":"https:\/\/sme.goiania.go.gov.br\/conexaoescola\/wp-json\/wp\/v2\/eaja"}],"about":[{"href":"https:\/\/sme.goiania.go.gov.br\/conexaoescola\/wp-json\/wp\/v2\/types\/eaja"}],"author":[{"embeddable":true,"href":"https:\/\/sme.goiania.go.gov.br\/conexaoescola\/wp-json\/wp\/v2\/users\/47"}],"wp:featuredmedia":[{"embeddable":true,"href":"https:\/\/sme.goiania.go.gov.br\/conexaoescola\/wp-json\/wp\/v2\/media\/179728"}],"wp:attachment":[{"href":"https:\/\/sme.goiania.go.gov.br\/conexaoescola\/wp-json\/wp\/v2\/media?parent=179725"}],"wp:term":[{"taxonomy":"eaja_categoria","embeddable":true,"href":"https:\/\/sme.goiania.go.gov.br\/conexaoescola\/wp-json\/wp\/v2\/eaja_categoria?post=179725"},{"taxonomy":"serie","embeddable":true,"href":"https:\/\/sme.goiania.go.gov.br\/conexaoescola\/wp-json\/wp\/v2\/serie?post=179725"},{"taxonomy":"eaja_componente","embeddable":true,"href":"https:\/\/sme.goiania.go.gov.br\/conexaoescola\/wp-json\/wp\/v2\/eaja_componente?post=179725"}],"curies":[{"name":"wp","href":"https:\/\/api.w.org\/{rel}","templated":true}]}}