{"id":173880,"date":"2023-12-11T15:52:40","date_gmt":"2023-12-11T18:52:40","guid":{"rendered":"https:\/\/sme.goiania.go.gov.br\/conexaoescola\/?post_type=eaja&#038;p=173880"},"modified":"2023-12-11T20:11:57","modified_gmt":"2023-12-11T23:11:57","slug":"matematica-os-racionais-adicao-e-subtracao-de-numeros-decimais","status":"publish","type":"eaja","link":"https:\/\/sme.goiania.go.gov.br\/conexaoescola\/eaja\/matematica-os-racionais-adicao-e-subtracao-de-numeros-decimais\/","title":{"rendered":"MATEM\u00c1TICA &#8211; OS RACIONAIS: ADI\u00c7\u00c3O E SUBTRA\u00c7\u00c3O DE N\u00daMEROS DECIMAIS"},"content":{"rendered":"\n<p class=\"has-text-align-center has-background has-medium-font-size\" style=\"background-color:#fcb9004a\"><strong>Esta proposta de atividade de&nbsp;MATEM\u00c1TICA &nbsp;\u00e9 destinada aos estudantes do 3\u00ba per\u00edodo (4\u00aa S\u00e9rie)&nbsp;da Educa\u00e7\u00e3o de Jovens e Adultos \u2013 EJA<\/strong>.<\/p>\n\n\n\n<div class=\"wp-block-buttons is-content-justification-center is-layout-flex wp-container-core-buttons-is-layout-16018d1d wp-block-buttons-is-layout-flex\">\n<div class=\"wp-block-button\"><a class=\"wp-block-button__link wp-element-button\" href=\"http:\/\/drive.google.com\/uc?export=download&amp;id=1wv5EhISLvBP7aIU52MzP5ByHn3bZJUu7\" target=\"_blank\" rel=\"noreferrer noopener\">BAIXE A ATIVIDADE<\/a><\/div>\n\n\n\n<div class=\"wp-block-button has-custom-width wp-block-button__width-25\"><a class=\"wp-block-button__link has-text-align-center wp-element-button\" href=\"http:\/\/drive.google.com\/uc?export=download&amp;id=1JOUyhZfCVwHKnll0FbyQCUO5EW38dsTL\" target=\"_blank\" rel=\"noreferrer noopener\">BAIXE OS SLIDES<\/a><\/div>\n\n\n\n<div class=\"wp-block-button has-custom-width wp-block-button__width-25\"><a class=\"wp-block-button__link wp-element-button\" href=\"http:\/\/drive.google.com\/uc?export=download&amp;id=1HF0HCQwM6IrqFdyeD_DmCWGRlPbiTc8I\" target=\"_blank\" rel=\"noreferrer noopener\">BAIXE O TEXTO<\/a><\/div>\n<\/div>\n\n\n\n<hr class=\"wp-block-separator has-alpha-channel-opacity\"\/>\n\n\n\n<p class=\"has-text-align-center has-medium-font-size\"><strong>N\u00daMEROS DECIMAIS: ADI\u00c7\u00c3O E SUBTRA\u00c7\u00c3O<\/strong><\/p>\n\n\n\n<p class=\"has-medium-font-size\">Os n\u00fameros decimais representam quantidades n\u00e3o inteiras. Ou seja, representam divis\u00f5es n\u00e3o exatas.<\/p>\n\n\n<div class=\"wp-block-image\">\n<figure class=\"aligncenter size-full is-resized\"><img decoding=\"async\" src=\"https:\/\/sme.goiania.go.gov.br\/conexaoescola\/wp-content\/uploads\/2023\/12\/nrsdecimais1-e1702317604561.png\" alt=\"\" class=\"wp-image-173892\" width=\"264\" height=\"126\" srcset=\"https:\/\/sme.goiania.go.gov.br\/conexaoescola\/wp-content\/uploads\/2023\/12\/nrsdecimais1-e1702317604561.png 528w, https:\/\/sme.goiania.go.gov.br\/conexaoescola\/wp-content\/uploads\/2023\/12\/nrsdecimais1-e1702317604561-300x143.png 300w\" sizes=\"(max-width: 264px) 100vw, 264px\" \/><figcaption class=\"wp-element-caption\">Fonte: Quantidades n\u00e3o inteiras &#8211; n\u00fameros decimais. Produzido em canva.com.<\/figcaption><\/figure><\/div>\n\n\n<p class=\"has-medium-font-size\">A soma (adi\u00e7\u00e3o) dessas quantidades deve ser feita observando a posi\u00e7\u00e3o que os algarismos ocupam nos n\u00fameros. Para isso, o ideal \u00e9 alinhar os n\u00fameros colocando v\u00edrgula abaixo de v\u00edrgula. Vejamos isso na pr\u00e1tica.&nbsp;<br><strong>1\u00aa situa\u00e7\u00e3o: <\/strong>Margarida faz caminhadas di\u00e1rias. Ontem caminhou 2,5 quil\u00f4metros e hoje, 3,6 quil\u00f4metros. Quantos quil\u00f4metros Margarida caminhou nesses dois dias?<\/p>\n\n\n<div class=\"wp-block-image\">\n<figure class=\"aligncenter size-full is-resized\"><img fetchpriority=\"high\" decoding=\"async\" src=\"https:\/\/sme.goiania.go.gov.br\/conexaoescola\/wp-content\/uploads\/2023\/12\/nrsdecimais2-e1702317770481.png\" alt=\"\" class=\"wp-image-173893\" width=\"386\" height=\"182\" srcset=\"https:\/\/sme.goiania.go.gov.br\/conexaoescola\/wp-content\/uploads\/2023\/12\/nrsdecimais2-e1702317770481.png 515w, https:\/\/sme.goiania.go.gov.br\/conexaoescola\/wp-content\/uploads\/2023\/12\/nrsdecimais2-e1702317770481-300x142.png 300w\" sizes=\"(max-width: 386px) 100vw, 386px\" \/><figcaption class=\"wp-element-caption\">Fonte: Acervo pr\u00f3prio. Prozudido em Google Desenhos<\/figcaption><\/figure><\/div>\n\n\n<p class=\"has-medium-font-size\">A subtra\u00e7\u00e3o de n\u00fameros decimais se faz da mesma forma. Veja s\u00f3.<\/p>\n\n\n\n<p class=\"has-medium-font-size\"><strong>2\u00aa situa\u00e7\u00e3o:<\/strong> J\u00falio iniciou uma dieta para perder peso. Ele pesava 58,7 quilos e no m\u00eas passado perdeu 3,625 quilos. Quanto J\u00falio pesa atualmente?<\/p>\n\n\n<div class=\"wp-block-image\">\n<figure class=\"aligncenter size-full is-resized\"><img decoding=\"async\" src=\"https:\/\/sme.goiania.go.gov.br\/conexaoescola\/wp-content\/uploads\/2023\/12\/nrsdecimais3-e1702317922182.png\" alt=\"\" class=\"wp-image-173894\" width=\"458\" height=\"203\" srcset=\"https:\/\/sme.goiania.go.gov.br\/conexaoescola\/wp-content\/uploads\/2023\/12\/nrsdecimais3-e1702317922182.png 610w, https:\/\/sme.goiania.go.gov.br\/conexaoescola\/wp-content\/uploads\/2023\/12\/nrsdecimais3-e1702317922182-300x133.png 300w\" sizes=\"(max-width: 458px) 100vw, 458px\" \/><figcaption class=\"wp-element-caption\">Fonte: Acervo pr\u00f3prio. Produzido no Google Desenhos.<\/figcaption><\/figure><\/div>\n\n\n<p class=\"has-medium-font-size\">Quando a adi\u00e7\u00e3o ou subtra\u00e7\u00e3o envolver n\u00famero inteiro e n\u00famero decimal, \u00e9 preciso observar que a v\u00edrgula acompanha o algarismo na ordem da unidade. Portanto, o alinhamento dos algarismos deve se orientar a partir da ordem da unidade.&nbsp;&nbsp;<br><strong>3\u00aa situa\u00e7\u00e3o: <\/strong>Maur\u00edcio comprou uma garrafa de refrigerante de 2 litros. Maur\u00edcio e seus colegas beberam 1,3 litros do refrigerante. Quanto sobrou na garrafa?<\/p>\n\n\n<div class=\"wp-block-image\">\n<figure class=\"aligncenter size-full is-resized\"><img loading=\"lazy\" decoding=\"async\" src=\"https:\/\/sme.goiania.go.gov.br\/conexaoescola\/wp-content\/uploads\/2023\/12\/nrsdecimais4-e1702318080984.png\" alt=\"\" class=\"wp-image-173895\" width=\"455\" height=\"233\" srcset=\"https:\/\/sme.goiania.go.gov.br\/conexaoescola\/wp-content\/uploads\/2023\/12\/nrsdecimais4-e1702318080984.png 607w, https:\/\/sme.goiania.go.gov.br\/conexaoescola\/wp-content\/uploads\/2023\/12\/nrsdecimais4-e1702318080984-300x154.png 300w\" sizes=\"(max-width: 455px) 100vw, 455px\" \/><figcaption class=\"wp-element-caption\">Fonte: Acervo pr\u00f3prio. Produzido em canva.com.<\/figcaption><\/figure><\/div>\n\n\n<p class=\"has-medium-font-size\">Bom estudo!<\/p>\n\n\n\n<p class=\"has-background has-medium-font-size\" style=\"background-color:#ff6a0047\"><strong>QUEST\u00c3O 1<\/strong><\/p>\n\n\n\n<p class=\"has-medium-font-size\">Maur\u00edcio comprou um bon\u00e9 e uma camiseta do an\u00fancio abaixo.<\/p>\n\n\n<div class=\"wp-block-image\">\n<figure class=\"aligncenter size-full\"><img loading=\"lazy\" decoding=\"async\" width=\"357\" height=\"243\" src=\"https:\/\/sme.goiania.go.gov.br\/conexaoescola\/wp-content\/uploads\/2023\/12\/NRSDECIMAIS5-e1702318520367.png\" alt=\"\" class=\"wp-image-173898\" srcset=\"https:\/\/sme.goiania.go.gov.br\/conexaoescola\/wp-content\/uploads\/2023\/12\/NRSDECIMAIS5-e1702318520367.png 357w, https:\/\/sme.goiania.go.gov.br\/conexaoescola\/wp-content\/uploads\/2023\/12\/NRSDECIMAIS5-e1702318520367-300x204.png 300w\" sizes=\"(max-width: 357px) 100vw, 357px\" \/><figcaption class=\"wp-element-caption\">Fonte: An\u00fancio roupa. Produzido canva.com.<\/figcaption><\/figure><\/div>\n\n\n<p class=\"has-medium-font-size\">A) Qual o valor total da compra feita por Maur\u00edcio?<\/p>\n\n\n\n<p class=\"has-medium-font-size\">B) Maur\u00edcio preferiu pagar sua compra em dinheiro. Deu ao caixa R$70,00. Quanto recebeu de troco?<\/p>\n\n\n\n<p class=\"has-background has-medium-font-size\" style=\"background-color:#ff6a0047\"><strong>QUEST\u00c3O 2<\/strong><\/p>\n\n\n\n<p class=\"has-medium-font-size\">Na casa de Eul\u00e1lia, o consumo de energia em Janeiro foi de 65,4 kwh (quilowatt hora). Em Fevereiro, esse consumo aumentou 4,3 kwh (quilowatt hora). Assim, em Fevereiro, o consumo total de energia na casa de Eul\u00e1lia foi de<\/p>\n\n\n\n<p class=\"has-medium-font-size\">(A) 65,8 kwh.<\/p>\n\n\n\n<p class=\"has-medium-font-size\">(B) 68,3 kwh.<\/p>\n\n\n\n<p class=\"has-medium-font-size\">(C) 69,7 kwh.<\/p>\n\n\n\n<p class=\"has-medium-font-size\">(D) 61,1 kwh.<\/p>\n\n\n\n<p class=\"has-background has-medium-font-size\" style=\"background-color:#ff6a0047\"><strong>QUEST\u00c3O 3<\/strong><\/p>\n\n\n\n<p class=\"has-medium-font-size\">Augusta quer comprar uma lavadora de lou\u00e7as que est\u00e1 anunciada por R$1.230,60. Na negocia\u00e7\u00e3o, o vendedor ofereceu \u00e0 Augusta, um desconto de R$320,50 se ela for pagar \u00e0 vista. Com esse desconto, Augusta pagar\u00e1 pela lavadora de lou\u00e7as&nbsp;&nbsp;<\/p>\n\n\n\n<p class=\"has-medium-font-size\">(A) R$ 910,10.<\/p>\n\n\n\n<p class=\"has-medium-font-size\">(B) R$ 109,90.<\/p>\n\n\n\n<p class=\"has-medium-font-size\">(C) R$ 1.109,91.<\/p>\n\n\n\n<p class=\"has-medium-font-size\">(D) R$ 191,30.&nbsp;<\/p>\n\n\n\n<p class=\"has-background has-medium-font-size\" style=\"background-color:#ff6a0047\"><strong>QUEST\u00c3O 4<\/strong><\/p>\n\n\n\n<p class=\"has-medium-font-size\">Luiza comprou 16 litros de suco para um evento. Foram servidos 13,02 litros. Quantos litros de suco sobraram?<\/p>\n\n\n\n<figure class=\"wp-block-table is-style-stripes\"><table><tbody><tr><td>Autoria<\/td><td>Cristiane Soares de Souza<\/td><\/tr><tr><td>Componentes curriculares<\/td><td>Matem\u00e1tica e L\u00edngua Portuguesa<\/td><\/tr><tr><td>Objetivos de aprendizagem e desenvolvimento <\/td><td>(EJAMA0308) Resolver situa\u00e7\u00f5es-problema de adi\u00e7\u00e3o e subtra\u00e7\u00e3o com n\u00fameros naturais e com n\u00fameros racionais, cuja representa\u00e7\u00e3o decimal seja finita.<br>(EJALP0314) Reconhecer a fun\u00e7\u00e3o social de textos em diferentes campos da vida.<\/td><\/tr><tr><td>Refer\u00eancias<\/td><td>GARCIA, C\u00e1ssia de Souza, et al. \u00c9 bom renovar, edi\u00e7\u00e3o renovada,&nbsp; Educa\u00e7\u00e3o de Jovens e Adultos, volume 2, 2014, FTD &#8211; S\u00e3o Paulo.<br><br>KHAN ACADEMIA BRASIL, Valor posicional em n\u00fameros decimais. URL <a href=\"https:\/\/pt.khanacademy.org\/math\/arithmetic\/arith-decimals\/x18ca194a:decimal-place-value-intro\/v\/place-value-with-decimals\">https:\/\/pt.khanacademy.org\/math\/arithmetic\/arith-decimals\/x18ca194a:decimal-place-value-intro\/v\/place-value-with-decimals<\/a>,&nbsp; consultado em 29\/06\/2023.<\/td><\/tr><\/tbody><\/table><\/figure>\n","protected":false},"author":58,"featured_media":173908,"template":"","meta":{"_acf_changed":false,"ocean_post_layout":"","ocean_both_sidebars_style":"","ocean_both_sidebars_content_width":0,"ocean_both_sidebars_sidebars_width":0,"ocean_sidebar":"","ocean_second_sidebar":"","ocean_disable_margins":"enable","ocean_add_body_class":"","ocean_shortcode_before_top_bar":"","ocean_shortcode_after_top_bar":"","ocean_shortcode_before_header":"","ocean_shortcode_after_header":"","ocean_has_shortcode":"","ocean_shortcode_after_title":"","ocean_shortcode_before_footer_widgets":"","ocean_shortcode_after_footer_widgets":"","ocean_shortcode_before_footer_bottom":"","ocean_shortcode_after_footer_bottom":"","ocean_display_top_bar":"default","ocean_display_header":"default","ocean_header_style":"","ocean_center_header_left_menu":"","ocean_custom_header_template":"","ocean_custom_logo":0,"ocean_custom_retina_logo":0,"ocean_custom_logo_max_width":0,"ocean_custom_logo_tablet_max_width":0,"ocean_custom_logo_mobile_max_width":0,"ocean_custom_logo_max_height":0,"ocean_custom_logo_tablet_max_height":0,"ocean_custom_logo_mobile_max_height":0,"ocean_header_custom_menu":"","ocean_menu_typo_font_family":"","ocean_menu_typo_font_subset":"","ocean_menu_typo_font_size":0,"ocean_menu_typo_font_size_tablet":0,"ocean_menu_typo_font_size_mobile":0,"ocean_menu_typo_font_size_unit":"px","ocean_menu_typo_font_weight":"","ocean_menu_typo_font_weight_tablet":"","ocean_menu_typo_font_weight_mobile":"","ocean_menu_typo_transform":"","ocean_menu_typo_transform_tablet":"","ocean_menu_typo_transform_mobile":"","ocean_menu_typo_line_height":0,"ocean_menu_typo_line_height_tablet":0,"ocean_menu_typo_line_height_mobile":0,"ocean_menu_typo_line_height_unit":"","ocean_menu_typo_spacing":0,"ocean_menu_typo_spacing_tablet":0,"ocean_menu_typo_spacing_mobile":0,"ocean_menu_typo_spacing_unit":"","ocean_menu_link_color":"","ocean_menu_link_color_hover":"","ocean_menu_link_color_active":"","ocean_menu_link_background":"","ocean_menu_link_hover_background":"","ocean_menu_link_active_background":"","ocean_menu_social_links_bg":"","ocean_menu_social_hover_links_bg":"","ocean_menu_social_links_color":"","ocean_menu_social_hover_links_color":"","ocean_disable_title":"default","ocean_disable_heading":"default","ocean_post_title":"","ocean_post_subheading":"","ocean_post_title_style":"","ocean_post_title_background_color":"","ocean_post_title_background":0,"ocean_post_title_bg_image_position":"","ocean_post_title_bg_image_attachment":"","ocean_post_title_bg_image_repeat":"","ocean_post_title_bg_image_size":"","ocean_post_title_height":0,"ocean_post_title_bg_overlay":0.5,"ocean_post_title_bg_overlay_color":"","ocean_disable_breadcrumbs":"default","ocean_breadcrumbs_color":"","ocean_breadcrumbs_separator_color":"","ocean_breadcrumbs_links_color":"","ocean_breadcrumbs_links_hover_color":"","ocean_display_footer_widgets":"default","ocean_display_footer_bottom":"default","ocean_custom_footer_template":""},"eaja_categoria":[4],"serie":[73],"eaja_componente":[80,79],"class_list":["post-173880","eaja","type-eaja","status-publish","has-post-thumbnail","hentry","eaja_categoria-1o-segmento-1a-a-4a-serie","serie-4a-serie","eaja_componente-geografia","eaja_componente-historia","entry","has-media"],"acf":[],"_links":{"self":[{"href":"https:\/\/sme.goiania.go.gov.br\/conexaoescola\/wp-json\/wp\/v2\/eaja\/173880","targetHints":{"allow":["GET"]}}],"collection":[{"href":"https:\/\/sme.goiania.go.gov.br\/conexaoescola\/wp-json\/wp\/v2\/eaja"}],"about":[{"href":"https:\/\/sme.goiania.go.gov.br\/conexaoescola\/wp-json\/wp\/v2\/types\/eaja"}],"author":[{"embeddable":true,"href":"https:\/\/sme.goiania.go.gov.br\/conexaoescola\/wp-json\/wp\/v2\/users\/58"}],"wp:featuredmedia":[{"embeddable":true,"href":"https:\/\/sme.goiania.go.gov.br\/conexaoescola\/wp-json\/wp\/v2\/media\/173908"}],"wp:attachment":[{"href":"https:\/\/sme.goiania.go.gov.br\/conexaoescola\/wp-json\/wp\/v2\/media?parent=173880"}],"wp:term":[{"taxonomy":"eaja_categoria","embeddable":true,"href":"https:\/\/sme.goiania.go.gov.br\/conexaoescola\/wp-json\/wp\/v2\/eaja_categoria?post=173880"},{"taxonomy":"serie","embeddable":true,"href":"https:\/\/sme.goiania.go.gov.br\/conexaoescola\/wp-json\/wp\/v2\/serie?post=173880"},{"taxonomy":"eaja_componente","embeddable":true,"href":"https:\/\/sme.goiania.go.gov.br\/conexaoescola\/wp-json\/wp\/v2\/eaja_componente?post=173880"}],"curies":[{"name":"wp","href":"https:\/\/api.w.org\/{rel}","templated":true}]}}