{"id":173800,"date":"2023-12-08T13:56:12","date_gmt":"2023-12-08T16:56:12","guid":{"rendered":"https:\/\/sme.goiania.go.gov.br\/conexaoescola\/?post_type=eaja&#038;p=173800"},"modified":"2024-03-29T16:39:32","modified_gmt":"2024-03-29T19:39:32","slug":"matematica-expressao-algebrica-para-area-de-triangulos","status":"publish","type":"eaja","link":"https:\/\/sme.goiania.go.gov.br\/conexaoescola\/eaja\/matematica-expressao-algebrica-para-area-de-triangulos\/","title":{"rendered":"Matem\u00e1tica &#8211; Express\u00e3o alg\u00e9brica para \u00e1rea de tri\u00e2ngulos"},"content":{"rendered":"\n<p class=\"has-text-align-center has-white-background-color has-background has-medium-font-size\"><strong>Esta proposta de atividade de&nbsp;MATEM\u00c1TICA&nbsp;\u00e9 destinada aos estudantes do 5\u00ba Per\u00edodo (7\u00aa s\u00e9rie)&nbsp;da Educa\u00e7\u00e3o de Jovens e Adultos \u2013 EJA<\/strong><\/p>\n\n\n\n<div class=\"wp-block-buttons has-custom-font-size is-content-justification-center is-layout-flex wp-container-core-buttons-is-layout-16018d1d wp-block-buttons-is-layout-flex\" style=\"font-size:48px\">\n<div class=\"wp-block-button has-custom-font-size has-medium-font-size\"><a class=\"wp-block-button__link has-text-align-center wp-element-button\" href=\"https:\/\/drive.google.com\/uc?export=douwnload&amp;id=1-HZmICc1O5r8Y2P9d4wE_VIBrkAA3zAs\" target=\"_blank\" rel=\"noreferrer noopener\">BAIXE A ATIVIDADE<\/a><\/div>\n\n\n\n<div class=\"wp-block-button has-custom-font-size has-medium-font-size\"><a class=\"wp-block-button__link wp-element-button\" href=\"https:\/\/drive.google.com\/uc?export=douwnload&amp;id=1BmXjtzFC3BRqKtg7TQ4LpTIOYiKWqVCJ\" target=\"_blank\" rel=\"noreferrer noopener\">BAIXE OS SLIDES<\/a><\/div>\n\n\n\n<div class=\"wp-block-button has-custom-font-size has-medium-font-size\"><a class=\"wp-block-button__link wp-element-button\" href=\"https:\/\/drive.google.com\/uc?export=douwnload&amp;id=1BEucBp3_1V3PY_8u6rrYp_eAhXVmzDXq\" target=\"_blank\" rel=\"noreferrer noopener\">BAIXE O TEXTO<\/a><\/div>\n<\/div>\n\n\n\n<div class=\"wp-block-media-text is-stacked-on-mobile\" style=\"grid-template-columns:20% auto\"><figure class=\"wp-block-media-text__media\"><img decoding=\"async\" width=\"141\" height=\"132\" src=\"https:\/\/sme.goiania.go.gov.br\/conexaoescola\/wp-content\/uploads\/2023\/12\/cc.png\" alt=\"\" class=\"wp-image-173801 size-full\"\/><\/figure><div class=\"wp-block-media-text__content\">\n<p class=\"has-vivid-cyan-blue-color has-text-color has-medium-font-size\"><strong>Os tri\u00e2ngulos<\/strong><\/p>\n\n\n\n<p class=\"has-medium-font-size\"><strong>S\u00f3 para lembrar:<\/strong> os tri\u00e2ngulos s\u00e3o figuras poligonais com 2 dimens\u00f5es (2D), compostos por 3&nbsp; lados e 3 \u00e2ngulos.<\/p>\n\n\n\n<p class=\"has-small-font-size\">Imagem: canva.com\/\u00e1rea de tri\u00e2ngulo_<a href=\"https:\/\/l1nk.dev\/Kn2Ci\">https:\/\/l1nk.dev\/Kn2Ci<\/a><\/p>\n<\/div><\/div>\n\n\n\n<p class=\"has-vivid-cyan-blue-color has-text-color has-medium-font-size\"><strong>Express\u00f5es alg\u00e9bricas<\/strong><\/p>\n\n\n\n<p class=\"has-medium-font-size\">S\u00e3o express\u00f5es compostas pela <strong>uni\u00e3o<\/strong> de n\u00fameros, letras e opera\u00e7\u00f5es matem\u00e1ticas, utilizadas para representar <strong>f\u00f3rmulas matem\u00e1ticas<\/strong> na resolu\u00e7\u00e3o de problemas.<\/p>\n\n\n\n<p class=\"has-vivid-cyan-blue-color has-text-color has-medium-font-size\"><strong>\u00c1rea de uma superf\u00edcie<\/strong><\/p>\n\n\n\n<p class=\"has-medium-font-size\">\u00c1 \u00e1rea \u00e9 a <strong>quantidade de espa\u00e7o<\/strong> que uma regi\u00e3o ou superf\u00edcie ocupa. Ela pode ser medida, entre outras, em metros quadrados, quil\u00f4metros quadrados e cent\u00edmetros quadrados.<\/p>\n\n\n\n<p class=\"has-medium-font-size\">Na imagem abaixo, temos uma superf\u00edcie medindo 10,5 cm<sup>2<\/sup> de \u00e1rea.<\/p>\n\n\n<div class=\"wp-block-image\">\n<figure class=\"aligncenter is-resized\"><img decoding=\"async\" src=\"https:\/\/lh7-us.googleusercontent.com\/0I0y047xJdT0-Xx_6nr8kCdnLKLgwPd2y9EXRmEp-5Lh0FXImXYwRLZ_jlgTF2bJ6l6FQqMlvVsUToqAmc2f2sU3RCktMMfX469WNkHMiMHop2fhSr4ZcIGJTLFS4qaVYf-GvwGdaIeo\" alt=\"\" width=\"214\" height=\"131\"\/><\/figure><\/div>\n\n\n<p class=\"has-text-align-center has-small-font-size\">Imagem do autor produzida no Geogebra<\/p>\n\n\n\n<p class=\"has-vivid-cyan-blue-color has-text-color has-medium-font-size\"><strong>Como calcular a \u00e1rea de uma superf\u00edcie retangular?<\/strong><\/p>\n\n\n\n<p class=\"has-medium-font-size\">Considere o ret\u00e2ngulo ABCD abaixo de comprimento 5cm e largura 2cm.<\/p>\n\n\n<div class=\"wp-block-image\">\n<figure class=\"aligncenter is-resized\"><img decoding=\"async\" src=\"https:\/\/lh7-us.googleusercontent.com\/cUVwznmaUmF7Y_dhWoU3m9boVmkR0dbI356VLN5YhymTG4UDPQonhFCWXV8__SSvtf4GyfEEeizYXXK_EP3Zib8AsbuopR-2itCr17RMM-ZeA-j3wqDveLPTZ0dt8UxY1lwwvYt0oJMY\" alt=\"\" width=\"214\" height=\"106\"\/><\/figure><\/div>\n\n\n<p class=\"has-text-align-center has-small-font-size\">Imagem do autor produzida no Geogebra<\/p>\n\n\n\n<p class=\"has-medium-font-size\">A regi\u00e3o interna desse ret\u00e2ngulo possui&nbsp; 10 quadradinhos de 1cm x 1cm, ou seja, 10cm<sup>2<\/sup> de quantidade de espa\u00e7o interno. Caso o ret\u00e2ngulo n\u00e3o estivesse quadriculado, esse valor poderia ser determinado multiplicando-se o <strong>comprimento<\/strong> pela <strong>largura<\/strong>.<\/p>\n\n\n\n<p class=\"has-vivid-cyan-blue-color has-text-color has-medium-font-size\"><strong>Uma express\u00e3o alg\u00e9brica para representar a \u00e1rea de um ret\u00e2ngulo<\/strong><\/p>\n\n\n\n<p class=\"has-medium-font-size\">A \u00e1rea de um ret\u00e2ngulo \u00e9 dada pelo <strong>produto<\/strong> entre o comprimento (base) e a largura (altura). Utilizando a letra <strong>b<\/strong> para representar a base e a letra <strong>h<\/strong> para representar a altura, teremos a express\u00e3o que determina a \u00e1rea de um ret\u00e2ngulo:<\/p>\n\n\n<div class=\"wp-block-image\">\n<figure class=\"aligncenter is-resized\"><img loading=\"lazy\" decoding=\"async\" src=\"https:\/\/lh7-us.googleusercontent.com\/F3_BQX0yZcZFDaplKSfjW0WKm5cEPfsShFbY1tot7lFtu5nIkCSbmQjhvjShzzNed05lv6_qkk_rC4OsG9wLS2fCNkZrS7EmEZ5zuJzfpHrWolM9sFaAqxwvkOUlRcjkAtNns8p0LAD1\" alt=\"\" width=\"82\" height=\"32\"\/><\/figure><\/div>\n\n\n<p class=\"has-vivid-cyan-blue-color has-text-color has-medium-font-size\"><strong>Como calcular a \u00e1rea de um tri\u00e2ngulo?<\/strong><\/p>\n\n\n\n<p class=\"has-medium-font-size\">Ligando o v\u00e9rtice A com o C, da figura anterior, obtemos 2 tri\u00e2ngulos, com base medindo 5cm e altura 2cm.<\/p>\n\n\n<div class=\"wp-block-image\">\n<figure class=\"aligncenter is-resized\"><img loading=\"lazy\" decoding=\"async\" src=\"https:\/\/lh7-us.googleusercontent.com\/pPCVCcctV3tZ7i0QgyJaOOst17oTTZUAfTd_JUtwcojjWJvdEbbAK652-fZJTRWHAaDoQLDeAkJLEHnYaJJfnXNU_tODGGmzHeVo0hTvcbDHv7skGSB9sgHnXGZiWkNjVqOEmCFkF45b\" alt=\"\" width=\"219\" height=\"112\"\/><\/figure><\/div>\n\n\n<p class=\"has-text-align-center has-small-font-size\">Imagem do autor produzida no Geogebra<\/p>\n\n\n\n<p class=\"has-medium-font-size\">Observe que a \u00e1rea desse tri\u00e2ngulo \u00e9 a <strong>metade<\/strong> da \u00e1rea do ret\u00e2ngulo, ou seja, 5cm<sup>2<\/sup>.<\/p>\n\n\n\n<p class=\"has-vivid-cyan-blue-color has-text-color has-medium-font-size\"><strong>Uma express\u00e3o alg\u00e9brica para representar a \u00e1rea do tri\u00e2ngulo<\/strong><\/p>\n\n\n\n<p class=\"has-medium-font-size\">A \u00e1rea de um tri\u00e2ngulo \u00e9 dada pela <strong>metade<\/strong> do <strong>produto<\/strong> da base pela altura.<\/p>\n\n\n\n<p class=\"has-medium-font-size\">Tamb\u00e9m representando a base com a letra <strong>b<\/strong> e a altura com a letra <strong>h<\/strong>, teremos a express\u00e3o que determina a \u00e1rea de uma superf\u00edcie triangular:<\/p>\n\n\n<div class=\"wp-block-image\">\n<figure class=\"aligncenter is-resized\"><img loading=\"lazy\" decoding=\"async\" src=\"https:\/\/lh7-us.googleusercontent.com\/XoulUI13WVf-C9qcPU4UodrpgusFgap7LV3j0z099qXLm8-qUOgIulf5eZqW1t_roaW1BS6U_fLPWAD-gMt23vOEwWwAVdPJF9ALUGteIEYiKYJPr8vLmtx2jSNanmmNInd1AJNiM4sz\" alt=\"\" width=\"305\" height=\"51\"\/><\/figure><\/div>\n\n\n<p class=\"has-vivid-cyan-blue-color has-text-color has-medium-font-size\"><strong>Um problema para finalizar<\/strong><\/p>\n\n\n\n<p class=\"has-medium-font-size\">Determine a \u00e1rea de um tri\u00e2ngulo com altura medindo 8 cm e base 12 cm.<\/p>\n\n\n\n<p class=\"has-medium-font-size\"><strong>Solu\u00e7\u00e3o:<\/strong><\/p>\n\n\n\n<p class=\"has-medium-font-size\">Utilizando a express\u00e3o que determina a \u00e1rea de um tri\u00e2ngulo, teremos:<\/p>\n\n\n<div class=\"wp-block-image\">\n<figure class=\"aligncenter\"><img decoding=\"async\" src=\"https:\/\/lh7-us.googleusercontent.com\/a66MKgp4eaYD4PPscpS-Bdsgka1A59HnIvtGO5uFQQ9xm6ntkuizTZrHRkJ0hwxiBcRz4sG1cDtKffB5IgQ7qy_kTQJ0LsBQFyR3wN7xOaWOgav1er3Y9m1AFOWMeQBUGDb9j1i3mvY6\" alt=\"\"\/><\/figure><\/div>\n\n\n<p class=\"has-medium-font-size\"><strong>Resposta:<\/strong> 48 cm<sup>2<\/sup>.<\/p>\n\n\n\n<p class=\"has-medium-font-size\">Ficamos por aqui, at\u00e9 o pr\u00f3ximo.<\/p>\n\n\n\n<p class=\"has-pale-cyan-blue-background-color has-background has-medium-font-size\"><strong>QUEST\u00c3O 01<\/strong><\/p>\n\n\n\n<p class=\"has-medium-font-size\">Determine a \u00e1rea do tri\u00e2ngulo ABC abaixo.<\/p>\n\n\n<div class=\"wp-block-image\">\n<figure class=\"aligncenter size-full\"><img loading=\"lazy\" decoding=\"async\" width=\"218\" height=\"172\" src=\"https:\/\/sme.goiania.go.gov.br\/conexaoescola\/wp-content\/uploads\/2023\/12\/1-3.png\" alt=\"\" class=\"wp-image-173874\"\/><\/figure><\/div>\n\n\n<p class=\"has-text-align-center has-small-font-size\">Imagem do autor produzida no Geogebra<\/p>\n\n\n\n<p class=\"has-pale-cyan-blue-background-color has-background has-medium-font-size\"><strong>QUEST\u00c3O 02<\/strong><\/p>\n\n\n\n<p class=\"has-medium-font-size\">Escreva uma express\u00e3o alg\u00e9brica para representar a \u00e1rea do tri\u00e2ngulo XYZ da figura abaixo.<\/p>\n\n\n<div class=\"wp-block-image\">\n<figure class=\"aligncenter size-full\"><img loading=\"lazy\" decoding=\"async\" width=\"198\" height=\"158\" src=\"https:\/\/sme.goiania.go.gov.br\/conexaoescola\/wp-content\/uploads\/2023\/12\/2-2.png\" alt=\"\" class=\"wp-image-173875\"\/><\/figure><\/div>\n\n\n<p class=\"has-text-align-center has-small-font-size\">Imagem do autor produzida no Geogebra<\/p>\n\n\n\n<p class=\"has-pale-cyan-blue-background-color has-background has-medium-font-size\"><strong>QUEST\u00c3O 03<\/strong><\/p>\n\n\n\n<p class=\"has-medium-font-size\">Um tri\u00e2ngulo de base medindo 12cm e \u00e1rea 48 cm<sup>2<\/sup> possui altura igual a:<\/p>\n\n\n\n<p class=\"has-medium-font-size\">(A) 4 cm.<\/p>\n\n\n\n<p class=\"has-medium-font-size\">(B) 6 cm.<\/p>\n\n\n\n<p class=\"has-medium-font-size\">(C) 3 cm.<\/p>\n\n\n\n<p class=\"has-medium-font-size\">(D) 2 cm.<\/p>\n\n\n\n<p class=\"has-pale-cyan-blue-background-color has-background has-medium-font-size\"><strong>QUEST\u00c3O 04<\/strong><\/p>\n\n\n\n<p class=\"has-medium-font-size\">Maria possui um espa\u00e7o de lazer em seu quintal, composto por um tri\u00e2ngulo e um quadrado. O tri\u00e2ngulo tem uma base de 8 metros e uma altura de 10 metros e o quadrado tem um lado de 6 metros. De acordo com as informa\u00e7\u00f5es, podemos afirmar que o espa\u00e7o de lazer da Maria possui \u00e1rea igual:<\/p>\n\n\n\n<p class=\"has-medium-font-size\">(A) 56 m<sup>2<\/sup> .<\/p>\n\n\n\n<p class=\"has-medium-font-size\">(B) 66 m<sup>2<\/sup> .<\/p>\n\n\n\n<p class=\"has-medium-font-size\">(C) 76 m<sup>2<\/sup> .<\/p>\n\n\n\n<p class=\"has-medium-font-size\">(D) 86 m<sup>2<\/sup> .<\/p>\n\n\n\n<p class=\"has-white-color has-vivid-cyan-blue-background-color has-text-color has-background has-medium-font-size\"><strong>SAIBA MAIS<\/strong><\/p>\n\n\n\n<p class=\"has-medium-font-size\">Acesse o v\u00eddeo &#8220;C\u00e1lculo de \u00e1rea de tri\u00e2ngulos e quadril\u00e1teros&#8221; para aprender um pouco mais.<\/p>\n\n\n\n<figure class=\"wp-block-embed is-type-video is-provider-youtube wp-block-embed-youtube wp-embed-aspect-16-9 wp-has-aspect-ratio\"><div class=\"wp-block-embed__wrapper\">\n<p class=\"responsive-video-wrap clr\"><iframe title=\"#5 C\u00e1lculo de \u00e1rea de tri\u00e2ngulo e quadril\u00e1tero 8\u00ba ano\" width=\"1200\" height=\"675\" src=\"https:\/\/www.youtube.com\/embed\/PSA1fcqa0nU?start=139&#038;feature=oembed\" frameborder=\"0\" allow=\"accelerometer; autoplay; clipboard-write; encrypted-media; gyroscope; picture-in-picture; web-share\" allowfullscreen><\/iframe><\/p>\n<\/div><figcaption class=\"wp-element-caption\">Canal do Prof. H\u00e9lio &lt;YouTube&gt;<\/figcaption><\/figure>\n\n\n\n<figure class=\"wp-block-table is-style-stripes\"><table><tbody><tr><td>Autoria<\/td><td>Prof. H\u00e9lio Roberto da Rocha, Mestre em Matem\u00e1tica<\/td><\/tr><tr><td>Componente Curricular<\/td><td>Matem\u00e1tica<\/td><\/tr><tr><td>Objetivos de Aprendizagem e Conte\u00fados<\/td><td>(EJAMA0523) Estabelecer express\u00f5es alg\u00e9bricas de c\u00e1lculo de \u00e1rea de tri\u00e2ngulos e de quadril\u00e1teros.<\/td><\/tr><tr><td>Refer\u00eancias<\/td><td>SOUZA, Joamir Roberto de: Matem\u00e1tica realidade &amp; tecnologia: 8\u00ba ano: ensino fundamental: anos finais \/ Joamir Roberto de Souza. \u2013 1. ed. \u2013 S\u00e3o Paulo: FTD, 2018.<br>GIOVANNI J\u00daNIOR, Jos\u00e9 Ruy &#8211; A conquista da matem\u00e1tica: 8\u00b0 ano: ensino fundamental: anos finais \/ Jos\u00e9 Ruy Giovanni J\u00fanior, Benedicto Castrucci. \u2014 4. ed. \u2014 S\u00e3o Paulo: FTD, 2018.<br>PATARO, Patricia Moreno Matem\u00e1tica essencial 8\u00b0 ano: ensino fundamental, anos finais \/ Patricia Moreno Pataro, Rodrigo Balestri. &#8211; 1. ed. &#8211; S\u00e3o Paulo: Scipione, 2018.<\/td><\/tr><\/tbody><\/table><\/figure>\n","protected":false},"author":47,"featured_media":173801,"template":"","meta":{"_acf_changed":false,"ocean_post_layout":"","ocean_both_sidebars_style":"","ocean_both_sidebars_content_width":0,"ocean_both_sidebars_sidebars_width":0,"ocean_sidebar":"","ocean_second_sidebar":"","ocean_disable_margins":"enable","ocean_add_body_class":"","ocean_shortcode_before_top_bar":"","ocean_shortcode_after_top_bar":"","ocean_shortcode_before_header":"","ocean_shortcode_after_header":"","ocean_has_shortcode":"","ocean_shortcode_after_title":"","ocean_shortcode_before_footer_widgets":"","ocean_shortcode_after_footer_widgets":"","ocean_shortcode_before_footer_bottom":"","ocean_shortcode_after_footer_bottom":"","ocean_display_top_bar":"default","ocean_display_header":"default","ocean_header_style":"","ocean_center_header_left_menu":"","ocean_custom_header_template":"","ocean_custom_logo":0,"ocean_custom_retina_logo":0,"ocean_custom_logo_max_width":0,"ocean_custom_logo_tablet_max_width":0,"ocean_custom_logo_mobile_max_width":0,"ocean_custom_logo_max_height":0,"ocean_custom_logo_tablet_max_height":0,"ocean_custom_logo_mobile_max_height":0,"ocean_header_custom_menu":"","ocean_menu_typo_font_family":"","ocean_menu_typo_font_subset":"","ocean_menu_typo_font_size":0,"ocean_menu_typo_font_size_tablet":0,"ocean_menu_typo_font_size_mobile":0,"ocean_menu_typo_font_size_unit":"px","ocean_menu_typo_font_weight":"","ocean_menu_typo_font_weight_tablet":"","ocean_menu_typo_font_weight_mobile":"","ocean_menu_typo_transform":"","ocean_menu_typo_transform_tablet":"","ocean_menu_typo_transform_mobile":"","ocean_menu_typo_line_height":0,"ocean_menu_typo_line_height_tablet":0,"ocean_menu_typo_line_height_mobile":0,"ocean_menu_typo_line_height_unit":"","ocean_menu_typo_spacing":0,"ocean_menu_typo_spacing_tablet":0,"ocean_menu_typo_spacing_mobile":0,"ocean_menu_typo_spacing_unit":"","ocean_menu_link_color":"","ocean_menu_link_color_hover":"","ocean_menu_link_color_active":"","ocean_menu_link_background":"","ocean_menu_link_hover_background":"","ocean_menu_link_active_background":"","ocean_menu_social_links_bg":"","ocean_menu_social_hover_links_bg":"","ocean_menu_social_links_color":"","ocean_menu_social_hover_links_color":"","ocean_disable_title":"default","ocean_disable_heading":"default","ocean_post_title":"","ocean_post_subheading":"","ocean_post_title_style":"","ocean_post_title_background_color":"","ocean_post_title_background":0,"ocean_post_title_bg_image_position":"","ocean_post_title_bg_image_attachment":"","ocean_post_title_bg_image_repeat":"","ocean_post_title_bg_image_size":"","ocean_post_title_height":0,"ocean_post_title_bg_overlay":0.5,"ocean_post_title_bg_overlay_color":"","ocean_disable_breadcrumbs":"default","ocean_breadcrumbs_color":"","ocean_breadcrumbs_separator_color":"","ocean_breadcrumbs_links_color":"","ocean_breadcrumbs_links_hover_color":"","ocean_display_footer_widgets":"default","ocean_display_footer_bottom":"default","ocean_custom_footer_template":""},"eaja_categoria":[69],"serie":[76],"eaja_componente":[78],"class_list":["post-173800","eaja","type-eaja","status-publish","has-post-thumbnail","hentry","eaja_categoria-2o-segmento-7a-e-8a-serie","serie-7a-serie","eaja_componente-matematica","entry","has-media"],"acf":[],"_links":{"self":[{"href":"https:\/\/sme.goiania.go.gov.br\/conexaoescola\/wp-json\/wp\/v2\/eaja\/173800","targetHints":{"allow":["GET"]}}],"collection":[{"href":"https:\/\/sme.goiania.go.gov.br\/conexaoescola\/wp-json\/wp\/v2\/eaja"}],"about":[{"href":"https:\/\/sme.goiania.go.gov.br\/conexaoescola\/wp-json\/wp\/v2\/types\/eaja"}],"author":[{"embeddable":true,"href":"https:\/\/sme.goiania.go.gov.br\/conexaoescola\/wp-json\/wp\/v2\/users\/47"}],"wp:featuredmedia":[{"embeddable":true,"href":"https:\/\/sme.goiania.go.gov.br\/conexaoescola\/wp-json\/wp\/v2\/media\/173801"}],"wp:attachment":[{"href":"https:\/\/sme.goiania.go.gov.br\/conexaoescola\/wp-json\/wp\/v2\/media?parent=173800"}],"wp:term":[{"taxonomy":"eaja_categoria","embeddable":true,"href":"https:\/\/sme.goiania.go.gov.br\/conexaoescola\/wp-json\/wp\/v2\/eaja_categoria?post=173800"},{"taxonomy":"serie","embeddable":true,"href":"https:\/\/sme.goiania.go.gov.br\/conexaoescola\/wp-json\/wp\/v2\/serie?post=173800"},{"taxonomy":"eaja_componente","embeddable":true,"href":"https:\/\/sme.goiania.go.gov.br\/conexaoescola\/wp-json\/wp\/v2\/eaja_componente?post=173800"}],"curies":[{"name":"wp","href":"https:\/\/api.w.org\/{rel}","templated":true}]}}