{"id":173622,"date":"2023-12-06T09:30:45","date_gmt":"2023-12-06T12:30:45","guid":{"rendered":"https:\/\/sme.goiania.go.gov.br\/conexaoescola\/?post_type=eaja&#038;p=173622"},"modified":"2024-06-12T10:37:20","modified_gmt":"2024-06-12T13:37:20","slug":"arte-danca-danca-artistas-locais","status":"publish","type":"eaja","link":"https:\/\/sme.goiania.go.gov.br\/conexaoescola\/eaja\/arte-danca-danca-artistas-locais\/","title":{"rendered":"Arte\/Dan\u00e7a &#8211; Dan\u00e7a &#8211; Artistas Locais"},"content":{"rendered":"\n<p class=\"has-text-align-center has-background has-medium-font-size\" style=\"background-color:#c3f857a6\"><strong>Esta proposta de atividade de Arte\/Dan\u00e7a \u00e9 destinada aos estudantes do 5\u00ba Per\u00edodo da Educa\u00e7\u00e3o de Jovens e Adultos \u2013 EJA.<\/strong><\/p>\n\n\n\n<div class=\"wp-block-buttons is-content-justification-center is-layout-flex wp-container-core-buttons-is-layout-16018d1d wp-block-buttons-is-layout-flex\">\n<div class=\"wp-block-button has-custom-font-size\" style=\"font-size:20px\"><a class=\"wp-block-button__link wp-element-button\" href=\"https:\/\/drive.google.com\/uc?export=download&amp;id=1Ix1CMnSwfStqFY9GfmHgGtTKJV361kNI\">BAIXE A ATIVIDADE<\/a><\/div>\n\n\n\n<div class=\"wp-block-button has-custom-font-size\" style=\"font-size:20px\"><a class=\"wp-block-button__link wp-element-button\" href=\"https:\/\/drive.google.com\/uc?export=download&amp;id=1QseRUg2EmyTix0zl_FOJ2yy9nqC4-EkE\">BAIXE OS SLIDES<\/a><\/div>\n\n\n\n<div class=\"wp-block-button has-custom-font-size\" style=\"font-size:20px\"><a class=\"wp-block-button__link wp-element-button\" href=\"https:\/\/drive.google.com\/uc?export=download&amp;id=1wMaRJk0_JYTWElbCRizxWdgjTlaEkPMG\">BAIXE O TEXTO<\/a><\/div>\n<\/div>\n\n\n<div class=\"wp-block-image\">\n<figure class=\"aligncenter size-full is-resized\"><img fetchpriority=\"high\" decoding=\"async\" width=\"514\" height=\"514\" src=\"https:\/\/sme.goiania.go.gov.br\/conexaoescola\/wp-content\/uploads\/2023\/12\/image-5.png\" alt=\"\" class=\"wp-image-173623\" style=\"width:417px;height:417px\" srcset=\"https:\/\/sme.goiania.go.gov.br\/conexaoescola\/wp-content\/uploads\/2023\/12\/image-5.png 514w, https:\/\/sme.goiania.go.gov.br\/conexaoescola\/wp-content\/uploads\/2023\/12\/image-5-300x300.png 300w, https:\/\/sme.goiania.go.gov.br\/conexaoescola\/wp-content\/uploads\/2023\/12\/image-5-150x150.png 150w\" sizes=\"(max-width: 514px) 100vw, 514px\" \/><\/figure><\/div>\n\n\n<p class=\"has-text-align-center has-small-font-size\"><strong>Imagem 1<\/strong>: Dispon\u00edvel em: Instagram @nomadesdanca Grupo N\u00f4mades de Dan\u00e7a &#8211; Autorizado o uso. Acesso em 04, dez. 2023.<\/p>\n\n\n\n<p class=\"has-text-align-center has-medium-font-size\"><strong>A\u00c7\u00c3O REFLEXIVA<\/strong><\/p>\n\n\n\n<p class=\"has-text-align-center has-medium-font-size\">Voc\u00ea consegue lembrar de artistas que moram no seu setor, bairro, cidade e estado?<\/p>\n\n\n\n<p class=\"has-text-align-center has-medium-font-size\">Poderia citar alguns?<\/p>\n\n\n\n<p class=\"has-text-align-center has-medium-font-size\">Poderia citar alguns espec\u00edficos da dan\u00e7a?<\/p>\n\n\n\n<p class=\"has-text-align-center has-medium-font-size\"><strong>DAN\u00c7A<\/strong> <strong>&#8211; ARTISTAS LOCAIS<\/strong><\/p>\n\n\n\n<p class=\"has-text-align-center has-medium-font-size\">Conhecer e apreciar artistas locais desempenha um papel fundamental na constru\u00e7\u00e3o e fortalecimento da identidade cultural de uma comunidade.<\/p>\n\n\n\n<p class=\"has-text-align-center has-medium-font-size\">Esses artistas muitas vezes capturam as nuances e peculiaridades espec\u00edficas de sua regi\u00e3o, transmitindo uma narrativa aut\u00eantica e \u00fanica.<\/p>\n\n\n\n<p class=\"has-text-align-center has-medium-font-size\"><strong>Arte Local<\/strong><\/p>\n\n\n\n<p class=\"has-text-align-center has-medium-font-size\">Ao apoiar artistas locais, contribu\u00edmos diretamente para o desenvolvimento da cena art\u00edstica em nossa comunidade, proporcionando est\u00edmulo econ\u00f4mico e incentivando a express\u00e3o criativa.<\/p>\n\n\n\n<p class=\"has-text-align-center has-medium-font-size\">A conex\u00e3o com a arte local tamb\u00e9m promove um senso de pertencimento, conectando as pessoas \u00e0s suas ra\u00edzes culturais e estabelecendo um v\u00ednculo emocional entre a comunidade e a produ\u00e7\u00e3o art\u00edstica.<\/p>\n\n\n\n<p class=\"has-text-align-center has-medium-font-size\"><strong>Valorizar e conhecer<\/strong><\/p>\n\n\n\n<p class=\"has-text-align-center has-medium-font-size\">Valorizar e conhecer os talentos locais n\u00e3o apenas enriquece a experi\u00eancia cultural individual, mas tamb\u00e9m fortalece o tecido social e art\u00edstico que define e diferencia cada comunidade.<\/p>\n\n\n\n<p class=\"has-text-align-center has-medium-font-size\">Com base nesse texto vamos conhecer o N\u00f4mades \u2013 Grupo de Dan\u00e7a, da cidade de Goi\u00e2nia \u2013 GO. Para conhec\u00ea-los melhor vamos assistir alguns v\u00eddeos do Programa Conex\u00e3o Escola, quadro ConectARTE.<\/p>\n\n\n\n<p class=\"has-text-align-center has-medium-font-size\"><strong>Grupo N\u00f4mades de Dan\u00e7a<\/strong><\/p>\n\n\n\n<p class=\"has-text-align-center has-medium-font-size\">O programa apresenta o Grupo N\u00f4mades de Dan\u00e7a. N\u00f4mades \u00e9 de Goi\u00e2nia \u2013 GO, tem como filosofia n\u00e3o s\u00f3 fazer espet\u00e1culos para o palco, mas trabalha tamb\u00e9m com interven\u00e7\u00f5es urbanas e muitas vezes seu objetivo \u00e9 levar a dan\u00e7a para pessoas que n\u00e3o teriam acesso. Sua metodologia est\u00e1 fortemente ligada \u00e0 educa\u00e7\u00e3o pela dan\u00e7a e educa\u00e7\u00e3o pelo movimento, com forte liga\u00e7\u00e3o com o contexto escolar.<\/p>\n\n\n\n<p class=\"has-text-align-center has-medium-font-size\"><strong>O Programa<\/strong><\/p>\n\n\n\n<p class=\"has-text-align-center has-medium-font-size\">O programa foi dividido em tr\u00eas partes: na primeira parte a conversa se d\u00e1 com a core\u00f3grafa Cristiane dos Santos e na segunda parte a conversa \u00e9 com o produtor Jayme Marques e com a ensa\u00edsta Isabel Mamede e a terceira e \u00faltima parte da entrevista \u00e9 feita com os bailarinos do grupo.<\/p>\n\n\n\n<p class=\"has-text-align-center has-medium-font-size\"><strong>Os v\u00eddeos est\u00e3o dispon\u00edveis em:<\/strong><\/p>\n\n\n\n<p class=\"has-text-align-center\"><strong>Parte I:<\/strong><\/p>\n\n\n\n<figure class=\"wp-block-embed is-type-wp-embed is-provider-conex-o-escola-sme wp-block-embed-conex-o-escola-sme\"><div class=\"wp-block-embed__wrapper\">\n<div class=\"oceanwp-oembed-wrap clr\"><blockquote class=\"wp-embedded-content\" data-secret=\"8oCokbv4iU\"><a href=\"https:\/\/sme.goiania.go.gov.br\/conexaoescola\/biblioteca_virtual\/conectarte-danca-grupo-nomades-de-danca-parte-i\/\">ConectARTE: Dan\u00e7a &#8211; Grupo N\u00f4mades de Dan\u00e7a &#8211; Parte I<\/a><\/blockquote><iframe class=\"wp-embedded-content\" sandbox=\"allow-scripts\" security=\"restricted\" style=\"position: absolute; clip: rect(1px, 1px, 1px, 1px);\" title=\"&#8220;ConectARTE: Dan\u00e7a &#8211; Grupo N\u00f4mades de Dan\u00e7a &#8211; Parte I&#8221; &#8212; Conex\u00e3o Escola SME\" src=\"https:\/\/sme.goiania.go.gov.br\/conexaoescola\/biblioteca_virtual\/conectarte-danca-grupo-nomades-de-danca-parte-i\/embed\/#?secret=6LG4zb6d8i#?secret=8oCokbv4iU\" data-secret=\"8oCokbv4iU\" width=\"600\" height=\"338\" frameborder=\"0\" marginwidth=\"0\" marginheight=\"0\" scrolling=\"no\"><\/iframe><\/div>\n<\/div><\/figure>\n\n\n\n<p class=\"has-text-align-center has-medium-font-size\"><strong>Parte II:<\/strong><\/p>\n\n\n\n<figure class=\"wp-block-embed is-type-wp-embed is-provider-conex-o-escola-sme wp-block-embed-conex-o-escola-sme\"><div class=\"wp-block-embed__wrapper\">\n<div class=\"oceanwp-oembed-wrap clr\"><blockquote class=\"wp-embedded-content\" data-secret=\"oqCdvjxGEs\"><a href=\"https:\/\/sme.goiania.go.gov.br\/conexaoescola\/biblioteca_virtual\/conectarte-danca-grupo-nomades-de-danca-parte-ii\/\">ConectARTE: Dan\u00e7a &#8211; Grupo N\u00f4mades de Dan\u00e7a &#8211; Parte II<\/a><\/blockquote><iframe class=\"wp-embedded-content\" sandbox=\"allow-scripts\" security=\"restricted\" style=\"position: absolute; clip: rect(1px, 1px, 1px, 1px);\" title=\"&#8220;ConectARTE: Dan\u00e7a &#8211; Grupo N\u00f4mades de Dan\u00e7a &#8211; Parte II&#8221; &#8212; Conex\u00e3o Escola SME\" src=\"https:\/\/sme.goiania.go.gov.br\/conexaoescola\/biblioteca_virtual\/conectarte-danca-grupo-nomades-de-danca-parte-ii\/embed\/#?secret=9vpbifouY5#?secret=oqCdvjxGEs\" data-secret=\"oqCdvjxGEs\" width=\"600\" height=\"338\" frameborder=\"0\" marginwidth=\"0\" marginheight=\"0\" scrolling=\"no\"><\/iframe><\/div>\n<\/div><\/figure>\n\n\n\n<p class=\"has-medium-font-size\"><strong>Parte III:<\/strong><\/p>\n\n\n\n<figure class=\"wp-block-embed aligncenter is-type-wp-embed is-provider-conex-o-escola-sme wp-block-embed-conex-o-escola-sme\"><div class=\"wp-block-embed__wrapper\">\n<div class=\"oceanwp-oembed-wrap clr\"><blockquote class=\"wp-embedded-content\" data-secret=\"Kj03J246Vr\"><a href=\"https:\/\/sme.goiania.go.gov.br\/conexaoescola\/biblioteca_virtual\/conectarte-danca-grupo-nomades-de-danca-parte-iii-copy\/\">ConectARTE: Dan\u00e7a &#8211; Grupo N\u00f4mades de Dan\u00e7a &#8211; Parte III<\/a><\/blockquote><iframe class=\"wp-embedded-content\" sandbox=\"allow-scripts\" security=\"restricted\" style=\"position: absolute; clip: rect(1px, 1px, 1px, 1px);\" title=\"&#8220;ConectARTE: Dan\u00e7a &#8211; Grupo N\u00f4mades de Dan\u00e7a &#8211; Parte III&#8221; &#8212; Conex\u00e3o Escola SME\" src=\"https:\/\/sme.goiania.go.gov.br\/conexaoescola\/biblioteca_virtual\/conectarte-danca-grupo-nomades-de-danca-parte-iii-copy\/embed\/#?secret=h3iyPSo3yo#?secret=Kj03J246Vr\" data-secret=\"Kj03J246Vr\" width=\"600\" height=\"338\" frameborder=\"0\" marginwidth=\"0\" marginheight=\"0\" scrolling=\"no\"><\/iframe><\/div>\n<\/div><\/figure>\n\n\n\n<p class=\"has-background has-medium-font-size\" style=\"background-color:#c3f857a6\"><strong>QUEST\u00c3O 1<\/strong><\/p>\n\n\n\n<p class=\"has-medium-font-size\">Qual a import\u00e2ncia de conhecer e apreciar os artistas locais?<\/p>\n\n\n\n<p class=\"has-background has-medium-font-size\" style=\"background-color:#c3f857a6\"><strong>QUEST\u00c3O 2<\/strong><\/p>\n\n\n\n<p class=\"has-medium-font-size\">Como podemos contribuir para o desenvolvimento da cena art\u00edstica local?<\/p>\n\n\n\n<p class=\"has-background has-medium-font-size\" style=\"background-color:#c3f857a6\"><strong>QUEST\u00c3O 3<\/strong><\/p>\n\n\n\n<p class=\"has-medium-font-size\">Valorizar e conhecer os talentos locais n\u00e3o apenas enriquece a experi\u00eancia cultural individual, mas tamb\u00e9m&nbsp;<\/p>\n\n\n\n<p class=\"has-medium-font-size\">(A) enfraquece o tecido social e art\u00edstico que define e diferencia cada comunidade.<\/p>\n\n\n\n<p class=\"has-medium-font-size\">(B) fortalece o tecido social e art\u00edstico que distancia da comunidade.<\/p>\n\n\n\n<p class=\"has-medium-font-size\">(C) fortalece o tecido social e art\u00edstico que define e diferencia cada comunidade.<\/p>\n\n\n\n<p class=\"has-medium-font-size\">(D) enfraquece o tecido social e art\u00edstico que distancia da comunidade.<\/p>\n\n\n\n<p class=\"has-background has-medium-font-size\" style=\"background-color:#c3f857a6\"><strong>QUEST\u00c3O 4<\/strong><\/p>\n\n\n\n<p class=\"has-medium-font-size\">A conex\u00e3o com a arte local promove&nbsp;<\/p>\n\n\n\n<p class=\"has-medium-font-size\">(A) um senso de pertencimento, mas n\u00e3o conectando as pessoas \u00e0s suas ra\u00edzes culturais.<\/p>\n\n\n\n<p class=\"has-medium-font-size\">(B) um senso de pertencimento, conectando as pessoas \u00e0s suas ra\u00edzes culturais.<\/p>\n\n\n\n<p class=\"has-medium-font-size\">(C) o v\u00ednculo emocional raso e distante entre a comunidade e a produ\u00e7\u00e3o art\u00edstica.<\/p>\n\n\n\n<p class=\"has-medium-font-size\">(D) a antipatia emocional entre a comunidade e a produ\u00e7\u00e3o art\u00edstica.<\/p>\n\n\n\n<hr class=\"wp-block-separator has-alpha-channel-opacity\"\/>\n\n\n\n<figure class=\"wp-block-table is-style-stripes has-medium-font-size\"><table><tbody><tr><td><strong>Autoria:<\/strong><\/td><td>Eurim Pablo<\/td><\/tr><tr><td><strong>Forma\u00e7\u00e3o:<\/strong><\/td><td>Educa\u00e7\u00e3o F\u00edsica e Mestre em Performances Culturais<\/td><\/tr><tr><td><strong>Componente Curricular:<\/strong><\/td><td>Arte\/Dan\u00e7a<\/td><\/tr><tr><td><strong>Objetivos de Aprendizagem e Desenvolvimento:<\/strong><\/td><td><strong>(EJAAD0514) <\/strong>Contextualizar como a produ\u00e7\u00e3o em dan\u00e7a em suas diferentes matrizes culturais (europeia, ind\u00edgena, africana, dentre outras) influenciaram esteticamente o surgimento de formas e est\u00e9ticas de dan\u00e7a na cultura brasileira<\/td><\/tr><tr><td><strong>Refer\u00eancias:<\/strong><\/td><td><strong>BARBOSA<\/strong>, Ana Mae. A imagem no ensino da arte. S\u00e3o Paulo: Perspectiva, 1991.<br><strong>DEWEY<\/strong>, John. Arte como experi\u00eancia. S\u00e3o Paulo; Martins Fontes Editora. 2010.<br><strong>DOS ANJOS<\/strong>, Moacir. Local\/Global: Arte em Tr\u00e2nsito. Rio de Janeiro, Jorge Zahar, 2005.<br><strong>GREINER<\/strong>, O corpo: pistas para estudos indisciplinares. S\u00e3o Paulo: Annablume, 2005.<\/td><\/tr><\/tbody><\/table><\/figure>\n","protected":false},"author":33,"featured_media":173623,"template":"","meta":{"_acf_changed":false,"ocean_post_layout":"","ocean_both_sidebars_style":"","ocean_both_sidebars_content_width":0,"ocean_both_sidebars_sidebars_width":0,"ocean_sidebar":"","ocean_second_sidebar":"","ocean_disable_margins":"enable","ocean_add_body_class":"","ocean_shortcode_before_top_bar":"","ocean_shortcode_after_top_bar":"","ocean_shortcode_before_header":"","ocean_shortcode_after_header":"","ocean_has_shortcode":"","ocean_shortcode_after_title":"","ocean_shortcode_before_footer_widgets":"","ocean_shortcode_after_footer_widgets":"","ocean_shortcode_before_footer_bottom":"","ocean_shortcode_after_footer_bottom":"","ocean_display_top_bar":"default","ocean_display_header":"default","ocean_header_style":"","ocean_center_header_left_menu":"","ocean_custom_header_template":"","ocean_custom_logo":0,"ocean_custom_retina_logo":0,"ocean_custom_logo_max_width":0,"ocean_custom_logo_tablet_max_width":0,"ocean_custom_logo_mobile_max_width":0,"ocean_custom_logo_max_height":0,"ocean_custom_logo_tablet_max_height":0,"ocean_custom_logo_mobile_max_height":0,"ocean_header_custom_menu":"","ocean_menu_typo_font_family":"","ocean_menu_typo_font_subset":"","ocean_menu_typo_font_size":0,"ocean_menu_typo_font_size_tablet":0,"ocean_menu_typo_font_size_mobile":0,"ocean_menu_typo_font_size_unit":"px","ocean_menu_typo_font_weight":"","ocean_menu_typo_font_weight_tablet":"","ocean_menu_typo_font_weight_mobile":"","ocean_menu_typo_transform":"","ocean_menu_typo_transform_tablet":"","ocean_menu_typo_transform_mobile":"","ocean_menu_typo_line_height":0,"ocean_menu_typo_line_height_tablet":0,"ocean_menu_typo_line_height_mobile":0,"ocean_menu_typo_line_height_unit":"","ocean_menu_typo_spacing":0,"ocean_menu_typo_spacing_tablet":0,"ocean_menu_typo_spacing_mobile":0,"ocean_menu_typo_spacing_unit":"","ocean_menu_link_color":"","ocean_menu_link_color_hover":"","ocean_menu_link_color_active":"","ocean_menu_link_background":"","ocean_menu_link_hover_background":"","ocean_menu_link_active_background":"","ocean_menu_social_links_bg":"","ocean_menu_social_hover_links_bg":"","ocean_menu_social_links_color":"","ocean_menu_social_hover_links_color":"","ocean_disable_title":"default","ocean_disable_heading":"default","ocean_post_title":"","ocean_post_subheading":"","ocean_post_title_style":"","ocean_post_title_background_color":"","ocean_post_title_background":0,"ocean_post_title_bg_image_position":"","ocean_post_title_bg_image_attachment":"","ocean_post_title_bg_image_repeat":"","ocean_post_title_bg_image_size":"","ocean_post_title_height":0,"ocean_post_title_bg_overlay":0.5,"ocean_post_title_bg_overlay_color":"","ocean_disable_breadcrumbs":"default","ocean_breadcrumbs_color":"","ocean_breadcrumbs_separator_color":"","ocean_breadcrumbs_links_color":"","ocean_breadcrumbs_links_hover_color":"","ocean_display_footer_widgets":"default","ocean_display_footer_bottom":"default","ocean_custom_footer_template":""},"eaja_categoria":[104,69],"serie":[75,76],"eaja_componente":[83],"class_list":["post-173622","eaja","type-eaja","status-publish","has-post-thumbnail","hentry","eaja_categoria-2o-segmento-5a-e-6a-serie","eaja_categoria-2o-segmento-7a-e-8a-serie","serie-6a-serie","serie-7a-serie","eaja_componente-arte","entry","has-media"],"acf":[],"_links":{"self":[{"href":"https:\/\/sme.goiania.go.gov.br\/conexaoescola\/wp-json\/wp\/v2\/eaja\/173622","targetHints":{"allow":["GET"]}}],"collection":[{"href":"https:\/\/sme.goiania.go.gov.br\/conexaoescola\/wp-json\/wp\/v2\/eaja"}],"about":[{"href":"https:\/\/sme.goiania.go.gov.br\/conexaoescola\/wp-json\/wp\/v2\/types\/eaja"}],"author":[{"embeddable":true,"href":"https:\/\/sme.goiania.go.gov.br\/conexaoescola\/wp-json\/wp\/v2\/users\/33"}],"wp:featuredmedia":[{"embeddable":true,"href":"https:\/\/sme.goiania.go.gov.br\/conexaoescola\/wp-json\/wp\/v2\/media\/173623"}],"wp:attachment":[{"href":"https:\/\/sme.goiania.go.gov.br\/conexaoescola\/wp-json\/wp\/v2\/media?parent=173622"}],"wp:term":[{"taxonomy":"eaja_categoria","embeddable":true,"href":"https:\/\/sme.goiania.go.gov.br\/conexaoescola\/wp-json\/wp\/v2\/eaja_categoria?post=173622"},{"taxonomy":"serie","embeddable":true,"href":"https:\/\/sme.goiania.go.gov.br\/conexaoescola\/wp-json\/wp\/v2\/serie?post=173622"},{"taxonomy":"eaja_componente","embeddable":true,"href":"https:\/\/sme.goiania.go.gov.br\/conexaoescola\/wp-json\/wp\/v2\/eaja_componente?post=173622"}],"curies":[{"name":"wp","href":"https:\/\/api.w.org\/{rel}","templated":true}]}}