{"id":173354,"date":"2023-11-24T14:30:52","date_gmt":"2023-11-24T17:30:52","guid":{"rendered":"https:\/\/sme.goiania.go.gov.br\/conexaoescola\/?post_type=eaja&#038;p=173354"},"modified":"2023-12-18T15:24:43","modified_gmt":"2023-12-18T18:24:43","slug":"historia-a-religiao-na-idade-media","status":"publish","type":"eaja","link":"https:\/\/sme.goiania.go.gov.br\/conexaoescola\/eaja\/historia-a-religiao-na-idade-media\/","title":{"rendered":"Hist\u00f3ria &#8211; A religi\u00e3o na Idade M\u00e9dia"},"content":{"rendered":"\n<p class=\"has-black-color has-text-color has-background has-medium-font-size\" style=\"background-color:#fee296\">Esta proposta de atividade de&nbsp;<strong>Hist\u00f3ria<\/strong>&nbsp;\u00e9 destinada aos estudantes do&nbsp;<strong>4\u00ba Per\u00edodo<\/strong>&nbsp;da Educa\u00e7\u00e3o de Jovens e Adultos-EJA<\/p>\n\n\n\n<div class=\"wp-block-buttons is-content-justification-center is-layout-flex wp-container-core-buttons-is-layout-16018d1d wp-block-buttons-is-layout-flex\">\n<div class=\"wp-block-button has-custom-font-size has-medium-font-size\"><a class=\"wp-block-button__link has-white-color has-black-background-color has-text-color has-background wp-element-button\" href=\"https:\/\/drive.google.com\/uc?export=download&amp;id=1C2x3g8TDkpnthkmbtvjaQOZSyAJDh_sn\" target=\"_blank\" rel=\"noreferrer noopener\">BAIXE A ATIVIDADE<\/a><\/div>\n\n\n\n<div class=\"wp-block-button has-custom-font-size has-medium-font-size\"><a class=\"wp-block-button__link has-white-color has-black-background-color has-text-color has-background wp-element-button\" href=\"https:\/\/drive.google.com\/uc?export=download&amp;id=1Wb0FwDyX6Sw-6q3hu3p4D_3nd8dAOYG7\" target=\"_blank\" rel=\"noreferrer noopener\">BAIXE OS SLIDES<\/a><\/div>\n\n\n\n<div class=\"wp-block-button has-custom-font-size has-medium-font-size\"><a class=\"wp-block-button__link has-white-color has-black-background-color has-text-color has-background wp-element-button\" href=\"https:\/\/drive.google.com\/uc?export=download&amp;id=1cfpSKkZLl2DI-jw3WzR6sVKyQ-9loc7r\" target=\"_blank\" rel=\"noreferrer noopener\">BAIXE O TEXTO<\/a><\/div>\n<\/div>\n\n\n\n<hr class=\"wp-block-separator has-alpha-channel-opacity\"\/>\n\n\n<div class=\"wp-block-image\">\n<figure class=\"aligncenter size-full is-resized\"><img fetchpriority=\"high\" decoding=\"async\" src=\"https:\/\/sme.goiania.go.gov.br\/conexaoescola\/wp-content\/uploads\/2023\/11\/1011px-Bapteme_Cathedrale_de_Troyes_290308-e1700845514698.jpg\" alt=\"\" class=\"wp-image-173355\" width=\"758\" height=\"674\" srcset=\"https:\/\/sme.goiania.go.gov.br\/conexaoescola\/wp-content\/uploads\/2023\/11\/1011px-Bapteme_Cathedrale_de_Troyes_290308-e1700845514698.jpg 1010w, https:\/\/sme.goiania.go.gov.br\/conexaoescola\/wp-content\/uploads\/2023\/11\/1011px-Bapteme_Cathedrale_de_Troyes_290308-e1700845514698-300x267.jpg 300w, https:\/\/sme.goiania.go.gov.br\/conexaoescola\/wp-content\/uploads\/2023\/11\/1011px-Bapteme_Cathedrale_de_Troyes_290308-e1700845514698-768x684.jpg 768w\" sizes=\"(max-width: 758px) 100vw, 758px\" \/><figcaption class=\"wp-element-caption\">Batismo de Agostinho de Hipona. Dispon\u00edvel em: &lt;<a href=\"https:\/\/commons.wikimedia.org\/wiki\/File:Bapt%C3%AAme_Cath%C3%A9drale_de_Troyes_290308.jpg\" target=\"_blank\" rel=\"noreferrer noopener\">https:\/\/commons.wikimedia.org\/wiki\/File:Bapt%C3%AAme_Cath%C3%A9drale_de_Troyes_290308.jpg<\/a>&gt; acesso em 24, nov. 2023.<\/figcaption><\/figure><\/div>\n\n\n<h2 class=\"wp-block-heading has-text-align-center has-black-color has-text-color has-background has-medium-font-size\" style=\"background-color:#bc7ef6\">A RELIGI\u00c3O NA IDADE M\u00c9DIA<\/h2>\n\n\n\n<p class=\"has-black-color has-text-color has-medium-font-size\">O historiador Jacques Le Goff considera que existe uma civiliza\u00e7\u00e3o do Ocidente medieval, que constitui um corpo coerente. Tal civiliza\u00e7\u00e3o se organiza a partir dos s\u00e9culos VI e VII, completa-se em torno do s\u00e9culo XIII e se desfaz pouco a pouco ao longo dos s\u00e9culos XVII, XVIII e XIX. Neste longo per\u00edodo forma-se uma concep\u00e7\u00e3o de mundo com maneiras pr\u00f3prias de sentir, de pensar e de perceber o espa\u00e7o e o tempo.<\/p>\n\n\n\n<p class=\"has-black-color has-text-color has-medium-font-size\">Esta concep\u00e7\u00e3o de mundo \u00e9 principalmente religiosa.<\/p>\n\n\n\n<blockquote class=\"wp-block-quote has-black-color has-text-color is-layout-flow wp-block-quote-is-layout-flow\">\n<p class=\"has-black-color has-text-color has-medium-font-size\">Os homens e as mulheres da Idade M\u00e9dia cr\u00eaem no Deus do G\u00eanesis. O mundo e a humanidade existem porque Deus quis assim, atrav\u00e9s de um ato generoso<\/p>\n<cite>LE GOFF, 2005b, p. 125.<\/cite><\/blockquote>\n\n\n\n<p class=\"has-black-color has-text-color has-medium-font-size\">A civiliza\u00e7\u00e3o medieval \u00e9 marcada pela ideia de cria\u00e7\u00e3o que traz uma concep\u00e7\u00e3o de Deus, da natureza e do homem. A Igreja \u00e9 a respons\u00e1vel pela manuten\u00e7\u00e3o da coer\u00eancia. Isso \u00e9 o que d\u00e1 sustenta\u00e7\u00e3o a uma estrutura social hier\u00e1rquica cujo centro \u00e9 o <em>dominium<\/em> &#8211; a domina\u00e7\u00e3o da senhoria. A hierarquia, no entanto, n\u00e3o deve ser pensada em termos de uma rela\u00e7\u00e3o verticalizada do tipo o rei no alto e o s\u00fadito embaixo. Ela fundamenta-se na reciprocidade.<\/p>\n\n\n\n<p class=\"has-black-color has-text-color has-medium-font-size\">Estas concep\u00e7\u00f5es moldam&nbsp; uma cultura centrada na religi\u00e3o onde a Igreja ocupa lugar cada vez mais importante. Constituem ainda as rela\u00e7\u00f5es sociais entre os diferentes grupos.<\/p>\n\n\n\n<p class=\"has-black-color has-text-color has-medium-font-size\">Um exemplo \u00e9 a forma de apresenta\u00e7\u00e3o da sociedade crist\u00e3 que surgiu na literatura ocidental por volta do final do s\u00e9culo IX. Segundo tal esquema, a sociedade era formada por tr\u00eas ordens: sacerdotes, guerreiros e camponeses.<\/p>\n\n\n\n<blockquote class=\"wp-block-quote has-black-color has-text-color is-layout-flow wp-block-quote-is-layout-flow\">\n<p class=\"has-black-color has-text-color has-medium-font-size\">Tr\u00eas categorias distintas e complementares, cada uma necessitando das outras duas. Seu conjunto forma o corpo harmonioso da sociedade.<\/p>\n<cite>LE GOFF, 2005a, p. 257.<\/cite><\/blockquote>\n\n\n\n<p class=\"has-black-color has-text-color has-medium-font-size\">Esta forma de representa\u00e7\u00e3o ficou famosa na f\u00f3rmula: os que oram, os que guerreiam e os que trabalham. Jacque Le Goff chama aten\u00e7\u00e3o para o fato de que esta representa\u00e7\u00e3o d\u00e1 \u00e0 Igreja Cat\u00f3lica a primazia na sociedade medieval.<\/p>\n\n\n\n<h2 class=\"wp-block-heading has-text-align-center has-black-color has-text-color has-background has-medium-font-size\" style=\"background-color:#fee296\">RESPONDA AS QUEST\u00d5ES<\/h2>\n\n\n\n<h2 class=\"wp-block-heading has-black-color has-text-color has-background has-medium-font-size\" style=\"background-color:#bc7ef6\">QUEST\u00c3O 1<\/h2>\n\n\n\n<p class=\"has-black-color has-text-color has-medium-font-size\">O historiador Jacques Le Goff considera que a civiliza\u00e7\u00e3o do Ocidente medieval formou-se a partir do s\u00e9culo VI ao s\u00e9culo XIII e se desfez a partir do s\u00e9culo XVII. Considerando esta data\u00e7\u00e3o, marque a op\u00e7\u00e3o correta.<\/p>\n\n\n\n<p class=\"has-black-color has-text-color has-medium-font-size\">(A) Da mesma forma como surgiu a civiliza\u00e7\u00e3o medieval desapareceu, de forma instant\u00e2nea.<\/p>\n\n\n\n<p class=\"has-black-color has-text-color has-medium-font-size\">(B) A civiliza\u00e7\u00e3o medieval formou-se e se desfez num processo hist\u00f3rico que durou s\u00e9culos.<\/p>\n\n\n\n<p class=\"has-black-color has-text-color has-medium-font-size\">(C) No per\u00edodo em que existiu, a civiliza\u00e7\u00e3o medieval teve sempre a mesma configura\u00e7\u00e3o.<\/p>\n\n\n\n<p class=\"has-black-color has-text-color has-medium-font-size\">(D) A forma\u00e7\u00e3o da civiliza\u00e7\u00e3o medieval ocorreu num processo hist\u00f3rico de forma imediata.<\/p>\n\n\n\n<h2 class=\"wp-block-heading has-black-color has-text-color has-background has-medium-font-size\" style=\"background-color:#bc7ef6\">QUEST\u00c3O 2<\/h2>\n\n\n\n<p class=\"has-black-color has-text-color has-medium-font-size\">A forma de compreens\u00e3o do mundo na Idade M\u00e9dia baseava-se predominantemente na:<\/p>\n\n\n\n<p class=\"has-black-color has-text-color has-medium-font-size\">(A) Religi\u00e3o.<\/p>\n\n\n\n<p class=\"has-black-color has-text-color has-medium-font-size\">(B) Ci\u00eancia.<\/p>\n\n\n\n<p class=\"has-black-color has-text-color has-medium-font-size\">(C) Filosofia.<\/p>\n\n\n\n<p class=\"has-black-color has-text-color has-medium-font-size\">(D) Literatura.<\/p>\n\n\n\n<h2 class=\"wp-block-heading has-black-color has-text-color has-background has-medium-font-size\" style=\"background-color:#bc7ef6\">QUEST\u00c3O 3<\/h2>\n\n\n\n<p class=\"has-black-color has-text-color has-medium-font-size\">Explique de que forma as ideias religiosas se materializavam na estrutura social medieval.<\/p>\n\n\n\n<h2 class=\"wp-block-heading has-black-color has-text-color has-background has-medium-font-size\" style=\"background-color:#bc7ef6\">QUEST\u00c3O 4<\/h2>\n\n\n\n<p class=\"has-black-color has-text-color has-medium-font-size\">Escreva um par\u00e1grafo comparando o papel da religi\u00e3o crist\u00e3 na cultura e na organiza\u00e7\u00e3o social do Brasil de hoje e da Europa medieval.<\/p>\n\n\n\n<hr class=\"wp-block-separator has-alpha-channel-opacity\"\/>\n\n\n\n<figure class=\"wp-block-table is-style-stripes\"><table class=\"has-black-color has-text-color\"><tbody><tr><td><strong>Autoria:<\/strong><\/td><td>An\u00edsio Jos\u00e9 Pereira Filho<\/td><\/tr><tr><td><strong>Forma\u00e7\u00e3o:<\/strong><\/td><td>Hist\u00f3ria<\/td><\/tr><tr><td><strong>Componente Curricular:<\/strong><\/td><td>Hist\u00f3ria<\/td><\/tr><tr><td><strong>Objetivos de Aprendizagem e Desenvolvimento:<\/strong><\/td><td>(EJAHI0434) Conhecer o papel da religi\u00e3o crist\u00e3 na cultura e nos modos de organiza\u00e7\u00e3o social no per\u00edodo medieval e suas influ\u00eancias \u00e0 atualidade.<\/td><\/tr><tr><td><strong>Referencial te\u00f3rico:<\/strong><\/td><td>LE GOFF, Jacques. A civiliza\u00e7\u00e3o do ocidente medieval. Tradu\u00e7\u00e3o Jos\u00e9 Rivair de Macedo. Bauru, SP: Edusc, 2005a.<br>LE GOFF, Jacques. Em busca da Idade M\u00e9dia. Colabora\u00e7\u00e3o de Jean-Maurice de Montremy. Tradu\u00e7\u00e3o de Marcos de Castro. Rio de Janeiro: Civiliza\u00e7\u00e3o Brasileira, 2005b.<\/td><\/tr><\/tbody><\/table><\/figure>\n","protected":false},"author":53,"featured_media":173355,"template":"","meta":{"_acf_changed":false,"ocean_post_layout":"","ocean_both_sidebars_style":"","ocean_both_sidebars_content_width":0,"ocean_both_sidebars_sidebars_width":0,"ocean_sidebar":"","ocean_second_sidebar":"","ocean_disable_margins":"enable","ocean_add_body_class":"","ocean_shortcode_before_top_bar":"","ocean_shortcode_after_top_bar":"","ocean_shortcode_before_header":"","ocean_shortcode_after_header":"","ocean_has_shortcode":"","ocean_shortcode_after_title":"","ocean_shortcode_before_footer_widgets":"","ocean_shortcode_after_footer_widgets":"","ocean_shortcode_before_footer_bottom":"","ocean_shortcode_after_footer_bottom":"","ocean_display_top_bar":"default","ocean_display_header":"default","ocean_header_style":"","ocean_center_header_left_menu":"","ocean_custom_header_template":"","ocean_custom_logo":0,"ocean_custom_retina_logo":0,"ocean_custom_logo_max_width":0,"ocean_custom_logo_tablet_max_width":0,"ocean_custom_logo_mobile_max_width":0,"ocean_custom_logo_max_height":0,"ocean_custom_logo_tablet_max_height":0,"ocean_custom_logo_mobile_max_height":0,"ocean_header_custom_menu":"","ocean_menu_typo_font_family":"","ocean_menu_typo_font_subset":"","ocean_menu_typo_font_size":0,"ocean_menu_typo_font_size_tablet":0,"ocean_menu_typo_font_size_mobile":0,"ocean_menu_typo_font_size_unit":"px","ocean_menu_typo_font_weight":"","ocean_menu_typo_font_weight_tablet":"","ocean_menu_typo_font_weight_mobile":"","ocean_menu_typo_transform":"","ocean_menu_typo_transform_tablet":"","ocean_menu_typo_transform_mobile":"","ocean_menu_typo_line_height":0,"ocean_menu_typo_line_height_tablet":0,"ocean_menu_typo_line_height_mobile":0,"ocean_menu_typo_line_height_unit":"","ocean_menu_typo_spacing":0,"ocean_menu_typo_spacing_tablet":0,"ocean_menu_typo_spacing_mobile":0,"ocean_menu_typo_spacing_unit":"","ocean_menu_link_color":"","ocean_menu_link_color_hover":"","ocean_menu_link_color_active":"","ocean_menu_link_background":"","ocean_menu_link_hover_background":"","ocean_menu_link_active_background":"","ocean_menu_social_links_bg":"","ocean_menu_social_hover_links_bg":"","ocean_menu_social_links_color":"","ocean_menu_social_hover_links_color":"","ocean_disable_title":"default","ocean_disable_heading":"default","ocean_post_title":"","ocean_post_subheading":"","ocean_post_title_style":"","ocean_post_title_background_color":"","ocean_post_title_background":0,"ocean_post_title_bg_image_position":"","ocean_post_title_bg_image_attachment":"","ocean_post_title_bg_image_repeat":"","ocean_post_title_bg_image_size":"","ocean_post_title_height":0,"ocean_post_title_bg_overlay":0.5,"ocean_post_title_bg_overlay_color":"","ocean_disable_breadcrumbs":"default","ocean_breadcrumbs_color":"","ocean_breadcrumbs_separator_color":"","ocean_breadcrumbs_links_color":"","ocean_breadcrumbs_links_hover_color":"","ocean_display_footer_widgets":"default","ocean_display_footer_bottom":"default","ocean_custom_footer_template":""},"eaja_categoria":[104],"serie":[74],"eaja_componente":[79],"class_list":["post-173354","eaja","type-eaja","status-publish","has-post-thumbnail","hentry","eaja_categoria-2o-segmento-5a-e-6a-serie","serie-5a-serie","eaja_componente-historia","entry","has-media"],"acf":[],"_links":{"self":[{"href":"https:\/\/sme.goiania.go.gov.br\/conexaoescola\/wp-json\/wp\/v2\/eaja\/173354","targetHints":{"allow":["GET"]}}],"collection":[{"href":"https:\/\/sme.goiania.go.gov.br\/conexaoescola\/wp-json\/wp\/v2\/eaja"}],"about":[{"href":"https:\/\/sme.goiania.go.gov.br\/conexaoescola\/wp-json\/wp\/v2\/types\/eaja"}],"author":[{"embeddable":true,"href":"https:\/\/sme.goiania.go.gov.br\/conexaoescola\/wp-json\/wp\/v2\/users\/53"}],"wp:featuredmedia":[{"embeddable":true,"href":"https:\/\/sme.goiania.go.gov.br\/conexaoescola\/wp-json\/wp\/v2\/media\/173355"}],"wp:attachment":[{"href":"https:\/\/sme.goiania.go.gov.br\/conexaoescola\/wp-json\/wp\/v2\/media?parent=173354"}],"wp:term":[{"taxonomy":"eaja_categoria","embeddable":true,"href":"https:\/\/sme.goiania.go.gov.br\/conexaoescola\/wp-json\/wp\/v2\/eaja_categoria?post=173354"},{"taxonomy":"serie","embeddable":true,"href":"https:\/\/sme.goiania.go.gov.br\/conexaoescola\/wp-json\/wp\/v2\/serie?post=173354"},{"taxonomy":"eaja_componente","embeddable":true,"href":"https:\/\/sme.goiania.go.gov.br\/conexaoescola\/wp-json\/wp\/v2\/eaja_componente?post=173354"}],"curies":[{"name":"wp","href":"https:\/\/api.w.org\/{rel}","templated":true}]}}