{"id":170683,"date":"2023-09-29T13:54:51","date_gmt":"2023-09-29T16:54:51","guid":{"rendered":"https:\/\/sme.goiania.go.gov.br\/conexaoescola\/?post_type=eaja&#038;p=170683"},"modified":"2023-12-12T19:18:13","modified_gmt":"2023-12-12T22:18:13","slug":"ciencias-da-natureza-constituicao-interna-e-externa-da-terra","status":"publish","type":"eaja","link":"https:\/\/sme.goiania.go.gov.br\/conexaoescola\/eaja\/ciencias-da-natureza-constituicao-interna-e-externa-da-terra\/","title":{"rendered":"Ci\u00eancias da Natureza \u2013 Constitui\u00e7\u00e3o interna e externa da Terra"},"content":{"rendered":"\n<p class=\"has-text-align-center has-background has-medium-font-size\" style=\"background-color:#ff6a0085\"><strong>Esta proposta de atividade de CI\u00caNCIAS DA NATUREZA \u00e9 destinada aos estudantes do 4\u00ba per\u00edodo\u00a0da Educa\u00e7\u00e3o de Jovens e Adultos \u2013 EJA<\/strong><\/p>\n\n\n\n<div class=\"wp-block-buttons is-content-justification-center is-layout-flex wp-container-core-buttons-is-layout-16018d1d wp-block-buttons-is-layout-flex\">\n<div class=\"wp-block-button has-custom-font-size has-medium-font-size\"><a class=\"wp-block-button__link wp-element-button\" href=\"https:\/\/drive.google.com\/uc?export=download&amp;id=1IPX4R1lK2Nh0JQ5v-QAgm3rvS0NSQCeH\" target=\"_blank\" rel=\"noreferrer noopener\"><strong>BAIXE A ATIVIDADE<\/strong><\/a><\/div>\n\n\n\n<div class=\"wp-block-button has-custom-font-size has-medium-font-size\"><a class=\"wp-block-button__link wp-element-button\" href=\"https:\/\/docs.google.com\/presentation\/d\/1lM_9Je-QY-9zGw6rzghjiKyrf9rDgQ8z\/edit?usp=sharing&amp;ouid=103965874859314254962&amp;rtpof=true&amp;sd=true\" target=\"_blank\" rel=\"noreferrer noopener\"><strong>BAIXE OS SLIDES<\/strong><\/a><\/div>\n\n\n\n<div class=\"wp-block-button has-custom-font-size has-medium-font-size\"><a class=\"wp-block-button__link wp-element-button\" href=\"https:\/\/drive.google.com\/uc?export=download&amp;id=1wnGsYLzJXnkrwGsX2TM8Zyn_lt2huw7O\" target=\"_blank\" rel=\"noreferrer noopener\"><strong>BAIXE O TEXTO<\/strong><\/a><\/div>\n<\/div>\n\n\n\n<hr class=\"wp-block-separator has-alpha-channel-opacity\"\/>\n\n\n\n<figure class=\"wp-block-image size-full\"><img fetchpriority=\"high\" decoding=\"async\" width=\"955\" height=\"627\" src=\"https:\/\/sme.goiania.go.gov.br\/conexaoescola\/wp-content\/uploads\/2023\/09\/Constituicao-e1696006277464.png\" alt=\"\" class=\"wp-image-170687\" srcset=\"https:\/\/sme.goiania.go.gov.br\/conexaoescola\/wp-content\/uploads\/2023\/09\/Constituicao-e1696006277464.png 955w, https:\/\/sme.goiania.go.gov.br\/conexaoescola\/wp-content\/uploads\/2023\/09\/Constituicao-e1696006277464-300x197.png 300w, https:\/\/sme.goiania.go.gov.br\/conexaoescola\/wp-content\/uploads\/2023\/09\/Constituicao-e1696006277464-768x504.png 768w\" sizes=\"(max-width: 955px) 100vw, 955px\" \/><figcaption class=\"wp-element-caption\">FREEPIK. Creative Earth layers representation. Dispon\u00edvel em &lt;<a href=\"https:\/\/www.freepik.com\/free-vector\/creative-earth-layers-representation_19184217.htm#query=camadas%20da%20terra&amp;position=21&amp;from_view=search&amp;track=ais\">https:\/\/www.freepik.com\/free-vector\/creative-earth-layers-representation_19184217.htm#query=camadas%20da%20terra&amp;position=21&amp;from_view=search&amp;track=ais<\/a>&gt;. Acesso em 28\/09\/2023.<\/figcaption><\/figure>\n\n\n\n<h1 class=\"wp-block-heading has-text-align-center\"><strong>CONSTITUI\u00c7\u00c3O INTERNA E EXTERNA DA TERRA<\/strong><\/h1>\n\n\n\n<p class=\"has-medium-font-size\">\u00c0 primeira vista, nosso planeta parece ser uma esfera simples e uniforme. Na verdade, ele esconde em seu interior e ao seu redor uma complexidade fascinante. As suas principais camadas internas incluem:<\/p>\n\n\n\n<ul class=\"wp-block-list\">\n<li class=\"has-medium-font-size\"><strong>N\u00facleo Interno.<\/strong> Localizado no centro da Terra, composto principalmente de ferro e n\u00edquel. A temperatura \u00e9 extremamente alta, assim como a press\u00e3o. Isso torna o n\u00facleo interno s\u00f3lido.<\/li>\n<\/ul>\n\n\n\n<ul class=\"wp-block-list\">\n<li class=\"has-medium-font-size\"><strong>N\u00facleo Externo.<\/strong> \u00c9 uma camada l\u00edquida tamb\u00e9m composta de ferro e n\u00edquel. A alta temperatura e menor press\u00e3o conferem o estado l\u00edquido. Suas correntes de convec\u00e7\u00e3o s\u00e3o respons\u00e1veis pela gera\u00e7\u00e3o do campo magn\u00e9tico da Terra.<\/li>\n<\/ul>\n\n\n\n<ul class=\"wp-block-list\">\n<li class=\"has-medium-font-size\"><strong>Manto Inferior. <\/strong>Se estende at\u00e9 cerca de 2.900 quil\u00f4metros de profundidade. \u00c9 uma regi\u00e3o s\u00f3lida, mas a press\u00e3o e a temperatura aumentam significativamente \u00e0 medida que se aprofunda.<\/li>\n<\/ul>\n\n\n\n<ul class=\"wp-block-list\">\n<li class=\"has-medium-font-size\"><strong>Manto Superior. <\/strong>Se estende at\u00e9 aproximadamente 660 quil\u00f4metros abaixo da superf\u00edcie. Suas correntes de convec\u00e7\u00e3o s\u00e3o uma das principais for\u00e7as motrizes por tr\u00e1s do movimento das placas tect\u00f4nicas. \u00c9 nessa camada que ocorrem eventos s\u00edsmicos, como terremotos.<\/li>\n<\/ul>\n\n\n\n<ul class=\"wp-block-list\">\n<li class=\"has-medium-font-size\"><strong>Crosta. <\/strong>Camada mais externa da Terra, composta por rochas e minerais. \u00c9 a camada onde vivemos e onde se encontram todas as placas tect\u00f4nicas, continentes e oceanos.<\/li>\n<\/ul>\n\n\n\n<p class=\"has-medium-font-size\">A Terra tamb\u00e9m possui uma atmosfera que envolve o planeta, proporcionando as condi\u00e7\u00f5es necess\u00e1rias para a vida. Suas principais camadas s\u00e3o:<\/p>\n\n\n\n<ul class=\"wp-block-list\">\n<li class=\"has-medium-font-size\"><strong>Troposfera:<\/strong> \u00c9 a camada mais pr\u00f3xima da superf\u00edcie terrestre, onde ocorre a maior parte dos fen\u00f4menos meteorol\u00f3gicos, como chuvas, ventos e tempestades. Tamb\u00e9m \u00e9 onde encontramos o ar que respiramos, contendo g\u00e1s oxig\u00eanio, e outros gases essenciais.<\/li>\n<\/ul>\n\n\n\n<ul class=\"wp-block-list\">\n<li class=\"has-medium-font-size\"><strong>Estratosfera:<\/strong> Acima da troposfera. Cont\u00e9m a camada de oz\u00f4nio, que absorve a maioria dos raios ultravioleta prejudiciais do Sol.<\/li>\n<\/ul>\n\n\n\n<ul class=\"wp-block-list\">\n<li class=\"has-medium-font-size\"><strong>Mesosfera:<\/strong> Aqui, a temperatura come\u00e7a a diminuir \u00e0 medida que a altitude aumenta. \u00c9 nessa camada que ocorrem os fen\u00f4menos luminosos conhecidos como meteoros e onde a atmosfera se torna cada vez mais rarefeita &#8211; ou seja: com menos g\u00e1s oxig\u00eanio.<\/li>\n<\/ul>\n\n\n\n<ul class=\"wp-block-list\">\n<li class=\"has-medium-font-size\"><strong>Ionosfera.<\/strong> Eletricamente carregada. Comunica\u00e7\u00f5es de longa dist\u00e2ncia e fen\u00f4menos naturais. Reflex\u00e3o de ondas de r\u00e1dio.<\/li>\n<\/ul>\n\n\n\n<ul class=\"wp-block-list\">\n<li class=\"has-medium-font-size\"><strong>Termosfera: <\/strong>Aqui, a temperatura aumenta drasticamente devido \u00e0 absor\u00e7\u00e3o de radia\u00e7\u00e3o solar. \u00c9 tamb\u00e9m o local onde muitos sat\u00e9lites orbitam a Terra.<\/li>\n<\/ul>\n\n\n\n<ul class=\"wp-block-list\">\n<li class=\"has-medium-font-size\"><strong>Exosfera:<\/strong> Camada mais externa da atmosfera. Os gases atmosf\u00e9ricos gradualmente se dissipam no espa\u00e7o. \u00c9 a fronteira com o espa\u00e7o exterior.<\/li>\n<\/ul>\n\n\n\n<p class=\"has-medium-font-size\">Conhecer a constitui\u00e7\u00e3o interna da Terra e as camadas da atmosfera \u00e9 fundamental para entender os processos geol\u00f3gicos e clim\u00e1ticos que caracterizam o nosso planeta. Essa compreens\u00e3o n\u00e3o apenas enriquece nosso conhecimento, mas tamb\u00e9m nos ajuda a tomar decis\u00f5es informadas para garantir um futuro seguro para as gera\u00e7\u00f5es futuras.<\/p>\n\n\n\n<p class=\"has-background has-medium-font-size\" style=\"background-color:#bd8989\"><strong>QUEST\u00c3O 1<\/strong><\/p>\n\n\n\n<p class=\"has-medium-font-size\">O planeta Terra \u00e9 constitu\u00eddo por cinco camadas. No seu centro, h\u00e1 o (a), com altas temperaturas e estado s\u00f3lido devido \u00e0 sua alta press\u00e3o. Acima dele, o (b) possui caracter\u00edsticas semelhantes, mas est\u00e1 em estado l\u00edquido e apresenta caracter\u00edsticas magn\u00e9ticas.<\/p>\n\n\n\n<p class=\"has-medium-font-size\">Podemos substituir, respectivamente, as letras (a) e (b) por<\/p>\n\n\n\n<p class=\"has-medium-font-size\">(A) n\u00facleo externo e manto superior.<\/p>\n\n\n\n<p class=\"has-medium-font-size\">(B) n\u00facleo interno e n\u00facleo externo.<\/p>\n\n\n\n<p class=\"has-medium-font-size\">(C) n\u00facleo externo e n\u00facleo interno.<\/p>\n\n\n\n<p class=\"has-medium-font-size\">(D) n\u00facleo inferior e manto interno.<\/p>\n\n\n\n<p class=\"has-background has-medium-font-size\" style=\"background-color:#bd8989\"><strong>QUEST\u00c3O 2<\/strong><\/p>\n\n\n\n<p class=\"has-medium-font-size\">Os continentes terrestres est\u00e3o situados em grandes placas chamadas placas tect\u00f4nicas, ou litosf\u00e9ricas. Elas se movem, aproximando entre si, afastando ou deslizando. Essas placas s\u00e3o formadas por camadas terrestres, que s\u00e3o<\/p>\n\n\n\n<p class=\"has-medium-font-size\">(A) crosta terrestre e manto inferior.<\/p>\n\n\n\n<p class=\"has-medium-font-size\">(B) crosta terrestre e manto superior.<\/p>\n\n\n\n<p class=\"has-medium-font-size\">(C) n\u00facleo externo e crosta terrestre.<\/p>\n\n\n\n<p class=\"has-medium-font-size\">(D) manto externo e n\u00facleo interno.<\/p>\n\n\n\n<p class=\"has-background has-medium-font-size\" style=\"background-color:#bd8989\"><strong>QUEST\u00c3O 3<\/strong><\/p>\n\n\n\n<p class=\"has-medium-font-size\">Leia com aten\u00e7\u00e3o o texto a seguir, baseado no artigo do professor Carlos Alberto dos Santos, para a revista Ci\u00eancia Hoje:<\/p>\n\n\n\n<figure class=\"wp-block-image size-full\"><img decoding=\"async\" width=\"750\" height=\"377\" src=\"https:\/\/sme.goiania.go.gov.br\/conexaoescola\/wp-content\/uploads\/2023\/09\/Atmosfera-1-e1696014996146.png\" alt=\"\" class=\"wp-image-170743\" srcset=\"https:\/\/sme.goiania.go.gov.br\/conexaoescola\/wp-content\/uploads\/2023\/09\/Atmosfera-1-e1696014996146.png 750w, https:\/\/sme.goiania.go.gov.br\/conexaoescola\/wp-content\/uploads\/2023\/09\/Atmosfera-1-e1696014996146-300x151.png 300w\" sizes=\"(max-width: 750px) 100vw, 750px\" \/><\/figure>\n\n\n\n<p class=\"has-medium-font-size\">Agora, julgue as alternativas a seguir<\/p>\n\n\n\n<p class=\"has-medium-font-size\">I. O texto aborda sobre a ionosfera.<br>II. Essa regi\u00e3o fica entre a termosfera e a mesosfera.<br>III. \u00c9 no espa\u00e7o sideral que est\u00e1 a regi\u00e3o descrita no texto.<\/p>\n\n\n\n<p class=\"has-medium-font-size\">Sobre essas alternativas, podemos considerar que<\/p>\n\n\n\n<p class=\"has-medium-font-size\">(A) I e II est\u00e3o corretas.<\/p>\n\n\n\n<p class=\"has-medium-font-size\">(B) II e III est\u00e3o corretas.<\/p>\n\n\n\n<p class=\"has-medium-font-size\">(C) I e III est\u00e3o corretas.<\/p>\n\n\n\n<p class=\"has-medium-font-size\">(D) nenhuma delas est\u00e1 correta.<\/p>\n\n\n\n<p class=\"has-background has-medium-font-size\" style=\"background-color:#bd8989\"><strong>QUEST\u00c3O 4<\/strong><\/p>\n\n\n\n<p class=\"has-medium-font-size\">A imagem abaixo representa o nosso planeta Terra, habitado<\/p>\n\n\n<div class=\"wp-block-image\">\n<figure class=\"aligncenter size-large is-resized\"><img decoding=\"async\" src=\"https:\/\/sme.goiania.go.gov.br\/conexaoescola\/wp-content\/uploads\/2023\/09\/CONSTITUICAO-INTERNA-E-EXTERNA-DA-TERRA-1-1020x1024.png\" alt=\"\" class=\"wp-image-170745\" width=\"510\" height=\"512\" srcset=\"https:\/\/sme.goiania.go.gov.br\/conexaoescola\/wp-content\/uploads\/2023\/09\/CONSTITUICAO-INTERNA-E-EXTERNA-DA-TERRA-1-1020x1024.png 1020w, https:\/\/sme.goiania.go.gov.br\/conexaoescola\/wp-content\/uploads\/2023\/09\/CONSTITUICAO-INTERNA-E-EXTERNA-DA-TERRA-1-300x300.png 300w, https:\/\/sme.goiania.go.gov.br\/conexaoescola\/wp-content\/uploads\/2023\/09\/CONSTITUICAO-INTERNA-E-EXTERNA-DA-TERRA-1-150x150.png 150w, https:\/\/sme.goiania.go.gov.br\/conexaoescola\/wp-content\/uploads\/2023\/09\/CONSTITUICAO-INTERNA-E-EXTERNA-DA-TERRA-1-768x771.png 768w, https:\/\/sme.goiania.go.gov.br\/conexaoescola\/wp-content\/uploads\/2023\/09\/CONSTITUICAO-INTERNA-E-EXTERNA-DA-TERRA-1.png 1076w\" sizes=\"(max-width: 510px) 100vw, 510px\" \/><figcaption class=\"wp-element-caption\"><strong>Fonte: <\/strong>RAMOS, GIUSEPPE. Global planet with architecture buildings and houses. Canva. Download em 29\/09\/2023.<\/figcaption><\/figure><\/div>\n\n\n<p class=\"has-medium-font-size\">\u00c9 correto afirmar que vivemos nas seguintes regi\u00f5es da Terra e de sua atmosfera:<\/p>\n\n\n\n<p class=\"has-medium-font-size\">(A) n\u00facleo externo e termosfera.<\/p>\n\n\n\n<p class=\"has-medium-font-size\">(B) n\u00facleo interno e exosfera.<\/p>\n\n\n\n<p class=\"has-medium-font-size\">(C) crosta terrestre e troposfera.<\/p>\n\n\n\n<p class=\"has-medium-font-size\">(D) crosta terrestre e estratosfera.<\/p>\n\n\n\n<hr class=\"wp-block-separator has-alpha-channel-opacity\"\/>\n\n\n\n<figure class=\"wp-block-table is-style-stripes\"><table><tbody><tr><td><strong>Autoria<\/strong><\/td><td>Mariana Araguaia<\/td><\/tr><tr><td><strong>Forma\u00e7\u00e3o<\/strong><\/td><td>Ci\u00eancias Biol\u00f3gicas<\/td><\/tr><tr><td><strong>Componentes Curriculares<\/strong><\/td><td>Ci\u00eancias da Natureza<\/td><\/tr><tr><td><strong>Objetivos de Aprendizagem e Desenvolvimento<\/strong><\/td><td>(EJACI0420) Conhecer a constitui\u00e7\u00e3o interna da Terra e identificar as camadas da atmosfera.<\/td><\/tr><tr><td><strong>Refer\u00eancias<\/strong><\/td><td>CARNEVALLE, Ma\u00edra Rosa. Ararib\u00e1 Mais Ci\u00eancias: 6\u00ba ano. 1. ed. S\u00e3o Paulo: Moderna, 2018.<br><br>GOI\u00c2NIA. Documento Curricular para a Rede Municipal de Goi\u00e2nia &#8211; EJA. Secretaria Municipal de Educa\u00e7\u00e3o e Esporte de Goi\u00e2nia, 2023. 235p. Dispon\u00edvel em <a href=\"https:\/\/sme.goiania.go.gov.br\/site\/index.php\/institucional\/documentos-oficiais-2\/category\/24-eja?download=425:documento-curricular-para-a-rme-de-goiania-eja&amp;gt>&#8220;>https:\/\/sme.goiania.go.gov.br\/site\/index.php\/institucional\/documentos-oficiais-2\/category\/24-eja?download=425:documento-curricular-para-a-rme-de-goiania-eja&amp;gt&amp;gt;<\/a>&gt;. Acesso em 20\/09\/2023.<br><br>HIRANAKA. R. A. B.; HORTENCIO, T. M. A. Inspire Ci\u00eancias: 8\u00ba ano: ensino fundamental: anos finais. 1. ed. S\u00e3o Paulo: FTD, 2018. 256 p.<br><br>SANTOS, Carlos Alberto. Ionosfera: mocinha e vil\u00e3 das comunica\u00e7\u00f5es. Ci\u00eancia Hoje. Dispon\u00edvel em &lt;<a href=\"https:\/\/cienciahoje.org.br\/coluna\/ionosfera-mocinha-e-vila-das-comunicacoes\">https:\/\/cienciahoje.org.br\/coluna\/ionosfera-mocinha-e-vila-das-comunicacoes<\/a>&gt;. Acesso em 29\/09\/2023.<\/td><\/tr><\/tbody><\/table><\/figure>\n","protected":false},"author":44,"featured_media":170687,"template":"","meta":{"_acf_changed":false,"ocean_post_layout":"","ocean_both_sidebars_style":"","ocean_both_sidebars_content_width":0,"ocean_both_sidebars_sidebars_width":0,"ocean_sidebar":"","ocean_second_sidebar":"","ocean_disable_margins":"enable","ocean_add_body_class":"","ocean_shortcode_before_top_bar":"","ocean_shortcode_after_top_bar":"","ocean_shortcode_before_header":"","ocean_shortcode_after_header":"","ocean_has_shortcode":"","ocean_shortcode_after_title":"","ocean_shortcode_before_footer_widgets":"","ocean_shortcode_after_footer_widgets":"","ocean_shortcode_before_footer_bottom":"","ocean_shortcode_after_footer_bottom":"","ocean_display_top_bar":"default","ocean_display_header":"default","ocean_header_style":"","ocean_center_header_left_menu":"","ocean_custom_header_template":"","ocean_custom_logo":0,"ocean_custom_retina_logo":0,"ocean_custom_logo_max_width":0,"ocean_custom_logo_tablet_max_width":0,"ocean_custom_logo_mobile_max_width":0,"ocean_custom_logo_max_height":0,"ocean_custom_logo_tablet_max_height":0,"ocean_custom_logo_mobile_max_height":0,"ocean_header_custom_menu":"","ocean_menu_typo_font_family":"","ocean_menu_typo_font_subset":"","ocean_menu_typo_font_size":0,"ocean_menu_typo_font_size_tablet":0,"ocean_menu_typo_font_size_mobile":0,"ocean_menu_typo_font_size_unit":"px","ocean_menu_typo_font_weight":"","ocean_menu_typo_font_weight_tablet":"","ocean_menu_typo_font_weight_mobile":"","ocean_menu_typo_transform":"","ocean_menu_typo_transform_tablet":"","ocean_menu_typo_transform_mobile":"","ocean_menu_typo_line_height":0,"ocean_menu_typo_line_height_tablet":0,"ocean_menu_typo_line_height_mobile":0,"ocean_menu_typo_line_height_unit":"","ocean_menu_typo_spacing":0,"ocean_menu_typo_spacing_tablet":0,"ocean_menu_typo_spacing_mobile":0,"ocean_menu_typo_spacing_unit":"","ocean_menu_link_color":"","ocean_menu_link_color_hover":"","ocean_menu_link_color_active":"","ocean_menu_link_background":"","ocean_menu_link_hover_background":"","ocean_menu_link_active_background":"","ocean_menu_social_links_bg":"","ocean_menu_social_hover_links_bg":"","ocean_menu_social_links_color":"","ocean_menu_social_hover_links_color":"","ocean_disable_title":"default","ocean_disable_heading":"default","ocean_post_title":"","ocean_post_subheading":"","ocean_post_title_style":"","ocean_post_title_background_color":"","ocean_post_title_background":0,"ocean_post_title_bg_image_position":"","ocean_post_title_bg_image_attachment":"","ocean_post_title_bg_image_repeat":"","ocean_post_title_bg_image_size":"","ocean_post_title_height":0,"ocean_post_title_bg_overlay":0.5,"ocean_post_title_bg_overlay_color":"","ocean_disable_breadcrumbs":"default","ocean_breadcrumbs_color":"","ocean_breadcrumbs_separator_color":"","ocean_breadcrumbs_links_color":"","ocean_breadcrumbs_links_hover_color":"","ocean_display_footer_widgets":"default","ocean_display_footer_bottom":"default","ocean_custom_footer_template":""},"eaja_categoria":[104],"serie":[74],"eaja_componente":[82],"class_list":["post-170683","eaja","type-eaja","status-publish","has-post-thumbnail","hentry","eaja_categoria-2o-segmento-5a-e-6a-serie","serie-5a-serie","eaja_componente-ciencias-da-natureza","entry","has-media"],"acf":[],"_links":{"self":[{"href":"https:\/\/sme.goiania.go.gov.br\/conexaoescola\/wp-json\/wp\/v2\/eaja\/170683","targetHints":{"allow":["GET"]}}],"collection":[{"href":"https:\/\/sme.goiania.go.gov.br\/conexaoescola\/wp-json\/wp\/v2\/eaja"}],"about":[{"href":"https:\/\/sme.goiania.go.gov.br\/conexaoescola\/wp-json\/wp\/v2\/types\/eaja"}],"author":[{"embeddable":true,"href":"https:\/\/sme.goiania.go.gov.br\/conexaoescola\/wp-json\/wp\/v2\/users\/44"}],"wp:featuredmedia":[{"embeddable":true,"href":"https:\/\/sme.goiania.go.gov.br\/conexaoescola\/wp-json\/wp\/v2\/media\/170687"}],"wp:attachment":[{"href":"https:\/\/sme.goiania.go.gov.br\/conexaoescola\/wp-json\/wp\/v2\/media?parent=170683"}],"wp:term":[{"taxonomy":"eaja_categoria","embeddable":true,"href":"https:\/\/sme.goiania.go.gov.br\/conexaoescola\/wp-json\/wp\/v2\/eaja_categoria?post=170683"},{"taxonomy":"serie","embeddable":true,"href":"https:\/\/sme.goiania.go.gov.br\/conexaoescola\/wp-json\/wp\/v2\/serie?post=170683"},{"taxonomy":"eaja_componente","embeddable":true,"href":"https:\/\/sme.goiania.go.gov.br\/conexaoescola\/wp-json\/wp\/v2\/eaja_componente?post=170683"}],"curies":[{"name":"wp","href":"https:\/\/api.w.org\/{rel}","templated":true}]}}