{"id":169445,"date":"2023-09-06T18:40:38","date_gmt":"2023-09-06T21:40:38","guid":{"rendered":"https:\/\/sme.goiania.go.gov.br\/conexaoescola\/?post_type=eaja&#038;p=169445"},"modified":"2024-03-29T13:27:28","modified_gmt":"2024-03-29T16:27:28","slug":"matematica-as-unidades-de-medidas","status":"publish","type":"eaja","link":"https:\/\/sme.goiania.go.gov.br\/conexaoescola\/eaja\/matematica-as-unidades-de-medidas\/","title":{"rendered":"Matem\u00e1tica &#8211; As unidades de medidas"},"content":{"rendered":"\n<p class=\"has-text-align-center has-white-background-color has-background has-medium-font-size\"><strong><strong>Esta proposta de atividade de Matem\u00e1tica \u00e9 destinada aos estudantes do 4\u00ba Per\u00edodo&nbsp;(5\u00aa s\u00e9rie)&nbsp;da Educa\u00e7\u00e3o de Jovens e Adultos \u2013 EJA.<\/strong><\/strong><\/p>\n\n\n\n<div class=\"wp-block-buttons alignwide is-content-justification-center is-layout-flex wp-container-core-buttons-is-layout-16018d1d wp-block-buttons-is-layout-flex\">\n<div class=\"wp-block-button has-custom-font-size has-small-font-size\"><a class=\"wp-block-button__link wp-element-button\" href=\"https:\/\/drive.google.com\/uc?export=douwnload&amp;id=1mjpIsNQxlqBMiftHxJ4WXgBDPTRaA5Hr\" target=\"_blank\" rel=\"noreferrer noopener\">BAIXE A ATIVIDADE<\/a><\/div>\n\n\n\n<div class=\"wp-block-button has-custom-font-size has-small-font-size\"><a class=\"wp-block-button__link wp-element-button\" href=\"https:\/\/drive.google.com\/uc?export=douwnload&amp;id=1MnRPiATa2NL2vC1_YbzrFRepp1S6fk_R\" target=\"_blank\" rel=\"noreferrer noopener\">BAIXE OS SLIDES<\/a><\/div>\n\n\n\n<div class=\"wp-block-button has-custom-font-size has-small-font-size\"><a class=\"wp-block-button__link wp-element-button\" href=\"https:\/\/drive.google.com\/uc?export=douwnload&amp;id=1psGUQ1M89VCbnUtoNnylKLehPgED5XRR\" target=\"_blank\" rel=\"noreferrer noopener\">BAIXE O TEXTO<\/a><\/div>\n<\/div>\n\n\n\n<div class=\"wp-block-media-text is-stacked-on-mobile\" style=\"grid-template-columns:33% auto\"><figure class=\"wp-block-media-text__media\"><img decoding=\"async\" width=\"253\" height=\"174\" src=\"https:\/\/sme.goiania.go.gov.br\/conexaoescola\/wp-content\/uploads\/2023\/09\/1-2.png\" alt=\"\" class=\"wp-image-169447 size-full\"\/><\/figure><div class=\"wp-block-media-text__content\">\n<p class=\"has-vivid-red-color has-text-color has-medium-font-size\"><strong>Unidades de Medidas<\/strong><\/p>\n\n\n\n<p class=\"has-vivid-red-color has-text-color has-medium-font-size\"><strong>O que s\u00e3o e para que servem?<\/strong><\/p>\n\n\n\n<p class=\"has-medium-font-size\">Unidades de medidas s\u00e3o <strong>s\u00edmbolos<\/strong> que servem para <strong>quantificar as diferentes grandezas<\/strong>, como comprimento, peso, volume, tempo entre outras.<\/p>\n\n\n\n<p class=\"has-small-font-size\">Imagem: canva.com\/fitam\u00e9trica_<a href=\"https:\/\/l1nk.dev\/Q2njd\">https:\/\/l1nk.dev\/Q2njd<\/a><\/p>\n<\/div><\/div>\n\n\n\n<p class=\"has-medium-font-size\"><strong>Alguns exemplos:<\/strong><\/p>\n\n\n\n<ul class=\"wp-block-list\">\n<li class=\"has-medium-font-size\">O <strong>metro<\/strong> \u00e9 uma unidade de medida comum para comprimento;<\/li>\n\n\n\n<li class=\"has-medium-font-size\">O <strong>quilograma<\/strong> \u00e9 usado para quantificar a quantidade de mat\u00e9ria (\u201cpeso\u201d);<\/li>\n\n\n\n<li class=\"has-medium-font-size\">O <strong>litro<\/strong> \u00e9 empregado para medir a capacidade de um objeto tridimensional.<\/li>\n<\/ul>\n\n\n\n<p class=\"has-medium-font-size\">Neste texto abordaremos as unidades de medidas de comprimento, massa e capacidade\/volume.<\/p>\n\n\n\n<p class=\"has-vivid-red-color has-text-color has-medium-font-size\"><strong>Unidades de Medidas de Comprimento<\/strong><\/p>\n\n\n\n<p class=\"has-medium-font-size\">S\u00e3o aquelas que se usa para medir dist\u00e2ncias e tamanhos de objetos.&nbsp;<\/p>\n\n\n\n<p class=\"has-medium-font-size\"><strong>As principais s\u00e3o<\/strong>: metro (m), cent\u00edmetro (cm), mil\u00edmetro (mm) e quil\u00f4metro (km).<\/p>\n\n\n\n<p class=\"has-vivid-red-color has-text-color has-medium-font-size\"><strong>Rela\u00e7\u00f5es entre elas<\/strong><\/p>\n\n\n\n<ul class=\"wp-block-list\">\n<li class=\"has-medium-font-size\">1 metro equivale a 100 cm.<\/li>\n\n\n\n<li class=\"has-medium-font-size\">1 cent\u00edmetro equivale a 10 mm.<\/li>\n\n\n\n<li class=\"has-medium-font-size\">1 quil\u00f4metro equivale a 1000m.<\/li>\n<\/ul>\n\n\n\n<p class=\"has-vivid-red-color has-text-color has-medium-font-size\"><strong>Unidades de Massa (Peso)<\/strong><\/p>\n\n\n\n<p class=\"has-medium-font-size\">S\u00e3o as unidades usadas para medir a quantidade de mat\u00e9ria (peso) de um objeto.&nbsp;<\/p>\n\n\n\n<p class=\"has-medium-font-size\"><strong>As principais s\u00e3o<\/strong>: quilograma (kg), grama (g), miligrama (mg) e tonelada (t)<\/p>\n\n\n\n<p class=\"has-vivid-red-color has-text-color has-medium-font-size\"><strong>Rela\u00e7\u00f5es entre elas<\/strong><\/p>\n\n\n\n<ul class=\"wp-block-list\">\n<li class=\"has-medium-font-size\">1 quilograma equivale a 1000 gramas.<\/li>\n\n\n\n<li class=\"has-medium-font-size\">1 grama equivale a 1000 miligramas.<\/li>\n\n\n\n<li class=\"has-medium-font-size\">1 tonelada equivale a 1000 quilogramas.<\/li>\n<\/ul>\n\n\n\n<p class=\"has-vivid-red-color has-text-color has-medium-font-size\"><strong>Unidades de capacidade e volume<\/strong><\/p>\n\n\n\n<p class=\"has-medium-font-size\">A <strong>capacidade<\/strong> \u00e9 a quantidade m\u00e1xima de <strong>l\u00edquido<\/strong> que um recipiente pode conter e o <strong>volume<\/strong> se refere ao <strong>espa\u00e7o<\/strong> tridimensional que o l\u00edquido ocupa. As mais utilizadas s\u00e3o:&nbsp;<\/p>\n\n\n\n<ul class=\"wp-block-list\">\n<li class=\"has-medium-font-size\"><strong>De capacidade<\/strong>: litro (L) e&nbsp; mililitro (mL),&nbsp;<\/li>\n\n\n\n<li class=\"has-medium-font-size\"><strong>De volume<\/strong>: cent\u00edmetros c\u00fabicos (cm<sup>3<\/sup> ) e metros c\u00fabicos (m<sup>3<\/sup> ).<\/li>\n<\/ul>\n\n\n\n<p class=\"has-vivid-red-color has-text-color has-medium-font-size\"><strong>Rela\u00e7\u00e3o entre elas<\/strong><\/p>\n\n\n\n<ul class=\"wp-block-list\">\n<li class=\"has-medium-font-size\">1 metro c\u00fabico equivale a 1000 litros.<\/li>\n\n\n\n<li class=\"has-medium-font-size\">1 cent\u00edmetro c\u00fabico equivale a 1 mililitro.<\/li>\n\n\n\n<li class=\"has-medium-font-size\">1 litro equivale a 1000 mL.<\/li>\n<\/ul>\n\n\n\n<p class=\"has-vivid-red-color has-text-color has-medium-font-size\"><strong>Uma situa\u00e7\u00e3o problema<\/strong><\/p>\n\n\n\n<p class=\"has-medium-font-size\">Julia est\u00e1 comprando uma bancada para a sua cozinha e as dimens\u00f5es (largura e comprimento) s\u00e3o dadas em metros, mas ela deseja saber as dimens\u00f5es da bancada em cent\u00edmetros que vai facilitar a escolha de acess\u00f3rios e utens\u00edlios de cozinha. A bancada \u00e9 especificada como tendo um comprimento de 2,5 metros e uma largura de 0,9 metros.. Ajude Julia a resolver esse problema.<\/p>\n\n\n\n<p class=\"has-medium-font-size\">Sabemos que 1 metro equivale a 100 cent\u00edmetros, logo:<\/p>\n\n\n\n<p class=\"has-medium-font-size\">Largura = 0,9 x 100 = 90,0 cm.<\/p>\n\n\n\n<p class=\"has-medium-font-size\">Comprimento = 2,5 x 100 = 250,0 cm.<\/p>\n\n\n\n<p class=\"has-medium-font-size\">Portanto, o comprimento da bancada \u00e9 de 250 cent\u00edmetros e a largura \u00e9 de 90 cm.<\/p>\n\n\n\n<p class=\"has-vivid-red-color has-text-color has-medium-font-size\"><strong>Outra situa\u00e7\u00e3o problema<\/strong><\/p>\n\n\n\n<p class=\"has-medium-font-size\">Uma piscina retangular tem dimens\u00f5es de 10 metros de comprimento, 5 metros de largura e 1,5 metros de profundidade. Qual \u00e9 o volume total da piscina em litros? (1 metro c\u00fabico = 1000 litros).<\/p>\n\n\n\n<p class=\"has-medium-font-size\">O volume dessa piscina \u00e9 dado pelo produto do comprimento, da largura e da profundidade.<\/p>\n\n\n\n<p class=\"has-medium-font-size\">Volume = 10 x 5 x 1,5 = 75 metros c\u00fabicos.<\/p>\n\n\n\n<p class=\"has-medium-font-size\">Como 1 metro c\u00fabico equivale a 1000 litros, podemos afirmar que essa piscina possui 75 mil litros de \u00e1gua.<\/p>\n\n\n\n<p class=\"has-medium-font-size\">Ficamos por aqui, at\u00e9 o pr\u00f3ximo.<\/p>\n\n\n\n<p class=\"has-background has-medium-font-size\" style=\"background-color:#e79f9f\"><strong>Quest\u00e3o 01<\/strong><\/p>\n\n\n\n<p class=\"has-medium-font-size\">Pedro est\u00e1 organizando um churrasco e planeja comprar 3 quilogramas de carne. Quando ele chegou \u00e0 loja, o a\u00e7ougueiro colocou a carne em uma balan\u00e7a e o mostrador registrou 3.500 gramas. A quantidade de carne que Pedro comprou, em quilogramas, foi<\/p>\n\n\n\n<p class=\"has-medium-font-size\">(A) 0,03 kg&nbsp;<\/p>\n\n\n\n<p class=\"has-medium-font-size\">(B) 0,3 kg&nbsp;<\/p>\n\n\n\n<p class=\"has-medium-font-size\">(C) 3 kg&nbsp;<\/p>\n\n\n\n<p class=\"has-medium-font-size\">(D) 3,5 kg<\/p>\n\n\n\n<p class=\"has-background has-medium-font-size\" style=\"background-color:#e79f9f\"><strong>Quest\u00e3o 02<\/strong><\/p>\n\n\n\n<p class=\"has-medium-font-size\">Carlos foi participar de uma atividade f\u00edsica no parque. Como ele precisa se hidratar, comprou um garraf\u00e3o de \u00e1gua mineral com capacidade de 5 litros. Sabendo que ele bebeu 1,5 litros de \u00e1gua pela manh\u00e3 e 750 ml \u00e0 tarde, podemos afirmar que, a quantidade de \u00e1gua que ainda resta no garraf\u00e3o \u00e9 de<\/p>\n\n\n\n<p class=\"has-medium-font-size\">(A) 2,75 litros&nbsp;<\/p>\n\n\n\n<p class=\"has-medium-font-size\">(B) 2,5 litros&nbsp;<\/p>\n\n\n\n<p class=\"has-medium-font-size\">(C) 3,25 litros&nbsp;<\/p>\n\n\n\n<p class=\"has-medium-font-size\">(D) 3,5 litros<\/p>\n\n\n\n<p class=\"has-background has-medium-font-size\" style=\"background-color:#e79f9f\"><strong>Quest\u00e3o 03<\/strong><\/p>\n\n\n\n<p class=\"has-medium-font-size\">O chacareiro Pedro produz leite fresco e todos os dias ele precisa encher garrafas de leite para entregar em uma feira pr\u00f3xima \u00e0 ch\u00e1cara. Se Pedro tem garrafas de leite com 500mL cada.&nbsp;<\/p>\n\n\n\n<p class=\"has-medium-font-size\">A) Quantas garrafas ele precisa encher para transportar 25 litros de leite?&nbsp;<\/p>\n\n\n\n<p class=\"has-medium-font-size\">B) Se ele encher 20 garrafas de leite para entrega, quantos litros ele precisar\u00e1 retirar do tanque de armazenamento da ch\u00e1cara?<\/p>\n\n\n\n<p class=\"has-background has-medium-font-size\" style=\"background-color:#e79f9f\"><strong>Quest\u00e3o 04<\/strong><\/p>\n\n\n\n<p class=\"has-medium-font-size\">Pedro est\u00e1 usando uma r\u00e9gua para medir o comprimento de um livro. A r\u00e9gua tem 30 cent\u00edmetros de comprimento.<\/p>\n\n\n\n<p class=\"has-medium-font-size\">A) Quantos metros s\u00e3o equivalentes a 30 cent\u00edmetros?&nbsp;<\/p>\n\n\n\n<p class=\"has-medium-font-size\">B) Se o livro tem 25 cent\u00edmetros de comprimento, quantos mil\u00edmetros faltam para a r\u00e9gua cobrir todo o comprimento do livro?<\/p>\n\n\n\n<p class=\"has-pale-pink-background-color has-background has-medium-font-size\"><strong>Saiba mais<\/strong><\/p>\n\n\n\n<p class=\"has-medium-font-size\">Assista aos v\u00eddeos no canal do Prof. H\u00e9lio para saber um pouco mais sobre medidas de capacidade.<\/p>\n\n\n\n<figure class=\"wp-block-embed is-type-video is-provider-youtube wp-block-embed-youtube wp-embed-aspect-16-9 wp-has-aspect-ratio\"><div class=\"wp-block-embed__wrapper\">\n<p class=\"responsive-video-wrap clr\"><iframe title=\"Medidas de Capacidade: Quantos litros tem uma caixa d&#039;\u00e1gua de 1 metro c\u00fabico.\" width=\"1200\" height=\"675\" src=\"https:\/\/www.youtube.com\/embed\/Ij2qDKLkabw?start=31&#038;feature=oembed\" frameborder=\"0\" allow=\"accelerometer; autoplay; clipboard-write; encrypted-media; gyroscope; picture-in-picture; web-share\" referrerpolicy=\"strict-origin-when-cross-origin\" allowfullscreen><\/iframe><\/p>\n<\/div><figcaption class=\"wp-element-caption\">Canal do prof. H\u00e9lio &lt;YouTube&gt;<\/figcaption><\/figure>\n\n\n\n<figure class=\"wp-block-table is-style-stripes\"><table><tbody><tr><td>Autoria<\/td><td>Professor H\u00e9lio Roberto da Rocha, Mestre em matem\u00e1tica<\/td><\/tr><tr><td>Componente Curricular:<\/td><td>Matem\u00e1tica<\/td><\/tr><tr><td>Objetivos de Aprendizagem e Desenvolvimento:<\/td><td>(EJAMA0428) Identificar e relacionar as unidades de medida de mesma natureza, utilizando-as na resolu\u00e7\u00e3o de situa\u00e7\u00f5es-problema de seu cotidiano.<\/td><\/tr><tr><td>Refer\u00eancias<\/td><td>SOUZA, Joamir Roberto de: Matem\u00e1tica realidade &amp; tecnologia: 6\u00ba ano: ensino fundamental: anos finais \/ Joamir Roberto de Souza. \u2013 1. ed. \u2013 S\u00e3o Paulo: FTD, 2018.<br>GIOVANNI J\u00daNIOR, Jos\u00e9 Ruy &#8211; A conquista da matem\u00e1tica: 6\u00b0 ano: ensino fundamental: anos finais \/ Jos\u00e9 Ruy Giovanni J\u00fanior, Benedicto Castrucci. \u2014 4. ed. \u2014 S\u00e3o Paulo: FTD, 2018.<br>PATARO, Patricia Moreno Matem\u00e1tica essencial 6\u00b0 ano: ensino fundamental, anos finais \/ Patricia Moreno Pataro, Rodrigo Balestri. &#8211; 1. ed. &#8211; S\u00e3o Paulo: Scipione, 2018.<br><\/td><\/tr><\/tbody><\/table><\/figure>\n","protected":false},"author":47,"featured_media":169447,"template":"","meta":{"_acf_changed":false,"ocean_post_layout":"","ocean_both_sidebars_style":"","ocean_both_sidebars_content_width":0,"ocean_both_sidebars_sidebars_width":0,"ocean_sidebar":"","ocean_second_sidebar":"","ocean_disable_margins":"enable","ocean_add_body_class":"","ocean_shortcode_before_top_bar":"","ocean_shortcode_after_top_bar":"","ocean_shortcode_before_header":"","ocean_shortcode_after_header":"","ocean_has_shortcode":"","ocean_shortcode_after_title":"","ocean_shortcode_before_footer_widgets":"","ocean_shortcode_after_footer_widgets":"","ocean_shortcode_before_footer_bottom":"","ocean_shortcode_after_footer_bottom":"","ocean_display_top_bar":"default","ocean_display_header":"default","ocean_header_style":"","ocean_center_header_left_menu":"","ocean_custom_header_template":"","ocean_custom_logo":0,"ocean_custom_retina_logo":0,"ocean_custom_logo_max_width":0,"ocean_custom_logo_tablet_max_width":0,"ocean_custom_logo_mobile_max_width":0,"ocean_custom_logo_max_height":0,"ocean_custom_logo_tablet_max_height":0,"ocean_custom_logo_mobile_max_height":0,"ocean_header_custom_menu":"","ocean_menu_typo_font_family":"","ocean_menu_typo_font_subset":"","ocean_menu_typo_font_size":0,"ocean_menu_typo_font_size_tablet":0,"ocean_menu_typo_font_size_mobile":0,"ocean_menu_typo_font_size_unit":"px","ocean_menu_typo_font_weight":"","ocean_menu_typo_font_weight_tablet":"","ocean_menu_typo_font_weight_mobile":"","ocean_menu_typo_transform":"","ocean_menu_typo_transform_tablet":"","ocean_menu_typo_transform_mobile":"","ocean_menu_typo_line_height":0,"ocean_menu_typo_line_height_tablet":0,"ocean_menu_typo_line_height_mobile":0,"ocean_menu_typo_line_height_unit":"","ocean_menu_typo_spacing":0,"ocean_menu_typo_spacing_tablet":0,"ocean_menu_typo_spacing_mobile":0,"ocean_menu_typo_spacing_unit":"","ocean_menu_link_color":"","ocean_menu_link_color_hover":"","ocean_menu_link_color_active":"","ocean_menu_link_background":"","ocean_menu_link_hover_background":"","ocean_menu_link_active_background":"","ocean_menu_social_links_bg":"","ocean_menu_social_hover_links_bg":"","ocean_menu_social_links_color":"","ocean_menu_social_hover_links_color":"","ocean_disable_title":"default","ocean_disable_heading":"default","ocean_post_title":"","ocean_post_subheading":"","ocean_post_title_style":"","ocean_post_title_background_color":"","ocean_post_title_background":0,"ocean_post_title_bg_image_position":"","ocean_post_title_bg_image_attachment":"","ocean_post_title_bg_image_repeat":"","ocean_post_title_bg_image_size":"","ocean_post_title_height":0,"ocean_post_title_bg_overlay":0.5,"ocean_post_title_bg_overlay_color":"","ocean_disable_breadcrumbs":"default","ocean_breadcrumbs_color":"","ocean_breadcrumbs_separator_color":"","ocean_breadcrumbs_links_color":"","ocean_breadcrumbs_links_hover_color":"","ocean_display_footer_widgets":"default","ocean_display_footer_bottom":"default","ocean_custom_footer_template":""},"eaja_categoria":[104],"serie":[74],"eaja_componente":[78],"class_list":["post-169445","eaja","type-eaja","status-publish","has-post-thumbnail","hentry","eaja_categoria-2o-segmento-5a-e-6a-serie","serie-5a-serie","eaja_componente-matematica","entry","has-media"],"acf":[],"_links":{"self":[{"href":"https:\/\/sme.goiania.go.gov.br\/conexaoescola\/wp-json\/wp\/v2\/eaja\/169445","targetHints":{"allow":["GET"]}}],"collection":[{"href":"https:\/\/sme.goiania.go.gov.br\/conexaoescola\/wp-json\/wp\/v2\/eaja"}],"about":[{"href":"https:\/\/sme.goiania.go.gov.br\/conexaoescola\/wp-json\/wp\/v2\/types\/eaja"}],"author":[{"embeddable":true,"href":"https:\/\/sme.goiania.go.gov.br\/conexaoescola\/wp-json\/wp\/v2\/users\/47"}],"wp:featuredmedia":[{"embeddable":true,"href":"https:\/\/sme.goiania.go.gov.br\/conexaoescola\/wp-json\/wp\/v2\/media\/169447"}],"wp:attachment":[{"href":"https:\/\/sme.goiania.go.gov.br\/conexaoescola\/wp-json\/wp\/v2\/media?parent=169445"}],"wp:term":[{"taxonomy":"eaja_categoria","embeddable":true,"href":"https:\/\/sme.goiania.go.gov.br\/conexaoescola\/wp-json\/wp\/v2\/eaja_categoria?post=169445"},{"taxonomy":"serie","embeddable":true,"href":"https:\/\/sme.goiania.go.gov.br\/conexaoescola\/wp-json\/wp\/v2\/serie?post=169445"},{"taxonomy":"eaja_componente","embeddable":true,"href":"https:\/\/sme.goiania.go.gov.br\/conexaoescola\/wp-json\/wp\/v2\/eaja_componente?post=169445"}],"curies":[{"name":"wp","href":"https:\/\/api.w.org\/{rel}","templated":true}]}}