{"id":165208,"date":"2023-06-20T13:14:24","date_gmt":"2023-06-20T16:14:24","guid":{"rendered":"https:\/\/sme.goiania.go.gov.br\/conexaoescola\/?post_type=eaja&#038;p=165208"},"modified":"2023-07-20T16:21:25","modified_gmt":"2023-07-20T19:21:25","slug":"educacao-fisica-dancas-indigenas-2","status":"publish","type":"eaja","link":"https:\/\/sme.goiania.go.gov.br\/conexaoescola\/eaja\/educacao-fisica-dancas-indigenas-2\/","title":{"rendered":"Educa\u00e7\u00e3o F\u00edsica: Dan\u00e7as Ind\u00edgenas"},"content":{"rendered":"\n<p class=\"has-text-align-center has-black-color has-light-green-cyan-background-color has-text-color has-background has-medium-font-size\"><strong>Esta proposta de atividade de&nbsp;EDUCA\u00c7\u00c3O F\u00cdSICA&nbsp;\u00e9 destinada aos estudantes do&nbsp;4\u00aa Per\u00edodo da Educa\u00e7\u00e3o de Jovens e Adultos \u2013 EJA.<\/strong><\/p>\n\n\n\n<div class=\"wp-block-buttons is-content-justification-center is-layout-flex wp-container-core-buttons-is-layout-16018d1d wp-block-buttons-is-layout-flex\">\n<div class=\"wp-block-button has-custom-font-size has-small-font-size\"><a class=\"wp-block-button__link has-white-color has-black-background-color has-text-color has-background wp-element-button\" href=\"https:\/\/drive.google.com\/uc?export=download&amp;id=1L1ezoZJQXsI_LafmOsU8jYDB_oh1ibjc\">BAIXE A ATIVIDADE<\/a><\/div>\n\n\n\n<div class=\"wp-block-button has-custom-font-size has-small-font-size\"><a class=\"wp-block-button__link has-white-color has-black-background-color has-text-color has-background wp-element-button\" href=\"https:\/\/drive.google.com\/uc?export=download&amp;id=1GwqmXy_YvRVpT2olV4oAZY2XbmQFvAtm\">BAIXE OS SLIDES<\/a><\/div>\n\n\n\n<div class=\"wp-block-button has-custom-font-size has-small-font-size\"><a class=\"wp-block-button__link has-white-color has-black-background-color has-text-color has-background wp-element-button\" href=\"https:\/\/drive.google.com\/uc?export=download&amp;id=1jH90bXZgTGyyEiwjutAI4NFWpHKLnh0J\">BAIXE O TEXTO<\/a><\/div>\n<\/div>\n\n\n<div class=\"wp-block-image\">\n<figure class=\"aligncenter size-full\"><img decoding=\"async\" src=\"https:\/\/sme.goiania.go.gov.br\/conexaoescola\/wp-content\/uploads\/2023\/06\/Sem-titulo-2-e1687277290337.jpg\" alt=\"\" class=\"wp-image-165209\"\/><figcaption class=\"wp-element-caption\">Fonte: Imagem de <a href=\"https:\/\/br.freepik.com\/vetores-gratis\/ilustracao-de-beleza-etnica-em-aquarela_38882510.htm#query=pintura%20corpo%20indigena&amp;position=4&amp;from_view=search&amp;track=ais\">Freepik<\/a><\/figcaption><\/figure><\/div>\n\n\n<p class=\"has-text-align-center has-x-large-font-size\"><strong>Dan\u00e7as Ind\u00edgenas<\/strong><\/p>\n\n\n\n<p class=\"has-drop-cap has-medium-font-size\">No Brasil, existem diferentes etnias e povos ind\u00edgenas, cada qual com sua cultura e costumes pr\u00f3prios. Contudo, essa diversidade de povos possuem algumas semelhan\u00e7as, como a liga\u00e7\u00e3o com a natureza.<\/p>\n\n\n\n<p class=\"has-medium-font-size\">Assim, quando falamos em dan\u00e7as ind\u00edgenas, n\u00e3o nos referimos a uma \u00fanica etnia nem t\u00e3o pouco a uma \u00fanica forma de dan\u00e7a, mas sim, fazemos refer\u00eancia a um conjunto de dan\u00e7as com caracter\u00edsticas semelhantes e praticadas por diferentes povos ind\u00edgenas.<\/p>\n\n\n\n<p class=\"has-medium-font-size\">As dan\u00e7as ind\u00edgenas s\u00e3o pr\u00e1ticas corporais expressivas muito ligadas a diferentes cerim\u00f4nias, como o casamento; a celebra\u00e7\u00e3o por uma ca\u00e7a, pesca ou colheita; a confraterniza\u00e7\u00e3o entre tribos vizinhas; o luto ou o nascimento etc.<\/p>\n\n\n\n<p class=\"has-medium-font-size\">Nessas dan\u00e7as, os povos ind\u00edgenas, al\u00e9m dos movimentos da dan\u00e7a, realizam outras manifesta\u00e7\u00f5es como a pintura do corpo, fogueiras etc.<\/p>\n\n\n\n<p class=\"has-medium-font-size\">As dan\u00e7as e as cerim\u00f4nias expressam as lendas e as hist\u00f3rias dos seus deuses, com movimentos que formam coreografias em forma de c\u00edrculos ou filas, onde os passos s\u00e3o sincronizados, \u00e0s vezes realizados de forma individual, outras vezes acompanhados.<\/p>\n\n\n\n<p class=\"has-medium-font-size\">Os povos ind\u00edgenas usam diferentes instrumentos de percuss\u00e3o e de sopro e at\u00e9 a pr\u00f3pria voz para marcar o ritmo e sincronizar os passos.<\/p>\n\n\n\n<p class=\"has-medium-font-size\">Entre as diversas dan\u00e7as ind\u00edgenas praticadas no Brasil podemos destacar o tor\u00e9, o kuarup e o cateret\u00ea. Al\u00e9m dessas, que s\u00e3o dan\u00e7as praticadas nas aldeias ind\u00edgenas, existem outras dan\u00e7as que s\u00e3o praticadas em diferentes regi\u00f5es do Brasil, e que surgiram da miscigena\u00e7\u00e3o entre os povos ind\u00edgenas, negros e os europeus, como por exemplo a dan\u00e7a dos bois garantido e caprichoso praticadas na regi\u00e3o norte do pa\u00eds.<\/p>\n\n\n\n<p class=\"has-medium-font-size\">Enfim, as dan\u00e7as ind\u00edgenas expressam n\u00e3o apenas a religiosidade dos diferentes povos ind\u00edgenas do Brasil, mas tamb\u00e9m diferentes aspectos do seu modo de vida e cultura. S\u00e3o manifesta\u00e7\u00f5es culturais que devem ser valorizadas e fazem parte do nosso patrim\u00f4nio hist\u00f3rico cultural.<\/p>\n\n\n\n<p class=\"has-background has-medium-font-size\" style=\"background-color:#92e37d\"><strong>Quest\u00e3o 1<\/strong><\/p>\n\n\n\n<p class=\"has-medium-font-size\">Podemos afirmar que os povos ind\u00edgenas do Brasil<\/p>\n\n\n\n<p class=\"has-medium-font-size\">(A) s\u00e3o todos de uma mesma etnia que se espalhou por todo territ\u00f3rio nacional.<\/p>\n\n\n\n<p class=\"has-medium-font-size\">(B) s\u00e3o etnias diferentes, por\u00e9m com os mesmos costumes.<\/p>\n\n\n\n<p class=\"has-medium-font-size\">(C) s\u00e3o todos da mesma etnia, mas com modos de vida diferentes.<\/p>\n\n\n\n<p class=\"has-medium-font-size\">(D) s\u00e3o de etnias diferentes, cada qual com sua cultura.<\/p>\n\n\n\n<p class=\"has-background has-medium-font-size\" style=\"background-color:#92e37d\"><strong>Quest\u00e3o 2<\/strong><\/p>\n\n\n\n<p class=\"has-medium-font-size\">Apesar de existirem diferentes culturas entre os povos ind\u00edgenas do Brasil, existem tamb\u00e9m certas semelhan\u00e7as quando observamos as dan\u00e7as praticadas por esses povos, como<\/p>\n\n\n\n<p class=\"has-medium-font-size\">(A) a liga\u00e7\u00e3o das dan\u00e7as com diferentes rituais que envolvem a pintura do corpo e o uso de diversos adere\u00e7os.&nbsp;<\/p>\n\n\n\n<p class=\"has-medium-font-size\">(B) o uso de instrumentos musicais modernos e dan\u00e7as entre casais pelo sal\u00e3o.<\/p>\n\n\n\n<p class=\"has-medium-font-size\">(C) as coreografias complexas e passos de dan\u00e7as que exigem muito treino para serem realizados.<\/p>\n\n\n\n<p class=\"has-medium-font-size\">(D) os passos em grupo com movimentos de protesto pelas desigualdades sociais e os preconceitos.<\/p>\n\n\n\n<p class=\"has-background has-medium-font-size\" style=\"background-color:#92e37d\"><strong>Quest\u00e3o 3<\/strong><\/p>\n\n\n\n<p class=\"has-medium-font-size\">As dan\u00e7as s\u00e3o pr\u00e1ticas corporais expressivas que podem transmitir ideias, sentimentos e at\u00e9 mesmo contar hist\u00f3rias atrav\u00e9s dos movimentos do corpo organizados em passos e dentro de um ritmo. O que podemos dizer que as dan\u00e7as e cerim\u00f4nias dos povos ind\u00edgenas expressam?<\/p>\n\n\n\n<p class=\"has-background has-medium-font-size\" style=\"background-color:#92e37d\"><strong>Quest\u00e3o 4<\/strong><\/p>\n\n\n\n<p class=\"has-medium-font-size\">Voc\u00ea acha que a cultura dos povos ind\u00edgenas \u00e9 valorizada atualmente em nossa sociedade? Como os povos ind\u00edgenas deveriam ser tratados na sua opini\u00e3o?<\/p>\n\n\n\n<figure class=\"wp-block-table alignwide is-style-stripes\"><table><tbody><tr><td><strong>Autoria<\/strong><\/td><td>Luciano Alves de Oliveira<\/td><\/tr><tr><td><strong>Forma\u00e7\u00e3o<\/strong><\/td><td>Educa\u00e7\u00e3o F\u00edsica<\/td><\/tr><tr><td><strong>Componente curricular<\/strong><\/td><td>Educa\u00e7\u00e3o F\u00edsica<\/td><\/tr><tr><td><strong>Objetivos de Aprendizagem e Desenvolvimento<\/strong><\/td><td>(EJAEF0424) Identificar, relacionar e discutir sobre as dan\u00e7as folcl\u00f3ricas, africanas, ind\u00edgenas dentre outras, enquanto movimentos de resist\u00eancia.<\/td><\/tr><tr><td><strong>Refer\u00eancias<\/strong><\/td><td>BRASIL. Minist\u00e9rio da Educa\u00e7\u00e3o. Base Nacional Comum Curricular. Bras\u00edlia, 2018.<br>Coletivo de autores. Metodologia do Ensino da Educa\u00e7\u00e3o F\u00edsica. S\u00e3o Paulo: Cortez. 1992<br>Goi\u00e2nia. Documento Curricular Eja &#8211; 2023. Educa\u00e7\u00e3o F\u00edsica. Secretaria Municipal de Educa\u00e7\u00e3o e Esporte. 2023<br>Goi\u00e2nia. Documento Curricular Para a Rede Municipal de Educa\u00e7\u00e3o de Goi\u00e2nia &#8211; EJA. Secretaria Municipal de Educa\u00e7\u00e3o e Esporte. 2023<br>Goi\u00e2nia. Organiza\u00e7\u00e3o Pedag\u00f3gica da EJA &#8211; 2023. Secretaria Municipal de Educa\u00e7\u00e3o e Esporte. 2022<\/td><\/tr><\/tbody><\/table><\/figure>\n","protected":false},"author":48,"featured_media":165209,"template":"","meta":{"_acf_changed":false,"ocean_post_layout":"","ocean_both_sidebars_style":"","ocean_both_sidebars_content_width":0,"ocean_both_sidebars_sidebars_width":0,"ocean_sidebar":"","ocean_second_sidebar":"","ocean_disable_margins":"enable","ocean_add_body_class":"","ocean_shortcode_before_top_bar":"","ocean_shortcode_after_top_bar":"","ocean_shortcode_before_header":"","ocean_shortcode_after_header":"","ocean_has_shortcode":"","ocean_shortcode_after_title":"","ocean_shortcode_before_footer_widgets":"","ocean_shortcode_after_footer_widgets":"","ocean_shortcode_before_footer_bottom":"","ocean_shortcode_after_footer_bottom":"","ocean_display_top_bar":"default","ocean_display_header":"default","ocean_header_style":"","ocean_center_header_left_menu":"","ocean_custom_header_template":"","ocean_custom_logo":0,"ocean_custom_retina_logo":0,"ocean_custom_logo_max_width":0,"ocean_custom_logo_tablet_max_width":0,"ocean_custom_logo_mobile_max_width":0,"ocean_custom_logo_max_height":0,"ocean_custom_logo_tablet_max_height":0,"ocean_custom_logo_mobile_max_height":0,"ocean_header_custom_menu":"","ocean_menu_typo_font_family":"","ocean_menu_typo_font_subset":"","ocean_menu_typo_font_size":0,"ocean_menu_typo_font_size_tablet":0,"ocean_menu_typo_font_size_mobile":0,"ocean_menu_typo_font_size_unit":"px","ocean_menu_typo_font_weight":"","ocean_menu_typo_font_weight_tablet":"","ocean_menu_typo_font_weight_mobile":"","ocean_menu_typo_transform":"","ocean_menu_typo_transform_tablet":"","ocean_menu_typo_transform_mobile":"","ocean_menu_typo_line_height":0,"ocean_menu_typo_line_height_tablet":0,"ocean_menu_typo_line_height_mobile":0,"ocean_menu_typo_line_height_unit":"","ocean_menu_typo_spacing":0,"ocean_menu_typo_spacing_tablet":0,"ocean_menu_typo_spacing_mobile":0,"ocean_menu_typo_spacing_unit":"","ocean_menu_link_color":"","ocean_menu_link_color_hover":"","ocean_menu_link_color_active":"","ocean_menu_link_background":"","ocean_menu_link_hover_background":"","ocean_menu_link_active_background":"","ocean_menu_social_links_bg":"","ocean_menu_social_hover_links_bg":"","ocean_menu_social_links_color":"","ocean_menu_social_hover_links_color":"","ocean_disable_title":"default","ocean_disable_heading":"default","ocean_post_title":"","ocean_post_subheading":"","ocean_post_title_style":"","ocean_post_title_background_color":"","ocean_post_title_background":0,"ocean_post_title_bg_image_position":"","ocean_post_title_bg_image_attachment":"","ocean_post_title_bg_image_repeat":"","ocean_post_title_bg_image_size":"","ocean_post_title_height":0,"ocean_post_title_bg_overlay":0.5,"ocean_post_title_bg_overlay_color":"","ocean_disable_breadcrumbs":"default","ocean_breadcrumbs_color":"","ocean_breadcrumbs_separator_color":"","ocean_breadcrumbs_links_color":"","ocean_breadcrumbs_links_hover_color":"","ocean_display_footer_widgets":"default","ocean_display_footer_bottom":"default","ocean_custom_footer_template":""},"eaja_categoria":[104],"serie":[74],"eaja_componente":[81],"class_list":["post-165208","eaja","type-eaja","status-publish","has-post-thumbnail","hentry","eaja_categoria-2o-segmento-5a-e-6a-serie","serie-5a-serie","eaja_componente-educacao-fisica","entry","has-media"],"acf":[],"_links":{"self":[{"href":"https:\/\/sme.goiania.go.gov.br\/conexaoescola\/wp-json\/wp\/v2\/eaja\/165208","targetHints":{"allow":["GET"]}}],"collection":[{"href":"https:\/\/sme.goiania.go.gov.br\/conexaoescola\/wp-json\/wp\/v2\/eaja"}],"about":[{"href":"https:\/\/sme.goiania.go.gov.br\/conexaoescola\/wp-json\/wp\/v2\/types\/eaja"}],"author":[{"embeddable":true,"href":"https:\/\/sme.goiania.go.gov.br\/conexaoescola\/wp-json\/wp\/v2\/users\/48"}],"wp:featuredmedia":[{"embeddable":true,"href":"https:\/\/sme.goiania.go.gov.br\/conexaoescola\/wp-json\/wp\/v2\/media\/165209"}],"wp:attachment":[{"href":"https:\/\/sme.goiania.go.gov.br\/conexaoescola\/wp-json\/wp\/v2\/media?parent=165208"}],"wp:term":[{"taxonomy":"eaja_categoria","embeddable":true,"href":"https:\/\/sme.goiania.go.gov.br\/conexaoescola\/wp-json\/wp\/v2\/eaja_categoria?post=165208"},{"taxonomy":"serie","embeddable":true,"href":"https:\/\/sme.goiania.go.gov.br\/conexaoescola\/wp-json\/wp\/v2\/serie?post=165208"},{"taxonomy":"eaja_componente","embeddable":true,"href":"https:\/\/sme.goiania.go.gov.br\/conexaoescola\/wp-json\/wp\/v2\/eaja_componente?post=165208"}],"curies":[{"name":"wp","href":"https:\/\/api.w.org\/{rel}","templated":true}]}}