{"id":149428,"date":"2022-09-02T07:00:00","date_gmt":"2022-09-02T10:00:00","guid":{"rendered":"https:\/\/sme.goiania.go.gov.br\/conexaoescola\/?post_type=eaja&#038;p=149428"},"modified":"2022-09-18T17:10:49","modified_gmt":"2022-09-18T20:10:49","slug":"lingua-portuguesa-figuras-de-linguagem-no-texto-publicitario","status":"publish","type":"eaja","link":"https:\/\/sme.goiania.go.gov.br\/conexaoescola\/eaja\/lingua-portuguesa-figuras-de-linguagem-no-texto-publicitario\/","title":{"rendered":"L\u00edngua Portuguesa: Figuras de linguagem no texto publicit\u00e1rio"},"content":{"rendered":"\n<p class=\"has-text-align-center has-background has-medium-font-size\" style=\"background-color:#b17ee0\">Esta proposta de atividade de L\u00edngua Portuguesa e Arte \u00e9 destinada a estudantes da 3\u00aa s\u00e9rie da Educa\u00e7\u00e3o de Jovens e Adultos \u2013 EJA.<\/p>\n\n\n\n<p class=\"has-text-align-center has-medium-font-size\">A <strong>linguagem<\/strong> \u00e9 uma atividade humana. \u00c9 por meio dela que realizamos nosso processo comunicativo, que dialogamos e interagimos com outras pessoas. As <strong>figuras de linguagem ou de estilo, <\/strong>s\u00e3o recursos utilizados para valorizar o texto, fazendo com que a linguagem seja mais significativa e expressiva. As <strong>figuras de<\/strong> <strong>linguagem <\/strong>podem traduzir experi\u00eancias comuns de forma atrativa, original e criativa. Os publicit\u00e1rios usam e abusam desse recurso. Nesta atividade voc\u00ea conhecer\u00e1 algumas figuras de linguagem utilizadas em textos publicit\u00e1rios .<\/p>\n\n\n\n<p class=\"has-text-align-center has-medium-font-size\">Vamos responder algumas quest\u00f5es?<\/p>\n\n\n\n<div class=\"wp-block-image\"><figure class=\"aligncenter size-large is-resized\"><img fetchpriority=\"high\" decoding=\"async\" src=\"https:\/\/sme.goiania.go.gov.br\/conexaoescola\/wp-content\/uploads\/2022\/09\/revista-e1662076900513-1024x576.jpg\" alt=\"\" class=\"wp-image-149439\" width=\"960\" height=\"539\" srcset=\"https:\/\/sme.goiania.go.gov.br\/conexaoescola\/wp-content\/uploads\/2022\/09\/revista-e1662076900513-1024x576.jpg 1024w, https:\/\/sme.goiania.go.gov.br\/conexaoescola\/wp-content\/uploads\/2022\/09\/revista-e1662076900513-300x169.jpg 300w, https:\/\/sme.goiania.go.gov.br\/conexaoescola\/wp-content\/uploads\/2022\/09\/revista-e1662076900513-768x432.jpg 768w, https:\/\/sme.goiania.go.gov.br\/conexaoescola\/wp-content\/uploads\/2022\/09\/revista-e1662076900513-1536x864.jpg 1536w, https:\/\/sme.goiania.go.gov.br\/conexaoescola\/wp-content\/uploads\/2022\/09\/revista-e1662076900513.jpg 1920w\" sizes=\"(max-width: 960px) 100vw, 960px\" \/><figcaption>Fonte: imagem Canva Fotos<\/figcaption><\/figure><\/div>\n\n\n\n<p class=\"has-background has-medium-font-size\" style=\"background-color:#a7fb98\">Quest\u00e3o 1 <\/p>\n\n\n\n<p class=\"has-medium-font-size\">O que \u00e9 poss\u00edvel compreender por meio da leitura do panfleto?<\/p>\n\n\n\n<div class=\"wp-block-image\"><figure class=\"aligncenter size-large is-resized\"><img decoding=\"async\" src=\"https:\/\/sme.goiania.go.gov.br\/conexaoescola\/wp-content\/uploads\/2022\/09\/Sensacional--e1662077766283-724x1024.jpg\" alt=\"\" class=\"wp-image-149441\" width=\"567\" height=\"802\" srcset=\"https:\/\/sme.goiania.go.gov.br\/conexaoescola\/wp-content\/uploads\/2022\/09\/Sensacional--e1662077766283-724x1024.jpg 724w, https:\/\/sme.goiania.go.gov.br\/conexaoescola\/wp-content\/uploads\/2022\/09\/Sensacional--e1662077766283-212x300.jpg 212w, https:\/\/sme.goiania.go.gov.br\/conexaoescola\/wp-content\/uploads\/2022\/09\/Sensacional--e1662077766283-768x1086.jpg 768w, https:\/\/sme.goiania.go.gov.br\/conexaoescola\/wp-content\/uploads\/2022\/09\/Sensacional--e1662077766283-1086x1536.jpg 1086w, https:\/\/sme.goiania.go.gov.br\/conexaoescola\/wp-content\/uploads\/2022\/09\/Sensacional--e1662077766283.jpg 1414w\" sizes=\"(max-width: 567px) 100vw, 567px\" \/><figcaption>Fonte: imagem Canva Panfletos<\/figcaption><\/figure><\/div>\n\n\n\n<p class=\"has-medium-font-size\">Se voc\u00ea  respondeu que o sandu\u00edche \u00e9 muito bom, suculento, saboroso e sentiu desejo de experiment\u00e1-lo, figura de linguagem utilizada foi acertada. Quem criou o panfleto usou a <strong>Hip\u00e9rbole. Esta figura de linguagem tem como caracter\u00edstica o exagero de uma ideia com o objetivo de expressar intensidade e convencer o leitor. <\/strong><\/p>\n\n\n\n<p class=\"has-background has-medium-font-size\" style=\"background-color:#a7fb98\">Quest\u00e3o 2<\/p>\n\n\n\n<p class=\"has-medium-font-size\">No cartaz a seguir foi utilizada a figura de linguagem<strong> Prosopopeia<\/strong> . A prosopopeia ou personifica\u00e7\u00e3o, ocorre <strong>quando se atribui movimento, a\u00e7\u00e3o, fala, sentimento, enfim, caracter\u00edsticas de seres animados a seres inanimados ou imagin\u00e1rios<\/strong>.  Pesquise outras propagandas que utilizam esta figura de linguagem.   <\/p>\n\n\n\n<div class=\"wp-block-image\"><figure class=\"aligncenter size-large is-resized\"><img decoding=\"async\" src=\"https:\/\/sme.goiania.go.gov.br\/conexaoescola\/wp-content\/uploads\/2022\/09\/prosopopeia-1-e1662079398732-724x1024.png\" alt=\"\" class=\"wp-image-149442\" width=\"506\" height=\"716\" srcset=\"https:\/\/sme.goiania.go.gov.br\/conexaoescola\/wp-content\/uploads\/2022\/09\/prosopopeia-1-e1662079398732-724x1024.png 724w, https:\/\/sme.goiania.go.gov.br\/conexaoescola\/wp-content\/uploads\/2022\/09\/prosopopeia-1-e1662079398732-212x300.png 212w, https:\/\/sme.goiania.go.gov.br\/conexaoescola\/wp-content\/uploads\/2022\/09\/prosopopeia-1-e1662079398732-768x1086.png 768w, https:\/\/sme.goiania.go.gov.br\/conexaoescola\/wp-content\/uploads\/2022\/09\/prosopopeia-1-e1662079398732-1086x1536.png 1086w, https:\/\/sme.goiania.go.gov.br\/conexaoescola\/wp-content\/uploads\/2022\/09\/prosopopeia-1-e1662079398732.png 1414w\" sizes=\"(max-width: 506px) 100vw, 506px\" \/><figcaption>Fonte: imagem Canva Elementos<\/figcaption><\/figure><\/div>\n\n\n\n<p class=\"has-background has-medium-font-size\" style=\"background-color:#a7fb98\"> Quest\u00e3o 3  <\/p>\n\n\n\n<p class=\"has-medium-font-size\">A propaganda a seguir foi criada para divulgar uma nova operadora de telefonia m\u00f3vel.  Ela te lembra de outra empresa de telefonia? Qual?<\/p>\n\n\n\n<div class=\"wp-block-image\"><figure class=\"aligncenter size-large is-resized\"><img loading=\"lazy\" decoding=\"async\" src=\"https:\/\/sme.goiania.go.gov.br\/conexaoescola\/wp-content\/uploads\/2022\/09\/Assonancia-2-e1662145383798-724x1024.png\" alt=\"\" class=\"wp-image-149529\" width=\"547\" height=\"774\" srcset=\"https:\/\/sme.goiania.go.gov.br\/conexaoescola\/wp-content\/uploads\/2022\/09\/Assonancia-2-e1662145383798-724x1024.png 724w, https:\/\/sme.goiania.go.gov.br\/conexaoescola\/wp-content\/uploads\/2022\/09\/Assonancia-2-e1662145383798-212x300.png 212w, https:\/\/sme.goiania.go.gov.br\/conexaoescola\/wp-content\/uploads\/2022\/09\/Assonancia-2-e1662145383798-768x1086.png 768w, https:\/\/sme.goiania.go.gov.br\/conexaoescola\/wp-content\/uploads\/2022\/09\/Assonancia-2-e1662145383798-1086x1536.png 1086w, https:\/\/sme.goiania.go.gov.br\/conexaoescola\/wp-content\/uploads\/2022\/09\/Assonancia-2-e1662145383798.png 1414w\" sizes=\"(max-width: 547px) 100vw, 547px\" \/><\/figure><\/div>\n\n\n\n<p class=\"has-medium-font-size\">Neste cartaz foi utilizada a <strong> Asson\u00e2ncia.<\/strong> Nesta figura de linguagem h\u00e1 uma repeti\u00e7\u00e3o ordenada de sons voc\u00e1licos id\u00eanticos. Esse recurso lingu\u00edstico atribui ritmo e musicalidade ao an\u00fancio, o que faz com que o consumidor a memorize mais facilmente a mensagem.<\/p>\n\n\n\n<p class=\"has-background has-medium-font-size\" style=\"background-color:#a7fb98\">Quest\u00e3o 4<\/p>\n\n\n\n<p class=\"has-medium-font-size\">A Arte aparece com grande frequ\u00eancia em propagandas. Muitos textos publicit\u00e1rios s\u00e3o baseados nos <strong>elementos da Arte: artes pl\u00e1sticas, m\u00fasica, cinema ou literatura<\/strong>. As pe\u00e7as publicit\u00e1rias podem citar, criar e imitar a arte, usando ou n\u00e3o a mesma linguagem.<\/p>\n\n\n\n<div class=\"wp-block-image\"><figure class=\"aligncenter size-full\"><img loading=\"lazy\" decoding=\"async\" width=\"470\" height=\"625\" src=\"https:\/\/sme.goiania.go.gov.br\/conexaoescola\/wp-content\/uploads\/2022\/09\/mon-bijou-bombril-carlos-moreno-monalisa-em-1998-e1662081848287.jpg\" alt=\"\" class=\"wp-image-149448\" srcset=\"https:\/\/sme.goiania.go.gov.br\/conexaoescola\/wp-content\/uploads\/2022\/09\/mon-bijou-bombril-carlos-moreno-monalisa-em-1998-e1662081848287.jpg 470w, https:\/\/sme.goiania.go.gov.br\/conexaoescola\/wp-content\/uploads\/2022\/09\/mon-bijou-bombril-carlos-moreno-monalisa-em-1998-e1662081848287-226x300.jpg 226w\" sizes=\"(max-width: 470px) 100vw, 470px\" \/><figcaption>Fonte: <a href=\"https:\/\/www.propagandashistoricas.com.br\/2013\/10\/mon-bijou-bombril-1998.html\">https:\/\/www.propagandashistoricas.com.br\/2013\/10\/mon-bijou-bombril-1998.html<\/a> &#8211; acessado em 01\/09\/2022<\/figcaption><\/figure><\/div>\n\n\n\n<p class=\"has-medium-font-size\">A)Voc\u00ea consegue identificar em qual obra de arte o criador da propaganda se inspirou ? <\/p>\n\n\n\n<p class=\"has-medium-font-size\">B) Voc\u00ea conhece outras propagandas que foram baseadas em um dos elementos da Arte &#8211; artes pl\u00e1sticas<strong>,<\/strong> m\u00fasica, cinema ou literatura?<\/p>\n\n\n\n<hr class=\"wp-block-separator\"\/>\n\n\n\n<p class=\"has-text-align-center has-background has-medium-font-size\" style=\"background-color:#c69ced\">Acesse os materiais referentes a essa atividade ( slides e atividade 10 para impress\u00e3o) clicando aqui :&nbsp;<a rel=\"noreferrer noopener\" href=\"https:\/\/drive.google.com\/drive\/folders\/1mN3yVikJhruEYBVavXI9Z-6KMeopugGN?usp=sharing\" target=\"_blank\">https:\/\/drive.google.com\/drive\/folders\/1mN3yVikJhruEYBVavXI9Z-6KMeopugGN?usp=sharing<\/a><\/p>\n\n\n\n<hr class=\"wp-block-separator\"\/>\n\n\n\n<p class=\"has-background has-medium-font-size\" style=\"background-color:#cdffc4\">Saiba Mais &#8211; acesse o v\u00eddeo a seguir para saber mais sobre as figuras de linguagem no texto publicit\u00e1rio.<\/p>\n\n\n\n<figure class=\"wp-block-embed aligncenter is-type-video is-provider-youtube wp-block-embed-youtube wp-embed-aspect-16-9 wp-has-aspect-ratio\"><div class=\"wp-block-embed__wrapper\">\n<p class=\"responsive-video-wrap clr\"><iframe title=\"Figuras de linguagem no texto publicit\u00e1rio\" width=\"1200\" height=\"675\" src=\"https:\/\/www.youtube.com\/embed\/6x_f5oN8Gfo?feature=oembed\" frameborder=\"0\" allow=\"accelerometer; autoplay; clipboard-write; encrypted-media; gyroscope; picture-in-picture\" allowfullscreen><\/iframe><\/p>\n<\/div><figcaption>Fonte: dispon\u00edvel em https:\/\/www.youtube.com\/watch?v=6x_f5oN8Gfo<\/figcaption><\/figure>\n\n\n\n<hr class=\"wp-block-separator\"\/>\n\n\n\n<figure class=\"wp-block-table is-style-stripes\"><table><tbody><tr><td>Componentes curriculares<\/td><td>L\u00edngua Portuguesa e Arte<\/td><\/tr><tr><td>Objetivos de aprendizagem e desenvolvimento<\/td><td>(EAJALP02114) Identificar as figuras de linguagem no texto publicit\u00e1rio<br>(EAJAAR0206) Reconhecer e interagir com os diferentes elementos da linguagem art\u00edstica visual: pintura, gravura, murais, grafite, cinema, fotografia, arte digital, instala\u00e7\u00f5es, interpretando-os e ampliando o repert\u00f3rio pessoal e coletivo.<\/td><\/tr><\/tbody><\/table><\/figure>\n\n\n\n<figure class=\"wp-block-table is-style-stripes\"><table><tbody><tr><td>Refer\u00eancias<\/td><td>BRASIL. Minist\u00e9rio da Educa\u00e7\u00e3o. Base Nacional Comum Curricular. Bras\u00edlia, 2018.<br>Goi\u00e2nia. Matriz Estruturante EJA 2022. Secretaria Municipal de Educa\u00e7\u00e3o e Esporte de Goi\u00e2nia, 2022.<br><a href=\"http:\/\/especialistas.aprendebrasil.com.br\/as-figuras-de-linguagem-a-favor-da-propaganda-2\/\">http:\/\/especialistas.aprendebrasil.com.br\/as-figuras-de-linguagem-a-favor-da-propaganda-2\/<\/a> &#8211; acessado em 31-08-22<br><a href=\"https:\/\/novaescola.org.br\/planos-de-aula\/fundamental\/7ano\/lingua-portuguesa\/metonimia-hiperbole-e-antitese-em-acao-nos-textos-poeticos-e-publicitarios\/4303\">https:\/\/novaescola.org.br\/planos-de-aula\/fundamental\/7ano\/lingua-portuguesa\/metonimia-hiperbole-e-antitese-em-acao-nos-textos-poeticos-e-publicitarios\/4303<\/a> \u2013 acessado em 31\/08\/2022<br><\/td><\/tr><\/tbody><\/table><\/figure>\n","protected":false},"author":40,"featured_media":149439,"template":"","meta":{"_acf_changed":false,"ocean_post_layout":"","ocean_both_sidebars_style":"","ocean_both_sidebars_content_width":0,"ocean_both_sidebars_sidebars_width":0,"ocean_sidebar":"","ocean_second_sidebar":"","ocean_disable_margins":"enable","ocean_add_body_class":"","ocean_shortcode_before_top_bar":"","ocean_shortcode_after_top_bar":"","ocean_shortcode_before_header":"","ocean_shortcode_after_header":"","ocean_has_shortcode":"","ocean_shortcode_after_title":"","ocean_shortcode_before_footer_widgets":"","ocean_shortcode_after_footer_widgets":"","ocean_shortcode_before_footer_bottom":"","ocean_shortcode_after_footer_bottom":"","ocean_display_top_bar":"default","ocean_display_header":"default","ocean_header_style":"","ocean_center_header_left_menu":"","ocean_custom_header_template":"","ocean_custom_logo":0,"ocean_custom_retina_logo":0,"ocean_custom_logo_max_width":0,"ocean_custom_logo_tablet_max_width":0,"ocean_custom_logo_mobile_max_width":0,"ocean_custom_logo_max_height":0,"ocean_custom_logo_tablet_max_height":0,"ocean_custom_logo_mobile_max_height":0,"ocean_header_custom_menu":"","ocean_menu_typo_font_family":"","ocean_menu_typo_font_subset":"","ocean_menu_typo_font_size":0,"ocean_menu_typo_font_size_tablet":0,"ocean_menu_typo_font_size_mobile":0,"ocean_menu_typo_font_size_unit":"px","ocean_menu_typo_font_weight":"","ocean_menu_typo_font_weight_tablet":"","ocean_menu_typo_font_weight_mobile":"","ocean_menu_typo_transform":"","ocean_menu_typo_transform_tablet":"","ocean_menu_typo_transform_mobile":"","ocean_menu_typo_line_height":0,"ocean_menu_typo_line_height_tablet":0,"ocean_menu_typo_line_height_mobile":0,"ocean_menu_typo_line_height_unit":"","ocean_menu_typo_spacing":0,"ocean_menu_typo_spacing_tablet":0,"ocean_menu_typo_spacing_mobile":0,"ocean_menu_typo_spacing_unit":"","ocean_menu_link_color":"","ocean_menu_link_color_hover":"","ocean_menu_link_color_active":"","ocean_menu_link_background":"","ocean_menu_link_hover_background":"","ocean_menu_link_active_background":"","ocean_menu_social_links_bg":"","ocean_menu_social_hover_links_bg":"","ocean_menu_social_links_color":"","ocean_menu_social_hover_links_color":"","ocean_disable_title":"default","ocean_disable_heading":"default","ocean_post_title":"","ocean_post_subheading":"","ocean_post_title_style":"","ocean_post_title_background_color":"","ocean_post_title_background":0,"ocean_post_title_bg_image_position":"","ocean_post_title_bg_image_attachment":"","ocean_post_title_bg_image_repeat":"","ocean_post_title_bg_image_size":"","ocean_post_title_height":0,"ocean_post_title_bg_overlay":0.5,"ocean_post_title_bg_overlay_color":"","ocean_disable_breadcrumbs":"default","ocean_breadcrumbs_color":"","ocean_breadcrumbs_separator_color":"","ocean_breadcrumbs_links_color":"","ocean_breadcrumbs_links_hover_color":"","ocean_display_footer_widgets":"default","ocean_display_footer_bottom":"default","ocean_custom_footer_template":""},"eaja_categoria":[4],"serie":[72],"eaja_componente":[77],"class_list":["post-149428","eaja","type-eaja","status-publish","has-post-thumbnail","hentry","eaja_categoria-1o-segmento-1a-a-4a-serie","serie-3a-serie","eaja_componente-lingua-portuguesa","entry","has-media"],"acf":[],"_links":{"self":[{"href":"https:\/\/sme.goiania.go.gov.br\/conexaoescola\/wp-json\/wp\/v2\/eaja\/149428","targetHints":{"allow":["GET"]}}],"collection":[{"href":"https:\/\/sme.goiania.go.gov.br\/conexaoescola\/wp-json\/wp\/v2\/eaja"}],"about":[{"href":"https:\/\/sme.goiania.go.gov.br\/conexaoescola\/wp-json\/wp\/v2\/types\/eaja"}],"author":[{"embeddable":true,"href":"https:\/\/sme.goiania.go.gov.br\/conexaoescola\/wp-json\/wp\/v2\/users\/40"}],"wp:featuredmedia":[{"embeddable":true,"href":"https:\/\/sme.goiania.go.gov.br\/conexaoescola\/wp-json\/wp\/v2\/media\/149439"}],"wp:attachment":[{"href":"https:\/\/sme.goiania.go.gov.br\/conexaoescola\/wp-json\/wp\/v2\/media?parent=149428"}],"wp:term":[{"taxonomy":"eaja_categoria","embeddable":true,"href":"https:\/\/sme.goiania.go.gov.br\/conexaoescola\/wp-json\/wp\/v2\/eaja_categoria?post=149428"},{"taxonomy":"serie","embeddable":true,"href":"https:\/\/sme.goiania.go.gov.br\/conexaoescola\/wp-json\/wp\/v2\/serie?post=149428"},{"taxonomy":"eaja_componente","embeddable":true,"href":"https:\/\/sme.goiania.go.gov.br\/conexaoescola\/wp-json\/wp\/v2\/eaja_componente?post=149428"}],"curies":[{"name":"wp","href":"https:\/\/api.w.org\/{rel}","templated":true}]}}