{"id":148073,"date":"2022-08-18T17:01:37","date_gmt":"2022-08-18T20:01:37","guid":{"rendered":"https:\/\/sme.goiania.go.gov.br\/conexaoescola\/?post_type=eaja&#038;p=148073"},"modified":"2024-08-12T18:22:25","modified_gmt":"2024-08-12T21:22:25","slug":"ciencias-da-natureza-energia-tudo-se-transforma","status":"publish","type":"eaja","link":"https:\/\/sme.goiania.go.gov.br\/conexaoescola\/eaja\/ciencias-da-natureza-energia-tudo-se-transforma\/","title":{"rendered":"Ci\u00eancias da Natureza \u2013 Consumo de energia"},"content":{"rendered":"\n<p class=\"has-text-align-center has-background has-medium-font-size\" style=\"background-color:#b5bec4\"><strong>Esta proposta de atividade de CI\u00caNCIAS DA NATUREZA \u00e9 destinada aos estudantes do 5\u00ba per\u00edodo&nbsp;da Educa\u00e7\u00e3o de Jovens e Adultos \u2013 EJA<\/strong><\/p>\n\n\n\n<div class=\"wp-block-buttons is-content-justification-center is-layout-flex wp-container-core-buttons-is-layout-16018d1d wp-block-buttons-is-layout-flex\">\n<div class=\"wp-block-button has-custom-font-size has-medium-font-size\"><a class=\"wp-block-button__link wp-element-button\" href=\"https:\/\/drive.google.com\/uc?export=download&amp;id=1QGh21iG-soGa1gpop9CRaspWAxGV1I5r\" target=\"_blank\" rel=\"noreferrer noopener\"><strong>BAIXE A ATIVIDADE<\/strong><\/a><\/div>\n\n\n\n<div class=\"wp-block-button has-custom-font-size has-medium-font-size\"><a class=\"wp-block-button__link wp-element-button\" href=\"https:\/\/drive.google.com\/uc?export=download&amp;id=1EQqdZQBWj0domn1eTN_0-JX4qUwvtSwq\" target=\"_blank\" rel=\"noreferrer noopener\"><strong>BAIXE OS SLIDES<\/strong><\/a><\/div>\n\n\n\n<div class=\"wp-block-button has-custom-font-size has-medium-font-size\"><a class=\"wp-block-button__link wp-element-button\" href=\"https:\/\/drive.google.com\/uc?export=download&amp;id=1uWothgtlEzP9Yi6OQGzBXPo4Ac05oRvw\" target=\"_blank\" rel=\"noreferrer noopener\"><strong>BAIXE O TEXTO<\/strong><\/a><\/div>\n<\/div>\n\n\n\n<hr class=\"wp-block-separator has-alpha-channel-opacity\"\/>\n\n\n\n<figure class=\"wp-block-image size-full\"><img fetchpriority=\"high\" decoding=\"async\" width=\"1024\" height=\"768\" src=\"https:\/\/sme.goiania.go.gov.br\/conexaoescola\/wp-content\/uploads\/2022\/08\/WhatsApp-Image-2022-08-17-at-20.30.00-e1660851048577.jpeg\" alt=\"\" class=\"wp-image-148074\" srcset=\"https:\/\/sme.goiania.go.gov.br\/conexaoescola\/wp-content\/uploads\/2022\/08\/WhatsApp-Image-2022-08-17-at-20.30.00-e1660851048577.jpeg 1024w, https:\/\/sme.goiania.go.gov.br\/conexaoescola\/wp-content\/uploads\/2022\/08\/WhatsApp-Image-2022-08-17-at-20.30.00-e1660851048577-300x225.jpeg 300w, https:\/\/sme.goiania.go.gov.br\/conexaoescola\/wp-content\/uploads\/2022\/08\/WhatsApp-Image-2022-08-17-at-20.30.00-e1660851048577-768x576.jpeg 768w\" sizes=\"(max-width: 1024px) 100vw, 1024px\" \/><figcaption class=\"wp-element-caption\">Usina Rochedo. Acervo do quadro A Curiosidade T\u00e1 On.<\/figcaption><\/figure>\n\n\n\n<h1 class=\"wp-block-heading has-text-align-center\">CONSUMO DE ENERGIA<\/h1>\n\n\n\n<p class=\"has-medium-font-size\">O cientista Antoine Laurent Lavoisier afirmava que, \u201cna natureza nada se perde, nada se cria, tudo se transforma\u201d. Tal frase, relacionada \u00e0 Lei da Conserva\u00e7\u00e3o das Massas, tamb\u00e9m se aplica \u00e0 energia: ela pode se transformar de uma forma para a outra. A energia el\u00e9trica de um chuveiro, por exemplo, se transforma em energia t\u00e9rmica, aquecendo a \u00e1gua. Na TV, a energia el\u00e9trica se transforma em energia luminosa e sonora. J\u00e1 nas usinas hidrel\u00e9tricas, as \u00e1guas das barragens colocam em movimento as turbinas, transformando a energia cin\u00e9tica em energia el\u00e9trica. Mas&#8230; o que \u00e9 energia?<\/p>\n\n\n\n<p class=\"has-medium-font-size\">Energia \u00e9 a capacidade de realizar trabalho ou provocar transforma\u00e7\u00f5es. Isso significa que ela pode ser utilizada para mover objetos, aquecer subst\u00e2ncias, gerar luz, som e muitas outras atividades que envolvem mudan\u00e7as no estado ou na posi\u00e7\u00e3o de algo. As transforma\u00e7\u00f5es de energia, portanto, est\u00e3o bastante presentes em nossas atividades do dia a dia.&nbsp;<\/p>\n\n\n\n<p class=\"has-medium-font-size\">A gera\u00e7\u00e3o de energia el\u00e9trica tem um papel crucial na nossa sociedade, mas tamb\u00e9m traz consigo uma s\u00e9rie de impactos socioambientais. As usinas hidrel\u00e9tricas, por exemplo, embora sejam fontes renov\u00e1veis de energia, podem causar o deslocamento de popula\u00e7\u00f5es, perda de biodiversidade e altera\u00e7\u00f5es no ciclo hidrol\u00f3gico. A queima de combust\u00edveis f\u00f3sseis nas termel\u00e9tricas, por outro lado, contribui para a polui\u00e7\u00e3o do ar, aumento do microclima e tamb\u00e9m para o aquecimento global. As usinas nucleares, apesar de suas baixas emiss\u00f5es de carbono durante a opera\u00e7\u00e3o, trazem consigo o desafio do descarte seguro de res\u00edduos radioativos e o risco de acidentes catastr\u00f3ficos, como o ocorrido em Chernobyl.<\/p>\n\n\n\n<p class=\"has-medium-font-size\">Diante desses desafios, o consumo consciente e sustent\u00e1vel de energia se torna imperativo. Adotar h\u00e1bitos inteligentes n\u00e3o s\u00f3 contribui para a conserva\u00e7\u00e3o ambiental, mas tamb\u00e9m pode resultar em economia financeira. Equipamentos com alta pot\u00eancia, como chuveiros el\u00e9tricos e ar-condicionado, consomem mais energia, especialmente se usados por longos per\u00edodos. Portanto, reduzir o tempo de uso desses aparelhos ou substitu\u00ed-los por modelos mais econ\u00f4micos pode resultar em redu\u00e7\u00e3o no consumo e na fatura ao final do m\u00eas.<\/p>\n\n\n\n<p class=\"has-medium-font-size\">\u00c9 tamb\u00e9m essencial considerar o nosso comportamento cotidiano e as necessidades reais de uso de cada equipamento. Desligar aparelhos da tomada quando n\u00e3o est\u00e3o em uso, usar luz natural sempre que poss\u00edvel, evitar o uso de aparelhos em stand-by, preferir duchas r\u00e1pidas e utilizar timers para controlar o tempo de uso de eletrodom\u00e9sticos, al\u00e9m de optar por eletrodom\u00e9sticos com selo de efici\u00eancia energ\u00e9tica; s\u00e3o algumas a\u00e7\u00f5es pr\u00e1ticas que podem ser adotadas. Al\u00e9m disso, substituir l\u00e2mpadas incandescentes por LED, que consomem menos energia e t\u00eam maior durabilidade e adotar tecnologias como sensores de presen\u00e7a para ilumina\u00e7\u00e3o e sistemas de aquecimento solar, tamb\u00e9m s\u00e3o estrat\u00e9gias eficazes para economizar energia.<\/p>\n\n\n\n<p class=\"has-medium-font-size\">Portanto, podemos concluir que investimentos em educa\u00e7\u00e3o e conscientiza\u00e7\u00e3o sobre o uso eficiente de energia, al\u00e9m de incentivar pr\u00e1ticas de consumo consciente, geram redu\u00e7\u00e3o de custos e s\u00e3o passos decisivos para um futuro equilibrado e sustent\u00e1vel.   <\/p>\n\n\n\n<p class=\"has-background has-medium-font-size\" style=\"background-color:#d5b4b4\"><strong>QUEST\u00c3O 1<\/strong><\/p>\n\n\n\n<p class=\"has-medium-font-size\">Nas escolas, a energia \u00e9 essencial para o bom funcionamento institucional. L\u00e2mpadas, computadores e impressoras s\u00e3o alguns equipamentos que requerem o seu uso. O liquidificador tamb\u00e9m pode ser usado, e sua presen\u00e7a n\u00e3o passa despercebida, j\u00e1 que tal eletrodom\u00e9stico emite sons relativamente altos.<\/p>\n\n\n\n<blockquote class=\"wp-block-quote is-layout-flow wp-block-quote-is-layout-flow\">\n<p class=\"has-medium-font-size\">A forma de energia empregada no enunciado \u00e9 a ____________________. No caso do liquidificador, essa forma de energia se transforma em energia ____________________, ____________________ e at\u00e9 mesmo ____________________. <\/p>\n<\/blockquote>\n\n\n\n<p class=\"has-medium-font-size\">Podemos substituir as linhas do par\u00e1grafo acima nas seguintes palavras, respectivamente:<\/p>\n\n\n\n<p class=\"has-medium-font-size\">(A) el\u00e9trica, mec\u00e2nica, sonora e t\u00e9rmica.<br>(B) el\u00e9trica, sonora, mec\u00e2nica e t\u00e9rmica.<br>(C) sonora, el\u00e9trica, t\u00e9rmica e mec\u00e2nica.<br>(D) sonora, mec\u00e2nica, t\u00e9rmica e el\u00e9trica. <\/p>\n\n\n\n<p class=\"has-background has-medium-font-size\" style=\"background-color:#d5b4b4\"><strong>QUEST\u00c3O 2<\/strong><\/p>\n\n\n\n<p class=\"has-medium-font-size\">Maria Sophia tem bastante habilidade em cuidar dos pr\u00f3prios cabelos e, por esse motivo, resolveu avaliar a possibilidade de trabalhar nesse ramo. Com isso, pesquisou diversas marcas de secadores de cabelos, mas ficou em d\u00favidas quanto \u00e0 pot\u00eancia, que variava entre 1000 e 3000 watts. <\/p>\n\n\n\n<p class=\"has-medium-font-size\">A) Para o objetivo que Maria Sophia possui, \u00e9 melhor que ela analise modelos com maior ou menor pot\u00eancia el\u00e9trica? Por qual motivo?<\/p>\n\n\n\n<p class=\"has-medium-font-size\">B) Caso o principal objetivo de Maria Sophia fosse a economia na conta de energia, seria mais adequado optar por um secador de 1000 ou de 3000 watts? Justifique a sua resposta.<\/p>\n\n\n\n<p class=\"has-background has-medium-font-size\" style=\"background-color:#d5b4b4\"><strong>QUEST\u00c3O<\/strong> <strong>3<\/strong><\/p>\n\n\n\n<p class=\"has-medium-font-size\">Uma caracter\u00edstica das l\u00e2mpadas LED em compara\u00e7\u00e3o com as incandescentes \u00e9 que<\/p>\n\n\n\n<p class=\"has-medium-font-size\">(A) consomem mais energia.<br>(B) t\u00eam menor durabilidade.<br>(C) consomem menos energia.<br>(D) produzem menos luz.<\/p>\n\n\n\n<p class=\"has-background has-medium-font-size\" style=\"background-color:#d5b4b4\"><strong>QUEST\u00c3O 4 <\/strong><\/p>\n\n\n\n<p class=\"has-medium-font-size\">Um significativo impacto socioambiental associado \u00e0s usinas hidrel\u00e9tricas \u00e9 o\/a<\/p>\n\n\n\n<p class=\"has-medium-font-size\">(A) emiss\u00e3o de gases de efeito estufa.<br>(B) descarte de res\u00edduos radioativos.<br>(C) risco de vazamentos de \u00f3leo.<br>(D) deslocamento de popula\u00e7\u00f5es.<\/p>\n\n\n\n<p class=\"has-background has-medium-font-size\" style=\"background-color:#d5b4b4\"><strong>QUEST\u00c3O 5<\/strong><\/p>\n\n\n\n<p class=\"has-medium-font-size\">Diversos fatores s\u00e3o importantes ao adquirir um eletroeletr\u00f4nico, tais como a taxa de consumo, o pre\u00e7o, a pot\u00eancia ou mesmo a tens\u00e3o el\u00e9trica. Qual \u00e9 a tens\u00e3o el\u00e9trica adotada na cidade em que mora: 110 ou 120 volts (V)? Caso utilize um aparelho seu em uma localidade em que a tens\u00e3o \u00e9 diferente, o que poderia ocorrer? Justifique a sua resposta.<\/p>\n\n\n\n<p class=\"has-background has-medium-font-size\" style=\"background-color:#b5bec4\"><strong>SAIBA MAIS<\/strong><\/p>\n\n\n\n<p class=\"has-medium-font-size\">Falar em energia el\u00e9trica \u00e9 tamb\u00e9m considerar os impactos ambientais e financeiros relacionados a ela. Vamos assistir ao v\u00eddeo da professora Mariana Araguaia sobre essa tem\u00e1tica?<\/p>\n\n\n\n<figure class=\"wp-block-embed is-type-video is-provider-youtube wp-block-embed-youtube wp-embed-aspect-16-9 wp-has-aspect-ratio\"><div class=\"wp-block-embed__wrapper\">\n<p class=\"responsive-video-wrap clr\"><iframe title=\"[Economia de Energia El\u00e9trica]\" width=\"1200\" height=\"675\" src=\"https:\/\/www.youtube.com\/embed\/gDCfOWYoA9w?feature=oembed\" frameborder=\"0\" allow=\"accelerometer; autoplay; clipboard-write; encrypted-media; gyroscope; picture-in-picture; web-share\" referrerpolicy=\"strict-origin-when-cross-origin\" allowfullscreen><\/iframe><\/p>\n<\/div><figcaption class=\"wp-element-caption\">Canal Mariana Araguaia. \u201cRedu\u00e7\u00e3o no consumo de energia el\u00e9trica\u201d. Dispon\u00edvel em&nbsp;<a href=\"https:\/\/youtu.be\/gDCfOWYoA9w\">https:\/\/youtu.be\/svTQn6WMMRk<\/a>. Acesso em mai. 2022.<\/figcaption><\/figure>\n\n\n\n<hr class=\"wp-block-separator has-css-opacity\"\/>\n\n\n\n<figure class=\"wp-block-table is-style-stripes\"><table><tbody><tr><td>Autoria<\/td><td>Mariana Araguaia<\/td><\/tr><tr><td>Forma\u00e7\u00e3o<\/td><td>Ci\u00eancias Biol\u00f3gicas<\/td><\/tr><tr><td>Componentes Curriculares<\/td><td>Ci\u00eancias da Natureza<\/td><\/tr><tr><td>Objetivos de Aprendizagem e Desenvolvimento<\/td><td>(EJACI0522) Analisar e problematizar o consumo de eletricidade e propor h\u00e1bitos e a\u00e7\u00f5es sustent\u00e1veis.<br><br>(EAJACI0703) Identificar os equipamentos residenciais quanto \u00e0 transforma\u00e7\u00e3o de energia (da energia el\u00e9trica para a t\u00e9rmica, luminosa, sonora e mec\u00e2nica, por exemplo).<br><br>(EAJACI0704) Relacionar o consumo de energia, tendo como refer\u00eancia a pot\u00eancia e o tempo de uso de alguns equipamentos dom\u00e9sticos.<\/td><\/tr><tr><td>Refer\u00eancias<\/td><td>CARNEVALLE, Ma\u00edra Rosa. Ararib\u00e1 Mais Ci\u00eancias: 6\u00ba ano. 1. ed. S\u00e3o Paulo: Moderna, 2018.<br><br>GOI\u00c2NIA. Documento Curricular para a Rede Municipal de Goi\u00e2nia &#8211; EJA. Secretaria Municipal de Educa\u00e7\u00e3o e Esporte de Goi\u00e2nia, 2023. 235p. Dispon\u00edvel em &lt;<a href=\"https:\/\/sme.goiania.go.gov.br\/site\/index.php\/institucional\/documentos-oficiais-2\/category\/24-eja?download=425:documento-curricular-para-a-rme-de-goiania-eja&amp;gt&amp;gt\">https:\/\/sme.goiania.go.gov.br\/site\/index.php\/institucional\/documentos-oficiais-2\/category\/24-eja?download=425:documento-curricular-para-a-rme-de-goiania-eja&amp;gt&amp;gt<\/a>&gt;. Acesso em 23\/03\/2023.<br><br>HIRANAKA, Roberta Aparecida Bueno; HORTENCIO, Thiago Macedo de Abreu. Inspire Ci\u00eancias: 6\u00ba ano. 1. ed. S\u00e3o Paulo: FTD, 2018.<\/td><\/tr><\/tbody><\/table><\/figure>\n","protected":false},"author":44,"featured_media":148074,"template":"","meta":{"_acf_changed":false,"ocean_post_layout":"","ocean_both_sidebars_style":"","ocean_both_sidebars_content_width":0,"ocean_both_sidebars_sidebars_width":0,"ocean_sidebar":"","ocean_second_sidebar":"","ocean_disable_margins":"enable","ocean_add_body_class":"","ocean_shortcode_before_top_bar":"","ocean_shortcode_after_top_bar":"","ocean_shortcode_before_header":"","ocean_shortcode_after_header":"","ocean_has_shortcode":"","ocean_shortcode_after_title":"","ocean_shortcode_before_footer_widgets":"","ocean_shortcode_after_footer_widgets":"","ocean_shortcode_before_footer_bottom":"","ocean_shortcode_after_footer_bottom":"","ocean_display_top_bar":"default","ocean_display_header":"default","ocean_header_style":"","ocean_center_header_left_menu":"","ocean_custom_header_template":"","ocean_custom_logo":0,"ocean_custom_retina_logo":0,"ocean_custom_logo_max_width":0,"ocean_custom_logo_tablet_max_width":0,"ocean_custom_logo_mobile_max_width":0,"ocean_custom_logo_max_height":0,"ocean_custom_logo_tablet_max_height":0,"ocean_custom_logo_mobile_max_height":0,"ocean_header_custom_menu":"","ocean_menu_typo_font_family":"","ocean_menu_typo_font_subset":"","ocean_menu_typo_font_size":0,"ocean_menu_typo_font_size_tablet":0,"ocean_menu_typo_font_size_mobile":0,"ocean_menu_typo_font_size_unit":"px","ocean_menu_typo_font_weight":"","ocean_menu_typo_font_weight_tablet":"","ocean_menu_typo_font_weight_mobile":"","ocean_menu_typo_transform":"","ocean_menu_typo_transform_tablet":"","ocean_menu_typo_transform_mobile":"","ocean_menu_typo_line_height":0,"ocean_menu_typo_line_height_tablet":0,"ocean_menu_typo_line_height_mobile":0,"ocean_menu_typo_line_height_unit":"","ocean_menu_typo_spacing":0,"ocean_menu_typo_spacing_tablet":0,"ocean_menu_typo_spacing_mobile":0,"ocean_menu_typo_spacing_unit":"","ocean_menu_link_color":"","ocean_menu_link_color_hover":"","ocean_menu_link_color_active":"","ocean_menu_link_background":"","ocean_menu_link_hover_background":"","ocean_menu_link_active_background":"","ocean_menu_social_links_bg":"","ocean_menu_social_hover_links_bg":"","ocean_menu_social_links_color":"","ocean_menu_social_hover_links_color":"","ocean_disable_title":"default","ocean_disable_heading":"default","ocean_post_title":"","ocean_post_subheading":"","ocean_post_title_style":"","ocean_post_title_background_color":"","ocean_post_title_background":0,"ocean_post_title_bg_image_position":"","ocean_post_title_bg_image_attachment":"","ocean_post_title_bg_image_repeat":"","ocean_post_title_bg_image_size":"","ocean_post_title_height":0,"ocean_post_title_bg_overlay":0.5,"ocean_post_title_bg_overlay_color":"","ocean_disable_breadcrumbs":"default","ocean_breadcrumbs_color":"","ocean_breadcrumbs_separator_color":"","ocean_breadcrumbs_links_color":"","ocean_breadcrumbs_links_hover_color":"","ocean_display_footer_widgets":"default","ocean_display_footer_bottom":"default","ocean_custom_footer_template":""},"eaja_categoria":[104,69],"serie":[75,76],"eaja_componente":[82],"class_list":["post-148073","eaja","type-eaja","status-publish","has-post-thumbnail","hentry","eaja_categoria-2o-segmento-5a-e-6a-serie","eaja_categoria-2o-segmento-7a-e-8a-serie","serie-6a-serie","serie-7a-serie","eaja_componente-ciencias-da-natureza","entry","has-media"],"acf":[],"_links":{"self":[{"href":"https:\/\/sme.goiania.go.gov.br\/conexaoescola\/wp-json\/wp\/v2\/eaja\/148073","targetHints":{"allow":["GET"]}}],"collection":[{"href":"https:\/\/sme.goiania.go.gov.br\/conexaoescola\/wp-json\/wp\/v2\/eaja"}],"about":[{"href":"https:\/\/sme.goiania.go.gov.br\/conexaoescola\/wp-json\/wp\/v2\/types\/eaja"}],"author":[{"embeddable":true,"href":"https:\/\/sme.goiania.go.gov.br\/conexaoescola\/wp-json\/wp\/v2\/users\/44"}],"wp:featuredmedia":[{"embeddable":true,"href":"https:\/\/sme.goiania.go.gov.br\/conexaoescola\/wp-json\/wp\/v2\/media\/148074"}],"wp:attachment":[{"href":"https:\/\/sme.goiania.go.gov.br\/conexaoescola\/wp-json\/wp\/v2\/media?parent=148073"}],"wp:term":[{"taxonomy":"eaja_categoria","embeddable":true,"href":"https:\/\/sme.goiania.go.gov.br\/conexaoescola\/wp-json\/wp\/v2\/eaja_categoria?post=148073"},{"taxonomy":"serie","embeddable":true,"href":"https:\/\/sme.goiania.go.gov.br\/conexaoescola\/wp-json\/wp\/v2\/serie?post=148073"},{"taxonomy":"eaja_componente","embeddable":true,"href":"https:\/\/sme.goiania.go.gov.br\/conexaoescola\/wp-json\/wp\/v2\/eaja_componente?post=148073"}],"curies":[{"name":"wp","href":"https:\/\/api.w.org\/{rel}","templated":true}]}}