{"id":147187,"date":"2022-08-12T06:00:00","date_gmt":"2022-08-12T09:00:00","guid":{"rendered":"https:\/\/sme.goiania.go.gov.br\/conexaoescola\/?post_type=eaja&#038;p=147187"},"modified":"2024-02-23T16:54:24","modified_gmt":"2024-02-23T19:54:24","slug":"educacao-fisica-jiu-jitsu-brasileiro","status":"publish","type":"eaja","link":"https:\/\/sme.goiania.go.gov.br\/conexaoescola\/eaja\/educacao-fisica-jiu-jitsu-brasileiro\/","title":{"rendered":"Educa\u00e7\u00e3o F\u00edsica: Jiu Jitsu Brasileiro"},"content":{"rendered":"\n<p class=\"has-text-align-center has-black-color has-light-green-cyan-background-color has-text-color has-background has-medium-font-size\"><strong>Esta proposta de atividade de&nbsp;EDUCA\u00c7\u00c3O F\u00cdSICA&nbsp;\u00e9 destinada aos estudantes do&nbsp;5\u00aa Per\u00edodo da Educa\u00e7\u00e3o de Jovens e Adultos \u2013 EJA.<\/strong><\/p>\n\n\n\n<div class=\"wp-block-buttons is-content-justification-center is-layout-flex wp-container-core-buttons-is-layout-16018d1d wp-block-buttons-is-layout-flex\">\n<div class=\"wp-block-button has-custom-font-size has-small-font-size\"><a class=\"wp-block-button__link has-white-color has-black-background-color has-text-color has-background wp-element-button\" href=\"https:\/\/drive.google.com\/uc?export=download&amp;id=1EdArV0wSkvHt2_D0YJ2xqBpWwGhozI76\">BAIXE A ATIVIDADE<\/a><\/div>\n\n\n\n<div class=\"wp-block-button has-custom-font-size has-small-font-size\"><a class=\"wp-block-button__link has-white-color has-black-background-color has-text-color has-background wp-element-button\" href=\"https:\/\/drive.google.com\/uc?export=download&amp;id=1K-ftjD5ZwdHaIhP6ts3G2Mhr3XLKywUn\">BAIXE OS SLIDES<\/a><\/div>\n\n\n\n<div class=\"wp-block-button has-custom-font-size has-small-font-size\"><a class=\"wp-block-button__link has-white-color has-black-background-color has-text-color has-background wp-element-button\" href=\"https:\/\/drive.google.com\/uc?export=download&amp;id=1jqZv-3kKxRzN76JCw2H5BMagcMcEcAKd\">BAIXE O TEXTO<\/a><\/div>\n<\/div>\n\n\n<div class=\"wp-block-image\">\n<figure class=\"aligncenter size-full\"><img decoding=\"async\" src=\"https:\/\/sme.goiania.go.gov.br\/conexaoescola\/wp-content\/uploads\/2022\/08\/Sem-titulo-10-e1708717767561.jpg\" alt=\"\" class=\"wp-image-177683\"\/><figcaption class=\"wp-element-caption\">Fonte: <a href=\"https:\/\/br.freepik.com\/vetores-gratis\/atletas-de-jiu-jitsu-lutando_10301705.htm#query=lutas&amp;position=7&amp;from_view=search&amp;track=sph&amp;uuid=226fd47f-c55f-4734-946a-bc3f4923cbd8\">Imagem de pikisuperstar<\/a> no Freepik <\/figcaption><\/figure><\/div>\n\n\n<p class=\"has-text-align-center has-x-large-font-size\"><strong>Jiu Jitsu Brasileiro<\/strong><\/p>\n\n\n\n<p class=\"has-medium-font-size\">No Brasil, praticamos diferentes estilos de lutas, muitas delas criadas em culturas distantes e que chegaram aqui ap\u00f3s s\u00e9culos sendo praticadas em suas regi\u00f5es de origem. E existem tamb\u00e9m estilos de lutas criadas aqui mesmo, como \u00e9 o caso da capoeira, da luta marajoara e do Jiu jitsu brasileiro(JJB).<\/p>\n\n\n\n<p class=\"has-medium-font-size\">O Jiu Jitsu \u00e9 uma forma de luta criada no Jap\u00e3o e trazida at\u00e9 o Brasil no in\u00edcio do s\u00e9culo XX. Aqui o estilo foi transformado e deu origem a uma nova forma de luta, o jiu jitsu brasileiro (JJB).<\/p>\n\n\n\n<p class=\"has-medium-font-size\">N\u00e3o se sabe ao certo qual foi a origem do jiu jitsu. Muitos afirmam que essa forma de luta surgiu de outras praticadas na antiguidade ao longo dos territ\u00f3rios que hoje conhecemos como \u00cdndia e China. Mas, fato \u00e9 que o jiu jitsu se firmou como pr\u00e1tica corporal e importante elemento cultural no Jap\u00e3o e por muitos s\u00e9culos a pr\u00e1tica e o ensino do jiu jitsu era permitida somente ao povo japon\u00eas, ou seja, nenhum japon\u00eas poderia ensinar jiu jitsu a um estrangeiro.<\/p>\n\n\n\n<p class=\"has-medium-font-size\">No in\u00edcio do s\u00e9culo XX um grande mestre de jiu jitsu, Mitsuyo Maeda, veio morar no Brasil, e devido \u00e0 grande amizade que estabeleceu aqui com a fam\u00edlia Gracie, passou-lhes a ensinar as t\u00e9cnicas da \u201carte suave\u201d. Contudo, as t\u00e9cnicas originais do jiu jitsu eram voltadas para somente para os combates agarrados, com golpes como estrangulamentos, tor\u00e7\u00f5es e diferentes tipos chaves.<\/p>\n\n\n\n<p class=\"has-medium-font-size\">A fam\u00edlia Gracie, em especial Carlos e H\u00e9lio Gracie, aprenderam as t\u00e9cnicas ensinadas por Maeda e mudaram algumas regras associando \u00e0s t\u00e9cnicas japonesas novos golpes, assim foi criado o jiu jitsu brasileiro, uma forma de luta que prepara o lutador para enfrentar qualquer outro estilo de luta, seja ele um estilo de luta agarrada ou a m\u00e9dia dist\u00e2ncia com golpes como socos e chutes e at\u00e9 pis\u00f5es.<\/p>\n\n\n\n<p class=\"has-medium-font-size\">O JJB se tornou um estilo de luta reconhecido no mundo inteiro, por lutadores n\u00e3o s\u00f3 de jiu jitsu como tamb\u00e9m de muitas outras formas de luta.<\/p>\n\n\n\n<p class=\"has-medium-font-size\">Ap\u00f3s desenvolverem suas as t\u00e9cnicas, os Gracie se lan\u00e7aram em in\u00fameros desafios de vale-tudo contra os mestres das mais diferentes formas de lutas praticadas no Brasil, sagrando-se vitoriosos em quase todos os combates.<\/p>\n\n\n\n<p class=\"has-medium-font-size\">Essa s\u00e9rie de desafios acabou dando origem a uma outra nova forma de lutar conhecida atualmente como MMA ou Mixed Martial Arts.<\/p>\n\n\n\n<p class=\"wp-embed-aspect-16-9 wp-has-aspect-ratio has-background has-medium-font-size\" style=\"background-color:#92e37d\"><strong>Quest\u00e3o 1<\/strong><\/p>\n\n\n\n<p class=\"has-medium-font-size\">No Brasil, praticamos diversos estilos de lutas, muitas delas criadas a muito tempo e em pa\u00edses bem distantes. Mas, existem tamb\u00e9m as lutas criadas aqui no Brasil. S\u00e3o exemplos de lutas brasileiras<\/p>\n\n\n\n<p class=\"has-medium-font-size\">(A) jud\u00f4, capoeira e karat\u00ea<\/p>\n\n\n\n<p class=\"has-medium-font-size\">(B) kung fu, luta marajoara e sum\u00f4<\/p>\n\n\n\n<p class=\"has-medium-font-size\">(C) muay thai, boxe e Jiu Jitsu Brasileiro<\/p>\n\n\n\n<p class=\"has-medium-font-size\">(D) capoeira, luta marajoara e jiu jitsu brasileiro<\/p>\n\n\n\n<p class=\"wp-embed-aspect-16-9 wp-has-aspect-ratio has-background has-medium-font-size\" style=\"background-color:#92e37d\"><strong>Quest\u00e3o 2<\/strong><\/p>\n\n\n\n<p class=\"has-medium-font-size\">O Jiu Jitsu foi, por muitos anos, praticado somente no Jap\u00e3o. Mas, no in\u00edcio do s\u00e9culo XX um grande mestre japon\u00eas veio morar no Brasil e acabou ensinando as t\u00e9cnicas dessa luta aos brasileiros. Como resultado surgiu um novo estilo de luta que passou a ser chamado de JJB. O mestre japon\u00eas que trouxe o jiu jitsu para o Brasil foi<\/p>\n\n\n\n<p class=\"has-medium-font-size\">(A) Yip Man<\/p>\n\n\n\n<p class=\"has-medium-font-size\">(B) Bruce Lee<\/p>\n\n\n\n<p class=\"has-medium-font-size\">(C) Jogos Kano<\/p>\n\n\n\n<p class=\"has-medium-font-size\">(D) Mitsuyo Maeda<\/p>\n\n\n\n<p class=\"wp-embed-aspect-16-9 wp-has-aspect-ratio has-background has-medium-font-size\" style=\"background-color:#92e37d\"><strong>Quest\u00e3o 3<\/strong><\/p>\n\n\n\n<p class=\"has-medium-font-size\">Quais as principais caracter\u00edsticas do Jiu Jitsu brasileiro que o diferencia do Jiu Jitsu tradicional japon\u00eas?<\/p>\n\n\n\n<p class=\"wp-embed-aspect-16-9 wp-has-aspect-ratio has-background has-medium-font-size\" style=\"background-color:#92e37d\"><strong>Quest\u00e3o <\/strong>4<\/p>\n\n\n\n<p class=\"has-medium-font-size\">Como o Jiu Jitsu Brasileiro acabou criando uma nova forma de competi\u00e7\u00e3o de luta que ficou conhecida como MMA (martial mix arts)?<\/p>\n\n\n\n<p class=\"has-light-green-cyan-background-color has-background has-medium-font-size\"><strong>SAIBA MAIS<\/strong>:<\/p>\n\n\n\n<p class=\"has-medium-font-size\"> Assista ao v\u00eddeo do Professor Luciano para voc\u00ea saber mais sobre a or<\/p>\n\n\n\n<p class=\"has-text-align-center has-medium-font-size\"><strong>Origem do Jiu Jitsu Brasileiro<\/strong><\/p>\n\n\n\n<figure class=\"wp-block-embed is-type-video is-provider-youtube wp-block-embed-youtube wp-embed-aspect-16-9 wp-has-aspect-ratio\"><div class=\"wp-block-embed__wrapper\">\n<p class=\"responsive-video-wrap clr\"><iframe title=\"Origem do Jiu Jitsu Brasileiro @educacaofisicacomprofessor4104\" width=\"1200\" height=\"675\" src=\"https:\/\/www.youtube.com\/embed\/z30izEKAqdI?feature=oembed\" frameborder=\"0\" allow=\"accelerometer; autoplay; clipboard-write; encrypted-media; gyroscope; picture-in-picture; web-share\" allowfullscreen><\/iframe><\/p>\n<\/div><figcaption class=\"wp-element-caption\">Canal Educa\u00e7\u00e3o F\u00edsica com Professor Luciano. Dispon\u00edvel em: https:\/\/youtu.be\/z30izEKAqdI<\/figcaption><\/figure>\n\n\n\n<figure class=\"wp-block-table alignwide is-style-stripes\"><table><tbody><tr><td><strong>Autoria<\/strong><\/td><td>Luciano Alves de Oliveira<\/td><\/tr><tr><td><strong>Forma\u00e7\u00e3o<\/strong><\/td><td>Educa\u00e7\u00e3o F\u00edsica<\/td><\/tr><tr><td><strong>Componente curricular<\/strong><\/td><td>Educa\u00e7\u00e3o F\u00edsica<\/td><\/tr><tr><td><strong>Objetivos de Aprendizagem e Desenvolvimento<\/strong><\/td><td>(EAJAEF0632) Vivenciar e compreender as lutas do contexto nacional e mundial valorizando a diversidade cultural.<br>(EAJAEF0633) Identificar e relacionar os valores, normas, objetivos e fundamentos presentes nas lutas nacionais e mundiais.<\/td><\/tr><tr><td><strong>Refer\u00eancias<\/strong><\/td><td>BRASIL. Minist\u00e9rio da Educa\u00e7\u00e3o. Base Nacional Comum Curricular. Bras\u00edlia, 2018.<br>Coletivo de autores. Metodologia do Ensino da Educa\u00e7\u00e3o F\u00edsica. S\u00e3o Paulo: Cortez. 1992<br>Goi\u00e2nia. Documento Curricular Eja &#8211; 2023. Educa\u00e7\u00e3o F\u00edsica. Secretaria Municipal de Educa\u00e7\u00e3o e Esporte. 2023<br>Goi\u00e2nia. Documento Curricular Para a Rede Municipal de Educa\u00e7\u00e3o de Goi\u00e2nia &#8211; EJA. Secretaria Municipal de Educa\u00e7\u00e3o e Esporte. 2023<br>Goi\u00e2nia. Organiza\u00e7\u00e3o Pedag\u00f3gica da EJA &#8211; 2023. Secretaria Municipal de Educa\u00e7\u00e3o e Esporte. 2022<br>Confedera\u00e7\u00e3o Brasileira de Jud\u00f4. <a href=\"https:\/\/cbj.com.br\/pt\/\">https:\/\/cbj.com.br\/pt\/<\/a> <\/td><\/tr><\/tbody><\/table><\/figure>\n","protected":false},"author":48,"featured_media":177683,"template":"","meta":{"_acf_changed":false,"ocean_post_layout":"","ocean_both_sidebars_style":"","ocean_both_sidebars_content_width":0,"ocean_both_sidebars_sidebars_width":0,"ocean_sidebar":"","ocean_second_sidebar":"","ocean_disable_margins":"enable","ocean_add_body_class":"","ocean_shortcode_before_top_bar":"","ocean_shortcode_after_top_bar":"","ocean_shortcode_before_header":"","ocean_shortcode_after_header":"","ocean_has_shortcode":"","ocean_shortcode_after_title":"","ocean_shortcode_before_footer_widgets":"","ocean_shortcode_after_footer_widgets":"","ocean_shortcode_before_footer_bottom":"","ocean_shortcode_after_footer_bottom":"","ocean_display_top_bar":"default","ocean_display_header":"default","ocean_header_style":"","ocean_center_header_left_menu":"","ocean_custom_header_template":"","ocean_custom_logo":0,"ocean_custom_retina_logo":0,"ocean_custom_logo_max_width":0,"ocean_custom_logo_tablet_max_width":0,"ocean_custom_logo_mobile_max_width":0,"ocean_custom_logo_max_height":0,"ocean_custom_logo_tablet_max_height":0,"ocean_custom_logo_mobile_max_height":0,"ocean_header_custom_menu":"","ocean_menu_typo_font_family":"","ocean_menu_typo_font_subset":"","ocean_menu_typo_font_size":0,"ocean_menu_typo_font_size_tablet":0,"ocean_menu_typo_font_size_mobile":0,"ocean_menu_typo_font_size_unit":"px","ocean_menu_typo_font_weight":"","ocean_menu_typo_font_weight_tablet":"","ocean_menu_typo_font_weight_mobile":"","ocean_menu_typo_transform":"","ocean_menu_typo_transform_tablet":"","ocean_menu_typo_transform_mobile":"","ocean_menu_typo_line_height":0,"ocean_menu_typo_line_height_tablet":0,"ocean_menu_typo_line_height_mobile":0,"ocean_menu_typo_line_height_unit":"","ocean_menu_typo_spacing":0,"ocean_menu_typo_spacing_tablet":0,"ocean_menu_typo_spacing_mobile":0,"ocean_menu_typo_spacing_unit":"","ocean_menu_link_color":"","ocean_menu_link_color_hover":"","ocean_menu_link_color_active":"","ocean_menu_link_background":"","ocean_menu_link_hover_background":"","ocean_menu_link_active_background":"","ocean_menu_social_links_bg":"","ocean_menu_social_hover_links_bg":"","ocean_menu_social_links_color":"","ocean_menu_social_hover_links_color":"","ocean_disable_title":"default","ocean_disable_heading":"default","ocean_post_title":"","ocean_post_subheading":"","ocean_post_title_style":"","ocean_post_title_background_color":"","ocean_post_title_background":0,"ocean_post_title_bg_image_position":"","ocean_post_title_bg_image_attachment":"","ocean_post_title_bg_image_repeat":"","ocean_post_title_bg_image_size":"","ocean_post_title_height":0,"ocean_post_title_bg_overlay":0.5,"ocean_post_title_bg_overlay_color":"","ocean_disable_breadcrumbs":"default","ocean_breadcrumbs_color":"","ocean_breadcrumbs_separator_color":"","ocean_breadcrumbs_links_color":"","ocean_breadcrumbs_links_hover_color":"","ocean_display_footer_widgets":"default","ocean_display_footer_bottom":"default","ocean_custom_footer_template":""},"eaja_categoria":[104,69],"serie":[75,76],"eaja_componente":[81],"class_list":["post-147187","eaja","type-eaja","status-publish","has-post-thumbnail","hentry","eaja_categoria-2o-segmento-5a-e-6a-serie","eaja_categoria-2o-segmento-7a-e-8a-serie","serie-6a-serie","serie-7a-serie","eaja_componente-educacao-fisica","entry","has-media"],"acf":[],"_links":{"self":[{"href":"https:\/\/sme.goiania.go.gov.br\/conexaoescola\/wp-json\/wp\/v2\/eaja\/147187","targetHints":{"allow":["GET"]}}],"collection":[{"href":"https:\/\/sme.goiania.go.gov.br\/conexaoescola\/wp-json\/wp\/v2\/eaja"}],"about":[{"href":"https:\/\/sme.goiania.go.gov.br\/conexaoescola\/wp-json\/wp\/v2\/types\/eaja"}],"author":[{"embeddable":true,"href":"https:\/\/sme.goiania.go.gov.br\/conexaoescola\/wp-json\/wp\/v2\/users\/48"}],"wp:featuredmedia":[{"embeddable":true,"href":"https:\/\/sme.goiania.go.gov.br\/conexaoescola\/wp-json\/wp\/v2\/media\/177683"}],"wp:attachment":[{"href":"https:\/\/sme.goiania.go.gov.br\/conexaoescola\/wp-json\/wp\/v2\/media?parent=147187"}],"wp:term":[{"taxonomy":"eaja_categoria","embeddable":true,"href":"https:\/\/sme.goiania.go.gov.br\/conexaoescola\/wp-json\/wp\/v2\/eaja_categoria?post=147187"},{"taxonomy":"serie","embeddable":true,"href":"https:\/\/sme.goiania.go.gov.br\/conexaoescola\/wp-json\/wp\/v2\/serie?post=147187"},{"taxonomy":"eaja_componente","embeddable":true,"href":"https:\/\/sme.goiania.go.gov.br\/conexaoescola\/wp-json\/wp\/v2\/eaja_componente?post=147187"}],"curies":[{"name":"wp","href":"https:\/\/api.w.org\/{rel}","templated":true}]}}