{"id":147085,"date":"2022-08-08T07:00:00","date_gmt":"2022-08-08T10:00:00","guid":{"rendered":"https:\/\/sme.goiania.go.gov.br\/conexaoescola\/?post_type=eaja&#038;p=147085"},"modified":"2024-11-04T15:50:01","modified_gmt":"2024-11-04T18:50:01","slug":"lingua-portuguesa-textos-multissemioticos","status":"publish","type":"eaja","link":"https:\/\/sme.goiania.go.gov.br\/conexaoescola\/eaja\/lingua-portuguesa-textos-multissemioticos\/","title":{"rendered":"L\u00edngua Portuguesa: Textos multissemi\u00f3ticos"},"content":{"rendered":"\n<p class=\"has-text-align-center has-background has-medium-font-size\" style=\"background-color:#fb8eaa\">Esta proposta de atividade de <strong>L\u00edngua Portuguesa<\/strong> e Arte \u00e9 destinada a estudantes do <strong>2\u00ba per\u00edodo<\/strong> (3\u00aa s\u00e9rie) da <strong>Educa\u00e7\u00e3o de Jovens e Adultos<\/strong> \u2013 EJA.<\/p>\n\n\n\n<div style=\"height:20px\" aria-hidden=\"true\" class=\"wp-block-spacer\"><\/div>\n\n\n\n<div class=\"wp-block-buttons is-content-justification-center is-layout-flex wp-container-core-buttons-is-layout-16018d1d wp-block-buttons-is-layout-flex\">\n<div class=\"wp-block-button\"><a class=\"wp-block-button__link wp-element-button\" href=\"https:\/\/drive.google.com\/uc?export=download&amp;id=1xivh4iXqg1RQcrB0yC4aAbqvdcBS0HRf\">BAIXE A ATIVIDADE<\/a><\/div>\n\n\n\n<div class=\"wp-block-button\"><a class=\"wp-block-button__link wp-element-button\" href=\"https:\/\/drive.google.com\/uc?export=download&amp;id=10HA7bnkCwWiu1VYwWsHE8SVSLk2_ZNkg\">BAIXE OS SLIDES<\/a><\/div>\n\n\n\n<div class=\"wp-block-button\"><a class=\"wp-block-button__link wp-element-button\" href=\"https:\/\/drive.google.com\/uc?export=download&amp;id=1-uSw_drFzLG7RVHnG1JRNKnrDvsqOdPH\">BAIXE O TEXTO<\/a><\/div>\n<\/div>\n\n\n\n<div style=\"height:20px\" aria-hidden=\"true\" class=\"wp-block-spacer\"><\/div>\n\n\n<div class=\"wp-block-image is-resized\">\n<figure class=\"aligncenter size-full\"><img fetchpriority=\"high\" decoding=\"async\" width=\"462\" height=\"472\" src=\"https:\/\/sme.goiania.go.gov.br\/conexaoescola\/wp-content\/uploads\/2022\/08\/meme-1-e1659798384472.png\" alt=\"\" class=\"wp-image-147126\" srcset=\"https:\/\/sme.goiania.go.gov.br\/conexaoescola\/wp-content\/uploads\/2022\/08\/meme-1-e1659798384472.png 462w, https:\/\/sme.goiania.go.gov.br\/conexaoescola\/wp-content\/uploads\/2022\/08\/meme-1-e1659798384472-294x300.png 294w\" sizes=\"(max-width: 462px) 100vw, 462px\" \/><figcaption class=\"wp-element-caption\">Fonte: \u201cMemes na comunica\u00e7\u00e3o\u201d, dispon\u00edvel em www.educamidia.org.br<br><\/figcaption><\/figure><\/div>\n\n\n<p class=\"has-medium-font-size\">NO NOSSO DIA A DIA, OS TEXTOS MULTISSEMI\u00d3TICOS S\u00c3O BASTANTE COMUNS. EXEMPLOS DESSES TEXTOS INCLUEM PANFLETOS DE SUPERMERCADOS COM PROMO\u00c7\u00d5ES, CARTAZES, POSTS PARA REDES SOCIAIS, MEMES E PLACAS INDICATIVAS. ESSE TIPO DE TEXTO COMBINA V\u00c1RIAS LINGUAGENS: VERBAL (ORAL E ESCRITA), VISUAL (IMAGENS, \u00cdCONES E DESENHOS), SONORA, CORPORAL E DIGITAL. A MAIORIA DOS TEXTOS QUE ENCONTRAMOS NA SOCIEDADE POSSUI, NO M\u00cdNIMO, A LINGUAGEM VERBAL E A VISUAL (FOTOS, ILUSTRA\u00c7\u00d5ES, CORES).<\/p>\n\n\n\n<p class=\"has-medium-font-size\">ESSAS COMBINA\u00c7\u00d5ES DE LINGUAGENS S\u00c3O PODEROSAS FERRAMENTAS DE COMUNICA\u00c7\u00c3O, POIS PERMITEM TRANSMITIR MENSAGENS DE MANEIRA MAIS COMPLETA E ENVOLVENTE. A INTEGRA\u00c7\u00c3O DE M\u00daLTIPLOS MODOS SEMI\u00d3TICOS FACILITA A COMPREENS\u00c3O E RETEN\u00c7\u00c3O DA INFORMA\u00c7\u00c3O, TORNANDO A COMUNICA\u00c7\u00c3O MAIS EFICAZ.<\/p>\n\n\n\n<p class=\"has-medium-font-size\">POR EXEMPLO, UM POST NAS REDES SOCIAIS QUE UTILIZA UM TEXTO ATRATIVO COMBINADO COM UMA IMAGEM IMPACTANTE E UM V\u00cdDEO EXPLICATIVO TEM MAIS CHANCES DE CAPTAR A ATEN\u00c7\u00c3O DO P\u00daBLICO E COMUNICAR SUA MENSAGEM DE FORMA CLARA. NO AMBIENTE DIGITAL, O USO DE EMOJIS, GIFS E V\u00cdDEOS CURTOS \u00c9 UM EXEMPLO CLARO DE COMO OS TEXTOS MULTISSEMI\u00d3TICOS SE ADAPTARAM \u00c0S NOVAS TECNOLOGIAS, ENRIQUECENDO AS INTERA\u00c7\u00d5ES ONLINE E PERMITINDO UMA COMUNICA\u00c7\u00c3O R\u00c1PIDA E DIN\u00c2MICA.<\/p>\n\n\n\n<p class=\"has-text-align-center has-medium-font-size\"><strong>VAMOS RESPONDER ALGUMAS QUEST\u00d5ES?<\/strong><\/p>\n\n\n\n<div style=\"height:20px\" aria-hidden=\"true\" class=\"wp-block-spacer\"><\/div>\n\n\n\n<p class=\"has-background has-medium-font-size\" style=\"background-color:#f7f0f0\"><strong>QUEST\u00c3O 1 <\/strong><\/p>\n\n\n\n<p class=\"has-medium-font-size\">A IMAGEM DA ESQUERDA \u00c9 UM POST PARA FACEBOOK E A DA DIREITA \u00c9 UMA PINTURA DA ARTISTA PL\u00c1STICA TARSILA DO AMARAL, CUJO T\u00cdTULO \u00c9 AUTORRETRATO. ANALISE AS IMAGENS. QUAL DELAS \u00c9 UM TEXTO MULTISSEMI\u00d3TICO? POR QU\u00ca?&nbsp;&nbsp;&nbsp;<\/p>\n\n\n<div class=\"wp-block-image\">\n<figure class=\"aligncenter size-full\"><img decoding=\"async\" width=\"554\" height=\"282\" src=\"https:\/\/sme.goiania.go.gov.br\/conexaoescola\/wp-content\/uploads\/2022\/08\/linguagens-3--e1659799385347.png\" alt=\"\" class=\"wp-image-147127\" srcset=\"https:\/\/sme.goiania.go.gov.br\/conexaoescola\/wp-content\/uploads\/2022\/08\/linguagens-3--e1659799385347.png 554w, https:\/\/sme.goiania.go.gov.br\/conexaoescola\/wp-content\/uploads\/2022\/08\/linguagens-3--e1659799385347-300x153.png 300w\" sizes=\"(max-width: 554px) 100vw, 554px\" \/><figcaption class=\"wp-element-caption\">Fontes: Imagem 1 &#8211; Canva Post para Facebook e Imagem 2 &#8211;  <a href=\"https:\/\/www.gov.br\/museus\/pt-br\/museus-ibram\/mnba\">https:\/\/www.gov.br\/museus\/pt-br\/museus-ibram\/mnba<\/a>  <\/figcaption><\/figure><\/div>\n\n\n<div style=\"height:20px\" aria-hidden=\"true\" class=\"wp-block-spacer\"><\/div>\n\n\n\n<p class=\"has-background has-medium-font-size\" style=\"background-color:#f7f0f0\"><strong>QUEST\u00c3O 2<\/strong><\/p>\n\n\n\n<p class=\"has-medium-font-size\">RELACIONE OS ELEMENTOS VERBAIS QUE COMP\u00d5EM O POST A SEGUIR.<\/p>\n\n\n<div class=\"wp-block-image\">\n<figure class=\"aligncenter size-full is-resized\"><img decoding=\"async\" width=\"940\" height=\"788\" src=\"https:\/\/sme.goiania.go.gov.br\/conexaoescola\/wp-content\/uploads\/2022\/08\/Post-para-Facebook-corrigido-e1659805147581.png\" alt=\"\" class=\"wp-image-147128\" style=\"width:538px;height:auto\" srcset=\"https:\/\/sme.goiania.go.gov.br\/conexaoescola\/wp-content\/uploads\/2022\/08\/Post-para-Facebook-corrigido-e1659805147581.png 940w, https:\/\/sme.goiania.go.gov.br\/conexaoescola\/wp-content\/uploads\/2022\/08\/Post-para-Facebook-corrigido-e1659805147581-300x251.png 300w, https:\/\/sme.goiania.go.gov.br\/conexaoescola\/wp-content\/uploads\/2022\/08\/Post-para-Facebook-corrigido-e1659805147581-768x644.png 768w\" sizes=\"(max-width: 940px) 100vw, 940px\" \/><figcaption class=\"wp-element-caption\">Fonte:  Imagem dispon\u00edvel em Canva<\/figcaption><\/figure><\/div>\n\n\n<div style=\"height:20px\" aria-hidden=\"true\" class=\"wp-block-spacer\"><\/div>\n\n\n\n<p class=\"has-background has-medium-font-size\" style=\"background-color:#f7f0f0\"><strong>QUEST\u00c3O 3 <\/strong><\/p>\n\n\n\n<p class=\"has-medium-font-size\">ANALISE O POST A SEGUIR E RESPONDA:<\/p>\n\n\n<div class=\"wp-block-image is-resized\">\n<figure class=\"aligncenter size-full\"><img loading=\"lazy\" decoding=\"async\" width=\"940\" height=\"788\" src=\"https:\/\/sme.goiania.go.gov.br\/conexaoescola\/wp-content\/uploads\/2022\/08\/Design-sem-nome-7-e1659805610940.jpg\" alt=\"\" class=\"wp-image-147130\" style=\"width:548px;height:auto\" srcset=\"https:\/\/sme.goiania.go.gov.br\/conexaoescola\/wp-content\/uploads\/2022\/08\/Design-sem-nome-7-e1659805610940.jpg 940w, https:\/\/sme.goiania.go.gov.br\/conexaoescola\/wp-content\/uploads\/2022\/08\/Design-sem-nome-7-e1659805610940-300x251.jpg 300w, https:\/\/sme.goiania.go.gov.br\/conexaoescola\/wp-content\/uploads\/2022\/08\/Design-sem-nome-7-e1659805610940-768x644.jpg 768w\" sizes=\"(max-width: 940px) 100vw, 940px\" \/><figcaption class=\"wp-element-caption\">Fonte: Imagem dispon\u00edvel em Canva &#8211; Post para Facebook<\/figcaption><\/figure><\/div>\n\n\n<p class=\"has-medium-font-size\">A) O POST FOI CRIADO COM QUAL FINALIDADE?<\/p>\n\n\n\n<p class=\"has-medium-font-size\">B) EM SUA OPINI\u00c3O, POSTS COM MENSAGENS COMO ESTA PODEM PROVOCAR QUAIS SENTIMENTOS NOS LEITORES?<\/p>\n\n\n\n<div style=\"height:20px\" aria-hidden=\"true\" class=\"wp-block-spacer\"><\/div>\n\n\n\n<p class=\"has-background has-medium-font-size\" style=\"background-color:#f7f0f0\"><strong>QUEST\u00c3O 4<\/strong><\/p>\n\n\n\n<p class=\"has-medium-font-size\">APRECIE O GRAFITE&#8230;<\/p>\n\n\n<div class=\"wp-block-image is-resized\">\n<figure class=\"aligncenter size-large\"><img loading=\"lazy\" decoding=\"async\" width=\"768\" height=\"1024\" src=\"https:\/\/sme.goiania.go.gov.br\/conexaoescola\/wp-content\/uploads\/2022\/08\/20200712_132710-1-scaled-e1659806933663-768x1024.jpg\" alt=\"\" class=\"wp-image-147131\" style=\"width:584px;height:auto\" srcset=\"https:\/\/sme.goiania.go.gov.br\/conexaoescola\/wp-content\/uploads\/2022\/08\/20200712_132710-1-scaled-e1659806933663-768x1024.jpg 768w, https:\/\/sme.goiania.go.gov.br\/conexaoescola\/wp-content\/uploads\/2022\/08\/20200712_132710-1-scaled-e1659806933663-225x300.jpg 225w, https:\/\/sme.goiania.go.gov.br\/conexaoescola\/wp-content\/uploads\/2022\/08\/20200712_132710-1-scaled-e1659806933663-1152x1536.jpg 1152w, https:\/\/sme.goiania.go.gov.br\/conexaoescola\/wp-content\/uploads\/2022\/08\/20200712_132710-1-scaled-e1659806933663-1536x2048.jpg 1536w, https:\/\/sme.goiania.go.gov.br\/conexaoescola\/wp-content\/uploads\/2022\/08\/20200712_132710-1-scaled-e1659806933663.jpg 1920w\" sizes=\"(max-width: 768px) 100vw, 768px\" \/><figcaption class=\"wp-element-caption\">Fonte: Acervo pessoal Ana Cristina<\/figcaption><\/figure><\/div>\n\n\n<p class=\"has-medium-font-size\">O GRAFITE \u00c9 UM TIPO DE ARTE URBANA CARACTERIZADO PELA PRODU\u00c7\u00c3O DE DESENHOS EM LOCAIS P\u00daBLICOS COMO PAREDES, EDIF\u00cdCIOS, RUAS, ETC. NESTE GRAFITE, O ARTISTA DMIC SULMEMO DESENHOU A CANTORA CARMEM MIRANDA. EM SUA OPINI\u00c3O, O GRAFITE \u00c9 UMA MANEIRA DE LEVAR A ARTE PARA MAIS PESSOAS?&nbsp;<\/p>\n\n\n\n<div class=\"wp-block-group is-vertical is-layout-flex wp-container-core-group-is-layout-8cf370e7 wp-block-group-is-layout-flex\">\n<p class=\"has-medium-font-size\">(A) O GRAFITE \u00c9 UM DOS ELEMENTOS DA LINGUAGEM ART\u00cdSTICA VISUAL.<\/p>\n\n\n\n<p class=\"has-medium-font-size\">(B) O GRAFITE \u00c9 UM DOS ELEMENTOS DA LINGUAGEM ART\u00cdSTICA DA MUSICA .<\/p>\n\n\n\n<p class=\"has-medium-font-size\">(C) O GRAFITE \u00c9 UM DOS ELEMENTOS DA LINGUAGEM ART\u00cdSTICA DO TEATRAL.<\/p>\n\n\n\n<p class=\"has-medium-font-size\">(D) O GRAFITE \u00c9 UM DOS ELEMENTOS DA LINGUAGEM ART\u00cdSTICA DA DAN\u00c7A.<\/p>\n<\/div>\n\n\n\n<div style=\"height:20px\" aria-hidden=\"true\" class=\"wp-block-spacer\"><\/div>\n\n\n\n<p class=\"has-background has-medium-font-size\" style=\"background-color:#f7f0f0\"><strong>QUEST\u00c3O 5<\/strong><\/p>\n\n\n\n<p class=\"has-medium-font-size\">QUAIS S\u00c3O ALGUMAS DAS LINGUAGENS COMBINADAS NOS TEXTOS MULTISSEMI\u00d3TICOS MENCIONADOS NO TEXTO?&nbsp;<\/p>\n\n\n\n<div class=\"wp-block-group is-vertical is-layout-flex wp-container-core-group-is-layout-8cf370e7 wp-block-group-is-layout-flex\">\n<p class=\"has-medium-font-size\">(A) VERBAL E SONORA.<\/p>\n\n\n\n<p class=\"has-medium-font-size\">(B) VISUAL E CORPORAL.<\/p>\n\n\n\n<p class=\"has-medium-font-size\">(C) VISUAL E DIGITAL.&nbsp;<\/p>\n\n\n\n<p class=\"has-medium-font-size\">(D) VERBAL E VISUAL.<\/p>\n<\/div>\n\n\n\n<div style=\"height:20px\" aria-hidden=\"true\" class=\"wp-block-spacer\"><\/div>\n\n\n\n<p class=\"has-background has-medium-font-size\" style=\"background-color:#f7f0f0\"><strong>QUEST\u00c3O 6<\/strong><\/p>\n\n\n\n<p class=\"has-medium-font-size\">POR QUE A INTEGRA\u00c7\u00c3O DE M\u00daLTIPLOS MODOS SEMI\u00d3TICOS \u00c9 CONSIDERADA UMA PODEROSA FERRAMENTA DE COMUNICA\u00c7\u00c3O?&nbsp;<\/p>\n\n\n\n<div class=\"wp-block-group is-vertical is-layout-flex wp-container-core-group-is-layout-8cf370e7 wp-block-group-is-layout-flex\">\n<p class=\"has-medium-font-size\">(A) PORQUE TORNA A COMUNICA\u00c7\u00c3O MAIS DIF\u00cdCIL DE ENTENDER.&nbsp;<\/p>\n\n\n\n<p class=\"has-medium-font-size\">(B) PORQUE LIMITA A CAPACIDADE DE RETEN\u00c7\u00c3O DA INFORMA\u00c7\u00c3O.&nbsp;<\/p>\n\n\n\n<p class=\"has-medium-font-size\">(C) PORQUE FACILITA A COMPREENS\u00c3O E RETEN\u00c7\u00c3O DA INFORMA\u00c7\u00c3O.&nbsp;<\/p>\n\n\n\n<p class=\"has-medium-font-size\">(D) PORQUE TORNA A COMUNICA\u00c7\u00c3O MENOS ENVOLVENTE.<\/p>\n<\/div>\n\n\n\n<div style=\"height:20px\" aria-hidden=\"true\" class=\"wp-block-spacer\"><\/div>\n\n\n\n<p class=\"has-background has-medium-font-size\" style=\"background-color:#f7f0f0\"><strong>QUEST\u00c3O 7<\/strong><\/p>\n\n\n\n<p class=\"has-medium-font-size\">A PARTIR DO QUE VOC\u00ca APRENDEU SOBRE TEXTOS MULTISSEMI\u00d3TICOS E GRAFITE, EM SUA PR\u00d3XIMA SA\u00cdDA, ESCOLHA UM GRAFITE, FOTOGRAFE-O E CRIE UM POST PARA SUA REDE SOCIAL. COLOQUE EM PR\u00c1TICA O SEU NOVO CONHECIMENTO, COMBINADO?<\/p>\n\n\n\n<div style=\"height:20px\" aria-hidden=\"true\" class=\"wp-block-spacer\"><\/div>\n\n\n\n<hr class=\"wp-block-separator has-css-opacity\"\/>\n\n\n\n<p class=\"has-background has-medium-font-size\" style=\"background-color:#f3a6b9\"><strong>SABER MAIS<\/strong><\/p>\n\n\n\n<p class=\"has-medium-font-size\">PARA SABER UM POUCO MAIS SOBRE OS TEXTOS MULTISSEMI\u00d3TICOS , ASSISTA AO V\u00cdDEO DA PROFESSORA ANA CRISTINA.<\/p>\n\n\n\n<hr class=\"wp-block-separator has-css-opacity\"\/>\n\n\n\n<figure class=\"wp-block-embed is-type-video is-provider-youtube wp-block-embed-youtube wp-embed-aspect-16-9 wp-has-aspect-ratio\"><div class=\"wp-block-embed__wrapper\">\n<p class=\"responsive-video-wrap clr\"><iframe title=\"Textos multissemi\u00f3ticos\" width=\"1200\" height=\"675\" src=\"https:\/\/www.youtube.com\/embed\/bZPgM11YIPQ?feature=oembed\" frameborder=\"0\" allow=\"accelerometer; autoplay; clipboard-write; encrypted-media; gyroscope; picture-in-picture; web-share\" referrerpolicy=\"strict-origin-when-cross-origin\" allowfullscreen><\/iframe><\/p>\n<\/div><figcaption class=\"wp-element-caption\">Fonte: v\u00eddeo dispon\u00edvel em https:\/\/www.youtube.com\/watch?v=bZPgM11YIPQ<\/figcaption><\/figure>\n\n\n\n<hr class=\"wp-block-separator has-css-opacity\"\/>\n\n\n\n<figure class=\"wp-block-table is-style-stripes\"><table><tbody><tr><td>Autoria: <\/td><td>Ana Cristina Pereira Diniz<\/td><\/tr><tr><td>Forma\u00e7\u00e3o:<\/td><td>Pedagogia <\/td><\/tr><tr><td>Componentes Curriculares<\/td><td>L\u00edngua Portuguesa e Arte<\/td><\/tr><tr><td>Objetivos de aprendizagem e desenvolvimento<\/td><td>(EJALP0208) Analisar textos que circulam no campo da vida p\u00fablica<br><br>EJAAV0212) Conhecer, explorar e experimentar, (fazendo uso sustent\u00e1vel de<br>materiais, t\u00e9cnicas e procedimentos), diferentes formas de express\u00e3o art\u00edstica<br>(desenho, pintura, colagem, HQ, dobradura, escultura, modelagem, gravura, murais, instala\u00e7\u00e3o, v\u00eddeo, fotografia, performance, etc) refletindo sobre seus significados expressivos<\/td><\/tr><tr><td>Refer\u00eancias<\/td><td>BRASIL. Minist\u00e9rio da Educa\u00e7\u00e3o. Base Nacional Comum Curricular. Bras\u00edlia, 2018.<br>Goi\u00e2nia. Matriz Estruturante EJA 2022. Secretaria Municipal de Educa\u00e7\u00e3o e Esporte de Goi\u00e2nia, 2022.<br><a href=\"https:\/\/novaescola.org.br\/conteudo\/16264\/lingua-portuguesa-como-trabalhar-textos-multissemioticos\">https:\/\/novaescola.org.br\/conteudo\/16264\/lingua-portuguesa-como-trabalhar-textos-multissemioticos<\/a><br><a href=\"https:\/\/www.escrevendoofuturo.org.br\/formacao\/pergunte-a-olimpia\/178\/diferencas-e-aplicacoes-entre-multissemiotico-e-multimidiatico\">https:\/\/www.escrevendoofuturo.org.br\/formacao\/pergunte-a-olimpia\/178\/diferencas-e-aplicacoes-entre-multissemiotico-e-multimidiatico<\/a><br><a href=\"https:\/\/www.gov.br\/museus\/pt-br\/museus-ibram\/mnba\">https:\/\/www.gov.br\/museus\/pt-br\/museus-ibram\/mnba<\/a><\/td><\/tr><tr><td><br><strong>Adequa\u00e7\u00e3o:<\/strong><\/td><td><br>Ariadiny C\u00e2ndido Morais<\/td><\/tr><\/tbody><\/table><\/figure>\n\n\n\n<hr class=\"wp-block-separator has-css-opacity\"\/>\n","protected":false},"author":40,"featured_media":147130,"template":"","meta":{"_acf_changed":false,"ocean_post_layout":"","ocean_both_sidebars_style":"","ocean_both_sidebars_content_width":0,"ocean_both_sidebars_sidebars_width":0,"ocean_sidebar":"","ocean_second_sidebar":"","ocean_disable_margins":"enable","ocean_add_body_class":"","ocean_shortcode_before_top_bar":"","ocean_shortcode_after_top_bar":"","ocean_shortcode_before_header":"","ocean_shortcode_after_header":"","ocean_has_shortcode":"","ocean_shortcode_after_title":"","ocean_shortcode_before_footer_widgets":"","ocean_shortcode_after_footer_widgets":"","ocean_shortcode_before_footer_bottom":"","ocean_shortcode_after_footer_bottom":"","ocean_display_top_bar":"default","ocean_display_header":"default","ocean_header_style":"","ocean_center_header_left_menu":"","ocean_custom_header_template":"","ocean_custom_logo":0,"ocean_custom_retina_logo":0,"ocean_custom_logo_max_width":0,"ocean_custom_logo_tablet_max_width":0,"ocean_custom_logo_mobile_max_width":0,"ocean_custom_logo_max_height":0,"ocean_custom_logo_tablet_max_height":0,"ocean_custom_logo_mobile_max_height":0,"ocean_header_custom_menu":"","ocean_menu_typo_font_family":"","ocean_menu_typo_font_subset":"","ocean_menu_typo_font_size":0,"ocean_menu_typo_font_size_tablet":0,"ocean_menu_typo_font_size_mobile":0,"ocean_menu_typo_font_size_unit":"px","ocean_menu_typo_font_weight":"","ocean_menu_typo_font_weight_tablet":"","ocean_menu_typo_font_weight_mobile":"","ocean_menu_typo_transform":"","ocean_menu_typo_transform_tablet":"","ocean_menu_typo_transform_mobile":"","ocean_menu_typo_line_height":0,"ocean_menu_typo_line_height_tablet":0,"ocean_menu_typo_line_height_mobile":0,"ocean_menu_typo_line_height_unit":"","ocean_menu_typo_spacing":0,"ocean_menu_typo_spacing_tablet":0,"ocean_menu_typo_spacing_mobile":0,"ocean_menu_typo_spacing_unit":"","ocean_menu_link_color":"","ocean_menu_link_color_hover":"","ocean_menu_link_color_active":"","ocean_menu_link_background":"","ocean_menu_link_hover_background":"","ocean_menu_link_active_background":"","ocean_menu_social_links_bg":"","ocean_menu_social_hover_links_bg":"","ocean_menu_social_links_color":"","ocean_menu_social_hover_links_color":"","ocean_disable_title":"default","ocean_disable_heading":"default","ocean_post_title":"","ocean_post_subheading":"","ocean_post_title_style":"","ocean_post_title_background_color":"","ocean_post_title_background":0,"ocean_post_title_bg_image_position":"","ocean_post_title_bg_image_attachment":"","ocean_post_title_bg_image_repeat":"","ocean_post_title_bg_image_size":"","ocean_post_title_height":0,"ocean_post_title_bg_overlay":0.5,"ocean_post_title_bg_overlay_color":"","ocean_disable_breadcrumbs":"default","ocean_breadcrumbs_color":"","ocean_breadcrumbs_separator_color":"","ocean_breadcrumbs_links_color":"","ocean_breadcrumbs_links_hover_color":"","ocean_display_footer_widgets":"default","ocean_display_footer_bottom":"default","ocean_custom_footer_template":""},"eaja_categoria":[4],"serie":[72],"eaja_componente":[77],"class_list":["post-147085","eaja","type-eaja","status-publish","has-post-thumbnail","hentry","eaja_categoria-1o-segmento-1a-a-4a-serie","serie-3a-serie","eaja_componente-lingua-portuguesa","entry","has-media"],"acf":[],"_links":{"self":[{"href":"https:\/\/sme.goiania.go.gov.br\/conexaoescola\/wp-json\/wp\/v2\/eaja\/147085","targetHints":{"allow":["GET"]}}],"collection":[{"href":"https:\/\/sme.goiania.go.gov.br\/conexaoescola\/wp-json\/wp\/v2\/eaja"}],"about":[{"href":"https:\/\/sme.goiania.go.gov.br\/conexaoescola\/wp-json\/wp\/v2\/types\/eaja"}],"author":[{"embeddable":true,"href":"https:\/\/sme.goiania.go.gov.br\/conexaoescola\/wp-json\/wp\/v2\/users\/40"}],"wp:featuredmedia":[{"embeddable":true,"href":"https:\/\/sme.goiania.go.gov.br\/conexaoescola\/wp-json\/wp\/v2\/media\/147130"}],"wp:attachment":[{"href":"https:\/\/sme.goiania.go.gov.br\/conexaoescola\/wp-json\/wp\/v2\/media?parent=147085"}],"wp:term":[{"taxonomy":"eaja_categoria","embeddable":true,"href":"https:\/\/sme.goiania.go.gov.br\/conexaoescola\/wp-json\/wp\/v2\/eaja_categoria?post=147085"},{"taxonomy":"serie","embeddable":true,"href":"https:\/\/sme.goiania.go.gov.br\/conexaoescola\/wp-json\/wp\/v2\/serie?post=147085"},{"taxonomy":"eaja_componente","embeddable":true,"href":"https:\/\/sme.goiania.go.gov.br\/conexaoescola\/wp-json\/wp\/v2\/eaja_componente?post=147085"}],"curies":[{"name":"wp","href":"https:\/\/api.w.org\/{rel}","templated":true}]}}