{"id":143761,"date":"2022-05-16T07:00:00","date_gmt":"2022-05-16T10:00:00","guid":{"rendered":"https:\/\/sme.goiania.go.gov.br\/conexaoescola\/?post_type=eaja&#038;p=143761"},"modified":"2024-03-30T12:24:56","modified_gmt":"2024-03-30T15:24:56","slug":"matematica-fracoes-e-seus-problemas","status":"publish","type":"eaja","link":"https:\/\/sme.goiania.go.gov.br\/conexaoescola\/eaja\/matematica-fracoes-e-seus-problemas\/","title":{"rendered":"Matem\u00e1tica &#8211; Fra\u00e7\u00f5es de uma quantidade"},"content":{"rendered":"\n<p class=\"has-text-align-center has-white-background-color has-background has-medium-font-size\"><strong><strong>Esta proposta de atividade de Matem\u00e1tica \u00e9 destinada aos estudantes do 4\u00ba Per\u00edodo&nbsp;(5\u00aa s\u00e9rie)&nbsp;da Educa\u00e7\u00e3o de Jovens e Adultos \u2013 EJA.<\/strong><\/strong><\/p>\n\n\n\n<div class=\"wp-block-buttons alignwide is-content-justification-center is-layout-flex wp-container-core-buttons-is-layout-16018d1d wp-block-buttons-is-layout-flex\">\n<div class=\"wp-block-button has-custom-font-size has-medium-font-size\"><a class=\"wp-block-button__link wp-element-button\" href=\"https:\/\/drive.google.com\/uc?export=douwnload&amp;id=1j_8hLDceTT-TGwjdZSqPuQTh-n-H9JiF\" target=\"_blank\" rel=\"noreferrer noopener\">BAIXE A ATIVIDADE<\/a><\/div>\n\n\n\n<div class=\"wp-block-button has-custom-font-size has-medium-font-size\"><a class=\"wp-block-button__link wp-element-button\" href=\"https:\/\/drive.google.com\/uc?export=douwnload&amp;id=1W22mj1oZJqqxnpFmPKfpzkoqaHoSyzle\" target=\"_blank\" rel=\"noreferrer noopener\">BAIXE OS SLIDES<\/a><\/div>\n\n\n\n<div class=\"wp-block-button has-custom-font-size has-medium-font-size\"><a class=\"wp-block-button__link wp-element-button\" href=\"https:\/\/drive.google.com\/uc?export=douwnload&amp;id=1iQczVz2LaoUjR3zZaPiGf50WOSk3sQap\" target=\"_blank\" rel=\"noreferrer noopener\">BAIXE O TEXTO<\/a><\/div>\n<\/div>\n\n\n\n<div class=\"wp-block-media-text is-stacked-on-mobile\" style=\"grid-template-columns:37% auto\"><figure class=\"wp-block-media-text__media\"><img decoding=\"async\" width=\"224\" height=\"163\" src=\"https:\/\/sme.goiania.go.gov.br\/conexaoescola\/wp-content\/uploads\/2023\/08\/5_1.png\" alt=\"\" class=\"wp-image-167562 size-full\"\/><\/figure><div class=\"wp-block-media-text__content\">\n<p class=\"has-vivid-red-color has-text-color has-medium-font-size\"><strong>Fra\u00e7\u00e3o de uma quantidade<\/strong><\/p>\n\n\n\n<p class=\"has-vivid-red-color has-text-color has-medium-font-size\"><strong>Um pequeno resumo sobre fra\u00e7\u00f5es.<\/strong><\/p>\n\n\n\n<p class=\"has-medium-font-size\">Uma <strong>fra\u00e7\u00e3o<\/strong> representa uma parte de um inteiro dividido em partes iguais. Isso \u00e9 frequentemente ilustrado por um <strong>numerador <\/strong>(o n\u00famero superior) e um <strong>denominador<\/strong> (o n\u00famero inferior), indicando quantas partes de um todo est\u00e3o sendo consideradas.<\/p>\n\n\n\n<p class=\"has-small-font-size\">Imagem:canva.com\/fra\u00e7\u00e3o_dinheiro<\/p>\n<\/div><\/div>\n\n\n\n<hr class=\"wp-block-separator has-css-opacity\"\/>\n\n\n\n<p class=\"has-medium-font-size\">A compreens\u00e3o de fra\u00e7\u00f5es como partes de um todo \u00e9 fundamental em muitos aspectos da vida cotidiana e da matem\u00e1tica. S\u00e3o usadas em diversas situa\u00e7\u00f5es, desde cozinhar at\u00e9 construir edif\u00edcios.<\/p>\n\n\n\n<p class=\"has-vivid-red-color has-text-color has-medium-font-size\"><strong>Como calcular fra\u00e7\u00e3o de uma quantidade inteira?<\/strong><\/p>\n\n\n\n<p class=\"has-medium-font-size\">O c\u00e1lculo de fra\u00e7\u00f5es de uma quantidade inteira envolve <strong>multiplicar<\/strong> a quantidade pelo <strong>numerador<\/strong> da fra\u00e7\u00e3o e, em seguida, <strong>dividir<\/strong> pelo <strong>denominador<\/strong> ou <strong>dividir<\/strong> a quantidade inteira pelo <strong>denominador<\/strong> da fra\u00e7\u00e3o e, em seguida, <strong>multiplicar<\/strong> pelo <strong>numerador<\/strong>. Isso determina a parte da quantidade total representada pela fra\u00e7\u00e3o.<\/p>\n\n\n\n<p class=\"has-medium-font-size\"><strong>Por exemplo:<\/strong><\/p>\n\n\n\n<ul class=\"wp-block-list\">\n<li class=\"has-medium-font-size\">Para calcular 3\/5 de 500 reais (tr\u00eas quintos de quinhentos) basta multiplicar 500 pelo numerador (3) e o resultado dividir pelo denominador (5), ou dividir 500 pelo denominador (5) e o resultado multiplicar pelo numerador (5).<\/li>\n<\/ul>\n\n\n\n<p class=\"has-medium-font-size\">3\/5 de 500 = 500 x 3 : 5 = 1500 : 5 = 300 reais.<\/p>\n\n\n\n<p class=\"has-medium-font-size\">3\/5 de 500 = 500 : 5 x 3 = 100 x 3 = 300 reais.<\/p>\n\n\n\n<ul class=\"wp-block-list\">\n<li class=\"has-medium-font-size\">Para calcular 2\/7 de 4900 reais (dois s\u00e9timos de 4900 reais) basta multiplicar 4900 pelo numerador (2) e o resultado dividir pelo denominador (7), ou dividir 4900 pelo denominador (7) e o resultado multiplicar pelo numerador (2).<\/li>\n<\/ul>\n\n\n\n<p class=\"has-medium-font-size\">2\/7 de 4900 = 4900 x 2 : 7 = 9800 : 7 = 1400 reais.<\/p>\n\n\n\n<p class=\"has-medium-font-size\">2\/7 de 4900 = 4900 : 7 x 2 = 700 x 2 = 1400 reais.<\/p>\n\n\n\n<p class=\"has-vivid-red-color has-text-color has-medium-font-size\"><strong>Um problema para finalizar<\/strong><\/p>\n\n\n\n<p class=\"has-medium-font-size\">Os irm\u00e3os Pedro e Paulo compraram um terreno e decidiram dividir a propriedade em partes iguais. Pedro disse que vai construir em 2\/3 do lote j\u00e1 Paulo planeja usar 1\/3 para um jardim. Se o terreno tem uma \u00e1rea total de 900 metros quadrados, quanto de terra Pedro e Paulo usar\u00e3o cada um para suas respectivas finalidades?<\/p>\n\n\n\n<p class=\"has-medium-font-size\">Parte do terreno usada por Pedro na constru\u00e7\u00e3o:<\/p>\n\n\n\n<p class=\"has-medium-font-size\">2\/3 de 900 = 900 : 3 x 2 = 300 x 2 = 600 metros quadrados.<\/p>\n\n\n\n<p class=\"has-medium-font-size\">Parte do terreno usada por Paulo na constru\u00e7\u00e3o de um jardim:<\/p>\n\n\n\n<p class=\"has-medium-font-size\">1\/3 de 900 = 900 : 3 x 1 = 300 x 1 = 300 metros quadrados.<\/p>\n\n\n\n<p class=\"has-medium-font-size\">Ficamos por aqui, at\u00e9 o pr\u00f3ximo.<\/p>\n\n\n\n<p class=\"has-black-color has-pale-pink-background-color has-text-color has-background has-medium-font-size\"><strong>QUEST\u00c3O 01<\/strong><\/p>\n\n\n\n<p class=\"has-medium-font-size\">No patrim\u00f4nio do Sr. Jo\u00e3o consta uma fazenda de 90 hectares. Ap\u00f3s sua morte, a fazenda foi dividida igualmente entre tr\u00eas irm\u00e3os. Um dos irm\u00e3os vendeu 3\/9 da sua parte, quantos hectares ele vendeu? E quantos hectares ele ainda possui?<\/p>\n\n\n\n<p class=\"has-medium-font-size\">OBS. O <strong>hectare<\/strong> \u00e9 uma unidade de medida de \u00e1rea que faz parte do sistema m\u00e9trico decimal. \u00c9 uma medida padr\u00e3o amplamente utilizada em todo o mundo para medir \u00e1reas de terras, propriedades agr\u00edcolas, terrenos e espa\u00e7os urbanos.<\/p>\n\n\n\n<p class=\"has-black-color has-pale-pink-background-color has-text-color has-background has-medium-font-size\"><strong>QUEST\u00c3O 02<\/strong><\/p>\n\n\n\n<p class=\"has-medium-font-size\">Tr\u00eas amigos (Paulo, J\u00falio e Laura) alugaram um carro para uma viagem. O aluguel total do carro foi de 600 reais. Se Paulo pagou 2\/5 desse valor e J\u00falio pagou 1\/3, quantos reais sobraram para Laura quitar o valor do aluguel?<\/p>\n\n\n\n<p class=\"has-black-color has-pale-pink-background-color has-text-color has-background has-medium-font-size\"><strong>QUEST\u00c3O 03<\/strong><\/p>\n\n\n\n<p class=\"has-medium-font-size\">Maria vende bolos que s\u00e3o divididos em 12 peda\u00e7os iguais. Se ela vender cada peda\u00e7o por R$4,00, ent\u00e3o podemos afirmar que 3\/4 do bolo ir\u00e1 custar<\/p>\n\n\n\n<p class=\"has-medium-font-size\">(A) R$6,00.<\/p>\n\n\n\n<p class=\"has-medium-font-size\">(B) R$12,00.<\/p>\n\n\n\n<p class=\"has-medium-font-size\">(C) R$24,00.<\/p>\n\n\n\n<p class=\"has-medium-font-size\">(D) R$36,00.<\/p>\n\n\n\n<p class=\"has-black-color has-pale-pink-background-color has-text-color has-background has-medium-font-size\"><strong>QUEST\u00c3O 04<\/strong><\/p>\n\n\n\n<p class=\"has-medium-font-size\">Jo\u00e3o gastou 2\/5 do seu sal\u00e1rio de R$3.500,00 com despesas pessoais e ainda sobrou<\/p>\n\n\n\n<p class=\"has-medium-font-size\">(A) R$700,00.<\/p>\n\n\n\n<p class=\"has-medium-font-size\">(B) R$1.100,00.<\/p>\n\n\n\n<p class=\"has-medium-font-size\">(C) R$1.400,00.<\/p>\n\n\n\n<p class=\"has-medium-font-size\">(D) R$2.100,00.<\/p>\n\n\n\n<hr class=\"wp-block-separator has-css-opacity\"\/>\n\n\n\n<p class=\"has-white-color has-vivid-red-background-color has-text-color has-background has-medium-font-size\"><strong>SAIBA MAIS<\/strong><\/p>\n\n\n\n<p class=\"has-medium-font-size\">Quer saber um pouco mais? Ent\u00e3o assista o v\u00eddeo do canal do Prof. H\u00e9lio.<\/p>\n\n\n\n<p class=\"has-medium-font-size\">Adi\u00e7\u00e3o e subtra\u00e7\u00e3o com fra\u00e7\u00f5es<\/p>\n\n\n\n<figure class=\"wp-block-embed is-type-video is-provider-youtube wp-block-embed-youtube wp-embed-aspect-16-9 wp-has-aspect-ratio\"><div class=\"wp-block-embed__wrapper\">\n<p class=\"responsive-video-wrap clr\"><iframe title=\"Adi\u00e7\u00e3o e subtra\u00e7\u00e3o com fra\u00e7\u00f5es\" width=\"1200\" height=\"675\" src=\"https:\/\/www.youtube.com\/embed\/wWrR2ObWYmU?feature=oembed\" frameborder=\"0\" allow=\"accelerometer; autoplay; clipboard-write; encrypted-media; gyroscope; picture-in-picture; web-share\" referrerpolicy=\"strict-origin-when-cross-origin\" allowfullscreen><\/iframe><\/p>\n<\/div><figcaption class=\"wp-element-caption\">Canal Professor Helio Roberto da Rocha &#8220;Adi\u00e7\u00e3o e subtra\u00e7\u00e3o com fra\u00e7\u00f5es&#8221;. Dispon\u00edvel em: &lt;https:\/\/www.youtube.com\/watch?v=wWrR2ObWYmU&gt;. Acesso em: 16 mai 2022.<\/figcaption><\/figure>\n\n\n\n<hr class=\"wp-block-separator has-css-opacity\"\/>\n\n\n\n<hr class=\"wp-block-separator has-css-opacity\"\/>\n\n\n\n<figure class=\"wp-block-table is-style-stripes\"><table><tbody><tr><td>Componente Curricular<\/td><td>Matem\u00e1tica<\/td><\/tr><tr><td>Objetivos de aprendizagem e desenvolvimento<\/td><td>(EJAMA0412) Resolver situa\u00e7\u00f5es problema que envolvam o c\u00e1lculo da fra\u00e7\u00e3o de uma quantidade e cujo resultado seja um n\u00famero natural.<\/td><\/tr><tr><td> Refer\u00eancias <\/td><td> SOUZA, Joamir Roberto de: Matem\u00e1tica realidade &amp; tecnologia: 6\u00ba ano: ensino fundamental: anos finais \/Joamir Roberto de Souza. \u2013 1. ed. \u2013 S\u00e3o Paulo: FTD, 2018.<br>GIOVANNI J\u00daNIOR, Jos\u00e9 Ruy &#8211; A conquista da matem\u00e1tica: 6\u00b0 ano: ensino fundamental: anos finais \/ Jos\u00e9 Ruy Giovanni J\u00fanior, Benedicto Castrucci. \u2014 4. ed. \u2014 S\u00e3o Paulo: FTD, 2018.<br>PATARO, Patricia Moreno Matem\u00e1tica essencial 6\u00b0 ano: ensino fundamental, anos finais \/ Patricia Moreno Pataro, Rodrigo Balestri. &#8211; 1. ed. &#8211; S\u00e3o Paulo: Scipione, 2018 <\/td><\/tr><\/tbody><\/table><\/figure>\n\n\n\n<p><\/p>\n","protected":false},"author":47,"featured_media":167702,"template":"","meta":{"_acf_changed":false,"ocean_post_layout":"","ocean_both_sidebars_style":"","ocean_both_sidebars_content_width":0,"ocean_both_sidebars_sidebars_width":0,"ocean_sidebar":"","ocean_second_sidebar":"","ocean_disable_margins":"enable","ocean_add_body_class":"","ocean_shortcode_before_top_bar":"","ocean_shortcode_after_top_bar":"","ocean_shortcode_before_header":"","ocean_shortcode_after_header":"","ocean_has_shortcode":"","ocean_shortcode_after_title":"","ocean_shortcode_before_footer_widgets":"","ocean_shortcode_after_footer_widgets":"","ocean_shortcode_before_footer_bottom":"","ocean_shortcode_after_footer_bottom":"","ocean_display_top_bar":"default","ocean_display_header":"default","ocean_header_style":"","ocean_center_header_left_menu":"","ocean_custom_header_template":"","ocean_custom_logo":0,"ocean_custom_retina_logo":0,"ocean_custom_logo_max_width":0,"ocean_custom_logo_tablet_max_width":0,"ocean_custom_logo_mobile_max_width":0,"ocean_custom_logo_max_height":0,"ocean_custom_logo_tablet_max_height":0,"ocean_custom_logo_mobile_max_height":0,"ocean_header_custom_menu":"","ocean_menu_typo_font_family":"","ocean_menu_typo_font_subset":"","ocean_menu_typo_font_size":0,"ocean_menu_typo_font_size_tablet":0,"ocean_menu_typo_font_size_mobile":0,"ocean_menu_typo_font_size_unit":"px","ocean_menu_typo_font_weight":"","ocean_menu_typo_font_weight_tablet":"","ocean_menu_typo_font_weight_mobile":"","ocean_menu_typo_transform":"","ocean_menu_typo_transform_tablet":"","ocean_menu_typo_transform_mobile":"","ocean_menu_typo_line_height":0,"ocean_menu_typo_line_height_tablet":0,"ocean_menu_typo_line_height_mobile":0,"ocean_menu_typo_line_height_unit":"","ocean_menu_typo_spacing":0,"ocean_menu_typo_spacing_tablet":0,"ocean_menu_typo_spacing_mobile":0,"ocean_menu_typo_spacing_unit":"","ocean_menu_link_color":"","ocean_menu_link_color_hover":"","ocean_menu_link_color_active":"","ocean_menu_link_background":"","ocean_menu_link_hover_background":"","ocean_menu_link_active_background":"","ocean_menu_social_links_bg":"","ocean_menu_social_hover_links_bg":"","ocean_menu_social_links_color":"","ocean_menu_social_hover_links_color":"","ocean_disable_title":"default","ocean_disable_heading":"default","ocean_post_title":"","ocean_post_subheading":"","ocean_post_title_style":"","ocean_post_title_background_color":"","ocean_post_title_background":0,"ocean_post_title_bg_image_position":"","ocean_post_title_bg_image_attachment":"","ocean_post_title_bg_image_repeat":"","ocean_post_title_bg_image_size":"","ocean_post_title_height":0,"ocean_post_title_bg_overlay":0.5,"ocean_post_title_bg_overlay_color":"","ocean_disable_breadcrumbs":"default","ocean_breadcrumbs_color":"","ocean_breadcrumbs_separator_color":"","ocean_breadcrumbs_links_color":"","ocean_breadcrumbs_links_hover_color":"","ocean_display_footer_widgets":"default","ocean_display_footer_bottom":"default","ocean_custom_footer_template":""},"eaja_categoria":[104],"serie":[74],"eaja_componente":[78],"class_list":["post-143761","eaja","type-eaja","status-publish","has-post-thumbnail","hentry","eaja_categoria-2o-segmento-5a-e-6a-serie","serie-5a-serie","eaja_componente-matematica","entry","has-media"],"acf":[],"_links":{"self":[{"href":"https:\/\/sme.goiania.go.gov.br\/conexaoescola\/wp-json\/wp\/v2\/eaja\/143761","targetHints":{"allow":["GET"]}}],"collection":[{"href":"https:\/\/sme.goiania.go.gov.br\/conexaoescola\/wp-json\/wp\/v2\/eaja"}],"about":[{"href":"https:\/\/sme.goiania.go.gov.br\/conexaoescola\/wp-json\/wp\/v2\/types\/eaja"}],"author":[{"embeddable":true,"href":"https:\/\/sme.goiania.go.gov.br\/conexaoescola\/wp-json\/wp\/v2\/users\/47"}],"wp:featuredmedia":[{"embeddable":true,"href":"https:\/\/sme.goiania.go.gov.br\/conexaoescola\/wp-json\/wp\/v2\/media\/167702"}],"wp:attachment":[{"href":"https:\/\/sme.goiania.go.gov.br\/conexaoescola\/wp-json\/wp\/v2\/media?parent=143761"}],"wp:term":[{"taxonomy":"eaja_categoria","embeddable":true,"href":"https:\/\/sme.goiania.go.gov.br\/conexaoescola\/wp-json\/wp\/v2\/eaja_categoria?post=143761"},{"taxonomy":"serie","embeddable":true,"href":"https:\/\/sme.goiania.go.gov.br\/conexaoescola\/wp-json\/wp\/v2\/serie?post=143761"},{"taxonomy":"eaja_componente","embeddable":true,"href":"https:\/\/sme.goiania.go.gov.br\/conexaoescola\/wp-json\/wp\/v2\/eaja_componente?post=143761"}],"curies":[{"name":"wp","href":"https:\/\/api.w.org\/{rel}","templated":true}]}}