{"id":141458,"date":"2022-04-12T09:02:00","date_gmt":"2022-04-12T12:02:00","guid":{"rendered":"https:\/\/sme.goiania.go.gov.br\/conexaoescola\/?post_type=eaja&#038;p=141458"},"modified":"2022-04-29T12:31:45","modified_gmt":"2022-04-29T15:31:45","slug":"lingua-portuguesa-e-historia-memorias-sentimentos-e-historias","status":"publish","type":"eaja","link":"https:\/\/sme.goiania.go.gov.br\/conexaoescola\/eaja\/lingua-portuguesa-e-historia-memorias-sentimentos-e-historias\/","title":{"rendered":"L\u00edngua Portuguesa e Hist\u00f3ria &#8211; Hist\u00f3rias, mem\u00f3rias e sentimentos&#8230;"},"content":{"rendered":"\n<p class=\"has-black-color has-text-color has-background has-medium-font-size\" style=\"background-color:#97f7b2\">Esta proposta de atividade de&nbsp;<strong>L\u00edngua Portuguesa e Hist\u00f3ria<\/strong> \u00e9 destinada a estudantes da <strong>1\u00aa e 2\u00aa&nbsp;s\u00e9rie&nbsp;<\/strong>da Educa\u00e7\u00e3o de Jovens e Adultos.<\/p>\n\n\n\n<figure class=\"wp-block-image size-large\"><img fetchpriority=\"high\" decoding=\"async\" width=\"1024\" height=\"680\" src=\"https:\/\/sme.goiania.go.gov.br\/conexaoescola\/wp-content\/uploads\/2022\/04\/pexels-tom-fisk-3087602-1-e1649695140523-1024x680.jpg\" alt=\"\" class=\"wp-image-141690\" srcset=\"https:\/\/sme.goiania.go.gov.br\/conexaoescola\/wp-content\/uploads\/2022\/04\/pexels-tom-fisk-3087602-1-e1649695140523-1024x680.jpg 1024w, https:\/\/sme.goiania.go.gov.br\/conexaoescola\/wp-content\/uploads\/2022\/04\/pexels-tom-fisk-3087602-1-e1649695140523-300x199.jpg 300w, https:\/\/sme.goiania.go.gov.br\/conexaoescola\/wp-content\/uploads\/2022\/04\/pexels-tom-fisk-3087602-1-e1649695140523-768x510.jpg 768w, https:\/\/sme.goiania.go.gov.br\/conexaoescola\/wp-content\/uploads\/2022\/04\/pexels-tom-fisk-3087602-1-e1649695140523.jpg 1280w\" sizes=\"(max-width: 1024px) 100vw, 1024px\" \/><\/figure>\n\n\n\n<p class=\"has-text-align-center has-medium-font-size\">O <strong>TEXTO NARRATIVO <\/strong>\u00c9 UM TIPO DE TEXTO QUE NOS <strong>CONTA UMA HIST\u00d3RIA <\/strong>A PARTIR DAS EXPERI\u00caNCIAS E MEM\u00d3RIAS DE QUEM AS ESCREVE. EM UM TEXTO NARRATIVO, <strong>ESCRITO EM PROSA OU N\u00c3O<\/strong>, VOC\u00ca ENCONTRAR\u00c1 <strong>ACONTECIMENTOS E FATOS. <\/strong>AS <strong>NOVELAS, OS CONTOS, AS CR\u00d4NICAS, OS ROMANCES E AS F\u00c1BULAS <\/strong>S\u00c3O EXEMPLOS DE TEXTOS NARRATIVOS.<\/p>\n\n\n\n<p class=\"has-text-align-center has-medium-font-size\">H\u00c1 TAMB\u00c9M OUTRO TIPO DE NARRATIVA MUITO PRESENTE EM NOSSO COTIDIANO, S\u00c3O AS <strong>NARRATIVAS VISUAIS<\/strong>, HIST\u00d3RIAS CONTADAS POR MEIO DE IMAGENS.<\/p>\n\n\n\n<p class=\"has-text-align-center has-text-color has-background has-medium-font-size\" style=\"background-color:#fff3d6;color:#022837\">ASSISTA AO V\u00cdDEO<strong> TODA MEM\u00d3RIA TEM UMA HIST\u00d3RIA&nbsp;<\/strong> PARA APRECIAR OUTRA NARRATIVA FEITA COM IMAGENS E TEXTO ESCRITO.<\/p>\n\n\n\n<figure class=\"wp-block-embed is-type-video is-provider-youtube wp-block-embed-youtube wp-embed-aspect-16-9 wp-has-aspect-ratio\"><div class=\"wp-block-embed__wrapper\">\n<p class=\"responsive-video-wrap clr\"><iframe title=\"Narrativas \u2013 Toda mem\u00f3ria tem uma hist\u00f3ria\" width=\"1200\" height=\"675\" src=\"https:\/\/www.youtube.com\/embed\/lvu0c4aLWBs?start=46&#038;feature=oembed\" frameborder=\"0\" allow=\"accelerometer; autoplay; clipboard-write; encrypted-media; gyroscope; picture-in-picture\" allowfullscreen><\/iframe><\/p>\n<\/div><figcaption>Canal Ana Cristina Diniz &#8220;Narrativas \u2013 Toda mem\u00f3ria tem uma hist\u00f3ria&#8221;. Dispon\u00edvel em: &lt;https:\/\/youtu.be\/lvu0c4aLWBs>. Acesso em: 12 abr. 2022.<\/figcaption><\/figure>\n\n\n\n<hr class=\"wp-block-separator\"\/>\n\n\n\n<p class=\"has-text-align-center has-medium-font-size\"><strong>VAMOS RESPONDER ALGUMAS QUEST\u00d5ES?<\/strong><\/p>\n\n\n\n<p class=\"has-black-color has-text-color has-background has-medium-font-size\" style=\"background-color:#fff3d6\"><strong>QUEST\u00c3O 1<\/strong><\/p>\n\n\n\n<p class=\"has-medium-font-size\">A IMAGEM A SEGUIR DEMONSTRA A RELA\u00c7\u00c3O ENTRE EDUCA\u00c7\u00c3O E  TRABALHO. OBSERVE OS ELEMENTOS QUE A COMP\u00d5E E CRIE UMA PEQUENA HIST\u00d3RIA DE ACORDO COM A SUA IMAGINA\u00c7\u00c3O E CRIATIVIDADE.<\/p>\n\n\n\n<div class=\"wp-block-image is-style-rounded\"><figure class=\"aligncenter size-large is-resized\"><img decoding=\"async\" src=\"https:\/\/sme.goiania.go.gov.br\/conexaoescola\/wp-content\/uploads\/2022\/04\/EDUCACAO-E-TRABALHO-e1649722281788-1024x576.jpeg\" alt=\"\" class=\"wp-image-141762\" width=\"657\" height=\"369\" srcset=\"https:\/\/sme.goiania.go.gov.br\/conexaoescola\/wp-content\/uploads\/2022\/04\/EDUCACAO-E-TRABALHO-e1649722281788-1024x576.jpeg 1024w, https:\/\/sme.goiania.go.gov.br\/conexaoescola\/wp-content\/uploads\/2022\/04\/EDUCACAO-E-TRABALHO-e1649722281788-300x169.jpeg 300w, https:\/\/sme.goiania.go.gov.br\/conexaoescola\/wp-content\/uploads\/2022\/04\/EDUCACAO-E-TRABALHO-e1649722281788-768x432.jpeg 768w, https:\/\/sme.goiania.go.gov.br\/conexaoescola\/wp-content\/uploads\/2022\/04\/EDUCACAO-E-TRABALHO-e1649722281788.jpeg 1280w\" sizes=\"(max-width: 657px) 100vw, 657px\" \/><figcaption><em>Fonte: Criada no Canva educacional, 2022.&nbsp;<\/em><br><\/figcaption><\/figure><\/div>\n\n\n\n<p class=\"has-black-color has-text-color has-background has-medium-font-size\" style=\"background-color:#fff3d6\"><strong>QUEST\u00c3O 2<\/strong><\/p>\n\n\n\n<p class=\"has-medium-font-size\">LEIA AS PALAVRAS A SEGUIR&nbsp; E CONTE QUANTAS S\u00cdLABAS ELAS POSSUEM.<\/p>\n\n\n\n<p class=\"has-medium-font-size\">1 &#8211; ESTUDANTE&nbsp;<\/p>\n\n\n\n<p class=\"has-medium-font-size\">2 &#8211; ESCOLA<\/p>\n\n\n\n<p class=\"has-medium-font-size\">3 &#8211; ESCADA<\/p>\n\n\n\n<p class=\"has-medium-font-size\">4 &#8211; ESCRITA<\/p>\n\n\n\n<p class=\"has-black-color has-text-color has-background has-medium-font-size\" style=\"background-color:#fff3d6\"><strong>QUEST\u00c3O 3<\/strong><\/p>\n\n\n\n<p class=\"has-medium-font-size\">NA QUEST\u00c3O ANTERIOR QUANTAS PALAVRAS <strong>POSSUEM O MESMO N\u00daMERO DE S\u00cdLABAS<\/strong>? QUAIS S\u00c3O ELAS?<\/p>\n\n\n\n<p class=\"has-medium-font-size\"><strong>QUAIS S\u00c3O AS LETRAS INICIAIS E FINAIS DELAS<\/strong>? AS LETRAS INICIAIS DESSAS PALAVRAS S\u00c3O <strong>IGUAIS OU DIFERENTES<\/strong>?&nbsp;<\/p>\n\n\n\n<p class=\"has-medium-font-size\">AGORA, TENTE ESCREV\u00ca-LAS EM SEU CADERNO. E LEMBRE-SE! \u00c9 ESCREVENDO QUE A GENTE APRENDE! CASO VOC\u00ca PRECISE DE AJUDA, \u00c9 S\u00d3 VOLTAR E OLHAR NA QUEST\u00c3O ANTERIOR.<\/p>\n\n\n\n<p class=\"has-black-color has-text-color has-background has-medium-font-size\" style=\"background-color:#fff3d6\"><strong>QUEST\u00c3O 4<\/strong><\/p>\n\n\n\n<p class=\"has-medium-font-size\">INDIQUE QUAL \u00c9 A <strong>LETRA INICIAL E A LETRA FINAL<\/strong> DA PALAVRA ESTUDANTE?<\/p>\n\n\n\n<p><\/p>\n\n\n\n<p class=\"has-black-color has-text-color has-background has-medium-font-size\" style=\"background-color:#fff3d6\"><strong>QUEST\u00c3O 5<\/strong><\/p>\n\n\n\n<p class=\"has-medium-font-size\">LEIA AS PALAVRAS A SEGUIR :<\/p>\n\n\n\n<p class=\"has-text-align-center has-medium-font-size\"><strong>CADERN&amp; &#8211; L[PIS &#8211; SAL#RI*<\/strong><\/p>\n\n\n\n<p class=\"has-medium-font-size\">CONSEGUIU LER?<strong> <\/strong>POR QU\u00ca?<br>CERTAMENTE VOC\u00ca TEVE DIFICULDADE PARA LER AS PALAVRAS <strong>CADERNO &#8211; L\u00c1PIS E SAL\u00c1RIO<\/strong>, PORQUE AO ESCREV\u00ca-LAS FORAM UTILIZADOS OS SINAIS<strong> &amp;,[,# E *<\/strong> , QUE N\u00c3O S\u00c3O LETRAS. \u00c9 IMPORTANTE VOC\u00ca COMPREENDER QUE PARA ESCREVER AS PALAVRAS DEVEMOS USAR AS LETRAS DO NOSSO ALFABETO.<\/p>\n\n\n\n<p class=\"has-black-color has-text-color has-background has-medium-font-size\" style=\"background-color:#fff3d6\"><strong>QUEST\u00c3O 6<\/strong><\/p>\n\n\n\n<p class=\"has-medium-font-size\">PROCURE EM UM LIVRO, REVISTA OU JORNAL IMAGENS QUE PODEM SER USADAS PARA CONTAR UMA NARRATIVA SOBRE UM DIA DE TRABALHO QUE FICOU EM SUA MEM\u00d3RIA.<\/p>\n\n\n\n<hr class=\"wp-block-separator\"\/>\n\n\n\n<p class=\"has-black-color has-text-color has-background has-medium-font-size\" style=\"background-color:#97f7b2\"><strong>Acesse os materiais referentes a essa atividade clicando aqui:<\/strong>\u00a0 <a href=\"https:\/\/drive.google.com\/drive\/folders\/15qC_G7cCaBE_u8btzKFaIc3qK6dDowvF?usp=sharing\">https:\/\/drive.google.com\/drive\/folders\/15qC_G7cCaBE_u8btzKFaIc3qK6dDowvF?usp=sharing<\/a> <\/p>\n\n\n\n<hr class=\"wp-block-separator\"\/>\n\n\n\n<figure class=\"wp-block-table alignfull is-style-stripes\"><table><tbody><tr><td>Componente Curricular<\/td><td>L\u00edngua Portuguesa e Hist\u00f3ria<\/td><\/tr><tr><td>Objetivos de aprendizagem e desenvolvimento<\/td><td>(EAJALP0128) Apreciar os textos narrativos dialogando sobre seus elementos, identificando os tipos de narrador.\u00a0<br>(EAJALP01126) Observar e destacar na escrita os elementos que comp\u00f5em um texto narrativo de forma contextualizada, identificando os tipos de narradores existentes.<br>(EAJALP01106) Compreender que as letras e os diacr\u00edticos t\u00eam um repert\u00f3rio finito e formatos fixos para graf\u00e1-los.<br>(EAJALP01110) Identificar as palavras quanto ao n\u00famero de s\u00edlaba.<br>(EAJAHI0212) Relatar suas experi\u00eancias no mundo do trabalho em compara\u00e7\u00e3o com experi\u00eancias de demais sujeitos: que se aproximam ou se distanciam do ponto de vista de classe social.\u00a0<\/td><\/tr><tr><td>Refer\u00eancias<\/td><td> BRASIL. Minist\u00e9rio da Educa\u00e7\u00e3o. Base Nacional Comum Curricular. Bras\u00edlia, 2018.<br>Goi\u00e2nia. Matriz Estruturante EJA 2022. Secretaria Municipal de Educa\u00e7\u00e3o e Esporte de Goi\u00e2nia, 2022.<br><strong><a href=\"https:\/\/escrevendoofuturo.org.br\/caderno_docente\/memoria\/sumario\/\">https:\/\/escrevendoofuturo.org.br\/caderno_docente\/memoria\/sumario\/<\/a><\/strong><br><br><strong><a href=\"https:\/\/www.todamateria.com.br\/texto-narrativo\/\">https:\/\/www.todamateria.com.br\/texto-narrativo\/#:~:text=Texto%20narrativo%20%C3%A9%20um%20tipo,%2C%20conto%2C%20cr%C3%B4nica%20e%20f%C3%A1bula<\/a>.<\/strong> <\/td><\/tr><\/tbody><\/table><\/figure>\n\n\n\n<p><\/p>\n","protected":false},"author":40,"featured_media":141690,"template":"","meta":{"_acf_changed":false,"ocean_post_layout":"","ocean_both_sidebars_style":"","ocean_both_sidebars_content_width":0,"ocean_both_sidebars_sidebars_width":0,"ocean_sidebar":"","ocean_second_sidebar":"","ocean_disable_margins":"enable","ocean_add_body_class":"","ocean_shortcode_before_top_bar":"","ocean_shortcode_after_top_bar":"","ocean_shortcode_before_header":"","ocean_shortcode_after_header":"","ocean_has_shortcode":"","ocean_shortcode_after_title":"","ocean_shortcode_before_footer_widgets":"","ocean_shortcode_after_footer_widgets":"","ocean_shortcode_before_footer_bottom":"","ocean_shortcode_after_footer_bottom":"","ocean_display_top_bar":"default","ocean_display_header":"default","ocean_header_style":"","ocean_center_header_left_menu":"","ocean_custom_header_template":"","ocean_custom_logo":0,"ocean_custom_retina_logo":0,"ocean_custom_logo_max_width":0,"ocean_custom_logo_tablet_max_width":0,"ocean_custom_logo_mobile_max_width":0,"ocean_custom_logo_max_height":0,"ocean_custom_logo_tablet_max_height":0,"ocean_custom_logo_mobile_max_height":0,"ocean_header_custom_menu":"","ocean_menu_typo_font_family":"","ocean_menu_typo_font_subset":"","ocean_menu_typo_font_size":0,"ocean_menu_typo_font_size_tablet":0,"ocean_menu_typo_font_size_mobile":0,"ocean_menu_typo_font_size_unit":"px","ocean_menu_typo_font_weight":"","ocean_menu_typo_font_weight_tablet":"","ocean_menu_typo_font_weight_mobile":"","ocean_menu_typo_transform":"","ocean_menu_typo_transform_tablet":"","ocean_menu_typo_transform_mobile":"","ocean_menu_typo_line_height":0,"ocean_menu_typo_line_height_tablet":0,"ocean_menu_typo_line_height_mobile":0,"ocean_menu_typo_line_height_unit":"","ocean_menu_typo_spacing":0,"ocean_menu_typo_spacing_tablet":0,"ocean_menu_typo_spacing_mobile":0,"ocean_menu_typo_spacing_unit":"","ocean_menu_link_color":"","ocean_menu_link_color_hover":"","ocean_menu_link_color_active":"","ocean_menu_link_background":"","ocean_menu_link_hover_background":"","ocean_menu_link_active_background":"","ocean_menu_social_links_bg":"","ocean_menu_social_hover_links_bg":"","ocean_menu_social_links_color":"","ocean_menu_social_hover_links_color":"","ocean_disable_title":"default","ocean_disable_heading":"default","ocean_post_title":"","ocean_post_subheading":"","ocean_post_title_style":"","ocean_post_title_background_color":"","ocean_post_title_background":0,"ocean_post_title_bg_image_position":"","ocean_post_title_bg_image_attachment":"","ocean_post_title_bg_image_repeat":"","ocean_post_title_bg_image_size":"","ocean_post_title_height":0,"ocean_post_title_bg_overlay":0.5,"ocean_post_title_bg_overlay_color":"","ocean_disable_breadcrumbs":"default","ocean_breadcrumbs_color":"","ocean_breadcrumbs_separator_color":"","ocean_breadcrumbs_links_color":"","ocean_breadcrumbs_links_hover_color":"","ocean_display_footer_widgets":"default","ocean_display_footer_bottom":"default","ocean_custom_footer_template":""},"eaja_categoria":[4],"serie":[70,71],"eaja_componente":[77],"class_list":["post-141458","eaja","type-eaja","status-publish","has-post-thumbnail","hentry","eaja_categoria-1o-segmento-1a-a-4a-serie","serie-1a-serie","serie-2a-serie","eaja_componente-lingua-portuguesa","entry","has-media"],"acf":[],"_links":{"self":[{"href":"https:\/\/sme.goiania.go.gov.br\/conexaoescola\/wp-json\/wp\/v2\/eaja\/141458","targetHints":{"allow":["GET"]}}],"collection":[{"href":"https:\/\/sme.goiania.go.gov.br\/conexaoescola\/wp-json\/wp\/v2\/eaja"}],"about":[{"href":"https:\/\/sme.goiania.go.gov.br\/conexaoescola\/wp-json\/wp\/v2\/types\/eaja"}],"author":[{"embeddable":true,"href":"https:\/\/sme.goiania.go.gov.br\/conexaoescola\/wp-json\/wp\/v2\/users\/40"}],"wp:featuredmedia":[{"embeddable":true,"href":"https:\/\/sme.goiania.go.gov.br\/conexaoescola\/wp-json\/wp\/v2\/media\/141690"}],"wp:attachment":[{"href":"https:\/\/sme.goiania.go.gov.br\/conexaoescola\/wp-json\/wp\/v2\/media?parent=141458"}],"wp:term":[{"taxonomy":"eaja_categoria","embeddable":true,"href":"https:\/\/sme.goiania.go.gov.br\/conexaoescola\/wp-json\/wp\/v2\/eaja_categoria?post=141458"},{"taxonomy":"serie","embeddable":true,"href":"https:\/\/sme.goiania.go.gov.br\/conexaoescola\/wp-json\/wp\/v2\/serie?post=141458"},{"taxonomy":"eaja_componente","embeddable":true,"href":"https:\/\/sme.goiania.go.gov.br\/conexaoescola\/wp-json\/wp\/v2\/eaja_componente?post=141458"}],"curies":[{"name":"wp","href":"https:\/\/api.w.org\/{rel}","templated":true}]}}