{"id":138817,"date":"2022-03-21T17:52:20","date_gmt":"2022-03-21T20:52:20","guid":{"rendered":"https:\/\/sme.goiania.go.gov.br\/conexaoescola\/?post_type=eaja&#038;p=138817"},"modified":"2024-02-22T10:30:06","modified_gmt":"2024-02-22T13:30:06","slug":"lingua-inglesa-simple-present-tense","status":"publish","type":"eaja","link":"https:\/\/sme.goiania.go.gov.br\/conexaoescola\/eaja\/lingua-inglesa-simple-present-tense\/","title":{"rendered":"L\u00edngua Inglesa: Simple Present Tense"},"content":{"rendered":"\n<p class=\"has-text-align-center has-black-color has-very-light-gray-to-cyan-bluish-gray-gradient-background has-text-color has-background has-medium-font-size\"><strong>Esta proposta de atividade de&nbsp;L\u00cdNGUA INGLESA&nbsp;\u00e9 destinada aos estudantes do&nbsp;5\u00aa Per\u00edodo da Educa\u00e7\u00e3o de Jovens e Adultos \u2013 EJA.<\/strong><\/p>\n\n\n\n<div class=\"wp-block-buttons is-content-justification-center is-layout-flex wp-container-core-buttons-is-layout-16018d1d wp-block-buttons-is-layout-flex\">\n<div class=\"wp-block-button\"><a class=\"wp-block-button__link wp-element-button\" href=\"https:\/\/drive.google.com\/uc?export=download&amp;id=1EbUTJ5e6pK-1IAVWF2ZqM8V4SAViIIJ0\" target=\"_blank\" rel=\"noreferrer noopener\">BAIXE A ATIVIDADE<\/a><\/div>\n\n\n\n<div class=\"wp-block-button\"><a class=\"wp-block-button__link wp-element-button\" href=\"https:\/\/drive.google.com\/uc?export=download&amp;id=1UT9W6bhbbnK-dKfzLkn3ypP4uGxjed2f\" target=\"_blank\" rel=\"noreferrer noopener\">BAIXE OS SLIDES<\/a><\/div>\n\n\n\n<div class=\"wp-block-button\"><a class=\"wp-block-button__link wp-element-button\" href=\"https:\/\/drive.google.com\/uc?export=download&amp;id=1S2c4BT6DSVC6ElOi5lvori5wwj9zdwzQ\" target=\"_blank\" rel=\"noreferrer noopener\">BAIXE O TEXTO<\/a><\/div>\n<\/div>\n\n\n\n<p class=\"has-medium-font-size\">The simple present tense is a fundamental grammatical structure used to describe actions, habits, routines, and general truths that occur in the present time. In this tense, verbs are conjugated differently depending on the subject: &#8220;I play,&#8221; &#8220;You play,&#8221; &#8220;He\/She\/It plays,&#8221; &#8220;We play,&#8221; &#8220;They play.&#8221; O tempo presente simples \u00e9 uma estrutura gramatical fundamental usada para descrever a\u00e7\u00f5es, h\u00e1bitos, rotinas e verdades gerais que ocorrem no tempo presente. Nesse tempo verbal, os verbos s\u00e3o conjugados de forma diferente dependendo do sujeito: &#8220;Eu jogo,&#8221; &#8220;Voc\u00ea joga,&#8221; &#8220;Ele\/Ela joga,&#8221; &#8220;N\u00f3s jogamos,&#8221; &#8220;Eles jogam.&#8221;<\/p>\n\n\n<div class=\"wp-block-image\">\n<figure class=\"aligncenter size-full is-resized\"><img fetchpriority=\"high\" decoding=\"async\" src=\"https:\/\/sme.goiania.go.gov.br\/conexaoescola\/wp-content\/uploads\/2022\/03\/si-e1647894448539.png\" alt=\"\" class=\"wp-image-138815\" width=\"413\" height=\"395\"\/><figcaption class=\"wp-element-caption\">&nbsp;&nbsp;&nbsp;&nbsp;&nbsp;&nbsp;&nbsp;Dispon\u00edvel em&nbsp; <a href=\"https:\/\/bityli.com\/lmPQU\">https:\/\/bityli.com\/lmPQU<\/a>&nbsp; ,acesso em 20,Mar. 22<br><\/figcaption><\/figure><\/div>\n\n\n<p class=\"has-text-align-center has-very-light-gray-to-cyan-bluish-gray-gradient-background has-background has-medium-font-size\"><strong>Let\u2019s Answer Some Questions?<\/strong><\/p>\n\n\n\n<p class=\"has-text-align-center has-medium-font-size\">&nbsp;Leia o texto abaixo e responda as quest\u00f5es sobre o mesmo:<\/p>\n\n\n\n<p class=\"has-medium-font-size\">The simple present tense is a fundamental grammatical structure used to describe actions, habits, routines, and general truths that occur in the present time. In this tense, verbs are conjugated differently depending on the subject: &#8220;I play,&#8221; &#8220;You play,&#8221; &#8220;He\/She\/It plays,&#8221; &#8220;We play,&#8221; &#8220;They play.&#8221; It doesn&#8217;t involve specific time frames and is often accompanied by adverbs of frequency like &#8220;always,&#8221; &#8220;usually,&#8221; and &#8220;sometimes.&#8221; This tense provides a clear and straightforward way to convey information about ongoing situations or repeated actions in the present.<\/p>\n\n\n\n<p class=\"has-very-light-gray-to-cyan-bluish-gray-gradient-background has-background has-medium-font-size\">&nbsp;QUESTION 1<\/p>\n\n\n\n<p class=\"has-medium-font-size\">Com base no texto, discuta a import\u00e2ncia do uso do tempo presente simples na comunica\u00e7\u00e3o em ingl\u00eas. Como essa estrutura ajuda a transmitir informa\u00e7\u00f5es sobre a\u00e7\u00f5es, h\u00e1bitos e verdades gerais no presente?<\/p>\n\n\n\n<p class=\"has-very-light-gray-to-cyan-bluish-gray-gradient-background has-background has-medium-font-size\">&nbsp;&nbsp;QUESTION 2<\/p>\n\n\n\n<p class=\"has-medium-font-size\">&nbsp;Explique como os adv\u00e9rbios de frequ\u00eancia podem ser utilizados para complementar o uso desse tempo verbal e fornecer mais contextos para as situa\u00e7\u00f5es descritas.<\/p>\n\n\n\n<p class=\"has-very-light-gray-to-cyan-bluish-gray-gradient-background has-background has-medium-font-size\">QUESTION 3<\/p>\n\n\n\n<p class=\"has-medium-font-size\">&nbsp;Qual das seguintes frases est\u00e1 no Simple Present?<\/p>\n\n\n\n<ol class=\"wp-block-list\">\n<li class=\"has-medium-font-size\">She is watching TV right now.<\/li>\n\n\n\n<li class=\"has-medium-font-size\">They will go to the park later.<\/li>\n\n\n\n<li class=\"has-medium-font-size\">He walks to work every day.<\/li>\n\n\n\n<li class=\"has-medium-font-size\">I played volleyball yesterday<\/li>\n<\/ol>\n\n\n\n<p class=\"has-very-light-gray-to-cyan-bluish-gray-gradient-background has-background has-medium-font-size\">&nbsp;&nbsp;&nbsp;QUESTION 4<\/p>\n\n\n\n<p class=\"has-medium-font-size\">&nbsp;&nbsp;Qual \u00e9 a forma correta do verbo &#8220;study&#8221; na terceira pessoa do singular no Presente Simples &nbsp; &nbsp; em ingl\u00eas?<\/p>\n\n\n\n<ol class=\"wp-block-list\">\n<li class=\"has-medium-font-size\">studie<\/li>\n\n\n\n<li class=\"has-medium-font-size\">studies<\/li>\n\n\n\n<li class=\"has-medium-font-size\">studying<\/li>\n\n\n\n<li class=\"has-medium-font-size\">will study<\/li>\n<\/ol>\n\n\n\n<h4 class=\"wp-block-heading has-text-align-center has-very-light-gray-to-cyan-bluish-gray-gradient-background has-background has-medium-font-size\">Leia o texto abaixo e responda as quest\u00f5es sobre o mesmo:&nbsp;&nbsp;&nbsp;&nbsp;&nbsp;<\/h4>\n\n\n\n<figure class=\"wp-block-image\"><img decoding=\"async\" src=\"https:\/\/lh4.googleusercontent.com\/0uJl5X0w8-IvA_q5v3ckk9fHvdUAx-Osh7Z0Fk5C9ubt9UzX_hTba4CZ0vIZYFdSw1kbkSKEyATS__QfJMEkbumeXZ_ERKGQRL1bRnWrhzmgIkElw3ytyZAPdbSN_GjGFbYudiSgVYzm1QogtXW3PQ\" alt=\"\"\/><\/figure>\n\n\n\n<p class=\"has-text-align-center has-small-font-size\"><a href=\"https:\/\/images.vexels.com\/media\/users\/3\/204808\/isolated\/preview\/a5eb21d98760f43d7492b3d8bb9e3838-garota-feliz-em-pe.png\">https:\/\/images.vexels.com\/media\/users\/3\/204808\/isolated\/preview\/a5eb21d98760f43d7492b3d8bb9e3838-garota-feliz-em-pe.png<\/a> , acesso emm 16, Mar. 2022<\/p>\n\n\n\n<p class=\"has-very-light-gray-to-cyan-bluish-gray-gradient-background has-background has-medium-font-size\">QUESTION 5<\/p>\n\n\n\n<p class=\"has-medium-font-size\">&nbsp;Quantos anos Louisa tem?<\/p>\n\n\n\n<p class=\"has-medium-font-size\">(A) Ela tem treze anos.<\/p>\n\n\n\n<p class=\"has-medium-font-size\">(B) Ela tem quinze anos.<\/p>\n\n\n\n<p class=\"has-medium-font-size\">(C) Ela tem doze anos.<\/p>\n\n\n\n<p class=\"has-medium-font-size\">(D) Ela tem vinte anos.<\/p>\n\n\n\n<p class=\"has-very-light-gray-to-cyan-bluish-gray-gradient-background has-background has-medium-font-size\">QUESTION 6<\/p>\n\n\n\n<p class=\"has-medium-font-size\">O trecho \u201cShe reads every night and does her homework\u201d est\u00e1 no tempo<\/p>\n\n\n\n<p class=\"has-medium-font-size\">(A) Passado Simples.<\/p>\n\n\n\n<p class=\"has-medium-font-size\">(B) Presente Cont\u00ednuo.<\/p>\n\n\n\n<p class=\"has-medium-font-size\">(C) Presente Simples.<\/p>\n\n\n\n<p class=\"has-medium-font-size\">(D) Futuro Simples.<\/p>\n\n\n\n<p class=\"has-very-light-gray-to-cyan-bluish-gray-gradient-background has-background has-medium-font-size\">QUESTION 7<\/p>\n\n\n\n<p class=\"has-medium-font-size\">Na frase \u201cHer favourite subjects are mathematics and music\u201d, podemos inferir que as mat\u00e9rias favoritas de Louisa s\u00e3o<\/p>\n\n\n\n<p class=\"has-medium-font-size\">(A) portugu\u00eas e m\u00fasica.<\/p>\n\n\n\n<p class=\"has-medium-font-size\">(B) matem\u00e1tica e arte.<\/p>\n\n\n\n<p class=\"has-medium-font-size\">(C) geografia e hist\u00f3ria.<\/p>\n\n\n\n<p class=\"has-medium-font-size\">(D) matem\u00e1tica e m\u00fasica.<\/p>\n\n\n\n<p class=\"has-black-color has-cyan-bluish-gray-background-color has-text-color has-background\" style=\"font-size:22px\"><strong><strong>Saiba Mais:<\/strong><\/strong><\/p>\n\n\n\n<p class=\"has-text-align-center has-medium-font-size\">Assista ao v\u00eddeo a seguir e&nbsp;fa\u00e7a uma lista dos verbos citados no poema. <\/p>\n\n\n\n<figure class=\"wp-block-embed is-type-video is-provider-youtube wp-block-embed-youtube wp-embed-aspect-16-9 wp-has-aspect-ratio\"><div class=\"wp-block-embed__wrapper\">\n<p class=\"responsive-video-wrap clr\"><iframe title=\"Action Verbs\/ Verbos de A\u00e7\u00e3o\" width=\"1200\" height=\"675\" src=\"https:\/\/www.youtube.com\/embed\/fyq91PzHuzk?feature=oembed\" frameborder=\"0\" allow=\"accelerometer; autoplay; clipboard-write; encrypted-media; gyroscope; picture-in-picture; web-share\" allowfullscreen><\/iframe><\/p>\n<\/div><figcaption class=\"wp-element-caption\">Canal <a href=\"https:\/\/www.youtube.com\/channel\/UCWH7jgNuYkENjqOXLKwylrA\">Teacher Sueidy Lourencio<\/a> &#8211; Action Verbs\/ Verbos de A\u00e7\u00e3o. Dispon\u00edvel em: &lt;<a href=\"https:\/\/www.youtube.com\/watch?v=fyq91PzHuzk\"><strong>https:\/\/www.youtube.com\/watch?v=fyq91PzHuzk<\/strong><\/a><strong>&gt;&nbsp; <\/strong>Acesso em 10, Mar. 2022<br><\/figcaption><\/figure>\n\n\n\n<hr class=\"wp-block-separator has-css-opacity\"\/>\n\n\n\n<figure class=\"wp-block-table\"><table><tbody><tr><td><strong>Autoria:<\/strong><\/td><td>Prof\u00aa Dr\u00aa Sueidy Lourencio<\/td><\/tr><tr><td><strong>Forma\u00e7\u00e3o:<\/strong><\/td><td>Letras Portugu\u00eas\/Ingl\u00eas &#8211; Doutorado em Educa\u00e7\u00e3o<\/td><\/tr><tr><td><strong>Componente Curricular:<\/strong><\/td><td>L\u00edngua Inglesa<\/td><\/tr><tr><td><strong>Habilidade:<\/strong><\/td><td>(EAJALI0521) Compreender e utilizar o presente simples em situa\u00e7\u00f5es reais para indicar rotina, fatos e opini\u00f5es.&nbsp;&nbsp;<\/td><\/tr><tr><td><strong>Referencial Te\u00f3rico:<\/strong><\/td><td>BRASIL. Minist\u00e9rio da Educa\u00e7\u00e3o. Base Nacional Comum Curricular. Bras\u00edlia, 2018.Goi\u00e2nia. Documento Curricular Eja &#8211; 2023. Educa\u00e7\u00e3o F\u00edsica. Secretaria Municipal de Educa\u00e7\u00e3o e Esporte. 2023Goi\u00e2nia. Documento Curricular Para a Rede Municipal de Educa\u00e7\u00e3o de Goi\u00e2nia &#8211; EJA. Secretaria Municipal de Educa\u00e7\u00e3o e Esporte. 2023Goi\u00e2nia. Organiza\u00e7\u00e3o Pedag\u00f3gica da EJA &#8211; 2023. Secretaria Municipal de Educa\u00e7\u00e3o e Esporte. 2022<strong>Lei Federal n. 8069, de 13 de julho de 1990<\/strong>. ECA _ Estatuto da Crian\u00e7a e do Adolescente.<br>GLENDINNING, Eric; POHL, Alison. Oxford English for Careers: Technology 2: Student&#8217;s Book. Oxford: Oxford University Press, 2011.<br>SWEENEY, Simon. English for Business Communication. 2nd ed. Cambridge: Cambridge University Press, 2003.<br>Dispon\u00edvel em: MY ENGLISH PAGES <a href=\"https:\/\/www.teachstarter.com\/us\/lesson-plan\/informational-texts-language-features\/\">https:\/\/www.teachstarter.com\/us\/lesson-plan\/informational-texts-language-features\/<\/a>, acesso em 09, Fev. 2022.<br>Dispon\u00edvel em: Liveworksheets. <a href=\"https:\/\/www.liveworksheets.com\/\">https:\/\/www.liveworksheets.com\/<\/a>&nbsp; , acesso em 09, fev. 2022<br><\/td><\/tr><\/tbody><\/table><\/figure>\n\n\n\n<hr class=\"wp-block-separator has-css-opacity\"\/>\n","protected":false},"author":37,"featured_media":138815,"template":"","meta":{"_acf_changed":false,"ocean_post_layout":"","ocean_both_sidebars_style":"","ocean_both_sidebars_content_width":0,"ocean_both_sidebars_sidebars_width":0,"ocean_sidebar":"","ocean_second_sidebar":"","ocean_disable_margins":"enable","ocean_add_body_class":"","ocean_shortcode_before_top_bar":"","ocean_shortcode_after_top_bar":"","ocean_shortcode_before_header":"","ocean_shortcode_after_header":"","ocean_has_shortcode":"","ocean_shortcode_after_title":"","ocean_shortcode_before_footer_widgets":"","ocean_shortcode_after_footer_widgets":"","ocean_shortcode_before_footer_bottom":"","ocean_shortcode_after_footer_bottom":"","ocean_display_top_bar":"default","ocean_display_header":"default","ocean_header_style":"","ocean_center_header_left_menu":"","ocean_custom_header_template":"","ocean_custom_logo":0,"ocean_custom_retina_logo":0,"ocean_custom_logo_max_width":0,"ocean_custom_logo_tablet_max_width":0,"ocean_custom_logo_mobile_max_width":0,"ocean_custom_logo_max_height":0,"ocean_custom_logo_tablet_max_height":0,"ocean_custom_logo_mobile_max_height":0,"ocean_header_custom_menu":"","ocean_menu_typo_font_family":"","ocean_menu_typo_font_subset":"","ocean_menu_typo_font_size":0,"ocean_menu_typo_font_size_tablet":0,"ocean_menu_typo_font_size_mobile":0,"ocean_menu_typo_font_size_unit":"px","ocean_menu_typo_font_weight":"","ocean_menu_typo_font_weight_tablet":"","ocean_menu_typo_font_weight_mobile":"","ocean_menu_typo_transform":"","ocean_menu_typo_transform_tablet":"","ocean_menu_typo_transform_mobile":"","ocean_menu_typo_line_height":0,"ocean_menu_typo_line_height_tablet":0,"ocean_menu_typo_line_height_mobile":0,"ocean_menu_typo_line_height_unit":"","ocean_menu_typo_spacing":0,"ocean_menu_typo_spacing_tablet":0,"ocean_menu_typo_spacing_mobile":0,"ocean_menu_typo_spacing_unit":"","ocean_menu_link_color":"","ocean_menu_link_color_hover":"","ocean_menu_link_color_active":"","ocean_menu_link_background":"","ocean_menu_link_hover_background":"","ocean_menu_link_active_background":"","ocean_menu_social_links_bg":"","ocean_menu_social_hover_links_bg":"","ocean_menu_social_links_color":"","ocean_menu_social_hover_links_color":"","ocean_disable_title":"default","ocean_disable_heading":"default","ocean_post_title":"","ocean_post_subheading":"","ocean_post_title_style":"","ocean_post_title_background_color":"","ocean_post_title_background":0,"ocean_post_title_bg_image_position":"","ocean_post_title_bg_image_attachment":"","ocean_post_title_bg_image_repeat":"","ocean_post_title_bg_image_size":"","ocean_post_title_height":0,"ocean_post_title_bg_overlay":0.5,"ocean_post_title_bg_overlay_color":"","ocean_disable_breadcrumbs":"default","ocean_breadcrumbs_color":"","ocean_breadcrumbs_separator_color":"","ocean_breadcrumbs_links_color":"","ocean_breadcrumbs_links_hover_color":"","ocean_display_footer_widgets":"default","ocean_display_footer_bottom":"default","ocean_custom_footer_template":""},"eaja_categoria":[69],"serie":[76],"eaja_componente":[102],"class_list":["post-138817","eaja","type-eaja","status-publish","has-post-thumbnail","hentry","eaja_categoria-2o-segmento-7a-e-8a-serie","serie-7a-serie","eaja_componente-lingua-inglesa","entry","has-media"],"acf":[],"_links":{"self":[{"href":"https:\/\/sme.goiania.go.gov.br\/conexaoescola\/wp-json\/wp\/v2\/eaja\/138817","targetHints":{"allow":["GET"]}}],"collection":[{"href":"https:\/\/sme.goiania.go.gov.br\/conexaoescola\/wp-json\/wp\/v2\/eaja"}],"about":[{"href":"https:\/\/sme.goiania.go.gov.br\/conexaoescola\/wp-json\/wp\/v2\/types\/eaja"}],"author":[{"embeddable":true,"href":"https:\/\/sme.goiania.go.gov.br\/conexaoescola\/wp-json\/wp\/v2\/users\/37"}],"wp:featuredmedia":[{"embeddable":true,"href":"https:\/\/sme.goiania.go.gov.br\/conexaoescola\/wp-json\/wp\/v2\/media\/138815"}],"wp:attachment":[{"href":"https:\/\/sme.goiania.go.gov.br\/conexaoescola\/wp-json\/wp\/v2\/media?parent=138817"}],"wp:term":[{"taxonomy":"eaja_categoria","embeddable":true,"href":"https:\/\/sme.goiania.go.gov.br\/conexaoescola\/wp-json\/wp\/v2\/eaja_categoria?post=138817"},{"taxonomy":"serie","embeddable":true,"href":"https:\/\/sme.goiania.go.gov.br\/conexaoescola\/wp-json\/wp\/v2\/serie?post=138817"},{"taxonomy":"eaja_componente","embeddable":true,"href":"https:\/\/sme.goiania.go.gov.br\/conexaoescola\/wp-json\/wp\/v2\/eaja_componente?post=138817"}],"curies":[{"name":"wp","href":"https:\/\/api.w.org\/{rel}","templated":true}]}}