{"id":136177,"date":"2022-02-04T17:41:51","date_gmt":"2022-02-04T19:41:51","guid":{"rendered":"https:\/\/sme.goiania.go.gov.br\/conexaoescola\/?post_type=eaja&#038;p=136177"},"modified":"2023-12-18T16:17:24","modified_gmt":"2023-12-18T19:17:24","slug":"historia-imperio-romano-expansao-e-declinio","status":"publish","type":"eaja","link":"https:\/\/sme.goiania.go.gov.br\/conexaoescola\/eaja\/historia-imperio-romano-expansao-e-declinio\/","title":{"rendered":"Hist\u00f3ria &#8211; Imp\u00e9rio romano: expans\u00e3o e decl\u00ednio"},"content":{"rendered":"\n<p class=\"has-black-color has-text-color has-background has-medium-font-size\" style=\"background-color:#fdedc0\">Esta proposta de atividade de <strong>Hist\u00f3ria<\/strong> \u00e9 destinada aos estudantes do <strong>5\u00ba Per\u00edodo<\/strong> da Educa\u00e7\u00e3o de Jovens e Adultos &#8211; EJA<\/p>\n\n\n\n<div class=\"wp-block-buttons is-content-justification-center is-layout-flex wp-container-core-buttons-is-layout-16018d1d wp-block-buttons-is-layout-flex\">\n<div class=\"wp-block-button has-custom-font-size has-medium-font-size\"><a class=\"wp-block-button__link has-white-color has-black-background-color has-text-color has-background wp-element-button\" href=\"https:\/\/docs.google.com\/document\/d\/1hT0tu7B7dwNpkENu_rx9Eg1kADz9PYCxcv8kw53Nr0w\/copy\" target=\"_blank\" rel=\"noreferrer noopener\">BAIXE A ATIVIDADE<\/a><\/div>\n\n\n\n<div class=\"wp-block-button has-custom-font-size has-medium-font-size\"><a class=\"wp-block-button__link has-white-color has-black-background-color has-text-color has-background wp-element-button\" href=\"https:\/\/docs.google.com\/presentation\/d\/1_joJWp0oZAYG0G0cNDQiL5QvxHw5XizH\/copy\" target=\"_blank\" rel=\"noreferrer noopener\">BAIXE OS SLIDES<\/a><\/div>\n\n\n\n<div class=\"wp-block-button has-custom-font-size has-medium-font-size\"><a class=\"wp-block-button__link has-white-color has-black-background-color has-text-color has-background wp-element-button\" href=\"https:\/\/docs.google.com\/document\/d\/1hw3IpoVDIQh00i_dNZthFqimz1ZXSJVH\/copy\" target=\"_blank\" rel=\"noreferrer noopener\">BAIXE O TEXTO<\/a><\/div>\n<\/div>\n\n\n\n<hr class=\"wp-block-separator has-alpha-channel-opacity\"\/>\n\n\n<div class=\"wp-block-image\">\n<figure class=\"aligncenter size-large is-resized\"><img fetchpriority=\"high\" decoding=\"async\" src=\"https:\/\/sme.goiania.go.gov.br\/conexaoescola\/wp-content\/uploads\/2022\/02\/declinio-romano2-1024x735.png\" alt=\"\" class=\"wp-image-136198\" width=\"768\" height=\"551\"\/><figcaption class=\"wp-element-caption\">Dispon\u00edvel em &lt;http:\/\/antiguosaber.blogspot.com\/2014\/01\/los-godos-desde-las-frias-aguas_27.html&gt; acesso em 04, fev. 2022.<\/figcaption><\/figure><\/div>\n\n\n<h2 class=\"wp-block-heading has-text-align-center has-black-color has-text-color has-background\" style=\"background-color:#f5d485\">IMP\u00c9RIO ROMANO: EXPANS\u00c3O E DECL\u00cdNIO<\/h2>\n\n\n\n<p class=\"has-black-color has-text-color has-medium-font-size\"><strong><em>Veja esta situa\u00e7\u00e3o:<\/em><\/strong><\/p>\n\n\n\n<figure class=\"wp-block-pullquote has-medium-font-size\"><blockquote><p>Teresa falava com Alzira:<br>&#8211; Nesse mundo n\u00e3o adianta viver com soberba, tudo vai se acabar um dia.<br>&#8211; Tem gente que quer ser muito bom e esquece que veio do nada!<br>&#8211; Deus n\u00e3o admite soberba, Ele reduz a pessoa ao nada para que ela aprenda.<br>&#8211; \u00c0s vezes n\u00e3o \u00e9 nem Deus que faz isso; \u00e0s vezes \u00e9 s\u00f3 consequ\u00eancia da vida mesmo.<br><\/p><\/blockquote><\/figure>\n\n\n\n<p class=\"has-black-color has-text-color has-medium-font-size\">Se tem uma li\u00e7\u00e3o que a hist\u00f3ria nos ensina \u00e9 que tudo um dia acaba. Isso \u00e9 verdade para pessoas e at\u00e9 mesmo para grandes imp\u00e9rios. Caso exemplar \u00e9 o Imp\u00e9rio Romano.<\/p>\n\n\n\n<p class=\"has-black-color has-text-color has-medium-font-size\">A hist\u00f3ria romana costuma ser contada a partir de suas formas de governo, dividida em tr\u00eas grandes \u00e9pocas: monarquia, rep\u00fablica e imp\u00e9rio. Nesta atividade, iremos abordar o \u00faltimo per\u00edodo, o imp\u00e9rio, principalmente as raz\u00f5es que levaram ao seu decl\u00ednio.<\/p>\n\n\n\n<p class=\"has-black-color has-text-color has-medium-font-size\">A cidade de Roma, que hoje \u00e9 a capital da It\u00e1lia, surgiu como uma pequena aldeia a partir do s\u00e9culo VIII a. C. e foi expandindo seus dom\u00ednios ao ponto de se tornar um dos maiores imp\u00e9rios da Antiguidade. Veja no mapa as dimens\u00f5es que seu territ\u00f3rio alcan\u00e7ou.<\/p>\n\n\n\n<figure class=\"wp-block-image size-large\"><img decoding=\"async\" width=\"1024\" height=\"652\" src=\"https:\/\/sme.goiania.go.gov.br\/conexaoescola\/wp-content\/uploads\/2023\/05\/Roman_Empire_Trajan_117AD-1-e1683055633199-1024x652.png\" alt=\"\" class=\"wp-image-161908\" srcset=\"https:\/\/sme.goiania.go.gov.br\/conexaoescola\/wp-content\/uploads\/2023\/05\/Roman_Empire_Trajan_117AD-1-e1683055633199-1024x652.png 1024w, https:\/\/sme.goiania.go.gov.br\/conexaoescola\/wp-content\/uploads\/2023\/05\/Roman_Empire_Trajan_117AD-1-e1683055633199-300x191.png 300w, https:\/\/sme.goiania.go.gov.br\/conexaoescola\/wp-content\/uploads\/2023\/05\/Roman_Empire_Trajan_117AD-1-e1683055633199-768x489.png 768w, https:\/\/sme.goiania.go.gov.br\/conexaoescola\/wp-content\/uploads\/2023\/05\/Roman_Empire_Trajan_117AD-1-e1683055633199.png 1200w\" sizes=\"(max-width: 1024px) 100vw, 1024px\" \/><figcaption class=\"wp-element-caption\">Imp\u00e9rio romano em 117 a. C. Dispon\u00edvel em: &lt;<a href=\"https:\/\/commons.wikimedia.org\/wiki\/File:Roman_Empire_Trajan_117AD.png\" target=\"_blank\" rel=\"noreferrer noopener\">https:\/\/commons.wikimedia.org\/wiki\/File:Roman_Empire_Trajan_117AD.png<\/a>&gt; acesso em 02, mai. 2023<\/figcaption><\/figure>\n\n\n\n<p class=\"has-black-color has-text-color has-medium-font-size\"><strong><em>O imp\u00e9rio<\/em><\/strong><\/p>\n\n\n\n<p class=\"has-black-color has-text-color has-medium-font-size\">O per\u00edodo do imp\u00e9rio teve in\u00edcio em 27 a. C., quando Ot\u00e1vio recebeu do senado o t\u00edtulo de Augusto e se tornou imperador. Roma, ent\u00e3o, viveu um per\u00edodo de paz e estabilidade pol\u00edtica que durou at\u00e9 o s\u00e9culo II d. C. Foi a \u00e9poca da <em>pax romana<\/em>.<\/p>\n\n\n\n<p class=\"has-black-color has-text-color has-medium-font-size\">A economia havia alcan\u00e7ado um grande desenvolvimento estruturando-se na explora\u00e7\u00e3o da m\u00e3o de obra escrava.<\/p>\n\n\n\n<p class=\"has-black-color has-text-color has-medium-font-size\">O abastecimento de escravos era garantido pelas constantes conquistas territoriais que ocorreram desde a \u00e9poca da rep\u00fablica &#8211; grande parte das popula\u00e7\u00f5es conquistadas eram escravizadas.<\/p>\n\n\n\n<p class=\"has-black-color has-text-color has-medium-font-size\">No imp\u00e9rio, Roma alcan\u00e7ou sua m\u00e1xima extens\u00e3o territorial diminuindo drasticamente o n\u00famero de novas conquistas. Isso atingiu em cheio o funcionamento da economia, j\u00e1 que comprometeu o abastecimento de m\u00e3o de obra com novos escravos.<\/p>\n\n\n\n<p class=\"has-black-color has-text-color has-medium-font-size\">A crise do sistema escravista gerou:<\/p>\n\n\n\n<p class=\"has-black-color has-text-color has-medium-font-size\">Diminui\u00e7\u00e3o da produ\u00e7\u00e3o agr\u00edcola;<\/p>\n\n\n\n<p class=\"has-black-color has-text-color has-medium-font-size\">Aumento dos pre\u00e7os;<\/p>\n\n\n\n<p class=\"has-black-color has-text-color has-medium-font-size\">Diminui\u00e7\u00e3o da arrecada\u00e7\u00e3o de impostos;<\/p>\n\n\n\n<p class=\"has-black-color has-text-color has-medium-font-size\">Arrendamento das grandes propriedades.<\/p>\n\n\n\n<p class=\"has-black-color has-text-color has-medium-font-size\"><strong><em>As consequ\u00eancias da crise<\/em><\/strong><\/p>\n\n\n\n<p class=\"has-black-color has-text-color has-medium-font-size\">Com o sistema de arrendamento iniciava-se uma nova forma de trabalho e produ\u00e7\u00e3o. As cidades deixaram de ser o centro da economia, o que levou \u00e0 desorganiza\u00e7\u00e3o do sistema de cobran\u00e7a de impostos e do com\u00e9rcio. Nesta nova organiza\u00e7\u00e3o, o campon\u00eas recebia um lote de terra onde produzia para o seu sustento e, em troca, deveria destinar uma parte de sua produ\u00e7\u00e3o para o propriet\u00e1rio.<\/p>\n\n\n\n<p class=\"has-black-color has-text-color has-medium-font-size\">Os contingentes do ex\u00e9rcito foram reduzidos.<\/p>\n\n\n\n<p class=\"has-black-color has-text-color has-medium-font-size\">No reinado de Diocleciano, o imp\u00e9rio foi dividido em dois: Imp\u00e9rio Romano do Ocidente e Imp\u00e9rio Romano do Oriente.<\/p>\n\n\n\n<p class=\"has-black-color has-text-color has-medium-font-size\">No reinado de Constantino, ele mudou a sede do imp\u00e9rio para Constantinopla.<\/p>\n\n\n\n<p class=\"has-black-color has-text-color has-medium-font-size\">Nenhuma destas medidas foram suficientes para reverter o processo de crise.<\/p>\n\n\n\n<p class=\"has-black-color has-text-color has-medium-font-size\"><strong><em>O fim<\/em><\/strong><\/p>\n\n\n\n<p class=\"has-black-color has-text-color has-medium-font-size\">Finalmente, as invas\u00f5es dos povos germ\u00e2nicos, intensificadas no s\u00e9culo IV, determinaram a extin\u00e7\u00e3o do imp\u00e9rio. O ato final aconteceu no s\u00e9culo V, quando os h\u00e9rulos invadiram a cidade de Roma.<\/p>\n\n\n\n<hr class=\"wp-block-separator has-alpha-channel-opacity\"\/>\n\n\n\n<h2 class=\"wp-block-heading has-text-align-center has-black-color has-text-color has-background has-medium-font-size\" style=\"background-color:#fdedc0\">RESPONDA AS QUEST\u00d5ES<\/h2>\n\n\n\n<p class=\"has-black-color has-text-color has-background has-medium-font-size\" style=\"background-color:#f6edd1\"><strong>QUEST\u00c3O 1<\/strong><\/p>\n\n\n\n<p class=\"has-black-color has-text-color has-medium-font-size\">A partir da leitura do texto, que rela\u00e7\u00e3o \u00e9 poss\u00edvel estabelecer entre a expans\u00e3o territorial de Roma e o seu decl\u00ednio?<\/p>\n\n\n\n<p><\/p>\n\n\n\n<p class=\"has-black-color has-text-color has-background has-medium-font-size\" style=\"background-color:#f6edd1\"><strong>QUEST\u00c3O 2<\/strong><\/p>\n\n\n\n<p class=\"has-black-color has-text-color has-medium-font-size\">O legado cultural romano chegou at\u00e9 n\u00f3s, brasileiros, atrav\u00e9s da coloniza\u00e7\u00e3o portuguesa. Fa\u00e7a uma pesquisa e identifique as heran\u00e7as culturais romanas em nossa sociedade hoje. Voc\u00ea pode recorrer a v\u00e1rias fontes: livros, revistas, internet, conversas com seus professores de hist\u00f3ria e l\u00edngua portuguesa.<\/p>\n\n\n\n<p><\/p>\n\n\n\n<p class=\"has-black-color has-text-color has-background has-medium-font-size\" style=\"background-color:#f6edd1\"><strong>QUEST\u00c3O 3<\/strong><\/p>\n\n\n\n<p class=\"has-black-color has-text-color has-medium-font-size\">A cidade de Roma foi a sede de uma verdadeira civiliza\u00e7\u00e3o. Surgida a partir do s\u00e9culo VIII a. C., expandiu-se para se tornar um dos maiores imp\u00e9rios do mundo antigo. Sua extens\u00e3o territorial englobou a Europa, o norte da \u00c1frica e partes do Oriente M\u00e9dio; enfim, toda a regi\u00e3o que contorna o mar Mediterr\u00e2neo.<\/p>\n\n\n\n<p class=\"has-black-color has-text-color has-medium-font-size\">O dom\u00ednio romano nesta regi\u00e3o moldou uma cultura que se tornou as bases para o surgimento da Europa que conhecemos hoje. A cultura romana \u00e9 um dos pilares para definir o que \u00e9 o Ocidente.<\/p>\n\n\n\n<p class=\"has-black-color has-text-color has-medium-font-size\">De acordo com este texto:<\/p>\n\n\n\n<p class=\"has-black-color has-text-color has-medium-font-size\">(A) O que entendemos por Ocidente hoje n\u00e3o tem nenhuma rela\u00e7\u00e3o com a cultura romana.<\/p>\n\n\n\n<p class=\"has-black-color has-text-color has-medium-font-size\">(B) Europa e Ocidente s\u00e3o coisas distintas e os dois foram moldados pela cultura romana.<\/p>\n\n\n\n<p class=\"has-black-color has-text-color has-medium-font-size\">(C) A cultura romana \u00e9 um elemento importante na defini\u00e7\u00e3o da ideia que temos de Ocidente.<\/p>\n\n\n\n<p class=\"has-black-color has-text-color has-medium-font-size\">(D) Europa e Ocidente s\u00e3o a mesma coisa e n\u00e3o t\u00eam rela\u00e7\u00e3o com a cultura romana.<\/p>\n\n\n\n<h2 class=\"wp-block-heading has-black-color has-text-color has-background\" style=\"background-color:#f6edd1\">QUEST\u00c3O 4<\/h2>\n\n\n\n<p class=\"has-black-color has-text-color has-medium-font-size\">Assinale a alternativa que aponta corretamente os resultados da crise do imp\u00e9rio romano.<\/p>\n\n\n\n<p class=\"has-medium-font-size\">(A) Diminui\u00e7\u00e3o da produ\u00e7\u00e3o agr\u00edcola, aumento do uso do trabalho escravo, diminui\u00e7\u00e3o da arrecada\u00e7\u00e3o de impostos, arrendamento das grandes propriedades.<\/p>\n\n\n\n<p class=\"has-black-color has-text-color has-medium-font-size\">(B) Diminui\u00e7\u00e3o da produ\u00e7\u00e3o agr\u00edcola, aumento dos pre\u00e7os, diminui\u00e7\u00e3o da arrecada\u00e7\u00e3o de impostos, arrendamento das grandes propriedades.<\/p>\n\n\n\n<p class=\"has-black-color has-text-color has-medium-font-size\">(C) Conquista de novos territ\u00f3rios, aumento dos pre\u00e7os, diminui\u00e7\u00e3o da arrecada\u00e7\u00e3o de impostos, arrendamento das grandes propriedades.<\/p>\n\n\n\n<p class=\"has-black-color has-text-color has-medium-font-size\">(D) Diminui\u00e7\u00e3o da produ\u00e7\u00e3o agr\u00edcola, aumento dos pre\u00e7os, diminui\u00e7\u00e3o da arrecada\u00e7\u00e3o de impostos, invas\u00e3o dos povos germ\u00e2nicos.<\/p>\n\n\n\n<hr class=\"wp-block-separator has-alpha-channel-opacity\"\/>\n\n\n\n<p class=\"has-black-color has-text-color has-background has-medium-font-size\" style=\"background-color:#fdedc0\"><strong>S<\/strong>AIBA MAIS<\/p>\n\n\n\n<p class=\"has-text-align-center has-black-color has-text-color has-medium-font-size\">A escravid\u00e3o na Roma Antiga<\/p>\n\n\n\n<figure class=\"wp-block-embed is-type-video is-provider-youtube wp-block-embed-youtube wp-embed-aspect-16-9 wp-has-aspect-ratio\"><div class=\"wp-block-embed__wrapper\">\n<p class=\"responsive-video-wrap clr\"><iframe title=\"Escravid\u00e3o na Roma Antiga\" width=\"1200\" height=\"675\" src=\"https:\/\/www.youtube.com\/embed\/h0VRZ0QEEgo?feature=oembed\" frameborder=\"0\" allow=\"accelerometer; autoplay; clipboard-write; encrypted-media; gyroscope; picture-in-picture; web-share\" allowfullscreen><\/iframe><\/p>\n<\/div><figcaption class=\"wp-element-caption\">Canal An\u00edsio Filho. A escravid\u00e3o na Roma Antiga. Dispon\u00edvel em &lt;https:\/\/www.youtube.com\/watch?v=h0VRZ0QEEgo&gt; acesso em 04, fev. 2022.<\/figcaption><\/figure>\n\n\n\n<hr class=\"wp-block-separator has-css-opacity\"\/>\n\n\n\n<figure class=\"wp-block-table is-style-stripes\"><table class=\"has-black-color has-text-color\"><tbody><tr><td><strong>Autoria:<\/strong><\/td><td>An\u00edsio Jos\u00e9 Pereira Filho<\/td><\/tr><tr><td><strong>Forma\u00e7\u00e3o:<\/strong><\/td><td>Hist\u00f3ria<\/td><\/tr><tr><td><strong>Componente Curricular:<\/strong><\/td><td>Hist\u00f3ria<\/td><\/tr><tr><td><strong>Objetivos de Aprendizagem e Desenvolvimento:<\/strong><\/td><td>(EJAHI0428) Relacionar diferentes mudan\u00e7as ocorridas desde a expans\u00e3o do imp\u00e9rio romano at\u00e9 o seu decl\u00ednio.<\/td><\/tr><tr><td><strong>Referencial te\u00f3rico:<\/strong><\/td><td>SOUZA, Rainer. Crise do Imp\u00e9rio Romano. Dispon\u00edvel em: &lt;<a href=\"https:\/\/mundoeducacao.uol.com.br\/historiageral\/crise-imperio-romano.htm\">https:\/\/mundoeducacao.uol.com.br\/historiagera l\/crise-imperio-romano.htm<\/a>&gt; acesso em 15, dez. 2021.<br>VAINFAS, Ronaldo. <em>et al<\/em>. Hist\u00f3ria.doc, 6\u00ba ano: ensino fundamental, anos finais. 2. ed. S\u00e3o Paulo: Saraiva, 2018.<\/td><\/tr><\/tbody><\/table><\/figure>\n","protected":false},"author":53,"featured_media":136198,"template":"","meta":{"_acf_changed":false,"ocean_post_layout":"","ocean_both_sidebars_style":"","ocean_both_sidebars_content_width":0,"ocean_both_sidebars_sidebars_width":0,"ocean_sidebar":"","ocean_second_sidebar":"","ocean_disable_margins":"enable","ocean_add_body_class":"","ocean_shortcode_before_top_bar":"","ocean_shortcode_after_top_bar":"","ocean_shortcode_before_header":"","ocean_shortcode_after_header":"","ocean_has_shortcode":"","ocean_shortcode_after_title":"","ocean_shortcode_before_footer_widgets":"","ocean_shortcode_after_footer_widgets":"","ocean_shortcode_before_footer_bottom":"","ocean_shortcode_after_footer_bottom":"","ocean_display_top_bar":"default","ocean_display_header":"default","ocean_header_style":"","ocean_center_header_left_menu":"","ocean_custom_header_template":"","ocean_custom_logo":0,"ocean_custom_retina_logo":0,"ocean_custom_logo_max_width":0,"ocean_custom_logo_tablet_max_width":0,"ocean_custom_logo_mobile_max_width":0,"ocean_custom_logo_max_height":0,"ocean_custom_logo_tablet_max_height":0,"ocean_custom_logo_mobile_max_height":0,"ocean_header_custom_menu":"","ocean_menu_typo_font_family":"","ocean_menu_typo_font_subset":"","ocean_menu_typo_font_size":0,"ocean_menu_typo_font_size_tablet":0,"ocean_menu_typo_font_size_mobile":0,"ocean_menu_typo_font_size_unit":"px","ocean_menu_typo_font_weight":"","ocean_menu_typo_font_weight_tablet":"","ocean_menu_typo_font_weight_mobile":"","ocean_menu_typo_transform":"","ocean_menu_typo_transform_tablet":"","ocean_menu_typo_transform_mobile":"","ocean_menu_typo_line_height":0,"ocean_menu_typo_line_height_tablet":0,"ocean_menu_typo_line_height_mobile":0,"ocean_menu_typo_line_height_unit":"","ocean_menu_typo_spacing":0,"ocean_menu_typo_spacing_tablet":0,"ocean_menu_typo_spacing_mobile":0,"ocean_menu_typo_spacing_unit":"","ocean_menu_link_color":"","ocean_menu_link_color_hover":"","ocean_menu_link_color_active":"","ocean_menu_link_background":"","ocean_menu_link_hover_background":"","ocean_menu_link_active_background":"","ocean_menu_social_links_bg":"","ocean_menu_social_hover_links_bg":"","ocean_menu_social_links_color":"","ocean_menu_social_hover_links_color":"","ocean_disable_title":"default","ocean_disable_heading":"default","ocean_post_title":"","ocean_post_subheading":"","ocean_post_title_style":"","ocean_post_title_background_color":"","ocean_post_title_background":0,"ocean_post_title_bg_image_position":"","ocean_post_title_bg_image_attachment":"","ocean_post_title_bg_image_repeat":"","ocean_post_title_bg_image_size":"","ocean_post_title_height":0,"ocean_post_title_bg_overlay":0.5,"ocean_post_title_bg_overlay_color":"","ocean_disable_breadcrumbs":"default","ocean_breadcrumbs_color":"","ocean_breadcrumbs_separator_color":"","ocean_breadcrumbs_links_color":"","ocean_breadcrumbs_links_hover_color":"","ocean_display_footer_widgets":"default","ocean_display_footer_bottom":"default","ocean_custom_footer_template":""},"eaja_categoria":[104],"serie":[75],"eaja_componente":[79],"class_list":["post-136177","eaja","type-eaja","status-publish","has-post-thumbnail","hentry","eaja_categoria-2o-segmento-5a-e-6a-serie","serie-6a-serie","eaja_componente-historia","entry","has-media"],"acf":[],"_links":{"self":[{"href":"https:\/\/sme.goiania.go.gov.br\/conexaoescola\/wp-json\/wp\/v2\/eaja\/136177","targetHints":{"allow":["GET"]}}],"collection":[{"href":"https:\/\/sme.goiania.go.gov.br\/conexaoescola\/wp-json\/wp\/v2\/eaja"}],"about":[{"href":"https:\/\/sme.goiania.go.gov.br\/conexaoescola\/wp-json\/wp\/v2\/types\/eaja"}],"author":[{"embeddable":true,"href":"https:\/\/sme.goiania.go.gov.br\/conexaoescola\/wp-json\/wp\/v2\/users\/53"}],"wp:featuredmedia":[{"embeddable":true,"href":"https:\/\/sme.goiania.go.gov.br\/conexaoescola\/wp-json\/wp\/v2\/media\/136198"}],"wp:attachment":[{"href":"https:\/\/sme.goiania.go.gov.br\/conexaoescola\/wp-json\/wp\/v2\/media?parent=136177"}],"wp:term":[{"taxonomy":"eaja_categoria","embeddable":true,"href":"https:\/\/sme.goiania.go.gov.br\/conexaoescola\/wp-json\/wp\/v2\/eaja_categoria?post=136177"},{"taxonomy":"serie","embeddable":true,"href":"https:\/\/sme.goiania.go.gov.br\/conexaoescola\/wp-json\/wp\/v2\/serie?post=136177"},{"taxonomy":"eaja_componente","embeddable":true,"href":"https:\/\/sme.goiania.go.gov.br\/conexaoescola\/wp-json\/wp\/v2\/eaja_componente?post=136177"}],"curies":[{"name":"wp","href":"https:\/\/api.w.org\/{rel}","templated":true}]}}