{"id":133699,"date":"2021-11-08T11:04:07","date_gmt":"2021-11-08T13:04:07","guid":{"rendered":"https:\/\/sme.goiania.go.gov.br\/conexaoescola\/?post_type=eaja&#038;p=133699"},"modified":"2021-12-22T10:35:20","modified_gmt":"2021-12-22T12:35:20","slug":"matematica-e-historia-solidos-geometricos","status":"publish","type":"eaja","link":"https:\/\/sme.goiania.go.gov.br\/conexaoescola\/eaja\/matematica-e-historia-solidos-geometricos\/","title":{"rendered":"MATEM\u00c1TICA E HIST\u00d3RIA &#8211; S\u00d3LIDOS GEOM\u00c9TRICOS"},"content":{"rendered":"\n<p class=\"has-black-color has-vivid-cyan-blue-background-color has-text-color has-background\" style=\"font-size:25px\">OL\u00c1! ESTA AULA DE<strong>&nbsp;MATEM\u00c1TICA INTEGRADA COM HIST\u00d3RIA&nbsp;<\/strong>\u00c9 DESTINADA A ESTUDANTES DA<strong>&nbsp;3\u00aa S\u00c9RIE<\/strong>&nbsp;DA EAJA.   <\/p>\n\n\n\n<figure class=\"wp-block-image size-full\"><img fetchpriority=\"high\" decoding=\"async\" width=\"900\" height=\"552\" src=\"https:\/\/sme.goiania.go.gov.br\/conexaoescola\/wp-content\/uploads\/2021\/11\/image4-e1636376152391.png\" alt=\"\" class=\"wp-image-133708\" srcset=\"https:\/\/sme.goiania.go.gov.br\/conexaoescola\/wp-content\/uploads\/2021\/11\/image4-e1636376152391.png 900w, https:\/\/sme.goiania.go.gov.br\/conexaoescola\/wp-content\/uploads\/2021\/11\/image4-e1636376152391-300x184.png 300w, https:\/\/sme.goiania.go.gov.br\/conexaoescola\/wp-content\/uploads\/2021\/11\/image4-e1636376152391-768x471.png 768w\" sizes=\"(max-width: 900px) 100vw, 900px\" \/><figcaption>Fonte: https:\/\/cdn.pixabay.com\/photo\/2013\/07\/12\/18\/19\/solids-153261_960_720.png <\/figcaption><\/figure>\n\n\n\n<p class=\"has-black-color has-cyan-bluish-gray-background-color has-text-color has-background\" style=\"font-size:25px\">CONHECER OS S\u00d3LIDOS GEOM\u00c9TRICOS E IDENTIFIC\u00c1-LOS EM SUAS PLANIFICA\u00c7\u00d5ES \u00c9 REQUISITO ESSENCIAL EM MUITAS PROFISS\u00d5ES COMO ENGENHARIA, ARQUITETURA E ATIVIDADES QUE TRABALHAM COM DESENHOS E CRIA\u00c7\u00d5ES COMO COSTUREIRA, MESTRE DE OBRA E MUITAS OUTRAS.&nbsp;  <\/p>\n\n\n\n<p class=\"has-text-align-center has-black-color has-pale-cyan-blue-background-color has-text-color has-background\" style=\"font-size:25px\"><strong>ASSISTA \u00c0 VIDEOULA DA PROFESSORA ALDA MARTINS ABORDANDO ESSA TEM\u00c1TICA.<\/strong><\/p>\n\n\n\n<figure class=\"wp-block-embed aligncenter is-type-video is-provider-youtube wp-block-embed-youtube wp-embed-aspect-16-9 wp-has-aspect-ratio\"><div class=\"wp-block-embed__wrapper\">\n<p class=\"responsive-video-wrap clr\"><iframe title=\"S\u00d3LIDOS GEOM\u00c9TRICOS | MATEM\u00c1TICA E HIST\u00d3RIA - AULA 22 | 3\u00aa S\u00c9RIE -EAJA\" width=\"1200\" height=\"675\" src=\"https:\/\/www.youtube.com\/embed\/lGlQrtS7wJ8?feature=oembed\" frameborder=\"0\" allow=\"accelerometer; autoplay; clipboard-write; encrypted-media; gyroscope; picture-in-picture\" allowfullscreen><\/iframe><\/p>\n<\/div><figcaption>S\u00d3LIDOS GEOM\u00c9TRICOS | MATEM\u00c1TICA E HIST\u00d3RIA &#8211; AULA 22 | 3\u00aa S\u00c9RIE -EAJA<\/figcaption><\/figure>\n\n\n\n<p class=\"has-black-color has-text-color\" style=\"font-size:25px\">VAMOS COME\u00c7AR COM ATIVIDADES PARA VOC\u00ca CONSEGUIR VISUALIZAR OS S\u00d3LIDOS GEOM\u00c9TRICOS, OU SEJA, AS FIGURAS ESPACIAIS E SUAS PLANIFICA\u00c7\u00d5ES.<\/p>\n\n\n\n<div class=\"wp-block-image\"><figure class=\"aligncenter\"><img decoding=\"async\" src=\"https:\/\/lh6.googleusercontent.com\/XcbyvbsKRfV0-_3GJa19__VGAV0ouX0FThIOgydbfuQe4I6UWI_UTn1ondVXT2wYAqjBhZuySFGm1YvA5UCNJJpDdyuu50jSP-xAbmFAOkjnwvtmY7kVbniz2ooxH7gne3r7KAs\" alt=\"\"\/><\/figure><\/div>\n\n\n\n<p class=\"has-black-color has-text-color\" style=\"font-size:25px\">O CUBO \u00c9 UM S\u00d3LIDO GEOM\u00c9TRICO QUE TEM COMO CARACTER\u00cdSTICAS: 8 V\u00c9RTICES; 6 FACES E 12 ARESTAS.<\/p>\n\n\n\n<div class=\"wp-block-image\"><figure class=\"aligncenter\"><img decoding=\"async\" src=\"https:\/\/lh5.googleusercontent.com\/6H-a_FmH0cp3ueBUTYVZ_oE73pbBSTguXzvromNiD6HyC_q-30cWvdB9V48nGE6rj0vlbRvKqiOmPO-WPlZ9gsXuzd7Mucg-47Q5qARCeZzDTz7rv_f59q_GzZei5MbONbhkXYQ\" alt=\"\"\/><\/figure><\/div>\n\n\n\n<p class=\"has-black-color has-text-color\" style=\"font-size:25px\">A PIR\u00c2MIDE TEM AS SEGUINTES CARACTER\u00cdSTICAS: 5 V\u00c9RTICES; 5 FACES E 8 ARESTAS.<\/p>\n\n\n\n<p class=\"has-black-color has-text-color\" style=\"font-size:25px\">O PRISMA \u00c9 UM S\u00d3LIDO GEOM\u00c9TRICO QUE TEM A QUANTIDADES DE FACES CORRESPONDENTES \u00c0 QUANTIDADE DE ARESTAS QUE TEM A FIGURA PLANA DE SUA BASE.&nbsp;<img decoding=\"async\" alt=\"Prisma Ditetragonal e Base Azul\" src=\"https:\/\/lh6.googleusercontent.com\/3hy757CaznVfUUcKFf7D12Fh7MBXQh0HLrojd6c00sWZ21pecuwr_4pHJHzG4pBp4YBh9xE8e7nleeLJRhj_g3KL1wXJZ5n6i9gi0UHbWbo5vB9aAWK9mMDKMoCf6sk7Uv2u9j8\" width=\"222\" height=\"294\"><\/p>\n\n\n\n<p class=\"has-black-color has-text-color\" style=\"font-size:25px\">NESTE CASO UM PRISMA COM 8 ARESTAS, OU LADOS,&nbsp; E ASSIM, SUAS CARACTER\u00cdSTICAS S\u00c3O: 16 V\u00c9RTICES; 10 FACES E 24 ARESTAS.&nbsp;<\/p>\n\n\n\n<p class=\"has-black-color has-text-color\" style=\"font-size:25px\">A GEOMETRIA SURGIU COMO O CAMPO DO CONHECIMENTO LIDANDO COM AS RELA\u00c7\u00d5ES ESPACIAIS: GEO (TERRA) METRIA (MEDIR, METRO). EUCLIDES, QUE VIVEM 300 a.C, \u00c9 CONSIDERADO O PAI DA GEOMETRIA. ELE TROUXE O RIGOR DAS MEDIDAS E ESCREVEU O LIVRO \u201cOS ELEMENTOS\u201d.<\/p>\n\n\n\n<p class=\"has-black-color has-text-color\" style=\"font-size:25px\">GEOMETRIA \u00c9 ASSIM UM RAMO DA&nbsp;<a href=\"https:\/\/pt.wikipedia.org\/wiki\/Matem%C3%A1tica\">MATEM\u00c1TICA<\/a>&nbsp;PREOCUPADO COM QUEST\u00d5ES DE FORMA, TAMANHO E POSI\u00c7\u00c3O RELATIVA DE FIGURAS E COM AS PROPRIEDADES DOS&nbsp;<a href=\"https:\/\/pt.wikipedia.org\/wiki\/Espa%C3%A7o_matem%C3%A1tico\">ESPA\u00c7OS<\/a>.&nbsp;<\/p>\n\n\n\n<p class=\"has-black-color has-text-color\" style=\"font-size:25px\">E SUA APLICA\u00c7\u00c3O EST\u00c1 PRESENTE NO NOSSO COTIDIANO MUITO MAIS DO QUE IMAGINAMOS.&nbsp;<\/p>\n\n\n\n<p class=\"has-black-color has-text-color\" style=\"font-size:25px\">VAMOS \u00c0 ATIVIDADE PROPOSTA PARA A AULA DE HOJE.<\/p>\n\n\n\n<p class=\"has-text-align-center has-black-color has-pale-cyan-blue-background-color has-text-color has-background\" style=\"font-size:25px\"><strong>AGORA \u00c9 COM VOC\u00ca!<\/strong><\/p>\n\n\n\n<p class=\"has-black-color has-text-color\" style=\"font-size:25px\">MARIA TRABALHA COM CAIXAS ARTESANAIS PARA PRESENTES E EST\u00c1 PLANEJANDO UM NOVO FORMATO DE CAIXA PARA O NATAL. OBSERVE A FOTO DA CAIXA E DESCUBRA SUA PLANIFICA\u00c7\u00c3O.<\/p>\n\n\n\n<div class=\"wp-block-image\"><figure class=\"aligncenter\"><img decoding=\"async\" src=\"https:\/\/lh3.googleusercontent.com\/LWerZc5ToGKcPm7WE771vxUpsuVT58lu46xdecLDA2xlfhsJGTthLSB8d6-rvekvFbiZhhO-qp0eLZta4yE4LALpqlYwRBeO5avS2UeUXrCrzOq6NxrEixgTrb1eRmkwKwf1rqc\" alt=\"\"\/><figcaption>FONTE: DISPON\u00cdVEL EM: <a href=\"https:\/\/img.elo7.com.br\/product\/zoom\/296DBA6\/arquivo-de-corte-silhouette-caixa-para-presente-piramide-dia-dos-professores.jpg\"><em>https:\/\/img.elo7.com.br\/product\/zoom\/296DBA6\/arquivo-de-corte-silhouette-caixa-para-presente-piramide-dia-dos-professores.jpg<\/em><\/a><\/figcaption><\/figure><\/div>\n\n\n\n<hr class=\"wp-block-separator\"\/>\n\n\n\n<figure class=\"wp-block-table\"><table><tbody><tr><td><strong>Objetivos de Aprendizagem e Desenvolvimento:<\/strong><\/td><td><strong>MATEM\u00c1TICA<\/strong> (EAJAMA0218) RELACIONAR FIGURAS GEOM\u00c9TRICAS ESPACIAIS COM SUAS PLANIFICA\u00c7\u00d5ES E EXPLORAR O SIGNIFICADO DE PLANIFICA\u00c7\u00c3O DE UMA FIGURA ESPACIAL.&nbsp;<br><strong>HIST\u00d3RIA<\/strong> (EAJAHI0210) DIFERENCIAR AS FONTES HIST\u00d3RICAS E SUA IMPORT\u00c2NCIA NA CONSTRU\u00c7\u00c3O DE UMA COMPREENS\u00c3O E ESCRITA DA HIST\u00d3RIA.<\/td><\/tr><tr><td><strong>Refer\u00eancias:<\/strong><\/td><td><a href=\"https:\/\/sme.goiania.go.gov.br\/conexaoescola\/eaja\/matematica-prismas-e-piramides-relacoes-entre-seus-elementos-e-planificacao\/\">Matem\u00e1tica \u2013 Prismas e Pir\u00e2mides: rela\u00e7\u00f5es entre seus elementos e planifica\u00e7\u00e3o \u2013 Conex\u00e3o Escola SME (goiania.go.gov.br)<\/a><\/td><\/tr><\/tbody><\/table><\/figure>\n\n\n\n<p class=\"has-cyan-bluish-gray-background-color has-background\" style=\"font-size:25px\"> Professor, essa aula segue a Matriz Estruturante para a Eaja 2021. Foi elaborada no ano de 2020, com a suspens\u00e3o das aulas presenciais devido a pandemia da Covid-19 e segue as orienta\u00e7\u00f5es de flexibiliza\u00e7\u00e3o curricular para o bi\u00eanio 2020\/2021 (Of\u00edcio Circular 149\/2020 Dirped). <\/p>\n","protected":false},"author":42,"featured_media":133708,"template":"","meta":{"_acf_changed":false,"ocean_post_layout":"","ocean_both_sidebars_style":"","ocean_both_sidebars_content_width":0,"ocean_both_sidebars_sidebars_width":0,"ocean_sidebar":"","ocean_second_sidebar":"","ocean_disable_margins":"enable","ocean_add_body_class":"","ocean_shortcode_before_top_bar":"","ocean_shortcode_after_top_bar":"","ocean_shortcode_before_header":"","ocean_shortcode_after_header":"","ocean_has_shortcode":"","ocean_shortcode_after_title":"","ocean_shortcode_before_footer_widgets":"","ocean_shortcode_after_footer_widgets":"","ocean_shortcode_before_footer_bottom":"","ocean_shortcode_after_footer_bottom":"","ocean_display_top_bar":"default","ocean_display_header":"default","ocean_header_style":"","ocean_center_header_left_menu":"","ocean_custom_header_template":"","ocean_custom_logo":0,"ocean_custom_retina_logo":0,"ocean_custom_logo_max_width":0,"ocean_custom_logo_tablet_max_width":0,"ocean_custom_logo_mobile_max_width":0,"ocean_custom_logo_max_height":0,"ocean_custom_logo_tablet_max_height":0,"ocean_custom_logo_mobile_max_height":0,"ocean_header_custom_menu":"","ocean_menu_typo_font_family":"","ocean_menu_typo_font_subset":"","ocean_menu_typo_font_size":0,"ocean_menu_typo_font_size_tablet":0,"ocean_menu_typo_font_size_mobile":0,"ocean_menu_typo_font_size_unit":"px","ocean_menu_typo_font_weight":"","ocean_menu_typo_font_weight_tablet":"","ocean_menu_typo_font_weight_mobile":"","ocean_menu_typo_transform":"","ocean_menu_typo_transform_tablet":"","ocean_menu_typo_transform_mobile":"","ocean_menu_typo_line_height":0,"ocean_menu_typo_line_height_tablet":0,"ocean_menu_typo_line_height_mobile":0,"ocean_menu_typo_line_height_unit":"","ocean_menu_typo_spacing":0,"ocean_menu_typo_spacing_tablet":0,"ocean_menu_typo_spacing_mobile":0,"ocean_menu_typo_spacing_unit":"","ocean_menu_link_color":"","ocean_menu_link_color_hover":"","ocean_menu_link_color_active":"","ocean_menu_link_background":"","ocean_menu_link_hover_background":"","ocean_menu_link_active_background":"","ocean_menu_social_links_bg":"","ocean_menu_social_hover_links_bg":"","ocean_menu_social_links_color":"","ocean_menu_social_hover_links_color":"","ocean_disable_title":"default","ocean_disable_heading":"default","ocean_post_title":"","ocean_post_subheading":"","ocean_post_title_style":"","ocean_post_title_background_color":"","ocean_post_title_background":0,"ocean_post_title_bg_image_position":"","ocean_post_title_bg_image_attachment":"","ocean_post_title_bg_image_repeat":"","ocean_post_title_bg_image_size":"","ocean_post_title_height":0,"ocean_post_title_bg_overlay":0.5,"ocean_post_title_bg_overlay_color":"","ocean_disable_breadcrumbs":"default","ocean_breadcrumbs_color":"","ocean_breadcrumbs_separator_color":"","ocean_breadcrumbs_links_color":"","ocean_breadcrumbs_links_hover_color":"","ocean_display_footer_widgets":"default","ocean_display_footer_bottom":"default","ocean_custom_footer_template":""},"eaja_categoria":[4],"serie":[72],"eaja_componente":[79,78],"class_list":["post-133699","eaja","type-eaja","status-publish","has-post-thumbnail","hentry","eaja_categoria-1o-segmento-1a-a-4a-serie","serie-3a-serie","eaja_componente-historia","eaja_componente-matematica","entry","has-media"],"acf":[],"_links":{"self":[{"href":"https:\/\/sme.goiania.go.gov.br\/conexaoescola\/wp-json\/wp\/v2\/eaja\/133699","targetHints":{"allow":["GET"]}}],"collection":[{"href":"https:\/\/sme.goiania.go.gov.br\/conexaoescola\/wp-json\/wp\/v2\/eaja"}],"about":[{"href":"https:\/\/sme.goiania.go.gov.br\/conexaoescola\/wp-json\/wp\/v2\/types\/eaja"}],"author":[{"embeddable":true,"href":"https:\/\/sme.goiania.go.gov.br\/conexaoescola\/wp-json\/wp\/v2\/users\/42"}],"wp:featuredmedia":[{"embeddable":true,"href":"https:\/\/sme.goiania.go.gov.br\/conexaoescola\/wp-json\/wp\/v2\/media\/133708"}],"wp:attachment":[{"href":"https:\/\/sme.goiania.go.gov.br\/conexaoescola\/wp-json\/wp\/v2\/media?parent=133699"}],"wp:term":[{"taxonomy":"eaja_categoria","embeddable":true,"href":"https:\/\/sme.goiania.go.gov.br\/conexaoescola\/wp-json\/wp\/v2\/eaja_categoria?post=133699"},{"taxonomy":"serie","embeddable":true,"href":"https:\/\/sme.goiania.go.gov.br\/conexaoescola\/wp-json\/wp\/v2\/serie?post=133699"},{"taxonomy":"eaja_componente","embeddable":true,"href":"https:\/\/sme.goiania.go.gov.br\/conexaoescola\/wp-json\/wp\/v2\/eaja_componente?post=133699"}],"curies":[{"name":"wp","href":"https:\/\/api.w.org\/{rel}","templated":true}]}}