{"id":133124,"date":"2021-10-25T10:27:47","date_gmt":"2021-10-25T13:27:47","guid":{"rendered":"https:\/\/sme.goiania.go.gov.br\/conexaoescola\/?post_type=eaja&#038;p=133124"},"modified":"2021-10-27T15:51:28","modified_gmt":"2021-10-27T18:51:28","slug":"historia-a-primeira-guerra-mundial","status":"publish","type":"eaja","link":"https:\/\/sme.goiania.go.gov.br\/conexaoescola\/eaja\/historia-a-primeira-guerra-mundial\/","title":{"rendered":"Hist\u00f3ria &#8211; A Primeira Guerra Mundial"},"content":{"rendered":"\n<p class=\"has-black-color has-pale-cyan-blue-background-color has-text-color has-background\" style=\"font-size:25px\"><em>Ol\u00e1! Esta aula de&nbsp;<strong>Hist\u00f3ria<\/strong>&nbsp;<\/em>\u00e9 destinada a educandos da<strong>&nbsp;8\u00aa S\u00e9rie<\/strong>&nbsp;da Eaja.<\/p>\n\n\n\n<figure class=\"wp-block-image size-large\"><img fetchpriority=\"high\" decoding=\"async\" width=\"1024\" height=\"685\" src=\"https:\/\/sme.goiania.go.gov.br\/conexaoescola\/wp-content\/uploads\/2021\/10\/belgium-g670771614_1920-e1635168065772-1024x685.jpg\" alt=\"\" class=\"wp-image-133125\" srcset=\"https:\/\/sme.goiania.go.gov.br\/conexaoescola\/wp-content\/uploads\/2021\/10\/belgium-g670771614_1920-e1635168065772-1024x685.jpg 1024w, https:\/\/sme.goiania.go.gov.br\/conexaoescola\/wp-content\/uploads\/2021\/10\/belgium-g670771614_1920-e1635168065772-300x201.jpg 300w, https:\/\/sme.goiania.go.gov.br\/conexaoescola\/wp-content\/uploads\/2021\/10\/belgium-g670771614_1920-e1635168065772-768x514.jpg 768w, https:\/\/sme.goiania.go.gov.br\/conexaoescola\/wp-content\/uploads\/2021\/10\/belgium-g670771614_1920-e1635168065772-1536x1028.jpg 1536w, https:\/\/sme.goiania.go.gov.br\/conexaoescola\/wp-content\/uploads\/2021\/10\/belgium-g670771614_1920-e1635168065772.jpg 1920w\" sizes=\"(max-width: 1024px) 100vw, 1024px\" \/><figcaption>Tem\u00e1tica &#8211; Hist\u00f3ria &#8211; A Primeira Guerra Mundial. Dispon\u00edvel em: &lt;<a href=\"https:\/\/pixabay.com\/pt\/photos\/b%c3%a9lgica-tyne-ber%c3%a7o-1423030\/\">pixabay.com\/pt\/photos<\/a>&gt;. Acesso em 22 de Outubro de 2021.<\/figcaption><\/figure>\n\n\n\n<p class=\"has-black-color has-cyan-bluish-gray-background-color has-text-color has-background\" style=\"font-size:25px\">Esta aula trata da Primeira Guerra Mundial abordando as causas que levaram ao conflito e seus desdobramentos.<\/p>\n\n\n\n<hr class=\"wp-block-separator\"\/>\n\n\n\n<p class=\"has-text-align-center has-black-color has-vivid-green-cyan-background-color has-text-color has-background\" style=\"font-size:30px\"><strong>Assista a videoaula abaixo, com a tem\u00e1tica \u2013&nbsp;Hist\u00f3ria &#8211; A Primeira Guerra Mundial<\/strong><\/p>\n\n\n\n<figure class=\"wp-block-embed is-type-video is-provider-youtube wp-block-embed-youtube wp-embed-aspect-16-9 wp-has-aspect-ratio\"><div class=\"wp-block-embed__wrapper\">\n<p class=\"responsive-video-wrap clr\"><iframe title=\"Hist\u00f3ria - 8\u00ba s\u00e9rie - Eaja - A Primeira Guerra Mundial\" width=\"1200\" height=\"675\" src=\"https:\/\/www.youtube.com\/embed\/zc4PHci0yeg?feature=oembed\" frameborder=\"0\" allow=\"accelerometer; autoplay; clipboard-write; encrypted-media; gyroscope; picture-in-picture\" allowfullscreen><\/iframe><\/p>\n<\/div><figcaption>HIST\u00d3RIA| Eaja | 8\u00aa S\u00c9RIE | PROF.: AN\u00cdSIO FILHO<\/figcaption><\/figure>\n\n\n\n<hr class=\"wp-block-separator\"\/>\n\n\n\n<p class=\"has-text-align-center has-black-color has-vivid-green-cyan-background-color has-text-color has-background\" style=\"font-size:30px\"><strong> A Primeira Guerra Mundial <\/strong><\/p>\n\n\n\n<p class=\"has-black-color has-text-color\" style=\"font-size:25px\">O que os historiadores chamam de Primeira Guerra Mundial \u00e9 o conflito que teve a Europa como palco principal, durou de 1914 a 1918 e colocou frente a frente dois grupos de pa\u00edses, a Tr\u00edplice Alian\u00e7a, formada por Alemanha, It\u00e1lia e Imp\u00e9rio Austro-H\u00fangaro e a Tr\u00edplice Entente, formada pela Inglaterra, Fran\u00e7a e R\u00fassia. Ela foi chamada de mundial porque pa\u00edses dos outros continentes acabaram se envolvendo. <\/p>\n\n\n\n<p class=\"has-vivid-red-color has-text-color\" style=\"font-size:25px\"><strong><em>Por que a guerra aconteceu?<\/em><\/strong> <\/p>\n\n\n\n<p class=\"has-black-color has-text-color\" style=\"font-size:25px\">Em 1871 a Alemanha venceu a Fran\u00e7a numa guerra pelo controle da Als\u00e1cia-Lorena, uma regi\u00e3o rica em carv\u00e3o. A Fran\u00e7a ficou inconformada com essa perda, mas o chanceler alem\u00e3o Otto von Bismarck foi bem sucedido em sua pol\u00edtica externa de isolar os franceses dos outros pa\u00edses. <\/p>\n\n\n\n<p class=\"has-black-color has-text-color\" style=\"font-size:25px\">A Alemanha estabeleceu um acordo diplom\u00e1tico e militar com o Imp\u00e9rio Austro-H\u00fangaro em 1879 gerando a insatisfa\u00e7\u00e3o da Inglaterra, da R\u00fassia e principalmente da Fran\u00e7a. As desconfian\u00e7as aumentaram em 1882 quando a It\u00e1lia aderiu a esse acordo formando a Tr\u00edplice Alian\u00e7a. Entretanto, Bismarck conseguiu acalmar os \u00e2nimos de franceses e ingleses em 1885 durante a Confer\u00eancia de Berlim, quando comprometeu-se a n\u00e3o disputar com eles col\u00f4nias na \u00c1frica e \u00c1sia. <\/p>\n\n\n\n<p class=\"has-black-color has-text-color\" style=\"font-size:25px\">Al\u00e9m dessas tens\u00f5es pol\u00edticas, o sentimento nacionalista gerava \u00f3dio entre os povos. A R\u00fassia defendia a uni\u00e3o entre todos os eslavos, a sua etnia predominante &#8211; o chamado pan-eslavismo. Ocorre que muitos eslavos viviam em territ\u00f3rios dominados pelo Imp\u00e9rio Austro-H\u00fangaro. Tamb\u00e9m havia o pan-germanismo cujo ideal era a unifica\u00e7\u00e3o de todos os povos germ\u00e2nicos para formar a Grande Alemanha. Por outro lado, havia o Imp\u00e9rio Otomano que abrangia a \u00e1rea da Turquia e pa\u00edses do Oriente M\u00e9dio. Este imp\u00e9rio era rival da R\u00fassia. <\/p>\n\n\n\n<p class=\"has-black-color has-text-color\" style=\"font-size:25px\">Em s\u00edntese, a Fran\u00e7a queria revanche contra a Alemanha. A Inglaterra estava contrariada com o crescimento da ind\u00fastria alem\u00e3. A R\u00fassia tinha rivalidades com o Imp\u00e9rio Otomano e queria se apropriar de territ\u00f3rios sob o controle do Imp\u00e9rio Austo-H\u00fangaro; al\u00e9m disso, passou a desconfiar da Alemanha a partir de sua alian\u00e7a com a \u00c1ustria-Hungria. <\/p>\n\n\n\n<p class=\"has-black-color has-text-color\" style=\"font-size:25px\">Em 1889, Guilherme II assumiu o trono da Alemanha e Bismarck deixou o cargo de chanceler. Guilherme adotou uma pol\u00edtica externa agressiva e come\u00e7ou a criar problemas com a Inglaterra no Oriente M\u00e9dio e com a Fran\u00e7a no Marrocos. Em resposta, a Inglaterra, a Fran\u00e7a e a R\u00fassia criaram o seu bloco pol\u00edtico e militar, a Tr\u00edplice Entente, em 1907. <\/p>\n\n\n\n<p class=\"has-black-color has-text-color\" style=\"font-size:25px\">Tanto a Tr\u00edplice Entente quanto a Tr\u00edplice Alian\u00e7a previam que em caso de um de seus membros ser atacado os demais deveriam sair em sua defesa. Depois da cria\u00e7\u00e3o da Tr\u00edplice Entente iniciou-se um per\u00edodo chamado de Paz Armada, quando os pa\u00edses come\u00e7aram a se armar, apesar de n\u00e3o estarem em guerra. <\/p>\n\n\n\n<p class=\"has-vivid-red-color has-text-color\" style=\"font-size:25px\"><strong><em>A guerra<\/em><\/strong> <\/p>\n\n\n\n<p class=\"has-black-color has-text-color\" style=\"font-size:25px\">A guerra era quest\u00e3o de tempo. Ela eclodiu quando o herdeiro do trono do do Imp\u00e9rio Austro-H\u00fangaro, Francisco Ferdinando, foi assassinado por um nacionalista s\u00e9rvio. O Imp\u00e9rio Austro-H\u00fangaro declarou guerra \u00e0 S\u00e9rvia em 28 de julho de 1914. A R\u00fassia saiu em defesa da S\u00e9rvia pois se tratava de um povo eslavo. A Alemanha declarou guerra \u00e0 R\u00fassia e \u00e0 Fran\u00e7a, cumprindo o acordo que tinha com o Imp\u00e9rio Austro-H\u00fangaro. A Inglaterra declarou guerra \u00e0 Alemanha em apoio \u00e0 Fran\u00e7a. O Imp\u00e9rio Otomano declarou guerra \u00e0 R\u00fassia. A It\u00e1lia descumpriu o acordo da Tr\u00edplice Alian\u00e7a e se declarou neutra e, em 1915, aderiu \u00e0 Tr\u00edplice Entente em troca da promessa de ganhar col\u00f4nias na \u00c1frica. <\/p>\n\n\n\n<p class=\"has-black-color has-text-color\" style=\"font-size:25px\">Costuma-se dividir a guerra em tr\u00eas per\u00edodos. O primeiro, vai de 1914 a 1915, \u00e9 conhecido como guerra de movimentos. A Alemanha lutou em duas frentes: na ocidental contra a Fran\u00e7a e na oriental contra a R\u00fassia. Na frente ocidental, o plano alem\u00e3o foi inicialmente bem sucedido. Eles atravessaram a B\u00e9lgica e invadiram a Fran\u00e7a pelo norte pegando os franceses de surpresa. Estes s\u00f3 conseguiram parar os alem\u00e3es com a ajuda do ex\u00e9rcito ingl\u00eas j\u00e1 bem pr\u00f3ximo de Paris. <\/p>\n\n\n\n<p class=\"has-black-color has-text-color\" style=\"font-size:25px\">Tem in\u00edcio, ent\u00e3o, o segundo per\u00edodo conhecido como guerra de trincheiras. Ele durou at\u00e9 o in\u00edcio de 1918. Os dois ex\u00e9rcitos cavaram centenas de quil\u00f4metros de trincheiras se postando frente a frente e sem que nenhum dos dois conseguisse arrancar o advers\u00e1rio de suas posi\u00e7\u00f5es. A experi\u00eancia da trincheira foi descrita pelos soldados e registros da \u00e9poca como um dos cap\u00edtulos mais horrorosos da guerra. Eles eram obrigados a ficar dias e dias sob fogo inimigo, convivendo lado a lado com cad\u00e1veres, insetos, frio, falta de alimento e \u00e1gua. <\/p>\n\n\n\n<p class=\"has-black-color has-text-color\" style=\"font-size:25px\">O ano de 1917 marcou o in\u00edcio do terceiro per\u00edodo com a entrada dos Estados Unidos na guerra e a sa\u00edda da R\u00fassia. Com a vit\u00f3ria da revolu\u00e7\u00e3o bolchevique, o governo revolucion\u00e1rio russo retirou o pa\u00eds da guerra. J\u00e1 os Estados Unidos ficaram neutros durante os tr\u00eas primeiros anos da guerra. Mas, eles lucraram muito vendendo armas, navios, avi\u00f5es, rem\u00e9dios, uniformes, alimentos para a Inglaterra e a Fran\u00e7a. Com a possibilidade da vit\u00f3ria alem\u00e3, o que poderia trazer preju\u00edzos para o pa\u00eds, decidiram entrar na guerra refor\u00e7ando o front ingl\u00eas e franc\u00eas com tropas, armamentos, medicamentos, etc. <\/p>\n\n\n\n<p class=\"has-black-color has-text-color\" style=\"font-size:25px\">Em 1917, surgiram grandes protestos em cidades europeias pedindo o fim da guerra. A popula\u00e7\u00e3o enfrentava fome, racionamento, altas dos pre\u00e7os de mercadorias. Depois de uma \u00faltima grande ofensiva tentada sem sucesso pelo ex\u00e9rcito alem\u00e3o em julho de 1918 a Alemanha teve sucessivas derrotas. No segundo semestre deste ano, o imperador Guilherme II foi obrigado a abdicar em fun\u00e7\u00e3o da press\u00e3o dos protestos populares. Em 11 de novembro de 1918 o governo alem\u00e3o assinou o armist\u00edcio. <\/p>\n\n\n\n<p class=\"has-vivid-red-color has-text-color\" style=\"font-size:25px\"><strong><em>O p\u00f3s-guerra<\/em><\/strong> <\/p>\n\n\n\n<p class=\"has-black-color has-text-color\" style=\"font-size:25px\">Terminada a guerra, o presidente dos Estados Unidos apresentou uma proposta para os acordos de paz que tinha por objetivos uma paz sem vencedores e vencidos &#8211; essa proposta ficou conhecida como os 14 pontos de Wilson. Previa a autodetermina\u00e7\u00e3o dos povos, inclusive das col\u00f4nias, a liberdade do com\u00e9rcio, a redu\u00e7\u00e3o da capacidade armamentista, acordos sem indeniza\u00e7\u00f5es exageradas e a forma\u00e7\u00e3o de um \u00f3rg\u00e3o mundial que evitasse futuros conflitos. <\/p>\n\n\n\n<p class=\"has-black-color has-text-color\" style=\"font-size:25px\">Fran\u00e7a e Inglaterra rejeitaram a proposta de Wilson. Em janeiro de 1919 aconteceu em Paris uma reuni\u00e3o com os representantes dos pa\u00edses que participaram dos conflitos de onde saiu o Tratado de Versalhes. Impuseram \u00e0 Alemanha puni\u00e7\u00f5es severas e indeniza\u00e7\u00f5es alt\u00edssimas. A Alemanha perdeu para os vencedores da guerra as suas col\u00f4nias na \u00c1frica, dois ter\u00e7os de suas minas de ferro e um sexto de suas terras. Foi obrigada a devolver a regi\u00e3o da Als\u00e1cia-Lorena para a Fran\u00e7a e ceder parte de seu territ\u00f3rio para a Pol\u00f4nia. Al\u00e9m de ter que pagar grandes indeniza\u00e7\u00f5es em dinheiro, a Alemanha n\u00e3o poderia ter armas, navios e avi\u00f5es de guerra. <\/p>\n\n\n\n<p class=\"has-black-color has-text-color\" style=\"font-size:25px\">Outros tratados trouxeram mudan\u00e7as no mapa da Europa. O Imp\u00e9rio Austro-H\u00fangaro deixou de existir, surgindo em seu lugar \u00c1ustria, Hungria, Tchecoslov\u00e1quia, Iugosl\u00e1via e Pol\u00f4nia. O imp\u00e9rio Otomano foi reduzido \u00e0 atual Turquia surgindo Iraque, S\u00edria, L\u00edbano, Palestina e Transjord\u00e2nia.<\/p>\n\n\n\n<p class=\"has-text-align-center\"><img decoding=\"async\" src=\"https:\/\/lh3.googleusercontent.com\/si0YN1sIC2cJ7jLQeIxIOY3plZVKDDrDwEmcPHCQskWemtCmXRI_3v8mCa4YSe2I5gT2me6oEtlj8JO6wjGvqx_PB_a0If_S5-lzGFLlAHYRzM-ZkKbKM5Xg167Y_w=s1600\" style=\"width: 1000px;\"><\/p>\n\n\n\n<p class=\"has-text-align-center has-black-color has-text-color\" style=\"font-size:12px\">Fonte: VAINFAS, Ronaldo. <em>et al<\/em>. Hist\u00f3ria.doc, 9\u00ba ano: ensino fundamental, anos finais. 2. ed. S\u00e3o Paulo: Saraiva, 2018. p. 21.<\/p>\n\n\n\n<p class=\"has-black-color has-text-color\" style=\"font-size:25px\">Os pa\u00edses sa\u00edram destru\u00eddos da guerra. Calcula-se em torno de 30 milh\u00f5es o n\u00famero de mortos entre militares e civis. Muitos soldados que sobreviveram voltaram traumatizados, cidades foram destru\u00eddas e f\u00e1bricas foram fechadas. A Europa viveu o decl\u00ednio econ\u00f4mico depois da guerra. Os Estados Unidos, ao contr\u00e1rio, lucraram bastante com a Primeira Guerra Mundial, tornando-se a maior pot\u00eancia industrial e financeira do mundo. <\/p>\n\n\n\n<p class=\"has-black-color has-text-color\" style=\"font-size:25px\"><strong>Atividades<\/strong> <\/p>\n\n\n\n<p class=\"has-black-color has-text-color\" style=\"font-size:25px\"><strong>Quest\u00e3o 1 &#8211; <\/strong>Quais os fatores que levaram \u00e0 guerra? <\/p>\n\n\n\n<p class=\"has-black-color has-text-color\" style=\"font-size:25px\"><strong>Quest\u00e3o 2 &#8211;<\/strong> Escreva um par\u00e1grafo avaliando todo esse acontecimento, as causas, o desenrolar dos conflitos e os desdobramentos.<\/p>\n\n\n\n<hr class=\"wp-block-separator\"\/>\n\n\n\n<figure class=\"wp-block-table\"><table><tbody><tr><td class=\"has-text-align-center\" data-align=\"center\"><strong>Objetivos de aprendizagem e desenvolvimento<\/strong>:<\/td><td>(EAJAHI0829) Compreender a Primeira Guerra Mundial, seus desdobramentos pol\u00edticos, econ\u00f4micos e sociais.<\/td><\/tr><tr><td class=\"has-text-align-center\" data-align=\"center\"><strong>Refer\u00eancias<\/strong>:<\/td><td>VAINFAS, Ronaldo. <em>et al<\/em>. Hist\u00f3ria.doc, 9\u00ba ano: ensino fundamental, anos finais. 2. ed. S\u00e3o Paulo: Saraiva, 2018.<\/td><\/tr><\/tbody><\/table><\/figure>\n","protected":false},"author":20,"featured_media":133125,"template":"","meta":{"_acf_changed":false,"ocean_post_layout":"","ocean_both_sidebars_style":"","ocean_both_sidebars_content_width":0,"ocean_both_sidebars_sidebars_width":0,"ocean_sidebar":"","ocean_second_sidebar":"","ocean_disable_margins":"enable","ocean_add_body_class":"","ocean_shortcode_before_top_bar":"","ocean_shortcode_after_top_bar":"","ocean_shortcode_before_header":"","ocean_shortcode_after_header":"","ocean_has_shortcode":"","ocean_shortcode_after_title":"","ocean_shortcode_before_footer_widgets":"","ocean_shortcode_after_footer_widgets":"","ocean_shortcode_before_footer_bottom":"","ocean_shortcode_after_footer_bottom":"","ocean_display_top_bar":"default","ocean_display_header":"default","ocean_header_style":"","ocean_center_header_left_menu":"","ocean_custom_header_template":"","ocean_custom_logo":0,"ocean_custom_retina_logo":0,"ocean_custom_logo_max_width":0,"ocean_custom_logo_tablet_max_width":0,"ocean_custom_logo_mobile_max_width":0,"ocean_custom_logo_max_height":0,"ocean_custom_logo_tablet_max_height":0,"ocean_custom_logo_mobile_max_height":0,"ocean_header_custom_menu":"","ocean_menu_typo_font_family":"","ocean_menu_typo_font_subset":"","ocean_menu_typo_font_size":0,"ocean_menu_typo_font_size_tablet":0,"ocean_menu_typo_font_size_mobile":0,"ocean_menu_typo_font_size_unit":"px","ocean_menu_typo_font_weight":"","ocean_menu_typo_font_weight_tablet":"","ocean_menu_typo_font_weight_mobile":"","ocean_menu_typo_transform":"","ocean_menu_typo_transform_tablet":"","ocean_menu_typo_transform_mobile":"","ocean_menu_typo_line_height":0,"ocean_menu_typo_line_height_tablet":0,"ocean_menu_typo_line_height_mobile":0,"ocean_menu_typo_line_height_unit":"","ocean_menu_typo_spacing":0,"ocean_menu_typo_spacing_tablet":0,"ocean_menu_typo_spacing_mobile":0,"ocean_menu_typo_spacing_unit":"","ocean_menu_link_color":"","ocean_menu_link_color_hover":"","ocean_menu_link_color_active":"","ocean_menu_link_background":"","ocean_menu_link_hover_background":"","ocean_menu_link_active_background":"","ocean_menu_social_links_bg":"","ocean_menu_social_hover_links_bg":"","ocean_menu_social_links_color":"","ocean_menu_social_hover_links_color":"","ocean_disable_title":"default","ocean_disable_heading":"default","ocean_post_title":"","ocean_post_subheading":"","ocean_post_title_style":"","ocean_post_title_background_color":"","ocean_post_title_background":0,"ocean_post_title_bg_image_position":"","ocean_post_title_bg_image_attachment":"","ocean_post_title_bg_image_repeat":"","ocean_post_title_bg_image_size":"","ocean_post_title_height":0,"ocean_post_title_bg_overlay":0.5,"ocean_post_title_bg_overlay_color":"","ocean_disable_breadcrumbs":"default","ocean_breadcrumbs_color":"","ocean_breadcrumbs_separator_color":"","ocean_breadcrumbs_links_color":"","ocean_breadcrumbs_links_hover_color":"","ocean_display_footer_widgets":"default","ocean_display_footer_bottom":"default","ocean_custom_footer_template":""},"eaja_categoria":[69],"serie":[100],"eaja_componente":[79],"class_list":["post-133124","eaja","type-eaja","status-publish","has-post-thumbnail","hentry","eaja_categoria-2o-segmento-7a-e-8a-serie","serie-8a-serie","eaja_componente-historia","entry","has-media"],"acf":[],"_links":{"self":[{"href":"https:\/\/sme.goiania.go.gov.br\/conexaoescola\/wp-json\/wp\/v2\/eaja\/133124","targetHints":{"allow":["GET"]}}],"collection":[{"href":"https:\/\/sme.goiania.go.gov.br\/conexaoescola\/wp-json\/wp\/v2\/eaja"}],"about":[{"href":"https:\/\/sme.goiania.go.gov.br\/conexaoescola\/wp-json\/wp\/v2\/types\/eaja"}],"author":[{"embeddable":true,"href":"https:\/\/sme.goiania.go.gov.br\/conexaoescola\/wp-json\/wp\/v2\/users\/20"}],"wp:featuredmedia":[{"embeddable":true,"href":"https:\/\/sme.goiania.go.gov.br\/conexaoescola\/wp-json\/wp\/v2\/media\/133125"}],"wp:attachment":[{"href":"https:\/\/sme.goiania.go.gov.br\/conexaoescola\/wp-json\/wp\/v2\/media?parent=133124"}],"wp:term":[{"taxonomy":"eaja_categoria","embeddable":true,"href":"https:\/\/sme.goiania.go.gov.br\/conexaoescola\/wp-json\/wp\/v2\/eaja_categoria?post=133124"},{"taxonomy":"serie","embeddable":true,"href":"https:\/\/sme.goiania.go.gov.br\/conexaoescola\/wp-json\/wp\/v2\/serie?post=133124"},{"taxonomy":"eaja_componente","embeddable":true,"href":"https:\/\/sme.goiania.go.gov.br\/conexaoescola\/wp-json\/wp\/v2\/eaja_componente?post=133124"}],"curies":[{"name":"wp","href":"https:\/\/api.w.org\/{rel}","templated":true}]}}