{"id":133109,"date":"2021-10-25T09:17:55","date_gmt":"2021-10-25T12:17:55","guid":{"rendered":"https:\/\/sme.goiania.go.gov.br\/conexaoescola\/?post_type=eaja&#038;p=133109"},"modified":"2021-10-28T14:52:16","modified_gmt":"2021-10-28T17:52:16","slug":"lingua-portuguesa-a-cronica-de-humoristica-e-seus-tracos-de-ironia","status":"publish","type":"eaja","link":"https:\/\/sme.goiania.go.gov.br\/conexaoescola\/eaja\/lingua-portuguesa-a-cronica-de-humoristica-e-seus-tracos-de-ironia\/","title":{"rendered":"L\u00edngua Portuguesa \u2013 A cr\u00f4nica humor\u00edstica e seus tra\u00e7os de ironia."},"content":{"rendered":"\n<p class=\"has-black-color has-pale-cyan-blue-background-color has-text-color has-background\" style=\"font-size:25px\"><em>Ol\u00e1! Esta aula de&nbsp;<strong>L\u00edngua Portuguesa<\/strong>&nbsp;<\/em>\u00e9 destinada a educandos da<strong>&nbsp;8\u00aa S\u00e9rie<\/strong>&nbsp;da Eaja.<\/p>\n\n\n\n<figure class=\"wp-block-image size-full\"><img fetchpriority=\"high\" decoding=\"async\" width=\"800\" height=\"533\" src=\"https:\/\/sme.goiania.go.gov.br\/conexaoescola\/wp-content\/uploads\/2021\/10\/image1-7-e1635163469788.jpg\" alt=\"\" class=\"wp-image-133112\" srcset=\"https:\/\/sme.goiania.go.gov.br\/conexaoescola\/wp-content\/uploads\/2021\/10\/image1-7-e1635163469788.jpg 800w, https:\/\/sme.goiania.go.gov.br\/conexaoescola\/wp-content\/uploads\/2021\/10\/image1-7-e1635163469788-300x200.jpg 300w, https:\/\/sme.goiania.go.gov.br\/conexaoescola\/wp-content\/uploads\/2021\/10\/image1-7-e1635163469788-768x512.jpg 768w\" sizes=\"(max-width: 800px) 100vw, 800px\" \/><figcaption>Luis Fernando Verissimo &#8211; Tem\u00e1tica &#8211; L\u00edngua Portuguesa \u2013 A cr\u00f4nica de humor\u00edstica e seus tra\u00e7os de ironia. Dispon\u00edvel em: &lt;<a href=\"https:\/\/commons.wikimedia.org\/wiki\/File:Luis_Fernando_Ver%C3%ADssimo_(41536673330).jpg\">https:\/\/commons.wikimedia.org\/wiki\/File:Luis_Fernando_Ver%C3%ADssimo_(41536673330).jpg<\/a>&gt;. Acesso em: 20 de Outubro de 2021.<\/figcaption><\/figure>\n\n\n\n<p class=\"has-black-color has-cyan-bluish-gray-background-color has-text-color has-background\" style=\"font-size:25px\">A aula de hoje abordar\u00e1 a cr\u00f4nica de humor, refinada e pr\u00f3xima do cotidiano, esta modalidade textual faz um recorte do fato aliado a uma situa\u00e7\u00e3o desconcertante, colocado a narrativa num tom irreverente e muitas vezes ir\u00f4nico, com linguagem simples a cr\u00f4nica apresenta poucos personagens e um enredo leve.<\/p>\n\n\n\n<hr class=\"wp-block-separator\"\/>\n\n\n\n<p class=\"has-text-align-center has-black-color has-vivid-green-cyan-background-color has-text-color has-background\" style=\"font-size:30px\"><strong>Assista a videoaula abaixo, com a tem\u00e1tica \u2013&nbsp;L\u00edngua Portuguesa \u2013 A cr\u00f4nica de humor\u00edstica e seus tra\u00e7os de ironia.<\/strong><\/p>\n\n\n\n<figure class=\"wp-block-embed is-type-video is-provider-youtube wp-block-embed-youtube wp-embed-aspect-4-3 wp-has-aspect-ratio\"><div class=\"wp-block-embed__wrapper\">\n<p class=\"responsive-video-wrap clr\"><iframe title=\"L\u00edngua Portuguesa - 8\u00aa s\u00e9rie - Eaja - A cr\u00f4nica de humor\u00edstica e seus tra\u00e7os de ironia.\" width=\"1200\" height=\"900\" src=\"https:\/\/www.youtube.com\/embed\/hTQnySo48yU?feature=oembed\" frameborder=\"0\" allow=\"accelerometer; autoplay; clipboard-write; encrypted-media; gyroscope; picture-in-picture\" allowfullscreen><\/iframe><\/p>\n<\/div><figcaption>L\u00cdNGUA PORTUGUESA | 8\u00aa S\u00c9RIE | Eaja&nbsp;| PROF.\u00aa: REGINA<\/figcaption><\/figure>\n\n\n\n<hr class=\"wp-block-separator\"\/>\n\n\n\n<p class=\"has-text-align-center has-black-color has-vivid-green-cyan-background-color has-text-color has-background\" style=\"font-size:30px\"><strong>A cr\u00f4nica de humor\u00edstica e seus tra\u00e7os de ironia<\/strong><\/p>\n\n\n\n<p class=\"has-black-color has-text-color\" style=\"font-size:25px\">Hoje, iremos estudar a cr\u00f4nica humor\u00edstica, trata-se de um g\u00eanero narrativo muito difundido pelos meios de comunica\u00e7\u00e3o, capaz de fazer um reflexo invertido de nossa sociedade, um desenho caricatural dos nossos valores e representatividades, tornando-se pr\u00f3xima do leitor pois esta modalidade textual \u00e9 um texto breve e f\u00e1cil de ler, e claro como toda boa cr\u00f4nica faz uso de fatos ligados ao cotidiano. <\/p>\n\n\n\n<p class=\"has-black-color has-text-color\" style=\"font-size:25px\">A cr\u00f4nica humor\u00edstica utiliza a ironia, o humor e o sarcasmo para tratar assuntos que impactam a sociedade, como por exemplo, pol\u00edtica e economia. O uso da ironia, de compara\u00e7\u00f5es inusitadas ou a utiliza\u00e7\u00e3o de temas c\u00f4micos s\u00e3o algumas das t\u00e9cnicas usadas pelos cronistas. Para atingir esse grau de com\u00e9dia, cada cronista adota um estilo particular \u2013 h\u00e1 aqueles que usam da ironia para marcar sua linguagem, h\u00e1 outros que abordam assuntos c\u00f4micos por natureza, ou ainda os cronistas que constroem discursos engra\u00e7ados por meio de associa\u00e7\u00f5es inusitadas.  <\/p>\n\n\n\n<p class=\"has-black-color has-text-color\" style=\"font-size:25px\">Para ilustrar de forma grandiosa escolhemos como exemplo de cr\u00f4nica humor\u00edstica, o renomado texto de Luis Fernando Ver\u00edssimo, a cr\u00f4nica: O homem trocado. Vamos conhecer agora uma s\u00e9rie de enganos que motivaram o enredo da cr\u00f4nica, prepare-se para muitos risos, pois s\u00e3o muitas trocas e cada uma mais imprevis\u00edvel do que a outra. <\/p>\n\n\n\n<p class=\"has-text-align-center has-vivid-red-color has-text-color\" style=\"font-size:25px\"><strong>O homem trocado \u2013 Cr\u00f4nica de Luis Fernando Ver\u00edssimo <\/strong><\/p>\n\n\n\n<p class=\"has-black-color has-text-color\" style=\"font-size:25px\">O homem acorda da anestesia e olha em volta. Ainda est\u00e1 na sala de recupera\u00e7\u00e3o. H\u00e1 uma enfermeira do seu lado. Ele pergunta se foi tudo bem. <\/p>\n\n\n\n<p class=\"has-black-color has-text-color\" style=\"font-size:25px\">\u2013 Tudo perfeito \u2013 diz a enfermeira, sorrindo. <\/p>\n\n\n\n<p class=\"has-black-color has-text-color\" style=\"font-size:25px\">\u2013 Eu estava com medo desta opera\u00e7\u00e3o\u2026 <\/p>\n\n\n\n<p class=\"has-black-color has-text-color\" style=\"font-size:25px\">\u2013 Por qu\u00ea? N\u00e3o havia risco nenhum. <\/p>\n\n\n\n<p class=\"has-black-color has-text-color\" style=\"font-size:25px\">\u2013 Comigo, sempre h\u00e1 risco. Minha vida tem sido uma s\u00e9rie de enganos\u2026 <\/p>\n\n\n\n<p class=\"has-black-color has-text-color\" style=\"font-size:25px\">E conta que os enganos come\u00e7aram com seu nascimento. Houve uma troca de beb\u00eas no ber\u00e7\u00e1rio e ele foi criado at\u00e9 os dez anos por um casal de orientais, que nunca entenderam o fato de terem um filho claro com olhos redondos. Descoberto o erro, ele fora viver com seus verdadeiros pais. Ou com sua verdadeira m\u00e3e, pois o pai abandonara a mulher depois que esta n\u00e3o soubera explicar o nascimento de um beb\u00ea chin\u00eas. <\/p>\n\n\n\n<p class=\"has-black-color has-text-color\" style=\"font-size:25px\">\u2013 E o meu nome? Outro engano. <\/p>\n\n\n\n<p class=\"has-black-color has-text-color\" style=\"font-size:25px\">\u2013 Seu nome n\u00e3o \u00e9 L\u00edrio? <\/p>\n\n\n\n<p class=\"has-black-color has-text-color\" style=\"font-size:25px\">\u2013 Era para ser Lauro. Se enganaram no cart\u00f3rio e\u2026 <\/p>\n\n\n\n<p class=\"has-black-color has-text-color\" style=\"font-size:25px\">Os enganos se sucediam. Na escola, vivia recebendo castigo pelo que n\u00e3o fazia. Fizera o vestibular com sucesso, mas n\u00e3o conseguira entrar na universidade. O computador se enganara, seu nome n\u00e3o apareceu na lista. <\/p>\n\n\n\n<p class=\"has-black-color has-text-color\" style=\"font-size:25px\">\u2013 H\u00e1 anos que a minha conta do telefone vem com cifras incr\u00edveis. No m\u00eas passado tive que pagar mais de R$ 3 mil. <\/p>\n\n\n\n<p class=\"has-black-color has-text-color\" style=\"font-size:25px\">\u2013 O senhor n\u00e3o faz chamadas interurbanas? <\/p>\n\n\n\n<p class=\"has-black-color has-text-color\" style=\"font-size:25px\">\u2013 Eu n\u00e3o tenho telefone! <\/p>\n\n\n\n<p class=\"has-black-color has-text-color\" style=\"font-size:25px\">Conhecera sua mulher por engano. Ela o confundira com outro. N\u00e3o foram felizes. <\/p>\n\n\n\n<p class=\"has-black-color has-text-color\" style=\"font-size:25px\">\u2013 Por qu\u00ea? <\/p>\n\n\n\n<p class=\"has-black-color has-text-color\" style=\"font-size:25px\">\u2013 Ela me enganava. <\/p>\n\n\n\n<p class=\"has-black-color has-text-color\" style=\"font-size:25px\">Fora preso por engano. V\u00e1rias vezes. Recebia intima\u00e7\u00f5es para pagar d\u00edvidas que n\u00e3o fazia. At\u00e9 tivera uma breve, louca alegria, quando ouvira o m\u00e9dico dizer: <\/p>\n\n\n\n<p class=\"has-black-color has-text-color\" style=\"font-size:25px\">\u2013 O senhor est\u00e1 desenganado. <\/p>\n\n\n\n<p class=\"has-black-color has-text-color\" style=\"font-size:25px\">Mas tamb\u00e9m fora um engano do m\u00e9dico. N\u00e3o era t\u00e3o grave assim. Uma simples apendicite. <\/p>\n\n\n\n<p class=\"has-black-color has-text-color\" style=\"font-size:25px\">\u2013 Se voc\u00ea diz que a opera\u00e7\u00e3o foi bem\u2026 <\/p>\n\n\n\n<p class=\"has-black-color has-text-color\" style=\"font-size:25px\">A enfermeira parou de sorrir. <\/p>\n\n\n\n<p class=\"has-black-color has-text-color\" style=\"font-size:25px\">\u2013 Apendicite? \u2013 perguntou, hesitante. <\/p>\n\n\n\n<p class=\"has-black-color has-text-color\" style=\"font-size:25px\">\u2013 \u00c9. A opera\u00e7\u00e3o era para tirar o ap\u00eandice. <\/p>\n\n\n\n<p class=\"has-black-color has-text-color\" style=\"font-size:25px\">\u2013 N\u00e3o era para trocar de sexo? <\/p>\n\n\n\n<p class=\"has-black-color has-text-color\" style=\"font-size:25px\">Apesar do enredo simples e com apenas dois personagens, desenrola-se o di\u00e1logo, a referida cr\u00f4nica aponta problemas de ordem moral e social que de forma improv\u00e1vel podem surpreender a vida de qualquer pessoa, mas para a personagem principal a sucess\u00e3o de enganos e trocas s\u00e3o quase naturais ou mesmo parecem adequadas a ela e a sua condi\u00e7\u00e3o de vida. <\/p>\n\n\n\n<p class=\"has-black-color has-text-color\" style=\"font-size:25px\">A partir do di\u00e1logo travado com a enfermeira o texto ganha um fluxo de equ\u00edvocos, s\u00e3o fatos t\u00e3o absurdos que nos levam a achar gra\u00e7a e sentir compaix\u00e3o pelo personagem central. Note que cada um desses \u201cenganos\u201d atua como pequenas anedotas na narrativa. Uma palavra importante para a compreens\u00e3o do car\u00e1ter c\u00f4mico do texto \u00e9 \u201cdesenganado\u201d, que \u00e9 falada com o sentido de \u201ccondenado \u00e0 morte\u201d, mas pode ser entendida tamb\u00e9m como se tivesse o poder de \u201cdesfazer os enganos\u201d que ocorreram na vida do homem. <\/p>\n\n\n\n<p class=\"has-black-color has-text-color\" style=\"font-size:25px\"><strong>Atividades<\/strong> <\/p>\n\n\n\n<p class=\"has-black-color has-text-color\" style=\"font-size:25px\"><strong>Quest\u00e3o 01 &#8211;<\/strong> A cr\u00f4nica de Luis Fernando Ver\u00edssimo faz uso de elementos geradores de humor, dentre eles as in\u00fameras trocas e enganos na vida da personagem. Em sua opini\u00e3o, mencione o engano mais engra\u00e7ado da narrativa.&nbsp;<\/p>\n\n\n\n<p class=\"has-black-color has-text-color\" style=\"font-size:25px\"><strong>Quest\u00e3o 02 &#8211;<\/strong> Ap\u00f3s esta aula, voc\u00ea j\u00e1 deve ter observado que as cr\u00f4nicas humor\u00edstica fazem um aproveitamento de situa\u00e7\u00f5es do cotidiano, no caso da cr\u00f4nica: O homem trocado o ambiente hospitalar foi o espa\u00e7o escolhido para o escritor desenvolver toda a sua comicidade. Prepare-se, agora chegou a sua vez! Voc\u00ea o autor da cr\u00f4nica e vai escolher um novo espa\u00e7o para narrativa. Ent\u00e3o que espa\u00e7o seria o ideal para construir uma cr\u00f4nica de humor?<\/p>\n\n\n\n<hr class=\"wp-block-separator\"\/>\n\n\n\n<figure class=\"wp-block-table\"><table><tbody><tr><td><br><strong>Objetivos de Aprendizagem e Desenvolvimento:<\/strong><\/td><td>(EAJALP0715) Identificar os elementos da narrativa: espa\u00e7o, tempo, personagens, conflito, cl\u00edmax, foco narrativo, desfecho.<br>(EAJALP0735) Engajar-se na escrita e reescrita dos g\u00eaneros liter\u00e1rios: narrativo e dram\u00e1tico.<\/td><\/tr><tr><td><strong>Refer\u00eancias:<\/strong><\/td><td>Luis Fernando Ver\u00edssimo recita \u201cO homem trocado\u201d. Site: Conto brasileiro<a href=\"https:\/\/contobrasileiro.com.br\/o-homem-trocado-cronica-de-luis-fernando-verissimo\/\">https:\/\/contobrasileiro.com.br\/o-homem-trocado-cronica-de-luis-fernando-verissimo\/<\/a> acessado em 05\/10\/2021<\/td><\/tr><\/tbody><\/table><\/figure>\n","protected":false},"author":20,"featured_media":133112,"template":"","meta":{"_acf_changed":false,"ocean_post_layout":"","ocean_both_sidebars_style":"","ocean_both_sidebars_content_width":0,"ocean_both_sidebars_sidebars_width":0,"ocean_sidebar":"","ocean_second_sidebar":"","ocean_disable_margins":"enable","ocean_add_body_class":"","ocean_shortcode_before_top_bar":"","ocean_shortcode_after_top_bar":"","ocean_shortcode_before_header":"","ocean_shortcode_after_header":"","ocean_has_shortcode":"","ocean_shortcode_after_title":"","ocean_shortcode_before_footer_widgets":"","ocean_shortcode_after_footer_widgets":"","ocean_shortcode_before_footer_bottom":"","ocean_shortcode_after_footer_bottom":"","ocean_display_top_bar":"default","ocean_display_header":"default","ocean_header_style":"","ocean_center_header_left_menu":"","ocean_custom_header_template":"","ocean_custom_logo":0,"ocean_custom_retina_logo":0,"ocean_custom_logo_max_width":0,"ocean_custom_logo_tablet_max_width":0,"ocean_custom_logo_mobile_max_width":0,"ocean_custom_logo_max_height":0,"ocean_custom_logo_tablet_max_height":0,"ocean_custom_logo_mobile_max_height":0,"ocean_header_custom_menu":"","ocean_menu_typo_font_family":"","ocean_menu_typo_font_subset":"","ocean_menu_typo_font_size":0,"ocean_menu_typo_font_size_tablet":0,"ocean_menu_typo_font_size_mobile":0,"ocean_menu_typo_font_size_unit":"px","ocean_menu_typo_font_weight":"","ocean_menu_typo_font_weight_tablet":"","ocean_menu_typo_font_weight_mobile":"","ocean_menu_typo_transform":"","ocean_menu_typo_transform_tablet":"","ocean_menu_typo_transform_mobile":"","ocean_menu_typo_line_height":0,"ocean_menu_typo_line_height_tablet":0,"ocean_menu_typo_line_height_mobile":0,"ocean_menu_typo_line_height_unit":"","ocean_menu_typo_spacing":0,"ocean_menu_typo_spacing_tablet":0,"ocean_menu_typo_spacing_mobile":0,"ocean_menu_typo_spacing_unit":"","ocean_menu_link_color":"","ocean_menu_link_color_hover":"","ocean_menu_link_color_active":"","ocean_menu_link_background":"","ocean_menu_link_hover_background":"","ocean_menu_link_active_background":"","ocean_menu_social_links_bg":"","ocean_menu_social_hover_links_bg":"","ocean_menu_social_links_color":"","ocean_menu_social_hover_links_color":"","ocean_disable_title":"default","ocean_disable_heading":"default","ocean_post_title":"","ocean_post_subheading":"","ocean_post_title_style":"","ocean_post_title_background_color":"","ocean_post_title_background":0,"ocean_post_title_bg_image_position":"","ocean_post_title_bg_image_attachment":"","ocean_post_title_bg_image_repeat":"","ocean_post_title_bg_image_size":"","ocean_post_title_height":0,"ocean_post_title_bg_overlay":0.5,"ocean_post_title_bg_overlay_color":"","ocean_disable_breadcrumbs":"default","ocean_breadcrumbs_color":"","ocean_breadcrumbs_separator_color":"","ocean_breadcrumbs_links_color":"","ocean_breadcrumbs_links_hover_color":"","ocean_display_footer_widgets":"default","ocean_display_footer_bottom":"default","ocean_custom_footer_template":""},"eaja_categoria":[69],"serie":[100],"eaja_componente":[77],"class_list":["post-133109","eaja","type-eaja","status-publish","has-post-thumbnail","hentry","eaja_categoria-2o-segmento-7a-e-8a-serie","serie-8a-serie","eaja_componente-lingua-portuguesa","entry","has-media"],"acf":[],"_links":{"self":[{"href":"https:\/\/sme.goiania.go.gov.br\/conexaoescola\/wp-json\/wp\/v2\/eaja\/133109","targetHints":{"allow":["GET"]}}],"collection":[{"href":"https:\/\/sme.goiania.go.gov.br\/conexaoescola\/wp-json\/wp\/v2\/eaja"}],"about":[{"href":"https:\/\/sme.goiania.go.gov.br\/conexaoescola\/wp-json\/wp\/v2\/types\/eaja"}],"author":[{"embeddable":true,"href":"https:\/\/sme.goiania.go.gov.br\/conexaoescola\/wp-json\/wp\/v2\/users\/20"}],"wp:featuredmedia":[{"embeddable":true,"href":"https:\/\/sme.goiania.go.gov.br\/conexaoescola\/wp-json\/wp\/v2\/media\/133112"}],"wp:attachment":[{"href":"https:\/\/sme.goiania.go.gov.br\/conexaoescola\/wp-json\/wp\/v2\/media?parent=133109"}],"wp:term":[{"taxonomy":"eaja_categoria","embeddable":true,"href":"https:\/\/sme.goiania.go.gov.br\/conexaoescola\/wp-json\/wp\/v2\/eaja_categoria?post=133109"},{"taxonomy":"serie","embeddable":true,"href":"https:\/\/sme.goiania.go.gov.br\/conexaoescola\/wp-json\/wp\/v2\/serie?post=133109"},{"taxonomy":"eaja_componente","embeddable":true,"href":"https:\/\/sme.goiania.go.gov.br\/conexaoescola\/wp-json\/wp\/v2\/eaja_componente?post=133109"}],"curies":[{"name":"wp","href":"https:\/\/api.w.org\/{rel}","templated":true}]}}