{"id":131769,"date":"2021-09-13T16:03:13","date_gmt":"2021-09-13T19:03:13","guid":{"rendered":"https:\/\/sme.goiania.go.gov.br\/conexaoescola\/?post_type=eaja&#038;p=131769"},"modified":"2021-10-08T09:17:42","modified_gmt":"2021-10-08T12:17:42","slug":"geografia-mapas-tematicos","status":"publish","type":"eaja","link":"https:\/\/sme.goiania.go.gov.br\/conexaoescola\/eaja\/geografia-mapas-tematicos\/","title":{"rendered":"Geografia &#8211; Mapas tem\u00e1ticos."},"content":{"rendered":"\n<p class=\"has-black-color has-pale-cyan-blue-background-color has-text-color has-background\" style=\"font-size:25px\"><em>Ol\u00e1! Esta aula de&nbsp;<strong>Geografia<\/strong>&nbsp;<\/em>\u00e9 destinada a educandos da<strong>&nbsp;6\u00aa S\u00e9rie<\/strong>&nbsp;da Eaja.<\/p>\n\n\n\n<div class=\"wp-block-image\"><figure class=\"aligncenter size-large\"><img fetchpriority=\"high\" decoding=\"async\" width=\"661\" height=\"726\" src=\"https:\/\/sme.goiania.go.gov.br\/conexaoescola\/wp-content\/uploads\/2021\/09\/image2-e1631559050533.png\" alt=\"\" class=\"wp-image-131770\" srcset=\"https:\/\/sme.goiania.go.gov.br\/conexaoescola\/wp-content\/uploads\/2021\/09\/image2-e1631559050533.png 661w, https:\/\/sme.goiania.go.gov.br\/conexaoescola\/wp-content\/uploads\/2021\/09\/image2-e1631559050533-273x300.png 273w\" sizes=\"(max-width: 661px) 100vw, 661px\" \/><figcaption>Dispon\u00edvel em:&nbsp; GIARDINO, Cl\u00e1udio, Geografia nos dias de hoje. Editora Leya, 2\u00aa edi\u00e7\u00e3o, S\u00e3o Paulo, 2018, 6 ano, PNLD 2020.<\/figcaption><\/figure><\/div>\n\n\n\n<p class=\"has-black-color has-cyan-bluish-gray-background-color has-text-color has-background\" style=\"font-size:25px\">Na aula de hoje vamos compreender um pouco mais sobre as formas de representa\u00e7\u00e3o e pensamento espacial, a partir dos mapas tem\u00e1ticos.&nbsp;<\/p>\n\n\n\n<hr class=\"wp-block-separator\"\/>\n\n\n\n<p class=\"has-text-align-center has-black-color has-vivid-green-cyan-background-color has-text-color has-background\" style=\"font-size:30px\"><strong>Assista a videoaula abaixo, com a tem\u00e1tica \u2013&nbsp;Geografia &#8211; Mapas tem\u00e1ticos.<\/strong><\/p>\n\n\n\n<figure class=\"wp-block-embed is-type-video is-provider-youtube wp-block-embed-youtube wp-embed-aspect-16-9 wp-has-aspect-ratio\"><div class=\"wp-block-embed__wrapper\">\n<p class=\"responsive-video-wrap clr\"><iframe title=\"6\u00aa s\u00e9rie - Eaja - Geografia - MAPAS TEM\u00c1TICOS\" width=\"1200\" height=\"675\" src=\"https:\/\/www.youtube.com\/embed\/yhn39OQvKrw?feature=oembed\" frameborder=\"0\" allow=\"accelerometer; autoplay; clipboard-write; encrypted-media; gyroscope; picture-in-picture\" allowfullscreen><\/iframe><\/p>\n<\/div><figcaption>6\u00aa S\u00c9RIE | Eaja |GEOGRAFIA| PROF.: WERLLEN<\/figcaption><\/figure>\n\n\n\n<hr class=\"wp-block-separator\"\/>\n\n\n\n<p class=\"has-text-align-center has-black-color has-vivid-green-cyan-background-color has-text-color has-background\" style=\"font-size:30px\"><strong>Mapas tem\u00e1ticos<\/strong><\/p>\n\n\n\n<p class=\"has-black-color has-text-color\" style=\"font-size:25px\"><strong>Os mapas<\/strong> s\u00e3o representa\u00e7\u00f5es espaciais em superf\u00edcies planas, muito utilizados para localizar pa\u00edses ou regi\u00f5es e mostrar informa\u00e7\u00f5es diversas, como as caracter\u00edsticas f\u00edsicas e humanas de um determinado lugar.&nbsp;&nbsp;<\/p>\n\n\n\n<p class=\"has-black-color has-text-color\" style=\"font-size:25px\">Os mapas podem apresentar qualquer tipo de informa\u00e7\u00e3o que se deseja localizar no espa\u00e7o. Para isso existem os <strong>mapas tem\u00e1ticos<\/strong>: como o pr\u00f3prio nome diz, estes abordam diversos temas como transporte, turismo, popula\u00e7\u00e3o, vegeta\u00e7\u00e3o, regi\u00f5es, climas etc. Vejam alguns exemplos a seguir.<\/p>\n\n\n\n<p class=\"has-text-align-center has-vivid-red-color has-text-color\" style=\"font-size:25px\"><strong>TEMA \u2013 DENSIDADE DEMOGR\u00c1FICA<\/strong><\/p>\n\n\n\n<p class=\"has-text-align-center\"><img decoding=\"async\" alt=\"F:\\AA PLANOS E ATIVIDADES\\NEC TV\\NEC 2021\\MAPAS IMAGENS\\Captura de Tela (215).png\" src=\"https:\/\/lh3.googleusercontent.com\/kiqztfKkOvQ2Mz4qYfTzeNSiizPyWbKop8GfDuTs3MagEHbHH6DkQuxpgYj2GQVPLlyyo-wNBKtm-Bp3z22_arn_d3qB91NZkeRqlHLoQjwLNPa5zOx6_SH4myV9MFCbEFSrFYs=s0\" style=\"width: 700px;\"><\/p>\n\n\n\n<p class=\"has-text-align-center has-black-color has-text-color\" style=\"font-size:12px\">Dispon\u00edvel em:&nbsp; GIARDINO, Cl\u00e1udio, Geografia nos dias de hoje. Editora Leya, 2\u00aa edi\u00e7\u00e3o, S\u00e3o Paulo, 2018, 6 ano, PNLD 2020.<\/p>\n\n\n\n<p class=\"has-text-align-center has-vivid-red-color has-text-color\" style=\"font-size:25px\"><strong>TEMA &#8211; TURISMO<\/strong><\/p>\n\n\n\n<p class=\"has-text-align-center\"><img decoding=\"async\" alt=\"F:\\AA PLANOS E ATIVIDADES\\NEC TV\\NEC 2021\\MAPAS IMAGENS\\mapa tem\u00e1tico.png\" src=\"https:\/\/lh5.googleusercontent.com\/eRhJZ-lT8viGYn1bcXrl_KP3b6wFVJazhT-1SF8itCztvkoZ35Ml0695cMc-_twtZSMWPxdQ0rUMRo73No5p_kEqM3J_wquxjjrD3E2_M0FG-Q5EhJ9sJN5eEwzvs3nSdMBaSdY=s0\" style=\"width: 700px;\"><\/p>\n\n\n\n<p class=\"has-text-align-center has-black-color has-text-color\" style=\"font-size:12px\">&nbsp;Dispon\u00edvel em:&nbsp; GIARDINO, Cl\u00e1udio, Geografia nos dias de hoje. Editora Leya, 2\u00aa edi\u00e7\u00e3o, S\u00e3o Paulo, 2018, 6 ano, PNLD 2020.<\/p>\n\n\n\n<p class=\"has-text-align-center has-vivid-red-color has-text-color\" style=\"font-size:25px\"><strong>TEMA \u2013 REDE DE TRANSPORTES<\/strong><\/p>\n\n\n\n<p class=\"has-text-align-center\"><img decoding=\"async\" alt=\"D:\\PLANOS E ATIVIDADES\\NEC TV\\NEC 2021\\MAPAS IMAGENS\\Captura de Tela (214).png\" src=\"https:\/\/lh3.googleusercontent.com\/00ZfYbXlk6ntmJU3rFp6WlUogio-beqL2Cb_nNRT7NtgaYYPyzQcNYqn0EsLsK9UTqxYHWKpfZ6sVm21CWVEBY-Nr4Bm-rNuRzaROLlOlMNHUXgFi4U3dJK7yWZib6VxhIhLIfY=s0\" style=\"width: 700px;\"><\/p>\n\n\n\n<p class=\"has-text-align-center has-black-color has-text-color\" style=\"font-size:12px\">&nbsp;Dispon\u00edvel em:&nbsp; GIARDINO, Cl\u00e1udio, Geografia nos dias de hoje. Editora Leya, 2\u00aa edi\u00e7\u00e3o, S\u00e3o Paulo, 2018, 6 ano, PNLD 2020.<\/p>\n\n\n\n<p class=\"has-text-align-center has-vivid-red-color has-text-color\" style=\"font-size:25px\"><strong>TEMA \u2013 MICRORREGI\u00d5ES DO IBGE \u2013 ESTADO DE GOI\u00c1S.<\/strong><\/p>\n\n\n\n<p class=\"has-text-align-center\"><img decoding=\"async\" alt=\"https:\/\/lh4.googleusercontent.com\/2xxwZSK5FKTuwBgjUpfrOs0IeHLu5Til5iiV47eBximwlT_lTLiqMmy_O54SWEGmL5TnTtQIb-g83GVc3DoQtMRgoLaID-7u5e234bgHKbo0fXCE2ed4AJsCXMyKPw=s0\" src=\"https:\/\/lh4.googleusercontent.com\/CHx5NEUs-66tB3jH3OAlQC_UzsJSve4wlQ3uJyzGS3p0HvtrwZiQk6ZC7eRJL2X5nVHT4XJ6SnPJw5xLbgSH5otilRCQ0512dvv6-DhIBSAcwq6rF77aRWGrGr-OIpP5UstzgxA=s0\" style=\"width: 700px;\"><\/p>\n\n\n\n<p class=\"has-text-align-center has-black-color has-text-color\" style=\"font-size:12px\">Fonte: Instituto Mauro Borges-IMB. Dispon\u00edvel em: &lt;<a href=\"https:\/\/www.imb.go.gov.br\/files\/docs\/mapas\/microrregioes-ibge\/microrregioes_do_estado_de_goias_ibge.jpg\">https:\/\/www.imb.go.gov.br\/files\/docs\/mapas\/microrregioes-ibge\/microrregioes_do_estado_de_goias_ibge.jpg<\/a>&gt;. Acesso em: 03 de Mar\u00e7o de 2021.<\/p>\n\n\n\n<p class=\"has-black-color has-text-color\" style=\"font-size:25px\">Os mapas tem\u00e1ticos podem ser utilizados em estudos e an\u00e1lises de regi\u00f5es, por exemplo: O mapa sobre a Rede de transportes, possibilita que as secretarias de infraestrutura do Governo observem como expandir e otimizar o uso das rodovias. Os mapas tem\u00e1ticos s\u00e3o importantes, pois por meio deles podemos expandir a nossa vis\u00e3o sobre uma determinada \u00e1rea, por meio de diversas vari\u00e1veis.<\/p>\n\n\n\n<p class=\"has-text-align-center has-black-color has-vivid-green-cyan-background-color has-text-color has-background\" style=\"font-size:30px\"><strong>ATIVIDADE<\/strong><\/p>\n\n\n\n<p class=\"has-black-color has-text-color\" style=\"font-size:25px\"><strong>Agora chegou a sua vez de demonstrar o que aprendeu. Vamos l\u00e1!<\/strong><\/p>\n\n\n\n<p class=\"has-black-color has-text-color\" style=\"font-size:25px\"><strong>Quest\u00e3o 1 \u2013<\/strong> O que s\u00e3o mapas tem\u00e1ticos?<\/p>\n\n\n\n<p class=\"has-black-color has-text-color\" style=\"font-size:25px\"><strong>Quest\u00e3o 2 \u2013<\/strong> Escreva o nome de alguns temas mostrados nos mapas deste estudo.<\/p>\n\n\n\n<p class=\"has-black-color has-text-color\" style=\"font-size:25px\"><strong>Quest\u00e3o 3 \u2013 <\/strong>Pesquise em um Atlas ou na Internet alguns mapas e veja se eles t\u00eam um tema espec\u00edfico. Tente interpretar o conte\u00fado, olhe o t\u00edtulo e a legenda.<\/p>\n\n\n\n<hr class=\"wp-block-separator\"\/>\n\n\n\n<figure class=\"wp-block-table\"><table><tbody><tr><td class=\"has-text-align-center\" data-align=\"center\"><strong>Objetivos de Aprendizagem e Desenvolvimento:&nbsp;<\/strong><\/td><td>(EAJAGE0609) Interpretar diferentes mapas tem\u00e1ticos do Brasil, de Goi\u00e1s e locais.&nbsp;<\/td><\/tr><tr><td class=\"has-text-align-center\" data-align=\"center\"><strong>Refer\u00eancias&nbsp;<\/strong><\/td><td>GIARDINO, Cl\u00e1udio, Geografia nos dias de hoje. Editora Leya, 2\u00aa edi\u00e7\u00e3o, S\u00e3o Paulo, 2018, 6\u00ba ano, PNLD 2020.Instituto Mauro Borges-IMB. Dispon\u00edvel em: &lt;<a href=\"https:\/\/www.imb.go.gov.br\/files\/docs\/mapas\/microrregioes-ibge\/microrregioes_do_estado_de_goias_ibge.jpg\">https:\/\/www.imb.go.gov.br\/files\/docs\/mapas\/microrregioes-ibge\/microrregioes_do_estado_de_goias_ibge.jpg<\/a>&gt;. Acesso em: 03 de Mar\u00e7o de 2021.<\/td><\/tr><\/tbody><\/table><\/figure>\n","protected":false},"author":20,"featured_media":131770,"template":"","meta":{"_acf_changed":false,"ocean_post_layout":"","ocean_both_sidebars_style":"","ocean_both_sidebars_content_width":0,"ocean_both_sidebars_sidebars_width":0,"ocean_sidebar":"","ocean_second_sidebar":"","ocean_disable_margins":"enable","ocean_add_body_class":"","ocean_shortcode_before_top_bar":"","ocean_shortcode_after_top_bar":"","ocean_shortcode_before_header":"","ocean_shortcode_after_header":"","ocean_has_shortcode":"","ocean_shortcode_after_title":"","ocean_shortcode_before_footer_widgets":"","ocean_shortcode_after_footer_widgets":"","ocean_shortcode_before_footer_bottom":"","ocean_shortcode_after_footer_bottom":"","ocean_display_top_bar":"default","ocean_display_header":"default","ocean_header_style":"","ocean_center_header_left_menu":"","ocean_custom_header_template":"","ocean_custom_logo":0,"ocean_custom_retina_logo":0,"ocean_custom_logo_max_width":0,"ocean_custom_logo_tablet_max_width":0,"ocean_custom_logo_mobile_max_width":0,"ocean_custom_logo_max_height":0,"ocean_custom_logo_tablet_max_height":0,"ocean_custom_logo_mobile_max_height":0,"ocean_header_custom_menu":"","ocean_menu_typo_font_family":"","ocean_menu_typo_font_subset":"","ocean_menu_typo_font_size":0,"ocean_menu_typo_font_size_tablet":0,"ocean_menu_typo_font_size_mobile":0,"ocean_menu_typo_font_size_unit":"px","ocean_menu_typo_font_weight":"","ocean_menu_typo_font_weight_tablet":"","ocean_menu_typo_font_weight_mobile":"","ocean_menu_typo_transform":"","ocean_menu_typo_transform_tablet":"","ocean_menu_typo_transform_mobile":"","ocean_menu_typo_line_height":0,"ocean_menu_typo_line_height_tablet":0,"ocean_menu_typo_line_height_mobile":0,"ocean_menu_typo_line_height_unit":"","ocean_menu_typo_spacing":0,"ocean_menu_typo_spacing_tablet":0,"ocean_menu_typo_spacing_mobile":0,"ocean_menu_typo_spacing_unit":"","ocean_menu_link_color":"","ocean_menu_link_color_hover":"","ocean_menu_link_color_active":"","ocean_menu_link_background":"","ocean_menu_link_hover_background":"","ocean_menu_link_active_background":"","ocean_menu_social_links_bg":"","ocean_menu_social_hover_links_bg":"","ocean_menu_social_links_color":"","ocean_menu_social_hover_links_color":"","ocean_disable_title":"default","ocean_disable_heading":"default","ocean_post_title":"","ocean_post_subheading":"","ocean_post_title_style":"","ocean_post_title_background_color":"","ocean_post_title_background":0,"ocean_post_title_bg_image_position":"","ocean_post_title_bg_image_attachment":"","ocean_post_title_bg_image_repeat":"","ocean_post_title_bg_image_size":"","ocean_post_title_height":0,"ocean_post_title_bg_overlay":0.5,"ocean_post_title_bg_overlay_color":"","ocean_disable_breadcrumbs":"default","ocean_breadcrumbs_color":"","ocean_breadcrumbs_separator_color":"","ocean_breadcrumbs_links_color":"","ocean_breadcrumbs_links_hover_color":"","ocean_display_footer_widgets":"default","ocean_display_footer_bottom":"default","ocean_custom_footer_template":""},"eaja_categoria":[104],"serie":[75],"eaja_componente":[80],"class_list":["post-131769","eaja","type-eaja","status-publish","has-post-thumbnail","hentry","eaja_categoria-2o-segmento-5a-e-6a-serie","serie-6a-serie","eaja_componente-geografia","entry","has-media"],"acf":[],"_links":{"self":[{"href":"https:\/\/sme.goiania.go.gov.br\/conexaoescola\/wp-json\/wp\/v2\/eaja\/131769","targetHints":{"allow":["GET"]}}],"collection":[{"href":"https:\/\/sme.goiania.go.gov.br\/conexaoescola\/wp-json\/wp\/v2\/eaja"}],"about":[{"href":"https:\/\/sme.goiania.go.gov.br\/conexaoescola\/wp-json\/wp\/v2\/types\/eaja"}],"author":[{"embeddable":true,"href":"https:\/\/sme.goiania.go.gov.br\/conexaoescola\/wp-json\/wp\/v2\/users\/20"}],"wp:featuredmedia":[{"embeddable":true,"href":"https:\/\/sme.goiania.go.gov.br\/conexaoescola\/wp-json\/wp\/v2\/media\/131770"}],"wp:attachment":[{"href":"https:\/\/sme.goiania.go.gov.br\/conexaoescola\/wp-json\/wp\/v2\/media?parent=131769"}],"wp:term":[{"taxonomy":"eaja_categoria","embeddable":true,"href":"https:\/\/sme.goiania.go.gov.br\/conexaoescola\/wp-json\/wp\/v2\/eaja_categoria?post=131769"},{"taxonomy":"serie","embeddable":true,"href":"https:\/\/sme.goiania.go.gov.br\/conexaoescola\/wp-json\/wp\/v2\/serie?post=131769"},{"taxonomy":"eaja_componente","embeddable":true,"href":"https:\/\/sme.goiania.go.gov.br\/conexaoescola\/wp-json\/wp\/v2\/eaja_componente?post=131769"}],"curies":[{"name":"wp","href":"https:\/\/api.w.org\/{rel}","templated":true}]}}