{"id":128999,"date":"2021-08-09T07:02:00","date_gmt":"2021-08-09T10:02:00","guid":{"rendered":"https:\/\/sme.goiania.go.gov.br\/conexaoescola\/?post_type=eaja&#038;p=128999"},"modified":"2021-12-10T16:51:39","modified_gmt":"2021-12-10T18:51:39","slug":"geografia-fluxos-migratorios","status":"publish","type":"eaja","link":"https:\/\/sme.goiania.go.gov.br\/conexaoescola\/eaja\/geografia-fluxos-migratorios\/","title":{"rendered":"Geografia &#8211; Fluxos migrat\u00f3rios."},"content":{"rendered":"\n<p class=\"has-text-align-center has-black-color has-pale-cyan-blue-background-color has-text-color has-background\" style=\"font-size:25px\"><em>Ol\u00e1! Esta aula de&nbsp;<strong>Geografia<\/strong>&nbsp;<\/em>\u00e9 destinada a educandos da<strong>&nbsp;8\u00aa S\u00e9rie<\/strong>&nbsp;da Eaja.<\/p>\n\n\n\n<figure class=\"wp-block-image size-large\"><img fetchpriority=\"high\" decoding=\"async\" width=\"960\" height=\"539\" src=\"https:\/\/sme.goiania.go.gov.br\/conexaoescola\/wp-content\/uploads\/2021\/08\/migration-3129340_960_720-e1628431531932.jpg\" alt=\"\" class=\"wp-image-129000\" srcset=\"https:\/\/sme.goiania.go.gov.br\/conexaoescola\/wp-content\/uploads\/2021\/08\/migration-3129340_960_720-e1628431531932.jpg 960w, https:\/\/sme.goiania.go.gov.br\/conexaoescola\/wp-content\/uploads\/2021\/08\/migration-3129340_960_720-e1628431531932-300x168.jpg 300w, https:\/\/sme.goiania.go.gov.br\/conexaoescola\/wp-content\/uploads\/2021\/08\/migration-3129340_960_720-e1628431531932-768x431.jpg 768w\" sizes=\"(max-width: 960px) 100vw, 960px\" \/><figcaption>Tem\u00e1tica &#8211; Geografia &#8211; Fluxos Migrat\u00f3rios. Dispon\u00edvel em: &lt;pixabay.com\/photo&gt;. Acesso em: 25 de Junho de 2021.<\/figcaption><\/figure>\n\n\n\n<p class=\"has-text-align-center has-black-color has-cyan-bluish-gray-background-color has-text-color has-background\" style=\"font-size:25px\">Ol\u00e1, tudo bem com voc\u00ea? Voc\u00ea sabe que as pessoas est\u00e3o sempre se movimentando de um lugar para o outro? Voc\u00ea j\u00e1 se mudou alguma vez de cidade, de estado ou de pa\u00eds? Hoje voc\u00ea vai aprender um pouco sobre os FLUXOS MIGRAT\u00d3RIOS.<\/p>\n\n\n\n<hr class=\"wp-block-separator\"\/>\n\n\n\n<p class=\"has-text-align-center has-black-color has-vivid-green-cyan-background-color has-text-color has-background\" style=\"font-size:30px\"><strong>Assista a videoaula abaixo, com a tem\u00e1tica \u2013 Geografia &#8211; Fluxos Migrat\u00f3rios.<\/strong><\/p>\n\n\n\n<figure class=\"wp-block-embed is-type-video is-provider-youtube wp-block-embed-youtube wp-embed-aspect-16-9 wp-has-aspect-ratio\"><div class=\"wp-block-embed__wrapper\">\n<p class=\"responsive-video-wrap clr\"><iframe title=\"8\u00aa s\u00e9rie - Eaja - Geografia - Fluxos Migrat\u00f3rios\" width=\"1200\" height=\"675\" src=\"https:\/\/www.youtube.com\/embed\/VVsYNsBIiVY?feature=oembed\" frameborder=\"0\" allow=\"accelerometer; autoplay; clipboard-write; encrypted-media; gyroscope; picture-in-picture\" allowfullscreen><\/iframe><\/p>\n<\/div><figcaption>8\u00aa S\u00c9RIE | Eaja |GEOGRAFIA| PROF.: WERLLEN<\/figcaption><\/figure>\n\n\n\n<hr class=\"wp-block-separator\"\/>\n\n\n\n<p class=\"has-text-align-center has-black-color has-vivid-green-cyan-background-color has-text-color has-background\" style=\"font-size:30px\"><strong>Fluxos Migrat\u00f3rios<\/strong><\/p>\n\n\n\n<p class=\"has-black-color has-text-color\" style=\"font-size:25px\"><strong>Processos Migrat\u00f3rios em diferentes contextos hist\u00f3rico-sociais.<\/strong><\/p>\n\n\n\n<p class=\"has-black-color has-text-color\" style=\"font-size:25px\">A popula\u00e7\u00e3o mundial \u00e9 marcada pela diversidade religiosa, \u00e9tnica e lingu\u00edstica, entre outras. Isso refor\u00e7a a import\u00e2ncia de a\u00e7\u00f5es que combatam a discrimina\u00e7\u00e3o (cultural, \u00e9tnica ou de qualquer natureza), uma vez que a diversidade \u00e9 uma caracter\u00edstica constitutiva dos aspectos demogr\u00e1ficos no mundo. A diversidade mundial tem rela\u00e7\u00e3o com os movimentos migrat\u00f3rios que marcam a hist\u00f3ria dos povos e das na\u00e7\u00f5es. No fim do s\u00e9culo XIX e no in\u00edcio do XX, muitos europeus emigraram de seu continente e foram, em grande parte, para as Am\u00e9ricas do Norte e do Sul em busca de uma vida melhor e com mais oportunidades. O Brasil \u00e9 um dos pa\u00edses que receberam muitos desses imigrantes, principalmente italianos. A partir da segunda metade do s\u00e9culo XX e in\u00edcio do XXI, muitas migra\u00e7\u00f5es ocorreram em consequ\u00eancia de conflitos e guerras civis.&nbsp;<\/p>\n\n\n\n<p class=\"has-black-color has-text-color\" style=\"font-size:25px\">Os fluxos migrat\u00f3rios fazem parte da hist\u00f3ria da humanidade desde a Pr\u00e9-Hist\u00f3ria. Ao longo do tempo, foram motivados de acordo com o contexto hist\u00f3rico, social, pol\u00edtico e territorial. Desde ent\u00e3o, ocorrem migra\u00e7\u00f5es <strong>por raz\u00f5es variadas, como a busca por melhores condi\u00e7\u00f5es de vida e a fuga de guerras e conflitos<\/strong>.<\/p>\n\n\n\n<p class=\"has-black-color has-text-color\" style=\"font-size:25px\">O povoamento da Am\u00e9rica ocorreu gra\u00e7as \u00e0s migra\u00e7\u00f5es de n\u00f4mades asi\u00e1ticos, que cruzaram os dois continentes por meio do estreito de Bering (de acordo com uma das hip\u00f3teses mais aceitas). Acredita-se que as condi\u00e7\u00f5es clim\u00e1ticas e a busca por alimentos seriam as principais motiva\u00e7\u00f5es dos fluxos migrat\u00f3rios que ocorreram durante esse per\u00edodo.&nbsp;<\/p>\n\n\n\n<p class=\"has-black-color has-text-color\" style=\"font-size:25px\">J\u00e1 entre os s\u00e9culos XVI e XIX, grande parte dos fluxos migrat\u00f3rios ocorreu no contexto do colonialismo europeu. A expans\u00e3o e a explora\u00e7\u00e3o territorial, bem como a busca por fontes de mat\u00e9rias-primas e novos mercados consumidores, impulsionam fluxos migrat\u00f3rios das pot\u00eancias europeias da \u00e9poca para os continentes americano, asi\u00e1tico e africano. Nesse per\u00edodo, ocorreu a migra\u00e7\u00e3o for\u00e7ada para o continente americano de uma grande popula\u00e7\u00e3o de africanos escravizados.&nbsp;<\/p>\n\n\n\n<p class=\"has-black-color has-text-color\" style=\"font-size:25px\"><strong>Fluxos migrat\u00f3rios contempor\u00e2neos<\/strong><\/p>\n\n\n\n<p class=\"has-black-color has-text-color\" style=\"font-size:25px\">No s\u00e9culo XX, principalmente ap\u00f3s a Segunda Guerra Mundial (1939-1945), o fluxo migrat\u00f3rio passou a ser maior no sentido contr\u00e1rio, saindo dos pa\u00edses subdesenvolvidos para os pa\u00edses desenvolvidos da Europa e, principalmente, para os Estados Unidos e Canad\u00e1, que t\u00eam recebido muitos migrantes de v\u00e1rias partes do mundo. \u00c9 comum a sa\u00edda (emigrantes) de pa\u00edses mais pobres para pa\u00edses vizinhos que possuem economias mais est\u00e1veis, nesse caso os migrantes aproveitam que a entrada nesses pa\u00edses \u00e9 facilitada por possu\u00edrem menos barreiras burocr\u00e1ticas e migram em busca de melhores condi\u00e7\u00f5es de vida. Nessa dire\u00e7\u00e3o, um fluxo que ganha destaque \u00e9 o de imigrantes latinos em dire\u00e7\u00e3o aos Estados Unidos.&nbsp;<\/p>\n\n\n\n<p class=\"has-black-color has-text-color\" style=\"font-size:25px\">E os brasileiros? Se no passado o Brasil foi um local de recep\u00e7\u00e3o de muitos imigrantes, hoje s\u00e3o os brasileiros que saem do pa\u00eds em busca de melhores condi\u00e7\u00f5es de vida. Talvez voc\u00ea conhe\u00e7a algu\u00e9m que saiu do Brasil para morar em outro pa\u00eds. Atualmente existem brasileiros espalhados por todos os continentes.<\/p>\n\n\n\n<p class=\"has-black-color has-text-color\" style=\"font-size:25px\">Existe ainda a migra\u00e7\u00e3o dos Refugiados. Eles saem do seu pa\u00eds, fugindo de conflitos internos ou guerras, persegui\u00e7\u00f5es religiosas, pol\u00edticas ou \u00e9tnicas. Enfrentam o \u201cdrama dos refugiados\u201d, pois t\u00eam dificuldades de se adaptar e sobreviver no novo pa\u00eds.<\/p>\n\n\n\n<p class=\"has-black-color has-text-color\" style=\"font-size:25px\">Agora chegou o seu momento para mostrar o que aprendeu. Responda de acordo com o texto estudado.<\/p>\n\n\n\n<p class=\"has-text-align-center has-black-color has-luminous-vivid-orange-background-color has-text-color has-background\" style=\"font-size:30px\"><strong>Atividade<\/strong><\/p>\n\n\n\n<p class=\"has-black-color has-text-color\" style=\"font-size:25px\"><strong>Quest\u00e3o 1 &#8211;<\/strong> Os fluxos migrat\u00f3rios foram motivados por quais contextos?<\/p>\n\n\n\n<p class=\"has-black-color has-text-color\" style=\"font-size:25px\"><strong>Quest\u00e3o 2 &#8211; <\/strong>De acordo com a leitura acima, desde a pr\u00e9-hist\u00f3ria, as migra\u00e7\u00f5es ocorreram por raz\u00f5es variadas, quais s\u00e3o elas?&nbsp;&nbsp;<\/p>\n\n\n\n<p class=\"has-black-color has-text-color\" style=\"font-size:25px\"><strong>Quest\u00e3o 3 &#8211; <\/strong>Muitos brasileiros saem do Brasil para morar em outro pa\u00eds. Voc\u00ea j\u00e1 morou em outro pa\u00eds ou conhece algu\u00e9m que mora fora? Qual seria o pa\u00eds? Converse com sua fam\u00edlia a respeito.<\/p>\n\n\n\n<hr class=\"wp-block-separator\"\/>\n\n\n\n<figure class=\"wp-block-table\"><table><tbody><tr><td class=\"has-text-align-center\" data-align=\"center\"><strong>Objetivos de Aprendizagem e Desenvolvimento:&nbsp;<\/strong><\/td><td>(EAJAGE0701) Compreender a funcionabilidade dos processos migrat\u00f3rios em diferentes contextos hist\u00f3rico-sociais.&nbsp;<\/td><\/tr><tr><td class=\"has-text-align-center\" data-align=\"center\"><strong>Refer\u00eancias:<\/strong><\/td><td>DELLORE, Cesar&nbsp; Brumini. Ararib\u00e1 Mais: Geografia. Editora Moderna, 1\u00aa Ed, S\u00e3o Paulo, 2018. 6\u00ba ao 9\u00ba. PNLD 2020.<\/td><\/tr><\/tbody><\/table><\/figure>\n","protected":false},"author":20,"featured_media":129000,"template":"","meta":{"_acf_changed":false,"ocean_post_layout":"","ocean_both_sidebars_style":"","ocean_both_sidebars_content_width":0,"ocean_both_sidebars_sidebars_width":0,"ocean_sidebar":"","ocean_second_sidebar":"","ocean_disable_margins":"enable","ocean_add_body_class":"","ocean_shortcode_before_top_bar":"","ocean_shortcode_after_top_bar":"","ocean_shortcode_before_header":"","ocean_shortcode_after_header":"","ocean_has_shortcode":"","ocean_shortcode_after_title":"","ocean_shortcode_before_footer_widgets":"","ocean_shortcode_after_footer_widgets":"","ocean_shortcode_before_footer_bottom":"","ocean_shortcode_after_footer_bottom":"","ocean_display_top_bar":"default","ocean_display_header":"default","ocean_header_style":"","ocean_center_header_left_menu":"","ocean_custom_header_template":"","ocean_custom_logo":0,"ocean_custom_retina_logo":0,"ocean_custom_logo_max_width":0,"ocean_custom_logo_tablet_max_width":0,"ocean_custom_logo_mobile_max_width":0,"ocean_custom_logo_max_height":0,"ocean_custom_logo_tablet_max_height":0,"ocean_custom_logo_mobile_max_height":0,"ocean_header_custom_menu":"","ocean_menu_typo_font_family":"","ocean_menu_typo_font_subset":"","ocean_menu_typo_font_size":0,"ocean_menu_typo_font_size_tablet":0,"ocean_menu_typo_font_size_mobile":0,"ocean_menu_typo_font_size_unit":"px","ocean_menu_typo_font_weight":"","ocean_menu_typo_font_weight_tablet":"","ocean_menu_typo_font_weight_mobile":"","ocean_menu_typo_transform":"","ocean_menu_typo_transform_tablet":"","ocean_menu_typo_transform_mobile":"","ocean_menu_typo_line_height":0,"ocean_menu_typo_line_height_tablet":0,"ocean_menu_typo_line_height_mobile":0,"ocean_menu_typo_line_height_unit":"","ocean_menu_typo_spacing":0,"ocean_menu_typo_spacing_tablet":0,"ocean_menu_typo_spacing_mobile":0,"ocean_menu_typo_spacing_unit":"","ocean_menu_link_color":"","ocean_menu_link_color_hover":"","ocean_menu_link_color_active":"","ocean_menu_link_background":"","ocean_menu_link_hover_background":"","ocean_menu_link_active_background":"","ocean_menu_social_links_bg":"","ocean_menu_social_hover_links_bg":"","ocean_menu_social_links_color":"","ocean_menu_social_hover_links_color":"","ocean_disable_title":"default","ocean_disable_heading":"default","ocean_post_title":"","ocean_post_subheading":"","ocean_post_title_style":"","ocean_post_title_background_color":"","ocean_post_title_background":0,"ocean_post_title_bg_image_position":"","ocean_post_title_bg_image_attachment":"","ocean_post_title_bg_image_repeat":"","ocean_post_title_bg_image_size":"","ocean_post_title_height":0,"ocean_post_title_bg_overlay":0.5,"ocean_post_title_bg_overlay_color":"","ocean_disable_breadcrumbs":"default","ocean_breadcrumbs_color":"","ocean_breadcrumbs_separator_color":"","ocean_breadcrumbs_links_color":"","ocean_breadcrumbs_links_hover_color":"","ocean_display_footer_widgets":"default","ocean_display_footer_bottom":"default","ocean_custom_footer_template":""},"eaja_categoria":[69],"serie":[100],"eaja_componente":[80],"class_list":["post-128999","eaja","type-eaja","status-publish","has-post-thumbnail","hentry","eaja_categoria-2o-segmento-7a-e-8a-serie","serie-8a-serie","eaja_componente-geografia","entry","has-media"],"acf":[],"_links":{"self":[{"href":"https:\/\/sme.goiania.go.gov.br\/conexaoescola\/wp-json\/wp\/v2\/eaja\/128999","targetHints":{"allow":["GET"]}}],"collection":[{"href":"https:\/\/sme.goiania.go.gov.br\/conexaoescola\/wp-json\/wp\/v2\/eaja"}],"about":[{"href":"https:\/\/sme.goiania.go.gov.br\/conexaoescola\/wp-json\/wp\/v2\/types\/eaja"}],"author":[{"embeddable":true,"href":"https:\/\/sme.goiania.go.gov.br\/conexaoescola\/wp-json\/wp\/v2\/users\/20"}],"wp:featuredmedia":[{"embeddable":true,"href":"https:\/\/sme.goiania.go.gov.br\/conexaoescola\/wp-json\/wp\/v2\/media\/129000"}],"wp:attachment":[{"href":"https:\/\/sme.goiania.go.gov.br\/conexaoescola\/wp-json\/wp\/v2\/media?parent=128999"}],"wp:term":[{"taxonomy":"eaja_categoria","embeddable":true,"href":"https:\/\/sme.goiania.go.gov.br\/conexaoescola\/wp-json\/wp\/v2\/eaja_categoria?post=128999"},{"taxonomy":"serie","embeddable":true,"href":"https:\/\/sme.goiania.go.gov.br\/conexaoescola\/wp-json\/wp\/v2\/serie?post=128999"},{"taxonomy":"eaja_componente","embeddable":true,"href":"https:\/\/sme.goiania.go.gov.br\/conexaoescola\/wp-json\/wp\/v2\/eaja_componente?post=128999"}],"curies":[{"name":"wp","href":"https:\/\/api.w.org\/{rel}","templated":true}]}}