{"id":191239,"date":"2024-12-05T13:24:47","date_gmt":"2024-12-05T16:24:47","guid":{"rendered":"https:\/\/sme.goiania.go.gov.br\/conexaoescola\/?post_type=biblioteca_virtual&#038;p=191239"},"modified":"2024-12-05T13:24:47","modified_gmt":"2024-12-05T16:24:47","slug":"programa-inteligencia-socioemocional-trabalho-em-equipe-no-desenvolvimento-socioemocional","status":"publish","type":"biblioteca_virtual","link":"https:\/\/sme.goiania.go.gov.br\/conexaoescola\/biblioteca_virtual\/programa-inteligencia-socioemocional-trabalho-em-equipe-no-desenvolvimento-socioemocional\/","title":{"rendered":"PROGRAMA INTELIG\u00caNCIA SOCIOEMOCIONAL: Trabalho em Equipe no Desenvolvimento Socioemocional"},"content":{"rendered":"\n<p class=\"has-text-align-center has-vivid-cyan-blue-to-vivid-purple-gradient-background has-background has-medium-font-size\"><strong>A Base Nacional Comum Curricular (BNCC) e o Documento Curricular para Goi\u00e1s Ampliado (DC-GO Ampliado) destacam a import\u00e2ncia da explana\u00e7\u00e3o, do estudo efetivo, das compet\u00eancias socioemocionais em todos os n\u00edveis e modalidades de ensino. E \u00e9 pensando nisso, que o Conex\u00e3o Escola busca abordar essas compet\u00eancias numa linguagem que atenda ao p\u00fablico infanto-juvenil e que auxilie o trabalho desempenhado pelos professores nas institui\u00e7\u00f5es de ensino da Secretaria Municipal de Educa\u00e7\u00e3o (Goi\u00e2nia \u2013 Goi\u00e1s), atrav\u00e9s da \u201cS\u00e9rie: Programa Intelig\u00eancia Socioemocional\u201d.<\/strong><\/p>\n\n\n\n<figure class=\"wp-block-image size-large\"><img fetchpriority=\"high\" decoding=\"async\" width=\"1024\" height=\"576\" src=\"https:\/\/sme.goiania.go.gov.br\/conexaoescola\/wp-content\/uploads\/2024\/12\/Trabalho-em-Equipe-1024x576.png\" alt=\"\" class=\"wp-image-191240\" srcset=\"https:\/\/sme.goiania.go.gov.br\/conexaoescola\/wp-content\/uploads\/2024\/12\/Trabalho-em-Equipe-1024x576.png 1024w, https:\/\/sme.goiania.go.gov.br\/conexaoescola\/wp-content\/uploads\/2024\/12\/Trabalho-em-Equipe-300x169.png 300w, https:\/\/sme.goiania.go.gov.br\/conexaoescola\/wp-content\/uploads\/2024\/12\/Trabalho-em-Equipe-768x432.png 768w, https:\/\/sme.goiania.go.gov.br\/conexaoescola\/wp-content\/uploads\/2024\/12\/Trabalho-em-Equipe.png 1280w\" sizes=\"(max-width: 1024px) 100vw, 1024px\" \/><\/figure>\n\n\n\n<p class=\"has-text-align-center has-white-color has-vivid-cyan-blue-to-vivid-purple-gradient-background has-text-color has-background has-link-color has-large-font-size wp-elements-2096e071ee2424bf095fb3ec83046e36\"><strong>Trabalho em Equipe no Desenvolvimento Socioemocional<\/strong><\/p>\n\n\n\n<figure class=\"wp-block-embed is-type-video is-provider-youtube wp-block-embed-youtube wp-embed-aspect-16-9 wp-has-aspect-ratio\"><div class=\"wp-block-embed__wrapper\">\n<p class=\"responsive-video-wrap clr\"><iframe title=\"Intelig\u00eancia Socioemocional #47 - Trabalho em Equipe e Desenvolvimento Socioemocional\" width=\"1200\" height=\"675\" src=\"https:\/\/www.youtube.com\/embed\/FHnx6SFmyMA?feature=oembed\" frameborder=\"0\" allow=\"accelerometer; autoplay; clipboard-write; encrypted-media; gyroscope; picture-in-picture; web-share\" referrerpolicy=\"strict-origin-when-cross-origin\" allowfullscreen><\/iframe><\/p>\n<\/div><figcaption class=\"wp-element-caption\">Canal Portal Conex\u00e3o Escola \u2013 Trabalho em Equipe no Desenvolvimento Socioemocional \u2013 Programa Intelig\u00eancia Socioemocional. Dispon\u00edvel em: &lt;<a href=\"https:\/\/youtu.be\/FHnx6SFmyMA?feature=shared\">https:\/\/youtu.be\/FHnx6SFmyMA?feature=shared<\/a>>. Acesso em: 05, dez. 2024.<\/figcaption><\/figure>\n\n\n\n<p class=\"has-text-align-center has-vivid-cyan-blue-to-vivid-purple-gradient-background has-background has-medium-font-size\"><strong>O trabalho em equipe desempenha um papel essencial no desenvolvimento socioemocional, pois envolve a pr\u00e1tica de habilidades como empatia, comunica\u00e7\u00e3o, colabora\u00e7\u00e3o e resolu\u00e7\u00e3o de conflitos. <\/strong><\/p>\n\n\n\n<p class=\"has-text-align-center has-vivid-cyan-blue-to-vivid-purple-gradient-background has-background has-medium-font-size\"><strong>Em um ambiente coletivo, aprendemos a lidar com diferentes perspectivas, a valorizar as contribui\u00e7\u00f5es individuais e a construir solu\u00e7\u00f5es conjuntas, o que fortalece a capacidade de se relacionar de forma respeitosa e eficaz. Al\u00e9m disso, a din\u00e2mica de equipe desafia o indiv\u00edduo a equilibrar suas necessidades pessoais com as do grupo, promovendo o autoconhecimento e o desenvolvimento da autorregula\u00e7\u00e3o emocional. <\/strong><\/p>\n\n\n\n<p class=\"has-text-align-center has-vivid-cyan-blue-to-vivid-purple-gradient-background has-background has-medium-font-size\"><strong>Dessa forma, o trabalho em equipe n\u00e3o apenas impulsiona resultados compartilhados, mas tamb\u00e9m contribui para a forma\u00e7\u00e3o de la\u00e7os mais fortes e para a constru\u00e7\u00e3o de uma intelig\u00eancia socioemocional madura e resiliente.<\/strong><\/p>\n\n\n\n<figure class=\"wp-block-table is-style-stripes\"><table class=\"has-fixed-layout\"><tbody><tr><td><strong>Documentos norteadores:<\/strong><\/td><td><strong>\u2013 Base Nacional Comum Curricular (BNCC)<br>\u2013 Documento Curricular para Goi\u00e1s \u2013 Ampliado (DC-GO)<br>\u2013 O Estatuto da Crian\u00e7a e do Adolescente<\/strong><\/td><\/tr><\/tbody><\/table><\/figure>\n","protected":false},"featured_media":191241,"template":"","taxonomia_bv":[108],"class_list":["post-191239","biblioteca_virtual","type-biblioteca_virtual","status-publish","has-post-thumbnail","hentry","taxonomia_bv-videos","entry","has-media"],"acf":[],"_links":{"self":[{"href":"https:\/\/sme.goiania.go.gov.br\/conexaoescola\/wp-json\/wp\/v2\/biblioteca_virtual\/191239","targetHints":{"allow":["GET"]}}],"collection":[{"href":"https:\/\/sme.goiania.go.gov.br\/conexaoescola\/wp-json\/wp\/v2\/biblioteca_virtual"}],"about":[{"href":"https:\/\/sme.goiania.go.gov.br\/conexaoescola\/wp-json\/wp\/v2\/types\/biblioteca_virtual"}],"wp:featuredmedia":[{"embeddable":true,"href":"https:\/\/sme.goiania.go.gov.br\/conexaoescola\/wp-json\/wp\/v2\/media\/191241"}],"wp:attachment":[{"href":"https:\/\/sme.goiania.go.gov.br\/conexaoescola\/wp-json\/wp\/v2\/media?parent=191239"}],"wp:term":[{"taxonomy":"taxonomia_bv","embeddable":true,"href":"https:\/\/sme.goiania.go.gov.br\/conexaoescola\/wp-json\/wp\/v2\/taxonomia_bv?post=191239"}],"curies":[{"name":"wp","href":"https:\/\/api.w.org\/{rel}","templated":true}]}}