{"id":185206,"date":"2024-07-31T13:40:08","date_gmt":"2024-07-31T16:40:08","guid":{"rendered":"https:\/\/sme.goiania.go.gov.br\/conexaoescola\/?post_type=biblioteca_virtual&#038;p=185206"},"modified":"2024-07-31T13:40:08","modified_gmt":"2024-07-31T16:40:08","slug":"programa-inteligencia-socioemocional-perdendo-o-medo-da-comunicacao","status":"publish","type":"biblioteca_virtual","link":"https:\/\/sme.goiania.go.gov.br\/conexaoescola\/biblioteca_virtual\/programa-inteligencia-socioemocional-perdendo-o-medo-da-comunicacao\/","title":{"rendered":"PROGRAMA INTELIG\u00caNCIA SOCIOEMOCIONAL: Perdendo o Medo da Comunica\u00e7\u00e3o"},"content":{"rendered":"\n<p class=\"has-text-align-center has-vivid-cyan-blue-to-vivid-purple-gradient-background has-background has-medium-font-size\"><strong>A Base Nacional Comum Curricular (BNCC) e o Documento Curricular para Goi\u00e1s Ampliado (DC-GO Ampliado) destacam a import\u00e2ncia da explana\u00e7\u00e3o, do estudo efetivo, das compet\u00eancias socioemocionais em todos os n\u00edveis e modalidades de ensino. E \u00e9 pensando nisso, que o Conex\u00e3o Escola busca abordar essas compet\u00eancias numa linguagem que atenda ao p\u00fablico infanto-juvenil e que auxilie o trabalho desempenhado pelos professores nas institui\u00e7\u00f5es de ensino da Secretaria Municipal de Educa\u00e7\u00e3o (Goi\u00e2nia \u2013 Goi\u00e1s), atrav\u00e9s da \u201cS\u00e9rie: Programa Intelig\u00eancia Socioemocional\u201d<\/strong>.<\/p>\n\n\n\n<figure class=\"wp-block-image size-large\"><img fetchpriority=\"high\" decoding=\"async\" width=\"1024\" height=\"576\" src=\"https:\/\/sme.goiania.go.gov.br\/conexaoescola\/wp-content\/uploads\/2024\/07\/PERDENDO-O-MEDO-1024x576.png\" alt=\"\" class=\"wp-image-185207\" srcset=\"https:\/\/sme.goiania.go.gov.br\/conexaoescola\/wp-content\/uploads\/2024\/07\/PERDENDO-O-MEDO-1024x576.png 1024w, https:\/\/sme.goiania.go.gov.br\/conexaoescola\/wp-content\/uploads\/2024\/07\/PERDENDO-O-MEDO-300x169.png 300w, https:\/\/sme.goiania.go.gov.br\/conexaoescola\/wp-content\/uploads\/2024\/07\/PERDENDO-O-MEDO-768x432.png 768w, https:\/\/sme.goiania.go.gov.br\/conexaoescola\/wp-content\/uploads\/2024\/07\/PERDENDO-O-MEDO.png 1280w\" sizes=\"(max-width: 1024px) 100vw, 1024px\" \/><\/figure>\n\n\n\n<p class=\"has-text-align-center has-white-color has-vivid-cyan-blue-to-vivid-purple-gradient-background has-text-color has-background has-link-color has-large-font-size wp-elements-051cbe86424efe138fc28c0a3313bac8\"><strong>PERDENDO O MEDO DA COMUNICA\u00c7\u00c3O<\/strong><\/p>\n\n\n\n<figure class=\"wp-block-embed is-type-video is-provider-youtube wp-block-embed-youtube wp-embed-aspect-16-9 wp-has-aspect-ratio\"><div class=\"wp-block-embed__wrapper\">\n<p class=\"responsive-video-wrap clr\"><iframe title=\"Intelig\u00eancia Socioemocional #35 - Perdendo o Medo da Comunica\u00e7\u00e3o\" width=\"1200\" height=\"675\" src=\"https:\/\/www.youtube.com\/embed\/sPmthvh4YCo?feature=oembed\" frameborder=\"0\" allow=\"accelerometer; autoplay; clipboard-write; encrypted-media; gyroscope; picture-in-picture; web-share\" referrerpolicy=\"strict-origin-when-cross-origin\" allowfullscreen><\/iframe><\/p>\n<\/div><figcaption class=\"wp-element-caption\">Canal Portal Conex\u00e3o Escola \u2013 Perdendo o Medo da Comunica\u00e7\u00e3o \u2013 Programa Intelig\u00eancia Socioemocional. Dispon\u00edvel em: &lt;https:\/\/youtu.be\/sPmthvh4YCo?feature=shared>. Acesso em: 31, jul. 2024.<\/figcaption><\/figure>\n\n\n\n<p class=\"has-text-align-center has-vivid-cyan-blue-to-vivid-purple-gradient-background has-background has-medium-font-size\"><strong>A comunica\u00e7\u00e3o \u00e9 uma habilidade fundamental que permeia todos os aspectos da vida humana, desde as intera\u00e7\u00f5es pessoais at\u00e9 o ambiente profissional. No entanto, muitas pessoas enfrentam um medo significativo de se comunicar, seja por receio de julgamentos, medo de errar ou ansiedade social. Perder esse medo \u00e9 crucial por diversas raz\u00f5es:<\/strong><\/p>\n\n\n\n<p class=\"has-text-align-center has-vivid-cyan-blue-to-vivid-purple-gradient-background has-background has-medium-font-size\"><strong>Superar o medo de comunicar-se melhora significativamente a autoestima e a confian\u00e7a. Quando uma pessoa se sente \u00e0 vontade para expressar suas ideias e sentimentos, ela se torna mais segura de si, facilitando o desenvolvimento pessoal. A confian\u00e7a adquirida ao vencer esse medo se reflete em v\u00e1rias \u00e1reas da vida, proporcionando um senso de realiza\u00e7\u00e3o e autonomia.<\/strong><\/p>\n\n\n\n<p class=\"has-text-align-center has-vivid-cyan-blue-to-vivid-purple-gradient-background has-background has-medium-font-size\"><strong>A comunica\u00e7\u00e3o eficaz \u00e9 a base de relacionamentos saud\u00e1veis e significativos. Ser capaz de expressar pensamentos e emo\u00e7\u00f5es de maneira clara e aberta fortalece os v\u00ednculos com amigos, familiares e parceiros. Al\u00e9m disso, a capacidade de ouvir ativamente e responder adequadamente \u00e0s necessidades dos outros promove a empatia e a compreens\u00e3o m\u00fatua.<\/strong><\/p>\n\n\n\n<p class=\"has-text-align-center has-vivid-cyan-blue-to-vivid-purple-gradient-background has-background has-medium-font-size\"><strong>Conflitos s\u00e3o inevit\u00e1veis em qualquer relacionamento, mas a forma como s\u00e3o geridos pode fazer toda a diferen\u00e7a. A habilidade de comunicar-se sem medo permite abordar problemas de maneira direta e construtiva. Isso facilita a resolu\u00e7\u00e3o de conflitos, evitando mal-entendidos e promovendo solu\u00e7\u00f5es pac\u00edficas. Uma comunica\u00e7\u00e3o aberta e honesta \u00e9 a chave para resolver desentendimentos e fortalecer os relacionamentos.<\/strong><\/p>\n\n\n\n<p class=\"has-text-align-center has-vivid-cyan-blue-to-vivid-purple-gradient-background has-background has-medium-font-size\"><strong>A comunica\u00e7\u00e3o n\u00e3o se limita \u00e0 fala; inclui tamb\u00e9m a escrita, a arte e outras formas de express\u00e3o. Perder o medo de comunicar-se amplia as possibilidades de express\u00e3o criativa, permitindo que indiv\u00edduos compartilhem suas ideias e vis\u00f5es de maneira mais livre. Isso \u00e9 especialmente importante para artistas, escritores e criadores, cuja obra depende da capacidade de comunicar-se com o p\u00fablico.<\/strong><\/p>\n\n\n\n<p class=\"has-text-align-center has-vivid-cyan-blue-to-vivid-purple-gradient-background has-background has-medium-font-size\"><strong>Guardar pensamentos e sentimentos pode levar ao estresse e \u00e0 ansiedade. Expressar-se de maneira saud\u00e1vel \u00e9 uma forma de aliviar essas tens\u00f5es emocionais. A comunica\u00e7\u00e3o eficaz permite que as pessoas compartilhem suas preocupa\u00e7\u00f5es e busquem apoio, promovendo um bem-estar emocional mais equilibrado.<\/strong><\/p>\n\n\n\n<figure class=\"wp-block-table is-style-stripes\"><table><tbody><tr><td><strong>Documentos norteadores:<\/strong><\/td><td><strong>\u2013 Base Nacional Comum Curricular (BNCC)<br>\u2013 Documento Curricular para Goi\u00e1s \u2013 Ampliado (DC-GO)<br>\u2013 O Estatuto da Crian\u00e7a e do Adolescente<\/strong><\/td><\/tr><\/tbody><\/table><\/figure>\n","protected":false},"featured_media":185081,"template":"","taxonomia_bv":[192],"class_list":["post-185206","biblioteca_virtual","type-biblioteca_virtual","status-publish","has-post-thumbnail","hentry","taxonomia_bv-videoaulas","entry","has-media"],"acf":[],"_links":{"self":[{"href":"https:\/\/sme.goiania.go.gov.br\/conexaoescola\/wp-json\/wp\/v2\/biblioteca_virtual\/185206","targetHints":{"allow":["GET"]}}],"collection":[{"href":"https:\/\/sme.goiania.go.gov.br\/conexaoescola\/wp-json\/wp\/v2\/biblioteca_virtual"}],"about":[{"href":"https:\/\/sme.goiania.go.gov.br\/conexaoescola\/wp-json\/wp\/v2\/types\/biblioteca_virtual"}],"wp:featuredmedia":[{"embeddable":true,"href":"https:\/\/sme.goiania.go.gov.br\/conexaoescola\/wp-json\/wp\/v2\/media\/185081"}],"wp:attachment":[{"href":"https:\/\/sme.goiania.go.gov.br\/conexaoescola\/wp-json\/wp\/v2\/media?parent=185206"}],"wp:term":[{"taxonomy":"taxonomia_bv","embeddable":true,"href":"https:\/\/sme.goiania.go.gov.br\/conexaoescola\/wp-json\/wp\/v2\/taxonomia_bv?post=185206"}],"curies":[{"name":"wp","href":"https:\/\/api.w.org\/{rel}","templated":true}]}}