{"id":185033,"date":"2024-07-16T14:00:54","date_gmt":"2024-07-16T17:00:54","guid":{"rendered":"https:\/\/sme.goiania.go.gov.br\/conexaoescola\/?post_type=biblioteca_virtual&#038;p=185033"},"modified":"2024-07-16T14:01:19","modified_gmt":"2024-07-16T17:01:19","slug":"informando-a-popularizacao-da-ciencia-na-educacao-basica","status":"publish","type":"biblioteca_virtual","link":"https:\/\/sme.goiania.go.gov.br\/conexaoescola\/biblioteca_virtual\/informando-a-popularizacao-da-ciencia-na-educacao-basica\/","title":{"rendered":"INformando &#8211; A populariza\u00e7\u00e3o da ci\u00eancia na educa\u00e7\u00e3o b\u00e1sica"},"content":{"rendered":"\n<p class=\"has-text-align-center has-pale-cyan-blue-background-color has-background has-medium-font-size\"><strong><em>O Conex\u00e3o Escola \u2013 INformando<\/em>\u00a0\u00e9 um quadro educativo que objetiva \u00a0compartilhar informa\u00e7\u00f5es e conte\u00fados relacionados \u00e0 pr\u00e1tica pedag\u00f3gica, \u00e0 forma\u00e7\u00e3o continuada de professores e \u00e0 conviv\u00eancia nos espa\u00e7os educacionais da Rede Municipal de Educa\u00e7\u00e3o de Goi\u00e2nia \u2013 RME, devidamente alinhados aos documentos norteadores em vig\u00eancia.<\/strong><\/p>\n\n\n<div class=\"wp-block-image\">\n<figure class=\"aligncenter size-large is-resized\"><a href=\"https:\/\/youtu.be\/YQeZXHivdKc?list=PLxRkqxlT0AC2y7O7HGwpocb-b_djoEXw0\"><img fetchpriority=\"high\" decoding=\"async\" width=\"1024\" height=\"948\" src=\"https:\/\/sme.goiania.go.gov.br\/conexaoescola\/wp-content\/uploads\/2024\/07\/Ensino-Maker-1-1024x948.png\" alt=\"\" class=\"wp-image-185034\" style=\"width:698px;height:auto\" srcset=\"https:\/\/sme.goiania.go.gov.br\/conexaoescola\/wp-content\/uploads\/2024\/07\/Ensino-Maker-1-1024x948.png 1024w, https:\/\/sme.goiania.go.gov.br\/conexaoescola\/wp-content\/uploads\/2024\/07\/Ensino-Maker-1-300x278.png 300w, https:\/\/sme.goiania.go.gov.br\/conexaoescola\/wp-content\/uploads\/2024\/07\/Ensino-Maker-1-768x711.png 768w, https:\/\/sme.goiania.go.gov.br\/conexaoescola\/wp-content\/uploads\/2024\/07\/Ensino-Maker-1.png 1080w\" sizes=\"(max-width: 1024px) 100vw, 1024px\" \/><\/a><\/figure><\/div>\n\n\n<p class=\"has-text-align-center has-large-font-size\"><strong>A populariza\u00e7\u00e3o da ci\u00eancia na educa\u00e7\u00e3o b\u00e1sica<\/strong><\/p>\n\n\n\n<p class=\"has-text-align-center has-pale-cyan-blue-background-color has-background has-medium-font-size\">Neste programa o tema da populariza\u00e7\u00e3o da ci\u00eancia, tecnologia e pesquisa na educa\u00e7\u00e3o b\u00e1sica, ressalta sua import\u00e2ncia para o avan\u00e7o da sociedade. Em seguida, recebe o professor Carlos Wagner Costa Ara\u00fajo como convidado, especialista no assunto. Ele compartilhar sua expertise e responder a perguntas sobre a populariza\u00e7\u00e3o da ci\u00eancia, a forma\u00e7\u00e3o de professores e pr\u00e1ticas pedag\u00f3gicas mais modernas e eficazes. Ao final, Malu refor\u00e7a a import\u00e2ncia de desenvolver ci\u00eancia e pesquisa na educa\u00e7\u00e3o b\u00e1sica para o desenvolvimento de habilidades essenciais nos estudantes e convida o p\u00fablico a acompanhar futuros programas.<\/p>\n\n\n\n<figure class=\"wp-block-embed is-type-video is-provider-youtube wp-block-embed-youtube wp-embed-aspect-16-9 wp-has-aspect-ratio\"><div class=\"wp-block-embed__wrapper\">\n<p class=\"responsive-video-wrap clr\"><iframe title=\"INformando #74 -   A populariza\u00e7\u00e3o da ci\u00eancia na educa\u00e7\u00e3o b\u00e1sica\" width=\"1200\" height=\"675\" src=\"https:\/\/www.youtube.com\/embed\/YQeZXHivdKc?list=PLxRkqxlT0AC2y7O7HGwpocb-b_djoEXw0\" frameborder=\"0\" allow=\"accelerometer; autoplay; clipboard-write; encrypted-media; gyroscope; picture-in-picture; web-share\" referrerpolicy=\"strict-origin-when-cross-origin\" allowfullscreen><\/iframe><\/p>\n<\/div><\/figure>\n\n\n\n<figure class=\"wp-block-table\"><table><tbody><tr><td>Compet\u00eancias Gerais da BNCC<\/td><td><strong>2 &#8211; Pensamento cient\u00edfico, cr\u00edtico e criativo<\/strong>\u202f<br>Exercitar a curiosidade intelectual e recorrer \u00e0 abordagem pr\u00f3pria das ci\u00eancias, incluindo a investiga\u00e7\u00e3o, a reflex\u00e3o, a an\u00e1lise cr\u00edtica, a imagina\u00e7\u00e3o e a criatividade, para investigar causas, elaborar e testar hip\u00f3teses, formular e resolver problemas e criar solu\u00e7\u00f5es (inclusive tecnol\u00f3gicas) com base nos conhecimentos das diferentes \u00e1reas.<br><br><strong>7 &#8211;<\/strong> <strong>Argumenta\u00e7\u00e3o\u202f<\/strong><br>Argumentar com base em fatos, dados e informa\u00e7\u00f5es confi\u00e1veis, para formular, negociar e defender ideias, pontos de vista e decis\u00f5es comuns que respeitem e promovam os direitos humanos, a consci\u00eancia socioambiental e o consumo respons\u00e1vel nos \u00e2mbitos local, regional e global, com posicionamento \u00e9tico em rela\u00e7\u00e3o ao cuidado de si mesmo, dos outros e do planeta&#8221;<\/td><\/tr><\/tbody><\/table><\/figure>\n","protected":false},"featured_media":185034,"template":"","taxonomia_bv":[108],"class_list":["post-185033","biblioteca_virtual","type-biblioteca_virtual","status-publish","has-post-thumbnail","hentry","taxonomia_bv-videos","entry","has-media"],"acf":[],"_links":{"self":[{"href":"https:\/\/sme.goiania.go.gov.br\/conexaoescola\/wp-json\/wp\/v2\/biblioteca_virtual\/185033","targetHints":{"allow":["GET"]}}],"collection":[{"href":"https:\/\/sme.goiania.go.gov.br\/conexaoescola\/wp-json\/wp\/v2\/biblioteca_virtual"}],"about":[{"href":"https:\/\/sme.goiania.go.gov.br\/conexaoescola\/wp-json\/wp\/v2\/types\/biblioteca_virtual"}],"wp:featuredmedia":[{"embeddable":true,"href":"https:\/\/sme.goiania.go.gov.br\/conexaoescola\/wp-json\/wp\/v2\/media\/185034"}],"wp:attachment":[{"href":"https:\/\/sme.goiania.go.gov.br\/conexaoescola\/wp-json\/wp\/v2\/media?parent=185033"}],"wp:term":[{"taxonomy":"taxonomia_bv","embeddable":true,"href":"https:\/\/sme.goiania.go.gov.br\/conexaoescola\/wp-json\/wp\/v2\/taxonomia_bv?post=185033"}],"curies":[{"name":"wp","href":"https:\/\/api.w.org\/{rel}","templated":true}]}}