{"id":184235,"date":"2024-06-19T16:24:48","date_gmt":"2024-06-19T19:24:48","guid":{"rendered":"https:\/\/sme.goiania.go.gov.br\/conexaoescola\/?post_type=biblioteca_virtual&#038;p=184235"},"modified":"2024-06-19T16:24:48","modified_gmt":"2024-06-19T19:24:48","slug":"programa-inteligencia-socioemocional-comunicacao-nao-violenta","status":"publish","type":"biblioteca_virtual","link":"https:\/\/sme.goiania.go.gov.br\/conexaoescola\/biblioteca_virtual\/programa-inteligencia-socioemocional-comunicacao-nao-violenta\/","title":{"rendered":"PROGRAMA INTELIG\u00caNCIA SOCIOEMOCIONAL: Comunica\u00e7\u00e3o N\u00e3o Violenta"},"content":{"rendered":"\n<p class=\"has-text-align-center has-vivid-cyan-blue-to-vivid-purple-gradient-background has-background has-medium-font-size\"><strong>A Base Nacional Comum Curricular (BNCC) e o Documento Curricular para Goi\u00e1s Ampliado (DC-GO Ampliado) destacam a import\u00e2ncia da explana\u00e7\u00e3o, do estudo efetivo, das compet\u00eancias socioemocionais em todos os n\u00edveis e modalidades de ensino. E \u00e9 pensando nisso, que o Conex\u00e3o Escola busca abordar essas compet\u00eancias numa linguagem que atenda ao p\u00fablico infanto-juvenil e que auxilie o trabalho desempenhado pelos professores nas institui\u00e7\u00f5es de ensino da Secretaria Municipal de Educa\u00e7\u00e3o (Goi\u00e2nia \u2013 Goi\u00e1s), atrav\u00e9s da \u201cS\u00e9rie: Programa Intelig\u00eancia Socioemocional\u201d<\/strong>.<\/p>\n\n\n\n<figure class=\"wp-block-image size-large\"><img fetchpriority=\"high\" decoding=\"async\" width=\"1024\" height=\"576\" src=\"https:\/\/sme.goiania.go.gov.br\/conexaoescola\/wp-content\/uploads\/2024\/06\/CNV-1024x576.png\" alt=\"\" class=\"wp-image-184236\" srcset=\"https:\/\/sme.goiania.go.gov.br\/conexaoescola\/wp-content\/uploads\/2024\/06\/CNV-1024x576.png 1024w, https:\/\/sme.goiania.go.gov.br\/conexaoescola\/wp-content\/uploads\/2024\/06\/CNV-300x169.png 300w, https:\/\/sme.goiania.go.gov.br\/conexaoescola\/wp-content\/uploads\/2024\/06\/CNV-768x432.png 768w, https:\/\/sme.goiania.go.gov.br\/conexaoescola\/wp-content\/uploads\/2024\/06\/CNV.png 1280w\" sizes=\"(max-width: 1024px) 100vw, 1024px\" \/><\/figure>\n\n\n\n<p class=\"has-text-align-center has-white-color has-vivid-cyan-blue-to-vivid-purple-gradient-background has-text-color has-background has-link-color has-large-font-size wp-elements-ca090af9a5f97ee21249979437b3ee02\"><strong>COMUNICA\u00c7\u00c3O N\u00c3O VIOLENTA<\/strong><\/p>\n\n\n\n<figure class=\"wp-block-embed is-type-video is-provider-youtube wp-block-embed-youtube wp-embed-aspect-16-9 wp-has-aspect-ratio\"><div class=\"wp-block-embed__wrapper\">\n<p class=\"responsive-video-wrap clr\"><iframe title=\"Intelig\u00eancia Socioemocional #32 - Comunica\u00e7\u00e3o N\u00e3o Violenta (CNV)\" width=\"1200\" height=\"675\" src=\"https:\/\/www.youtube.com\/embed\/T1YsdehousM?feature=oembed\" frameborder=\"0\" allow=\"accelerometer; autoplay; clipboard-write; encrypted-media; gyroscope; picture-in-picture; web-share\" referrerpolicy=\"strict-origin-when-cross-origin\" allowfullscreen><\/iframe><\/p>\n<\/div><figcaption class=\"wp-element-caption\">Canal Portal Conex\u00e3o Escola \u2013 Comunica\u00e7\u00e3o N\u00e3o Violenta \u2013 Programa Intelig\u00eancia Socioemocional. Dispon\u00edvel em: &lt;https:\/\/youtu.be\/T1YsdehousM?feature=shared>. Acesso em: 19, jun. 2024.<\/figcaption><\/figure>\n\n\n\n<p class=\"has-text-align-center has-vivid-cyan-blue-to-vivid-purple-gradient-background has-background has-medium-font-size\"><strong>Falar sobre Comunica\u00e7\u00e3o N\u00e3o-Violenta (CNV) para os estudantes \u00e9 importante porque ela promove a melhoria das rela\u00e7\u00f5es interpessoais ao incentivar a empatia, a compreens\u00e3o e a resolu\u00e7\u00e3o pac\u00edfica de conflitos. A pr\u00e1tica da CNV facilita a escuta ativa e a express\u00e3o honesta dos sentimentos e necessidades, o que reduz mal-entendidos e previne a escalada de desentendimentos. Em ambientes profissionais, ela contribui para a cria\u00e7\u00e3o de espa\u00e7os mais respeitosos e colaborativos, aumentando a produtividade e o bem-estar. Al\u00e9m disso, a CNV promove o autoconhecimento e o desenvolvimento emocional, ajudando as pessoas a lidarem melhor com suas emo\u00e7\u00f5es e a se comunicarem de forma mais eficaz. Em um n\u00edvel mais amplo, a ado\u00e7\u00e3o da CNV fomenta uma cultura de paz, respeito e inclus\u00e3o, fundamental para a constru\u00e7\u00e3o de sociedades mais justas e harmoniosas.<\/strong><\/p>\n\n\n\n<figure class=\"wp-block-table is-style-stripes\"><table><tbody><tr><td><strong>Documentos norteadores:<\/strong><\/td><td><strong>\u2013 Base Nacional Comum Curricular (BNCC)<br>\u2013 Documento Curricular para Goi\u00e1s \u2013 Ampliado (DC-GO)<br>\u2013 O Estatuto da Crian\u00e7a e do Adolescente<\/strong><\/td><\/tr><\/tbody><\/table><\/figure>\n","protected":false},"featured_media":184237,"template":"","taxonomia_bv":[192],"class_list":["post-184235","biblioteca_virtual","type-biblioteca_virtual","status-publish","has-post-thumbnail","hentry","taxonomia_bv-videoaulas","entry","has-media"],"acf":[],"_links":{"self":[{"href":"https:\/\/sme.goiania.go.gov.br\/conexaoescola\/wp-json\/wp\/v2\/biblioteca_virtual\/184235","targetHints":{"allow":["GET"]}}],"collection":[{"href":"https:\/\/sme.goiania.go.gov.br\/conexaoescola\/wp-json\/wp\/v2\/biblioteca_virtual"}],"about":[{"href":"https:\/\/sme.goiania.go.gov.br\/conexaoescola\/wp-json\/wp\/v2\/types\/biblioteca_virtual"}],"wp:featuredmedia":[{"embeddable":true,"href":"https:\/\/sme.goiania.go.gov.br\/conexaoescola\/wp-json\/wp\/v2\/media\/184237"}],"wp:attachment":[{"href":"https:\/\/sme.goiania.go.gov.br\/conexaoescola\/wp-json\/wp\/v2\/media?parent=184235"}],"wp:term":[{"taxonomy":"taxonomia_bv","embeddable":true,"href":"https:\/\/sme.goiania.go.gov.br\/conexaoescola\/wp-json\/wp\/v2\/taxonomia_bv?post=184235"}],"curies":[{"name":"wp","href":"https:\/\/api.w.org\/{rel}","templated":true}]}}