{"id":181119,"date":"2024-04-17T10:40:54","date_gmt":"2024-04-17T13:40:54","guid":{"rendered":"https:\/\/sme.goiania.go.gov.br\/conexaoescola\/?post_type=biblioteca_virtual&#038;p=181119"},"modified":"2024-04-17T10:40:54","modified_gmt":"2024-04-17T13:40:54","slug":"a-curiosidade-ta-on-o-tempo-e-a-estrutura-geologica-da-terra","status":"publish","type":"biblioteca_virtual","link":"https:\/\/sme.goiania.go.gov.br\/conexaoescola\/biblioteca_virtual\/a-curiosidade-ta-on-o-tempo-e-a-estrutura-geologica-da-terra\/","title":{"rendered":"A Curiosidade t\u00e1 ON &#8211; O tempo e a estrutura Geol\u00f3gica da Terra"},"content":{"rendered":"\n<p class=\"has-text-align-center has-black-color has-text-color has-background has-medium-font-size\" style=\"background-color:#d9fcfd\">O Conex\u00e3o Escola &#8211; \u201cCuriosidade est\u00e1 On\u201d, \u00e9 um quadro educativo baseado no Documento Curricular para GOI\u00c1S &#8211; Ampliado, que busca aprofundar o conhecimento de temas diversos, ampliando o repert\u00f3rio cient\u00edfico, art\u00edstico e cultural, com objetivo de possibilitar uma amplia\u00e7\u00e3o dos conhecimentos, com vista ao desenvolvimento de aprendizagem e cria\u00e7\u00e3o de novos projetos, que estimule a comunidade escolar na busca pelo conhecimento.<\/p>\n\n\n\n<figure class=\"wp-block-image size-large\"><img fetchpriority=\"high\" decoding=\"async\" width=\"1024\" height=\"577\" src=\"https:\/\/sme.goiania.go.gov.br\/conexaoescola\/wp-content\/uploads\/2023\/02\/curiosidade-e1675874498818-1024x577.png\" alt=\"\" class=\"wp-image-157032\" srcset=\"https:\/\/sme.goiania.go.gov.br\/conexaoescola\/wp-content\/uploads\/2023\/02\/curiosidade-e1675874498818-1024x577.png 1024w, https:\/\/sme.goiania.go.gov.br\/conexaoescola\/wp-content\/uploads\/2023\/02\/curiosidade-e1675874498818-300x169.png 300w, https:\/\/sme.goiania.go.gov.br\/conexaoescola\/wp-content\/uploads\/2023\/02\/curiosidade-e1675874498818-768x433.png 768w, https:\/\/sme.goiania.go.gov.br\/conexaoescola\/wp-content\/uploads\/2023\/02\/curiosidade-e1675874498818.png 1504w\" sizes=\"(max-width: 1024px) 100vw, 1024px\" \/><\/figure>\n\n\n\n<p class=\"has-text-align-center has-black-color has-very-light-gray-to-cyan-bluish-gray-gradient-background has-text-color has-background has-large-font-size\"><strong>\u00a0O tempo e a estrutura Geol\u00f3gica da Terra<\/strong>.<\/p>\n\n\n\n<figure class=\"wp-block-embed is-type-video is-provider-youtube wp-block-embed-youtube wp-embed-aspect-16-9 wp-has-aspect-ratio\"><div class=\"wp-block-embed__wrapper\">\n<p class=\"responsive-video-wrap clr\"><iframe title=\"A Curiosidade T\u00e1 On #68  - O tempo e a estrutura Geol\u00f3gica da Terra\" width=\"1200\" height=\"675\" src=\"https:\/\/www.youtube.com\/embed\/Uwnk_JSw1As?feature=oembed\" frameborder=\"0\" allow=\"accelerometer; autoplay; clipboard-write; encrypted-media; gyroscope; picture-in-picture; web-share\" referrerpolicy=\"strict-origin-when-cross-origin\" allowfullscreen><\/iframe><\/p>\n<\/div><figcaption class=\"wp-element-caption\">Canal Conex\u00e3o Escola &#8211; A Curiosidade t\u00e1 ON &#8211; &#8220;O tempo e a estrutura Geol\u00f3gica da Terra&#8221;. Dispon\u00edvel em: <a href=\"https:\/\/youtu.be\/Uwnk_JSw1As?si=sSDWgnH35Q3NZFzh\">https:\/\/youtu.be\/Uwnk_JSw1As?si=sSDWgnH35Q3NZFzh<\/a><\/figcaption><\/figure>\n\n\n\n<p class=\"has-text-align-center has-black-color has-very-light-gray-to-cyan-bluish-gray-gradient-background has-text-color has-background has-large-font-size\"><strong>Voc\u00ea sabia?<\/strong><\/p>\n\n\n\n<p class=\"has-medium-font-size\">Voc\u00ea sabia que existe um livro liter\u00e1rio sobre o centro da terra, o livro se chama, &#8220;A Viagem ao Centro da Terra&#8221; \u00e9 uma obra cl\u00e1ssica da literatura de fic\u00e7\u00e3o cient\u00edfica, escrita pelo renomado autor franc\u00eas J\u00falio Verne e publicada pela primeira vez em 1864. Este romance emocionante e imaginativo leva os leitores a uma jornada extraordin\u00e1ria pelas profundezas desconhecidas do planeta Terra.\u00a0<\/p>\n\n\n\n<p class=\"has-medium-font-size\">Por meio dessa jornada \u00e9pica, Verne n\u00e3o apenas entret\u00e9m seus leitores, mas tamb\u00e9m oferece uma vis\u00e3o fascinante da ci\u00eancia e da geologia do s\u00e9culo XIX. Embora algumas das teorias cient\u00edficas apresentadas no livro tenham sido posteriormente desacreditadas, como a ideia de uma passagem direta do centro da Terra at\u00e9 a superf\u00edcie, a obra continua a inspirar gera\u00e7\u00f5es de leitores com seu esp\u00edrito de explora\u00e7\u00e3o e descoberta.<\/p>\n\n\n\n<p class=\"has-medium-font-size\">&#8220;A Viagem ao Centro da Terra&#8221; \u00e9 mais do que apenas um romance de aventura; \u00e9 uma obra-prima liter\u00e1ria que continua a encantar e inspirar leitores de todas as idades com sua imagina\u00e7\u00e3o, suspense e explora\u00e7\u00e3o dos mist\u00e9rios do nosso planeta. Ent\u00e3o j\u00e1 fica a dica de leitura beleza, at\u00e9 mais.<\/p>\n\n\n\n<figure class=\"wp-block-image size-full\"><img decoding=\"async\" width=\"1000\" height=\"667\" src=\"https:\/\/sme.goiania.go.gov.br\/conexaoescola\/wp-content\/uploads\/2024\/04\/Post-para-Curiosidade-ta-On-8-e1713360578787.jpg\" alt=\"\" class=\"wp-image-181120\" srcset=\"https:\/\/sme.goiania.go.gov.br\/conexaoescola\/wp-content\/uploads\/2024\/04\/Post-para-Curiosidade-ta-On-8-e1713360578787.jpg 1000w, https:\/\/sme.goiania.go.gov.br\/conexaoescola\/wp-content\/uploads\/2024\/04\/Post-para-Curiosidade-ta-On-8-e1713360578787-300x200.jpg 300w, https:\/\/sme.goiania.go.gov.br\/conexaoescola\/wp-content\/uploads\/2024\/04\/Post-para-Curiosidade-ta-On-8-e1713360578787-768x512.jpg 768w\" sizes=\"(max-width: 1000px) 100vw, 1000px\" \/><figcaption class=\"wp-element-caption\">Imagem dispon\u00edvel em: <a href=\"https:\/\/www.canva.com\/photos\/MAExZ9ZxTPI\/\">https:\/\/www.canva.com\/photos\/MAExZ9ZxTPI\/<\/a> > Acesso em 17\/04\/2024.<\/figcaption><\/figure>\n\n\n\n<p class=\"has-text-align-center has-black-color has-very-light-gray-to-cyan-bluish-gray-gradient-background has-text-color has-background has-large-font-size\"><strong><strong>PROPOSTA DE ATIVIDADE<\/strong><\/strong><\/p>\n\n\n\n<p class=\"has-medium-font-size\">Na atividade de hoje sugiro que montemos uma roda de conversa sobre como o ser humano vem modificando o planeta Terra.<\/p>\n\n\n\n<p class=\"has-medium-font-size\"> <strong>Passo 1-<\/strong> Primeiramente organize os estudantes em forma de c\u00edrculo, agora comece o di\u00e1logo relatando algumas mudan\u00e7as que o ser humano fez no planeta e instigue os estudantes a participarem e apontarem as suas opini\u00f5es e conhecimento.<\/p>\n\n\n\n<p class=\"has-medium-font-size\"><strong>Passo 2 &#8211;<\/strong> Ao final do di\u00e1logo os estudantes dever\u00e3o escrever um texto sobre como entendem e percebem a mudan\u00e7a do planeta Terra a partir da a\u00e7\u00e3o humana e como essas mudan\u00e7as podem afetar o planeta e a vida dos seres humanos. <\/p>\n\n\n\n<hr class=\"wp-block-separator has-alpha-channel-opacity is-style-wide\"\/>\n\n\n\n<figure class=\"wp-block-table is-style-stripes has-small-font-size\"><table class=\"has-black-color has-text-color\"><tbody><tr><td><strong>Habilidades<\/strong>:<\/td><td><strong>Componente:<\/strong> Ci\u00eancias da Natureza<br><br>(EF03CI10-D) Compreender a import\u00e2ncia da vegeta\u00e7\u00e3o para a preserva\u00e7\u00e3o do solo.<br>(EF06CI11) Identificar as diferentes camadas que estruturam o planeta Terra (da estrutura interna \u00e0 atmosfera) e suas principais caracter\u00edsticas.<br><br><strong>Componente:<\/strong> L\u00edngua Portuguesa<br><br>(EF08LP03-A) Produzir texto dissertativo argumentativo de temas variados e atuais, levando em considera\u00e7\u00e3o a estrutura do g\u00eanero.<\/td><\/tr><\/tbody><\/table><\/figure>\n","protected":false},"featured_media":181121,"template":"","taxonomia_bv":[108],"class_list":["post-181119","biblioteca_virtual","type-biblioteca_virtual","status-publish","has-post-thumbnail","hentry","taxonomia_bv-videos","entry","has-media"],"acf":[],"_links":{"self":[{"href":"https:\/\/sme.goiania.go.gov.br\/conexaoescola\/wp-json\/wp\/v2\/biblioteca_virtual\/181119","targetHints":{"allow":["GET"]}}],"collection":[{"href":"https:\/\/sme.goiania.go.gov.br\/conexaoescola\/wp-json\/wp\/v2\/biblioteca_virtual"}],"about":[{"href":"https:\/\/sme.goiania.go.gov.br\/conexaoescola\/wp-json\/wp\/v2\/types\/biblioteca_virtual"}],"wp:featuredmedia":[{"embeddable":true,"href":"https:\/\/sme.goiania.go.gov.br\/conexaoescola\/wp-json\/wp\/v2\/media\/181121"}],"wp:attachment":[{"href":"https:\/\/sme.goiania.go.gov.br\/conexaoescola\/wp-json\/wp\/v2\/media?parent=181119"}],"wp:term":[{"taxonomy":"taxonomia_bv","embeddable":true,"href":"https:\/\/sme.goiania.go.gov.br\/conexaoescola\/wp-json\/wp\/v2\/taxonomia_bv?post=181119"}],"curies":[{"name":"wp","href":"https:\/\/api.w.org\/{rel}","templated":true}]}}