{"id":173004,"date":"2023-11-17T11:47:12","date_gmt":"2023-11-17T14:47:12","guid":{"rendered":"https:\/\/sme.goiania.go.gov.br\/conexaoescola\/?post_type=biblioteca_virtual&#038;p=173004"},"modified":"2023-11-17T11:47:12","modified_gmt":"2023-11-17T14:47:12","slug":"projeto-de-vida-a-profissao-de-pedagogo","status":"publish","type":"biblioteca_virtual","link":"https:\/\/sme.goiania.go.gov.br\/conexaoescola\/biblioteca_virtual\/projeto-de-vida-a-profissao-de-pedagogo\/","title":{"rendered":"Projeto de Vida &#8211; \u00a0A profiss\u00e3o de Pedagogo."},"content":{"rendered":"\n<p class=\"has-text-align-left has-pale-ocean-gradient-background has-background has-medium-font-size\">O Conex\u00e3o Escola \u2013<mark style=\"background-color:rgba(0, 0, 0, 0)\" class=\"has-inline-color has-black-color\"> \u201cProjeto de Vida&#8221;<\/mark>, \u00e9 um quadro educativo baseado no Documento Curricular para GOI\u00c1S \u2013 Ampliado, que busca valorizar a diversidade de saberes e viv\u00eancias culturais e apropriar-se de conhecimentos e experi\u00eancias que lhe possibilitem entender as rela\u00e7\u00f5es pr\u00f3prias do mundo do trabalho e fazer escolhas alinhadas ao exerc\u00edcio da cidadania e ao seu projeto de vida, com liberdade, autonomia, consci\u00eancia cr\u00edtica e responsabilidade.<\/p>\n\n\n<div class=\"wp-block-image\">\n<figure class=\"aligncenter size-large is-resized\"><img fetchpriority=\"high\" decoding=\"async\" src=\"https:\/\/sme.goiania.go.gov.br\/conexaoescola\/wp-content\/uploads\/2023\/06\/post-para-imagem-do-Portal-Conexao-Escola-25-e1687265614761-1024x1024.jpg\" alt=\"\" class=\"wp-image-165196\" width=\"473\" height=\"473\"\/><\/figure><\/div>\n\n\n<p class=\"has-small-font-size\">Imagem dispon\u00edvel em: <a href=\"https:\/\/www.canva.com\/photos\/MADzT54-8zs\/\">https:\/\/www.canva.com\/photos\/MADzT54-8zs\/<\/a> &gt; acesso em 20\/06\/2023<\/p>\n\n\n\n<p class=\"has-medium-font-size\">O pedagogo desempenha um papel fundamental na constru\u00e7\u00e3o e desenvolvimento do processo educacional, sendo um profissional essencial na forma\u00e7\u00e3o de indiv\u00edduos e na promo\u00e7\u00e3o de uma sociedade mais justa e igualit\u00e1ria.&nbsp;<\/p>\n\n\n\n<p class=\"has-medium-font-size\">A profiss\u00e3o de pedagogo abrange diversas \u00e1reas, proporcionando uma vis\u00e3o abrangente sobre a educa\u00e7\u00e3o e seu impacto na vida das pessoas.<\/p>\n\n\n\n<p class=\"has-medium-font-size\">Atua em diversas frentes no processo de ensino, desempenhando fun\u00e7\u00f5es que v\u00e3o al\u00e9m da sala de aula.<\/p>\n\n\n\n<p class=\"has-medium-font-size\">O pedagogo desempenha um papel importante na gest\u00e3o educacional, atuando em coordena\u00e7\u00e3o pedag\u00f3gica, supervis\u00e3o escolar e gest\u00e3o de projetos educacionais. Dessa forma, colabora na elabora\u00e7\u00e3o e implementa\u00e7\u00e3o de curr\u00edculos, m\u00e9todos de ensino e avalia\u00e7\u00e3o, contribuindo para a constante melhoria do sistema educacional.<\/p>\n\n\n\n<p class=\"has-medium-font-size\">No v\u00eddeo, a seguir, ser\u00e1 apresentada o depoimento da pedagoga e Mestre em educa\u00e7\u00e3o Ester Alves.<\/p>\n\n\n\n<p class=\"has-medium-font-size\">Gostar\u00edamos de agradecer a participa\u00e7\u00e3o e depoimento da profissional envolvida, que muito contribuiu para a elabora\u00e7\u00e3o e grava\u00e7\u00e3o desse trabalho.<\/p>\n\n\n\n<figure class=\"wp-block-embed is-type-video is-provider-youtube wp-block-embed-youtube wp-embed-aspect-16-9 wp-has-aspect-ratio\"><div class=\"wp-block-embed__wrapper\">\n<p class=\"responsive-video-wrap clr\"><iframe title=\"Projeto de Vida#25 - A Profiss\u00e3o de Pedagogo\" width=\"1200\" height=\"675\" src=\"https:\/\/www.youtube.com\/embed\/SS2e6282xhk?feature=oembed\" frameborder=\"0\" allow=\"accelerometer; autoplay; clipboard-write; encrypted-media; gyroscope; picture-in-picture; web-share\" allowfullscreen><\/iframe><\/p>\n<\/div><figcaption class=\"wp-element-caption\">Canal Conex\u00e3o Escola &#8211; Projeto de Vida &#8211; &#8220;A profiss\u00e3o de Pedagogo.&#8221;. Dispon\u00edvel em: <a href=\"https:\/\/youtu.be\/SS2e6282xhk?feature=shared\">https:\/\/youtu.be\/SS2e6282xhk?feature=shared<\/a><\/figcaption><\/figure>\n\n\n\n<p class=\"has-text-align-center has-pale-ocean-gradient-background has-background has-medium-font-size\"><strong>VOC\u00ca SABIA?<\/strong><\/p>\n\n\n\n<p class=\"has-medium-font-size\">Voc\u00ea sabia, que o Paulo Freire foi um educador brasileiro cujas ideias revolucionaram a pedagogia e influenciaram a educa\u00e7\u00e3o em todo o mundo? <\/p>\n\n\n\n<p class=\"has-medium-font-size\">Paulo Freire \u00e9 reconhecido internacionalmente e sua abordagem pedag\u00f3gica \u00e9 amplamente estudada em institui\u00e7\u00f5es de ensino ao redor do mundo. Ele recebeu v\u00e1rios pr\u00eamios e honrarias por suas contribui\u00e7\u00f5es para a educa\u00e7\u00e3o. <\/p>\n\n\n\n<p class=\"has-medium-font-size\">De acordo com Paulo Freire: &#8220;A educa\u00e7\u00e3o \u00e9 um ato de amor, por isso, um ato de coragem.\u201d<\/p>\n\n\n\n<hr class=\"wp-block-separator has-alpha-channel-opacity is-style-wide\"\/>\n\n\n\n<figure class=\"wp-block-table is-style-stripes\"><table><tbody><tr><td><strong>Unidade Tem\u00e1tica&nbsp;:<\/strong><\/td><td>Mundo do Trabalho<br>Trabalho e formas de organiza\u00e7\u00e3o social e cultural<\/td><\/tr><tr><td><strong>Objeto de Conhecimento\/<\/strong><br><strong>Conte\u00fados<\/strong>:<\/td><td>Diferentes formas de organiza\u00e7\u00e3o do trabalho<br>Inova\u00e7\u00e3o tecnol\u00f3gica e mudan\u00e7as nas rela\u00e7\u00f5es de trabalho<br>Industrializa\u00e7\u00e3o e as transforma\u00e7\u00f5es no trabalho<\/td><\/tr><\/tbody><\/table><\/figure>\n","protected":false},"featured_media":165196,"template":"","taxonomia_bv":[108],"class_list":["post-173004","biblioteca_virtual","type-biblioteca_virtual","status-publish","has-post-thumbnail","hentry","taxonomia_bv-videos","entry","has-media"],"acf":[],"_links":{"self":[{"href":"https:\/\/sme.goiania.go.gov.br\/conexaoescola\/wp-json\/wp\/v2\/biblioteca_virtual\/173004","targetHints":{"allow":["GET"]}}],"collection":[{"href":"https:\/\/sme.goiania.go.gov.br\/conexaoescola\/wp-json\/wp\/v2\/biblioteca_virtual"}],"about":[{"href":"https:\/\/sme.goiania.go.gov.br\/conexaoescola\/wp-json\/wp\/v2\/types\/biblioteca_virtual"}],"wp:featuredmedia":[{"embeddable":true,"href":"https:\/\/sme.goiania.go.gov.br\/conexaoescola\/wp-json\/wp\/v2\/media\/165196"}],"wp:attachment":[{"href":"https:\/\/sme.goiania.go.gov.br\/conexaoescola\/wp-json\/wp\/v2\/media?parent=173004"}],"wp:term":[{"taxonomy":"taxonomia_bv","embeddable":true,"href":"https:\/\/sme.goiania.go.gov.br\/conexaoescola\/wp-json\/wp\/v2\/taxonomia_bv?post=173004"}],"curies":[{"name":"wp","href":"https:\/\/api.w.org\/{rel}","templated":true}]}}