{"id":166045,"date":"2023-07-04T15:09:11","date_gmt":"2023-07-04T18:09:11","guid":{"rendered":"https:\/\/sme.goiania.go.gov.br\/conexaoescola\/?post_type=biblioteca_virtual&#038;p=166045"},"modified":"2023-12-08T14:53:07","modified_gmt":"2023-12-08T17:53:07","slug":"conectarte-afrika-billy-parte-ii","status":"publish","type":"biblioteca_virtual","link":"https:\/\/sme.goiania.go.gov.br\/conexaoescola\/biblioteca_virtual\/conectarte-afrika-billy-parte-ii\/","title":{"rendered":"ConectARTE: Afrika Billy &#8211; Parte II"},"content":{"rendered":"\n<p class=\"has-background has-medium-font-size\" style=\"background-color:#9e843b\">O programa apresenta a entrevista com o artista da cultura popular Afrika Billy. E como a conversa foi  rica e produtiva dividimos o programa em dois epis\u00f3dios. No primeiro epis\u00f3dio Afrika nos apresentou sua trajet\u00f3ria art\u00edstica. Neste segundo epis\u00f3dio Afrika apresentar\u00e1 os instrumentos musicais que  toca. <\/p>\n\n\n\n<figure class=\"wp-block-embed is-type-video is-provider-youtube wp-block-embed-youtube wp-embed-aspect-16-9 wp-has-aspect-ratio\"><div class=\"wp-block-embed__wrapper\">\n<p class=\"responsive-video-wrap clr\"><iframe title=\"Conectarte#40 - Afrika Billy - Parte II\" width=\"1200\" height=\"675\" src=\"https:\/\/www.youtube.com\/embed\/kcETVnaZ9PQ?list=PLxRkqxlT0AC09M7AN5yPZgg1EItlwJgz4\" frameborder=\"0\" allow=\"accelerometer; autoplay; clipboard-write; encrypted-media; gyroscope; picture-in-picture; web-share\" allowfullscreen><\/iframe><\/p>\n<\/div><figcaption class=\"wp-element-caption\">Canal <a href=\"https:\/\/www.youtube.com\/@portalconexaoescola703\">Portal Conex\u00e3o Escola<\/a>. &#8220;Conectarte#40 &#8211; Afrika Billy &#8211; Parte II&#8221; Dispon\u00edvel em https:\/\/www.youtube.com\/watch?v=kcETVnaZ9PQ&amp;list=PLxRkqxlT0AC09M7AN5yPZgg1EItlwJgz4&amp;index=42. Acesso em 04, jul. 2023.<\/figcaption><\/figure>\n\n\n\n<div class=\"wp-block-group\"><div class=\"wp-block-group__inner-container is-layout-constrained wp-block-group-is-layout-constrained\">\n<figure class=\"wp-block-table is-style-stripes has-medium-font-size\"><table class=\"has-fixed-layout\"><tbody><tr><td class=\"has-text-align-center\" data-align=\"center\"><strong>Componente<\/strong> <strong>Curricular<\/strong><\/td><td class=\"has-text-align-center\" data-align=\"center\"><strong>Arte\/M\u00fasica<\/strong><\/td><\/tr><tr><td class=\"has-text-align-center\" data-align=\"center\"><strong>Objetivo de Aprendizagem e Desenvolvimento<\/strong><\/td><td class=\"has-text-align-center\" data-align=\"center\">(EJAAM0603) Conhecer e valorizar a hist\u00f3ria da m\u00fasica produzida em Goi\u00e1s.<\/td><\/tr><tr><td class=\"has-text-align-center\" data-align=\"center\"><strong>Habilidade<\/strong><br>&nbsp;          <\/td><td class=\"has-text-align-center\" data-align=\"center\">(EF69AR18) Reconhecer e apreciar o papel de m\u00fasicos e grupos de m\u00fasica brasileiros e estrangeiros que contribu\u00edram para o desenvolvimento de formas e g\u00eaneros musicais.<\/td><\/tr><\/tbody><\/table><\/figure>\n<\/div><\/div>\n\n\n\n<p class=\"has-text-align-center\">Documento Curricular para RME Goi\u00e2nia &#8211; EJA 2023<\/p>\n\n\n\n<p class=\"has-text-align-center\">Documento Curricular para GOI\u00c1S &#8211; Ampliado  <\/p>\n\n\n\n<p><\/p>\n","protected":false},"featured_media":166046,"template":"","taxonomia_bv":[108],"class_list":["post-166045","biblioteca_virtual","type-biblioteca_virtual","status-publish","has-post-thumbnail","hentry","taxonomia_bv-videos","entry","has-media"],"acf":[],"_links":{"self":[{"href":"https:\/\/sme.goiania.go.gov.br\/conexaoescola\/wp-json\/wp\/v2\/biblioteca_virtual\/166045","targetHints":{"allow":["GET"]}}],"collection":[{"href":"https:\/\/sme.goiania.go.gov.br\/conexaoescola\/wp-json\/wp\/v2\/biblioteca_virtual"}],"about":[{"href":"https:\/\/sme.goiania.go.gov.br\/conexaoescola\/wp-json\/wp\/v2\/types\/biblioteca_virtual"}],"wp:featuredmedia":[{"embeddable":true,"href":"https:\/\/sme.goiania.go.gov.br\/conexaoescola\/wp-json\/wp\/v2\/media\/166046"}],"wp:attachment":[{"href":"https:\/\/sme.goiania.go.gov.br\/conexaoescola\/wp-json\/wp\/v2\/media?parent=166045"}],"wp:term":[{"taxonomy":"taxonomia_bv","embeddable":true,"href":"https:\/\/sme.goiania.go.gov.br\/conexaoescola\/wp-json\/wp\/v2\/taxonomia_bv?post=166045"}],"curies":[{"name":"wp","href":"https:\/\/api.w.org\/{rel}","templated":true}]}}