{"id":165195,"date":"2023-06-20T11:27:06","date_gmt":"2023-06-20T14:27:06","guid":{"rendered":"https:\/\/sme.goiania.go.gov.br\/conexaoescola\/?post_type=biblioteca_virtual&#038;p=165195"},"modified":"2023-08-18T11:34:28","modified_gmt":"2023-08-18T14:34:28","slug":"projeto-de-vida-o-que-e-um-projeto-de-vida","status":"publish","type":"biblioteca_virtual","link":"https:\/\/sme.goiania.go.gov.br\/conexaoescola\/biblioteca_virtual\/projeto-de-vida-o-que-e-um-projeto-de-vida\/","title":{"rendered":"Projeto de Vida: O que \u00e9 um Projeto de Vida?"},"content":{"rendered":"\n<p class=\"has-text-align-left has-pale-ocean-gradient-background has-background has-medium-font-size\">O Conex\u00e3o Escola \u2013<mark style=\"background-color:rgba(0, 0, 0, 0)\" class=\"has-inline-color has-black-color\"> \u201cProjeto de Vida&#8221;<\/mark>, \u00e9 um quadro educativo baseado no Documento Curricular para GOI\u00c1S \u2013 Ampliado, que busca valorizar a diversidade de saberes e viv\u00eancias culturais e apropriar-se de conhecimentos e experi\u00eancias que lhe possibilitem entender as rela\u00e7\u00f5es pr\u00f3prias do mundo do trabalho e fazer escolhas alinhadas ao exerc\u00edcio da cidadania e ao seu projeto de vida, com liberdade, autonomia, consci\u00eancia cr\u00edtica e responsabilidade.<\/p>\n\n\n<div class=\"wp-block-image\">\n<figure class=\"aligncenter size-large is-resized\"><img fetchpriority=\"high\" decoding=\"async\" src=\"https:\/\/sme.goiania.go.gov.br\/conexaoescola\/wp-content\/uploads\/2023\/06\/post-para-imagem-do-Portal-Conexao-Escola-25-e1687265614761-1024x1024.jpg\" alt=\"\" class=\"wp-image-165196\" width=\"473\" height=\"473\"\/><\/figure><\/div>\n\n\n<p class=\"has-small-font-size\">Imagem dispon\u00edvel em: <a href=\"https:\/\/www.canva.com\/photos\/MADzT54-8zs\/\">https:\/\/www.canva.com\/photos\/MADzT54-8zs\/<\/a> &gt; acesso em 20\/06\/2023<\/p>\n\n\n\n<p class=\"has-medium-font-size\">De acordo com o Documento Curricular Ampliado Goi\u00e1s, o Projeto de Vida visa respeitar a diversidade de saberes e viv\u00eancias culturais e apropriar-se dos saberes e das viv\u00eancias.<\/p>\n\n\n\n<p class=\"has-medium-font-size\">Essas experi\u00eancias t\u00eam como objetivo ajudar a entender as rela\u00e7\u00f5es no mundo do trabalho e a fazer escolhas condizentes com o exerc\u00edcio da liberdade, da autonomia, do senso cr\u00edtico e da cidadania respons\u00e1vel.<\/p>\n\n\n\n<p class=\"has-medium-font-size\">Nesse sentido, a escola pode contribuir n\u00e3o apenas com as expectativas dos jovens para o futuro, mas tamb\u00e9m com a continuidade de seus estudos no ensino m\u00e9dio, contribuindo para o desenvolvimento de seus projetos de vida.<\/p>\n\n\n\n<p class=\"has-medium-font-size\">Esse processo reflexivo acerca dos anseios de cada jovem, seus desejos para o futuro e o planejamento de a\u00e7\u00f5es para a constru\u00e7\u00e3o desse futuro, pode proporcionar novas oportunidades de crescimento pessoal e social.<\/p>\n\n\n\n<p class=\"has-medium-font-size\">Pensar em projetos de vida \u00e9 realmente muito importante. Porque a partir da\u00ed podemos moldar e planejar nossas vidas em v\u00e1rios n\u00edveis. Podemos pensar desde o n\u00edvel individual, comunit\u00e1rio at\u00e9 ao n\u00edvel global, o que permite novas perspectivas sobre o presente e o futuro.<\/p>\n\n\n\n<figure class=\"wp-block-embed is-type-video is-provider-youtube wp-block-embed-youtube wp-embed-aspect-16-9 wp-has-aspect-ratio\"><div class=\"wp-block-embed__wrapper\">\n<p class=\"responsive-video-wrap clr\"><iframe title=\"Projeto de vida#1 - O Que \u00e9 Projeto de Vida?\" width=\"1200\" height=\"675\" src=\"https:\/\/www.youtube.com\/embed\/nNtaSB9Ltj8?feature=oembed\" frameborder=\"0\" allow=\"accelerometer; autoplay; clipboard-write; encrypted-media; gyroscope; picture-in-picture; web-share\" allowfullscreen><\/iframe><\/p>\n<\/div><figcaption class=\"wp-element-caption\">Canal Conex\u00e3o Escola \u2013 Projeto de Vida \u2013 \u201cO que \u00e9 Projeto de Vida?\u201d. Dispon\u00edvel em:<a href=\"https:\/\/youtu.be\/wR9x2CtH5JY\">&nbsp;<\/a><a href=\"https:\/\/youtu.be\/nNtaSB9Ltj8\">https:\/\/youtu.be\/nNtaSB9Ltj8<\/a><\/figcaption><\/figure>\n\n\n\n<hr class=\"wp-block-separator has-alpha-channel-opacity is-style-wide\"\/>\n\n\n\n<figure class=\"wp-block-table is-style-stripes\"><table><tbody><tr><td><strong>Unidade Tem\u00e1tica\u00a0:<\/strong><\/td><td>Mundo do Trabalho<br>Trabalho e formas de organiza\u00e7\u00e3o social e cultural<\/td><\/tr><tr><td><strong>Objeto de Conhecimento\/<\/strong><br><strong>Conte\u00fados<\/strong>:<\/td><td>Diferentes formas de organiza\u00e7\u00e3o do trabalho<br>Inova\u00e7\u00e3o tecnol\u00f3gica e mudan\u00e7as nas rela\u00e7\u00f5es de trabalho<br>Industrializa\u00e7\u00e3o e as transforma\u00e7\u00f5es no trabalho<\/td><\/tr><\/tbody><\/table><\/figure>\n","protected":false},"featured_media":165196,"template":"","taxonomia_bv":[108],"class_list":["post-165195","biblioteca_virtual","type-biblioteca_virtual","status-publish","has-post-thumbnail","hentry","taxonomia_bv-videos","entry","has-media"],"acf":[],"_links":{"self":[{"href":"https:\/\/sme.goiania.go.gov.br\/conexaoescola\/wp-json\/wp\/v2\/biblioteca_virtual\/165195","targetHints":{"allow":["GET"]}}],"collection":[{"href":"https:\/\/sme.goiania.go.gov.br\/conexaoescola\/wp-json\/wp\/v2\/biblioteca_virtual"}],"about":[{"href":"https:\/\/sme.goiania.go.gov.br\/conexaoescola\/wp-json\/wp\/v2\/types\/biblioteca_virtual"}],"wp:featuredmedia":[{"embeddable":true,"href":"https:\/\/sme.goiania.go.gov.br\/conexaoescola\/wp-json\/wp\/v2\/media\/165196"}],"wp:attachment":[{"href":"https:\/\/sme.goiania.go.gov.br\/conexaoescola\/wp-json\/wp\/v2\/media?parent=165195"}],"wp:term":[{"taxonomy":"taxonomia_bv","embeddable":true,"href":"https:\/\/sme.goiania.go.gov.br\/conexaoescola\/wp-json\/wp\/v2\/taxonomia_bv?post=165195"}],"curies":[{"name":"wp","href":"https:\/\/api.w.org\/{rel}","templated":true}]}}