{"id":157162,"date":"2023-02-09T14:20:02","date_gmt":"2023-02-09T17:20:02","guid":{"rendered":"https:\/\/sme.goiania.go.gov.br\/conexaoescola\/?post_type=biblioteca_virtual&#038;p=157162"},"modified":"2023-02-10T11:52:41","modified_gmt":"2023-02-10T14:52:41","slug":"a-curiosidade-ta-on-a-usina-hidreletrica-de-itaipu","status":"publish","type":"biblioteca_virtual","link":"https:\/\/sme.goiania.go.gov.br\/conexaoescola\/biblioteca_virtual\/a-curiosidade-ta-on-a-usina-hidreletrica-de-itaipu\/","title":{"rendered":"A CURIOSIDADE T\u00c1 ON: A usina hidrel\u00e9trica de Itaipu"},"content":{"rendered":"\n<p class=\"has-text-align-center has-black-color has-text-color has-background has-medium-font-size\" style=\"background-color:#d9fcfd\">O Conex\u00e3o Escola &#8211; \u201cCuriosidade est\u00e1 On\u201d, \u00e9 um quadro educativo baseado no Documento Curricular para GOI\u00c1S &#8211; Ampliado, que busca aprofundar o conhecimento de temas diversos, ampliando o repert\u00f3rio cient\u00edfico, art\u00edstico e cultural, com objetivo de possibilitar uma amplia\u00e7\u00e3o dos conhecimentos, com vista ao desenvolvimento de aprendizagem e cria\u00e7\u00e3o de novos projetos, que estimule a comunidade escolar na busca pelo conhecimento.<\/p>\n\n\n\n<figure class=\"wp-block-image size-large\"><img fetchpriority=\"high\" decoding=\"async\" width=\"1024\" height=\"577\" src=\"https:\/\/sme.goiania.go.gov.br\/conexaoescola\/wp-content\/uploads\/2023\/02\/curiosidade-e1675874498818-1024x577.png\" alt=\"\" class=\"wp-image-157032\" srcset=\"https:\/\/sme.goiania.go.gov.br\/conexaoescola\/wp-content\/uploads\/2023\/02\/curiosidade-e1675874498818-1024x577.png 1024w, https:\/\/sme.goiania.go.gov.br\/conexaoescola\/wp-content\/uploads\/2023\/02\/curiosidade-e1675874498818-300x169.png 300w, https:\/\/sme.goiania.go.gov.br\/conexaoescola\/wp-content\/uploads\/2023\/02\/curiosidade-e1675874498818-768x433.png 768w, https:\/\/sme.goiania.go.gov.br\/conexaoescola\/wp-content\/uploads\/2023\/02\/curiosidade-e1675874498818.png 1504w\" sizes=\"(max-width: 1024px) 100vw, 1024px\" \/><\/figure>\n\n\n\n<p class=\"has-text-align-center has-luminous-vivid-amber-color has-text-color has-background has-large-font-size\" style=\"background-color:#d9fcfd\">A USINA HIDREL\u00c9TRICA DE ITAIPU<\/p>\n\n\n\n<figure class=\"wp-block-embed is-type-video is-provider-youtube wp-block-embed-youtube wp-embed-aspect-16-9 wp-has-aspect-ratio\"><div class=\"wp-block-embed__wrapper\">\n<p class=\"responsive-video-wrap clr\"><iframe title=\"A Curiosidade T\u00e1 On #5 - A Usina Hidrel\u00e9trica de Itaipu\" width=\"1200\" height=\"675\" src=\"https:\/\/www.youtube.com\/embed\/mtZRHhdb71Y?list=PLxRkqxlT0AC2UQf5ey8XjxiQK2YjDZSgk\" frameborder=\"0\" allow=\"accelerometer; autoplay; clipboard-write; encrypted-media; gyroscope; picture-in-picture; web-share\" allowfullscreen><\/iframe><\/p>\n<\/div><\/figure>\n\n\n\n<p class=\"has-text-align-center has-luminous-vivid-orange-color has-text-color has-background has-large-font-size\" style=\"background-color:#d9fcfd\"><strong>PROPOSTA DE ATIVIDADE<\/strong><\/p>\n\n\n\n<p class=\"has-text-align-center has-black-color has-text-color has-medium-font-size\"><strong>Impactos socioambientais.<\/strong><\/p>\n\n\n\n<p class=\"has-black-color has-text-color has-medium-font-size\">Os impactos socioambientais s\u00e3o altera\u00e7\u00f5es sofridas pelo meio ambiente e que foram provocadas por determinadas a\u00e7\u00f5es ou atividades, impactando sobre a qualidade de vida, a sa\u00fade humana, a economia urbana e modificando ainda mais o meio ambiente e os ambientes constru\u00eddos. Os impactos socioambientais t\u00eam origem na atividade humana.<\/p>\n\n\n\n<p class=\"has-text-align-center has-black-color has-text-color has-medium-font-size\"><strong>A usina hidrel\u00e9trica de Itaipu<\/strong><\/p>\n\n\n<div class=\"wp-block-image\">\n<figure class=\"aligncenter size-full\"><img decoding=\"async\" width=\"800\" height=\"532\" src=\"https:\/\/sme.goiania.go.gov.br\/conexaoescola\/wp-content\/uploads\/2023\/02\/image-49.png\" alt=\"\" class=\"wp-image-157165\" srcset=\"https:\/\/sme.goiania.go.gov.br\/conexaoescola\/wp-content\/uploads\/2023\/02\/image-49.png 800w, https:\/\/sme.goiania.go.gov.br\/conexaoescola\/wp-content\/uploads\/2023\/02\/image-49-300x200.png 300w, https:\/\/sme.goiania.go.gov.br\/conexaoescola\/wp-content\/uploads\/2023\/02\/image-49-768x511.png 768w\" sizes=\"(max-width: 800px) 100vw, 800px\" \/><figcaption class=\"wp-element-caption\">Esta imagem foi originalmente postada no&nbsp;<br><strong><a href=\"https:\/\/en.wikipedia.org\/wiki\/Flickr\">Flickr<\/a><\/strong>&nbsp;por Deni Williams em&nbsp;<br><a href=\"https:\/\/flickr.com\/photos\/45600179@N08\/17173553330\">https:\/\/flickr.com\/photos\/45600179@N08\/17173553330<\/a>&nbsp;.&nbsp;<br>Ele foi revisado em 28 de novembro de 2015 pelo&nbsp;<br><strong><a href=\"https:\/\/commons.wikimedia.org\/wiki\/User:FlickreviewR\">FlickreviewR<\/a><\/strong>&nbsp;e foi confirmado como licenciado sob os termos do cc-by-2.0.<\/figcaption><\/figure><\/div>\n\n\n<p class=\"has-text-align-center has-luminous-vivid-orange-color has-text-color has-background has-large-font-size\" style=\"background-color:#d9fcfd\"><strong>Passo a passo da atividade<\/strong><\/p>\n\n\n\n<p class=\"has-black-color has-text-color has-medium-font-size\"><strong>Passo 1 &#8211; <\/strong>Inicialmente pesquise as obras que est\u00e3o ocorrendo na cidade e analisem os impactos socioambientais gerados por elas. Fa\u00e7a o levantamento dos pontos positivos&nbsp; e negativos para o desenvolvimento da sociedade goiana.&nbsp;<\/p>\n\n\n\n<p class=\"has-black-color has-text-color has-medium-font-size\"><strong>Passo 2 &#8211; <\/strong>&nbsp;Organize um debate com os colegas e professor. Eu recomendo que dividam a sala em dois grupos nos quais um defender\u00e1 com os pontos de vista negativos e o outro com os pontos de vista positivos das obras na cidade.<\/p>\n\n\n\n<p class=\"has-black-color has-text-color has-medium-font-size\"><strong>Passo 3 &#8211; <\/strong>Voc\u00eas precisam desenvolver a capacidade argumentativa! Fa\u00e7am uso de um discurso articulado e fundamentem suas ideias para apresentarem ao grupo. Voc\u00eas precisam convencer os ouvintes sobre a sua argumenta\u00e7\u00e3o.<\/p>\n\n\n\n<figure class=\"wp-block-table has-small-font-size\"><table class=\"has-black-color has-text-color\"><tbody><tr><td><strong>Habilidades<\/strong><\/td><td><strong>Componente: Geografia<\/strong><br><strong>Habilidades:&nbsp;<\/strong><br>(EF06GE04-D) Identificar as diferentes formas de uso das bacias hidrogr\u00e1ficas, hidrovias, energia, irriga\u00e7\u00e3o, consumo, bem como seus impactos ambientais.&nbsp;&nbsp;<br><strong>Componente: Ci\u00eancias da Natureza<\/strong><br><strong>Habilidades:&nbsp;<\/strong><br>(EF08CI06) Discutir e avaliar usinas de gera\u00e7\u00e3o de energia el\u00e9trica (termel\u00e9tricas, hidrel\u00e9tricas, e\u00f3licas etc.), suas semelhan\u00e7as e diferen\u00e7as, seus impactos socioambientais, e como essa energia chega e \u00e9 usada em sua cidade, comunidade, casa ou escola.&nbsp;&nbsp;<br><strong>Componente: L\u00edngua Portuguesa&nbsp;<\/strong><br><strong>Habilidades:<\/strong><br>(EF69LP29-A) Refletir sobre a rela\u00e7\u00e3o entre os contextos de produ\u00e7\u00e3o dos g\u00eaneros de divulga\u00e7\u00e3o cient\u00edfica \u2013 texto did\u00e1tico, reportagem de divulga\u00e7\u00e3o cient\u00edfica, verbete de enciclop\u00e9dia (impressa e digital), esquema, infogr\u00e1fico (est\u00e1tico e animado), relat\u00f3rio etc.<br>(EF69LP35-B) Produzir, revisar e editar textos voltados para a divulga\u00e7\u00e3o do conhecimento e de dados e resultados de pesquisas, tais como verbete de enciclop\u00e9dia, verbete de enciclop\u00e9dia digital colaborativa e relat\u00f3rio.<\/td><\/tr><\/tbody><\/table><\/figure>\n","protected":false},"featured_media":157229,"template":"","taxonomia_bv":[108],"class_list":["post-157162","biblioteca_virtual","type-biblioteca_virtual","status-publish","has-post-thumbnail","hentry","taxonomia_bv-videos","entry","has-media"],"acf":[],"_links":{"self":[{"href":"https:\/\/sme.goiania.go.gov.br\/conexaoescola\/wp-json\/wp\/v2\/biblioteca_virtual\/157162","targetHints":{"allow":["GET"]}}],"collection":[{"href":"https:\/\/sme.goiania.go.gov.br\/conexaoescola\/wp-json\/wp\/v2\/biblioteca_virtual"}],"about":[{"href":"https:\/\/sme.goiania.go.gov.br\/conexaoescola\/wp-json\/wp\/v2\/types\/biblioteca_virtual"}],"wp:featuredmedia":[{"embeddable":true,"href":"https:\/\/sme.goiania.go.gov.br\/conexaoescola\/wp-json\/wp\/v2\/media\/157229"}],"wp:attachment":[{"href":"https:\/\/sme.goiania.go.gov.br\/conexaoescola\/wp-json\/wp\/v2\/media?parent=157162"}],"wp:term":[{"taxonomy":"taxonomia_bv","embeddable":true,"href":"https:\/\/sme.goiania.go.gov.br\/conexaoescola\/wp-json\/wp\/v2\/taxonomia_bv?post=157162"}],"curies":[{"name":"wp","href":"https:\/\/api.w.org\/{rel}","templated":true}]}}